{"id":45222,"date":"2023-02-13T12:48:37","date_gmt":"2023-02-13T11:48:37","guid":{"rendered":"https:\/\/alice.ch\/?post_type=event&#038;p=45222"},"modified":"2023-07-06T15:02:11","modified_gmt":"2023-07-06T13:02:11","slug":"le-role-du-numerique-dans-la-gestion-et-le-developpement-des-competences-quen-pensent-les-responsables-de-formation","status":"publish","type":"event","link":"https:\/\/alice.ch\/fr\/event\/le-role-du-numerique-dans-la-gestion-et-le-developpement-des-competences-quen-pensent-les-responsables-de-formation\/","title":{"rendered":"Le r\u00f4le du num\u00e9rique dans la gestion et le d\u00e9veloppement des comp\u00e9tences: qu&rsquo;en pensent les responsables de formation?"},"content":{"rendered":"\n<p>Le TECFA &#8211; UNIGE organise une table ronde sur la th\u00e9matique du num\u00e9rique en formation d&rsquo;adultes.<\/p>\n\n\n\n<p>\u00c0 cette occasion, trois experts du domaine, Rapha\u00ebl Dubey (Groupe E), Daniel Carron (CFF) et Julien Theler (EHNV), s&rsquo;\u00e9changeront sur leurs visions, les enjeux et les \u00e9volutions attendues dans leurs institutions respectives.<\/p>\n\n\n\n<p>La table ronde aura lieu \u00e0 la Villa Battelle, route de la Drize 7, 1227 Carouge, ainsi qu\u2019en ligne sur ZOOM, le mardi 14 mars 2023 de 12h15 \u00e0 13h30.<\/p>\n\n\n\n<p><a href=\"https:\/\/alice.ch\/app\/uploads\/2023\/02\/flyer-tecfa-table-ronde-2023.pdf\" target=\"_blank\" rel=\"noreferrer noopener\">Flyer<\/a><\/p>\n\n\n\n<p><a href=\"https:\/\/tecfasurvey.unige.ch\/?r=survey\/index&amp;sid=986563&amp;lang=fr\" target=\"_blank\" rel=\"noreferrer noopener\">Inscription<\/a><\/p>\n","protected":false},"excerpt":{"rendered":"<p>Le TECFA &#8211; UNIGE organise une table ronde sur la th\u00e9matique du num\u00e9rique en formation d&rsquo;adultes. \u00c0 cette occasion, trois [&hellip;]<\/p>\n","protected":false},"author":11,"featured_media":45293,"template":"","meta":{"_acf_changed":false,"inline_featured_image":false,"footnotes":""},"event-category":[165],"event-tag":[105],"event-status":[205],"event-language":[207],"global-category":[119],"class_list":["post-45222","event","type-event","status-publish","has-post-thumbnail","hentry","event-category-evenement-externe","event-tag-2023-fr","event-status-archive","event-language-francais","global-category-digitalisierung-fr"],"acf":[],"yoast_head":"<!-- This site is optimized with the Yoast SEO plugin v27.3 - https:\/\/yoast.com\/product\/yoast-seo-wordpress\/ -->\n<title>Le r\u00f4le du num\u00e9rique dans la gestion et le d\u00e9veloppement des comp\u00e9tences: qu&#039;en pensent les responsables de formation? - FSEA<\/title>\n<meta name=\"robots\" content=\"index, follow, max-snippet:-1, max-image-preview:large, max-video-preview:-1\" \/>\n<link rel=\"canonical\" href=\"https:\/\/alice.ch\/fr\/event\/le-role-du-numerique-dans-la-gestion-et-le-developpement-des-competences-quen-pensent-les-responsables-de-formation\/\" \/>\n<meta property=\"og:locale\" content=\"fr_FR\" \/>\n<meta property=\"og:type\" content=\"article\" \/>\n<meta property=\"og:title\" content=\"Le r\u00f4le du num\u00e9rique dans la gestion et le d\u00e9veloppement des comp\u00e9tences: qu&#039;en pensent les responsables de formation? - FSEA\" \/>\n<meta property=\"og:description\" content=\"Le TECFA &#8211; UNIGE organise une table ronde sur la th\u00e9matique du num\u00e9rique en formation d&rsquo;adultes. \u00c0 cette occasion, trois [&hellip;]\" \/>\n<meta property=\"og:url\" content=\"https:\/\/alice.ch\/fr\/event\/le-role-du-numerique-dans-la-gestion-et-le-developpement-des-competences-quen-pensent-les-responsables-de-formation\/\" \/>\n<meta property=\"og:site_name\" content=\"SVEB\" \/>\n<meta property=\"article:modified_time\" content=\"2023-07-06T13:02:11+00:00\" \/>\n<meta property=\"og:image\" content=\"https:\/\/alice.ch\/app\/uploads\/2023\/02\/unige-1.jpeg\" \/>\n\t<meta property=\"og:image:width\" content=\"1190\" \/>\n\t<meta property=\"og:image:height\" content=\"392\" \/>\n\t<meta property=\"og:image:type\" content=\"image\/jpeg\" \/>\n<meta name=\"twitter:card\" content=\"summary_large_image\" \/>\n<script type=\"application\/ld+json\" class=\"yoast-schema-graph\">{\"@context\":\"https:\\\/\\\/schema.org\",\"@graph\":[{\"@type\":\"WebPage\",\"@id\":\"https:\\\/\\\/alice.ch\\\/fr\\\/event\\\/le-role-du-numerique-dans-la-gestion-et-le-developpement-des-competences-quen-pensent-les-responsables-de-formation\\\/\",\"url\":\"https:\\\/\\\/alice.ch\\\/fr\\\/event\\\/le-role-du-numerique-dans-la-gestion-et-le-developpement-des-competences-quen-pensent-les-responsables-de-formation\\\/\",\"name\":\"Le r\u00f4le du num\u00e9rique dans la gestion et le d\u00e9veloppement des comp\u00e9tences: qu'en pensent les responsables de formation? - FSEA\",\"isPartOf\":{\"@id\":\"https:\\\/\\\/alice.ch\\\/fr\\\/#website\"},\"primaryImageOfPage\":{\"@id\":\"https:\\\/\\\/alice.ch\\\/fr\\\/event\\\/le-role-du-numerique-dans-la-gestion-et-le-developpement-des-competences-quen-pensent-les-responsables-de-formation\\\/#primaryimage\"},\"image\":{\"@id\":\"https:\\\/\\\/alice.ch\\\/fr\\\/event\\\/le-role-du-numerique-dans-la-gestion-et-le-developpement-des-competences-quen-pensent-les-responsables-de-formation\\\/#primaryimage\"},\"thumbnailUrl\":\"https:\\\/\\\/alice.ch\\\/app\\\/uploads\\\/2023\\\/02\\\/unige-1.jpeg\",\"datePublished\":\"2023-02-13T11:48:37+00:00\",\"dateModified\":\"2023-07-06T13:02:11+00:00\",\"breadcrumb\":{\"@id\":\"https:\\\/\\\/alice.ch\\\/fr\\\/event\\\/le-role-du-numerique-dans-la-gestion-et-le-developpement-des-competences-quen-pensent-les-responsables-de-formation\\\/#breadcrumb\"},\"inLanguage\":\"fr-FR\",\"potentialAction\":[{\"@type\":\"ReadAction\",\"target\":[\"https:\\\/\\\/alice.ch\\\/fr\\\/event\\\/le-role-du-numerique-dans-la-gestion-et-le-developpement-des-competences-quen-pensent-les-responsables-de-formation\\\/\"]}]},{\"@type\":\"ImageObject\",\"inLanguage\":\"fr-FR\",\"@id\":\"https:\\\/\\\/alice.ch\\\/fr\\\/event\\\/le-role-du-numerique-dans-la-gestion-et-le-developpement-des-competences-quen-pensent-les-responsables-de-formation\\\/#primaryimage\",\"url\":\"https:\\\/\\\/alice.ch\\\/app\\\/uploads\\\/2023\\\/02\\\/unige-1.jpeg\",\"contentUrl\":\"https:\\\/\\\/alice.ch\\\/app\\\/uploads\\\/2023\\\/02\\\/unige-1.jpeg\",\"width\":1190,\"height\":392},{\"@type\":\"BreadcrumbList\",\"@id\":\"https:\\\/\\\/alice.ch\\\/fr\\\/event\\\/le-role-du-numerique-dans-la-gestion-et-le-developpement-des-competences-quen-pensent-les-responsables-de-formation\\\/#breadcrumb\",\"itemListElement\":[{\"@type\":\"ListItem\",\"position\":1,\"name\":\"Page d'accueil\",\"item\":\"https:\\\/\\\/alice.ch\\\/fr\\\/\"},{\"@type\":\"ListItem\",\"position\":2,\"name\":\"Events\",\"item\":\"https:\\\/\\\/alice.ch\\\/fr\\\/event\\\/\"},{\"@type\":\"ListItem\",\"position\":3,\"name\":\"Le r\u00f4le du num\u00e9rique dans la gestion et le d\u00e9veloppement des comp\u00e9tences: qu&#8217;en pensent les responsables de formation?\"}]},{\"@type\":\"WebSite\",\"@id\":\"https:\\\/\\\/alice.ch\\\/fr\\\/#website\",\"url\":\"https:\\\/\\\/alice.ch\\\/fr\\\/\",\"name\":\"alice.ch (Adult Learning Information Center) ist das Portal der Weiterbildung in der Schweiz.\",\"description\":\"Schweizerischer Verband f\u00fcr Weiterbildung\",\"publisher\":{\"@id\":\"https:\\\/\\\/alice.ch\\\/fr\\\/#organization\"},\"potentialAction\":[{\"@type\":\"SearchAction\",\"target\":{\"@type\":\"EntryPoint\",\"urlTemplate\":\"https:\\\/\\\/alice.ch\\\/fr\\\/?s={search_term_string}\"},\"query-input\":{\"@type\":\"PropertyValueSpecification\",\"valueRequired\":true,\"valueName\":\"search_term_string\"}}],\"inLanguage\":\"fr-FR\"},{\"@type\":\"Organization\",\"@id\":\"https:\\\/\\\/alice.ch\\\/fr\\\/#organization\",\"name\":\"FSEA F\u00e9d\u00e9ration suisse pour la formation continue\",\"url\":\"https:\\\/\\\/alice.ch\\\/fr\\\/\",\"logo\":{\"@type\":\"ImageObject\",\"inLanguage\":\"fr-FR\",\"@id\":\"https:\\\/\\\/alice.ch\\\/fr\\\/#\\\/schema\\\/logo\\\/image\\\/\",\"url\":\"https:\\\/\\\/alice.ch\\\/app\\\/uploads\\\/2022\\\/07\\\/logo-sveb.png\",\"contentUrl\":\"https:\\\/\\\/alice.ch\\\/app\\\/uploads\\\/2022\\\/07\\\/logo-sveb.png\",\"width\":145,\"height\":64,\"caption\":\"FSEA F\u00e9d\u00e9ration suisse pour la formation continue\"},\"image\":{\"@id\":\"https:\\\/\\\/alice.ch\\\/fr\\\/#\\\/schema\\\/logo\\\/image\\\/\"},\"sameAs\":[\"https:\\\/\\\/www.linkedin.com\\\/company\\\/schweizerischer-verband-fr-weiterbildung-sveb\\\/\"]}]}<\/script>\n<!-- \/ Yoast SEO plugin. -->","yoast_head_json":{"title":"Le r\u00f4le du num\u00e9rique dans la gestion et le d\u00e9veloppement des comp\u00e9tences: qu'en pensent les responsables de formation? - FSEA","robots":{"index":"index","follow":"follow","max-snippet":"max-snippet:-1","max-image-preview":"max-image-preview:large","max-video-preview":"max-video-preview:-1"},"canonical":"https:\/\/alice.ch\/fr\/event\/le-role-du-numerique-dans-la-gestion-et-le-developpement-des-competences-quen-pensent-les-responsables-de-formation\/","og_locale":"fr_FR","og_type":"article","og_title":"Le r\u00f4le du num\u00e9rique dans la gestion et le d\u00e9veloppement des comp\u00e9tences: qu'en pensent les responsables de formation? - FSEA","og_description":"Le TECFA &#8211; UNIGE organise une table ronde sur la th\u00e9matique du num\u00e9rique en formation d&rsquo;adultes. \u00c0 cette occasion, trois [&hellip;]","og_url":"https:\/\/alice.ch\/fr\/event\/le-role-du-numerique-dans-la-gestion-et-le-developpement-des-competences-quen-pensent-les-responsables-de-formation\/","og_site_name":"SVEB","article_modified_time":"2023-07-06T13:02:11+00:00","og_image":[{"width":1190,"height":392,"url":"https:\/\/alice.ch\/app\/uploads\/2023\/02\/unige-1.jpeg","type":"image\/jpeg"}],"twitter_card":"summary_large_image","schema":{"@context":"https:\/\/schema.org","@graph":[{"@type":"WebPage","@id":"https:\/\/alice.ch\/fr\/event\/le-role-du-numerique-dans-la-gestion-et-le-developpement-des-competences-quen-pensent-les-responsables-de-formation\/","url":"https:\/\/alice.ch\/fr\/event\/le-role-du-numerique-dans-la-gestion-et-le-developpement-des-competences-quen-pensent-les-responsables-de-formation\/","name":"Le r\u00f4le du num\u00e9rique dans la gestion et le d\u00e9veloppement des comp\u00e9tences: qu'en pensent les responsables de formation? - FSEA","isPartOf":{"@id":"https:\/\/alice.ch\/fr\/#website"},"primaryImageOfPage":{"@id":"https:\/\/alice.ch\/fr\/event\/le-role-du-numerique-dans-la-gestion-et-le-developpement-des-competences-quen-pensent-les-responsables-de-formation\/#primaryimage"},"image":{"@id":"https:\/\/alice.ch\/fr\/event\/le-role-du-numerique-dans-la-gestion-et-le-developpement-des-competences-quen-pensent-les-responsables-de-formation\/#primaryimage"},"thumbnailUrl":"https:\/\/alice.ch\/app\/uploads\/2023\/02\/unige-1.jpeg","datePublished":"2023-02-13T11:48:37+00:00","dateModified":"2023-07-06T13:02:11+00:00","breadcrumb":{"@id":"https:\/\/alice.ch\/fr\/event\/le-role-du-numerique-dans-la-gestion-et-le-developpement-des-competences-quen-pensent-les-responsables-de-formation\/#breadcrumb"},"inLanguage":"fr-FR","potentialAction":[{"@type":"ReadAction","target":["https:\/\/alice.ch\/fr\/event\/le-role-du-numerique-dans-la-gestion-et-le-developpement-des-competences-quen-pensent-les-responsables-de-formation\/"]}]},{"@type":"ImageObject","inLanguage":"fr-FR","@id":"https:\/\/alice.ch\/fr\/event\/le-role-du-numerique-dans-la-gestion-et-le-developpement-des-competences-quen-pensent-les-responsables-de-formation\/#primaryimage","url":"https:\/\/alice.ch\/app\/uploads\/2023\/02\/unige-1.jpeg","contentUrl":"https:\/\/alice.ch\/app\/uploads\/2023\/02\/unige-1.jpeg","width":1190,"height":392},{"@type":"BreadcrumbList","@id":"https:\/\/alice.ch\/fr\/event\/le-role-du-numerique-dans-la-gestion-et-le-developpement-des-competences-quen-pensent-les-responsables-de-formation\/#breadcrumb","itemListElement":[{"@type":"ListItem","position":1,"name":"Page d'accueil","item":"https:\/\/alice.ch\/fr\/"},{"@type":"ListItem","position":2,"name":"Events","item":"https:\/\/alice.ch\/fr\/event\/"},{"@type":"ListItem","position":3,"name":"Le r\u00f4le du num\u00e9rique dans la gestion et le d\u00e9veloppement des comp\u00e9tences: qu&#8217;en pensent les responsables de formation?"}]},{"@type":"WebSite","@id":"https:\/\/alice.ch\/fr\/#website","url":"https:\/\/alice.ch\/fr\/","name":"alice.ch (Adult Learning Information Center) ist das Portal der Weiterbildung in der Schweiz.","description":"Schweizerischer Verband f\u00fcr Weiterbildung","publisher":{"@id":"https:\/\/alice.ch\/fr\/#organization"},"potentialAction":[{"@type":"SearchAction","target":{"@type":"EntryPoint","urlTemplate":"https:\/\/alice.ch\/fr\/?s={search_term_string}"},"query-input":{"@type":"PropertyValueSpecification","valueRequired":true,"valueName":"search_term_string"}}],"inLanguage":"fr-FR"},{"@type":"Organization","@id":"https:\/\/alice.ch\/fr\/#organization","name":"FSEA F\u00e9d\u00e9ration suisse pour la formation continue","url":"https:\/\/alice.ch\/fr\/","logo":{"@type":"ImageObject","inLanguage":"fr-FR","@id":"https:\/\/alice.ch\/fr\/#\/schema\/logo\/image\/","url":"https:\/\/alice.ch\/app\/uploads\/2022\/07\/logo-sveb.png","contentUrl":"https:\/\/alice.ch\/app\/uploads\/2022\/07\/logo-sveb.png","width":145,"height":64,"caption":"FSEA F\u00e9d\u00e9ration suisse pour la formation continue"},"image":{"@id":"https:\/\/alice.ch\/fr\/#\/schema\/logo\/image\/"},"sameAs":["https:\/\/www.linkedin.com\/company\/schweizerischer-verband-fr-weiterbildung-sveb\/"]}]}},"_links":{"self":[{"href":"https:\/\/alice.ch\/fr\/wp-json\/wp\/v2\/event\/45222","targetHints":{"allow":["GET"]}}],"collection":[{"href":"https:\/\/alice.ch\/fr\/wp-json\/wp\/v2\/event"}],"about":[{"href":"https:\/\/alice.ch\/fr\/wp-json\/wp\/v2\/types\/event"}],"author":[{"embeddable":true,"href":"https:\/\/alice.ch\/fr\/wp-json\/wp\/v2\/users\/11"}],"version-history":[{"count":8,"href":"https:\/\/alice.ch\/fr\/wp-json\/wp\/v2\/event\/45222\/revisions"}],"predecessor-version":[{"id":52264,"href":"https:\/\/alice.ch\/fr\/wp-json\/wp\/v2\/event\/45222\/revisions\/52264"}],"wp:featuredmedia":[{"embeddable":true,"href":"https:\/\/alice.ch\/fr\/wp-json\/wp\/v2\/media\/45293"}],"wp:attachment":[{"href":"https:\/\/alice.ch\/fr\/wp-json\/wp\/v2\/media?parent=45222"}],"wp:term":[{"taxonomy":"event-category","embeddable":true,"href":"https:\/\/alice.ch\/fr\/wp-json\/wp\/v2\/event-category?post=45222"},{"taxonomy":"event-tag","embeddable":true,"href":"https:\/\/alice.ch\/fr\/wp-json\/wp\/v2\/event-tag?post=45222"},{"taxonomy":"event-status","embeddable":true,"href":"https:\/\/alice.ch\/fr\/wp-json\/wp\/v2\/event-status?post=45222"},{"taxonomy":"event-language","embeddable":true,"href":"https:\/\/alice.ch\/fr\/wp-json\/wp\/v2\/event-language?post=45222"},{"taxonomy":"global-category","embeddable":true,"href":"https:\/\/alice.ch\/fr\/wp-json\/wp\/v2\/global-category?post=45222"}],"curies":[{"name":"wp","href":"https:\/\/api.w.org\/{rel}","templated":true}]}}