{"id":45296,"date":"2023-02-13T15:15:15","date_gmt":"2023-02-13T14:15:15","guid":{"rendered":"https:\/\/alice.ch\/?post_type=event&#038;p=45296"},"modified":"2023-07-06T15:02:01","modified_gmt":"2023-07-06T13:02:01","slug":"vygostki-au-travail-laffectivite-en-activite","status":"publish","type":"event","link":"https:\/\/alice.ch\/fr\/event\/vygostki-au-travail-laffectivite-en-activite\/","title":{"rendered":"Vygostki au travail : l\u2019affectivit\u00e9 en activit\u00e9"},"content":{"rendered":"\n<p>Vygotski est surtout un auteur de r\u00e9f\u00e9rence dans le domaine de l\u2019\u00e9ducation. Mais une autre tradition existe qui en fait aussi maintenant une r\u00e9f\u00e9rence dans le champ du travail. C\u2019est justement \u00e0 partir d\u2019un point de vue emprunt\u00e9 \u00e0 la psychologie du travail francophone, \u00e0 partir de l\u2019analyse de l\u2019activit\u00e9 professionnelle, qu\u2019on montrera que l\u2019\u0153uvre de Vygotski est, au-del\u00e0 de la psychologie de l\u2019enfant ou de la psychologie du travail elle-m\u00eame, une psychologie g\u00e9n\u00e9rale.<\/p>\n\n\n\n<p>Conf\u00e9rencier&nbsp;: Yves Clot, CNAM, Paris<\/p>\n\n\n\n<p>Yves Clot, professeur \u00e9m\u00e9rite de psychologie du travail au CNAM \u00e0 Paris, est l\u2019initiateur d\u2019une clinique de l&rsquo;activit\u00e9 d\u00e9velopp\u00e9e en \u00e9quipe dans de nombreuses interventions en entreprises en France ces vingt-cinq derni\u00e8res ann\u00e9es, aussi bien dans l\u2019industrie que dans les services.<\/p>\n\n\n\n<p>La conf\u00e9rence sera enregistr\u00e9e et publi\u00e9e ult\u00e9rieurement sur le site du Laboratoire RIFT, mais ne sera pas retransmise en direct.<\/p>\n\n\n\n<p><a href=\"https:\/\/formulaire.unige.ch\/outils\/limesurvey3\/index.php\/811171?lang=fr\" target=\"_blank\" rel=\"noreferrer noopener\">Inscription en ligne jusqu\u2019au 14\/03\/2023<\/a><\/p>\n\n\n\n<p><a href=\"https:\/\/www.unige.ch\/fapse\/rift\/activites\/conferencespubliques\/clot\">Informations compl\u00e9mentaires<\/a><\/p>\n","protected":false},"excerpt":{"rendered":"<p>Vygotski est surtout un auteur de r\u00e9f\u00e9rence dans le domaine de l\u2019\u00e9ducation. Mais une autre tradition existe qui en fait [&hellip;]<\/p>\n","protected":false},"author":11,"featured_media":45293,"template":"","meta":{"_acf_changed":false,"inline_featured_image":false,"footnotes":""},"event-category":[165],"event-tag":[105],"event-status":[205],"event-language":[207],"global-category":[],"class_list":["post-45296","event","type-event","status-publish","has-post-thumbnail","hentry","event-category-evenement-externe","event-tag-2023-fr","event-status-archive","event-language-francais"],"acf":[],"yoast_head":"<!-- This site is optimized with the Yoast SEO plugin v27.3 - https:\/\/yoast.com\/product\/yoast-seo-wordpress\/ -->\n<title>Vygostki au travail : l\u2019affectivit\u00e9 en activit\u00e9 - FSEA<\/title>\n<meta name=\"robots\" content=\"index, follow, max-snippet:-1, max-image-preview:large, max-video-preview:-1\" \/>\n<link rel=\"canonical\" href=\"https:\/\/alice.ch\/fr\/event\/vygostki-au-travail-laffectivite-en-activite\/\" \/>\n<meta property=\"og:locale\" content=\"fr_FR\" \/>\n<meta property=\"og:type\" content=\"article\" \/>\n<meta property=\"og:title\" content=\"Vygostki au travail : l\u2019affectivit\u00e9 en activit\u00e9 - FSEA\" \/>\n<meta property=\"og:description\" content=\"Vygotski est surtout un auteur de r\u00e9f\u00e9rence dans le domaine de l\u2019\u00e9ducation. Mais une autre tradition existe qui en fait [&hellip;]\" \/>\n<meta property=\"og:url\" content=\"https:\/\/alice.ch\/fr\/event\/vygostki-au-travail-laffectivite-en-activite\/\" \/>\n<meta property=\"og:site_name\" content=\"SVEB\" \/>\n<meta property=\"article:modified_time\" content=\"2023-07-06T13:02:01+00:00\" \/>\n<meta property=\"og:image\" content=\"https:\/\/alice.ch\/app\/uploads\/2023\/02\/unige-1.jpeg\" \/>\n\t<meta property=\"og:image:width\" content=\"1190\" \/>\n\t<meta property=\"og:image:height\" content=\"392\" \/>\n\t<meta property=\"og:image:type\" content=\"image\/jpeg\" \/>\n<meta name=\"twitter:card\" content=\"summary_large_image\" \/>\n<script type=\"application\/ld+json\" class=\"yoast-schema-graph\">{\"@context\":\"https:\\\/\\\/schema.org\",\"@graph\":[{\"@type\":\"WebPage\",\"@id\":\"https:\\\/\\\/alice.ch\\\/fr\\\/event\\\/vygostki-au-travail-laffectivite-en-activite\\\/\",\"url\":\"https:\\\/\\\/alice.ch\\\/fr\\\/event\\\/vygostki-au-travail-laffectivite-en-activite\\\/\",\"name\":\"Vygostki au travail : l\u2019affectivit\u00e9 en activit\u00e9 - FSEA\",\"isPartOf\":{\"@id\":\"https:\\\/\\\/alice.ch\\\/fr\\\/#website\"},\"primaryImageOfPage\":{\"@id\":\"https:\\\/\\\/alice.ch\\\/fr\\\/event\\\/vygostki-au-travail-laffectivite-en-activite\\\/#primaryimage\"},\"image\":{\"@id\":\"https:\\\/\\\/alice.ch\\\/fr\\\/event\\\/vygostki-au-travail-laffectivite-en-activite\\\/#primaryimage\"},\"thumbnailUrl\":\"https:\\\/\\\/alice.ch\\\/app\\\/uploads\\\/2023\\\/02\\\/unige-1.jpeg\",\"datePublished\":\"2023-02-13T14:15:15+00:00\",\"dateModified\":\"2023-07-06T13:02:01+00:00\",\"breadcrumb\":{\"@id\":\"https:\\\/\\\/alice.ch\\\/fr\\\/event\\\/vygostki-au-travail-laffectivite-en-activite\\\/#breadcrumb\"},\"inLanguage\":\"fr-FR\",\"potentialAction\":[{\"@type\":\"ReadAction\",\"target\":[\"https:\\\/\\\/alice.ch\\\/fr\\\/event\\\/vygostki-au-travail-laffectivite-en-activite\\\/\"]}]},{\"@type\":\"ImageObject\",\"inLanguage\":\"fr-FR\",\"@id\":\"https:\\\/\\\/alice.ch\\\/fr\\\/event\\\/vygostki-au-travail-laffectivite-en-activite\\\/#primaryimage\",\"url\":\"https:\\\/\\\/alice.ch\\\/app\\\/uploads\\\/2023\\\/02\\\/unige-1.jpeg\",\"contentUrl\":\"https:\\\/\\\/alice.ch\\\/app\\\/uploads\\\/2023\\\/02\\\/unige-1.jpeg\",\"width\":1190,\"height\":392},{\"@type\":\"BreadcrumbList\",\"@id\":\"https:\\\/\\\/alice.ch\\\/fr\\\/event\\\/vygostki-au-travail-laffectivite-en-activite\\\/#breadcrumb\",\"itemListElement\":[{\"@type\":\"ListItem\",\"position\":1,\"name\":\"Page d'accueil\",\"item\":\"https:\\\/\\\/alice.ch\\\/fr\\\/\"},{\"@type\":\"ListItem\",\"position\":2,\"name\":\"Events\",\"item\":\"https:\\\/\\\/alice.ch\\\/fr\\\/event\\\/\"},{\"@type\":\"ListItem\",\"position\":3,\"name\":\"Vygostki au travail : l\u2019affectivit\u00e9 en activit\u00e9\"}]},{\"@type\":\"WebSite\",\"@id\":\"https:\\\/\\\/alice.ch\\\/fr\\\/#website\",\"url\":\"https:\\\/\\\/alice.ch\\\/fr\\\/\",\"name\":\"alice.ch (Adult Learning Information Center) ist das Portal der Weiterbildung in der Schweiz.\",\"description\":\"Schweizerischer Verband f\u00fcr Weiterbildung\",\"publisher\":{\"@id\":\"https:\\\/\\\/alice.ch\\\/fr\\\/#organization\"},\"potentialAction\":[{\"@type\":\"SearchAction\",\"target\":{\"@type\":\"EntryPoint\",\"urlTemplate\":\"https:\\\/\\\/alice.ch\\\/fr\\\/?s={search_term_string}\"},\"query-input\":{\"@type\":\"PropertyValueSpecification\",\"valueRequired\":true,\"valueName\":\"search_term_string\"}}],\"inLanguage\":\"fr-FR\"},{\"@type\":\"Organization\",\"@id\":\"https:\\\/\\\/alice.ch\\\/fr\\\/#organization\",\"name\":\"FSEA F\u00e9d\u00e9ration suisse pour la formation continue\",\"url\":\"https:\\\/\\\/alice.ch\\\/fr\\\/\",\"logo\":{\"@type\":\"ImageObject\",\"inLanguage\":\"fr-FR\",\"@id\":\"https:\\\/\\\/alice.ch\\\/fr\\\/#\\\/schema\\\/logo\\\/image\\\/\",\"url\":\"https:\\\/\\\/alice.ch\\\/app\\\/uploads\\\/2022\\\/07\\\/logo-sveb.png\",\"contentUrl\":\"https:\\\/\\\/alice.ch\\\/app\\\/uploads\\\/2022\\\/07\\\/logo-sveb.png\",\"width\":145,\"height\":64,\"caption\":\"FSEA F\u00e9d\u00e9ration suisse pour la formation continue\"},\"image\":{\"@id\":\"https:\\\/\\\/alice.ch\\\/fr\\\/#\\\/schema\\\/logo\\\/image\\\/\"},\"sameAs\":[\"https:\\\/\\\/www.linkedin.com\\\/company\\\/schweizerischer-verband-fr-weiterbildung-sveb\\\/\"]}]}<\/script>\n<!-- \/ Yoast SEO plugin. -->","yoast_head_json":{"title":"Vygostki au travail : l\u2019affectivit\u00e9 en activit\u00e9 - FSEA","robots":{"index":"index","follow":"follow","max-snippet":"max-snippet:-1","max-image-preview":"max-image-preview:large","max-video-preview":"max-video-preview:-1"},"canonical":"https:\/\/alice.ch\/fr\/event\/vygostki-au-travail-laffectivite-en-activite\/","og_locale":"fr_FR","og_type":"article","og_title":"Vygostki au travail : l\u2019affectivit\u00e9 en activit\u00e9 - FSEA","og_description":"Vygotski est surtout un auteur de r\u00e9f\u00e9rence dans le domaine de l\u2019\u00e9ducation. Mais une autre tradition existe qui en fait [&hellip;]","og_url":"https:\/\/alice.ch\/fr\/event\/vygostki-au-travail-laffectivite-en-activite\/","og_site_name":"SVEB","article_modified_time":"2023-07-06T13:02:01+00:00","og_image":[{"width":1190,"height":392,"url":"https:\/\/alice.ch\/app\/uploads\/2023\/02\/unige-1.jpeg","type":"image\/jpeg"}],"twitter_card":"summary_large_image","schema":{"@context":"https:\/\/schema.org","@graph":[{"@type":"WebPage","@id":"https:\/\/alice.ch\/fr\/event\/vygostki-au-travail-laffectivite-en-activite\/","url":"https:\/\/alice.ch\/fr\/event\/vygostki-au-travail-laffectivite-en-activite\/","name":"Vygostki au travail : l\u2019affectivit\u00e9 en activit\u00e9 - FSEA","isPartOf":{"@id":"https:\/\/alice.ch\/fr\/#website"},"primaryImageOfPage":{"@id":"https:\/\/alice.ch\/fr\/event\/vygostki-au-travail-laffectivite-en-activite\/#primaryimage"},"image":{"@id":"https:\/\/alice.ch\/fr\/event\/vygostki-au-travail-laffectivite-en-activite\/#primaryimage"},"thumbnailUrl":"https:\/\/alice.ch\/app\/uploads\/2023\/02\/unige-1.jpeg","datePublished":"2023-02-13T14:15:15+00:00","dateModified":"2023-07-06T13:02:01+00:00","breadcrumb":{"@id":"https:\/\/alice.ch\/fr\/event\/vygostki-au-travail-laffectivite-en-activite\/#breadcrumb"},"inLanguage":"fr-FR","potentialAction":[{"@type":"ReadAction","target":["https:\/\/alice.ch\/fr\/event\/vygostki-au-travail-laffectivite-en-activite\/"]}]},{"@type":"ImageObject","inLanguage":"fr-FR","@id":"https:\/\/alice.ch\/fr\/event\/vygostki-au-travail-laffectivite-en-activite\/#primaryimage","url":"https:\/\/alice.ch\/app\/uploads\/2023\/02\/unige-1.jpeg","contentUrl":"https:\/\/alice.ch\/app\/uploads\/2023\/02\/unige-1.jpeg","width":1190,"height":392},{"@type":"BreadcrumbList","@id":"https:\/\/alice.ch\/fr\/event\/vygostki-au-travail-laffectivite-en-activite\/#breadcrumb","itemListElement":[{"@type":"ListItem","position":1,"name":"Page d'accueil","item":"https:\/\/alice.ch\/fr\/"},{"@type":"ListItem","position":2,"name":"Events","item":"https:\/\/alice.ch\/fr\/event\/"},{"@type":"ListItem","position":3,"name":"Vygostki au travail : l\u2019affectivit\u00e9 en activit\u00e9"}]},{"@type":"WebSite","@id":"https:\/\/alice.ch\/fr\/#website","url":"https:\/\/alice.ch\/fr\/","name":"alice.ch (Adult Learning Information Center) ist das Portal der Weiterbildung in der Schweiz.","description":"Schweizerischer Verband f\u00fcr Weiterbildung","publisher":{"@id":"https:\/\/alice.ch\/fr\/#organization"},"potentialAction":[{"@type":"SearchAction","target":{"@type":"EntryPoint","urlTemplate":"https:\/\/alice.ch\/fr\/?s={search_term_string}"},"query-input":{"@type":"PropertyValueSpecification","valueRequired":true,"valueName":"search_term_string"}}],"inLanguage":"fr-FR"},{"@type":"Organization","@id":"https:\/\/alice.ch\/fr\/#organization","name":"FSEA F\u00e9d\u00e9ration suisse pour la formation continue","url":"https:\/\/alice.ch\/fr\/","logo":{"@type":"ImageObject","inLanguage":"fr-FR","@id":"https:\/\/alice.ch\/fr\/#\/schema\/logo\/image\/","url":"https:\/\/alice.ch\/app\/uploads\/2022\/07\/logo-sveb.png","contentUrl":"https:\/\/alice.ch\/app\/uploads\/2022\/07\/logo-sveb.png","width":145,"height":64,"caption":"FSEA F\u00e9d\u00e9ration suisse pour la formation continue"},"image":{"@id":"https:\/\/alice.ch\/fr\/#\/schema\/logo\/image\/"},"sameAs":["https:\/\/www.linkedin.com\/company\/schweizerischer-verband-fr-weiterbildung-sveb\/"]}]}},"_links":{"self":[{"href":"https:\/\/alice.ch\/fr\/wp-json\/wp\/v2\/event\/45296","targetHints":{"allow":["GET"]}}],"collection":[{"href":"https:\/\/alice.ch\/fr\/wp-json\/wp\/v2\/event"}],"about":[{"href":"https:\/\/alice.ch\/fr\/wp-json\/wp\/v2\/types\/event"}],"author":[{"embeddable":true,"href":"https:\/\/alice.ch\/fr\/wp-json\/wp\/v2\/users\/11"}],"version-history":[{"count":3,"href":"https:\/\/alice.ch\/fr\/wp-json\/wp\/v2\/event\/45296\/revisions"}],"predecessor-version":[{"id":52262,"href":"https:\/\/alice.ch\/fr\/wp-json\/wp\/v2\/event\/45296\/revisions\/52262"}],"wp:featuredmedia":[{"embeddable":true,"href":"https:\/\/alice.ch\/fr\/wp-json\/wp\/v2\/media\/45293"}],"wp:attachment":[{"href":"https:\/\/alice.ch\/fr\/wp-json\/wp\/v2\/media?parent=45296"}],"wp:term":[{"taxonomy":"event-category","embeddable":true,"href":"https:\/\/alice.ch\/fr\/wp-json\/wp\/v2\/event-category?post=45296"},{"taxonomy":"event-tag","embeddable":true,"href":"https:\/\/alice.ch\/fr\/wp-json\/wp\/v2\/event-tag?post=45296"},{"taxonomy":"event-status","embeddable":true,"href":"https:\/\/alice.ch\/fr\/wp-json\/wp\/v2\/event-status?post=45296"},{"taxonomy":"event-language","embeddable":true,"href":"https:\/\/alice.ch\/fr\/wp-json\/wp\/v2\/event-language?post=45296"},{"taxonomy":"global-category","embeddable":true,"href":"https:\/\/alice.ch\/fr\/wp-json\/wp\/v2\/global-category?post=45296"}],"curies":[{"name":"wp","href":"https:\/\/api.w.org\/{rel}","templated":true}]}}