{"id":48942,"date":"2023-04-25T14:33:47","date_gmt":"2023-04-25T12:33:47","guid":{"rendered":"https:\/\/alice.ch\/?post_type=event&#038;p=48942"},"modified":"2023-11-05T22:26:46","modified_gmt":"2023-11-05T21:26:46","slug":"qualitaetstagung-2023","status":"publish","type":"event","link":"https:\/\/alice.ch\/fr\/event\/qualitaetstagung-2023\/","title":{"rendered":"Journ\u00e9e nationale sur la qualit\u00e9 2023"},"content":{"rendered":"\n<p>Le march\u00e9 de la formation continue est dynamique et se caract\u00e9rise par une pression concurrentielle croissante. Les contextes d&rsquo;apprentissage num\u00e9riques ouvrent de nouvelles possibilit\u00e9s, mais entra\u00eenent \u00e9galement une concurrence suppl\u00e9mentaire. Les prestataires de formation continue sont appel\u00e9s \u00e0 se positionner dans cet environnement. &nbsp;<\/p>\n\n\n\n<p>Dans ce contexte, les syst\u00e8mes d&rsquo;\u00e9valuation num\u00e9riques, en particulier sur les m\u00e9dias sociaux, apportent une nouvelle dimension : les \u00e9valuations sont non filtr\u00e9es, en temps r\u00e9el et largement diffus\u00e9es. Cela comporte des opportunit\u00e9s et des risques pour les prestataires et il est important d&rsquo;utiliser habilement le potentiel de ces syst\u00e8mes dans le cadre de l&rsquo;assurance qualit\u00e9. D\u00e9finir clairement la qualit\u00e9 des offres, l&rsquo;ancrer dans l&rsquo;institution et utiliser activement les canaux de communication peuvent \u00eatre des approches de solution \u00e0 cet \u00e9gard.&nbsp; &nbsp;<\/p>\n\n\n\n<p>Lors de la Journ\u00e9e nationale sur la qualit\u00e9 du 6 novembre \u00e0 Berne, les d\u00e9fis de l&rsquo;assurance qualit\u00e9 seront examin\u00e9s \u00e0 la lumi\u00e8re des syst\u00e8mes d&rsquo;\u00e9valuation num\u00e9riques et des approches seront d\u00e9velopp\u00e9es pour une utilisation avantageuse de ces syst\u00e8mes. Les questions suivantes seront au centre des d\u00e9bats : &nbsp;<\/p>\n\n\n\n<ul class=\"wp-block-list\">\n<li>Quels sont les d\u00e9fis de l&rsquo;assurance qualit\u00e9 dans le contexte des syst\u00e8mes d&rsquo;\u00e9valuation num\u00e9riques ? &nbsp;<\/li>\n\n\n\n<li>Comment l&rsquo;assurance qualit\u00e9 peut-elle contribuer \u00e0 exploiter les opportunit\u00e9s offertes par les m\u00e9dias sociaux ? &nbsp;<\/li>\n\n\n\n<li>Comment les prestataires peuvent-ils ancrer largement l&rsquo;assurance qualit\u00e9 au sein de l&rsquo;institution et l&rsquo;utiliser de mani\u00e8re cibl\u00e9e dans le cadre des syst\u00e8mes d&rsquo;\u00e9valuation num\u00e9riques ?&nbsp;<\/li>\n<\/ul>\n\n\n\n<h3 class=\"wp-block-heading\">Programme provisoire&nbsp;<\/h3>\n\n\n\n<p>13h00 &#8211; 14h00<strong> &nbsp;<\/strong><\/p>\n\n\n\n<p><strong>Partie 1:<\/strong> <strong>\u00c9valuation num\u00e9rique, marketing et qualit\u00e9 dans l&rsquo;\u00e9ducation &nbsp;<\/strong><\/p>\n\n\n\n<p>Analyse, Walter Sch\u00f6ni, Dr. phil., sociologue sp\u00e9cialis\u00e9 dans la formation professionnelle continue, le d\u00e9veloppement du personnel et la gestion de la formation &nbsp;<\/p>\n\n\n\n<p>14h15 &#8211; 15h00 &nbsp;<\/p>\n\n\n\n<p><strong>2e partie: Les facteurs de qualit\u00e9 comme cl\u00e9 d&rsquo;une utilisation profitable des m\u00e9dias sociaux &#8211; d\u00e9finition de l&rsquo;offre et ancrage interne \u00e0 l&rsquo;institution<\/strong>&nbsp; &nbsp;<\/p>\n\n\n\n<p>Expos\u00e9 de J\u00e9r\u00e9mie Agboklu, Senior Consultant chez Thalent SA et Vincent Renevey,&nbsp;CEO&nbsp;HMonster &#8211;&nbsp;Solution E-learning &amp; LMS<\/p>\n\n\n\n<p>15h00 &#8211; 17h00 &nbsp;<\/p>\n\n\n\n<p><strong>3e partie: Gestion des d\u00e9fis et utilisation de l&rsquo;assurance qualit\u00e9 dans diff\u00e9rentes offres et formats &nbsp;<\/strong><\/p>\n\n\n\n<p>\u00c9change, exp\u00e9riences pratiques &nbsp;<\/p>\n\n\n\n<p>La journ\u00e9e se d\u00e9roulera en allemand avec traduction simultan\u00e9e en fran\u00e7ais.&nbsp;<\/p>\n\n\n\n<p>La journ\u00e9e est planifi\u00e9e en collaboration avec le groupe de travail \u201cQualit\u00e9 dans la formation continue\u00a0\u00bb et r\u00e9alis\u00e9e avec le soutien du SEFRI. La responsabilit\u00e9 et l&rsquo;organisation incombent \u00e0 la F\u00e9d\u00e9ration suisse pour la formation continue FSEA.&nbsp;<\/p>\n\n\n\n<p>Institutions represent\u00e9es :<\/p>\n\n\n\n<ul class=\"wp-block-list\">\n<li><a href=\"https:\/\/aaq.ch\/fr\/\">Agence Suisse d\u2018accr\u00e9ditation et d\u2018assurance qualit\u00e9e AAQ<\/a><\/li>\n\n\n\n<li><a href=\"https:\/\/www.modellf.ch\/start\">Association Mod\u00e8le F<\/a><\/li>\n\n\n\n<li><a href=\"https:\/\/www.snv.ch\/fr\/\">Association Suisse de Normalisation SNV (ISO)<\/a><\/li>\n\n\n\n<li><a href=\"https:\/\/alice.ch\/fr\/\">F\u00e9d\u00e9ration suisse pour la formation continue FSEA (eduQua)<\/a><\/li>\n\n\n\n<li><a href=\"https:\/\/www.arbeitsintegrationschweiz.ch\/fr\/accueil\">Insertion Suisse (IN-Qualis)<\/a><\/li>\n\n\n\n<li><a href=\"https:\/\/miduca.ch\/fran\u00e7ais\">Miduca SA<\/a><\/li>\n\n\n\n<li><a href=\"https:\/\/www.rqfa.ch\">R\u00e9seau romand pour la Qualit\u00e9 en Formation des Adultes (RQFA)<\/a><\/li>\n\n\n\n<li><a href=\"https:\/\/saq.ch\/fr\/\">SAQ Swiss Association for Quality (EFQM)<\/a><\/li>\n\n\n\n<li><a href=\"https:\/\/fide-info.ch\/fr\/home\">Secr\u00e9tariat d\u2018Etat \u00e0 la Migration SEM (fide)<\/a><\/li>\n\n\n\n<li><a href=\"https:\/\/dualstark.ch\/fr\/\">Soci\u00e9t\u00e9 suisse des employ\u00e9s de commerce, Dualstark<\/a><\/li>\n<\/ul>\n\n\n\n<p>Pour toute question, veuillez-vous adresser \u00e0 l\u2019\u00e9quipe \u00e9v\u00e9nementielle de la FSEA : 044 319 71 71,&nbsp;<a href=\"mailto:events@alice.ch\" target=\"_blank\" rel=\"noreferrer noopener\">events@alice.ch<\/a>&nbsp;<\/p>\n\n\n\n<div class=\"wp-block-file\"><a id=\"wp-block-file--media-cedf968b-895a-459b-933f-787f4f3c63cd\" href=\"https:\/\/alice.ch\/app\/uploads\/2023\/04\/23-QT-PPT-Valentin-Anderegg-fr-final.pdf\">Pr\u00e9sentation Valentin Anderegg<br><br \/>PDF &#8211; 1 Mo<\/a><a href=\"https:\/\/alice.ch\/app\/uploads\/2023\/04\/23-QT-PPT-Valentin-Anderegg-fr-final.pdf\" class=\"wp-block-file__button wp-element-button\" download aria-describedby=\"wp-block-file--media-cedf968b-895a-459b-933f-787f4f3c63cd\">Herunterladen<br \/>PDF &#8211; 1 Mo<\/a><\/div>\n\n\n\n<div class=\"wp-block-file\"><a id=\"wp-block-file--media-cedf968b-895a-459b-933f-787f4f3c63cd\" href=\"https:\/\/alice.ch\/app\/uploads\/2023\/04\/23-QT-PPT-Referat-Walter-Schoeni-fr-final.pdf\">Pr\u00e9sentation Walter Sch\u00f6ni<br \/>PDF &#8211; 463 kb<\/a><a href=\"https:\/\/alice.ch\/app\/uploads\/2023\/04\/23-QT-PPT-Referat-Walter-Schoeni-fr-final.pdf\" class=\"wp-block-file__button wp-element-button\" download aria-describedby=\"wp-block-file--media-cedf968b-895a-459b-933f-787f4f3c63cd\">Herunterladen<br \/>PDF &#8211; 463 kb<\/a><\/div>\n\n\n\n<div class=\"wp-block-file\"><a id=\"wp-block-file--media-cedf968b-895a-459b-933f-787f4f3c63cd\" href=\"https:\/\/alice.ch\/app\/uploads\/2023\/04\/23-QT-PPT-JAgboklu_VRenevey_fr-final.pdf\">Pr\u00e9sentation J\u00e9r\u00e9mie Agboklu et Vincent Renevey<br \/>PDF &#8211; 8 Mo<\/a><a href=\"https:\/\/alice.ch\/app\/uploads\/2023\/04\/23-QT-PPT-JAgboklu_VRenevey_fr-final.pdf\" class=\"wp-block-file__button wp-element-button\" download aria-describedby=\"wp-block-file--media-cedf968b-895a-459b-933f-787f4f3c63cd\">Herunterladen<br \/>PDF &#8211; 8 Mo<\/a><\/div>\n","protected":false},"excerpt":{"rendered":"<p>Le march\u00e9 de la formation continue est dynamique et se caract\u00e9rise par une pression concurrentielle croissante. Les contextes d&rsquo;apprentissage num\u00e9riques [&hellip;]<\/p>\n","protected":false},"author":22,"featured_media":48949,"template":"","meta":{"_acf_changed":false,"inline_featured_image":false,"footnotes":""},"event-category":[103],"event-tag":[105],"event-status":[205],"event-language":[206,207],"global-category":[113],"class_list":["post-48942","event","type-event","status-publish","has-post-thumbnail","hentry","event-category-evenements-fsea-kooperation","event-tag-2023-fr","event-status-archive","event-language-allemand","event-language-francais","global-category-qualitaet-fr"],"acf":[],"yoast_head":"<!-- This site is optimized with the Yoast SEO plugin v27.3 - https:\/\/yoast.com\/product\/yoast-seo-wordpress\/ -->\n<title>Journ\u00e9e nationale sur la qualit\u00e9 2023 - FSEA<\/title>\n<meta name=\"robots\" content=\"index, follow, max-snippet:-1, max-image-preview:large, max-video-preview:-1\" \/>\n<link rel=\"canonical\" href=\"https:\/\/alice.ch\/fr\/event\/qualitaetstagung-2023\/\" \/>\n<meta property=\"og:locale\" content=\"fr_FR\" \/>\n<meta property=\"og:type\" content=\"article\" \/>\n<meta property=\"og:title\" content=\"Journ\u00e9e nationale sur la qualit\u00e9 2023 - FSEA\" \/>\n<meta property=\"og:description\" content=\"Le march\u00e9 de la formation continue est dynamique et se caract\u00e9rise par une pression concurrentielle croissante. Les contextes d&rsquo;apprentissage num\u00e9riques [&hellip;]\" \/>\n<meta property=\"og:url\" content=\"https:\/\/alice.ch\/fr\/event\/qualitaetstagung-2023\/\" \/>\n<meta property=\"og:site_name\" content=\"SVEB\" \/>\n<meta property=\"article:modified_time\" content=\"2023-11-05T21:26:46+00:00\" \/>\n<meta property=\"og:image\" content=\"https:\/\/alice.ch\/app\/uploads\/2023\/04\/agenda-journee-nationale-qualite-2023.jpg\" \/>\n\t<meta property=\"og:image:width\" content=\"370\" \/>\n\t<meta property=\"og:image:height\" content=\"185\" \/>\n\t<meta property=\"og:image:type\" content=\"image\/jpeg\" \/>\n<meta name=\"twitter:card\" content=\"summary_large_image\" \/>\n<script type=\"application\/ld+json\" class=\"yoast-schema-graph\">{\"@context\":\"https:\\\/\\\/schema.org\",\"@graph\":[{\"@type\":\"WebPage\",\"@id\":\"https:\\\/\\\/alice.ch\\\/fr\\\/event\\\/qualitaetstagung-2023\\\/\",\"url\":\"https:\\\/\\\/alice.ch\\\/fr\\\/event\\\/qualitaetstagung-2023\\\/\",\"name\":\"Journ\u00e9e nationale sur la qualit\u00e9 2023 - FSEA\",\"isPartOf\":{\"@id\":\"https:\\\/\\\/alice.ch\\\/fr\\\/#website\"},\"primaryImageOfPage\":{\"@id\":\"https:\\\/\\\/alice.ch\\\/fr\\\/event\\\/qualitaetstagung-2023\\\/#primaryimage\"},\"image\":{\"@id\":\"https:\\\/\\\/alice.ch\\\/fr\\\/event\\\/qualitaetstagung-2023\\\/#primaryimage\"},\"thumbnailUrl\":\"https:\\\/\\\/alice.ch\\\/app\\\/uploads\\\/2023\\\/04\\\/agenda-journee-nationale-qualite-2023.jpg\",\"datePublished\":\"2023-04-25T12:33:47+00:00\",\"dateModified\":\"2023-11-05T21:26:46+00:00\",\"breadcrumb\":{\"@id\":\"https:\\\/\\\/alice.ch\\\/fr\\\/event\\\/qualitaetstagung-2023\\\/#breadcrumb\"},\"inLanguage\":\"fr-FR\",\"potentialAction\":[{\"@type\":\"ReadAction\",\"target\":[\"https:\\\/\\\/alice.ch\\\/fr\\\/event\\\/qualitaetstagung-2023\\\/\"]}]},{\"@type\":\"ImageObject\",\"inLanguage\":\"fr-FR\",\"@id\":\"https:\\\/\\\/alice.ch\\\/fr\\\/event\\\/qualitaetstagung-2023\\\/#primaryimage\",\"url\":\"https:\\\/\\\/alice.ch\\\/app\\\/uploads\\\/2023\\\/04\\\/agenda-journee-nationale-qualite-2023.jpg\",\"contentUrl\":\"https:\\\/\\\/alice.ch\\\/app\\\/uploads\\\/2023\\\/04\\\/agenda-journee-nationale-qualite-2023.jpg\",\"width\":370,\"height\":185},{\"@type\":\"BreadcrumbList\",\"@id\":\"https:\\\/\\\/alice.ch\\\/fr\\\/event\\\/qualitaetstagung-2023\\\/#breadcrumb\",\"itemListElement\":[{\"@type\":\"ListItem\",\"position\":1,\"name\":\"Page d'accueil\",\"item\":\"https:\\\/\\\/alice.ch\\\/fr\\\/\"},{\"@type\":\"ListItem\",\"position\":2,\"name\":\"Events\",\"item\":\"https:\\\/\\\/alice.ch\\\/fr\\\/event\\\/\"},{\"@type\":\"ListItem\",\"position\":3,\"name\":\"Journ\u00e9e nationale sur la qualit\u00e9 2023\"}]},{\"@type\":\"WebSite\",\"@id\":\"https:\\\/\\\/alice.ch\\\/fr\\\/#website\",\"url\":\"https:\\\/\\\/alice.ch\\\/fr\\\/\",\"name\":\"alice.ch (Adult Learning Information Center) ist das Portal der Weiterbildung in der Schweiz.\",\"description\":\"Schweizerischer Verband f\u00fcr Weiterbildung\",\"publisher\":{\"@id\":\"https:\\\/\\\/alice.ch\\\/fr\\\/#organization\"},\"potentialAction\":[{\"@type\":\"SearchAction\",\"target\":{\"@type\":\"EntryPoint\",\"urlTemplate\":\"https:\\\/\\\/alice.ch\\\/fr\\\/?s={search_term_string}\"},\"query-input\":{\"@type\":\"PropertyValueSpecification\",\"valueRequired\":true,\"valueName\":\"search_term_string\"}}],\"inLanguage\":\"fr-FR\"},{\"@type\":\"Organization\",\"@id\":\"https:\\\/\\\/alice.ch\\\/fr\\\/#organization\",\"name\":\"FSEA F\u00e9d\u00e9ration suisse pour la formation continue\",\"url\":\"https:\\\/\\\/alice.ch\\\/fr\\\/\",\"logo\":{\"@type\":\"ImageObject\",\"inLanguage\":\"fr-FR\",\"@id\":\"https:\\\/\\\/alice.ch\\\/fr\\\/#\\\/schema\\\/logo\\\/image\\\/\",\"url\":\"https:\\\/\\\/alice.ch\\\/app\\\/uploads\\\/2022\\\/07\\\/logo-sveb.png\",\"contentUrl\":\"https:\\\/\\\/alice.ch\\\/app\\\/uploads\\\/2022\\\/07\\\/logo-sveb.png\",\"width\":145,\"height\":64,\"caption\":\"FSEA F\u00e9d\u00e9ration suisse pour la formation continue\"},\"image\":{\"@id\":\"https:\\\/\\\/alice.ch\\\/fr\\\/#\\\/schema\\\/logo\\\/image\\\/\"},\"sameAs\":[\"https:\\\/\\\/www.linkedin.com\\\/company\\\/schweizerischer-verband-fr-weiterbildung-sveb\\\/\"]}]}<\/script>\n<!-- \/ Yoast SEO plugin. -->","yoast_head_json":{"title":"Journ\u00e9e nationale sur la qualit\u00e9 2023 - FSEA","robots":{"index":"index","follow":"follow","max-snippet":"max-snippet:-1","max-image-preview":"max-image-preview:large","max-video-preview":"max-video-preview:-1"},"canonical":"https:\/\/alice.ch\/fr\/event\/qualitaetstagung-2023\/","og_locale":"fr_FR","og_type":"article","og_title":"Journ\u00e9e nationale sur la qualit\u00e9 2023 - FSEA","og_description":"Le march\u00e9 de la formation continue est dynamique et se caract\u00e9rise par une pression concurrentielle croissante. Les contextes d&rsquo;apprentissage num\u00e9riques [&hellip;]","og_url":"https:\/\/alice.ch\/fr\/event\/qualitaetstagung-2023\/","og_site_name":"SVEB","article_modified_time":"2023-11-05T21:26:46+00:00","og_image":[{"width":370,"height":185,"url":"https:\/\/alice.ch\/app\/uploads\/2023\/04\/agenda-journee-nationale-qualite-2023.jpg","type":"image\/jpeg"}],"twitter_card":"summary_large_image","schema":{"@context":"https:\/\/schema.org","@graph":[{"@type":"WebPage","@id":"https:\/\/alice.ch\/fr\/event\/qualitaetstagung-2023\/","url":"https:\/\/alice.ch\/fr\/event\/qualitaetstagung-2023\/","name":"Journ\u00e9e nationale sur la qualit\u00e9 2023 - FSEA","isPartOf":{"@id":"https:\/\/alice.ch\/fr\/#website"},"primaryImageOfPage":{"@id":"https:\/\/alice.ch\/fr\/event\/qualitaetstagung-2023\/#primaryimage"},"image":{"@id":"https:\/\/alice.ch\/fr\/event\/qualitaetstagung-2023\/#primaryimage"},"thumbnailUrl":"https:\/\/alice.ch\/app\/uploads\/2023\/04\/agenda-journee-nationale-qualite-2023.jpg","datePublished":"2023-04-25T12:33:47+00:00","dateModified":"2023-11-05T21:26:46+00:00","breadcrumb":{"@id":"https:\/\/alice.ch\/fr\/event\/qualitaetstagung-2023\/#breadcrumb"},"inLanguage":"fr-FR","potentialAction":[{"@type":"ReadAction","target":["https:\/\/alice.ch\/fr\/event\/qualitaetstagung-2023\/"]}]},{"@type":"ImageObject","inLanguage":"fr-FR","@id":"https:\/\/alice.ch\/fr\/event\/qualitaetstagung-2023\/#primaryimage","url":"https:\/\/alice.ch\/app\/uploads\/2023\/04\/agenda-journee-nationale-qualite-2023.jpg","contentUrl":"https:\/\/alice.ch\/app\/uploads\/2023\/04\/agenda-journee-nationale-qualite-2023.jpg","width":370,"height":185},{"@type":"BreadcrumbList","@id":"https:\/\/alice.ch\/fr\/event\/qualitaetstagung-2023\/#breadcrumb","itemListElement":[{"@type":"ListItem","position":1,"name":"Page d'accueil","item":"https:\/\/alice.ch\/fr\/"},{"@type":"ListItem","position":2,"name":"Events","item":"https:\/\/alice.ch\/fr\/event\/"},{"@type":"ListItem","position":3,"name":"Journ\u00e9e nationale sur la qualit\u00e9 2023"}]},{"@type":"WebSite","@id":"https:\/\/alice.ch\/fr\/#website","url":"https:\/\/alice.ch\/fr\/","name":"alice.ch (Adult Learning Information Center) ist das Portal der Weiterbildung in der Schweiz.","description":"Schweizerischer Verband f\u00fcr Weiterbildung","publisher":{"@id":"https:\/\/alice.ch\/fr\/#organization"},"potentialAction":[{"@type":"SearchAction","target":{"@type":"EntryPoint","urlTemplate":"https:\/\/alice.ch\/fr\/?s={search_term_string}"},"query-input":{"@type":"PropertyValueSpecification","valueRequired":true,"valueName":"search_term_string"}}],"inLanguage":"fr-FR"},{"@type":"Organization","@id":"https:\/\/alice.ch\/fr\/#organization","name":"FSEA F\u00e9d\u00e9ration suisse pour la formation continue","url":"https:\/\/alice.ch\/fr\/","logo":{"@type":"ImageObject","inLanguage":"fr-FR","@id":"https:\/\/alice.ch\/fr\/#\/schema\/logo\/image\/","url":"https:\/\/alice.ch\/app\/uploads\/2022\/07\/logo-sveb.png","contentUrl":"https:\/\/alice.ch\/app\/uploads\/2022\/07\/logo-sveb.png","width":145,"height":64,"caption":"FSEA F\u00e9d\u00e9ration suisse pour la formation continue"},"image":{"@id":"https:\/\/alice.ch\/fr\/#\/schema\/logo\/image\/"},"sameAs":["https:\/\/www.linkedin.com\/company\/schweizerischer-verband-fr-weiterbildung-sveb\/"]}]}},"_links":{"self":[{"href":"https:\/\/alice.ch\/fr\/wp-json\/wp\/v2\/event\/48942","targetHints":{"allow":["GET"]}}],"collection":[{"href":"https:\/\/alice.ch\/fr\/wp-json\/wp\/v2\/event"}],"about":[{"href":"https:\/\/alice.ch\/fr\/wp-json\/wp\/v2\/types\/event"}],"author":[{"embeddable":true,"href":"https:\/\/alice.ch\/fr\/wp-json\/wp\/v2\/users\/22"}],"version-history":[{"count":24,"href":"https:\/\/alice.ch\/fr\/wp-json\/wp\/v2\/event\/48942\/revisions"}],"predecessor-version":[{"id":55360,"href":"https:\/\/alice.ch\/fr\/wp-json\/wp\/v2\/event\/48942\/revisions\/55360"}],"wp:featuredmedia":[{"embeddable":true,"href":"https:\/\/alice.ch\/fr\/wp-json\/wp\/v2\/media\/48949"}],"wp:attachment":[{"href":"https:\/\/alice.ch\/fr\/wp-json\/wp\/v2\/media?parent=48942"}],"wp:term":[{"taxonomy":"event-category","embeddable":true,"href":"https:\/\/alice.ch\/fr\/wp-json\/wp\/v2\/event-category?post=48942"},{"taxonomy":"event-tag","embeddable":true,"href":"https:\/\/alice.ch\/fr\/wp-json\/wp\/v2\/event-tag?post=48942"},{"taxonomy":"event-status","embeddable":true,"href":"https:\/\/alice.ch\/fr\/wp-json\/wp\/v2\/event-status?post=48942"},{"taxonomy":"event-language","embeddable":true,"href":"https:\/\/alice.ch\/fr\/wp-json\/wp\/v2\/event-language?post=48942"},{"taxonomy":"global-category","embeddable":true,"href":"https:\/\/alice.ch\/fr\/wp-json\/wp\/v2\/global-category?post=48942"}],"curies":[{"name":"wp","href":"https:\/\/api.w.org\/{rel}","templated":true}]}}