{"id":52042,"date":"2023-06-26T16:39:33","date_gmt":"2023-06-26T14:39:33","guid":{"rendered":"https:\/\/alice.ch\/?post_type=event&#038;p=52042"},"modified":"2023-11-15T11:05:40","modified_gmt":"2023-11-15T10:05:40","slug":"conference-romande-sur-la-formation-continue-crfc","status":"publish","type":"event","link":"https:\/\/alice.ch\/fr\/event\/conference-romande-sur-la-formation-continue-crfc\/","title":{"rendered":"Conf\u00e9rence romande sur la formation continue (CRFC)"},"content":{"rendered":"\n<p>La matin\u00e9e d\u00e9butera avec la pr\u00e9sentation de Yannick Sauter de Swissolar sur la&nbsp;\u00ab mise en place d\u2019une nouvelle fili\u00e8re de formation \u00bb.<\/p>\n\n\n\n<p>Suivi d&rsquo;un d\u00e9bat entre Silvia Locatelli (UNIA), Philippe Cordonier (Swissmem), Nathalie Bare-Rouiller (Canton du Valais) et Yannick Sauter (Swissolar) sur les questions suivantes :<\/p>\n\n\n\n<ul class=\"wp-block-list\">\n<li>Comment transformer un besoin en action&nbsp;?<\/li>\n\n\n\n<li>Comment cr\u00e9er un partenariat pour r\u00e9pondre \u00e0 un besoin de formation&nbsp;?<\/li>\n\n\n\n<li>Comment accompagner la transition vers de nouveaux m\u00e9tiers&nbsp;?<\/li>\n\n\n\n<li>Quel est le r\u00f4le des diff\u00e9rents acteurs impliqu\u00e9s ?<\/li>\n<\/ul>\n\n\n\n<p>Cet \u00e9change sera suivi de deux pr\u00e9sentations apportant des perspectives compl\u00e9mentaires :<\/p>\n\n\n\n<p>Raphael Dubey (Groupe E) am\u00e8nera la vision d\u2019une entreprise dans la mise en \u0153uvre d\u2019une formation pour r\u00e9pondre \u00e0 de nouveaux besoins en pr\u00e9sentant la formation Solar Access.<\/p>\n\n\n\n<p>Puis un repr\u00e9sentant de l\u2019Universit\u00e9 de Gen\u00e8ve proposera une vision prospective en pr\u00e9sentant le projet d\u2019observatoire des m\u00e9tiers.<\/p>\n\n\n\n<p>C\u00e9line Weber (conseill\u00e8re nationale et pr\u00e9sidente de la CRFC) et Didier Juillerat (directeur du CIP-Tramelan&nbsp; et vice-pr\u00e9sident de la CRFC) &nbsp;assureront la mod\u00e9ration de cette journ\u00e9e.<\/p>\n\n\n\n<p>Nous nous r\u00e9jouissons de vous accueillir pour \u00e9changer sur cette th\u00e9matique passionnante.<\/p>\n\n\n\n<p>Pr\u00e9sentations disponibles sous : <a href=\"https:\/\/www.crfc.ch\/contact-evenements\/\">https:\/\/www.crfc.ch\/contact-evenements\/<\/a><\/p>\n\n\n\n<p><\/p>\n\n\n\n<p>Date limite d&rsquo;inscription : Termin\u00e9.<\/p>\n\n\n\n<p>Pour toute question, \u00e9crivez \u00e0 <a href=\"mailto:info@crfc.ch\">info@crfc.ch<\/a>.<\/p>\n","protected":false},"excerpt":{"rendered":"<p>La matin\u00e9e d\u00e9butera avec la pr\u00e9sentation de Yannick Sauter de Swissolar sur la&nbsp;\u00ab mise en place d\u2019une nouvelle fili\u00e8re de [&hellip;]<\/p>\n","protected":false},"author":22,"featured_media":52045,"template":"","meta":{"_acf_changed":false,"inline_featured_image":false,"footnotes":""},"event-category":[165],"event-tag":[105],"event-status":[205],"event-language":[207],"global-category":[],"class_list":["post-52042","event","type-event","status-publish","has-post-thumbnail","hentry","event-category-evenement-externe","event-tag-2023-fr","event-status-archive","event-language-francais"],"acf":[],"yoast_head":"<!-- This site is optimized with the Yoast SEO plugin v27.3 - https:\/\/yoast.com\/product\/yoast-seo-wordpress\/ -->\n<title>Conf\u00e9rence romande sur la formation continue (CRFC) - FSEA<\/title>\n<meta name=\"robots\" content=\"index, follow, max-snippet:-1, max-image-preview:large, max-video-preview:-1\" \/>\n<link rel=\"canonical\" href=\"https:\/\/alice.ch\/fr\/event\/conference-romande-sur-la-formation-continue-crfc\/\" \/>\n<meta property=\"og:locale\" content=\"fr_FR\" \/>\n<meta property=\"og:type\" content=\"article\" \/>\n<meta property=\"og:title\" content=\"Conf\u00e9rence romande sur la formation continue (CRFC) - FSEA\" \/>\n<meta property=\"og:description\" content=\"La matin\u00e9e d\u00e9butera avec la pr\u00e9sentation de Yannick Sauter de Swissolar sur la&nbsp;\u00ab mise en place d\u2019une nouvelle fili\u00e8re de [&hellip;]\" \/>\n<meta property=\"og:url\" content=\"https:\/\/alice.ch\/fr\/event\/conference-romande-sur-la-formation-continue-crfc\/\" \/>\n<meta property=\"og:site_name\" content=\"SVEB\" \/>\n<meta property=\"article:modified_time\" content=\"2023-11-15T10:05:40+00:00\" \/>\n<meta property=\"og:image\" content=\"https:\/\/alice.ch\/app\/uploads\/2023\/06\/logo-crfc.png\" \/>\n\t<meta property=\"og:image:width\" content=\"211\" \/>\n\t<meta property=\"og:image:height\" content=\"190\" \/>\n\t<meta property=\"og:image:type\" content=\"image\/png\" \/>\n<meta name=\"twitter:card\" content=\"summary_large_image\" \/>\n<meta name=\"twitter:label1\" content=\"Dur\u00e9e de lecture estim\u00e9e\" \/>\n\t<meta name=\"twitter:data1\" content=\"1 minute\" \/>\n<script type=\"application\/ld+json\" class=\"yoast-schema-graph\">{\"@context\":\"https:\\\/\\\/schema.org\",\"@graph\":[{\"@type\":\"WebPage\",\"@id\":\"https:\\\/\\\/alice.ch\\\/fr\\\/event\\\/conference-romande-sur-la-formation-continue-crfc\\\/\",\"url\":\"https:\\\/\\\/alice.ch\\\/fr\\\/event\\\/conference-romande-sur-la-formation-continue-crfc\\\/\",\"name\":\"Conf\u00e9rence romande sur la formation continue (CRFC) - FSEA\",\"isPartOf\":{\"@id\":\"https:\\\/\\\/alice.ch\\\/fr\\\/#website\"},\"primaryImageOfPage\":{\"@id\":\"https:\\\/\\\/alice.ch\\\/fr\\\/event\\\/conference-romande-sur-la-formation-continue-crfc\\\/#primaryimage\"},\"image\":{\"@id\":\"https:\\\/\\\/alice.ch\\\/fr\\\/event\\\/conference-romande-sur-la-formation-continue-crfc\\\/#primaryimage\"},\"thumbnailUrl\":\"https:\\\/\\\/alice.ch\\\/app\\\/uploads\\\/2023\\\/06\\\/logo-crfc.png\",\"datePublished\":\"2023-06-26T14:39:33+00:00\",\"dateModified\":\"2023-11-15T10:05:40+00:00\",\"breadcrumb\":{\"@id\":\"https:\\\/\\\/alice.ch\\\/fr\\\/event\\\/conference-romande-sur-la-formation-continue-crfc\\\/#breadcrumb\"},\"inLanguage\":\"fr-FR\",\"potentialAction\":[{\"@type\":\"ReadAction\",\"target\":[\"https:\\\/\\\/alice.ch\\\/fr\\\/event\\\/conference-romande-sur-la-formation-continue-crfc\\\/\"]}]},{\"@type\":\"ImageObject\",\"inLanguage\":\"fr-FR\",\"@id\":\"https:\\\/\\\/alice.ch\\\/fr\\\/event\\\/conference-romande-sur-la-formation-continue-crfc\\\/#primaryimage\",\"url\":\"https:\\\/\\\/alice.ch\\\/app\\\/uploads\\\/2023\\\/06\\\/logo-crfc.png\",\"contentUrl\":\"https:\\\/\\\/alice.ch\\\/app\\\/uploads\\\/2023\\\/06\\\/logo-crfc.png\",\"width\":211,\"height\":190},{\"@type\":\"BreadcrumbList\",\"@id\":\"https:\\\/\\\/alice.ch\\\/fr\\\/event\\\/conference-romande-sur-la-formation-continue-crfc\\\/#breadcrumb\",\"itemListElement\":[{\"@type\":\"ListItem\",\"position\":1,\"name\":\"Page d'accueil\",\"item\":\"https:\\\/\\\/alice.ch\\\/fr\\\/\"},{\"@type\":\"ListItem\",\"position\":2,\"name\":\"Events\",\"item\":\"https:\\\/\\\/alice.ch\\\/fr\\\/event\\\/\"},{\"@type\":\"ListItem\",\"position\":3,\"name\":\"Conf\u00e9rence romande sur la formation continue (CRFC)\"}]},{\"@type\":\"WebSite\",\"@id\":\"https:\\\/\\\/alice.ch\\\/fr\\\/#website\",\"url\":\"https:\\\/\\\/alice.ch\\\/fr\\\/\",\"name\":\"alice.ch (Adult Learning Information Center) ist das Portal der Weiterbildung in der Schweiz.\",\"description\":\"Schweizerischer Verband f\u00fcr Weiterbildung\",\"publisher\":{\"@id\":\"https:\\\/\\\/alice.ch\\\/fr\\\/#organization\"},\"potentialAction\":[{\"@type\":\"SearchAction\",\"target\":{\"@type\":\"EntryPoint\",\"urlTemplate\":\"https:\\\/\\\/alice.ch\\\/fr\\\/?s={search_term_string}\"},\"query-input\":{\"@type\":\"PropertyValueSpecification\",\"valueRequired\":true,\"valueName\":\"search_term_string\"}}],\"inLanguage\":\"fr-FR\"},{\"@type\":\"Organization\",\"@id\":\"https:\\\/\\\/alice.ch\\\/fr\\\/#organization\",\"name\":\"FSEA F\u00e9d\u00e9ration suisse pour la formation continue\",\"url\":\"https:\\\/\\\/alice.ch\\\/fr\\\/\",\"logo\":{\"@type\":\"ImageObject\",\"inLanguage\":\"fr-FR\",\"@id\":\"https:\\\/\\\/alice.ch\\\/fr\\\/#\\\/schema\\\/logo\\\/image\\\/\",\"url\":\"https:\\\/\\\/alice.ch\\\/app\\\/uploads\\\/2022\\\/07\\\/logo-sveb.png\",\"contentUrl\":\"https:\\\/\\\/alice.ch\\\/app\\\/uploads\\\/2022\\\/07\\\/logo-sveb.png\",\"width\":145,\"height\":64,\"caption\":\"FSEA F\u00e9d\u00e9ration suisse pour la formation continue\"},\"image\":{\"@id\":\"https:\\\/\\\/alice.ch\\\/fr\\\/#\\\/schema\\\/logo\\\/image\\\/\"},\"sameAs\":[\"https:\\\/\\\/www.linkedin.com\\\/company\\\/schweizerischer-verband-fr-weiterbildung-sveb\\\/\"]}]}<\/script>\n<!-- \/ Yoast SEO plugin. -->","yoast_head_json":{"title":"Conf\u00e9rence romande sur la formation continue (CRFC) - FSEA","robots":{"index":"index","follow":"follow","max-snippet":"max-snippet:-1","max-image-preview":"max-image-preview:large","max-video-preview":"max-video-preview:-1"},"canonical":"https:\/\/alice.ch\/fr\/event\/conference-romande-sur-la-formation-continue-crfc\/","og_locale":"fr_FR","og_type":"article","og_title":"Conf\u00e9rence romande sur la formation continue (CRFC) - FSEA","og_description":"La matin\u00e9e d\u00e9butera avec la pr\u00e9sentation de Yannick Sauter de Swissolar sur la&nbsp;\u00ab mise en place d\u2019une nouvelle fili\u00e8re de [&hellip;]","og_url":"https:\/\/alice.ch\/fr\/event\/conference-romande-sur-la-formation-continue-crfc\/","og_site_name":"SVEB","article_modified_time":"2023-11-15T10:05:40+00:00","og_image":[{"width":211,"height":190,"url":"https:\/\/alice.ch\/app\/uploads\/2023\/06\/logo-crfc.png","type":"image\/png"}],"twitter_card":"summary_large_image","twitter_misc":{"Dur\u00e9e de lecture estim\u00e9e":"1 minute"},"schema":{"@context":"https:\/\/schema.org","@graph":[{"@type":"WebPage","@id":"https:\/\/alice.ch\/fr\/event\/conference-romande-sur-la-formation-continue-crfc\/","url":"https:\/\/alice.ch\/fr\/event\/conference-romande-sur-la-formation-continue-crfc\/","name":"Conf\u00e9rence romande sur la formation continue (CRFC) - FSEA","isPartOf":{"@id":"https:\/\/alice.ch\/fr\/#website"},"primaryImageOfPage":{"@id":"https:\/\/alice.ch\/fr\/event\/conference-romande-sur-la-formation-continue-crfc\/#primaryimage"},"image":{"@id":"https:\/\/alice.ch\/fr\/event\/conference-romande-sur-la-formation-continue-crfc\/#primaryimage"},"thumbnailUrl":"https:\/\/alice.ch\/app\/uploads\/2023\/06\/logo-crfc.png","datePublished":"2023-06-26T14:39:33+00:00","dateModified":"2023-11-15T10:05:40+00:00","breadcrumb":{"@id":"https:\/\/alice.ch\/fr\/event\/conference-romande-sur-la-formation-continue-crfc\/#breadcrumb"},"inLanguage":"fr-FR","potentialAction":[{"@type":"ReadAction","target":["https:\/\/alice.ch\/fr\/event\/conference-romande-sur-la-formation-continue-crfc\/"]}]},{"@type":"ImageObject","inLanguage":"fr-FR","@id":"https:\/\/alice.ch\/fr\/event\/conference-romande-sur-la-formation-continue-crfc\/#primaryimage","url":"https:\/\/alice.ch\/app\/uploads\/2023\/06\/logo-crfc.png","contentUrl":"https:\/\/alice.ch\/app\/uploads\/2023\/06\/logo-crfc.png","width":211,"height":190},{"@type":"BreadcrumbList","@id":"https:\/\/alice.ch\/fr\/event\/conference-romande-sur-la-formation-continue-crfc\/#breadcrumb","itemListElement":[{"@type":"ListItem","position":1,"name":"Page d'accueil","item":"https:\/\/alice.ch\/fr\/"},{"@type":"ListItem","position":2,"name":"Events","item":"https:\/\/alice.ch\/fr\/event\/"},{"@type":"ListItem","position":3,"name":"Conf\u00e9rence romande sur la formation continue (CRFC)"}]},{"@type":"WebSite","@id":"https:\/\/alice.ch\/fr\/#website","url":"https:\/\/alice.ch\/fr\/","name":"alice.ch (Adult Learning Information Center) ist das Portal der Weiterbildung in der Schweiz.","description":"Schweizerischer Verband f\u00fcr Weiterbildung","publisher":{"@id":"https:\/\/alice.ch\/fr\/#organization"},"potentialAction":[{"@type":"SearchAction","target":{"@type":"EntryPoint","urlTemplate":"https:\/\/alice.ch\/fr\/?s={search_term_string}"},"query-input":{"@type":"PropertyValueSpecification","valueRequired":true,"valueName":"search_term_string"}}],"inLanguage":"fr-FR"},{"@type":"Organization","@id":"https:\/\/alice.ch\/fr\/#organization","name":"FSEA F\u00e9d\u00e9ration suisse pour la formation continue","url":"https:\/\/alice.ch\/fr\/","logo":{"@type":"ImageObject","inLanguage":"fr-FR","@id":"https:\/\/alice.ch\/fr\/#\/schema\/logo\/image\/","url":"https:\/\/alice.ch\/app\/uploads\/2022\/07\/logo-sveb.png","contentUrl":"https:\/\/alice.ch\/app\/uploads\/2022\/07\/logo-sveb.png","width":145,"height":64,"caption":"FSEA F\u00e9d\u00e9ration suisse pour la formation continue"},"image":{"@id":"https:\/\/alice.ch\/fr\/#\/schema\/logo\/image\/"},"sameAs":["https:\/\/www.linkedin.com\/company\/schweizerischer-verband-fr-weiterbildung-sveb\/"]}]}},"_links":{"self":[{"href":"https:\/\/alice.ch\/fr\/wp-json\/wp\/v2\/event\/52042","targetHints":{"allow":["GET"]}}],"collection":[{"href":"https:\/\/alice.ch\/fr\/wp-json\/wp\/v2\/event"}],"about":[{"href":"https:\/\/alice.ch\/fr\/wp-json\/wp\/v2\/types\/event"}],"author":[{"embeddable":true,"href":"https:\/\/alice.ch\/fr\/wp-json\/wp\/v2\/users\/22"}],"version-history":[{"count":14,"href":"https:\/\/alice.ch\/fr\/wp-json\/wp\/v2\/event\/52042\/revisions"}],"predecessor-version":[{"id":55808,"href":"https:\/\/alice.ch\/fr\/wp-json\/wp\/v2\/event\/52042\/revisions\/55808"}],"wp:featuredmedia":[{"embeddable":true,"href":"https:\/\/alice.ch\/fr\/wp-json\/wp\/v2\/media\/52045"}],"wp:attachment":[{"href":"https:\/\/alice.ch\/fr\/wp-json\/wp\/v2\/media?parent=52042"}],"wp:term":[{"taxonomy":"event-category","embeddable":true,"href":"https:\/\/alice.ch\/fr\/wp-json\/wp\/v2\/event-category?post=52042"},{"taxonomy":"event-tag","embeddable":true,"href":"https:\/\/alice.ch\/fr\/wp-json\/wp\/v2\/event-tag?post=52042"},{"taxonomy":"event-status","embeddable":true,"href":"https:\/\/alice.ch\/fr\/wp-json\/wp\/v2\/event-status?post=52042"},{"taxonomy":"event-language","embeddable":true,"href":"https:\/\/alice.ch\/fr\/wp-json\/wp\/v2\/event-language?post=52042"},{"taxonomy":"global-category","embeddable":true,"href":"https:\/\/alice.ch\/fr\/wp-json\/wp\/v2\/global-category?post=52042"}],"curies":[{"name":"wp","href":"https:\/\/api.w.org\/{rel}","templated":true}]}}