{"id":54408,"date":"2023-09-27T10:20:55","date_gmt":"2023-09-27T08:20:55","guid":{"rendered":"https:\/\/alice.ch\/?post_type=event&#038;p=54408"},"modified":"2023-09-27T10:20:57","modified_gmt":"2023-09-27T08:20:57","slug":"symposium-accessibilite-dans-les-milieux-de-formation","status":"publish","type":"event","link":"https:\/\/alice.ch\/fr\/event\/symposium-accessibilite-dans-les-milieux-de-formation\/","title":{"rendered":"Symposium accessibilit\u00e9 dans les milieux de formation"},"content":{"rendered":"\n<p>Sous l\u2019\u00e9gide de la Fondation Asile des aveugles, le CPHV organise un symposium sur le th\u00e8me de l\u2019accessibilit\u00e9 dans les milieux de formation. Il aura lieu le jeudi 16 novembre 2023, d\u00e8s 8h45 \u00e0 l\u2019auditoire de l\u2019H\u00f4pital ophtalmique Jules-Gonin ou en webinaire, avec traduction simultan\u00e9e en allemand et anglais.<\/p>\n\n\n\n<p>Apr\u00e8s l\u2019introduction de la journ\u00e9e par le t\u00e9moignage d\u2019une jeune femme d\u00e9ficiente visuelle \u00e9tudiante \u00e0 l\u2019EPFL et de son professeur, les diff\u00e9rents intervenants auront \u00e0 coeur de restituer les enjeux l\u00e9gaux et sociaux puis de pr\u00e9senter les obstacles actuels de l\u2019accessibilit\u00e9 dans les milieux de formation mais \u00e9galement les leviers d\u2019\u00e9volution permettant de les contourner ou de les supprimer. <\/p>\n\n\n\n<p>Pour de plus amples informations et l\u2019inscription, veuillez consulter le lien suivant:\u00a0<a href=\"https:\/\/events.ophtalmique.ch\/evenement\/symposium-accessibilite\/\">https:\/\/events.ophtalmique.ch\/evenement\/symposium-accessibilite\/<\/a><\/p>\n","protected":false},"excerpt":{"rendered":"<p>Sous l\u2019\u00e9gide de la Fondation Asile des aveugles, le CPHV organise un symposium sur le th\u00e8me de l\u2019accessibilit\u00e9 dans les [&hellip;]<\/p>\n","protected":false},"author":22,"featured_media":54414,"template":"","meta":{"_acf_changed":false,"inline_featured_image":false,"footnotes":""},"event-category":[165],"event-tag":[105],"event-status":[205],"event-language":[207],"global-category":[],"class_list":["post-54408","event","type-event","status-publish","has-post-thumbnail","hentry","event-category-evenement-externe","event-tag-2023-fr","event-status-archive","event-language-francais"],"acf":[],"yoast_head":"<!-- This site is optimized with the Yoast SEO plugin v27.3 - https:\/\/yoast.com\/product\/yoast-seo-wordpress\/ -->\n<title>Symposium accessibilit\u00e9 dans les milieux de formation - FSEA<\/title>\n<meta name=\"robots\" content=\"index, follow, max-snippet:-1, max-image-preview:large, max-video-preview:-1\" \/>\n<link rel=\"canonical\" href=\"https:\/\/alice.ch\/fr\/event\/symposium-accessibilite-dans-les-milieux-de-formation\/\" \/>\n<meta property=\"og:locale\" content=\"fr_FR\" \/>\n<meta property=\"og:type\" content=\"article\" \/>\n<meta property=\"og:title\" content=\"Symposium accessibilit\u00e9 dans les milieux de formation - FSEA\" \/>\n<meta property=\"og:description\" content=\"Sous l\u2019\u00e9gide de la Fondation Asile des aveugles, le CPHV organise un symposium sur le th\u00e8me de l\u2019accessibilit\u00e9 dans les [&hellip;]\" \/>\n<meta property=\"og:url\" content=\"https:\/\/alice.ch\/fr\/event\/symposium-accessibilite-dans-les-milieux-de-formation\/\" \/>\n<meta property=\"og:site_name\" content=\"SVEB\" \/>\n<meta property=\"article:modified_time\" content=\"2023-09-27T08:20:57+00:00\" \/>\n<meta property=\"og:image\" content=\"https:\/\/alice.ch\/app\/uploads\/2023\/09\/fondationnoir.jpg\" \/>\n\t<meta property=\"og:image:width\" content=\"1701\" \/>\n\t<meta property=\"og:image:height\" content=\"400\" \/>\n\t<meta property=\"og:image:type\" content=\"image\/jpeg\" \/>\n<meta name=\"twitter:card\" content=\"summary_large_image\" \/>\n<meta name=\"twitter:label1\" content=\"Dur\u00e9e de lecture estim\u00e9e\" \/>\n\t<meta name=\"twitter:data1\" content=\"1 minute\" \/>\n<script type=\"application\/ld+json\" class=\"yoast-schema-graph\">{\"@context\":\"https:\\\/\\\/schema.org\",\"@graph\":[{\"@type\":\"WebPage\",\"@id\":\"https:\\\/\\\/alice.ch\\\/fr\\\/event\\\/symposium-accessibilite-dans-les-milieux-de-formation\\\/\",\"url\":\"https:\\\/\\\/alice.ch\\\/fr\\\/event\\\/symposium-accessibilite-dans-les-milieux-de-formation\\\/\",\"name\":\"Symposium accessibilit\u00e9 dans les milieux de formation - FSEA\",\"isPartOf\":{\"@id\":\"https:\\\/\\\/alice.ch\\\/fr\\\/#website\"},\"primaryImageOfPage\":{\"@id\":\"https:\\\/\\\/alice.ch\\\/fr\\\/event\\\/symposium-accessibilite-dans-les-milieux-de-formation\\\/#primaryimage\"},\"image\":{\"@id\":\"https:\\\/\\\/alice.ch\\\/fr\\\/event\\\/symposium-accessibilite-dans-les-milieux-de-formation\\\/#primaryimage\"},\"thumbnailUrl\":\"https:\\\/\\\/alice.ch\\\/app\\\/uploads\\\/2023\\\/09\\\/fondationnoir.jpg\",\"datePublished\":\"2023-09-27T08:20:55+00:00\",\"dateModified\":\"2023-09-27T08:20:57+00:00\",\"breadcrumb\":{\"@id\":\"https:\\\/\\\/alice.ch\\\/fr\\\/event\\\/symposium-accessibilite-dans-les-milieux-de-formation\\\/#breadcrumb\"},\"inLanguage\":\"fr-FR\",\"potentialAction\":[{\"@type\":\"ReadAction\",\"target\":[\"https:\\\/\\\/alice.ch\\\/fr\\\/event\\\/symposium-accessibilite-dans-les-milieux-de-formation\\\/\"]}]},{\"@type\":\"ImageObject\",\"inLanguage\":\"fr-FR\",\"@id\":\"https:\\\/\\\/alice.ch\\\/fr\\\/event\\\/symposium-accessibilite-dans-les-milieux-de-formation\\\/#primaryimage\",\"url\":\"https:\\\/\\\/alice.ch\\\/app\\\/uploads\\\/2023\\\/09\\\/fondationnoir.jpg\",\"contentUrl\":\"https:\\\/\\\/alice.ch\\\/app\\\/uploads\\\/2023\\\/09\\\/fondationnoir.jpg\",\"width\":1701,\"height\":400},{\"@type\":\"BreadcrumbList\",\"@id\":\"https:\\\/\\\/alice.ch\\\/fr\\\/event\\\/symposium-accessibilite-dans-les-milieux-de-formation\\\/#breadcrumb\",\"itemListElement\":[{\"@type\":\"ListItem\",\"position\":1,\"name\":\"Page d'accueil\",\"item\":\"https:\\\/\\\/alice.ch\\\/fr\\\/\"},{\"@type\":\"ListItem\",\"position\":2,\"name\":\"Events\",\"item\":\"https:\\\/\\\/alice.ch\\\/fr\\\/event\\\/\"},{\"@type\":\"ListItem\",\"position\":3,\"name\":\"Symposium accessibilit\u00e9 dans les milieux de formation\"}]},{\"@type\":\"WebSite\",\"@id\":\"https:\\\/\\\/alice.ch\\\/fr\\\/#website\",\"url\":\"https:\\\/\\\/alice.ch\\\/fr\\\/\",\"name\":\"alice.ch (Adult Learning Information Center) ist das Portal der Weiterbildung in der Schweiz.\",\"description\":\"Schweizerischer Verband f\u00fcr Weiterbildung\",\"publisher\":{\"@id\":\"https:\\\/\\\/alice.ch\\\/fr\\\/#organization\"},\"potentialAction\":[{\"@type\":\"SearchAction\",\"target\":{\"@type\":\"EntryPoint\",\"urlTemplate\":\"https:\\\/\\\/alice.ch\\\/fr\\\/?s={search_term_string}\"},\"query-input\":{\"@type\":\"PropertyValueSpecification\",\"valueRequired\":true,\"valueName\":\"search_term_string\"}}],\"inLanguage\":\"fr-FR\"},{\"@type\":\"Organization\",\"@id\":\"https:\\\/\\\/alice.ch\\\/fr\\\/#organization\",\"name\":\"FSEA F\u00e9d\u00e9ration suisse pour la formation continue\",\"url\":\"https:\\\/\\\/alice.ch\\\/fr\\\/\",\"logo\":{\"@type\":\"ImageObject\",\"inLanguage\":\"fr-FR\",\"@id\":\"https:\\\/\\\/alice.ch\\\/fr\\\/#\\\/schema\\\/logo\\\/image\\\/\",\"url\":\"https:\\\/\\\/alice.ch\\\/app\\\/uploads\\\/2022\\\/07\\\/logo-sveb.png\",\"contentUrl\":\"https:\\\/\\\/alice.ch\\\/app\\\/uploads\\\/2022\\\/07\\\/logo-sveb.png\",\"width\":145,\"height\":64,\"caption\":\"FSEA F\u00e9d\u00e9ration suisse pour la formation continue\"},\"image\":{\"@id\":\"https:\\\/\\\/alice.ch\\\/fr\\\/#\\\/schema\\\/logo\\\/image\\\/\"},\"sameAs\":[\"https:\\\/\\\/www.linkedin.com\\\/company\\\/schweizerischer-verband-fr-weiterbildung-sveb\\\/\"]}]}<\/script>\n<!-- \/ Yoast SEO plugin. -->","yoast_head_json":{"title":"Symposium accessibilit\u00e9 dans les milieux de formation - FSEA","robots":{"index":"index","follow":"follow","max-snippet":"max-snippet:-1","max-image-preview":"max-image-preview:large","max-video-preview":"max-video-preview:-1"},"canonical":"https:\/\/alice.ch\/fr\/event\/symposium-accessibilite-dans-les-milieux-de-formation\/","og_locale":"fr_FR","og_type":"article","og_title":"Symposium accessibilit\u00e9 dans les milieux de formation - FSEA","og_description":"Sous l\u2019\u00e9gide de la Fondation Asile des aveugles, le CPHV organise un symposium sur le th\u00e8me de l\u2019accessibilit\u00e9 dans les [&hellip;]","og_url":"https:\/\/alice.ch\/fr\/event\/symposium-accessibilite-dans-les-milieux-de-formation\/","og_site_name":"SVEB","article_modified_time":"2023-09-27T08:20:57+00:00","og_image":[{"width":1701,"height":400,"url":"https:\/\/alice.ch\/app\/uploads\/2023\/09\/fondationnoir.jpg","type":"image\/jpeg"}],"twitter_card":"summary_large_image","twitter_misc":{"Dur\u00e9e de lecture estim\u00e9e":"1 minute"},"schema":{"@context":"https:\/\/schema.org","@graph":[{"@type":"WebPage","@id":"https:\/\/alice.ch\/fr\/event\/symposium-accessibilite-dans-les-milieux-de-formation\/","url":"https:\/\/alice.ch\/fr\/event\/symposium-accessibilite-dans-les-milieux-de-formation\/","name":"Symposium accessibilit\u00e9 dans les milieux de formation - FSEA","isPartOf":{"@id":"https:\/\/alice.ch\/fr\/#website"},"primaryImageOfPage":{"@id":"https:\/\/alice.ch\/fr\/event\/symposium-accessibilite-dans-les-milieux-de-formation\/#primaryimage"},"image":{"@id":"https:\/\/alice.ch\/fr\/event\/symposium-accessibilite-dans-les-milieux-de-formation\/#primaryimage"},"thumbnailUrl":"https:\/\/alice.ch\/app\/uploads\/2023\/09\/fondationnoir.jpg","datePublished":"2023-09-27T08:20:55+00:00","dateModified":"2023-09-27T08:20:57+00:00","breadcrumb":{"@id":"https:\/\/alice.ch\/fr\/event\/symposium-accessibilite-dans-les-milieux-de-formation\/#breadcrumb"},"inLanguage":"fr-FR","potentialAction":[{"@type":"ReadAction","target":["https:\/\/alice.ch\/fr\/event\/symposium-accessibilite-dans-les-milieux-de-formation\/"]}]},{"@type":"ImageObject","inLanguage":"fr-FR","@id":"https:\/\/alice.ch\/fr\/event\/symposium-accessibilite-dans-les-milieux-de-formation\/#primaryimage","url":"https:\/\/alice.ch\/app\/uploads\/2023\/09\/fondationnoir.jpg","contentUrl":"https:\/\/alice.ch\/app\/uploads\/2023\/09\/fondationnoir.jpg","width":1701,"height":400},{"@type":"BreadcrumbList","@id":"https:\/\/alice.ch\/fr\/event\/symposium-accessibilite-dans-les-milieux-de-formation\/#breadcrumb","itemListElement":[{"@type":"ListItem","position":1,"name":"Page d'accueil","item":"https:\/\/alice.ch\/fr\/"},{"@type":"ListItem","position":2,"name":"Events","item":"https:\/\/alice.ch\/fr\/event\/"},{"@type":"ListItem","position":3,"name":"Symposium accessibilit\u00e9 dans les milieux de formation"}]},{"@type":"WebSite","@id":"https:\/\/alice.ch\/fr\/#website","url":"https:\/\/alice.ch\/fr\/","name":"alice.ch (Adult Learning Information Center) ist das Portal der Weiterbildung in der Schweiz.","description":"Schweizerischer Verband f\u00fcr Weiterbildung","publisher":{"@id":"https:\/\/alice.ch\/fr\/#organization"},"potentialAction":[{"@type":"SearchAction","target":{"@type":"EntryPoint","urlTemplate":"https:\/\/alice.ch\/fr\/?s={search_term_string}"},"query-input":{"@type":"PropertyValueSpecification","valueRequired":true,"valueName":"search_term_string"}}],"inLanguage":"fr-FR"},{"@type":"Organization","@id":"https:\/\/alice.ch\/fr\/#organization","name":"FSEA F\u00e9d\u00e9ration suisse pour la formation continue","url":"https:\/\/alice.ch\/fr\/","logo":{"@type":"ImageObject","inLanguage":"fr-FR","@id":"https:\/\/alice.ch\/fr\/#\/schema\/logo\/image\/","url":"https:\/\/alice.ch\/app\/uploads\/2022\/07\/logo-sveb.png","contentUrl":"https:\/\/alice.ch\/app\/uploads\/2022\/07\/logo-sveb.png","width":145,"height":64,"caption":"FSEA F\u00e9d\u00e9ration suisse pour la formation continue"},"image":{"@id":"https:\/\/alice.ch\/fr\/#\/schema\/logo\/image\/"},"sameAs":["https:\/\/www.linkedin.com\/company\/schweizerischer-verband-fr-weiterbildung-sveb\/"]}]}},"_links":{"self":[{"href":"https:\/\/alice.ch\/fr\/wp-json\/wp\/v2\/event\/54408","targetHints":{"allow":["GET"]}}],"collection":[{"href":"https:\/\/alice.ch\/fr\/wp-json\/wp\/v2\/event"}],"about":[{"href":"https:\/\/alice.ch\/fr\/wp-json\/wp\/v2\/types\/event"}],"author":[{"embeddable":true,"href":"https:\/\/alice.ch\/fr\/wp-json\/wp\/v2\/users\/22"}],"version-history":[{"count":7,"href":"https:\/\/alice.ch\/fr\/wp-json\/wp\/v2\/event\/54408\/revisions"}],"predecessor-version":[{"id":54419,"href":"https:\/\/alice.ch\/fr\/wp-json\/wp\/v2\/event\/54408\/revisions\/54419"}],"wp:featuredmedia":[{"embeddable":true,"href":"https:\/\/alice.ch\/fr\/wp-json\/wp\/v2\/media\/54414"}],"wp:attachment":[{"href":"https:\/\/alice.ch\/fr\/wp-json\/wp\/v2\/media?parent=54408"}],"wp:term":[{"taxonomy":"event-category","embeddable":true,"href":"https:\/\/alice.ch\/fr\/wp-json\/wp\/v2\/event-category?post=54408"},{"taxonomy":"event-tag","embeddable":true,"href":"https:\/\/alice.ch\/fr\/wp-json\/wp\/v2\/event-tag?post=54408"},{"taxonomy":"event-status","embeddable":true,"href":"https:\/\/alice.ch\/fr\/wp-json\/wp\/v2\/event-status?post=54408"},{"taxonomy":"event-language","embeddable":true,"href":"https:\/\/alice.ch\/fr\/wp-json\/wp\/v2\/event-language?post=54408"},{"taxonomy":"global-category","embeddable":true,"href":"https:\/\/alice.ch\/fr\/wp-json\/wp\/v2\/global-category?post=54408"}],"curies":[{"name":"wp","href":"https:\/\/api.w.org\/{rel}","templated":true}]}}