{"id":57946,"date":"2024-02-28T08:25:56","date_gmt":"2024-02-28T07:25:56","guid":{"rendered":"https:\/\/alice.ch\/?post_type=event&#038;p=57946"},"modified":"2024-03-05T09:47:05","modified_gmt":"2024-03-05T08:47:05","slug":"congres-de-mars-2024","status":"publish","type":"event","link":"https:\/\/alice.ch\/fr\/event\/congres-de-mars-2024\/","title":{"rendered":"CONGR\u00c8S DE MARS 2024"},"content":{"rendered":"\n<p>L\u2019utilisation de l\u2019IA dans la formation soul\u00e8ve bien des d\u00e9bats \u00e0 l\u2019heure actuelle. Le Congr\u00e8s de mars 2024 examinera ce ph\u00e9nom\u00e8ne en d\u00e9tail, autour de quatre th\u00e8mes : l&rsquo;influence de l&rsquo;IA, sa cr\u00e9dibilit\u00e9, les potentiels de d\u00e9veloppement et les \u00e9cueils.<br><br>Voici un premier extrait du programme de conf\u00e9rences, qui promet d&rsquo;\u00eatre passionnant :<\/p>\n\n\n\n<p><strong>L&rsquo;IA dans le contexte universitaire : d\u00e9buts et sc\u00e9narios d&rsquo;avenir<\/strong><strong><\/strong><\/p>\n\n\n\n<p>Le professeur Nils Pinkwart, de l&rsquo;universit\u00e9 Humboldt de Berlin, esquisse le d\u00e9veloppement de l&rsquo;IA depuis ses d\u00e9buts jusqu&rsquo;aux sauts quantiques actuels, montrant son potentiel dans le domaine de l&rsquo;enseignement sup\u00e9rieur. Il analysera d\u2019un \u0153il critique l&rsquo;application de l&rsquo;IA dans l&rsquo;enseignement et&nbsp; l&rsquo;administration, ainsi que son impact sur les start-ups.<\/p>\n\n\n\n<p><strong>Exp\u00e9riences sur la confiance dans l&rsquo;IA au niveau primaire<\/strong><strong><\/strong><\/p>\n\n\n\n<p>Werner Odermatt, enseignant primaire \u00e0 l&rsquo;\u00e9cole primaire de la ville de Lucerne, montrera comment les \u00e9l\u00e8ves d&rsquo;une classe de sixi\u00e8me apprennent \u00e0 utiliser l&rsquo;IA de mani\u00e8re r\u00e9fl\u00e9chie \u00e0 l&rsquo;aide de ChatGPT, avec une forte conscience des risques et des opportunit\u00e9s.<\/p>\n\n\n\n<p><strong>Mise \u00e0 l&rsquo;\u00e9chelle et potentiel de r\u00e9ussite pour les enseignants : la Brian Educational App<\/strong><strong><\/strong><\/p>\n\n\n\n<p>Lors de cette table ronde, plusieurs experts examineront notamment si les enseignants, les startups d&rsquo;IA et les investisseurs en IA poursuivent des objectifs similaires et comment la diversit\u00e9 de ces acteurs permet une collaboration fructueuse. Ecrivain prim\u00e9 et professeur \u00e0 l\u2019universit\u00e9 de Birmingham, Dan Vyleta, \u00e9galement co-fondateur de la startup \u00ab\u00a0Brian Educational App \u00ab\u00a0, viendra partager son point de vue.<br><br>Le Congr\u00e8s de mars refl\u00e8te l\u2019\u00e9tat actuel du savoir, pr\u00e9sent\u00e9 par des intervenant-e-s de renom. Il se veut une v\u00e9ritable source d\u2019inspiration pour votre enseignement. Participez aux d\u00e9bats et influencez l&rsquo;utilisation de l&rsquo;IA dans l\u2019enseignement en Suisse&nbsp;!<br><br><a href=\"https:\/\/www.bildung.ch\/fr\/congres-de-mars\/congres-de-mars-2024\" target=\"_blank\" rel=\"noreferrer noopener\">&gt;Plus d&rsquo;informations et inscription<\/a><\/p>\n","protected":false},"excerpt":{"rendered":"<p>L\u2019utilisation de l\u2019IA dans la formation soul\u00e8ve bien des d\u00e9bats \u00e0 l\u2019heure actuelle. Le Congr\u00e8s de mars 2024 examinera ce [&hellip;]<\/p>\n","protected":false},"author":31,"featured_media":58047,"template":"","meta":{"_acf_changed":false,"inline_featured_image":false,"footnotes":""},"event-category":[165],"event-tag":[357],"event-status":[201,200,205],"event-language":[206,207,203],"global-category":[],"class_list":["post-57946","event","type-event","status-publish","has-post-thumbnail","hentry","event-category-evenement-externe","event-tag-2024-5","event-status-aktuell","event-status-archiv","event-status-archive","event-language-allemand","event-language-francais","event-language-franzoesisch"],"acf":[],"yoast_head":"<!-- This site is optimized with the Yoast SEO plugin v27.3 - https:\/\/yoast.com\/product\/yoast-seo-wordpress\/ -->\n<title>CONGR\u00c8S DE MARS 2024 - FSEA<\/title>\n<meta name=\"robots\" content=\"index, follow, max-snippet:-1, max-image-preview:large, max-video-preview:-1\" \/>\n<link rel=\"canonical\" href=\"https:\/\/alice.ch\/fr\/event\/congres-de-mars-2024\/\" \/>\n<meta property=\"og:locale\" content=\"fr_FR\" \/>\n<meta property=\"og:type\" content=\"article\" \/>\n<meta property=\"og:title\" content=\"CONGR\u00c8S DE MARS 2024 - FSEA\" \/>\n<meta property=\"og:description\" content=\"L\u2019utilisation de l\u2019IA dans la formation soul\u00e8ve bien des d\u00e9bats \u00e0 l\u2019heure actuelle. Le Congr\u00e8s de mars 2024 examinera ce [&hellip;]\" \/>\n<meta property=\"og:url\" content=\"https:\/\/alice.ch\/fr\/event\/congres-de-mars-2024\/\" \/>\n<meta property=\"og:site_name\" content=\"SVEB\" \/>\n<meta property=\"article:modified_time\" content=\"2024-03-05T08:47:05+00:00\" \/>\n<meta property=\"og:image\" content=\"https:\/\/alice.ch\/app\/uploads\/2024\/02\/maerztagung-ffhs-fernuni-fr-def.jpg\" \/>\n\t<meta property=\"og:image:width\" content=\"493\" \/>\n\t<meta property=\"og:image:height\" content=\"247\" \/>\n\t<meta property=\"og:image:type\" content=\"image\/jpeg\" \/>\n<meta name=\"twitter:card\" content=\"summary_large_image\" \/>\n<meta name=\"twitter:label1\" content=\"Dur\u00e9e de lecture estim\u00e9e\" \/>\n\t<meta name=\"twitter:data1\" content=\"2 minutes\" \/>\n<script type=\"application\/ld+json\" class=\"yoast-schema-graph\">{\"@context\":\"https:\\\/\\\/schema.org\",\"@graph\":[{\"@type\":\"WebPage\",\"@id\":\"https:\\\/\\\/alice.ch\\\/fr\\\/event\\\/congres-de-mars-2024\\\/\",\"url\":\"https:\\\/\\\/alice.ch\\\/fr\\\/event\\\/congres-de-mars-2024\\\/\",\"name\":\"CONGR\u00c8S DE MARS 2024 - FSEA\",\"isPartOf\":{\"@id\":\"https:\\\/\\\/alice.ch\\\/fr\\\/#website\"},\"primaryImageOfPage\":{\"@id\":\"https:\\\/\\\/alice.ch\\\/fr\\\/event\\\/congres-de-mars-2024\\\/#primaryimage\"},\"image\":{\"@id\":\"https:\\\/\\\/alice.ch\\\/fr\\\/event\\\/congres-de-mars-2024\\\/#primaryimage\"},\"thumbnailUrl\":\"https:\\\/\\\/alice.ch\\\/app\\\/uploads\\\/2024\\\/02\\\/maerztagung-ffhs-fernuni-fr-def.jpg\",\"datePublished\":\"2024-02-28T07:25:56+00:00\",\"dateModified\":\"2024-03-05T08:47:05+00:00\",\"breadcrumb\":{\"@id\":\"https:\\\/\\\/alice.ch\\\/fr\\\/event\\\/congres-de-mars-2024\\\/#breadcrumb\"},\"inLanguage\":\"fr-FR\",\"potentialAction\":[{\"@type\":\"ReadAction\",\"target\":[\"https:\\\/\\\/alice.ch\\\/fr\\\/event\\\/congres-de-mars-2024\\\/\"]}]},{\"@type\":\"ImageObject\",\"inLanguage\":\"fr-FR\",\"@id\":\"https:\\\/\\\/alice.ch\\\/fr\\\/event\\\/congres-de-mars-2024\\\/#primaryimage\",\"url\":\"https:\\\/\\\/alice.ch\\\/app\\\/uploads\\\/2024\\\/02\\\/maerztagung-ffhs-fernuni-fr-def.jpg\",\"contentUrl\":\"https:\\\/\\\/alice.ch\\\/app\\\/uploads\\\/2024\\\/02\\\/maerztagung-ffhs-fernuni-fr-def.jpg\",\"width\":493,\"height\":247},{\"@type\":\"BreadcrumbList\",\"@id\":\"https:\\\/\\\/alice.ch\\\/fr\\\/event\\\/congres-de-mars-2024\\\/#breadcrumb\",\"itemListElement\":[{\"@type\":\"ListItem\",\"position\":1,\"name\":\"Page d'accueil\",\"item\":\"https:\\\/\\\/alice.ch\\\/fr\\\/\"},{\"@type\":\"ListItem\",\"position\":2,\"name\":\"Events\",\"item\":\"https:\\\/\\\/alice.ch\\\/fr\\\/event\\\/\"},{\"@type\":\"ListItem\",\"position\":3,\"name\":\"CONGR\u00c8S DE MARS 2024\"}]},{\"@type\":\"WebSite\",\"@id\":\"https:\\\/\\\/alice.ch\\\/fr\\\/#website\",\"url\":\"https:\\\/\\\/alice.ch\\\/fr\\\/\",\"name\":\"alice.ch (Adult Learning Information Center) ist das Portal der Weiterbildung in der Schweiz.\",\"description\":\"Schweizerischer Verband f\u00fcr Weiterbildung\",\"publisher\":{\"@id\":\"https:\\\/\\\/alice.ch\\\/fr\\\/#organization\"},\"potentialAction\":[{\"@type\":\"SearchAction\",\"target\":{\"@type\":\"EntryPoint\",\"urlTemplate\":\"https:\\\/\\\/alice.ch\\\/fr\\\/?s={search_term_string}\"},\"query-input\":{\"@type\":\"PropertyValueSpecification\",\"valueRequired\":true,\"valueName\":\"search_term_string\"}}],\"inLanguage\":\"fr-FR\"},{\"@type\":\"Organization\",\"@id\":\"https:\\\/\\\/alice.ch\\\/fr\\\/#organization\",\"name\":\"FSEA F\u00e9d\u00e9ration suisse pour la formation continue\",\"url\":\"https:\\\/\\\/alice.ch\\\/fr\\\/\",\"logo\":{\"@type\":\"ImageObject\",\"inLanguage\":\"fr-FR\",\"@id\":\"https:\\\/\\\/alice.ch\\\/fr\\\/#\\\/schema\\\/logo\\\/image\\\/\",\"url\":\"https:\\\/\\\/alice.ch\\\/app\\\/uploads\\\/2022\\\/07\\\/logo-sveb.png\",\"contentUrl\":\"https:\\\/\\\/alice.ch\\\/app\\\/uploads\\\/2022\\\/07\\\/logo-sveb.png\",\"width\":145,\"height\":64,\"caption\":\"FSEA F\u00e9d\u00e9ration suisse pour la formation continue\"},\"image\":{\"@id\":\"https:\\\/\\\/alice.ch\\\/fr\\\/#\\\/schema\\\/logo\\\/image\\\/\"},\"sameAs\":[\"https:\\\/\\\/www.linkedin.com\\\/company\\\/schweizerischer-verband-fr-weiterbildung-sveb\\\/\"]}]}<\/script>\n<!-- \/ Yoast SEO plugin. -->","yoast_head_json":{"title":"CONGR\u00c8S DE MARS 2024 - FSEA","robots":{"index":"index","follow":"follow","max-snippet":"max-snippet:-1","max-image-preview":"max-image-preview:large","max-video-preview":"max-video-preview:-1"},"canonical":"https:\/\/alice.ch\/fr\/event\/congres-de-mars-2024\/","og_locale":"fr_FR","og_type":"article","og_title":"CONGR\u00c8S DE MARS 2024 - FSEA","og_description":"L\u2019utilisation de l\u2019IA dans la formation soul\u00e8ve bien des d\u00e9bats \u00e0 l\u2019heure actuelle. Le Congr\u00e8s de mars 2024 examinera ce [&hellip;]","og_url":"https:\/\/alice.ch\/fr\/event\/congres-de-mars-2024\/","og_site_name":"SVEB","article_modified_time":"2024-03-05T08:47:05+00:00","og_image":[{"width":493,"height":247,"url":"https:\/\/alice.ch\/app\/uploads\/2024\/02\/maerztagung-ffhs-fernuni-fr-def.jpg","type":"image\/jpeg"}],"twitter_card":"summary_large_image","twitter_misc":{"Dur\u00e9e de lecture estim\u00e9e":"2 minutes"},"schema":{"@context":"https:\/\/schema.org","@graph":[{"@type":"WebPage","@id":"https:\/\/alice.ch\/fr\/event\/congres-de-mars-2024\/","url":"https:\/\/alice.ch\/fr\/event\/congres-de-mars-2024\/","name":"CONGR\u00c8S DE MARS 2024 - FSEA","isPartOf":{"@id":"https:\/\/alice.ch\/fr\/#website"},"primaryImageOfPage":{"@id":"https:\/\/alice.ch\/fr\/event\/congres-de-mars-2024\/#primaryimage"},"image":{"@id":"https:\/\/alice.ch\/fr\/event\/congres-de-mars-2024\/#primaryimage"},"thumbnailUrl":"https:\/\/alice.ch\/app\/uploads\/2024\/02\/maerztagung-ffhs-fernuni-fr-def.jpg","datePublished":"2024-02-28T07:25:56+00:00","dateModified":"2024-03-05T08:47:05+00:00","breadcrumb":{"@id":"https:\/\/alice.ch\/fr\/event\/congres-de-mars-2024\/#breadcrumb"},"inLanguage":"fr-FR","potentialAction":[{"@type":"ReadAction","target":["https:\/\/alice.ch\/fr\/event\/congres-de-mars-2024\/"]}]},{"@type":"ImageObject","inLanguage":"fr-FR","@id":"https:\/\/alice.ch\/fr\/event\/congres-de-mars-2024\/#primaryimage","url":"https:\/\/alice.ch\/app\/uploads\/2024\/02\/maerztagung-ffhs-fernuni-fr-def.jpg","contentUrl":"https:\/\/alice.ch\/app\/uploads\/2024\/02\/maerztagung-ffhs-fernuni-fr-def.jpg","width":493,"height":247},{"@type":"BreadcrumbList","@id":"https:\/\/alice.ch\/fr\/event\/congres-de-mars-2024\/#breadcrumb","itemListElement":[{"@type":"ListItem","position":1,"name":"Page d'accueil","item":"https:\/\/alice.ch\/fr\/"},{"@type":"ListItem","position":2,"name":"Events","item":"https:\/\/alice.ch\/fr\/event\/"},{"@type":"ListItem","position":3,"name":"CONGR\u00c8S DE MARS 2024"}]},{"@type":"WebSite","@id":"https:\/\/alice.ch\/fr\/#website","url":"https:\/\/alice.ch\/fr\/","name":"alice.ch (Adult Learning Information Center) ist das Portal der Weiterbildung in der Schweiz.","description":"Schweizerischer Verband f\u00fcr Weiterbildung","publisher":{"@id":"https:\/\/alice.ch\/fr\/#organization"},"potentialAction":[{"@type":"SearchAction","target":{"@type":"EntryPoint","urlTemplate":"https:\/\/alice.ch\/fr\/?s={search_term_string}"},"query-input":{"@type":"PropertyValueSpecification","valueRequired":true,"valueName":"search_term_string"}}],"inLanguage":"fr-FR"},{"@type":"Organization","@id":"https:\/\/alice.ch\/fr\/#organization","name":"FSEA F\u00e9d\u00e9ration suisse pour la formation continue","url":"https:\/\/alice.ch\/fr\/","logo":{"@type":"ImageObject","inLanguage":"fr-FR","@id":"https:\/\/alice.ch\/fr\/#\/schema\/logo\/image\/","url":"https:\/\/alice.ch\/app\/uploads\/2022\/07\/logo-sveb.png","contentUrl":"https:\/\/alice.ch\/app\/uploads\/2022\/07\/logo-sveb.png","width":145,"height":64,"caption":"FSEA F\u00e9d\u00e9ration suisse pour la formation continue"},"image":{"@id":"https:\/\/alice.ch\/fr\/#\/schema\/logo\/image\/"},"sameAs":["https:\/\/www.linkedin.com\/company\/schweizerischer-verband-fr-weiterbildung-sveb\/"]}]}},"_links":{"self":[{"href":"https:\/\/alice.ch\/fr\/wp-json\/wp\/v2\/event\/57946","targetHints":{"allow":["GET"]}}],"collection":[{"href":"https:\/\/alice.ch\/fr\/wp-json\/wp\/v2\/event"}],"about":[{"href":"https:\/\/alice.ch\/fr\/wp-json\/wp\/v2\/types\/event"}],"author":[{"embeddable":true,"href":"https:\/\/alice.ch\/fr\/wp-json\/wp\/v2\/users\/31"}],"version-history":[{"count":14,"href":"https:\/\/alice.ch\/fr\/wp-json\/wp\/v2\/event\/57946\/revisions"}],"predecessor-version":[{"id":58124,"href":"https:\/\/alice.ch\/fr\/wp-json\/wp\/v2\/event\/57946\/revisions\/58124"}],"wp:featuredmedia":[{"embeddable":true,"href":"https:\/\/alice.ch\/fr\/wp-json\/wp\/v2\/media\/58047"}],"wp:attachment":[{"href":"https:\/\/alice.ch\/fr\/wp-json\/wp\/v2\/media?parent=57946"}],"wp:term":[{"taxonomy":"event-category","embeddable":true,"href":"https:\/\/alice.ch\/fr\/wp-json\/wp\/v2\/event-category?post=57946"},{"taxonomy":"event-tag","embeddable":true,"href":"https:\/\/alice.ch\/fr\/wp-json\/wp\/v2\/event-tag?post=57946"},{"taxonomy":"event-status","embeddable":true,"href":"https:\/\/alice.ch\/fr\/wp-json\/wp\/v2\/event-status?post=57946"},{"taxonomy":"event-language","embeddable":true,"href":"https:\/\/alice.ch\/fr\/wp-json\/wp\/v2\/event-language?post=57946"},{"taxonomy":"global-category","embeddable":true,"href":"https:\/\/alice.ch\/fr\/wp-json\/wp\/v2\/global-category?post=57946"}],"curies":[{"name":"wp","href":"https:\/\/api.w.org\/{rel}","templated":true}]}}