{"id":65431,"date":"2025-01-14T14:47:55","date_gmt":"2025-01-14T13:47:55","guid":{"rendered":"https:\/\/alice.ch\/?post_type=event&#038;p=65431"},"modified":"2025-03-14T13:27:25","modified_gmt":"2025-03-14T12:27:25","slug":"utilisation-de-lia-ou-en-sont-les-organisations-de-formation-continue-suisses","status":"publish","type":"event","link":"https:\/\/alice.ch\/fr\/event\/utilisation-de-lia-ou-en-sont-les-organisations-de-formation-continue-suisses\/","title":{"rendered":"Utilisation de l\u2019IA: o\u00f9 en sont les organisations de formation continue suisses?\u00a0\u00a0"},"content":{"rendered":"\n<p>Jusqu\u2019\u00e0 pr\u00e9sent, l\u2019IA est utilis\u00e9e de mani\u00e8re variable dans les organisations de formation continue suisses. Au printemps 2024, pr\u00e8s de la moiti\u00e9 des organisations utilisaient l\u2019IA ou pr\u00e9voyaient de le faire. De nombreux prestataires attendent surtout des avantages pour l\u2019individualisation des cadres d\u2019enseignement \/ d\u2019apprentissage et pr\u00e9voient de continuer \u00e0 d\u00e9velopper l\u2019utilisation de l&rsquo;IA.&nbsp;<\/p>\n\n\n\n<p>En premi\u00e8re partie, l&rsquo;\u00e9v\u00e9nement en ligne donne un aper\u00e7u des r\u00e9sultats de l\u2019enqu\u00eate FSEA aupr\u00e8s des prestataires sur l\u2019utilisation de l\u2019IA dans les organisations de formation continue. La dynamique dans le domaine des applications de l\u2019IA ainsi que la pression pour s\u2019adapter dans les organisations sont grandes. C\u2019est pourquoi cet \u00e9v\u00e9nement offre \u00e9galement, en deuxi\u00e8me partie, la possibilit\u00e9 d\u2019\u00e9changer ouvertement sur les d\u00e9veloppements et les d\u00e9fis actuels.&nbsp;<\/p>\n\n\n\n<p>Cet \u00e9v\u00e9nement s&rsquo;adresse en premier lieu aux organisations de formation continue qui souhaitent s\u2019informer et \u00e9changer sur les d\u00e9veloppements actuels dans le domaine de la formation continue. Toutefois, les chercheuses et chercheurs ainsi que les personnes int\u00e9ress\u00e9es sont \u00e9galement les bienvenues.<\/p>\n\n\n\n<p>Le lien Zoom sera envoy\u00e9 par mail quelques jours avant la date de l&rsquo;\u00e9v\u00e9nement.&nbsp;<\/p>\n\n\n\n<h2 class=\"wp-block-heading\">Pr\u00e9sentation<\/h2>\n\n\n\n<div class=\"wp-block-columns is-layout-flex wp-container-core-columns-is-layout-28f84493 wp-block-columns-is-layout-flex\">\n<div class=\"wp-block-column is-layout-flow wp-block-column-is-layout-flow\">\n<div class=\"wp-block-file is-style-default\"><a id=\"wp-block-file--media-48e74ff8-45a3-4910-9088-dcf66e3c0b4a\" href=\"https:\/\/alice.ch\/app\/uploads\/2025\/01\/130325_IA-en-FC.pdf\" target=\"_blank\" rel=\"noreferrer noopener\">Pr\u00e9sentation : L&rsquo;intelligence artificielle dans la formation continue\u00a0<br>Alexandre Lecoultre &amp; Sofie Gollob<br \/>PDF &#8211; 809 kb<\/a><a href=\"https:\/\/alice.ch\/app\/uploads\/2025\/01\/130325_IA-en-FC.pdf\" class=\"wp-block-file__button wp-element-button\" download aria-describedby=\"wp-block-file--media-48e74ff8-45a3-4910-9088-dcf66e3c0b4a\">Herunterladen<br \/>PDF &#8211; 809 kb<\/a><\/div>\n<\/div>\n\n\n\n<div class=\"wp-block-column is-layout-flow wp-block-column-is-layout-flow\"><\/div>\n<\/div>\n","protected":false},"excerpt":{"rendered":"<p>Jusqu\u2019\u00e0 pr\u00e9sent, l\u2019IA est utilis\u00e9e de mani\u00e8re variable dans les organisations de formation continue suisses. Au printemps 2024, pr\u00e8s de [&hellip;]<\/p>\n","protected":false},"author":31,"featured_media":65457,"template":"","meta":{"_acf_changed":false,"inline_featured_image":false,"footnotes":""},"event-category":[103],"event-tag":[365,372,353],"event-status":[201,200,205],"event-language":[202,207],"global-category":[367],"class_list":["post-65431","event","type-event","status-publish","has-post-thumbnail","hentry","event-category-evenements-fsea-kooperation","event-tag-365","event-tag-2025-2","event-tag-aktuel","event-status-aktuell","event-status-archiv","event-status-archive","event-language-deutsch","event-language-francais","global-category-ia-et-formation-continue"],"acf":[],"yoast_head":"<!-- This site is optimized with the Yoast SEO plugin v27.3 - https:\/\/yoast.com\/product\/yoast-seo-wordpress\/ -->\n<title>Utilisation de l\u2019IA: o\u00f9 en sont les organisations de formation continue suisses?\u00a0\u00a0 - FSEA<\/title>\n<meta name=\"description\" content=\"Echange au sujet de l&#039;enqu\u00eate FSEA aupr\u00e8s des prestataires de formation, focus sur l&#039;IA.\" \/>\n<meta name=\"robots\" content=\"index, follow, max-snippet:-1, max-image-preview:large, max-video-preview:-1\" \/>\n<link rel=\"canonical\" href=\"https:\/\/alice.ch\/fr\/event\/utilisation-de-lia-ou-en-sont-les-organisations-de-formation-continue-suisses\/\" \/>\n<meta property=\"og:locale\" content=\"fr_FR\" \/>\n<meta property=\"og:type\" content=\"article\" \/>\n<meta property=\"og:title\" content=\"Utilisation de l\u2019IA: o\u00f9 en sont les organisations de formation continue suisses?\u00a0\u00a0 - FSEA\" \/>\n<meta property=\"og:description\" content=\"Echange au sujet de l&#039;enqu\u00eate FSEA aupr\u00e8s des prestataires de formation, focus sur l&#039;IA.\" \/>\n<meta property=\"og:url\" content=\"https:\/\/alice.ch\/fr\/event\/utilisation-de-lia-ou-en-sont-les-organisations-de-formation-continue-suisses\/\" \/>\n<meta property=\"og:site_name\" content=\"SVEB\" \/>\n<meta property=\"article:modified_time\" content=\"2025-03-14T12:27:25+00:00\" \/>\n<meta property=\"og:image\" content=\"https:\/\/alice.ch\/app\/uploads\/2025\/01\/focus-online-ia-ou-en-sont-les-organisations-de-formation-continue-fr-1.jpg\" \/>\n\t<meta property=\"og:image:width\" content=\"1542\" \/>\n\t<meta property=\"og:image:height\" content=\"771\" \/>\n\t<meta property=\"og:image:type\" content=\"image\/jpeg\" \/>\n<meta name=\"twitter:card\" content=\"summary_large_image\" \/>\n<meta name=\"twitter:label1\" content=\"Dur\u00e9e de lecture estim\u00e9e\" \/>\n\t<meta name=\"twitter:data1\" content=\"1 minute\" \/>\n<script type=\"application\/ld+json\" class=\"yoast-schema-graph\">{\"@context\":\"https:\\\/\\\/schema.org\",\"@graph\":[{\"@type\":\"WebPage\",\"@id\":\"https:\\\/\\\/alice.ch\\\/fr\\\/event\\\/utilisation-de-lia-ou-en-sont-les-organisations-de-formation-continue-suisses\\\/\",\"url\":\"https:\\\/\\\/alice.ch\\\/fr\\\/event\\\/utilisation-de-lia-ou-en-sont-les-organisations-de-formation-continue-suisses\\\/\",\"name\":\"Utilisation de l\u2019IA: o\u00f9 en sont les organisations de formation continue suisses?\u00a0\u00a0 - FSEA\",\"isPartOf\":{\"@id\":\"https:\\\/\\\/alice.ch\\\/fr\\\/#website\"},\"primaryImageOfPage\":{\"@id\":\"https:\\\/\\\/alice.ch\\\/fr\\\/event\\\/utilisation-de-lia-ou-en-sont-les-organisations-de-formation-continue-suisses\\\/#primaryimage\"},\"image\":{\"@id\":\"https:\\\/\\\/alice.ch\\\/fr\\\/event\\\/utilisation-de-lia-ou-en-sont-les-organisations-de-formation-continue-suisses\\\/#primaryimage\"},\"thumbnailUrl\":\"https:\\\/\\\/alice.ch\\\/app\\\/uploads\\\/2025\\\/01\\\/focus-online-ia-ou-en-sont-les-organisations-de-formation-continue-fr-1.jpg\",\"datePublished\":\"2025-01-14T13:47:55+00:00\",\"dateModified\":\"2025-03-14T12:27:25+00:00\",\"description\":\"Echange au sujet de l'enqu\u00eate FSEA aupr\u00e8s des prestataires de formation, focus sur l'IA.\",\"breadcrumb\":{\"@id\":\"https:\\\/\\\/alice.ch\\\/fr\\\/event\\\/utilisation-de-lia-ou-en-sont-les-organisations-de-formation-continue-suisses\\\/#breadcrumb\"},\"inLanguage\":\"fr-FR\",\"potentialAction\":[{\"@type\":\"ReadAction\",\"target\":[\"https:\\\/\\\/alice.ch\\\/fr\\\/event\\\/utilisation-de-lia-ou-en-sont-les-organisations-de-formation-continue-suisses\\\/\"]}]},{\"@type\":\"ImageObject\",\"inLanguage\":\"fr-FR\",\"@id\":\"https:\\\/\\\/alice.ch\\\/fr\\\/event\\\/utilisation-de-lia-ou-en-sont-les-organisations-de-formation-continue-suisses\\\/#primaryimage\",\"url\":\"https:\\\/\\\/alice.ch\\\/app\\\/uploads\\\/2025\\\/01\\\/focus-online-ia-ou-en-sont-les-organisations-de-formation-continue-fr-1.jpg\",\"contentUrl\":\"https:\\\/\\\/alice.ch\\\/app\\\/uploads\\\/2025\\\/01\\\/focus-online-ia-ou-en-sont-les-organisations-de-formation-continue-fr-1.jpg\",\"width\":1542,\"height\":771},{\"@type\":\"BreadcrumbList\",\"@id\":\"https:\\\/\\\/alice.ch\\\/fr\\\/event\\\/utilisation-de-lia-ou-en-sont-les-organisations-de-formation-continue-suisses\\\/#breadcrumb\",\"itemListElement\":[{\"@type\":\"ListItem\",\"position\":1,\"name\":\"Page d'accueil\",\"item\":\"https:\\\/\\\/alice.ch\\\/fr\\\/\"},{\"@type\":\"ListItem\",\"position\":2,\"name\":\"Events\",\"item\":\"https:\\\/\\\/alice.ch\\\/fr\\\/event\\\/\"},{\"@type\":\"ListItem\",\"position\":3,\"name\":\"Utilisation de l\u2019IA: o\u00f9 en sont les organisations de formation continue suisses?\u00a0\u00a0\"}]},{\"@type\":\"WebSite\",\"@id\":\"https:\\\/\\\/alice.ch\\\/fr\\\/#website\",\"url\":\"https:\\\/\\\/alice.ch\\\/fr\\\/\",\"name\":\"alice.ch (Adult Learning Information Center) ist das Portal der Weiterbildung in der Schweiz.\",\"description\":\"Schweizerischer Verband f\u00fcr Weiterbildung\",\"publisher\":{\"@id\":\"https:\\\/\\\/alice.ch\\\/fr\\\/#organization\"},\"potentialAction\":[{\"@type\":\"SearchAction\",\"target\":{\"@type\":\"EntryPoint\",\"urlTemplate\":\"https:\\\/\\\/alice.ch\\\/fr\\\/?s={search_term_string}\"},\"query-input\":{\"@type\":\"PropertyValueSpecification\",\"valueRequired\":true,\"valueName\":\"search_term_string\"}}],\"inLanguage\":\"fr-FR\"},{\"@type\":\"Organization\",\"@id\":\"https:\\\/\\\/alice.ch\\\/fr\\\/#organization\",\"name\":\"FSEA F\u00e9d\u00e9ration suisse pour la formation continue\",\"url\":\"https:\\\/\\\/alice.ch\\\/fr\\\/\",\"logo\":{\"@type\":\"ImageObject\",\"inLanguage\":\"fr-FR\",\"@id\":\"https:\\\/\\\/alice.ch\\\/fr\\\/#\\\/schema\\\/logo\\\/image\\\/\",\"url\":\"https:\\\/\\\/alice.ch\\\/app\\\/uploads\\\/2022\\\/07\\\/logo-sveb.png\",\"contentUrl\":\"https:\\\/\\\/alice.ch\\\/app\\\/uploads\\\/2022\\\/07\\\/logo-sveb.png\",\"width\":145,\"height\":64,\"caption\":\"FSEA F\u00e9d\u00e9ration suisse pour la formation continue\"},\"image\":{\"@id\":\"https:\\\/\\\/alice.ch\\\/fr\\\/#\\\/schema\\\/logo\\\/image\\\/\"},\"sameAs\":[\"https:\\\/\\\/www.linkedin.com\\\/company\\\/schweizerischer-verband-fr-weiterbildung-sveb\\\/\"]}]}<\/script>\n<!-- \/ Yoast SEO plugin. -->","yoast_head_json":{"title":"Utilisation de l\u2019IA: o\u00f9 en sont les organisations de formation continue suisses?\u00a0\u00a0 - FSEA","description":"Echange au sujet de l'enqu\u00eate FSEA aupr\u00e8s des prestataires de formation, focus sur l'IA.","robots":{"index":"index","follow":"follow","max-snippet":"max-snippet:-1","max-image-preview":"max-image-preview:large","max-video-preview":"max-video-preview:-1"},"canonical":"https:\/\/alice.ch\/fr\/event\/utilisation-de-lia-ou-en-sont-les-organisations-de-formation-continue-suisses\/","og_locale":"fr_FR","og_type":"article","og_title":"Utilisation de l\u2019IA: o\u00f9 en sont les organisations de formation continue suisses?\u00a0\u00a0 - FSEA","og_description":"Echange au sujet de l'enqu\u00eate FSEA aupr\u00e8s des prestataires de formation, focus sur l'IA.","og_url":"https:\/\/alice.ch\/fr\/event\/utilisation-de-lia-ou-en-sont-les-organisations-de-formation-continue-suisses\/","og_site_name":"SVEB","article_modified_time":"2025-03-14T12:27:25+00:00","og_image":[{"width":1542,"height":771,"url":"https:\/\/alice.ch\/app\/uploads\/2025\/01\/focus-online-ia-ou-en-sont-les-organisations-de-formation-continue-fr-1.jpg","type":"image\/jpeg"}],"twitter_card":"summary_large_image","twitter_misc":{"Dur\u00e9e de lecture estim\u00e9e":"1 minute"},"schema":{"@context":"https:\/\/schema.org","@graph":[{"@type":"WebPage","@id":"https:\/\/alice.ch\/fr\/event\/utilisation-de-lia-ou-en-sont-les-organisations-de-formation-continue-suisses\/","url":"https:\/\/alice.ch\/fr\/event\/utilisation-de-lia-ou-en-sont-les-organisations-de-formation-continue-suisses\/","name":"Utilisation de l\u2019IA: o\u00f9 en sont les organisations de formation continue suisses?\u00a0\u00a0 - FSEA","isPartOf":{"@id":"https:\/\/alice.ch\/fr\/#website"},"primaryImageOfPage":{"@id":"https:\/\/alice.ch\/fr\/event\/utilisation-de-lia-ou-en-sont-les-organisations-de-formation-continue-suisses\/#primaryimage"},"image":{"@id":"https:\/\/alice.ch\/fr\/event\/utilisation-de-lia-ou-en-sont-les-organisations-de-formation-continue-suisses\/#primaryimage"},"thumbnailUrl":"https:\/\/alice.ch\/app\/uploads\/2025\/01\/focus-online-ia-ou-en-sont-les-organisations-de-formation-continue-fr-1.jpg","datePublished":"2025-01-14T13:47:55+00:00","dateModified":"2025-03-14T12:27:25+00:00","description":"Echange au sujet de l'enqu\u00eate FSEA aupr\u00e8s des prestataires de formation, focus sur l'IA.","breadcrumb":{"@id":"https:\/\/alice.ch\/fr\/event\/utilisation-de-lia-ou-en-sont-les-organisations-de-formation-continue-suisses\/#breadcrumb"},"inLanguage":"fr-FR","potentialAction":[{"@type":"ReadAction","target":["https:\/\/alice.ch\/fr\/event\/utilisation-de-lia-ou-en-sont-les-organisations-de-formation-continue-suisses\/"]}]},{"@type":"ImageObject","inLanguage":"fr-FR","@id":"https:\/\/alice.ch\/fr\/event\/utilisation-de-lia-ou-en-sont-les-organisations-de-formation-continue-suisses\/#primaryimage","url":"https:\/\/alice.ch\/app\/uploads\/2025\/01\/focus-online-ia-ou-en-sont-les-organisations-de-formation-continue-fr-1.jpg","contentUrl":"https:\/\/alice.ch\/app\/uploads\/2025\/01\/focus-online-ia-ou-en-sont-les-organisations-de-formation-continue-fr-1.jpg","width":1542,"height":771},{"@type":"BreadcrumbList","@id":"https:\/\/alice.ch\/fr\/event\/utilisation-de-lia-ou-en-sont-les-organisations-de-formation-continue-suisses\/#breadcrumb","itemListElement":[{"@type":"ListItem","position":1,"name":"Page d'accueil","item":"https:\/\/alice.ch\/fr\/"},{"@type":"ListItem","position":2,"name":"Events","item":"https:\/\/alice.ch\/fr\/event\/"},{"@type":"ListItem","position":3,"name":"Utilisation de l\u2019IA: o\u00f9 en sont les organisations de formation continue suisses?\u00a0\u00a0"}]},{"@type":"WebSite","@id":"https:\/\/alice.ch\/fr\/#website","url":"https:\/\/alice.ch\/fr\/","name":"alice.ch (Adult Learning Information Center) ist das Portal der Weiterbildung in der Schweiz.","description":"Schweizerischer Verband f\u00fcr Weiterbildung","publisher":{"@id":"https:\/\/alice.ch\/fr\/#organization"},"potentialAction":[{"@type":"SearchAction","target":{"@type":"EntryPoint","urlTemplate":"https:\/\/alice.ch\/fr\/?s={search_term_string}"},"query-input":{"@type":"PropertyValueSpecification","valueRequired":true,"valueName":"search_term_string"}}],"inLanguage":"fr-FR"},{"@type":"Organization","@id":"https:\/\/alice.ch\/fr\/#organization","name":"FSEA F\u00e9d\u00e9ration suisse pour la formation continue","url":"https:\/\/alice.ch\/fr\/","logo":{"@type":"ImageObject","inLanguage":"fr-FR","@id":"https:\/\/alice.ch\/fr\/#\/schema\/logo\/image\/","url":"https:\/\/alice.ch\/app\/uploads\/2022\/07\/logo-sveb.png","contentUrl":"https:\/\/alice.ch\/app\/uploads\/2022\/07\/logo-sveb.png","width":145,"height":64,"caption":"FSEA F\u00e9d\u00e9ration suisse pour la formation continue"},"image":{"@id":"https:\/\/alice.ch\/fr\/#\/schema\/logo\/image\/"},"sameAs":["https:\/\/www.linkedin.com\/company\/schweizerischer-verband-fr-weiterbildung-sveb\/"]}]}},"_links":{"self":[{"href":"https:\/\/alice.ch\/fr\/wp-json\/wp\/v2\/event\/65431","targetHints":{"allow":["GET"]}}],"collection":[{"href":"https:\/\/alice.ch\/fr\/wp-json\/wp\/v2\/event"}],"about":[{"href":"https:\/\/alice.ch\/fr\/wp-json\/wp\/v2\/types\/event"}],"author":[{"embeddable":true,"href":"https:\/\/alice.ch\/fr\/wp-json\/wp\/v2\/users\/31"}],"version-history":[{"count":9,"href":"https:\/\/alice.ch\/fr\/wp-json\/wp\/v2\/event\/65431\/revisions"}],"predecessor-version":[{"id":66776,"href":"https:\/\/alice.ch\/fr\/wp-json\/wp\/v2\/event\/65431\/revisions\/66776"}],"wp:featuredmedia":[{"embeddable":true,"href":"https:\/\/alice.ch\/fr\/wp-json\/wp\/v2\/media\/65457"}],"wp:attachment":[{"href":"https:\/\/alice.ch\/fr\/wp-json\/wp\/v2\/media?parent=65431"}],"wp:term":[{"taxonomy":"event-category","embeddable":true,"href":"https:\/\/alice.ch\/fr\/wp-json\/wp\/v2\/event-category?post=65431"},{"taxonomy":"event-tag","embeddable":true,"href":"https:\/\/alice.ch\/fr\/wp-json\/wp\/v2\/event-tag?post=65431"},{"taxonomy":"event-status","embeddable":true,"href":"https:\/\/alice.ch\/fr\/wp-json\/wp\/v2\/event-status?post=65431"},{"taxonomy":"event-language","embeddable":true,"href":"https:\/\/alice.ch\/fr\/wp-json\/wp\/v2\/event-language?post=65431"},{"taxonomy":"global-category","embeddable":true,"href":"https:\/\/alice.ch\/fr\/wp-json\/wp\/v2\/global-category?post=65431"}],"curies":[{"name":"wp","href":"https:\/\/api.w.org\/{rel}","templated":true}]}}