{"id":68846,"date":"2025-06-10T17:13:09","date_gmt":"2025-06-10T15:13:09","guid":{"rendered":"https:\/\/alice.ch\/?post_type=event&#038;p=68846"},"modified":"2025-10-06T11:34:08","modified_gmt":"2025-10-06T09:34:08","slug":"conference-dautomne-sur-la-formation-professionnelle-2025","status":"publish","type":"event","link":"https:\/\/alice.ch\/fr\/event\/conference-dautomne-sur-la-formation-professionnelle-2025\/","title":{"rendered":"Conf\u00e9rence d\u2019automne sur la formation professionnelle 2025"},"content":{"rendered":"\n<p><strong>Le SEFRI invite chaque ann\u00e9e les acteurs de la formation professionnelle en Suisse \u00e0 une conf\u00e9rence d\u2019automne. Les participants re\u00e7oivent des informations sur le th\u00e8me retenu pour la conf\u00e9rence dans le cadre d\u2019expos\u00e9s, de br\u00e8ves pr\u00e9sentations ou de tables rondes.<\/strong><\/p>\n\n\n\n<p>La conf\u00e9rence d\u2019automne offre \u00e0 ses participants une occasion unique de nouer et d\u2019entretenir des contacts. Le public de la conf\u00e9rence refl\u00e8te le large spectre d\u2019acteurs impliqu\u00e9s dans la formation professionnelle: repr\u00e9sentants de la Conf\u00e9d\u00e9ration, des cantons (notamment offices de la formation professionnelle, \u00e9coles professionnelles, services d\u2019orientation professionnelle, universitaire et de carri\u00e8re) et des organisations du monde du travail (associations professionnelles, associations de branches, syndicats).<\/p>\n\n\n\n<div class=\"wp-block-buttons is-layout-flex wp-block-buttons-is-layout-flex\">\n<div class=\"wp-block-button is-style-minimal\"><a class=\"wp-block-button__link wp-element-button\" href=\"https:\/\/app.oniva.events\/fr\/event\/sbfi-herbsttagung-der-berufsbildung-2025\" target=\"_blank\" rel=\"noreferrer noopener\">Plus d&rsquo;informations et possibilit\u00e9 de s&rsquo;inscrire<\/a><\/div>\n<\/div>\n\n\n\n<p><\/p>\n","protected":false},"excerpt":{"rendered":"<p>Le SEFRI invite chaque ann\u00e9e les acteurs de la formation professionnelle en Suisse \u00e0 une conf\u00e9rence d\u2019automne. Les participants re\u00e7oivent [&hellip;]<\/p>\n","protected":false},"author":31,"featured_media":68840,"template":"","meta":{"_acf_changed":false,"inline_featured_image":false,"footnotes":""},"event-category":[165],"event-tag":[372,442,365],"event-status":[201,200,205],"event-language":[206,202,207],"global-category":[],"class_list":["post-68846","event","type-event","status-publish","has-post-thumbnail","hentry","event-category-evenement-externe","event-tag-2025-2","event-tag-2025-fr","event-tag-365","event-status-aktuell","event-status-archiv","event-status-archive","event-language-allemand","event-language-deutsch","event-language-francais"],"acf":[],"yoast_head":"<!-- This site is optimized with the Yoast SEO plugin v27.3 - https:\/\/yoast.com\/product\/yoast-seo-wordpress\/ -->\n<title>Conf\u00e9rence d\u2019automne sur la formation professionnelle 2025 - FSEA<\/title>\n<meta name=\"robots\" content=\"index, follow, max-snippet:-1, max-image-preview:large, max-video-preview:-1\" \/>\n<link rel=\"canonical\" href=\"https:\/\/alice.ch\/fr\/event\/conference-dautomne-sur-la-formation-professionnelle-2025\/\" \/>\n<meta property=\"og:locale\" content=\"fr_FR\" \/>\n<meta property=\"og:type\" content=\"article\" \/>\n<meta property=\"og:title\" content=\"Conf\u00e9rence d\u2019automne sur la formation professionnelle 2025 - FSEA\" \/>\n<meta property=\"og:description\" content=\"Le SEFRI invite chaque ann\u00e9e les acteurs de la formation professionnelle en Suisse \u00e0 une conf\u00e9rence d\u2019automne. Les participants re\u00e7oivent [&hellip;]\" \/>\n<meta property=\"og:url\" content=\"https:\/\/alice.ch\/fr\/event\/conference-dautomne-sur-la-formation-professionnelle-2025\/\" \/>\n<meta property=\"og:site_name\" content=\"SVEB\" \/>\n<meta property=\"article:modified_time\" content=\"2025-10-06T09:34:08+00:00\" \/>\n<meta property=\"og:image\" content=\"https:\/\/alice.ch\/app\/uploads\/2025\/06\/181125-herbsttagung-sbfi.jpg\" \/>\n\t<meta property=\"og:image:width\" content=\"1110\" \/>\n\t<meta property=\"og:image:height\" content=\"370\" \/>\n\t<meta property=\"og:image:type\" content=\"image\/jpeg\" \/>\n<meta name=\"twitter:card\" content=\"summary_large_image\" \/>\n<meta name=\"twitter:label1\" content=\"Dur\u00e9e de lecture estim\u00e9e\" \/>\n\t<meta name=\"twitter:data1\" content=\"1 minute\" \/>\n<script type=\"application\/ld+json\" class=\"yoast-schema-graph\">{\"@context\":\"https:\\\/\\\/schema.org\",\"@graph\":[{\"@type\":\"WebPage\",\"@id\":\"https:\\\/\\\/alice.ch\\\/fr\\\/event\\\/conference-dautomne-sur-la-formation-professionnelle-2025\\\/\",\"url\":\"https:\\\/\\\/alice.ch\\\/fr\\\/event\\\/conference-dautomne-sur-la-formation-professionnelle-2025\\\/\",\"name\":\"Conf\u00e9rence d\u2019automne sur la formation professionnelle 2025 - FSEA\",\"isPartOf\":{\"@id\":\"https:\\\/\\\/alice.ch\\\/fr\\\/#website\"},\"primaryImageOfPage\":{\"@id\":\"https:\\\/\\\/alice.ch\\\/fr\\\/event\\\/conference-dautomne-sur-la-formation-professionnelle-2025\\\/#primaryimage\"},\"image\":{\"@id\":\"https:\\\/\\\/alice.ch\\\/fr\\\/event\\\/conference-dautomne-sur-la-formation-professionnelle-2025\\\/#primaryimage\"},\"thumbnailUrl\":\"https:\\\/\\\/alice.ch\\\/app\\\/uploads\\\/2025\\\/06\\\/181125-herbsttagung-sbfi.jpg\",\"datePublished\":\"2025-06-10T15:13:09+00:00\",\"dateModified\":\"2025-10-06T09:34:08+00:00\",\"breadcrumb\":{\"@id\":\"https:\\\/\\\/alice.ch\\\/fr\\\/event\\\/conference-dautomne-sur-la-formation-professionnelle-2025\\\/#breadcrumb\"},\"inLanguage\":\"fr-FR\",\"potentialAction\":[{\"@type\":\"ReadAction\",\"target\":[\"https:\\\/\\\/alice.ch\\\/fr\\\/event\\\/conference-dautomne-sur-la-formation-professionnelle-2025\\\/\"]}]},{\"@type\":\"ImageObject\",\"inLanguage\":\"fr-FR\",\"@id\":\"https:\\\/\\\/alice.ch\\\/fr\\\/event\\\/conference-dautomne-sur-la-formation-professionnelle-2025\\\/#primaryimage\",\"url\":\"https:\\\/\\\/alice.ch\\\/app\\\/uploads\\\/2025\\\/06\\\/181125-herbsttagung-sbfi.jpg\",\"contentUrl\":\"https:\\\/\\\/alice.ch\\\/app\\\/uploads\\\/2025\\\/06\\\/181125-herbsttagung-sbfi.jpg\",\"width\":1110,\"height\":370},{\"@type\":\"BreadcrumbList\",\"@id\":\"https:\\\/\\\/alice.ch\\\/fr\\\/event\\\/conference-dautomne-sur-la-formation-professionnelle-2025\\\/#breadcrumb\",\"itemListElement\":[{\"@type\":\"ListItem\",\"position\":1,\"name\":\"Page d'accueil\",\"item\":\"https:\\\/\\\/alice.ch\\\/fr\\\/\"},{\"@type\":\"ListItem\",\"position\":2,\"name\":\"Events\",\"item\":\"https:\\\/\\\/alice.ch\\\/fr\\\/event\\\/\"},{\"@type\":\"ListItem\",\"position\":3,\"name\":\"Conf\u00e9rence d\u2019automne sur la formation professionnelle 2025\"}]},{\"@type\":\"WebSite\",\"@id\":\"https:\\\/\\\/alice.ch\\\/fr\\\/#website\",\"url\":\"https:\\\/\\\/alice.ch\\\/fr\\\/\",\"name\":\"alice.ch (Adult Learning Information Center) ist das Portal der Weiterbildung in der Schweiz.\",\"description\":\"Schweizerischer Verband f\u00fcr Weiterbildung\",\"publisher\":{\"@id\":\"https:\\\/\\\/alice.ch\\\/fr\\\/#organization\"},\"potentialAction\":[{\"@type\":\"SearchAction\",\"target\":{\"@type\":\"EntryPoint\",\"urlTemplate\":\"https:\\\/\\\/alice.ch\\\/fr\\\/?s={search_term_string}\"},\"query-input\":{\"@type\":\"PropertyValueSpecification\",\"valueRequired\":true,\"valueName\":\"search_term_string\"}}],\"inLanguage\":\"fr-FR\"},{\"@type\":\"Organization\",\"@id\":\"https:\\\/\\\/alice.ch\\\/fr\\\/#organization\",\"name\":\"FSEA F\u00e9d\u00e9ration suisse pour la formation continue\",\"url\":\"https:\\\/\\\/alice.ch\\\/fr\\\/\",\"logo\":{\"@type\":\"ImageObject\",\"inLanguage\":\"fr-FR\",\"@id\":\"https:\\\/\\\/alice.ch\\\/fr\\\/#\\\/schema\\\/logo\\\/image\\\/\",\"url\":\"https:\\\/\\\/alice.ch\\\/app\\\/uploads\\\/2022\\\/07\\\/logo-sveb.png\",\"contentUrl\":\"https:\\\/\\\/alice.ch\\\/app\\\/uploads\\\/2022\\\/07\\\/logo-sveb.png\",\"width\":145,\"height\":64,\"caption\":\"FSEA F\u00e9d\u00e9ration suisse pour la formation continue\"},\"image\":{\"@id\":\"https:\\\/\\\/alice.ch\\\/fr\\\/#\\\/schema\\\/logo\\\/image\\\/\"},\"sameAs\":[\"https:\\\/\\\/www.linkedin.com\\\/company\\\/schweizerischer-verband-fr-weiterbildung-sveb\\\/\"]}]}<\/script>\n<!-- \/ Yoast SEO plugin. -->","yoast_head_json":{"title":"Conf\u00e9rence d\u2019automne sur la formation professionnelle 2025 - FSEA","robots":{"index":"index","follow":"follow","max-snippet":"max-snippet:-1","max-image-preview":"max-image-preview:large","max-video-preview":"max-video-preview:-1"},"canonical":"https:\/\/alice.ch\/fr\/event\/conference-dautomne-sur-la-formation-professionnelle-2025\/","og_locale":"fr_FR","og_type":"article","og_title":"Conf\u00e9rence d\u2019automne sur la formation professionnelle 2025 - FSEA","og_description":"Le SEFRI invite chaque ann\u00e9e les acteurs de la formation professionnelle en Suisse \u00e0 une conf\u00e9rence d\u2019automne. Les participants re\u00e7oivent [&hellip;]","og_url":"https:\/\/alice.ch\/fr\/event\/conference-dautomne-sur-la-formation-professionnelle-2025\/","og_site_name":"SVEB","article_modified_time":"2025-10-06T09:34:08+00:00","og_image":[{"width":1110,"height":370,"url":"https:\/\/alice.ch\/app\/uploads\/2025\/06\/181125-herbsttagung-sbfi.jpg","type":"image\/jpeg"}],"twitter_card":"summary_large_image","twitter_misc":{"Dur\u00e9e de lecture estim\u00e9e":"1 minute"},"schema":{"@context":"https:\/\/schema.org","@graph":[{"@type":"WebPage","@id":"https:\/\/alice.ch\/fr\/event\/conference-dautomne-sur-la-formation-professionnelle-2025\/","url":"https:\/\/alice.ch\/fr\/event\/conference-dautomne-sur-la-formation-professionnelle-2025\/","name":"Conf\u00e9rence d\u2019automne sur la formation professionnelle 2025 - FSEA","isPartOf":{"@id":"https:\/\/alice.ch\/fr\/#website"},"primaryImageOfPage":{"@id":"https:\/\/alice.ch\/fr\/event\/conference-dautomne-sur-la-formation-professionnelle-2025\/#primaryimage"},"image":{"@id":"https:\/\/alice.ch\/fr\/event\/conference-dautomne-sur-la-formation-professionnelle-2025\/#primaryimage"},"thumbnailUrl":"https:\/\/alice.ch\/app\/uploads\/2025\/06\/181125-herbsttagung-sbfi.jpg","datePublished":"2025-06-10T15:13:09+00:00","dateModified":"2025-10-06T09:34:08+00:00","breadcrumb":{"@id":"https:\/\/alice.ch\/fr\/event\/conference-dautomne-sur-la-formation-professionnelle-2025\/#breadcrumb"},"inLanguage":"fr-FR","potentialAction":[{"@type":"ReadAction","target":["https:\/\/alice.ch\/fr\/event\/conference-dautomne-sur-la-formation-professionnelle-2025\/"]}]},{"@type":"ImageObject","inLanguage":"fr-FR","@id":"https:\/\/alice.ch\/fr\/event\/conference-dautomne-sur-la-formation-professionnelle-2025\/#primaryimage","url":"https:\/\/alice.ch\/app\/uploads\/2025\/06\/181125-herbsttagung-sbfi.jpg","contentUrl":"https:\/\/alice.ch\/app\/uploads\/2025\/06\/181125-herbsttagung-sbfi.jpg","width":1110,"height":370},{"@type":"BreadcrumbList","@id":"https:\/\/alice.ch\/fr\/event\/conference-dautomne-sur-la-formation-professionnelle-2025\/#breadcrumb","itemListElement":[{"@type":"ListItem","position":1,"name":"Page d'accueil","item":"https:\/\/alice.ch\/fr\/"},{"@type":"ListItem","position":2,"name":"Events","item":"https:\/\/alice.ch\/fr\/event\/"},{"@type":"ListItem","position":3,"name":"Conf\u00e9rence d\u2019automne sur la formation professionnelle 2025"}]},{"@type":"WebSite","@id":"https:\/\/alice.ch\/fr\/#website","url":"https:\/\/alice.ch\/fr\/","name":"alice.ch (Adult Learning Information Center) ist das Portal der Weiterbildung in der Schweiz.","description":"Schweizerischer Verband f\u00fcr Weiterbildung","publisher":{"@id":"https:\/\/alice.ch\/fr\/#organization"},"potentialAction":[{"@type":"SearchAction","target":{"@type":"EntryPoint","urlTemplate":"https:\/\/alice.ch\/fr\/?s={search_term_string}"},"query-input":{"@type":"PropertyValueSpecification","valueRequired":true,"valueName":"search_term_string"}}],"inLanguage":"fr-FR"},{"@type":"Organization","@id":"https:\/\/alice.ch\/fr\/#organization","name":"FSEA F\u00e9d\u00e9ration suisse pour la formation continue","url":"https:\/\/alice.ch\/fr\/","logo":{"@type":"ImageObject","inLanguage":"fr-FR","@id":"https:\/\/alice.ch\/fr\/#\/schema\/logo\/image\/","url":"https:\/\/alice.ch\/app\/uploads\/2022\/07\/logo-sveb.png","contentUrl":"https:\/\/alice.ch\/app\/uploads\/2022\/07\/logo-sveb.png","width":145,"height":64,"caption":"FSEA F\u00e9d\u00e9ration suisse pour la formation continue"},"image":{"@id":"https:\/\/alice.ch\/fr\/#\/schema\/logo\/image\/"},"sameAs":["https:\/\/www.linkedin.com\/company\/schweizerischer-verband-fr-weiterbildung-sveb\/"]}]}},"_links":{"self":[{"href":"https:\/\/alice.ch\/fr\/wp-json\/wp\/v2\/event\/68846","targetHints":{"allow":["GET"]}}],"collection":[{"href":"https:\/\/alice.ch\/fr\/wp-json\/wp\/v2\/event"}],"about":[{"href":"https:\/\/alice.ch\/fr\/wp-json\/wp\/v2\/types\/event"}],"author":[{"embeddable":true,"href":"https:\/\/alice.ch\/fr\/wp-json\/wp\/v2\/users\/31"}],"version-history":[{"count":2,"href":"https:\/\/alice.ch\/fr\/wp-json\/wp\/v2\/event\/68846\/revisions"}],"predecessor-version":[{"id":71097,"href":"https:\/\/alice.ch\/fr\/wp-json\/wp\/v2\/event\/68846\/revisions\/71097"}],"wp:featuredmedia":[{"embeddable":true,"href":"https:\/\/alice.ch\/fr\/wp-json\/wp\/v2\/media\/68840"}],"wp:attachment":[{"href":"https:\/\/alice.ch\/fr\/wp-json\/wp\/v2\/media?parent=68846"}],"wp:term":[{"taxonomy":"event-category","embeddable":true,"href":"https:\/\/alice.ch\/fr\/wp-json\/wp\/v2\/event-category?post=68846"},{"taxonomy":"event-tag","embeddable":true,"href":"https:\/\/alice.ch\/fr\/wp-json\/wp\/v2\/event-tag?post=68846"},{"taxonomy":"event-status","embeddable":true,"href":"https:\/\/alice.ch\/fr\/wp-json\/wp\/v2\/event-status?post=68846"},{"taxonomy":"event-language","embeddable":true,"href":"https:\/\/alice.ch\/fr\/wp-json\/wp\/v2\/event-language?post=68846"},{"taxonomy":"global-category","embeddable":true,"href":"https:\/\/alice.ch\/fr\/wp-json\/wp\/v2\/global-category?post=68846"}],"curies":[{"name":"wp","href":"https:\/\/api.w.org\/{rel}","templated":true}]}}