{"id":69271,"date":"2025-06-25T14:30:39","date_gmt":"2025-06-25T12:30:39","guid":{"rendered":"https:\/\/alice.ch\/?post_type=event&#038;p=69271"},"modified":"2025-08-26T14:45:35","modified_gmt":"2025-08-26T12:45:35","slug":"webinaire-rqfa-developper-des-competences-vraiment","status":"publish","type":"event","link":"https:\/\/alice.ch\/fr\/event\/webinaire-rqfa-developper-des-competences-vraiment\/","title":{"rendered":"Webinaire RQFA \u2013 D\u00e9velopper des comp\u00e9tences\u2026 vraiment?\u00a0"},"content":{"rendered":"\n<p class=\"is-style-lead\">Ce webinaire propose un arr\u00eat sur image, un temps de recul face \u00e0 nos \u00e9vidences et routines pour s\u2019interroger sur ce que signifie une approche par comp\u00e9tences et ses impacts p\u00e9dagogiques. En fait, si l\u2019on veut former autrement, il va falloir penser autrement\u202f: telle est l\u2019invitation de ce webinaire propos\u00e9e par le RQFA et les deux intervenants Patrick Favre et Sandra Bissig.&nbsp;<\/p>\n\n\n\n<p><\/p>\n\n\n\n<p>\u00ab\u202fLa formation doit d\u00e9velopper des comp\u00e9tences\u202f!\u202f\u00bb&nbsp;<br><br>C\u2019est presque devenu un mantra, un slogan. Les formatrices et formateurs, les responsables de formation, les directions de centres de formation le connaissent bien, ce fameux discours sur les comp\u00e9tences. Voil\u00e0 de nombreuses ann\u00e9es que les recherches et autres manuels d\u2019andragogie le mettent en valeur, que les organisations le brandissent comme une intention partag\u00e9e et strat\u00e9gique. Avec une certitude\u202f: \u00ab\u202fNous d\u00e9veloppons assur\u00e9ment des comp\u00e9tences\u202f\u00bb.&nbsp;<\/p>\n\n\n\n<p>Et pourtant\u202f: entre nos d\u00e9clar\u00e9s et nos actions, sommes-nous vraiment bien align\u00e9s\u202f? Nos pratiques p\u00e9dagogiques ont-elles r\u00e9ellement pris le tournant du d\u00e9veloppement des comp\u00e9tences ou reposent-elles encore sur des mod\u00e8les classiques\u202f?&nbsp;<\/p>\n\n\n\n<p>En premi\u00e8re partie, les deux intervenants Patrick Favre et Sandra Bissig, initieront un \u00e9change d\u2019exp\u00e9riences et exploreront \u00e0 travers des exemples de r\u00e9alisations comment le choix des comp\u00e9tences structure la conception des formations et oriente l\u2019accompagnement des formatrices et formateurs. Quelques bonnes pratiques et conseils viendront enrichir la r\u00e9flexion.&nbsp;<\/p>\n\n\n\n<p>En deuxi\u00e8me partie du webinaire, une discussion ouverte invitera les personnes participantes \u00e0 \u00e9changer en reliant les apports des intervenants avec leur propre exp\u00e9rience professionnelle. Le comit\u00e9 RQFA souhaite ainsi que les personnes participantes puissent repartir avec des pistes de r\u00e9flexion et des cl\u00e9s de lecture possible.&nbsp;<\/p>\n\n\n\n<p><strong><a href=\"https:\/\/alice.ch\/fr\/qualite\/qualite-dans-la-formation-continue\/reseau-romand-pour-la-qualite-en-formation-des-adultes-rqfa-fsea\/\" target=\"_blank\" rel=\"noreferrer noopener\">Lien page RQFA<\/a> sur le site web de la FSEA<\/strong>.<\/p>\n\n\n\n<p><strong>Lien vers l\u2019inscription:&nbsp;<a href=\"mailto:alexandre.lecoultre@alice.ch\">alexandre.lecoultre@alice.ch<\/a><\/strong><\/p>\n","protected":false},"excerpt":{"rendered":"<p>Ce webinaire propose un arr\u00eat sur image, un temps de recul face \u00e0 nos \u00e9vidences et routines pour s\u2019interroger sur [&hellip;]<\/p>\n","protected":false},"author":5,"featured_media":69255,"template":"","meta":{"_acf_changed":false,"inline_featured_image":false,"footnotes":""},"event-category":[103],"event-tag":[372],"event-status":[205],"event-language":[207],"global-category":[113,452],"class_list":["post-69271","event","type-event","status-publish","has-post-thumbnail","hentry","event-category-evenements-fsea-kooperation","event-tag-2025-2","event-status-archive","event-language-francais","global-category-qualitaet-fr","global-category-rqfa-fr"],"acf":[],"yoast_head":"<!-- This site is optimized with the Yoast SEO plugin v27.3 - https:\/\/yoast.com\/product\/yoast-seo-wordpress\/ -->\n<title>Webinaire RQFA \u2013 D\u00e9velopper des comp\u00e9tences\u2026 vraiment?\u00a0 - FSEA<\/title>\n<meta name=\"robots\" content=\"index, follow, max-snippet:-1, max-image-preview:large, max-video-preview:-1\" \/>\n<link rel=\"canonical\" href=\"https:\/\/alice.ch\/fr\/event\/webinaire-rqfa-developper-des-competences-vraiment\/\" \/>\n<meta property=\"og:locale\" content=\"fr_FR\" \/>\n<meta property=\"og:type\" content=\"article\" \/>\n<meta property=\"og:title\" content=\"Webinaire RQFA \u2013 D\u00e9velopper des comp\u00e9tences\u2026 vraiment?\u00a0 - FSEA\" \/>\n<meta property=\"og:description\" content=\"Ce webinaire propose un arr\u00eat sur image, un temps de recul face \u00e0 nos \u00e9vidences et routines pour s\u2019interroger sur [&hellip;]\" \/>\n<meta property=\"og:url\" content=\"https:\/\/alice.ch\/fr\/event\/webinaire-rqfa-developper-des-competences-vraiment\/\" \/>\n<meta property=\"og:site_name\" content=\"SVEB\" \/>\n<meta property=\"article:modified_time\" content=\"2025-08-26T12:45:35+00:00\" \/>\n<meta property=\"og:image\" content=\"https:\/\/alice.ch\/app\/uploads\/2025\/06\/30925-rqfa.jpg\" \/>\n\t<meta property=\"og:image:width\" content=\"1542\" \/>\n\t<meta property=\"og:image:height\" content=\"771\" \/>\n\t<meta property=\"og:image:type\" content=\"image\/jpeg\" \/>\n<meta name=\"twitter:card\" content=\"summary_large_image\" \/>\n<meta name=\"twitter:label1\" content=\"Dur\u00e9e de lecture estim\u00e9e\" \/>\n\t<meta name=\"twitter:data1\" content=\"2 minutes\" \/>\n<script type=\"application\/ld+json\" class=\"yoast-schema-graph\">{\"@context\":\"https:\\\/\\\/schema.org\",\"@graph\":[{\"@type\":\"WebPage\",\"@id\":\"https:\\\/\\\/alice.ch\\\/fr\\\/event\\\/webinaire-rqfa-developper-des-competences-vraiment\\\/\",\"url\":\"https:\\\/\\\/alice.ch\\\/fr\\\/event\\\/webinaire-rqfa-developper-des-competences-vraiment\\\/\",\"name\":\"Webinaire RQFA \u2013 D\u00e9velopper des comp\u00e9tences\u2026 vraiment?\u00a0 - FSEA\",\"isPartOf\":{\"@id\":\"https:\\\/\\\/alice.ch\\\/fr\\\/#website\"},\"primaryImageOfPage\":{\"@id\":\"https:\\\/\\\/alice.ch\\\/fr\\\/event\\\/webinaire-rqfa-developper-des-competences-vraiment\\\/#primaryimage\"},\"image\":{\"@id\":\"https:\\\/\\\/alice.ch\\\/fr\\\/event\\\/webinaire-rqfa-developper-des-competences-vraiment\\\/#primaryimage\"},\"thumbnailUrl\":\"https:\\\/\\\/alice.ch\\\/app\\\/uploads\\\/2025\\\/06\\\/30925-rqfa.jpg\",\"datePublished\":\"2025-06-25T12:30:39+00:00\",\"dateModified\":\"2025-08-26T12:45:35+00:00\",\"breadcrumb\":{\"@id\":\"https:\\\/\\\/alice.ch\\\/fr\\\/event\\\/webinaire-rqfa-developper-des-competences-vraiment\\\/#breadcrumb\"},\"inLanguage\":\"fr-FR\",\"potentialAction\":[{\"@type\":\"ReadAction\",\"target\":[\"https:\\\/\\\/alice.ch\\\/fr\\\/event\\\/webinaire-rqfa-developper-des-competences-vraiment\\\/\"]}]},{\"@type\":\"ImageObject\",\"inLanguage\":\"fr-FR\",\"@id\":\"https:\\\/\\\/alice.ch\\\/fr\\\/event\\\/webinaire-rqfa-developper-des-competences-vraiment\\\/#primaryimage\",\"url\":\"https:\\\/\\\/alice.ch\\\/app\\\/uploads\\\/2025\\\/06\\\/30925-rqfa.jpg\",\"contentUrl\":\"https:\\\/\\\/alice.ch\\\/app\\\/uploads\\\/2025\\\/06\\\/30925-rqfa.jpg\",\"width\":1542,\"height\":771},{\"@type\":\"BreadcrumbList\",\"@id\":\"https:\\\/\\\/alice.ch\\\/fr\\\/event\\\/webinaire-rqfa-developper-des-competences-vraiment\\\/#breadcrumb\",\"itemListElement\":[{\"@type\":\"ListItem\",\"position\":1,\"name\":\"Page d'accueil\",\"item\":\"https:\\\/\\\/alice.ch\\\/fr\\\/\"},{\"@type\":\"ListItem\",\"position\":2,\"name\":\"Events\",\"item\":\"https:\\\/\\\/alice.ch\\\/fr\\\/event\\\/\"},{\"@type\":\"ListItem\",\"position\":3,\"name\":\"Webinaire RQFA \u2013 D\u00e9velopper des comp\u00e9tences\u2026 vraiment?\u00a0\"}]},{\"@type\":\"WebSite\",\"@id\":\"https:\\\/\\\/alice.ch\\\/fr\\\/#website\",\"url\":\"https:\\\/\\\/alice.ch\\\/fr\\\/\",\"name\":\"alice.ch (Adult Learning Information Center) ist das Portal der Weiterbildung in der Schweiz.\",\"description\":\"Schweizerischer Verband f\u00fcr Weiterbildung\",\"publisher\":{\"@id\":\"https:\\\/\\\/alice.ch\\\/fr\\\/#organization\"},\"potentialAction\":[{\"@type\":\"SearchAction\",\"target\":{\"@type\":\"EntryPoint\",\"urlTemplate\":\"https:\\\/\\\/alice.ch\\\/fr\\\/?s={search_term_string}\"},\"query-input\":{\"@type\":\"PropertyValueSpecification\",\"valueRequired\":true,\"valueName\":\"search_term_string\"}}],\"inLanguage\":\"fr-FR\"},{\"@type\":\"Organization\",\"@id\":\"https:\\\/\\\/alice.ch\\\/fr\\\/#organization\",\"name\":\"FSEA F\u00e9d\u00e9ration suisse pour la formation continue\",\"url\":\"https:\\\/\\\/alice.ch\\\/fr\\\/\",\"logo\":{\"@type\":\"ImageObject\",\"inLanguage\":\"fr-FR\",\"@id\":\"https:\\\/\\\/alice.ch\\\/fr\\\/#\\\/schema\\\/logo\\\/image\\\/\",\"url\":\"https:\\\/\\\/alice.ch\\\/app\\\/uploads\\\/2022\\\/07\\\/logo-sveb.png\",\"contentUrl\":\"https:\\\/\\\/alice.ch\\\/app\\\/uploads\\\/2022\\\/07\\\/logo-sveb.png\",\"width\":145,\"height\":64,\"caption\":\"FSEA F\u00e9d\u00e9ration suisse pour la formation continue\"},\"image\":{\"@id\":\"https:\\\/\\\/alice.ch\\\/fr\\\/#\\\/schema\\\/logo\\\/image\\\/\"},\"sameAs\":[\"https:\\\/\\\/www.linkedin.com\\\/company\\\/schweizerischer-verband-fr-weiterbildung-sveb\\\/\"]}]}<\/script>\n<!-- \/ Yoast SEO plugin. -->","yoast_head_json":{"title":"Webinaire RQFA \u2013 D\u00e9velopper des comp\u00e9tences\u2026 vraiment?\u00a0 - FSEA","robots":{"index":"index","follow":"follow","max-snippet":"max-snippet:-1","max-image-preview":"max-image-preview:large","max-video-preview":"max-video-preview:-1"},"canonical":"https:\/\/alice.ch\/fr\/event\/webinaire-rqfa-developper-des-competences-vraiment\/","og_locale":"fr_FR","og_type":"article","og_title":"Webinaire RQFA \u2013 D\u00e9velopper des comp\u00e9tences\u2026 vraiment?\u00a0 - FSEA","og_description":"Ce webinaire propose un arr\u00eat sur image, un temps de recul face \u00e0 nos \u00e9vidences et routines pour s\u2019interroger sur [&hellip;]","og_url":"https:\/\/alice.ch\/fr\/event\/webinaire-rqfa-developper-des-competences-vraiment\/","og_site_name":"SVEB","article_modified_time":"2025-08-26T12:45:35+00:00","og_image":[{"width":1542,"height":771,"url":"https:\/\/alice.ch\/app\/uploads\/2025\/06\/30925-rqfa.jpg","type":"image\/jpeg"}],"twitter_card":"summary_large_image","twitter_misc":{"Dur\u00e9e de lecture estim\u00e9e":"2 minutes"},"schema":{"@context":"https:\/\/schema.org","@graph":[{"@type":"WebPage","@id":"https:\/\/alice.ch\/fr\/event\/webinaire-rqfa-developper-des-competences-vraiment\/","url":"https:\/\/alice.ch\/fr\/event\/webinaire-rqfa-developper-des-competences-vraiment\/","name":"Webinaire RQFA \u2013 D\u00e9velopper des comp\u00e9tences\u2026 vraiment?\u00a0 - FSEA","isPartOf":{"@id":"https:\/\/alice.ch\/fr\/#website"},"primaryImageOfPage":{"@id":"https:\/\/alice.ch\/fr\/event\/webinaire-rqfa-developper-des-competences-vraiment\/#primaryimage"},"image":{"@id":"https:\/\/alice.ch\/fr\/event\/webinaire-rqfa-developper-des-competences-vraiment\/#primaryimage"},"thumbnailUrl":"https:\/\/alice.ch\/app\/uploads\/2025\/06\/30925-rqfa.jpg","datePublished":"2025-06-25T12:30:39+00:00","dateModified":"2025-08-26T12:45:35+00:00","breadcrumb":{"@id":"https:\/\/alice.ch\/fr\/event\/webinaire-rqfa-developper-des-competences-vraiment\/#breadcrumb"},"inLanguage":"fr-FR","potentialAction":[{"@type":"ReadAction","target":["https:\/\/alice.ch\/fr\/event\/webinaire-rqfa-developper-des-competences-vraiment\/"]}]},{"@type":"ImageObject","inLanguage":"fr-FR","@id":"https:\/\/alice.ch\/fr\/event\/webinaire-rqfa-developper-des-competences-vraiment\/#primaryimage","url":"https:\/\/alice.ch\/app\/uploads\/2025\/06\/30925-rqfa.jpg","contentUrl":"https:\/\/alice.ch\/app\/uploads\/2025\/06\/30925-rqfa.jpg","width":1542,"height":771},{"@type":"BreadcrumbList","@id":"https:\/\/alice.ch\/fr\/event\/webinaire-rqfa-developper-des-competences-vraiment\/#breadcrumb","itemListElement":[{"@type":"ListItem","position":1,"name":"Page d'accueil","item":"https:\/\/alice.ch\/fr\/"},{"@type":"ListItem","position":2,"name":"Events","item":"https:\/\/alice.ch\/fr\/event\/"},{"@type":"ListItem","position":3,"name":"Webinaire RQFA \u2013 D\u00e9velopper des comp\u00e9tences\u2026 vraiment?\u00a0"}]},{"@type":"WebSite","@id":"https:\/\/alice.ch\/fr\/#website","url":"https:\/\/alice.ch\/fr\/","name":"alice.ch (Adult Learning Information Center) ist das Portal der Weiterbildung in der Schweiz.","description":"Schweizerischer Verband f\u00fcr Weiterbildung","publisher":{"@id":"https:\/\/alice.ch\/fr\/#organization"},"potentialAction":[{"@type":"SearchAction","target":{"@type":"EntryPoint","urlTemplate":"https:\/\/alice.ch\/fr\/?s={search_term_string}"},"query-input":{"@type":"PropertyValueSpecification","valueRequired":true,"valueName":"search_term_string"}}],"inLanguage":"fr-FR"},{"@type":"Organization","@id":"https:\/\/alice.ch\/fr\/#organization","name":"FSEA F\u00e9d\u00e9ration suisse pour la formation continue","url":"https:\/\/alice.ch\/fr\/","logo":{"@type":"ImageObject","inLanguage":"fr-FR","@id":"https:\/\/alice.ch\/fr\/#\/schema\/logo\/image\/","url":"https:\/\/alice.ch\/app\/uploads\/2022\/07\/logo-sveb.png","contentUrl":"https:\/\/alice.ch\/app\/uploads\/2022\/07\/logo-sveb.png","width":145,"height":64,"caption":"FSEA F\u00e9d\u00e9ration suisse pour la formation continue"},"image":{"@id":"https:\/\/alice.ch\/fr\/#\/schema\/logo\/image\/"},"sameAs":["https:\/\/www.linkedin.com\/company\/schweizerischer-verband-fr-weiterbildung-sveb\/"]}]}},"_links":{"self":[{"href":"https:\/\/alice.ch\/fr\/wp-json\/wp\/v2\/event\/69271","targetHints":{"allow":["GET"]}}],"collection":[{"href":"https:\/\/alice.ch\/fr\/wp-json\/wp\/v2\/event"}],"about":[{"href":"https:\/\/alice.ch\/fr\/wp-json\/wp\/v2\/types\/event"}],"author":[{"embeddable":true,"href":"https:\/\/alice.ch\/fr\/wp-json\/wp\/v2\/users\/5"}],"version-history":[{"count":1,"href":"https:\/\/alice.ch\/fr\/wp-json\/wp\/v2\/event\/69271\/revisions"}],"predecessor-version":[{"id":69272,"href":"https:\/\/alice.ch\/fr\/wp-json\/wp\/v2\/event\/69271\/revisions\/69272"}],"wp:featuredmedia":[{"embeddable":true,"href":"https:\/\/alice.ch\/fr\/wp-json\/wp\/v2\/media\/69255"}],"wp:attachment":[{"href":"https:\/\/alice.ch\/fr\/wp-json\/wp\/v2\/media?parent=69271"}],"wp:term":[{"taxonomy":"event-category","embeddable":true,"href":"https:\/\/alice.ch\/fr\/wp-json\/wp\/v2\/event-category?post=69271"},{"taxonomy":"event-tag","embeddable":true,"href":"https:\/\/alice.ch\/fr\/wp-json\/wp\/v2\/event-tag?post=69271"},{"taxonomy":"event-status","embeddable":true,"href":"https:\/\/alice.ch\/fr\/wp-json\/wp\/v2\/event-status?post=69271"},{"taxonomy":"event-language","embeddable":true,"href":"https:\/\/alice.ch\/fr\/wp-json\/wp\/v2\/event-language?post=69271"},{"taxonomy":"global-category","embeddable":true,"href":"https:\/\/alice.ch\/fr\/wp-json\/wp\/v2\/global-category?post=69271"}],"curies":[{"name":"wp","href":"https:\/\/api.w.org\/{rel}","templated":true}]}}