{"id":73590,"date":"2026-02-14T23:37:46","date_gmt":"2026-02-14T22:37:46","guid":{"rendered":"https:\/\/alice.ch\/?post_type=event&#038;p=73590"},"modified":"2026-04-08T18:14:17","modified_gmt":"2026-04-08T16:14:17","slug":"assemblee-des-delegues-et-journee-politique-de-la-formation-continue-2026","status":"publish","type":"event","link":"https:\/\/alice.ch\/fr\/event\/assemblee-des-delegues-et-journee-politique-de-la-formation-continue-2026\/","title":{"rendered":"Assembl\u00e9e des d\u00e9l\u00e9gu\u00e9s 2026 et Journ\u00e9e politique de la formation continue"},"content":{"rendered":"\n<p>La Journ\u00e9e politique aura lieu \u00e0 la suite de l\u2019Assembl\u00e9e des d\u00e9l\u00e9gu\u00e9s (AD) de la FSEA; elle est publique et gratuite.<\/p>\n\n\n\n<h2 class=\"wp-block-heading\">13h30-14h30 : Assembl\u00e9e des d\u00e9l\u00e9gu\u00e9s<\/h2>\n\n\n\n<h3 class=\"wp-block-heading\">Partie statutaire<\/h3>\n\n\n\n<p>Les informations concernant l\u2019Assembl\u00e9e des d\u00e9l\u00e9gu\u00e9s sont publi\u00e9es sur&nbsp;<a href=\"http:\/\/alice.ch\/ad2026\" id=\"http:\/\/alice.ch\/ad2026\">alice.ch\/ad2026.<\/a><\/p>\n\n\n\n<h2 class=\"wp-block-heading\">15h15-16h30 : Journ\u00e9e politique de la formation continue<\/h2>\n\n\n\n<h3 class=\"wp-block-heading\">Quelle orientation pour la politique de formation continue?<\/h3>\n\n\n\n<p>Dans le cadre du paquet d\u2019all\u00e8gements budg\u00e9taires 27, le Parlement a d\u00e9cid\u00e9 de r\u00e9duire de 20% les cr\u00e9dits FRI allou\u00e9s \u00e0 la formation continue. Dans le m\u00eame temps, la formation continue est appel\u00e9e \u00e0 contribuer \u00e0 la r\u00e9solution des d\u00e9fis \u00e9conomiques et sociaux actuels. Il convient notamment de mentionner les tensions grandissantes entre la p\u00e9nurie de main-d\u2019\u0153uvre qualifi\u00e9e et la hausse du ch\u00f4mage, les nouvelles exigences en mati\u00e8re de comp\u00e9tences li\u00e9es \u00e0 l\u2019intelligence artificielle ou encore la baisse de la participation politique de la population.<\/p>\n\n\n\n<p>Lors de la Journ\u00e9e politique, la conseill\u00e8re aux \u00c9tats et pr\u00e9sidente de la FSEA, Tiana Moser, dressera tout d\u2019abord un \u00e9tat des lieux de la politique de formation continue. Un panel discutera ensuite, avec la participation du public, des (nouvelles) priorit\u00e9s \u00e0 fixer en mati\u00e8re de politique de formation continue au regard des d\u00e9fis actuels.<br><br>La Journ\u00e9e politique s\u2019ach\u00e8vera par une r\u00e9trospective et une perspective \u00e0 l\u2019occasion du 75e anniversaire de la FSEA.<\/p>\n\n\n\n<figure class=\"wp-block-table is-style-stripes\"><table><tbody><tr><td>14h30<\/td><td>Arriv\u00e9e des invit\u00e9s<\/td><\/tr><tr><td>15h15<\/td><td><strong>\u00c9tat des lieux de la politique de formation continue<br><\/strong>Tiana Moser, conseill\u00e8re aux \u00c9tats, pr\u00e9sidente de la FSEA<\/td><\/tr><tr><td>15h30<\/td><td><strong>Table ronde: Quelle orientation pour la politique de formation continue?<br><\/strong>\u2212 Hans J\u00f6rg R\u00fcegsegger, conseiller national (UDC)<br>\u2212 Dominik Blunschy, conseiller national (Le Centre)<br>\u2212 Fabien Fivaz, conseiller aux \u00c9tats (Les Verts)<br>\u2212 Tiana Moser, pr\u00e9sidente de la FSEA et conseill\u00e8re aux \u00c9tats (PVL)<br><br>Mod\u00e9ration : Pius Kn\u00fcsel, membre du comit\u00e9 directeur de la FSEA, pr\u00e9sident de l\u2019AUPS<\/td><\/tr><tr><td>16h15<\/td><td><strong>Les 75 ans de la FSEA: r\u00e9trospective et perspectives<\/strong><\/td><\/tr><tr><td>D\u00e8s 16h30<\/td><td>Ap\u00e9ritif<\/td><\/tr><\/tbody><\/table><\/figure>\n\n\n\n<p><\/p>\n\n\n\n<p><\/p>\n\n\n\n<p>Si vous avez des questions, n&rsquo;h\u00e9sitez pas \u00e0 contacter l&rsquo;\u00e9quipe \u00e9v\u00e9nementielle de la FSEA : <a href=\"mailto:events@alice.ch\">events@alice.ch<\/a><\/p>\n\n\n\n<p><\/p>\n","protected":false},"excerpt":{"rendered":"<p>La Journ\u00e9e politique aura lieu \u00e0 la suite de l\u2019Assembl\u00e9e des d\u00e9l\u00e9gu\u00e9s (AD) de la FSEA; elle est publique et [&hellip;]<\/p>\n","protected":false},"author":43,"featured_media":74432,"template":"","meta":{"_acf_changed":false,"inline_featured_image":false,"footnotes":""},"event-category":[103],"event-tag":[459,460,469,319,320],"event-status":[225,201],"event-language":[206,202,207,203],"global-category":[418,432,436,115],"class_list":["post-73590","event","type-event","status-publish","has-post-thumbnail","hentry","event-category-evenements-fsea-kooperation","event-tag-459","event-tag-460","event-tag-2026-2","event-tag-sveb-kooperation-events","event-tag-sveb-kooperation-events-fr","event-status-actualite","event-status-aktuell","event-language-allemand","event-language-deutsch","event-language-francais","event-language-franzoesisch","global-category-bildungspolitik-fr","global-category-sparplaene-in-der-weiterbildung","global-category-sparplaene-in-der-weiterbildung-fr","global-category-sveb-fr"],"acf":[],"yoast_head":"<!-- This site is optimized with the Yoast SEO plugin v27.3 - https:\/\/yoast.com\/product\/yoast-seo-wordpress\/ -->\n<title>Assembl\u00e9e des d\u00e9l\u00e9gu\u00e9s 2026 et Journ\u00e9e politique de la formation continue - FSEA<\/title>\n<meta name=\"robots\" content=\"index, follow, max-snippet:-1, max-image-preview:large, max-video-preview:-1\" \/>\n<link rel=\"canonical\" href=\"https:\/\/alice.ch\/fr\/event\/assemblee-des-delegues-et-journee-politique-de-la-formation-continue-2026\/\" \/>\n<meta property=\"og:locale\" content=\"fr_FR\" \/>\n<meta property=\"og:type\" content=\"article\" \/>\n<meta property=\"og:title\" content=\"Assembl\u00e9e des d\u00e9l\u00e9gu\u00e9s 2026 et Journ\u00e9e politique de la formation continue - FSEA\" \/>\n<meta property=\"og:description\" content=\"La Journ\u00e9e politique aura lieu \u00e0 la suite de l\u2019Assembl\u00e9e des d\u00e9l\u00e9gu\u00e9s (AD) de la FSEA; elle est publique et [&hellip;]\" \/>\n<meta property=\"og:url\" content=\"https:\/\/alice.ch\/fr\/event\/assemblee-des-delegues-et-journee-politique-de-la-formation-continue-2026\/\" \/>\n<meta property=\"og:site_name\" content=\"SVEB\" \/>\n<meta property=\"article:modified_time\" content=\"2026-04-08T16:14:17+00:00\" \/>\n<meta property=\"og:image\" content=\"https:\/\/alice.ch\/app\/uploads\/2026\/02\/Agenda_DV_2026_DFI-1-12.jpg\" \/>\n\t<meta property=\"og:image:width\" content=\"370\" \/>\n\t<meta property=\"og:image:height\" content=\"185\" \/>\n\t<meta property=\"og:image:type\" content=\"image\/jpeg\" \/>\n<meta name=\"twitter:card\" content=\"summary_large_image\" \/>\n<meta name=\"twitter:label1\" content=\"Dur\u00e9e de lecture estim\u00e9e\" \/>\n\t<meta name=\"twitter:data1\" content=\"2 minutes\" \/>\n<script type=\"application\/ld+json\" class=\"yoast-schema-graph\">{\"@context\":\"https:\\\/\\\/schema.org\",\"@graph\":[{\"@type\":\"WebPage\",\"@id\":\"https:\\\/\\\/alice.ch\\\/fr\\\/event\\\/assemblee-des-delegues-et-journee-politique-de-la-formation-continue-2026\\\/\",\"url\":\"https:\\\/\\\/alice.ch\\\/fr\\\/event\\\/assemblee-des-delegues-et-journee-politique-de-la-formation-continue-2026\\\/\",\"name\":\"Assembl\u00e9e des d\u00e9l\u00e9gu\u00e9s 2026 et Journ\u00e9e politique de la formation continue - FSEA\",\"isPartOf\":{\"@id\":\"https:\\\/\\\/alice.ch\\\/fr\\\/#website\"},\"primaryImageOfPage\":{\"@id\":\"https:\\\/\\\/alice.ch\\\/fr\\\/event\\\/assemblee-des-delegues-et-journee-politique-de-la-formation-continue-2026\\\/#primaryimage\"},\"image\":{\"@id\":\"https:\\\/\\\/alice.ch\\\/fr\\\/event\\\/assemblee-des-delegues-et-journee-politique-de-la-formation-continue-2026\\\/#primaryimage\"},\"thumbnailUrl\":\"https:\\\/\\\/alice.ch\\\/app\\\/uploads\\\/2026\\\/02\\\/Agenda_DV_2026_DFI-1-12.jpg\",\"datePublished\":\"2026-02-14T22:37:46+00:00\",\"dateModified\":\"2026-04-08T16:14:17+00:00\",\"breadcrumb\":{\"@id\":\"https:\\\/\\\/alice.ch\\\/fr\\\/event\\\/assemblee-des-delegues-et-journee-politique-de-la-formation-continue-2026\\\/#breadcrumb\"},\"inLanguage\":\"fr-FR\",\"potentialAction\":[{\"@type\":\"ReadAction\",\"target\":[\"https:\\\/\\\/alice.ch\\\/fr\\\/event\\\/assemblee-des-delegues-et-journee-politique-de-la-formation-continue-2026\\\/\"]}]},{\"@type\":\"ImageObject\",\"inLanguage\":\"fr-FR\",\"@id\":\"https:\\\/\\\/alice.ch\\\/fr\\\/event\\\/assemblee-des-delegues-et-journee-politique-de-la-formation-continue-2026\\\/#primaryimage\",\"url\":\"https:\\\/\\\/alice.ch\\\/app\\\/uploads\\\/2026\\\/02\\\/Agenda_DV_2026_DFI-1-12.jpg\",\"contentUrl\":\"https:\\\/\\\/alice.ch\\\/app\\\/uploads\\\/2026\\\/02\\\/Agenda_DV_2026_DFI-1-12.jpg\",\"width\":370,\"height\":185},{\"@type\":\"BreadcrumbList\",\"@id\":\"https:\\\/\\\/alice.ch\\\/fr\\\/event\\\/assemblee-des-delegues-et-journee-politique-de-la-formation-continue-2026\\\/#breadcrumb\",\"itemListElement\":[{\"@type\":\"ListItem\",\"position\":1,\"name\":\"Page d'accueil\",\"item\":\"https:\\\/\\\/alice.ch\\\/fr\\\/\"},{\"@type\":\"ListItem\",\"position\":2,\"name\":\"Events\",\"item\":\"https:\\\/\\\/alice.ch\\\/fr\\\/event\\\/\"},{\"@type\":\"ListItem\",\"position\":3,\"name\":\"Assembl\u00e9e des d\u00e9l\u00e9gu\u00e9s 2026 et Journ\u00e9e politique de la formation continue\"}]},{\"@type\":\"WebSite\",\"@id\":\"https:\\\/\\\/alice.ch\\\/fr\\\/#website\",\"url\":\"https:\\\/\\\/alice.ch\\\/fr\\\/\",\"name\":\"alice.ch (Adult Learning Information Center) ist das Portal der Weiterbildung in der Schweiz.\",\"description\":\"Schweizerischer Verband f\u00fcr Weiterbildung\",\"publisher\":{\"@id\":\"https:\\\/\\\/alice.ch\\\/fr\\\/#organization\"},\"potentialAction\":[{\"@type\":\"SearchAction\",\"target\":{\"@type\":\"EntryPoint\",\"urlTemplate\":\"https:\\\/\\\/alice.ch\\\/fr\\\/?s={search_term_string}\"},\"query-input\":{\"@type\":\"PropertyValueSpecification\",\"valueRequired\":true,\"valueName\":\"search_term_string\"}}],\"inLanguage\":\"fr-FR\"},{\"@type\":\"Organization\",\"@id\":\"https:\\\/\\\/alice.ch\\\/fr\\\/#organization\",\"name\":\"FSEA F\u00e9d\u00e9ration suisse pour la formation continue\",\"url\":\"https:\\\/\\\/alice.ch\\\/fr\\\/\",\"logo\":{\"@type\":\"ImageObject\",\"inLanguage\":\"fr-FR\",\"@id\":\"https:\\\/\\\/alice.ch\\\/fr\\\/#\\\/schema\\\/logo\\\/image\\\/\",\"url\":\"https:\\\/\\\/alice.ch\\\/app\\\/uploads\\\/2022\\\/07\\\/logo-sveb.png\",\"contentUrl\":\"https:\\\/\\\/alice.ch\\\/app\\\/uploads\\\/2022\\\/07\\\/logo-sveb.png\",\"width\":145,\"height\":64,\"caption\":\"FSEA F\u00e9d\u00e9ration suisse pour la formation continue\"},\"image\":{\"@id\":\"https:\\\/\\\/alice.ch\\\/fr\\\/#\\\/schema\\\/logo\\\/image\\\/\"},\"sameAs\":[\"https:\\\/\\\/www.linkedin.com\\\/company\\\/schweizerischer-verband-fr-weiterbildung-sveb\\\/\"]}]}<\/script>\n<!-- \/ Yoast SEO plugin. -->","yoast_head_json":{"title":"Assembl\u00e9e des d\u00e9l\u00e9gu\u00e9s 2026 et Journ\u00e9e politique de la formation continue - FSEA","robots":{"index":"index","follow":"follow","max-snippet":"max-snippet:-1","max-image-preview":"max-image-preview:large","max-video-preview":"max-video-preview:-1"},"canonical":"https:\/\/alice.ch\/fr\/event\/assemblee-des-delegues-et-journee-politique-de-la-formation-continue-2026\/","og_locale":"fr_FR","og_type":"article","og_title":"Assembl\u00e9e des d\u00e9l\u00e9gu\u00e9s 2026 et Journ\u00e9e politique de la formation continue - FSEA","og_description":"La Journ\u00e9e politique aura lieu \u00e0 la suite de l\u2019Assembl\u00e9e des d\u00e9l\u00e9gu\u00e9s (AD) de la FSEA; elle est publique et [&hellip;]","og_url":"https:\/\/alice.ch\/fr\/event\/assemblee-des-delegues-et-journee-politique-de-la-formation-continue-2026\/","og_site_name":"SVEB","article_modified_time":"2026-04-08T16:14:17+00:00","og_image":[{"width":370,"height":185,"url":"https:\/\/alice.ch\/app\/uploads\/2026\/02\/Agenda_DV_2026_DFI-1-12.jpg","type":"image\/jpeg"}],"twitter_card":"summary_large_image","twitter_misc":{"Dur\u00e9e de lecture estim\u00e9e":"2 minutes"},"schema":{"@context":"https:\/\/schema.org","@graph":[{"@type":"WebPage","@id":"https:\/\/alice.ch\/fr\/event\/assemblee-des-delegues-et-journee-politique-de-la-formation-continue-2026\/","url":"https:\/\/alice.ch\/fr\/event\/assemblee-des-delegues-et-journee-politique-de-la-formation-continue-2026\/","name":"Assembl\u00e9e des d\u00e9l\u00e9gu\u00e9s 2026 et Journ\u00e9e politique de la formation continue - FSEA","isPartOf":{"@id":"https:\/\/alice.ch\/fr\/#website"},"primaryImageOfPage":{"@id":"https:\/\/alice.ch\/fr\/event\/assemblee-des-delegues-et-journee-politique-de-la-formation-continue-2026\/#primaryimage"},"image":{"@id":"https:\/\/alice.ch\/fr\/event\/assemblee-des-delegues-et-journee-politique-de-la-formation-continue-2026\/#primaryimage"},"thumbnailUrl":"https:\/\/alice.ch\/app\/uploads\/2026\/02\/Agenda_DV_2026_DFI-1-12.jpg","datePublished":"2026-02-14T22:37:46+00:00","dateModified":"2026-04-08T16:14:17+00:00","breadcrumb":{"@id":"https:\/\/alice.ch\/fr\/event\/assemblee-des-delegues-et-journee-politique-de-la-formation-continue-2026\/#breadcrumb"},"inLanguage":"fr-FR","potentialAction":[{"@type":"ReadAction","target":["https:\/\/alice.ch\/fr\/event\/assemblee-des-delegues-et-journee-politique-de-la-formation-continue-2026\/"]}]},{"@type":"ImageObject","inLanguage":"fr-FR","@id":"https:\/\/alice.ch\/fr\/event\/assemblee-des-delegues-et-journee-politique-de-la-formation-continue-2026\/#primaryimage","url":"https:\/\/alice.ch\/app\/uploads\/2026\/02\/Agenda_DV_2026_DFI-1-12.jpg","contentUrl":"https:\/\/alice.ch\/app\/uploads\/2026\/02\/Agenda_DV_2026_DFI-1-12.jpg","width":370,"height":185},{"@type":"BreadcrumbList","@id":"https:\/\/alice.ch\/fr\/event\/assemblee-des-delegues-et-journee-politique-de-la-formation-continue-2026\/#breadcrumb","itemListElement":[{"@type":"ListItem","position":1,"name":"Page d'accueil","item":"https:\/\/alice.ch\/fr\/"},{"@type":"ListItem","position":2,"name":"Events","item":"https:\/\/alice.ch\/fr\/event\/"},{"@type":"ListItem","position":3,"name":"Assembl\u00e9e des d\u00e9l\u00e9gu\u00e9s 2026 et Journ\u00e9e politique de la formation continue"}]},{"@type":"WebSite","@id":"https:\/\/alice.ch\/fr\/#website","url":"https:\/\/alice.ch\/fr\/","name":"alice.ch (Adult Learning Information Center) ist das Portal der Weiterbildung in der Schweiz.","description":"Schweizerischer Verband f\u00fcr Weiterbildung","publisher":{"@id":"https:\/\/alice.ch\/fr\/#organization"},"potentialAction":[{"@type":"SearchAction","target":{"@type":"EntryPoint","urlTemplate":"https:\/\/alice.ch\/fr\/?s={search_term_string}"},"query-input":{"@type":"PropertyValueSpecification","valueRequired":true,"valueName":"search_term_string"}}],"inLanguage":"fr-FR"},{"@type":"Organization","@id":"https:\/\/alice.ch\/fr\/#organization","name":"FSEA F\u00e9d\u00e9ration suisse pour la formation continue","url":"https:\/\/alice.ch\/fr\/","logo":{"@type":"ImageObject","inLanguage":"fr-FR","@id":"https:\/\/alice.ch\/fr\/#\/schema\/logo\/image\/","url":"https:\/\/alice.ch\/app\/uploads\/2022\/07\/logo-sveb.png","contentUrl":"https:\/\/alice.ch\/app\/uploads\/2022\/07\/logo-sveb.png","width":145,"height":64,"caption":"FSEA F\u00e9d\u00e9ration suisse pour la formation continue"},"image":{"@id":"https:\/\/alice.ch\/fr\/#\/schema\/logo\/image\/"},"sameAs":["https:\/\/www.linkedin.com\/company\/schweizerischer-verband-fr-weiterbildung-sveb\/"]}]}},"_links":{"self":[{"href":"https:\/\/alice.ch\/fr\/wp-json\/wp\/v2\/event\/73590","targetHints":{"allow":["GET"]}}],"collection":[{"href":"https:\/\/alice.ch\/fr\/wp-json\/wp\/v2\/event"}],"about":[{"href":"https:\/\/alice.ch\/fr\/wp-json\/wp\/v2\/types\/event"}],"author":[{"embeddable":true,"href":"https:\/\/alice.ch\/fr\/wp-json\/wp\/v2\/users\/43"}],"version-history":[{"count":18,"href":"https:\/\/alice.ch\/fr\/wp-json\/wp\/v2\/event\/73590\/revisions"}],"predecessor-version":[{"id":74897,"href":"https:\/\/alice.ch\/fr\/wp-json\/wp\/v2\/event\/73590\/revisions\/74897"}],"wp:featuredmedia":[{"embeddable":true,"href":"https:\/\/alice.ch\/fr\/wp-json\/wp\/v2\/media\/74432"}],"wp:attachment":[{"href":"https:\/\/alice.ch\/fr\/wp-json\/wp\/v2\/media?parent=73590"}],"wp:term":[{"taxonomy":"event-category","embeddable":true,"href":"https:\/\/alice.ch\/fr\/wp-json\/wp\/v2\/event-category?post=73590"},{"taxonomy":"event-tag","embeddable":true,"href":"https:\/\/alice.ch\/fr\/wp-json\/wp\/v2\/event-tag?post=73590"},{"taxonomy":"event-status","embeddable":true,"href":"https:\/\/alice.ch\/fr\/wp-json\/wp\/v2\/event-status?post=73590"},{"taxonomy":"event-language","embeddable":true,"href":"https:\/\/alice.ch\/fr\/wp-json\/wp\/v2\/event-language?post=73590"},{"taxonomy":"global-category","embeddable":true,"href":"https:\/\/alice.ch\/fr\/wp-json\/wp\/v2\/global-category?post=73590"}],"curies":[{"name":"wp","href":"https:\/\/api.w.org\/{rel}","templated":true}]}}