{"id":73823,"date":"2026-02-19T13:54:15","date_gmt":"2026-02-19T12:54:15","guid":{"rendered":"https:\/\/alice.ch\/?post_type=event&#038;p=73823"},"modified":"2026-04-08T19:28:56","modified_gmt":"2026-04-08T17:28:56","slug":"simplement-mieux-au-travail-rencontre-dechange-de-pratiques-entre-prestataires","status":"publish","type":"event","link":"https:\/\/alice.ch\/fr\/event\/simplement-mieux-au-travail-rencontre-dechange-de-pratiques-entre-prestataires\/","title":{"rendered":"\u00abSimplement mieux! \u2026 au travail\u00bb \u2013 rencontre d&rsquo;\u00e9change de pratiques entre prestataires\u00a0"},"content":{"rendered":"\n<h2 class=\"wp-block-heading\">Th\u00e8mes abord\u00e9s: <br>&#8211; Processus de candidature online du SEFRI&nbsp;<br>&#8211; L\u2019apprentissage situ\u00e9&nbsp;<\/h2>\n\n\n\n<p><\/p>\n\n\n\n<p>Le SEFRI fournira des informations sur l\u2019\u00e9tat de la mise en \u0153uvre du programme de promotion \u00ab\u202fSimplement mieux\u202f! \u2026 au travail\u202f\u00bb et pr\u00e9sentera le nouveau processus de candidature online pour les entreprises.<\/p>\n\n\n\n<p>Les situations concr\u00e8tes sont le point de d\u00e9part d\u2019un apprentissage r\u00e9ussi en entreprise et le facteur central de r\u00e9ussite du mod\u00e8le GO. Les participants \u00e9changent des id\u00e9es sur la pratique de l\u2019apprentissage situ\u00e9 au travail : comment identifier les situations ? Comment les didactiser\u202f? Quel r\u00f4le jouent les situations dans le transfert des connaissances acquises vers le lieu de travail\u202f?<\/p>\n\n\n\n<p>Groupes cibles\u202f: Prestataires de formation continue, repr\u00e9sentants d&rsquo;associations professionnelles nationales et cantonales, repr\u00e9sentants cantonaux, repr\u00e9sentants d&rsquo;entreprises<\/p>\n\n\n\n<p>L&rsquo;\u00e9v\u00e9nement est gratuit et se d\u00e9roulera en allemand et en fran\u00e7ais, sans traduction.<\/p>\n\n\n\n<p><\/p>\n\n\n\n<h2 class=\"wp-block-heading\">Programme<\/h2>\n\n\n\n<figure class=\"wp-block-table is-style-stripes has-medium-font-size\"><table><tbody><tr><td>13h15<\/td><td>Mot de bienvenue FSEA \/ SEFRI&nbsp;<\/td><\/tr><tr><td>13h20<\/td><td><strong>Rapport du SEFRI<\/strong>&nbsp;: chiffres et faits concernant le domaine prioritaire ; la situation dans le formulaire de demande, Joel Reeves, SEFRI&nbsp;<\/td><\/tr><tr><td>13h40<\/td><td>Questions et \u00e9changes&nbsp;&nbsp;<\/td><\/tr><tr><td>14h00<\/td><td><strong>Les principes fondamentaux de l&rsquo;apprentissage situ\u00e9<\/strong>, Margrit Hagenow<\/td><\/tr><tr><td>14h20<\/td><td>Questions et \u00e9changes<\/td><\/tr><tr><td>14h30<\/td><td>Pause<\/td><\/tr><tr><td>15h00<\/td><td>\u00c9changes en groupes : mise en \u0153uvre de l\u2019apprentissage situ\u00e9 en entreprise, exemples, d\u00e9fis et facteurs de r\u00e9ussite, \u00e9change d\u2019exp\u00e9riences avec la pratique du prestataire<\/td><\/tr><tr><td>16h00<\/td><td>Retours et discussion&nbsp;<\/td><\/tr><tr><td>16h30<\/td><td>Conclusion et prochaines \u00e9tapes&nbsp;<\/td><\/tr><tr><td>16h45<\/td><td>Fin<\/td><\/tr><\/tbody><\/table><\/figure>\n\n\n\n<div class=\"wp-block-file is-style-minimal\" style=\"border-style:none;border-width:0px;border-top-left-radius:0px;border-top-right-radius:0px;border-bottom-left-radius:0px;border-bottom-right-radius:0px\"><a id=\"wp-block-file--media-5e7875fe-b982-48bc-af9c-5559487ee136\" href=\"https:\/\/alice.ch\/app\/uploads\/2026\/03\/260618programme-rencontre-prestataires.pdf\" target=\"_blank\" rel=\"noreferrer noopener\">Programme<br \/>PDF &#8211; 254 kb<\/a><a href=\"https:\/\/alice.ch\/app\/uploads\/2026\/03\/260618programme-rencontre-prestataires.pdf\" class=\"wp-block-file__button wp-element-button\" download aria-describedby=\"wp-block-file--media-5e7875fe-b982-48bc-af9c-5559487ee136\">T\u00e9l\u00e9charger le programme<br \/>PDF &#8211; 254 kb<\/a><\/div>\n\n\n\n<p><\/p>\n","protected":false},"excerpt":{"rendered":"<p>Th\u00e8mes abord\u00e9s: &#8211; Processus de candidature online du SEFRI&nbsp;&#8211; L\u2019apprentissage situ\u00e9&nbsp; Le SEFRI fournira des informations sur l\u2019\u00e9tat de la [&hellip;]<\/p>\n","protected":false},"author":43,"featured_media":74436,"template":"","meta":{"_acf_changed":false,"inline_featured_image":false,"footnotes":""},"event-category":[103,24],"event-tag":[460,459,320],"event-status":[225,201],"event-language":[206,202,207,203],"global-category":[49,117],"class_list":["post-73823","event","type-event","status-publish","has-post-thumbnail","hentry","event-category-evenements-fsea-kooperation","event-category-sveb-kooperation-events","event-tag-460","event-tag-459","event-tag-sveb-kooperation-events-fr","event-status-actualite","event-status-aktuell","event-language-allemand","event-language-deutsch","event-language-francais","event-language-franzoesisch","global-category-grundkompetenzen","global-category-grundkompetenzen-fr"],"acf":[],"yoast_head":"<!-- This site is optimized with the Yoast SEO plugin v27.3 - https:\/\/yoast.com\/product\/yoast-seo-wordpress\/ -->\n<title>\u00abSimplement mieux! \u2026 au travail\u00bb \u2013 rencontre d&#039;\u00e9change de pratiques entre prestataires\u00a0 - FSEA<\/title>\n<meta name=\"robots\" content=\"index, follow, max-snippet:-1, max-image-preview:large, max-video-preview:-1\" \/>\n<link rel=\"canonical\" href=\"https:\/\/alice.ch\/fr\/event\/simplement-mieux-au-travail-rencontre-dechange-de-pratiques-entre-prestataires\/\" \/>\n<meta property=\"og:locale\" content=\"fr_FR\" \/>\n<meta property=\"og:type\" content=\"article\" \/>\n<meta property=\"og:title\" content=\"\u00abSimplement mieux! \u2026 au travail\u00bb \u2013 rencontre d&#039;\u00e9change de pratiques entre prestataires\u00a0 - FSEA\" \/>\n<meta property=\"og:description\" content=\"Th\u00e8mes abord\u00e9s: &#8211; Processus de candidature online du SEFRI&nbsp;&#8211; L\u2019apprentissage situ\u00e9&nbsp; Le SEFRI fournira des informations sur l\u2019\u00e9tat de la [&hellip;]\" \/>\n<meta property=\"og:url\" content=\"https:\/\/alice.ch\/fr\/event\/simplement-mieux-au-travail-rencontre-dechange-de-pratiques-entre-prestataires\/\" \/>\n<meta property=\"og:site_name\" content=\"SVEB\" \/>\n<meta property=\"article:modified_time\" content=\"2026-04-08T17:28:56+00:00\" \/>\n<meta property=\"og:image\" content=\"https:\/\/alice.ch\/app\/uploads\/2026\/02\/einfachbesser_F_2026-1.jpg\" \/>\n\t<meta property=\"og:image:width\" content=\"370\" \/>\n\t<meta property=\"og:image:height\" content=\"185\" \/>\n\t<meta property=\"og:image:type\" content=\"image\/jpeg\" \/>\n<meta name=\"twitter:card\" content=\"summary_large_image\" \/>\n<meta name=\"twitter:label1\" content=\"Dur\u00e9e de lecture estim\u00e9e\" \/>\n\t<meta name=\"twitter:data1\" content=\"1 minute\" \/>\n<script type=\"application\/ld+json\" class=\"yoast-schema-graph\">{\"@context\":\"https:\\\/\\\/schema.org\",\"@graph\":[{\"@type\":\"WebPage\",\"@id\":\"https:\\\/\\\/alice.ch\\\/fr\\\/event\\\/simplement-mieux-au-travail-rencontre-dechange-de-pratiques-entre-prestataires\\\/\",\"url\":\"https:\\\/\\\/alice.ch\\\/fr\\\/event\\\/simplement-mieux-au-travail-rencontre-dechange-de-pratiques-entre-prestataires\\\/\",\"name\":\"\u00abSimplement mieux! \u2026 au travail\u00bb \u2013 rencontre d'\u00e9change de pratiques entre prestataires\u00a0 - FSEA\",\"isPartOf\":{\"@id\":\"https:\\\/\\\/alice.ch\\\/fr\\\/#website\"},\"primaryImageOfPage\":{\"@id\":\"https:\\\/\\\/alice.ch\\\/fr\\\/event\\\/simplement-mieux-au-travail-rencontre-dechange-de-pratiques-entre-prestataires\\\/#primaryimage\"},\"image\":{\"@id\":\"https:\\\/\\\/alice.ch\\\/fr\\\/event\\\/simplement-mieux-au-travail-rencontre-dechange-de-pratiques-entre-prestataires\\\/#primaryimage\"},\"thumbnailUrl\":\"https:\\\/\\\/alice.ch\\\/app\\\/uploads\\\/2026\\\/02\\\/einfachbesser_F_2026-1.jpg\",\"datePublished\":\"2026-02-19T12:54:15+00:00\",\"dateModified\":\"2026-04-08T17:28:56+00:00\",\"breadcrumb\":{\"@id\":\"https:\\\/\\\/alice.ch\\\/fr\\\/event\\\/simplement-mieux-au-travail-rencontre-dechange-de-pratiques-entre-prestataires\\\/#breadcrumb\"},\"inLanguage\":\"fr-FR\",\"potentialAction\":[{\"@type\":\"ReadAction\",\"target\":[\"https:\\\/\\\/alice.ch\\\/fr\\\/event\\\/simplement-mieux-au-travail-rencontre-dechange-de-pratiques-entre-prestataires\\\/\"]}]},{\"@type\":\"ImageObject\",\"inLanguage\":\"fr-FR\",\"@id\":\"https:\\\/\\\/alice.ch\\\/fr\\\/event\\\/simplement-mieux-au-travail-rencontre-dechange-de-pratiques-entre-prestataires\\\/#primaryimage\",\"url\":\"https:\\\/\\\/alice.ch\\\/app\\\/uploads\\\/2026\\\/02\\\/einfachbesser_F_2026-1.jpg\",\"contentUrl\":\"https:\\\/\\\/alice.ch\\\/app\\\/uploads\\\/2026\\\/02\\\/einfachbesser_F_2026-1.jpg\",\"width\":370,\"height\":185},{\"@type\":\"BreadcrumbList\",\"@id\":\"https:\\\/\\\/alice.ch\\\/fr\\\/event\\\/simplement-mieux-au-travail-rencontre-dechange-de-pratiques-entre-prestataires\\\/#breadcrumb\",\"itemListElement\":[{\"@type\":\"ListItem\",\"position\":1,\"name\":\"Page d'accueil\",\"item\":\"https:\\\/\\\/alice.ch\\\/fr\\\/\"},{\"@type\":\"ListItem\",\"position\":2,\"name\":\"Events\",\"item\":\"https:\\\/\\\/alice.ch\\\/fr\\\/event\\\/\"},{\"@type\":\"ListItem\",\"position\":3,\"name\":\"\u00abSimplement mieux! \u2026 au travail\u00bb \u2013 rencontre d&#8217;\u00e9change de pratiques entre prestataires\u00a0\"}]},{\"@type\":\"WebSite\",\"@id\":\"https:\\\/\\\/alice.ch\\\/fr\\\/#website\",\"url\":\"https:\\\/\\\/alice.ch\\\/fr\\\/\",\"name\":\"alice.ch (Adult Learning Information Center) ist das Portal der Weiterbildung in der Schweiz.\",\"description\":\"Schweizerischer Verband f\u00fcr Weiterbildung\",\"publisher\":{\"@id\":\"https:\\\/\\\/alice.ch\\\/fr\\\/#organization\"},\"potentialAction\":[{\"@type\":\"SearchAction\",\"target\":{\"@type\":\"EntryPoint\",\"urlTemplate\":\"https:\\\/\\\/alice.ch\\\/fr\\\/?s={search_term_string}\"},\"query-input\":{\"@type\":\"PropertyValueSpecification\",\"valueRequired\":true,\"valueName\":\"search_term_string\"}}],\"inLanguage\":\"fr-FR\"},{\"@type\":\"Organization\",\"@id\":\"https:\\\/\\\/alice.ch\\\/fr\\\/#organization\",\"name\":\"FSEA F\u00e9d\u00e9ration suisse pour la formation continue\",\"url\":\"https:\\\/\\\/alice.ch\\\/fr\\\/\",\"logo\":{\"@type\":\"ImageObject\",\"inLanguage\":\"fr-FR\",\"@id\":\"https:\\\/\\\/alice.ch\\\/fr\\\/#\\\/schema\\\/logo\\\/image\\\/\",\"url\":\"https:\\\/\\\/alice.ch\\\/app\\\/uploads\\\/2022\\\/07\\\/logo-sveb.png\",\"contentUrl\":\"https:\\\/\\\/alice.ch\\\/app\\\/uploads\\\/2022\\\/07\\\/logo-sveb.png\",\"width\":145,\"height\":64,\"caption\":\"FSEA F\u00e9d\u00e9ration suisse pour la formation continue\"},\"image\":{\"@id\":\"https:\\\/\\\/alice.ch\\\/fr\\\/#\\\/schema\\\/logo\\\/image\\\/\"},\"sameAs\":[\"https:\\\/\\\/www.linkedin.com\\\/company\\\/schweizerischer-verband-fr-weiterbildung-sveb\\\/\"]}]}<\/script>\n<!-- \/ Yoast SEO plugin. -->","yoast_head_json":{"title":"\u00abSimplement mieux! \u2026 au travail\u00bb \u2013 rencontre d'\u00e9change de pratiques entre prestataires\u00a0 - FSEA","robots":{"index":"index","follow":"follow","max-snippet":"max-snippet:-1","max-image-preview":"max-image-preview:large","max-video-preview":"max-video-preview:-1"},"canonical":"https:\/\/alice.ch\/fr\/event\/simplement-mieux-au-travail-rencontre-dechange-de-pratiques-entre-prestataires\/","og_locale":"fr_FR","og_type":"article","og_title":"\u00abSimplement mieux! \u2026 au travail\u00bb \u2013 rencontre d'\u00e9change de pratiques entre prestataires\u00a0 - FSEA","og_description":"Th\u00e8mes abord\u00e9s: &#8211; Processus de candidature online du SEFRI&nbsp;&#8211; L\u2019apprentissage situ\u00e9&nbsp; Le SEFRI fournira des informations sur l\u2019\u00e9tat de la [&hellip;]","og_url":"https:\/\/alice.ch\/fr\/event\/simplement-mieux-au-travail-rencontre-dechange-de-pratiques-entre-prestataires\/","og_site_name":"SVEB","article_modified_time":"2026-04-08T17:28:56+00:00","og_image":[{"width":370,"height":185,"url":"https:\/\/alice.ch\/app\/uploads\/2026\/02\/einfachbesser_F_2026-1.jpg","type":"image\/jpeg"}],"twitter_card":"summary_large_image","twitter_misc":{"Dur\u00e9e de lecture estim\u00e9e":"1 minute"},"schema":{"@context":"https:\/\/schema.org","@graph":[{"@type":"WebPage","@id":"https:\/\/alice.ch\/fr\/event\/simplement-mieux-au-travail-rencontre-dechange-de-pratiques-entre-prestataires\/","url":"https:\/\/alice.ch\/fr\/event\/simplement-mieux-au-travail-rencontre-dechange-de-pratiques-entre-prestataires\/","name":"\u00abSimplement mieux! \u2026 au travail\u00bb \u2013 rencontre d'\u00e9change de pratiques entre prestataires\u00a0 - FSEA","isPartOf":{"@id":"https:\/\/alice.ch\/fr\/#website"},"primaryImageOfPage":{"@id":"https:\/\/alice.ch\/fr\/event\/simplement-mieux-au-travail-rencontre-dechange-de-pratiques-entre-prestataires\/#primaryimage"},"image":{"@id":"https:\/\/alice.ch\/fr\/event\/simplement-mieux-au-travail-rencontre-dechange-de-pratiques-entre-prestataires\/#primaryimage"},"thumbnailUrl":"https:\/\/alice.ch\/app\/uploads\/2026\/02\/einfachbesser_F_2026-1.jpg","datePublished":"2026-02-19T12:54:15+00:00","dateModified":"2026-04-08T17:28:56+00:00","breadcrumb":{"@id":"https:\/\/alice.ch\/fr\/event\/simplement-mieux-au-travail-rencontre-dechange-de-pratiques-entre-prestataires\/#breadcrumb"},"inLanguage":"fr-FR","potentialAction":[{"@type":"ReadAction","target":["https:\/\/alice.ch\/fr\/event\/simplement-mieux-au-travail-rencontre-dechange-de-pratiques-entre-prestataires\/"]}]},{"@type":"ImageObject","inLanguage":"fr-FR","@id":"https:\/\/alice.ch\/fr\/event\/simplement-mieux-au-travail-rencontre-dechange-de-pratiques-entre-prestataires\/#primaryimage","url":"https:\/\/alice.ch\/app\/uploads\/2026\/02\/einfachbesser_F_2026-1.jpg","contentUrl":"https:\/\/alice.ch\/app\/uploads\/2026\/02\/einfachbesser_F_2026-1.jpg","width":370,"height":185},{"@type":"BreadcrumbList","@id":"https:\/\/alice.ch\/fr\/event\/simplement-mieux-au-travail-rencontre-dechange-de-pratiques-entre-prestataires\/#breadcrumb","itemListElement":[{"@type":"ListItem","position":1,"name":"Page d'accueil","item":"https:\/\/alice.ch\/fr\/"},{"@type":"ListItem","position":2,"name":"Events","item":"https:\/\/alice.ch\/fr\/event\/"},{"@type":"ListItem","position":3,"name":"\u00abSimplement mieux! \u2026 au travail\u00bb \u2013 rencontre d&#8217;\u00e9change de pratiques entre prestataires\u00a0"}]},{"@type":"WebSite","@id":"https:\/\/alice.ch\/fr\/#website","url":"https:\/\/alice.ch\/fr\/","name":"alice.ch (Adult Learning Information Center) ist das Portal der Weiterbildung in der Schweiz.","description":"Schweizerischer Verband f\u00fcr Weiterbildung","publisher":{"@id":"https:\/\/alice.ch\/fr\/#organization"},"potentialAction":[{"@type":"SearchAction","target":{"@type":"EntryPoint","urlTemplate":"https:\/\/alice.ch\/fr\/?s={search_term_string}"},"query-input":{"@type":"PropertyValueSpecification","valueRequired":true,"valueName":"search_term_string"}}],"inLanguage":"fr-FR"},{"@type":"Organization","@id":"https:\/\/alice.ch\/fr\/#organization","name":"FSEA F\u00e9d\u00e9ration suisse pour la formation continue","url":"https:\/\/alice.ch\/fr\/","logo":{"@type":"ImageObject","inLanguage":"fr-FR","@id":"https:\/\/alice.ch\/fr\/#\/schema\/logo\/image\/","url":"https:\/\/alice.ch\/app\/uploads\/2022\/07\/logo-sveb.png","contentUrl":"https:\/\/alice.ch\/app\/uploads\/2022\/07\/logo-sveb.png","width":145,"height":64,"caption":"FSEA F\u00e9d\u00e9ration suisse pour la formation continue"},"image":{"@id":"https:\/\/alice.ch\/fr\/#\/schema\/logo\/image\/"},"sameAs":["https:\/\/www.linkedin.com\/company\/schweizerischer-verband-fr-weiterbildung-sveb\/"]}]}},"_links":{"self":[{"href":"https:\/\/alice.ch\/fr\/wp-json\/wp\/v2\/event\/73823","targetHints":{"allow":["GET"]}}],"collection":[{"href":"https:\/\/alice.ch\/fr\/wp-json\/wp\/v2\/event"}],"about":[{"href":"https:\/\/alice.ch\/fr\/wp-json\/wp\/v2\/types\/event"}],"author":[{"embeddable":true,"href":"https:\/\/alice.ch\/fr\/wp-json\/wp\/v2\/users\/43"}],"version-history":[{"count":16,"href":"https:\/\/alice.ch\/fr\/wp-json\/wp\/v2\/event\/73823\/revisions"}],"predecessor-version":[{"id":74634,"href":"https:\/\/alice.ch\/fr\/wp-json\/wp\/v2\/event\/73823\/revisions\/74634"}],"wp:featuredmedia":[{"embeddable":true,"href":"https:\/\/alice.ch\/fr\/wp-json\/wp\/v2\/media\/74436"}],"wp:attachment":[{"href":"https:\/\/alice.ch\/fr\/wp-json\/wp\/v2\/media?parent=73823"}],"wp:term":[{"taxonomy":"event-category","embeddable":true,"href":"https:\/\/alice.ch\/fr\/wp-json\/wp\/v2\/event-category?post=73823"},{"taxonomy":"event-tag","embeddable":true,"href":"https:\/\/alice.ch\/fr\/wp-json\/wp\/v2\/event-tag?post=73823"},{"taxonomy":"event-status","embeddable":true,"href":"https:\/\/alice.ch\/fr\/wp-json\/wp\/v2\/event-status?post=73823"},{"taxonomy":"event-language","embeddable":true,"href":"https:\/\/alice.ch\/fr\/wp-json\/wp\/v2\/event-language?post=73823"},{"taxonomy":"global-category","embeddable":true,"href":"https:\/\/alice.ch\/fr\/wp-json\/wp\/v2\/global-category?post=73823"}],"curies":[{"name":"wp","href":"https:\/\/api.w.org\/{rel}","templated":true}]}}