{"id":74328,"date":"2026-03-16T18:54:44","date_gmt":"2026-03-16T17:54:44","guid":{"rendered":"https:\/\/alice.ch\/?post_type=event&#038;p=74328"},"modified":"2026-04-30T09:39:20","modified_gmt":"2026-04-30T07:39:20","slug":"comprendre-et-mettre-en-place-les-criteres-eduqua","status":"publish","type":"event","link":"https:\/\/alice.ch\/fr\/event\/comprendre-et-mettre-en-place-les-criteres-eduqua\/","title":{"rendered":"Comprendre et mettre en place les crit\u00e8res eduQua"},"content":{"rendered":"\n<p>Vous envisagez d\u2019obtenir une certification eduQua ou vous pr\u00e9parez une recertification? Vous vous demandez quels sont les avantages concrets de cette norme de qualit\u00e9 pour votre organisation et comment aborder ce processus de mani\u00e8re efficace et appropri\u00e9e?&nbsp;<\/p>\n\n\n\n<p>La FSEA vous invite \u00e0 participer \u00e0 une s\u00e9ance d&rsquo;information en ligne gratuite qui vous apportera des r\u00e9ponses \u00e0 ces questions. Elle est con\u00e7ue pour offrir un soutien concret aux prestataires de formation continue, en particulier aux petites structures.<\/p>\n\n\n\n<h2 class=\"wp-block-heading\">Pourquoi participer ?<\/h2>\n\n\n\n<p>Au cours de cet \u00e9v\u00e8nement en ligne, nous vous expliquerons le fonctionnement, la mise en place et la valeur ajout\u00e9e d\u2019eduQua \u2013 de mani\u00e8re claire, compr\u00e9hensible et ax\u00e9e sur la pratique. Vous aurez \u00e9galement la possibilit\u00e9 de poser des questions concr\u00e8tes.&nbsp;<\/p>\n\n\n\n<h2 class=\"wp-block-heading\">Objectifs du webinaire<\/h2>\n\n\n\n<ul class=\"wp-block-list\">\n<li>B\u00e9n\u00e9ficier de l\u2019intervention d\u2019une experte ind\u00e9pendante sp\u00e9cialis\u00e9e en gestion de la qualit\u00e9 (<a href=\"https:\/\/www.resoplus.ch\/\">Solange Dunand<\/a>), qui pr\u00e9sentera les m\u00e9canismes et les avantages d\u2019un syst\u00e8me de gestion de la qualit\u00e9 (SGQ), en particulier dans le cadre d\u2019une certification eduQua.\u00a0<\/li>\n\n\n\n<li>Obtenir des informations permettant de mieux comprendre le fonctionnement d\u2019eduQua ainsi que les d\u00e9marches n\u00e9cessaires pour obtenir le label.&nbsp;<\/li>\n\n\n\n<li>Recevoir des conseils pratiques et des outils pour mettre en place la certification eduQua, avec la possibilit\u00e9 de poser vos questions directement \u00e0 l\u2019experte.&nbsp;<\/li>\n<\/ul>\n\n\n\n<p>Le lien vers l&rsquo;\u00e9v\u00e9nement en ligne sera envoy\u00e9 aux participants par e-mail quelques jours avant le webinaire.<\/p>\n\n\n\n<p><\/p>\n","protected":false},"excerpt":{"rendered":"<p>Vous envisagez d\u2019obtenir une certification eduQua ou vous pr\u00e9parez une recertification? Vous vous demandez quels sont les avantages concrets de [&hellip;]<\/p>\n","protected":false},"author":43,"featured_media":74533,"template":"","meta":{"_acf_changed":false,"inline_featured_image":false,"footnotes":""},"event-category":[24],"event-tag":[459],"event-status":[225,201],"event-language":[207,203],"global-category":[455],"class_list":["post-74328","event","type-event","status-publish","has-post-thumbnail","hentry","event-category-sveb-kooperation-events","event-tag-459","event-status-actualite","event-status-aktuell","event-language-francais","event-language-franzoesisch","global-category-eduqua-2"],"acf":[],"yoast_head":"<!-- This site is optimized with the Yoast SEO plugin v27.3 - https:\/\/yoast.com\/product\/yoast-seo-wordpress\/ -->\n<title>Comprendre et mettre en place les crit\u00e8res eduQua - FSEA<\/title>\n<meta name=\"robots\" content=\"index, follow, max-snippet:-1, max-image-preview:large, max-video-preview:-1\" \/>\n<link rel=\"canonical\" href=\"https:\/\/alice.ch\/fr\/event\/comprendre-et-mettre-en-place-les-criteres-eduqua\/\" \/>\n<meta property=\"og:locale\" content=\"fr_FR\" \/>\n<meta property=\"og:type\" content=\"article\" \/>\n<meta property=\"og:title\" content=\"Comprendre et mettre en place les crit\u00e8res eduQua - FSEA\" \/>\n<meta property=\"og:description\" content=\"Vous envisagez d\u2019obtenir une certification eduQua ou vous pr\u00e9parez une recertification? Vous vous demandez quels sont les avantages concrets de [&hellip;]\" \/>\n<meta property=\"og:url\" content=\"https:\/\/alice.ch\/fr\/event\/comprendre-et-mettre-en-place-les-criteres-eduqua\/\" \/>\n<meta property=\"og:site_name\" content=\"SVEB\" \/>\n<meta property=\"article:modified_time\" content=\"2026-04-30T07:39:20+00:00\" \/>\n<meta property=\"og:image\" content=\"https:\/\/alice.ch\/app\/uploads\/2026\/03\/eduQua-Spotlight-Webinar-FR-3.jpg\" \/>\n\t<meta property=\"og:image:width\" content=\"370\" \/>\n\t<meta property=\"og:image:height\" content=\"185\" \/>\n\t<meta property=\"og:image:type\" content=\"image\/jpeg\" \/>\n<meta name=\"twitter:card\" content=\"summary_large_image\" \/>\n<meta name=\"twitter:label1\" content=\"Dur\u00e9e de lecture estim\u00e9e\" \/>\n\t<meta name=\"twitter:data1\" content=\"1 minute\" \/>\n<script type=\"application\/ld+json\" class=\"yoast-schema-graph\">{\"@context\":\"https:\\\/\\\/schema.org\",\"@graph\":[{\"@type\":\"WebPage\",\"@id\":\"https:\\\/\\\/alice.ch\\\/fr\\\/event\\\/comprendre-et-mettre-en-place-les-criteres-eduqua\\\/\",\"url\":\"https:\\\/\\\/alice.ch\\\/fr\\\/event\\\/comprendre-et-mettre-en-place-les-criteres-eduqua\\\/\",\"name\":\"Comprendre et mettre en place les crit\u00e8res eduQua - FSEA\",\"isPartOf\":{\"@id\":\"https:\\\/\\\/alice.ch\\\/fr\\\/#website\"},\"primaryImageOfPage\":{\"@id\":\"https:\\\/\\\/alice.ch\\\/fr\\\/event\\\/comprendre-et-mettre-en-place-les-criteres-eduqua\\\/#primaryimage\"},\"image\":{\"@id\":\"https:\\\/\\\/alice.ch\\\/fr\\\/event\\\/comprendre-et-mettre-en-place-les-criteres-eduqua\\\/#primaryimage\"},\"thumbnailUrl\":\"https:\\\/\\\/alice.ch\\\/app\\\/uploads\\\/2026\\\/03\\\/eduQua-Spotlight-Webinar-FR-3.jpg\",\"datePublished\":\"2026-03-16T17:54:44+00:00\",\"dateModified\":\"2026-04-30T07:39:20+00:00\",\"breadcrumb\":{\"@id\":\"https:\\\/\\\/alice.ch\\\/fr\\\/event\\\/comprendre-et-mettre-en-place-les-criteres-eduqua\\\/#breadcrumb\"},\"inLanguage\":\"fr-FR\",\"potentialAction\":[{\"@type\":\"ReadAction\",\"target\":[\"https:\\\/\\\/alice.ch\\\/fr\\\/event\\\/comprendre-et-mettre-en-place-les-criteres-eduqua\\\/\"]}]},{\"@type\":\"ImageObject\",\"inLanguage\":\"fr-FR\",\"@id\":\"https:\\\/\\\/alice.ch\\\/fr\\\/event\\\/comprendre-et-mettre-en-place-les-criteres-eduqua\\\/#primaryimage\",\"url\":\"https:\\\/\\\/alice.ch\\\/app\\\/uploads\\\/2026\\\/03\\\/eduQua-Spotlight-Webinar-FR-3.jpg\",\"contentUrl\":\"https:\\\/\\\/alice.ch\\\/app\\\/uploads\\\/2026\\\/03\\\/eduQua-Spotlight-Webinar-FR-3.jpg\",\"width\":370,\"height\":185},{\"@type\":\"BreadcrumbList\",\"@id\":\"https:\\\/\\\/alice.ch\\\/fr\\\/event\\\/comprendre-et-mettre-en-place-les-criteres-eduqua\\\/#breadcrumb\",\"itemListElement\":[{\"@type\":\"ListItem\",\"position\":1,\"name\":\"Page d'accueil\",\"item\":\"https:\\\/\\\/alice.ch\\\/fr\\\/\"},{\"@type\":\"ListItem\",\"position\":2,\"name\":\"Events\",\"item\":\"https:\\\/\\\/alice.ch\\\/fr\\\/event\\\/\"},{\"@type\":\"ListItem\",\"position\":3,\"name\":\"Comprendre et mettre en place les crit\u00e8res eduQua\"}]},{\"@type\":\"WebSite\",\"@id\":\"https:\\\/\\\/alice.ch\\\/fr\\\/#website\",\"url\":\"https:\\\/\\\/alice.ch\\\/fr\\\/\",\"name\":\"alice.ch (Adult Learning Information Center) ist das Portal der Weiterbildung in der Schweiz.\",\"description\":\"Schweizerischer Verband f\u00fcr Weiterbildung\",\"publisher\":{\"@id\":\"https:\\\/\\\/alice.ch\\\/fr\\\/#organization\"},\"potentialAction\":[{\"@type\":\"SearchAction\",\"target\":{\"@type\":\"EntryPoint\",\"urlTemplate\":\"https:\\\/\\\/alice.ch\\\/fr\\\/?s={search_term_string}\"},\"query-input\":{\"@type\":\"PropertyValueSpecification\",\"valueRequired\":true,\"valueName\":\"search_term_string\"}}],\"inLanguage\":\"fr-FR\"},{\"@type\":\"Organization\",\"@id\":\"https:\\\/\\\/alice.ch\\\/fr\\\/#organization\",\"name\":\"FSEA F\u00e9d\u00e9ration suisse pour la formation continue\",\"url\":\"https:\\\/\\\/alice.ch\\\/fr\\\/\",\"logo\":{\"@type\":\"ImageObject\",\"inLanguage\":\"fr-FR\",\"@id\":\"https:\\\/\\\/alice.ch\\\/fr\\\/#\\\/schema\\\/logo\\\/image\\\/\",\"url\":\"https:\\\/\\\/alice.ch\\\/app\\\/uploads\\\/2022\\\/07\\\/logo-sveb.png\",\"contentUrl\":\"https:\\\/\\\/alice.ch\\\/app\\\/uploads\\\/2022\\\/07\\\/logo-sveb.png\",\"width\":145,\"height\":64,\"caption\":\"FSEA F\u00e9d\u00e9ration suisse pour la formation continue\"},\"image\":{\"@id\":\"https:\\\/\\\/alice.ch\\\/fr\\\/#\\\/schema\\\/logo\\\/image\\\/\"},\"sameAs\":[\"https:\\\/\\\/www.linkedin.com\\\/company\\\/schweizerischer-verband-fr-weiterbildung-sveb\\\/\"]}]}<\/script>\n<!-- \/ Yoast SEO plugin. -->","yoast_head_json":{"title":"Comprendre et mettre en place les crit\u00e8res eduQua - FSEA","robots":{"index":"index","follow":"follow","max-snippet":"max-snippet:-1","max-image-preview":"max-image-preview:large","max-video-preview":"max-video-preview:-1"},"canonical":"https:\/\/alice.ch\/fr\/event\/comprendre-et-mettre-en-place-les-criteres-eduqua\/","og_locale":"fr_FR","og_type":"article","og_title":"Comprendre et mettre en place les crit\u00e8res eduQua - FSEA","og_description":"Vous envisagez d\u2019obtenir une certification eduQua ou vous pr\u00e9parez une recertification? Vous vous demandez quels sont les avantages concrets de [&hellip;]","og_url":"https:\/\/alice.ch\/fr\/event\/comprendre-et-mettre-en-place-les-criteres-eduqua\/","og_site_name":"SVEB","article_modified_time":"2026-04-30T07:39:20+00:00","og_image":[{"width":370,"height":185,"url":"https:\/\/alice.ch\/app\/uploads\/2026\/03\/eduQua-Spotlight-Webinar-FR-3.jpg","type":"image\/jpeg"}],"twitter_card":"summary_large_image","twitter_misc":{"Dur\u00e9e de lecture estim\u00e9e":"1 minute"},"schema":{"@context":"https:\/\/schema.org","@graph":[{"@type":"WebPage","@id":"https:\/\/alice.ch\/fr\/event\/comprendre-et-mettre-en-place-les-criteres-eduqua\/","url":"https:\/\/alice.ch\/fr\/event\/comprendre-et-mettre-en-place-les-criteres-eduqua\/","name":"Comprendre et mettre en place les crit\u00e8res eduQua - FSEA","isPartOf":{"@id":"https:\/\/alice.ch\/fr\/#website"},"primaryImageOfPage":{"@id":"https:\/\/alice.ch\/fr\/event\/comprendre-et-mettre-en-place-les-criteres-eduqua\/#primaryimage"},"image":{"@id":"https:\/\/alice.ch\/fr\/event\/comprendre-et-mettre-en-place-les-criteres-eduqua\/#primaryimage"},"thumbnailUrl":"https:\/\/alice.ch\/app\/uploads\/2026\/03\/eduQua-Spotlight-Webinar-FR-3.jpg","datePublished":"2026-03-16T17:54:44+00:00","dateModified":"2026-04-30T07:39:20+00:00","breadcrumb":{"@id":"https:\/\/alice.ch\/fr\/event\/comprendre-et-mettre-en-place-les-criteres-eduqua\/#breadcrumb"},"inLanguage":"fr-FR","potentialAction":[{"@type":"ReadAction","target":["https:\/\/alice.ch\/fr\/event\/comprendre-et-mettre-en-place-les-criteres-eduqua\/"]}]},{"@type":"ImageObject","inLanguage":"fr-FR","@id":"https:\/\/alice.ch\/fr\/event\/comprendre-et-mettre-en-place-les-criteres-eduqua\/#primaryimage","url":"https:\/\/alice.ch\/app\/uploads\/2026\/03\/eduQua-Spotlight-Webinar-FR-3.jpg","contentUrl":"https:\/\/alice.ch\/app\/uploads\/2026\/03\/eduQua-Spotlight-Webinar-FR-3.jpg","width":370,"height":185},{"@type":"BreadcrumbList","@id":"https:\/\/alice.ch\/fr\/event\/comprendre-et-mettre-en-place-les-criteres-eduqua\/#breadcrumb","itemListElement":[{"@type":"ListItem","position":1,"name":"Page d'accueil","item":"https:\/\/alice.ch\/fr\/"},{"@type":"ListItem","position":2,"name":"Events","item":"https:\/\/alice.ch\/fr\/event\/"},{"@type":"ListItem","position":3,"name":"Comprendre et mettre en place les crit\u00e8res eduQua"}]},{"@type":"WebSite","@id":"https:\/\/alice.ch\/fr\/#website","url":"https:\/\/alice.ch\/fr\/","name":"alice.ch (Adult Learning Information Center) ist das Portal der Weiterbildung in der Schweiz.","description":"Schweizerischer Verband f\u00fcr Weiterbildung","publisher":{"@id":"https:\/\/alice.ch\/fr\/#organization"},"potentialAction":[{"@type":"SearchAction","target":{"@type":"EntryPoint","urlTemplate":"https:\/\/alice.ch\/fr\/?s={search_term_string}"},"query-input":{"@type":"PropertyValueSpecification","valueRequired":true,"valueName":"search_term_string"}}],"inLanguage":"fr-FR"},{"@type":"Organization","@id":"https:\/\/alice.ch\/fr\/#organization","name":"FSEA F\u00e9d\u00e9ration suisse pour la formation continue","url":"https:\/\/alice.ch\/fr\/","logo":{"@type":"ImageObject","inLanguage":"fr-FR","@id":"https:\/\/alice.ch\/fr\/#\/schema\/logo\/image\/","url":"https:\/\/alice.ch\/app\/uploads\/2022\/07\/logo-sveb.png","contentUrl":"https:\/\/alice.ch\/app\/uploads\/2022\/07\/logo-sveb.png","width":145,"height":64,"caption":"FSEA F\u00e9d\u00e9ration suisse pour la formation continue"},"image":{"@id":"https:\/\/alice.ch\/fr\/#\/schema\/logo\/image\/"},"sameAs":["https:\/\/www.linkedin.com\/company\/schweizerischer-verband-fr-weiterbildung-sveb\/"]}]}},"_links":{"self":[{"href":"https:\/\/alice.ch\/fr\/wp-json\/wp\/v2\/event\/74328","targetHints":{"allow":["GET"]}}],"collection":[{"href":"https:\/\/alice.ch\/fr\/wp-json\/wp\/v2\/event"}],"about":[{"href":"https:\/\/alice.ch\/fr\/wp-json\/wp\/v2\/types\/event"}],"author":[{"embeddable":true,"href":"https:\/\/alice.ch\/fr\/wp-json\/wp\/v2\/users\/43"}],"version-history":[{"count":9,"href":"https:\/\/alice.ch\/fr\/wp-json\/wp\/v2\/event\/74328\/revisions"}],"predecessor-version":[{"id":74592,"href":"https:\/\/alice.ch\/fr\/wp-json\/wp\/v2\/event\/74328\/revisions\/74592"}],"wp:featuredmedia":[{"embeddable":true,"href":"https:\/\/alice.ch\/fr\/wp-json\/wp\/v2\/media\/74533"}],"wp:attachment":[{"href":"https:\/\/alice.ch\/fr\/wp-json\/wp\/v2\/media?parent=74328"}],"wp:term":[{"taxonomy":"event-category","embeddable":true,"href":"https:\/\/alice.ch\/fr\/wp-json\/wp\/v2\/event-category?post=74328"},{"taxonomy":"event-tag","embeddable":true,"href":"https:\/\/alice.ch\/fr\/wp-json\/wp\/v2\/event-tag?post=74328"},{"taxonomy":"event-status","embeddable":true,"href":"https:\/\/alice.ch\/fr\/wp-json\/wp\/v2\/event-status?post=74328"},{"taxonomy":"event-language","embeddable":true,"href":"https:\/\/alice.ch\/fr\/wp-json\/wp\/v2\/event-language?post=74328"},{"taxonomy":"global-category","embeddable":true,"href":"https:\/\/alice.ch\/fr\/wp-json\/wp\/v2\/global-category?post=74328"}],"curies":[{"name":"wp","href":"https:\/\/api.w.org\/{rel}","templated":true}]}}