{"id":75302,"date":"2026-04-29T15:55:21","date_gmt":"2026-04-29T13:55:21","guid":{"rendered":"https:\/\/alice.ch\/event\/als-institution-klimafreundlicher-agieren\/"},"modified":"2026-04-30T20:37:31","modified_gmt":"2026-04-30T18:37:31","slug":"als-institution-klimafreundlicher-agieren","status":"publish","type":"event","link":"https:\/\/alice.ch\/fr\/event\/als-institution-klimafreundlicher-agieren\/","title":{"rendered":"Klima-Check: Als\u00a0Institution\u00a0klimafreundlicher agieren\u00a0"},"content":{"rendered":"\n<h2 class=\"wp-block-heading\">Neues Angebot ab September 2026\u00a0f\u00fcr\u00a0mehr\u00a0Klimafreundlichkeit\u00a0von\u00a0Weiterbildungsinstitutionen\u00a0<\/h2>\n\n\n\n<p class=\"is-style-lead\">Zusammen\u00a0mit\u00a0myclimate\u00a0bietet\u00a0der\u00a0SVEB\u00a0ab\u00a0September\u00a02026\u00a0Workshops\u00a0und\u00a0Begleitung\u00a0f\u00fcr\u00a0Weiterbildungsinstitutionen\u00a0an, die sich\u00a0nachhaltiger\u00a0ausrichten m\u00f6chten.\u00a0<\/p>\n\n\n\n<p>Wie kann meine&nbsp;Weiterbildungsinstitution nachhaltig agieren?&nbsp;In einem&nbsp;interaktiven&nbsp;und praxisorientierten&nbsp;Workshop-Nachmittag&nbsp;k\u00f6nnen&nbsp;sich&nbsp;interessierte&nbsp;Weiterbildungsinstitutionen&nbsp;intensiv mit der Klimafreundlichkeit der eigenen Institution auseinandersetzen,&nbsp;Potenzial&nbsp;zur St\u00e4rkung der Klimafreundlichkeit erkennen und&nbsp;konkrete Massnahmen definieren.&nbsp;Expertinnen und Experten von&nbsp;myclimate&nbsp;unterst\u00fctzen&nbsp;die Teilnehmenden&nbsp;dabei, die richtigen&nbsp;Hebel f\u00fcr die eigene Institution zu finden.&nbsp;&nbsp;<\/p>\n\n\n\n<p>Der Workshop&nbsp;und die Begleitmassnahmen&nbsp;orientieren sich&nbsp;an&nbsp;den&nbsp;Klima-Check\u2013 einem&nbsp;Analysetool f\u00fcr die nachhaltige Entwicklung von Weiterbildungsinstitutionen.&nbsp;Neben der Arbeit am Klima-Check bietet der&nbsp;Anlass&nbsp;Raum f\u00fcr&nbsp;fachliche Inputs von myclimate&nbsp;sowie&nbsp;f\u00fcr den&nbsp;aktiven Austausch&nbsp;unter den&nbsp;Teilnehmenden.&nbsp;Der Workshop eignet sich auch f\u00fcr Institutionen, die&nbsp;sich bereits mit ihrer Klimafreundlichkeit auseinandergesetzt&nbsp;haben und gerne Beratung f\u00fcr die n\u00e4chsten Schritte in Anspruch nehmen m\u00f6chten.&nbsp;&nbsp;<\/p>\n\n\n\n<p>Anschliessend an den Workshop haben die Teilnehmenden&nbsp;rund drei Monate&nbsp;Zeit, die Massnahmen weiterzuentwickeln, zu erproben und umzusetzen. Die Expertinnen und Experten&nbsp;stehen den Teilnehmenden in dieser Phase nach Bedarf zur Seite.&nbsp;Ein gemeinsamer Online-Schlussanlass&nbsp;erm\u00f6glicht&nbsp;Austausch und Reflexion&nbsp;und rundet das Angebot ab.&nbsp;<\/p>\n\n\n\n<p>Der Workshop&nbsp;findet&nbsp;sowohl in der Deutschschweiz&nbsp;(10. September 2026, Raum Z\u00fcrich)&nbsp;als auch in der&nbsp;Romandie&nbsp;(10. November 2026, Raum Lausanne)&nbsp;statt.&nbsp;Die&nbsp;Termine&nbsp;f\u00fcr den Online-Schlussanlass&nbsp;werden&nbsp;gemeinsam mit den an den&nbsp;Workshops&nbsp;teilnehmenden Institutionen festgelegt.&nbsp;Das Angebot&nbsp;richtet sich an alle interessierten&nbsp;Weiterbildungsinstitutionen.&nbsp;<\/p>\n\n\n\n<p>Bei Fragen&nbsp;k\u00f6nnen Sie sich gerne bei uns melden (<a href=\"mailto:adea.barileva@alice.ch\" target=\"_blank\" rel=\"noreferrer noopener\">adea.barileva@alice.ch<\/a>).&nbsp;<\/p>\n\n\n\n<hr class=\"wp-block-separator has-alpha-channel-opacity\"\/>\n\n\n\n<p><a id=\"_msocom_1\"><\/a><\/p>\n","protected":false},"excerpt":{"rendered":"<p>Neues Angebot ab September 2026\u00a0f\u00fcr\u00a0mehr\u00a0Klimafreundlichkeit\u00a0von\u00a0Weiterbildungsinstitutionen\u00a0 Zusammen\u00a0mit\u00a0myclimate\u00a0bietet\u00a0der\u00a0SVEB\u00a0ab\u00a0September\u00a02026\u00a0Workshops\u00a0und\u00a0Begleitung\u00a0f\u00fcr\u00a0Weiterbildungsinstitutionen\u00a0an, die sich\u00a0nachhaltiger\u00a0ausrichten m\u00f6chten.\u00a0 Wie kann meine&nbsp;Weiterbildungsinstitution nachhaltig agieren?&nbsp;In einem&nbsp;interaktiven&nbsp;und praxisorientierten&nbsp;Workshop-Nachmittag&nbsp;k\u00f6nnen&nbsp;sich&nbsp;interessierte&nbsp;Weiterbildungsinstitutionen&nbsp;intensiv mit der Klimafreundlichkeit der [&hellip;]<\/p>\n","protected":false},"author":43,"featured_media":75311,"template":"","meta":{"_acf_changed":false,"inline_featured_image":false,"footnotes":""},"event-category":[103],"event-tag":[469,320],"event-status":[225,201],"event-language":[206,202],"global-category":[449],"class_list":["post-75302","event","type-event","status-publish","has-post-thumbnail","hentry","event-category-evenements-fsea-kooperation","event-tag-2026-2","event-tag-sveb-kooperation-events-fr","event-status-actualite","event-status-aktuell","event-language-allemand","event-language-deutsch","global-category-klima-check-fr"],"acf":[],"yoast_head":"<!-- This site is optimized with the Yoast SEO plugin v27.3 - https:\/\/yoast.com\/product\/yoast-seo-wordpress\/ -->\n<title>Klima-Check: Als\u00a0Institution\u00a0klimafreundlicher agieren\u00a0 - FSEA<\/title>\n<meta name=\"robots\" content=\"index, follow, max-snippet:-1, max-image-preview:large, max-video-preview:-1\" \/>\n<link rel=\"canonical\" href=\"https:\/\/alice.ch\/fr\/event\/als-institution-klimafreundlicher-agieren\/\" \/>\n<meta property=\"og:locale\" content=\"fr_FR\" \/>\n<meta property=\"og:type\" content=\"article\" \/>\n<meta property=\"og:title\" content=\"Klima-Check: Als\u00a0Institution\u00a0klimafreundlicher agieren\u00a0 - FSEA\" \/>\n<meta property=\"og:description\" content=\"Neues Angebot ab September 2026\u00a0f\u00fcr\u00a0mehr\u00a0Klimafreundlichkeit\u00a0von\u00a0Weiterbildungsinstitutionen\u00a0 Zusammen\u00a0mit\u00a0myclimate\u00a0bietet\u00a0der\u00a0SVEB\u00a0ab\u00a0September\u00a02026\u00a0Workshops\u00a0und\u00a0Begleitung\u00a0f\u00fcr\u00a0Weiterbildungsinstitutionen\u00a0an, die sich\u00a0nachhaltiger\u00a0ausrichten m\u00f6chten.\u00a0 Wie kann meine&nbsp;Weiterbildungsinstitution nachhaltig agieren?&nbsp;In einem&nbsp;interaktiven&nbsp;und praxisorientierten&nbsp;Workshop-Nachmittag&nbsp;k\u00f6nnen&nbsp;sich&nbsp;interessierte&nbsp;Weiterbildungsinstitutionen&nbsp;intensiv mit der Klimafreundlichkeit der [&hellip;]\" \/>\n<meta property=\"og:url\" content=\"https:\/\/alice.ch\/fr\/event\/als-institution-klimafreundlicher-agieren\/\" \/>\n<meta property=\"og:site_name\" content=\"SVEB\" \/>\n<meta property=\"article:modified_time\" content=\"2026-04-30T18:37:31+00:00\" \/>\n<meta property=\"og:image\" content=\"https:\/\/alice.ch\/app\/uploads\/2026\/04\/klima-check-2026-1.jpg\" \/>\n\t<meta property=\"og:image:width\" content=\"771\" \/>\n\t<meta property=\"og:image:height\" content=\"385\" \/>\n\t<meta property=\"og:image:type\" content=\"image\/jpeg\" \/>\n<meta name=\"twitter:card\" content=\"summary_large_image\" \/>\n<meta name=\"twitter:label1\" content=\"Dur\u00e9e de lecture estim\u00e9e\" \/>\n\t<meta name=\"twitter:data1\" content=\"2 minutes\" \/>\n<script type=\"application\/ld+json\" class=\"yoast-schema-graph\">{\"@context\":\"https:\\\/\\\/schema.org\",\"@graph\":[{\"@type\":\"WebPage\",\"@id\":\"https:\\\/\\\/alice.ch\\\/fr\\\/event\\\/als-institution-klimafreundlicher-agieren\\\/\",\"url\":\"https:\\\/\\\/alice.ch\\\/fr\\\/event\\\/als-institution-klimafreundlicher-agieren\\\/\",\"name\":\"Klima-Check: Als\u00a0Institution\u00a0klimafreundlicher agieren\u00a0 - FSEA\",\"isPartOf\":{\"@id\":\"https:\\\/\\\/alice.ch\\\/fr\\\/#website\"},\"primaryImageOfPage\":{\"@id\":\"https:\\\/\\\/alice.ch\\\/fr\\\/event\\\/als-institution-klimafreundlicher-agieren\\\/#primaryimage\"},\"image\":{\"@id\":\"https:\\\/\\\/alice.ch\\\/fr\\\/event\\\/als-institution-klimafreundlicher-agieren\\\/#primaryimage\"},\"thumbnailUrl\":\"https:\\\/\\\/alice.ch\\\/app\\\/uploads\\\/2026\\\/04\\\/klima-check-2026-1.jpg\",\"datePublished\":\"2026-04-29T13:55:21+00:00\",\"dateModified\":\"2026-04-30T18:37:31+00:00\",\"breadcrumb\":{\"@id\":\"https:\\\/\\\/alice.ch\\\/fr\\\/event\\\/als-institution-klimafreundlicher-agieren\\\/#breadcrumb\"},\"inLanguage\":\"fr-FR\",\"potentialAction\":[{\"@type\":\"ReadAction\",\"target\":[\"https:\\\/\\\/alice.ch\\\/fr\\\/event\\\/als-institution-klimafreundlicher-agieren\\\/\"]}]},{\"@type\":\"ImageObject\",\"inLanguage\":\"fr-FR\",\"@id\":\"https:\\\/\\\/alice.ch\\\/fr\\\/event\\\/als-institution-klimafreundlicher-agieren\\\/#primaryimage\",\"url\":\"https:\\\/\\\/alice.ch\\\/app\\\/uploads\\\/2026\\\/04\\\/klima-check-2026-1.jpg\",\"contentUrl\":\"https:\\\/\\\/alice.ch\\\/app\\\/uploads\\\/2026\\\/04\\\/klima-check-2026-1.jpg\",\"width\":771,\"height\":385},{\"@type\":\"BreadcrumbList\",\"@id\":\"https:\\\/\\\/alice.ch\\\/fr\\\/event\\\/als-institution-klimafreundlicher-agieren\\\/#breadcrumb\",\"itemListElement\":[{\"@type\":\"ListItem\",\"position\":1,\"name\":\"Page d'accueil\",\"item\":\"https:\\\/\\\/alice.ch\\\/fr\\\/\"},{\"@type\":\"ListItem\",\"position\":2,\"name\":\"Events\",\"item\":\"https:\\\/\\\/alice.ch\\\/fr\\\/event\\\/\"},{\"@type\":\"ListItem\",\"position\":3,\"name\":\"Klima-Check: Als\u00a0Institution\u00a0klimafreundlicher agieren\u00a0\"}]},{\"@type\":\"WebSite\",\"@id\":\"https:\\\/\\\/alice.ch\\\/fr\\\/#website\",\"url\":\"https:\\\/\\\/alice.ch\\\/fr\\\/\",\"name\":\"alice.ch (Adult Learning Information Center) ist das Portal der Weiterbildung in der Schweiz.\",\"description\":\"Schweizerischer Verband f\u00fcr Weiterbildung\",\"publisher\":{\"@id\":\"https:\\\/\\\/alice.ch\\\/fr\\\/#organization\"},\"potentialAction\":[{\"@type\":\"SearchAction\",\"target\":{\"@type\":\"EntryPoint\",\"urlTemplate\":\"https:\\\/\\\/alice.ch\\\/fr\\\/?s={search_term_string}\"},\"query-input\":{\"@type\":\"PropertyValueSpecification\",\"valueRequired\":true,\"valueName\":\"search_term_string\"}}],\"inLanguage\":\"fr-FR\"},{\"@type\":\"Organization\",\"@id\":\"https:\\\/\\\/alice.ch\\\/fr\\\/#organization\",\"name\":\"FSEA F\u00e9d\u00e9ration suisse pour la formation continue\",\"url\":\"https:\\\/\\\/alice.ch\\\/fr\\\/\",\"logo\":{\"@type\":\"ImageObject\",\"inLanguage\":\"fr-FR\",\"@id\":\"https:\\\/\\\/alice.ch\\\/fr\\\/#\\\/schema\\\/logo\\\/image\\\/\",\"url\":\"https:\\\/\\\/alice.ch\\\/app\\\/uploads\\\/2022\\\/07\\\/logo-sveb.png\",\"contentUrl\":\"https:\\\/\\\/alice.ch\\\/app\\\/uploads\\\/2022\\\/07\\\/logo-sveb.png\",\"width\":145,\"height\":64,\"caption\":\"FSEA F\u00e9d\u00e9ration suisse pour la formation continue\"},\"image\":{\"@id\":\"https:\\\/\\\/alice.ch\\\/fr\\\/#\\\/schema\\\/logo\\\/image\\\/\"},\"sameAs\":[\"https:\\\/\\\/www.linkedin.com\\\/company\\\/schweizerischer-verband-fr-weiterbildung-sveb\\\/\"]}]}<\/script>\n<!-- \/ Yoast SEO plugin. -->","yoast_head_json":{"title":"Klima-Check: Als\u00a0Institution\u00a0klimafreundlicher agieren\u00a0 - FSEA","robots":{"index":"index","follow":"follow","max-snippet":"max-snippet:-1","max-image-preview":"max-image-preview:large","max-video-preview":"max-video-preview:-1"},"canonical":"https:\/\/alice.ch\/fr\/event\/als-institution-klimafreundlicher-agieren\/","og_locale":"fr_FR","og_type":"article","og_title":"Klima-Check: Als\u00a0Institution\u00a0klimafreundlicher agieren\u00a0 - FSEA","og_description":"Neues Angebot ab September 2026\u00a0f\u00fcr\u00a0mehr\u00a0Klimafreundlichkeit\u00a0von\u00a0Weiterbildungsinstitutionen\u00a0 Zusammen\u00a0mit\u00a0myclimate\u00a0bietet\u00a0der\u00a0SVEB\u00a0ab\u00a0September\u00a02026\u00a0Workshops\u00a0und\u00a0Begleitung\u00a0f\u00fcr\u00a0Weiterbildungsinstitutionen\u00a0an, die sich\u00a0nachhaltiger\u00a0ausrichten m\u00f6chten.\u00a0 Wie kann meine&nbsp;Weiterbildungsinstitution nachhaltig agieren?&nbsp;In einem&nbsp;interaktiven&nbsp;und praxisorientierten&nbsp;Workshop-Nachmittag&nbsp;k\u00f6nnen&nbsp;sich&nbsp;interessierte&nbsp;Weiterbildungsinstitutionen&nbsp;intensiv mit der Klimafreundlichkeit der [&hellip;]","og_url":"https:\/\/alice.ch\/fr\/event\/als-institution-klimafreundlicher-agieren\/","og_site_name":"SVEB","article_modified_time":"2026-04-30T18:37:31+00:00","og_image":[{"width":771,"height":385,"url":"https:\/\/alice.ch\/app\/uploads\/2026\/04\/klima-check-2026-1.jpg","type":"image\/jpeg"}],"twitter_card":"summary_large_image","twitter_misc":{"Dur\u00e9e de lecture estim\u00e9e":"2 minutes"},"schema":{"@context":"https:\/\/schema.org","@graph":[{"@type":"WebPage","@id":"https:\/\/alice.ch\/fr\/event\/als-institution-klimafreundlicher-agieren\/","url":"https:\/\/alice.ch\/fr\/event\/als-institution-klimafreundlicher-agieren\/","name":"Klima-Check: Als\u00a0Institution\u00a0klimafreundlicher agieren\u00a0 - FSEA","isPartOf":{"@id":"https:\/\/alice.ch\/fr\/#website"},"primaryImageOfPage":{"@id":"https:\/\/alice.ch\/fr\/event\/als-institution-klimafreundlicher-agieren\/#primaryimage"},"image":{"@id":"https:\/\/alice.ch\/fr\/event\/als-institution-klimafreundlicher-agieren\/#primaryimage"},"thumbnailUrl":"https:\/\/alice.ch\/app\/uploads\/2026\/04\/klima-check-2026-1.jpg","datePublished":"2026-04-29T13:55:21+00:00","dateModified":"2026-04-30T18:37:31+00:00","breadcrumb":{"@id":"https:\/\/alice.ch\/fr\/event\/als-institution-klimafreundlicher-agieren\/#breadcrumb"},"inLanguage":"fr-FR","potentialAction":[{"@type":"ReadAction","target":["https:\/\/alice.ch\/fr\/event\/als-institution-klimafreundlicher-agieren\/"]}]},{"@type":"ImageObject","inLanguage":"fr-FR","@id":"https:\/\/alice.ch\/fr\/event\/als-institution-klimafreundlicher-agieren\/#primaryimage","url":"https:\/\/alice.ch\/app\/uploads\/2026\/04\/klima-check-2026-1.jpg","contentUrl":"https:\/\/alice.ch\/app\/uploads\/2026\/04\/klima-check-2026-1.jpg","width":771,"height":385},{"@type":"BreadcrumbList","@id":"https:\/\/alice.ch\/fr\/event\/als-institution-klimafreundlicher-agieren\/#breadcrumb","itemListElement":[{"@type":"ListItem","position":1,"name":"Page d'accueil","item":"https:\/\/alice.ch\/fr\/"},{"@type":"ListItem","position":2,"name":"Events","item":"https:\/\/alice.ch\/fr\/event\/"},{"@type":"ListItem","position":3,"name":"Klima-Check: Als\u00a0Institution\u00a0klimafreundlicher agieren\u00a0"}]},{"@type":"WebSite","@id":"https:\/\/alice.ch\/fr\/#website","url":"https:\/\/alice.ch\/fr\/","name":"alice.ch (Adult Learning Information Center) ist das Portal der Weiterbildung in der Schweiz.","description":"Schweizerischer Verband f\u00fcr Weiterbildung","publisher":{"@id":"https:\/\/alice.ch\/fr\/#organization"},"potentialAction":[{"@type":"SearchAction","target":{"@type":"EntryPoint","urlTemplate":"https:\/\/alice.ch\/fr\/?s={search_term_string}"},"query-input":{"@type":"PropertyValueSpecification","valueRequired":true,"valueName":"search_term_string"}}],"inLanguage":"fr-FR"},{"@type":"Organization","@id":"https:\/\/alice.ch\/fr\/#organization","name":"FSEA F\u00e9d\u00e9ration suisse pour la formation continue","url":"https:\/\/alice.ch\/fr\/","logo":{"@type":"ImageObject","inLanguage":"fr-FR","@id":"https:\/\/alice.ch\/fr\/#\/schema\/logo\/image\/","url":"https:\/\/alice.ch\/app\/uploads\/2022\/07\/logo-sveb.png","contentUrl":"https:\/\/alice.ch\/app\/uploads\/2022\/07\/logo-sveb.png","width":145,"height":64,"caption":"FSEA F\u00e9d\u00e9ration suisse pour la formation continue"},"image":{"@id":"https:\/\/alice.ch\/fr\/#\/schema\/logo\/image\/"},"sameAs":["https:\/\/www.linkedin.com\/company\/schweizerischer-verband-fr-weiterbildung-sveb\/"]}]}},"_links":{"self":[{"href":"https:\/\/alice.ch\/fr\/wp-json\/wp\/v2\/event\/75302","targetHints":{"allow":["GET"]}}],"collection":[{"href":"https:\/\/alice.ch\/fr\/wp-json\/wp\/v2\/event"}],"about":[{"href":"https:\/\/alice.ch\/fr\/wp-json\/wp\/v2\/types\/event"}],"author":[{"embeddable":true,"href":"https:\/\/alice.ch\/fr\/wp-json\/wp\/v2\/users\/43"}],"version-history":[{"count":4,"href":"https:\/\/alice.ch\/fr\/wp-json\/wp\/v2\/event\/75302\/revisions"}],"predecessor-version":[{"id":75346,"href":"https:\/\/alice.ch\/fr\/wp-json\/wp\/v2\/event\/75302\/revisions\/75346"}],"wp:featuredmedia":[{"embeddable":true,"href":"https:\/\/alice.ch\/fr\/wp-json\/wp\/v2\/media\/75311"}],"wp:attachment":[{"href":"https:\/\/alice.ch\/fr\/wp-json\/wp\/v2\/media?parent=75302"}],"wp:term":[{"taxonomy":"event-category","embeddable":true,"href":"https:\/\/alice.ch\/fr\/wp-json\/wp\/v2\/event-category?post=75302"},{"taxonomy":"event-tag","embeddable":true,"href":"https:\/\/alice.ch\/fr\/wp-json\/wp\/v2\/event-tag?post=75302"},{"taxonomy":"event-status","embeddable":true,"href":"https:\/\/alice.ch\/fr\/wp-json\/wp\/v2\/event-status?post=75302"},{"taxonomy":"event-language","embeddable":true,"href":"https:\/\/alice.ch\/fr\/wp-json\/wp\/v2\/event-language?post=75302"},{"taxonomy":"global-category","embeddable":true,"href":"https:\/\/alice.ch\/fr\/wp-json\/wp\/v2\/global-category?post=75302"}],"curies":[{"name":"wp","href":"https:\/\/api.w.org\/{rel}","templated":true}]}}