{"id":75304,"date":"2026-04-29T17:28:35","date_gmt":"2026-04-29T15:28:35","guid":{"rendered":"https:\/\/alice.ch\/?post_type=event&#038;p=75304"},"modified":"2026-04-30T12:20:44","modified_gmt":"2026-04-30T10:20:44","slug":"climate-check-agir-de-maniere-plus-respectueuse-du-climat-en-tant-quinstitution","status":"publish","type":"event","link":"https:\/\/alice.ch\/fr\/event\/climate-check-agir-de-maniere-plus-respectueuse-du-climat-en-tant-quinstitution\/","title":{"rendered":"\u00abClimate Check\u00bb: agir de mani\u00e8re plus respectueuse du climat en tant qu\u2019institution"},"content":{"rendered":"\n<h2 class=\"wp-block-heading\">Pour des&nbsp;organisations&nbsp;de formation continue plus respectueuses du climat \u2013 nouvelle offre de la FSEA et de&nbsp;myclimate&nbsp;<\/h2>\n\n\n\n<p><strong>En collaboration avec&nbsp;myclimate, la FSEA proposera d\u00e8s septembre 2026 des ateliers et un accompagnement aux&nbsp;organisations&nbsp;de formation continue qui souhaitent s\u2019orienter vers un mode de fonctionnement plus durable.&nbsp;<\/strong><\/p>\n\n\n\n<p>Comment mon&nbsp;organisation&nbsp;de formation continue peut-elle agir de mani\u00e8re&nbsp;plus&nbsp;durable ?&nbsp;Pour r\u00e9pondre \u00e0 cela, la FSEA propose un&nbsp;atelier interactif ax\u00e9 sur la pratique, pendant lequel&nbsp;les&nbsp;organisations&nbsp;de formation continue pourront se pencher de mani\u00e8re approfondie sur le bilan climatique de leur propre&nbsp;organisation, identifier le potentiel de renforcement de ce bilan et d\u00e9finir des mesures concr\u00e8tes. Des expertes&nbsp;et experts&nbsp;de&nbsp;myclimate&nbsp;aideront les&nbsp;personnes&nbsp;participantes \u00e0 trouver les leviers adapt\u00e9s \u00e0 leur propre&nbsp;organisation.&nbsp;L\u2019atelier dure une apr\u00e8s-midi.&nbsp;<\/p>\n\n\n\n<p>L\u2019atelier et les mesures d\u2019accompagnement s\u2019appuient sur le \u00abClimate-Check\u00bb, un outil\u00a0d\u2019analyse pour le d\u00e9veloppement durable des\u00a0organisations\u00a0de formation continue. Outre le travail sur le \u00abClimate-Check\u00bb,\u00a0l\u2019atelier\u00a0offre un espace pour les\u00a0apports\u00a0techniques de\u00a0myclimate\u00a0ainsi que pour un \u00e9change actif entre les\u00a0personnes\u00a0participantes. L\u2019atelier convient \u00e9galement aux\u00a0organisations\u00a0qui se sont d\u00e9j\u00e0 pench\u00e9es sur leur empreinte climatique et qui souhaitent b\u00e9n\u00e9ficier de conseils pour les prochaines \u00e9tapes.\u00a0<\/p>\n\n\n\n<p>\u00c0 l\u2019issue de l\u2019atelier, les&nbsp;personnes&nbsp;participantes disposeront d\u2019environ trois mois pour d\u00e9velopper, tester et mettre en \u0153uvre les mesures.&nbsp;Pendant cette phase, les&nbsp;expertes et&nbsp;experts se tiendront \u00e0 la disposition des&nbsp;personnes&nbsp;participantes&nbsp;pour r\u00e9pondre \u00e0 leurs&nbsp;besoins. Un \u00e9v\u00e9nement de cl\u00f4ture en ligne permettra l\u2019\u00e9change et la r\u00e9flexion&nbsp;en commun.&nbsp;<\/p>\n\n\n\n<p>L\u2019atelier se tiendra aussi bien en Suisse al\u00e9manique (10 septembre 2026, r\u00e9gion de Zurich)&nbsp;qu\u2019en Suisse romande (10 novembre 2026, r\u00e9gion de Lausanne). Les dates de l\u2019\u00e9v\u00e8nement&nbsp;de cl\u00f4ture en ligne seront fix\u00e9es en concertation avec les&nbsp;personnes&nbsp;participantes. Cette offre s\u2019adresse \u00e0 toutes les&nbsp;organisations&nbsp;de formation continue int\u00e9ress\u00e9es.&nbsp;<\/p>\n\n\n\n<p>Si vous avez des questions, n\u2019h\u00e9sitez pas \u00e0 nous contacter (<a href=\"mailto:adea.barileva@alice.ch\" target=\"_blank\" rel=\"noreferrer noopener\">adea.barileva@alice.ch<\/a>).&nbsp;<\/p>\n","protected":false},"excerpt":{"rendered":"<p>Pour des&nbsp;organisations&nbsp;de formation continue plus respectueuses du climat \u2013 nouvelle offre de la FSEA et de&nbsp;myclimate&nbsp; En collaboration avec&nbsp;myclimate, la [&hellip;]<\/p>\n","protected":false},"author":43,"featured_media":20799,"template":"","meta":{"_acf_changed":false,"inline_featured_image":false,"footnotes":""},"event-category":[103],"event-tag":[469,320],"event-status":[225],"event-language":[207],"global-category":[449],"class_list":["post-75304","event","type-event","status-publish","has-post-thumbnail","hentry","event-category-evenements-fsea-kooperation","event-tag-2026-2","event-tag-sveb-kooperation-events-fr","event-status-actualite","event-language-francais","global-category-klima-check-fr"],"acf":[],"yoast_head":"<!-- This site is optimized with the Yoast SEO plugin v27.3 - https:\/\/yoast.com\/product\/yoast-seo-wordpress\/ -->\n<title>\u00abClimate Check\u00bb: agir de mani\u00e8re plus respectueuse du climat en tant qu\u2019institution - FSEA<\/title>\n<meta name=\"robots\" content=\"index, follow, max-snippet:-1, max-image-preview:large, max-video-preview:-1\" \/>\n<link rel=\"canonical\" href=\"https:\/\/alice.ch\/fr\/event\/climate-check-agir-de-maniere-plus-respectueuse-du-climat-en-tant-quinstitution\/\" \/>\n<meta property=\"og:locale\" content=\"fr_FR\" \/>\n<meta property=\"og:type\" content=\"article\" \/>\n<meta property=\"og:title\" content=\"\u00abClimate Check\u00bb: agir de mani\u00e8re plus respectueuse du climat en tant qu\u2019institution - FSEA\" \/>\n<meta property=\"og:description\" content=\"Pour des&nbsp;organisations&nbsp;de formation continue plus respectueuses du climat \u2013 nouvelle offre de la FSEA et de&nbsp;myclimate&nbsp; En collaboration avec&nbsp;myclimate, la [&hellip;]\" \/>\n<meta property=\"og:url\" content=\"https:\/\/alice.ch\/fr\/event\/climate-check-agir-de-maniere-plus-respectueuse-du-climat-en-tant-quinstitution\/\" \/>\n<meta property=\"og:site_name\" content=\"SVEB\" \/>\n<meta property=\"article:modified_time\" content=\"2026-04-30T10:20:44+00:00\" \/>\n<meta name=\"twitter:card\" content=\"summary_large_image\" \/>\n<meta name=\"twitter:label1\" content=\"Dur\u00e9e de lecture estim\u00e9e\" \/>\n\t<meta name=\"twitter:data1\" content=\"2 minutes\" \/>\n<script type=\"application\/ld+json\" class=\"yoast-schema-graph\">{\"@context\":\"https:\\\/\\\/schema.org\",\"@graph\":[{\"@type\":\"WebPage\",\"@id\":\"https:\\\/\\\/alice.ch\\\/fr\\\/event\\\/climate-check-agir-de-maniere-plus-respectueuse-du-climat-en-tant-quinstitution\\\/\",\"url\":\"https:\\\/\\\/alice.ch\\\/fr\\\/event\\\/climate-check-agir-de-maniere-plus-respectueuse-du-climat-en-tant-quinstitution\\\/\",\"name\":\"\u00abClimate Check\u00bb: agir de mani\u00e8re plus respectueuse du climat en tant qu\u2019institution - FSEA\",\"isPartOf\":{\"@id\":\"https:\\\/\\\/alice.ch\\\/fr\\\/#website\"},\"primaryImageOfPage\":{\"@id\":\"https:\\\/\\\/alice.ch\\\/fr\\\/event\\\/climate-check-agir-de-maniere-plus-respectueuse-du-climat-en-tant-quinstitution\\\/#primaryimage\"},\"image\":{\"@id\":\"https:\\\/\\\/alice.ch\\\/fr\\\/event\\\/climate-check-agir-de-maniere-plus-respectueuse-du-climat-en-tant-quinstitution\\\/#primaryimage\"},\"thumbnailUrl\":\"https:\\\/\\\/alice.ch\\\/app\\\/uploads\\\/2022\\\/11\\\/default.jpg\",\"datePublished\":\"2026-04-29T15:28:35+00:00\",\"dateModified\":\"2026-04-30T10:20:44+00:00\",\"breadcrumb\":{\"@id\":\"https:\\\/\\\/alice.ch\\\/fr\\\/event\\\/climate-check-agir-de-maniere-plus-respectueuse-du-climat-en-tant-quinstitution\\\/#breadcrumb\"},\"inLanguage\":\"fr-FR\",\"potentialAction\":[{\"@type\":\"ReadAction\",\"target\":[\"https:\\\/\\\/alice.ch\\\/fr\\\/event\\\/climate-check-agir-de-maniere-plus-respectueuse-du-climat-en-tant-quinstitution\\\/\"]}]},{\"@type\":\"ImageObject\",\"inLanguage\":\"fr-FR\",\"@id\":\"https:\\\/\\\/alice.ch\\\/fr\\\/event\\\/climate-check-agir-de-maniere-plus-respectueuse-du-climat-en-tant-quinstitution\\\/#primaryimage\",\"url\":\"https:\\\/\\\/alice.ch\\\/app\\\/uploads\\\/2022\\\/11\\\/default.jpg\",\"contentUrl\":\"https:\\\/\\\/alice.ch\\\/app\\\/uploads\\\/2022\\\/11\\\/default.jpg\",\"width\":370,\"height\":185},{\"@type\":\"BreadcrumbList\",\"@id\":\"https:\\\/\\\/alice.ch\\\/fr\\\/event\\\/climate-check-agir-de-maniere-plus-respectueuse-du-climat-en-tant-quinstitution\\\/#breadcrumb\",\"itemListElement\":[{\"@type\":\"ListItem\",\"position\":1,\"name\":\"Page d'accueil\",\"item\":\"https:\\\/\\\/alice.ch\\\/fr\\\/\"},{\"@type\":\"ListItem\",\"position\":2,\"name\":\"Events\",\"item\":\"https:\\\/\\\/alice.ch\\\/fr\\\/event\\\/\"},{\"@type\":\"ListItem\",\"position\":3,\"name\":\"\u00abClimate Check\u00bb: agir de mani\u00e8re plus respectueuse du climat en tant qu\u2019institution\"}]},{\"@type\":\"WebSite\",\"@id\":\"https:\\\/\\\/alice.ch\\\/fr\\\/#website\",\"url\":\"https:\\\/\\\/alice.ch\\\/fr\\\/\",\"name\":\"alice.ch (Adult Learning Information Center) ist das Portal der Weiterbildung in der Schweiz.\",\"description\":\"Schweizerischer Verband f\u00fcr Weiterbildung\",\"publisher\":{\"@id\":\"https:\\\/\\\/alice.ch\\\/fr\\\/#organization\"},\"potentialAction\":[{\"@type\":\"SearchAction\",\"target\":{\"@type\":\"EntryPoint\",\"urlTemplate\":\"https:\\\/\\\/alice.ch\\\/fr\\\/?s={search_term_string}\"},\"query-input\":{\"@type\":\"PropertyValueSpecification\",\"valueRequired\":true,\"valueName\":\"search_term_string\"}}],\"inLanguage\":\"fr-FR\"},{\"@type\":\"Organization\",\"@id\":\"https:\\\/\\\/alice.ch\\\/fr\\\/#organization\",\"name\":\"FSEA F\u00e9d\u00e9ration suisse pour la formation continue\",\"url\":\"https:\\\/\\\/alice.ch\\\/fr\\\/\",\"logo\":{\"@type\":\"ImageObject\",\"inLanguage\":\"fr-FR\",\"@id\":\"https:\\\/\\\/alice.ch\\\/fr\\\/#\\\/schema\\\/logo\\\/image\\\/\",\"url\":\"https:\\\/\\\/alice.ch\\\/app\\\/uploads\\\/2022\\\/07\\\/logo-sveb.png\",\"contentUrl\":\"https:\\\/\\\/alice.ch\\\/app\\\/uploads\\\/2022\\\/07\\\/logo-sveb.png\",\"width\":145,\"height\":64,\"caption\":\"FSEA F\u00e9d\u00e9ration suisse pour la formation continue\"},\"image\":{\"@id\":\"https:\\\/\\\/alice.ch\\\/fr\\\/#\\\/schema\\\/logo\\\/image\\\/\"},\"sameAs\":[\"https:\\\/\\\/www.linkedin.com\\\/company\\\/schweizerischer-verband-fr-weiterbildung-sveb\\\/\"]}]}<\/script>\n<!-- \/ Yoast SEO plugin. -->","yoast_head_json":{"title":"\u00abClimate Check\u00bb: agir de mani\u00e8re plus respectueuse du climat en tant qu\u2019institution - FSEA","robots":{"index":"index","follow":"follow","max-snippet":"max-snippet:-1","max-image-preview":"max-image-preview:large","max-video-preview":"max-video-preview:-1"},"canonical":"https:\/\/alice.ch\/fr\/event\/climate-check-agir-de-maniere-plus-respectueuse-du-climat-en-tant-quinstitution\/","og_locale":"fr_FR","og_type":"article","og_title":"\u00abClimate Check\u00bb: agir de mani\u00e8re plus respectueuse du climat en tant qu\u2019institution - FSEA","og_description":"Pour des&nbsp;organisations&nbsp;de formation continue plus respectueuses du climat \u2013 nouvelle offre de la FSEA et de&nbsp;myclimate&nbsp; En collaboration avec&nbsp;myclimate, la [&hellip;]","og_url":"https:\/\/alice.ch\/fr\/event\/climate-check-agir-de-maniere-plus-respectueuse-du-climat-en-tant-quinstitution\/","og_site_name":"SVEB","article_modified_time":"2026-04-30T10:20:44+00:00","twitter_card":"summary_large_image","twitter_misc":{"Dur\u00e9e de lecture estim\u00e9e":"2 minutes"},"schema":{"@context":"https:\/\/schema.org","@graph":[{"@type":"WebPage","@id":"https:\/\/alice.ch\/fr\/event\/climate-check-agir-de-maniere-plus-respectueuse-du-climat-en-tant-quinstitution\/","url":"https:\/\/alice.ch\/fr\/event\/climate-check-agir-de-maniere-plus-respectueuse-du-climat-en-tant-quinstitution\/","name":"\u00abClimate Check\u00bb: agir de mani\u00e8re plus respectueuse du climat en tant qu\u2019institution - FSEA","isPartOf":{"@id":"https:\/\/alice.ch\/fr\/#website"},"primaryImageOfPage":{"@id":"https:\/\/alice.ch\/fr\/event\/climate-check-agir-de-maniere-plus-respectueuse-du-climat-en-tant-quinstitution\/#primaryimage"},"image":{"@id":"https:\/\/alice.ch\/fr\/event\/climate-check-agir-de-maniere-plus-respectueuse-du-climat-en-tant-quinstitution\/#primaryimage"},"thumbnailUrl":"https:\/\/alice.ch\/app\/uploads\/2022\/11\/default.jpg","datePublished":"2026-04-29T15:28:35+00:00","dateModified":"2026-04-30T10:20:44+00:00","breadcrumb":{"@id":"https:\/\/alice.ch\/fr\/event\/climate-check-agir-de-maniere-plus-respectueuse-du-climat-en-tant-quinstitution\/#breadcrumb"},"inLanguage":"fr-FR","potentialAction":[{"@type":"ReadAction","target":["https:\/\/alice.ch\/fr\/event\/climate-check-agir-de-maniere-plus-respectueuse-du-climat-en-tant-quinstitution\/"]}]},{"@type":"ImageObject","inLanguage":"fr-FR","@id":"https:\/\/alice.ch\/fr\/event\/climate-check-agir-de-maniere-plus-respectueuse-du-climat-en-tant-quinstitution\/#primaryimage","url":"https:\/\/alice.ch\/app\/uploads\/2022\/11\/default.jpg","contentUrl":"https:\/\/alice.ch\/app\/uploads\/2022\/11\/default.jpg","width":370,"height":185},{"@type":"BreadcrumbList","@id":"https:\/\/alice.ch\/fr\/event\/climate-check-agir-de-maniere-plus-respectueuse-du-climat-en-tant-quinstitution\/#breadcrumb","itemListElement":[{"@type":"ListItem","position":1,"name":"Page d'accueil","item":"https:\/\/alice.ch\/fr\/"},{"@type":"ListItem","position":2,"name":"Events","item":"https:\/\/alice.ch\/fr\/event\/"},{"@type":"ListItem","position":3,"name":"\u00abClimate Check\u00bb: agir de mani\u00e8re plus respectueuse du climat en tant qu\u2019institution"}]},{"@type":"WebSite","@id":"https:\/\/alice.ch\/fr\/#website","url":"https:\/\/alice.ch\/fr\/","name":"alice.ch (Adult Learning Information Center) ist das Portal der Weiterbildung in der Schweiz.","description":"Schweizerischer Verband f\u00fcr Weiterbildung","publisher":{"@id":"https:\/\/alice.ch\/fr\/#organization"},"potentialAction":[{"@type":"SearchAction","target":{"@type":"EntryPoint","urlTemplate":"https:\/\/alice.ch\/fr\/?s={search_term_string}"},"query-input":{"@type":"PropertyValueSpecification","valueRequired":true,"valueName":"search_term_string"}}],"inLanguage":"fr-FR"},{"@type":"Organization","@id":"https:\/\/alice.ch\/fr\/#organization","name":"FSEA F\u00e9d\u00e9ration suisse pour la formation continue","url":"https:\/\/alice.ch\/fr\/","logo":{"@type":"ImageObject","inLanguage":"fr-FR","@id":"https:\/\/alice.ch\/fr\/#\/schema\/logo\/image\/","url":"https:\/\/alice.ch\/app\/uploads\/2022\/07\/logo-sveb.png","contentUrl":"https:\/\/alice.ch\/app\/uploads\/2022\/07\/logo-sveb.png","width":145,"height":64,"caption":"FSEA F\u00e9d\u00e9ration suisse pour la formation continue"},"image":{"@id":"https:\/\/alice.ch\/fr\/#\/schema\/logo\/image\/"},"sameAs":["https:\/\/www.linkedin.com\/company\/schweizerischer-verband-fr-weiterbildung-sveb\/"]}]}},"_links":{"self":[{"href":"https:\/\/alice.ch\/fr\/wp-json\/wp\/v2\/event\/75304","targetHints":{"allow":["GET"]}}],"collection":[{"href":"https:\/\/alice.ch\/fr\/wp-json\/wp\/v2\/event"}],"about":[{"href":"https:\/\/alice.ch\/fr\/wp-json\/wp\/v2\/types\/event"}],"author":[{"embeddable":true,"href":"https:\/\/alice.ch\/fr\/wp-json\/wp\/v2\/users\/43"}],"version-history":[{"count":5,"href":"https:\/\/alice.ch\/fr\/wp-json\/wp\/v2\/event\/75304\/revisions"}],"predecessor-version":[{"id":75327,"href":"https:\/\/alice.ch\/fr\/wp-json\/wp\/v2\/event\/75304\/revisions\/75327"}],"wp:featuredmedia":[{"embeddable":true,"href":"https:\/\/alice.ch\/fr\/wp-json\/wp\/v2\/media\/20799"}],"wp:attachment":[{"href":"https:\/\/alice.ch\/fr\/wp-json\/wp\/v2\/media?parent=75304"}],"wp:term":[{"taxonomy":"event-category","embeddable":true,"href":"https:\/\/alice.ch\/fr\/wp-json\/wp\/v2\/event-category?post=75304"},{"taxonomy":"event-tag","embeddable":true,"href":"https:\/\/alice.ch\/fr\/wp-json\/wp\/v2\/event-tag?post=75304"},{"taxonomy":"event-status","embeddable":true,"href":"https:\/\/alice.ch\/fr\/wp-json\/wp\/v2\/event-status?post=75304"},{"taxonomy":"event-language","embeddable":true,"href":"https:\/\/alice.ch\/fr\/wp-json\/wp\/v2\/event-language?post=75304"},{"taxonomy":"global-category","embeddable":true,"href":"https:\/\/alice.ch\/fr\/wp-json\/wp\/v2\/global-category?post=75304"}],"curies":[{"name":"wp","href":"https:\/\/api.w.org\/{rel}","templated":true}]}}