{"id":10980,"date":"2022-08-16T15:37:44","date_gmt":"2022-08-16T13:37:44","guid":{"rendered":"https:\/\/projects.atxeit.ch\/sveb\/weiterbildungssystem\/"},"modified":"2023-12-01T15:08:44","modified_gmt":"2023-12-01T14:08:44","slug":"systeme-de-formation-continue","status":"publish","type":"page","link":"https:\/\/alice.ch\/fr\/themes\/formation-continue-suisse\/systeme-de-formation-continue\/","title":{"rendered":"Syst\u00e8me de formation continue"},"content":{"rendered":"\n<div class=\"wp-block-group is-style-reduced-width is-layout-flow wp-block-group-is-layout-flow\">\n<h1 class=\"wp-block-heading\">La formation continue en Suisse : un syst\u00e8me h\u00e9t\u00e9rog\u00e8ne<\/h1>\n\n\n\n<p class=\"is-style-lead\">La formation continue en Suisse est tr\u00e8s diversifi\u00e9e. Qui cherche une formation continue a le choix parmi un grand nombre de prestataires et les formats les plus divers. La vari\u00e9t\u00e9 rend aussi l\u2019orientation plus difficile.<\/p>\n\n\n\n<p>La <a href=\"https:\/\/alice.ch\/fr\/fsea-fr\/politique-de-la-formation\/loi-sur-la-formation-continue\/\" target=\"_blank\" rel=\"noreferrer noopener\">loi sur la formation continue<\/a> (LFCo), entr\u00e9e en vigueur en\u202f2017, a inscrit la formation continue dans le syst\u00e8me de formation national et entend accro\u00eetre la transparence. Mais jusqu\u2019ici, cette loi n\u2019a pas eu d\u2019effet direct sur l\u2019offre de formation continue et sa transparence.&nbsp;<\/p>\n\n\n\n<h2 class=\"wp-block-heading\">Une offre vari\u00e9e<\/h2>\n\n\n\n<p>Il y a en Suisse une offre vaste et diversifi\u00e9e de formation continue. Elle comprend des cours, des s\u00e9minaires et webinaires, des formations et des \u00e9tudes post grade, mais aussi des possibilit\u00e9s d\u2019apprendre en dehors des structures de cours. Parmi ces possibilit\u00e9s comptent par exemple des visites de mus\u00e9es, des ateliers, des lectures, des excursions ou des congr\u00e8s. L\u2019apprentissage intentionnel sur le lieu de travail et l\u2019utilisation autonome de mat\u00e9riels d\u2019apprentissage ou d&rsquo;ouvrages sp\u00e9cialis\u00e9s font \u00e9galement partie de la formation continue, de m\u00eame que l\u2019apprentissage en groupes auto-organis\u00e9s. L\u2019apprentissage individuel informel qui ne s\u2019inscrit pas dans le cadre d\u2019une relation enseignant-apprenant organis\u00e9e fait partie, lui aussi, de la formation continue, \u00e0 condition qu\u2019il s\u2019agisse d\u2019un apprentissage intentionnel.<\/p>\n\n\n\n<h2 class=\"wp-block-heading\">Les prestataires priv\u00e9s dominent le march\u00e9 de la formation continue<\/h2>\n\n\n\n<p>Mais ce ne sont pas seulement les formes des formations continues qui sont h\u00e9t\u00e9rog\u00e8nes; l\u2019\u00e9ventail des prestataires va \u00e9galement de la petite \u00e9cole priv\u00e9e au grand groupe de formation continue, des organismes publics, associations ou syndicats aux micro-entreprises, studios d\u2019apprentissage et formateurs ind\u00e9pendants. Les prestataires priv\u00e9s dominent incontestablement ce domaine: ils proposent pr\u00e8s de 80\u202f% du total des heures de cours, tandis que les organismes publics \u2013 notamment les universit\u00e9s, les hautes \u00e9coles sp\u00e9cialis\u00e9es et les \u00e9coles professionnelles publiques \u2013 n\u2019en assurent qu\u2019environ 20\u202f%.&nbsp;<\/p>\n\n\n\n<h2 class=\"wp-block-heading\">Les cours de langue sont la forme la plus courante de formation continue<\/h2>\n\n\n\n<p>La diversit\u00e9 caract\u00e9rise \u00e9galement les contenus enseign\u00e9s. Parmi les contenus les plus demand\u00e9s comptent les domaines \u00absport, art, domaines cr\u00e9atifs\u00bb avec 35\u202f% du total des heures de cours suivies au cours d\u2019une ann\u00e9e, ainsi que les langues (13\u202f%) et les sciences et techniques (12\u202f%). La plupart des cours de formation continue peuvent \u00eatre suivis pour des raisons professionnelles comme pour des motifs priv\u00e9s. Ce que l\u2019on apprend pour son m\u00e9tier est \u00e9galement utile dans la vie priv\u00e9e, pour des activit\u00e9s b\u00e9n\u00e9voles ou de loisirs \u2013 et inversement: le monde du travail tire profit d\u2019adultes qui acqui\u00e8rent pendant leurs loisirs des comp\u00e9tences les plus diverses.&nbsp;<\/p>\n\n\n\n<h2 class=\"wp-block-heading\">Notre perception de la notion de formation continue<\/h2>\n\n\n\n<p>\u00c0 la FSEA, nous entendons la formation continue dans un sens int\u00e9gral, bas\u00e9 sur le paradigme de l\u2019apprentissage tout au long de la vie: elle englobe l\u2019ensemble des activit\u00e9s d\u2019apprentissage intentionnel chez les adultes, \u00e0 condition que celles-ci n\u2019aient pas lieu dans le cadre du syst\u00e8me de formation formelle. Outre les offres de formation organis\u00e9es, l\u2019apprentissage informel en fait \u00e9galement partie. Ce sont des activit\u00e9s qui servent explicitement \u00e0 des fins d\u2019apprentissage, mais ne s\u2019inscrivent pas dans le cadre d\u2019une relation enseignant-apprenant, comme par exemple la lecture autonome d\u2019ouvrages sp\u00e9cialis\u00e9s ou l\u2019apprentissage sur le terrain avec l\u2019aide des coll\u00e8gues de travail.&nbsp;<\/p>\n\n\n\n<p>Autrement dit: nous ne consid\u00e9rons pas les formations continues professionnelles et g\u00e9n\u00e9rales comme deux segments nettement distincts, mais plut\u00f4t comme deux zones d\u2019un m\u00eame univers. D\u2019autant plus que d\u2019un point de vue individuel, la diff\u00e9renciation est souvent peu pertinente: Pour l\u2019individu, ce qu\u2019il a appris peut servir sur le plan tant professionnel que priv\u00e9. Une comp\u00e9tence acquise pour des raisons personnelles \u2013 par exemple un cours de langue \u2013 peut par la suite s\u2019av\u00e9rer utile pour le travail \u00e9galement. Et inversement: ce que l\u2019on a appris dans le cadre d&rsquo;une profession et pour celle-ci peut souvent \u00eatre appliqu\u00e9 dans le domaine priv\u00e9 \u00e9galement.&nbsp;<\/p>\n\n\n\n<h2 class=\"wp-block-heading\">Nouvelle notion : la formation non formelle<\/h2>\n\n\n\n<p>Avec l\u2019introduction de la LFCo en\u202f2017, la notion de formation non formelle s\u2019impose peu \u00e0 peu. Ce terme est \u00e9galement r\u00e9pandu \u00e0 l\u2019\u00e9chelle internationale, mais sa signification n\u2019est pas la m\u00eame partout. Pour la Suisse, la LFCo d\u00e9finit ce qu\u2019est la formation non formelle:&nbsp;<\/p>\n\n\n\n<div class=\"wp-block-group is-style-run-to-edge has-primary-background-color has-background is-layout-flow wp-block-group-is-layout-flow\">\n<p><strong>LFCo art.\u202f3: D\u00e9finitions<\/strong>&nbsp;<br>\u00aba. formation continue (formation non formelle): la formation structur\u00e9e en dehors de la formation formelle.\u00bb&nbsp;<br>Par formation structur\u00e9e, on entend des formes d\u2019apprentissage bas\u00e9es sur une \u00abrelation enseignant-apprenant d\u00e9finie\u00bb. Celles-ci peuvent, mais ne doivent pas n\u00e9cessairement, \u00eatre des cours.&nbsp;<br>La formation formelle englobe les formations d\u00e9bouchant sur une certification r\u00e9glement\u00e9e par l\u2019\u00c9tat (secondaire II, formation professionnelle sup\u00e9rieure, grade acad\u00e9mique).&nbsp;<\/p>\n<\/div>\n\n\n\n<p><\/p>\n\n\n\n<p>La FSEA entend la formation continue dans un sens plus int\u00e9gral et plus large que la LFCo, selon laquelle l\u2019apprentissage informel ne fait pas partie de la formation continue.&nbsp;<\/p>\n\n\n\n<h2 class=\"wp-block-heading\">\u00abFormation continue\u00bb ou \u00abformation des adultes\u00bb?&nbsp;<\/h2>\n\n\n\n<p>Historiquement, le terme de \u00abformation des adultes\u00bb d\u00e9signait plut\u00f4t une \u00e9ducation g\u00e9n\u00e9rale et culturelle, alors que le terme de \u00abformation continue\u00bb \u00e9tait plut\u00f4t utilis\u00e9 pour la formation \u00e0 orientation professionnelle. Aujourd\u2019hui en Suisse, ces deux termes sont pratiquement utilis\u00e9s comme synonymes.&nbsp;&nbsp;<\/p>\n\n\n\n<h2 class=\"wp-block-heading\">Contact<\/h2>\n\n\n\n<div class=\"wp-block-columns is-layout-flex wp-container-core-columns-is-layout-28f84493 wp-block-columns-is-layout-flex\">\n<div class=\"wp-block-column is-layout-flow wp-block-column-is-layout-flow\" style=\"flex-basis:50%\"><div class=\"contact-persons\">\n\n\t\t\t\t\t<div class=\"contact-person\">\n\t\t\t\t\tIrena Sgier<br \/>\t\t\t\t\tDirectrice adjointe, Directrice de la recherche, du d\u00e9veloppement et de l\u2019innovation<br \/>\t\t\t\t\t<br \/>\n\t\t\t\t\t\t\t\t\t\t<a href=\"tel:+41 (0)44 319 71 59\">+41 (0)44 319 71 59<\/a><br \/>\t\t\t\t\t<a href=\"mailto:irena.sgier@alice.ch\">irena.sgier@alice.ch<\/a><br \/>\t\t\t\t\t<\/div>\n\t\t\t\t\t<\/div>\n<\/div>\n\n\n\n<div class=\"wp-block-column is-layout-flow wp-block-column-is-layout-flow\" style=\"flex-basis:50%\"><\/div>\n<\/div>\n<\/div>\n","protected":false},"excerpt":{"rendered":"<p>La formation continue en Suisse : un syst\u00e8me h\u00e9t\u00e9rog\u00e8ne La formation continue en Suisse est tr\u00e8s diversifi\u00e9e. Qui cherche une [&hellip;]<\/p>\n","protected":false},"author":2,"featured_media":20799,"parent":14922,"menu_order":21,"comment_status":"closed","ping_status":"closed","template":"","meta":{"_acf_changed":false,"inline_featured_image":false,"footnotes":""},"class_list":["post-10980","page","type-page","status-publish","has-post-thumbnail","hentry"],"acf":[],"yoast_head":"<!-- This site is optimized with the Yoast SEO plugin v27.3 - https:\/\/yoast.com\/product\/yoast-seo-wordpress\/ -->\n<title>Syst\u00e8me de formation continue - FSEA<\/title>\n<meta name=\"description\" content=\"Aper\u00e7u des caract\u00e9ristiques et des particularit\u00e9s du syst\u00e8me suisse de formation continue, qui est h\u00e9t\u00e9rog\u00e8ne, vaste et diversifi\u00e9\" \/>\n<meta name=\"robots\" content=\"index, follow, max-snippet:-1, max-image-preview:large, max-video-preview:-1\" \/>\n<link rel=\"canonical\" href=\"https:\/\/alice.ch\/fr\/themes\/formation-continue-suisse\/systeme-de-formation-continue\/\" \/>\n<meta property=\"og:locale\" content=\"fr_FR\" \/>\n<meta property=\"og:type\" content=\"article\" \/>\n<meta property=\"og:title\" content=\"Syst\u00e8me de formation continue - FSEA\" \/>\n<meta property=\"og:description\" content=\"Aper\u00e7u des caract\u00e9ristiques et des particularit\u00e9s du syst\u00e8me suisse de formation continue, qui est h\u00e9t\u00e9rog\u00e8ne, vaste et diversifi\u00e9\" \/>\n<meta property=\"og:url\" content=\"https:\/\/alice.ch\/fr\/themes\/formation-continue-suisse\/systeme-de-formation-continue\/\" \/>\n<meta property=\"og:site_name\" content=\"SVEB\" \/>\n<meta property=\"article:modified_time\" content=\"2023-12-01T14:08:44+00:00\" \/>\n<meta name=\"twitter:card\" content=\"summary_large_image\" \/>\n<meta name=\"twitter:label1\" content=\"Dur\u00e9e de lecture estim\u00e9e\" \/>\n\t<meta name=\"twitter:data1\" content=\"5 minutes\" \/>\n<script type=\"application\/ld+json\" class=\"yoast-schema-graph\">{\"@context\":\"https:\\\/\\\/schema.org\",\"@graph\":[{\"@type\":\"WebPage\",\"@id\":\"https:\\\/\\\/alice.ch\\\/fr\\\/themes\\\/formation-continue-suisse\\\/systeme-de-formation-continue\\\/\",\"url\":\"https:\\\/\\\/alice.ch\\\/fr\\\/themes\\\/formation-continue-suisse\\\/systeme-de-formation-continue\\\/\",\"name\":\"Syst\u00e8me de formation continue - FSEA\",\"isPartOf\":{\"@id\":\"https:\\\/\\\/alice.ch\\\/fr\\\/#website\"},\"primaryImageOfPage\":{\"@id\":\"https:\\\/\\\/alice.ch\\\/fr\\\/themes\\\/formation-continue-suisse\\\/systeme-de-formation-continue\\\/#primaryimage\"},\"image\":{\"@id\":\"https:\\\/\\\/alice.ch\\\/fr\\\/themes\\\/formation-continue-suisse\\\/systeme-de-formation-continue\\\/#primaryimage\"},\"thumbnailUrl\":\"https:\\\/\\\/alice.ch\\\/app\\\/uploads\\\/2022\\\/11\\\/default.jpg\",\"datePublished\":\"2022-08-16T13:37:44+00:00\",\"dateModified\":\"2023-12-01T14:08:44+00:00\",\"description\":\"Aper\u00e7u des caract\u00e9ristiques et des particularit\u00e9s du syst\u00e8me suisse de formation continue, qui est h\u00e9t\u00e9rog\u00e8ne, vaste et diversifi\u00e9\",\"breadcrumb\":{\"@id\":\"https:\\\/\\\/alice.ch\\\/fr\\\/themes\\\/formation-continue-suisse\\\/systeme-de-formation-continue\\\/#breadcrumb\"},\"inLanguage\":\"fr-FR\",\"potentialAction\":[{\"@type\":\"ReadAction\",\"target\":[\"https:\\\/\\\/alice.ch\\\/fr\\\/themes\\\/formation-continue-suisse\\\/systeme-de-formation-continue\\\/\"]}]},{\"@type\":\"ImageObject\",\"inLanguage\":\"fr-FR\",\"@id\":\"https:\\\/\\\/alice.ch\\\/fr\\\/themes\\\/formation-continue-suisse\\\/systeme-de-formation-continue\\\/#primaryimage\",\"url\":\"https:\\\/\\\/alice.ch\\\/app\\\/uploads\\\/2022\\\/11\\\/default.jpg\",\"contentUrl\":\"https:\\\/\\\/alice.ch\\\/app\\\/uploads\\\/2022\\\/11\\\/default.jpg\",\"width\":1600,\"height\":900},{\"@type\":\"BreadcrumbList\",\"@id\":\"https:\\\/\\\/alice.ch\\\/fr\\\/themes\\\/formation-continue-suisse\\\/systeme-de-formation-continue\\\/#breadcrumb\",\"itemListElement\":[{\"@type\":\"ListItem\",\"position\":1,\"name\":\"Page d'accueil\",\"item\":\"https:\\\/\\\/alice.ch\\\/fr\\\/\"},{\"@type\":\"ListItem\",\"position\":2,\"name\":\"Th\u00e8mes\",\"item\":\"https:\\\/\\\/alice.ch\\\/fr\\\/themes\\\/\"},{\"@type\":\"ListItem\",\"position\":3,\"name\":\"Formation continue en suisse\",\"item\":\"https:\\\/\\\/alice.ch\\\/fr\\\/themes\\\/formation-continue-suisse\\\/\"},{\"@type\":\"ListItem\",\"position\":4,\"name\":\"Syst\u00e8me de formation continue\"}]},{\"@type\":\"WebSite\",\"@id\":\"https:\\\/\\\/alice.ch\\\/fr\\\/#website\",\"url\":\"https:\\\/\\\/alice.ch\\\/fr\\\/\",\"name\":\"alice.ch (Adult Learning Information Center) ist das Portal der Weiterbildung in der Schweiz.\",\"description\":\"Schweizerischer Verband f\u00fcr Weiterbildung\",\"publisher\":{\"@id\":\"https:\\\/\\\/alice.ch\\\/fr\\\/#organization\"},\"potentialAction\":[{\"@type\":\"SearchAction\",\"target\":{\"@type\":\"EntryPoint\",\"urlTemplate\":\"https:\\\/\\\/alice.ch\\\/fr\\\/?s={search_term_string}\"},\"query-input\":{\"@type\":\"PropertyValueSpecification\",\"valueRequired\":true,\"valueName\":\"search_term_string\"}}],\"inLanguage\":\"fr-FR\"},{\"@type\":\"Organization\",\"@id\":\"https:\\\/\\\/alice.ch\\\/fr\\\/#organization\",\"name\":\"FSEA F\u00e9d\u00e9ration suisse pour la formation continue\",\"url\":\"https:\\\/\\\/alice.ch\\\/fr\\\/\",\"logo\":{\"@type\":\"ImageObject\",\"inLanguage\":\"fr-FR\",\"@id\":\"https:\\\/\\\/alice.ch\\\/fr\\\/#\\\/schema\\\/logo\\\/image\\\/\",\"url\":\"https:\\\/\\\/alice.ch\\\/app\\\/uploads\\\/2022\\\/07\\\/logo-sveb.png\",\"contentUrl\":\"https:\\\/\\\/alice.ch\\\/app\\\/uploads\\\/2022\\\/07\\\/logo-sveb.png\",\"width\":145,\"height\":64,\"caption\":\"FSEA F\u00e9d\u00e9ration suisse pour la formation continue\"},\"image\":{\"@id\":\"https:\\\/\\\/alice.ch\\\/fr\\\/#\\\/schema\\\/logo\\\/image\\\/\"},\"sameAs\":[\"https:\\\/\\\/www.linkedin.com\\\/company\\\/schweizerischer-verband-fr-weiterbildung-sveb\\\/\"]}]}<\/script>\n<!-- \/ Yoast SEO plugin. -->","yoast_head_json":{"title":"Syst\u00e8me de formation continue - FSEA","description":"Aper\u00e7u des caract\u00e9ristiques et des particularit\u00e9s du syst\u00e8me suisse de formation continue, qui est h\u00e9t\u00e9rog\u00e8ne, vaste et diversifi\u00e9","robots":{"index":"index","follow":"follow","max-snippet":"max-snippet:-1","max-image-preview":"max-image-preview:large","max-video-preview":"max-video-preview:-1"},"canonical":"https:\/\/alice.ch\/fr\/themes\/formation-continue-suisse\/systeme-de-formation-continue\/","og_locale":"fr_FR","og_type":"article","og_title":"Syst\u00e8me de formation continue - FSEA","og_description":"Aper\u00e7u des caract\u00e9ristiques et des particularit\u00e9s du syst\u00e8me suisse de formation continue, qui est h\u00e9t\u00e9rog\u00e8ne, vaste et diversifi\u00e9","og_url":"https:\/\/alice.ch\/fr\/themes\/formation-continue-suisse\/systeme-de-formation-continue\/","og_site_name":"SVEB","article_modified_time":"2023-12-01T14:08:44+00:00","twitter_card":"summary_large_image","twitter_misc":{"Dur\u00e9e de lecture estim\u00e9e":"5 minutes"},"schema":{"@context":"https:\/\/schema.org","@graph":[{"@type":"WebPage","@id":"https:\/\/alice.ch\/fr\/themes\/formation-continue-suisse\/systeme-de-formation-continue\/","url":"https:\/\/alice.ch\/fr\/themes\/formation-continue-suisse\/systeme-de-formation-continue\/","name":"Syst\u00e8me de formation continue - FSEA","isPartOf":{"@id":"https:\/\/alice.ch\/fr\/#website"},"primaryImageOfPage":{"@id":"https:\/\/alice.ch\/fr\/themes\/formation-continue-suisse\/systeme-de-formation-continue\/#primaryimage"},"image":{"@id":"https:\/\/alice.ch\/fr\/themes\/formation-continue-suisse\/systeme-de-formation-continue\/#primaryimage"},"thumbnailUrl":"https:\/\/alice.ch\/app\/uploads\/2022\/11\/default.jpg","datePublished":"2022-08-16T13:37:44+00:00","dateModified":"2023-12-01T14:08:44+00:00","description":"Aper\u00e7u des caract\u00e9ristiques et des particularit\u00e9s du syst\u00e8me suisse de formation continue, qui est h\u00e9t\u00e9rog\u00e8ne, vaste et diversifi\u00e9","breadcrumb":{"@id":"https:\/\/alice.ch\/fr\/themes\/formation-continue-suisse\/systeme-de-formation-continue\/#breadcrumb"},"inLanguage":"fr-FR","potentialAction":[{"@type":"ReadAction","target":["https:\/\/alice.ch\/fr\/themes\/formation-continue-suisse\/systeme-de-formation-continue\/"]}]},{"@type":"ImageObject","inLanguage":"fr-FR","@id":"https:\/\/alice.ch\/fr\/themes\/formation-continue-suisse\/systeme-de-formation-continue\/#primaryimage","url":"https:\/\/alice.ch\/app\/uploads\/2022\/11\/default.jpg","contentUrl":"https:\/\/alice.ch\/app\/uploads\/2022\/11\/default.jpg","width":1600,"height":900},{"@type":"BreadcrumbList","@id":"https:\/\/alice.ch\/fr\/themes\/formation-continue-suisse\/systeme-de-formation-continue\/#breadcrumb","itemListElement":[{"@type":"ListItem","position":1,"name":"Page d'accueil","item":"https:\/\/alice.ch\/fr\/"},{"@type":"ListItem","position":2,"name":"Th\u00e8mes","item":"https:\/\/alice.ch\/fr\/themes\/"},{"@type":"ListItem","position":3,"name":"Formation continue en suisse","item":"https:\/\/alice.ch\/fr\/themes\/formation-continue-suisse\/"},{"@type":"ListItem","position":4,"name":"Syst\u00e8me de formation continue"}]},{"@type":"WebSite","@id":"https:\/\/alice.ch\/fr\/#website","url":"https:\/\/alice.ch\/fr\/","name":"alice.ch (Adult Learning Information Center) ist das Portal der Weiterbildung in der Schweiz.","description":"Schweizerischer Verband f\u00fcr Weiterbildung","publisher":{"@id":"https:\/\/alice.ch\/fr\/#organization"},"potentialAction":[{"@type":"SearchAction","target":{"@type":"EntryPoint","urlTemplate":"https:\/\/alice.ch\/fr\/?s={search_term_string}"},"query-input":{"@type":"PropertyValueSpecification","valueRequired":true,"valueName":"search_term_string"}}],"inLanguage":"fr-FR"},{"@type":"Organization","@id":"https:\/\/alice.ch\/fr\/#organization","name":"FSEA F\u00e9d\u00e9ration suisse pour la formation continue","url":"https:\/\/alice.ch\/fr\/","logo":{"@type":"ImageObject","inLanguage":"fr-FR","@id":"https:\/\/alice.ch\/fr\/#\/schema\/logo\/image\/","url":"https:\/\/alice.ch\/app\/uploads\/2022\/07\/logo-sveb.png","contentUrl":"https:\/\/alice.ch\/app\/uploads\/2022\/07\/logo-sveb.png","width":145,"height":64,"caption":"FSEA F\u00e9d\u00e9ration suisse pour la formation continue"},"image":{"@id":"https:\/\/alice.ch\/fr\/#\/schema\/logo\/image\/"},"sameAs":["https:\/\/www.linkedin.com\/company\/schweizerischer-verband-fr-weiterbildung-sveb\/"]}]}},"_links":{"self":[{"href":"https:\/\/alice.ch\/fr\/wp-json\/wp\/v2\/pages\/10980","targetHints":{"allow":["GET"]}}],"collection":[{"href":"https:\/\/alice.ch\/fr\/wp-json\/wp\/v2\/pages"}],"about":[{"href":"https:\/\/alice.ch\/fr\/wp-json\/wp\/v2\/types\/page"}],"author":[{"embeddable":true,"href":"https:\/\/alice.ch\/fr\/wp-json\/wp\/v2\/users\/2"}],"replies":[{"embeddable":true,"href":"https:\/\/alice.ch\/fr\/wp-json\/wp\/v2\/comments?post=10980"}],"version-history":[{"count":8,"href":"https:\/\/alice.ch\/fr\/wp-json\/wp\/v2\/pages\/10980\/revisions"}],"predecessor-version":[{"id":56299,"href":"https:\/\/alice.ch\/fr\/wp-json\/wp\/v2\/pages\/10980\/revisions\/56299"}],"up":[{"embeddable":true,"href":"https:\/\/alice.ch\/fr\/wp-json\/wp\/v2\/pages\/14922"}],"wp:featuredmedia":[{"embeddable":true,"href":"https:\/\/alice.ch\/fr\/wp-json\/wp\/v2\/media\/20799"}],"wp:attachment":[{"href":"https:\/\/alice.ch\/fr\/wp-json\/wp\/v2\/media?parent=10980"}],"curies":[{"name":"wp","href":"https:\/\/api.w.org\/{rel}","templated":true}]}}