{"id":10999,"date":"2022-08-16T15:39:11","date_gmt":"2022-08-16T13:39:11","guid":{"rendered":"https:\/\/projects.atxeit.ch\/sveb\/weiterbildungsbeteiligung\/"},"modified":"2024-07-18T16:42:11","modified_gmt":"2024-07-18T14:42:11","slug":"taux-de-participation","status":"publish","type":"page","link":"https:\/\/alice.ch\/fr\/themes\/formation-continue-suisse\/taux-de-participation\/","title":{"rendered":"Taux de participation"},"content":{"rendered":"\n<div class=\"wp-block-group is-style-reduced-width is-layout-flow wp-block-group-is-layout-flow\">\n<h1 class=\"wp-block-heading\">Participation de la population suisse \u00e0 la formation continue<\/h1>\n\n\n\n<p class=\"is-style-lead\">Depuis 2011, l&rsquo;Office f\u00e9d\u00e9ral de la statistique (OFS)\u00a0recueille tous les cinq ans des donn\u00e9es sur le comportement de la population r\u00e9sidente suisse en mati\u00e8re de formation continue et les synth\u00e9tise dans le \u00abMicro-recensement de la formation continue\u00bb.<\/p>\n\n\n\n<p>Les r\u00e9sultats sont bas\u00e9s sur des entretiens t\u00e9l\u00e9phoniques avec un \u00e9chantillon repr\u00e9sentatif d&rsquo;environ 10&rsquo;000 personnes. Il faut tenir compte du fait que les donn\u00e9es ont \u00e9t\u00e9 collect\u00e9es pendant la pand\u00e9mie de Corona, ce qui a eu un effet n\u00e9gatif sur la participation \u00e0 la formation.<\/p>\n\n\n\n<h2 class=\"wp-block-heading\">Taux de participation<\/h2>\n\n\n\n<p>Les graphiques suivants se rapportent \u00e0 la population r\u00e9sidente permanente de la Suisse \u00e2g\u00e9e de 15 \u00e0 75 ans. Les enqu\u00eates de l&rsquo;OFS de 2011, 2016 et 2021 servent de source de donn\u00e9es, ne d\u00e9finissant que l&rsquo;\u00e9ducation non formelle comme une activit\u00e9 de formation continue et excluant les formes d&rsquo;apprentissage informel.<\/p>\n\n\n\n<h3 class=\"wp-block-heading\">D\u00e9veloppement dans la participation \u00e0 la formation continue<\/h3>\n\n\n\n<div class=\"wp-block-columns is-layout-flex wp-container-core-columns-is-layout-28f84493 wp-block-columns-is-layout-flex\">\n<div class=\"wp-block-column is-layout-flow wp-block-column-is-layout-flow\" style=\"flex-basis:60%\">\n<figure class=\"wp-block-image size-full is-resized is-style-default\"><img decoding=\"async\" width=\"672\" height=\"480\" src=\"https:\/\/alice.ch\/app\/uploads\/2022\/11\/Abb1_Beteiligung-1-1.png\" alt=\"\" class=\"wp-image-18200\" style=\"width:788px;height:auto\" srcset=\"https:\/\/alice.ch\/app\/uploads\/2022\/11\/Abb1_Beteiligung-1-1.png 672w, https:\/\/alice.ch\/app\/uploads\/2022\/11\/Abb1_Beteiligung-1-1-300x214.png 300w\" sizes=\"(max-width: 672px) 100vw, 672px\" \/><\/figure>\n<\/div>\n\n\n\n<div class=\"wp-block-column is-layout-flow wp-block-column-is-layout-flow\" style=\"flex-basis:40%\">\n<p>La participation \u00e0 au moins une formation continue a augment\u00e9 de 4 points pour atteindre 62% dans l&rsquo;ensemble de la population suisse \u00e2g\u00e9e de 15 \u00e0 75 ans par rapport \u00e0 2011. Cette l\u00e9g\u00e8re hausse est la m\u00eame dans les trois r\u00e9gions linguistiques. Par cons\u00e9quent, les \u00e9carts entre les r\u00e9gions linguistiques demeurent au m\u00eame niveau.<\/p>\n<\/div>\n<\/div>\n\n\n\n<h3 class=\"wp-block-heading\">Participation \u00e0 la formation continue par cat\u00e9gorie d&rsquo;\u00e2ge<\/h3>\n\n\n\n<div class=\"wp-block-group is-layout-flow wp-block-group-is-layout-flow\">\n<div class=\"wp-block-columns is-layout-flex wp-container-core-columns-is-layout-28f84493 wp-block-columns-is-layout-flex\">\n<div class=\"wp-block-column is-layout-flow wp-block-column-is-layout-flow\" style=\"flex-basis:60%\">\n<figure class=\"wp-block-image size-full is-resized is-style-default\"><img decoding=\"async\" width=\"672\" height=\"480\" src=\"https:\/\/alice.ch\/app\/uploads\/2022\/11\/Abb2_Alter-1-1.png\" alt=\"\" class=\"wp-image-18204\" style=\"width:788px;height:auto\" srcset=\"https:\/\/alice.ch\/app\/uploads\/2022\/11\/Abb2_Alter-1-1.png 672w, https:\/\/alice.ch\/app\/uploads\/2022\/11\/Abb2_Alter-1-1-300x214.png 300w\" sizes=\"(max-width: 672px) 100vw, 672px\" \/><\/figure>\n<\/div>\n\n\n\n<div class=\"wp-block-column is-layout-flow wp-block-column-is-layout-flow\" style=\"flex-basis:40%\">\n<p>Le groupe d&rsquo;\u00e2ge des 25-34 ans participe le plus aux formations, avec un taux de participation \u00e0 76%. Le taux diminue ensuite avec l&rsquo;\u00e2ge. L&rsquo;\u00e9cart le plus important \u00e0 cet \u00e9gard se situe dans la cat\u00e9gorie des 65 \u00e0 75 ans, avec l&rsquo;\u00e2ge de la retraite. Seulement 32% de ce groupe est actif dans la formation continue.<\/p>\n<\/div>\n<\/div>\n<\/div>\n\n\n\n<h3 class=\"wp-block-heading\">Participation \u00e0 la formation continue selon le niveau de formation<\/h3>\n\n\n\n<div class=\"wp-block-columns is-layout-flex wp-container-core-columns-is-layout-28f84493 wp-block-columns-is-layout-flex\">\n<div class=\"wp-block-column is-layout-flow wp-block-column-is-layout-flow\" style=\"flex-basis:60%\">\n<figure class=\"wp-block-image size-full is-resized\"><img decoding=\"async\" width=\"672\" height=\"480\" src=\"https:\/\/alice.ch\/app\/uploads\/2022\/11\/Abb3_Bildung-1-1.png\" alt=\"\" class=\"wp-image-18208\" style=\"width:787px;height:auto\" srcset=\"https:\/\/alice.ch\/app\/uploads\/2022\/11\/Abb3_Bildung-1-1.png 672w, https:\/\/alice.ch\/app\/uploads\/2022\/11\/Abb3_Bildung-1-1-300x214.png 300w\" sizes=\"(max-width: 672px) 100vw, 672px\" \/><\/figure>\n<\/div>\n\n\n\n<div class=\"wp-block-column is-layout-flow wp-block-column-is-layout-flow\" style=\"flex-basis:40%\">\n<p>La participation \u00e0 la formation continue est li\u00e9e au niveau de formation des personnes. Le pourcentage de personnes ayant suivi au moins une formation continue en 2021 est multipli\u00e9 par quatre entre le groupe ayant suivi la scolarit\u00e9 obligatoire et les personnes ayant un dipl\u00f4me de l&rsquo;enseignement sup\u00e9rieur, passant d&rsquo;environ 16% \u00e0 64%.<\/p>\n<\/div>\n<\/div>\n\n\n\n<h3 class=\"wp-block-heading\">Participation \u00e0 la formation continue selon le statut sur le march\u00e9 du travail<\/h3>\n\n\n\n<div class=\"wp-block-columns is-layout-flex wp-container-core-columns-is-layout-28f84493 wp-block-columns-is-layout-flex\">\n<div class=\"wp-block-column is-layout-flow wp-block-column-is-layout-flow\" style=\"flex-basis:60%\">\n<figure class=\"wp-block-image size-full is-resized\"><img decoding=\"async\" width=\"672\" height=\"480\" src=\"https:\/\/alice.ch\/app\/uploads\/2022\/11\/Abb4_Arbeit-1-1.png\" alt=\"\" class=\"wp-image-18212\" style=\"width:787px;height:auto\" srcset=\"https:\/\/alice.ch\/app\/uploads\/2022\/11\/Abb4_Arbeit-1-1.png 672w, https:\/\/alice.ch\/app\/uploads\/2022\/11\/Abb4_Arbeit-1-1-300x214.png 300w\" sizes=\"(max-width: 672px) 100vw, 672px\" \/><\/figure>\n<\/div>\n\n\n\n<div class=\"wp-block-column is-layout-flow wp-block-column-is-layout-flow\">\n<p>L&rsquo;insertion sur le march\u00e9 du travail a une forte influence sur les activit\u00e9s de formation continue des personnes.&nbsp;En 2021, 53,6% des salari\u00e9s ont suivi une formation continue.&nbsp;Cette valeur est clairement sup\u00e9rieure \u00e0 la moyenne. Ainsi, 42,3% des personnes sans emploi, ainsi que 17,9% des personnes inactives ont suivi des formations continues.&nbsp;<\/p>\n<\/div>\n<\/div>\n\n\n\n<h2 class=\"wp-block-heading\">Types et finalit\u00e9s de la formation continue<\/h2>\n\n\n\n<p>La participation \u00e0 la formation continue peut \u00eatre diff\u00e9renci\u00e9e selon l&rsquo;intensit\u00e9 (dur\u00e9e et nombre d&rsquo;activit\u00e9s de formation continue suivie) ainsi que selon la raison et le domaine d&rsquo;activit\u00e9. Les graphiques suivants se fondent sur les m\u00eames enqu\u00eates r\u00e9alis\u00e9es par l&rsquo;OFS en 2016, les donn\u00e9es relatives \u00e0 la dur\u00e9e et au nombre de formations continues suivies ne se r\u00e9f\u00e9rant qu&rsquo;\u00e0 la partie active de la population \u00e2g\u00e9e de 15 \u00e0 75 ans. Les pourcentages des domaines de sp\u00e9cialisation se rapportent \u00e0 toutes les activit\u00e9s de formation auxquelles ce groupe a particip\u00e9.<\/p>\n\n\n\n<h3 class=\"wp-block-heading\">Raisons de la participation \u00e0 la formation continue<\/h3>\n\n\n\n<div class=\"wp-block-columns is-layout-flex wp-container-core-columns-is-layout-28f84493 wp-block-columns-is-layout-flex\">\n<div class=\"wp-block-column is-layout-flow wp-block-column-is-layout-flow\" style=\"flex-basis:60%\">\n<figure class=\"wp-block-image size-full is-resized is-style-default\"><img decoding=\"async\" width=\"672\" height=\"480\" src=\"https:\/\/alice.ch\/app\/uploads\/2022\/11\/Abb5_Art-1-1.png\" alt=\"\" class=\"wp-image-18216\" style=\"width:786px;height:auto\" srcset=\"https:\/\/alice.ch\/app\/uploads\/2022\/11\/Abb5_Art-1-1.png 672w, https:\/\/alice.ch\/app\/uploads\/2022\/11\/Abb5_Art-1-1-300x214.png 300w\" sizes=\"(max-width: 672px) 100vw, 672px\" \/><\/figure>\n<\/div>\n\n\n\n<div class=\"wp-block-column is-layout-flow wp-block-column-is-layout-flow\" style=\"flex-basis:40%\">\n<p>La raison de participer \u00e0 une formation peut \u00eatre professionnelle ou non professionnelle. Sur les 45% de la population suisse qui suivent une formation continue, deux tiers le font pour des raisons purement professionnelles. Un quart de la population active participe \u00e0 des activit\u00e9s professionnelles et non professionnelles. La proportion d&rsquo;hommes qui suivent des cours de formation continue uniquement pour des raisons professionnelles est nettement plus \u00e9lev\u00e9e que celle des femmes. En comparaison, les femmes poursuivent de plus en plus leurs \u00e9tudes en dehors de leur emploi ou pour les deux raisons. Cette diff\u00e9rence s&rsquo;explique en partie par les diff\u00e9rentes formes d&rsquo;int\u00e9gration sur le march\u00e9 du travail.<\/p>\n<\/div>\n<\/div>\n\n\n\n<h3 class=\"wp-block-heading\">Intensit\u00e9 de la formation continue<\/h3>\n\n\n\n<div class=\"wp-block-columns is-layout-flex wp-container-core-columns-is-layout-28f84493 wp-block-columns-is-layout-flex\">\n<div class=\"wp-block-column is-layout-flow wp-block-column-is-layout-flow\" style=\"flex-basis:60%\">\n<figure class=\"wp-block-image size-full is-resized is-style-default\"><img decoding=\"async\" width=\"672\" height=\"480\" src=\"https:\/\/alice.ch\/app\/uploads\/2022\/11\/Abb6_Aktivitaet-1-1.png\" alt=\"\" class=\"wp-image-18220\" style=\"width:786px;height:auto\" srcset=\"https:\/\/alice.ch\/app\/uploads\/2022\/11\/Abb6_Aktivitaet-1-1.png 672w, https:\/\/alice.ch\/app\/uploads\/2022\/11\/Abb6_Aktivitaet-1-1-300x214.png 300w\" sizes=\"(max-width: 672px) 100vw, 672px\" \/><\/figure>\n<\/div>\n\n\n\n<div class=\"wp-block-column is-layout-flow wp-block-column-is-layout-flow\" style=\"flex-basis:40%\">\n<p>34% de la population active en mati\u00e8re de formation continue n&rsquo;a suivi qu&rsquo;une seule formation au cours de l&rsquo;ann\u00e9e pr\u00e9c\u00e9dant l&rsquo;enqu\u00eate 2021. La moyenne est de 2,8 activit\u00e9s de formation continue.&nbsp;<\/p>\n\n\n\n<p>Le nombre d&rsquo;activit\u00e9s de formation continue suivies augmente avec le niveau de formation. Ainsi, 48% des personnes actives en formation continue sans formation post-obligatoire n&rsquo;ont suivi qu&rsquo;une seule activit\u00e9. Ce chiffre est de 40% pour les personnes ayant une formation de niveau secondaire II et de 29% pour les personnes ayant une formation de niveau tertiaire.<\/p>\n<\/div>\n<\/div>\n\n\n\n<h3 class=\"wp-block-heading\">Domaines th\u00e9matiques de la formation continue<\/h3>\n\n\n\n<div class=\"wp-block-columns is-layout-flex wp-container-core-columns-is-layout-28f84493 wp-block-columns-is-layout-flex\">\n<div class=\"wp-block-column is-layout-flow wp-block-column-is-layout-flow\" style=\"flex-basis:60%\">\n<figure class=\"wp-block-image size-full is-resized\"><img decoding=\"async\" width=\"672\" height=\"480\" src=\"https:\/\/alice.ch\/app\/uploads\/2022\/11\/Abb7_Themen-1-1.png\" alt=\"\" class=\"wp-image-18224\" style=\"width:788px;height:auto\" srcset=\"https:\/\/alice.ch\/app\/uploads\/2022\/11\/Abb7_Themen-1-1.png 672w, https:\/\/alice.ch\/app\/uploads\/2022\/11\/Abb7_Themen-1-1-300x214.png 300w\" sizes=\"(max-width: 672px) 100vw, 672px\" \/><\/figure>\n<\/div>\n\n\n\n<div class=\"wp-block-column is-layout-flow wp-block-column-is-layout-flow\" style=\"flex-basis:40%\">\n<p>Le th\u00e8me \u00ab\u00a0\u00c9conomie, travail\u00a0\u00bb est le premier des cours de formation continue non formelle suivis, repr\u00e9sentant 24% de l&rsquo;ensemble des activit\u00e9s de formation. Viennent ensuite des th\u00e8mes comme la science, la technique et la sant\u00e9. C&rsquo;est dans le domaine des langues que la population suisse de 15 \u00e0 75 ans se forme le moins souvent.<\/p>\n<\/div>\n<\/div>\n\n\n\n<div class=\"wp-block-columns is-layout-flex wp-container-core-columns-is-layout-28f84493 wp-block-columns-is-layout-flex\">\n<div class=\"wp-block-column is-layout-flow wp-block-column-is-layout-flow\" style=\"flex-basis:50%\">\n<div class=\"wp-block-buttons is-layout-flex wp-block-buttons-is-layout-flex\">\n<div class=\"wp-block-button has-custom-width wp-block-button__width-100 is-style-outline is-style-outline--1\"><a class=\"wp-block-button__link wp-element-button\" href=\"https:\/\/www.bfs.admin.ch\/bfs\/fr\/home\/statistiques\/education-science\/formation-continue\/population.html\" target=\"_blank\" rel=\"noreferrer noopener\">OFS: Formation continue de la population<\/a><\/div>\n<\/div>\n<\/div>\n\n\n\n<div class=\"wp-block-column is-layout-flow wp-block-column-is-layout-flow\" style=\"flex-basis:50%\">\n<div class=\"wp-block-buttons is-layout-flex wp-block-buttons-is-layout-flex\">\n<div class=\"wp-block-button has-custom-width wp-block-button__width-100 is-style-outline is-style-outline--2\"><a class=\"wp-block-button__link wp-element-button\" href=\"https:\/\/www.bfs.admin.ch\/bfs\/fr\/home\/statistiques\/education-science\/formation-continue.gnpdetail.2022-0021.html\" target=\"_blank\" rel=\"noreferrer noopener\">OFS: La formation continue en Suisse 2021<\/a><\/div>\n<\/div>\n<\/div>\n<\/div>\n\n\n\n<div class=\"wp-block-buttons is-layout-flex wp-block-buttons-is-layout-flex\">\n<div class=\"wp-block-button has-custom-width wp-block-button__width-50 is-style-outline is-style-outline--3\"><a class=\"wp-block-button__link wp-element-button\" href=\"https:\/\/alice.ch\/fr\/recherche\/activites-de-recherche\/\">Enqu\u00eates aupr\u00e8s des prestataires<\/a><\/div>\n<\/div>\n\n\n\n<h2 class=\"wp-block-heading\">Contact<\/h2>\n\n\n\n<div class=\"wp-block-columns is-layout-flex wp-container-core-columns-is-layout-28f84493 wp-block-columns-is-layout-flex\">\n<div class=\"wp-block-column is-layout-flow wp-block-column-is-layout-flow\" style=\"flex-basis:50%\"><div class=\"contact-persons\">\n\n\t\t\t\t\t<div class=\"contact-person\">\n\t\t\t\t\tIrena Sgier<br \/>\t\t\t\t\tDirectrice adjointe, Directrice de la recherche, du d\u00e9veloppement et de l\u2019innovation<br \/>\t\t\t\t\t<br \/>\n\t\t\t\t\t\t\t\t\t\t<a href=\"tel:+41 (0)44 319 71 59\">+41 (0)44 319 71 59<\/a><br \/>\t\t\t\t\t<a href=\"mailto:irena.sgier@alice.ch\">irena.sgier@alice.ch<\/a><br \/>\t\t\t\t\t<\/div>\n\t\t\t\t\t<\/div>\n<\/div>\n\n\n\n<div class=\"wp-block-column is-layout-flow wp-block-column-is-layout-flow\" style=\"flex-basis:50%\"><\/div>\n<\/div>\n<\/div>\n","protected":false},"excerpt":{"rendered":"<p>Participation de la population suisse \u00e0 la formation continue Depuis 2011, l&rsquo;Office f\u00e9d\u00e9ral de la statistique (OFS)\u00a0recueille tous les cinq [&hellip;]<\/p>\n","protected":false},"author":2,"featured_media":20799,"parent":14922,"menu_order":25,"comment_status":"closed","ping_status":"closed","template":"","meta":{"_acf_changed":false,"inline_featured_image":false,"footnotes":""},"class_list":["post-10999","page","type-page","status-publish","has-post-thumbnail","hentry"],"acf":[],"yoast_head":"<!-- This site is optimized with the Yoast SEO plugin v27.3 - https:\/\/yoast.com\/product\/yoast-seo-wordpress\/ -->\n<title>Taux de participation - FSEA<\/title>\n<meta name=\"description\" content=\"Donn\u00e9es sur les activit\u00e9s de formation continue de la population suisse et sur l&#039;\u00e9volution de ces derni\u00e8res ann\u00e9es\" \/>\n<meta name=\"robots\" content=\"index, follow, max-snippet:-1, max-image-preview:large, max-video-preview:-1\" \/>\n<link rel=\"canonical\" href=\"https:\/\/alice.ch\/fr\/themes\/formation-continue-suisse\/taux-de-participation\/\" \/>\n<meta property=\"og:locale\" content=\"fr_FR\" \/>\n<meta property=\"og:type\" content=\"article\" \/>\n<meta property=\"og:title\" content=\"Taux de participation - FSEA\" \/>\n<meta property=\"og:description\" content=\"Donn\u00e9es sur les activit\u00e9s de formation continue de la population suisse et sur l&#039;\u00e9volution de ces derni\u00e8res ann\u00e9es\" \/>\n<meta property=\"og:url\" content=\"https:\/\/alice.ch\/fr\/themes\/formation-continue-suisse\/taux-de-participation\/\" \/>\n<meta property=\"og:site_name\" content=\"SVEB\" \/>\n<meta property=\"article:modified_time\" content=\"2024-07-18T14:42:11+00:00\" \/>\n<meta property=\"og:image\" content=\"https:\/\/alice.ch\/app\/uploads\/2022\/11\/Abb1_Beteiligung-1-1.png\" \/>\n<meta name=\"twitter:card\" content=\"summary_large_image\" \/>\n<meta name=\"twitter:label1\" content=\"Dur\u00e9e de lecture estim\u00e9e\" \/>\n\t<meta name=\"twitter:data1\" content=\"6 minutes\" \/>\n<script type=\"application\/ld+json\" class=\"yoast-schema-graph\">{\"@context\":\"https:\\\/\\\/schema.org\",\"@graph\":[{\"@type\":\"WebPage\",\"@id\":\"https:\\\/\\\/alice.ch\\\/fr\\\/themes\\\/formation-continue-suisse\\\/taux-de-participation\\\/\",\"url\":\"https:\\\/\\\/alice.ch\\\/fr\\\/themes\\\/formation-continue-suisse\\\/taux-de-participation\\\/\",\"name\":\"Taux de participation - FSEA\",\"isPartOf\":{\"@id\":\"https:\\\/\\\/alice.ch\\\/fr\\\/#website\"},\"primaryImageOfPage\":{\"@id\":\"https:\\\/\\\/alice.ch\\\/fr\\\/themes\\\/formation-continue-suisse\\\/taux-de-participation\\\/#primaryimage\"},\"image\":{\"@id\":\"https:\\\/\\\/alice.ch\\\/fr\\\/themes\\\/formation-continue-suisse\\\/taux-de-participation\\\/#primaryimage\"},\"thumbnailUrl\":\"https:\\\/\\\/alice.ch\\\/app\\\/uploads\\\/2022\\\/11\\\/default.jpg\",\"datePublished\":\"2022-08-16T13:39:11+00:00\",\"dateModified\":\"2024-07-18T14:42:11+00:00\",\"description\":\"Donn\u00e9es sur les activit\u00e9s de formation continue de la population suisse et sur l'\u00e9volution de ces derni\u00e8res ann\u00e9es\",\"breadcrumb\":{\"@id\":\"https:\\\/\\\/alice.ch\\\/fr\\\/themes\\\/formation-continue-suisse\\\/taux-de-participation\\\/#breadcrumb\"},\"inLanguage\":\"fr-FR\",\"potentialAction\":[{\"@type\":\"ReadAction\",\"target\":[\"https:\\\/\\\/alice.ch\\\/fr\\\/themes\\\/formation-continue-suisse\\\/taux-de-participation\\\/\"]}]},{\"@type\":\"ImageObject\",\"inLanguage\":\"fr-FR\",\"@id\":\"https:\\\/\\\/alice.ch\\\/fr\\\/themes\\\/formation-continue-suisse\\\/taux-de-participation\\\/#primaryimage\",\"url\":\"https:\\\/\\\/alice.ch\\\/app\\\/uploads\\\/2022\\\/11\\\/default.jpg\",\"contentUrl\":\"https:\\\/\\\/alice.ch\\\/app\\\/uploads\\\/2022\\\/11\\\/default.jpg\",\"width\":1600,\"height\":900},{\"@type\":\"BreadcrumbList\",\"@id\":\"https:\\\/\\\/alice.ch\\\/fr\\\/themes\\\/formation-continue-suisse\\\/taux-de-participation\\\/#breadcrumb\",\"itemListElement\":[{\"@type\":\"ListItem\",\"position\":1,\"name\":\"Page d'accueil\",\"item\":\"https:\\\/\\\/alice.ch\\\/fr\\\/\"},{\"@type\":\"ListItem\",\"position\":2,\"name\":\"Th\u00e8mes\",\"item\":\"https:\\\/\\\/alice.ch\\\/fr\\\/themes\\\/\"},{\"@type\":\"ListItem\",\"position\":3,\"name\":\"Formation continue en suisse\",\"item\":\"https:\\\/\\\/alice.ch\\\/fr\\\/themes\\\/formation-continue-suisse\\\/\"},{\"@type\":\"ListItem\",\"position\":4,\"name\":\"Taux de participation\"}]},{\"@type\":\"WebSite\",\"@id\":\"https:\\\/\\\/alice.ch\\\/fr\\\/#website\",\"url\":\"https:\\\/\\\/alice.ch\\\/fr\\\/\",\"name\":\"alice.ch (Adult Learning Information Center) ist das Portal der Weiterbildung in der Schweiz.\",\"description\":\"Schweizerischer Verband f\u00fcr Weiterbildung\",\"publisher\":{\"@id\":\"https:\\\/\\\/alice.ch\\\/fr\\\/#organization\"},\"potentialAction\":[{\"@type\":\"SearchAction\",\"target\":{\"@type\":\"EntryPoint\",\"urlTemplate\":\"https:\\\/\\\/alice.ch\\\/fr\\\/?s={search_term_string}\"},\"query-input\":{\"@type\":\"PropertyValueSpecification\",\"valueRequired\":true,\"valueName\":\"search_term_string\"}}],\"inLanguage\":\"fr-FR\"},{\"@type\":\"Organization\",\"@id\":\"https:\\\/\\\/alice.ch\\\/fr\\\/#organization\",\"name\":\"FSEA F\u00e9d\u00e9ration suisse pour la formation continue\",\"url\":\"https:\\\/\\\/alice.ch\\\/fr\\\/\",\"logo\":{\"@type\":\"ImageObject\",\"inLanguage\":\"fr-FR\",\"@id\":\"https:\\\/\\\/alice.ch\\\/fr\\\/#\\\/schema\\\/logo\\\/image\\\/\",\"url\":\"https:\\\/\\\/alice.ch\\\/app\\\/uploads\\\/2022\\\/07\\\/logo-sveb.png\",\"contentUrl\":\"https:\\\/\\\/alice.ch\\\/app\\\/uploads\\\/2022\\\/07\\\/logo-sveb.png\",\"width\":145,\"height\":64,\"caption\":\"FSEA F\u00e9d\u00e9ration suisse pour la formation continue\"},\"image\":{\"@id\":\"https:\\\/\\\/alice.ch\\\/fr\\\/#\\\/schema\\\/logo\\\/image\\\/\"},\"sameAs\":[\"https:\\\/\\\/www.linkedin.com\\\/company\\\/schweizerischer-verband-fr-weiterbildung-sveb\\\/\"]}]}<\/script>\n<!-- \/ Yoast SEO plugin. -->","yoast_head_json":{"title":"Taux de participation - FSEA","description":"Donn\u00e9es sur les activit\u00e9s de formation continue de la population suisse et sur l'\u00e9volution de ces derni\u00e8res ann\u00e9es","robots":{"index":"index","follow":"follow","max-snippet":"max-snippet:-1","max-image-preview":"max-image-preview:large","max-video-preview":"max-video-preview:-1"},"canonical":"https:\/\/alice.ch\/fr\/themes\/formation-continue-suisse\/taux-de-participation\/","og_locale":"fr_FR","og_type":"article","og_title":"Taux de participation - FSEA","og_description":"Donn\u00e9es sur les activit\u00e9s de formation continue de la population suisse et sur l'\u00e9volution de ces derni\u00e8res ann\u00e9es","og_url":"https:\/\/alice.ch\/fr\/themes\/formation-continue-suisse\/taux-de-participation\/","og_site_name":"SVEB","article_modified_time":"2024-07-18T14:42:11+00:00","og_image":[{"url":"https:\/\/alice.ch\/app\/uploads\/2022\/11\/Abb1_Beteiligung-1-1.png","type":"","width":"","height":""}],"twitter_card":"summary_large_image","twitter_misc":{"Dur\u00e9e de lecture estim\u00e9e":"6 minutes"},"schema":{"@context":"https:\/\/schema.org","@graph":[{"@type":"WebPage","@id":"https:\/\/alice.ch\/fr\/themes\/formation-continue-suisse\/taux-de-participation\/","url":"https:\/\/alice.ch\/fr\/themes\/formation-continue-suisse\/taux-de-participation\/","name":"Taux de participation - FSEA","isPartOf":{"@id":"https:\/\/alice.ch\/fr\/#website"},"primaryImageOfPage":{"@id":"https:\/\/alice.ch\/fr\/themes\/formation-continue-suisse\/taux-de-participation\/#primaryimage"},"image":{"@id":"https:\/\/alice.ch\/fr\/themes\/formation-continue-suisse\/taux-de-participation\/#primaryimage"},"thumbnailUrl":"https:\/\/alice.ch\/app\/uploads\/2022\/11\/default.jpg","datePublished":"2022-08-16T13:39:11+00:00","dateModified":"2024-07-18T14:42:11+00:00","description":"Donn\u00e9es sur les activit\u00e9s de formation continue de la population suisse et sur l'\u00e9volution de ces derni\u00e8res ann\u00e9es","breadcrumb":{"@id":"https:\/\/alice.ch\/fr\/themes\/formation-continue-suisse\/taux-de-participation\/#breadcrumb"},"inLanguage":"fr-FR","potentialAction":[{"@type":"ReadAction","target":["https:\/\/alice.ch\/fr\/themes\/formation-continue-suisse\/taux-de-participation\/"]}]},{"@type":"ImageObject","inLanguage":"fr-FR","@id":"https:\/\/alice.ch\/fr\/themes\/formation-continue-suisse\/taux-de-participation\/#primaryimage","url":"https:\/\/alice.ch\/app\/uploads\/2022\/11\/default.jpg","contentUrl":"https:\/\/alice.ch\/app\/uploads\/2022\/11\/default.jpg","width":1600,"height":900},{"@type":"BreadcrumbList","@id":"https:\/\/alice.ch\/fr\/themes\/formation-continue-suisse\/taux-de-participation\/#breadcrumb","itemListElement":[{"@type":"ListItem","position":1,"name":"Page d'accueil","item":"https:\/\/alice.ch\/fr\/"},{"@type":"ListItem","position":2,"name":"Th\u00e8mes","item":"https:\/\/alice.ch\/fr\/themes\/"},{"@type":"ListItem","position":3,"name":"Formation continue en suisse","item":"https:\/\/alice.ch\/fr\/themes\/formation-continue-suisse\/"},{"@type":"ListItem","position":4,"name":"Taux de participation"}]},{"@type":"WebSite","@id":"https:\/\/alice.ch\/fr\/#website","url":"https:\/\/alice.ch\/fr\/","name":"alice.ch (Adult Learning Information Center) ist das Portal der Weiterbildung in der Schweiz.","description":"Schweizerischer Verband f\u00fcr Weiterbildung","publisher":{"@id":"https:\/\/alice.ch\/fr\/#organization"},"potentialAction":[{"@type":"SearchAction","target":{"@type":"EntryPoint","urlTemplate":"https:\/\/alice.ch\/fr\/?s={search_term_string}"},"query-input":{"@type":"PropertyValueSpecification","valueRequired":true,"valueName":"search_term_string"}}],"inLanguage":"fr-FR"},{"@type":"Organization","@id":"https:\/\/alice.ch\/fr\/#organization","name":"FSEA F\u00e9d\u00e9ration suisse pour la formation continue","url":"https:\/\/alice.ch\/fr\/","logo":{"@type":"ImageObject","inLanguage":"fr-FR","@id":"https:\/\/alice.ch\/fr\/#\/schema\/logo\/image\/","url":"https:\/\/alice.ch\/app\/uploads\/2022\/07\/logo-sveb.png","contentUrl":"https:\/\/alice.ch\/app\/uploads\/2022\/07\/logo-sveb.png","width":145,"height":64,"caption":"FSEA F\u00e9d\u00e9ration suisse pour la formation continue"},"image":{"@id":"https:\/\/alice.ch\/fr\/#\/schema\/logo\/image\/"},"sameAs":["https:\/\/www.linkedin.com\/company\/schweizerischer-verband-fr-weiterbildung-sveb\/"]}]}},"_links":{"self":[{"href":"https:\/\/alice.ch\/fr\/wp-json\/wp\/v2\/pages\/10999","targetHints":{"allow":["GET"]}}],"collection":[{"href":"https:\/\/alice.ch\/fr\/wp-json\/wp\/v2\/pages"}],"about":[{"href":"https:\/\/alice.ch\/fr\/wp-json\/wp\/v2\/types\/page"}],"author":[{"embeddable":true,"href":"https:\/\/alice.ch\/fr\/wp-json\/wp\/v2\/users\/2"}],"replies":[{"embeddable":true,"href":"https:\/\/alice.ch\/fr\/wp-json\/wp\/v2\/comments?post=10999"}],"version-history":[{"count":10,"href":"https:\/\/alice.ch\/fr\/wp-json\/wp\/v2\/pages\/10999\/revisions"}],"predecessor-version":[{"id":61201,"href":"https:\/\/alice.ch\/fr\/wp-json\/wp\/v2\/pages\/10999\/revisions\/61201"}],"up":[{"embeddable":true,"href":"https:\/\/alice.ch\/fr\/wp-json\/wp\/v2\/pages\/14922"}],"wp:featuredmedia":[{"embeddable":true,"href":"https:\/\/alice.ch\/fr\/wp-json\/wp\/v2\/media\/20799"}],"wp:attachment":[{"href":"https:\/\/alice.ch\/fr\/wp-json\/wp\/v2\/media?parent=10999"}],"curies":[{"name":"wp","href":"https:\/\/api.w.org\/{rel}","templated":true}]}}