{"id":11007,"date":"2022-08-16T15:39:05","date_gmt":"2022-08-16T13:39:05","guid":{"rendered":"https:\/\/projects.atxeit.ch\/sveb\/weiterbildungsanbieter\/"},"modified":"2024-09-25T20:21:45","modified_gmt":"2024-09-25T18:21:45","slug":"prestataires","status":"publish","type":"page","link":"https:\/\/alice.ch\/fr\/themes\/formation-continue-suisse\/prestataires\/","title":{"rendered":"Prestataires"},"content":{"rendered":"\n<div class=\"wp-block-group alignwide is-style-reduced-width is-layout-flow wp-block-group-is-layout-flow\">\n<h1 class=\"wp-block-heading\">Donn\u00e9es structurelles sur le march\u00e9 suisse de la formation continue<\/h1>\n\n\n\n<p class=\"is-style-lead\">L\u2019Office f\u00e9d\u00e9ral de la statistique (OFS) r\u00e9alise, de mani\u00e8re p\u00e9riodique, des enqu\u00eates repr\u00e9sentatives sur les activit\u00e9s de formation continue de la population et des entreprises suisses. Toutefois, le gouvernement f\u00e9d\u00e9ral n\u2019enregistre pas de donn\u00e9es statistiques sur les prestataires de formation continue. Pour combler cette lacune, la FSEA et la Haute \u00e9cole p\u00e9dagogique de Zurich proc\u00e8dent \u00e0 une enqu\u00eate annuelle aupr\u00e8s des prestataires de formation continue actifs en Suisse.<\/p>\n\n\n\n<h2 class=\"wp-block-heading\">Donn\u00e9es structurelles 2024<\/h2>\n\n\n\n<p>Les donn\u00e9es du Moniteur de la branche FSEA se r\u00e9f\u00e8rent \u00e0 l&rsquo;enqu\u00eate annuelle envoy\u00e9e \u00e0 pr\u00e8s de 2500 prestataires de formation continue. En 2024, le taux de r\u00e9ponse \u00e9tait de 26%. L&rsquo;analyse de l&rsquo;enqu\u00eate de cette ann\u00e9e se base (apr\u00e8s ajustement des donn\u00e9es) sur les r\u00e9ponses de 423 organismes de formation continue. Comme la population des prestataires de formation continue en Suisse est inconnue et que la s\u00e9lection al\u00e9atoire de cet \u00e9chantillon ne peut pas \u00eatre enti\u00e8rement garantie, il ne s&rsquo;agit pas d&rsquo;une enqu\u00eate repr\u00e9sentative au sens statistique du terme. N\u00e9anmoins, ces donn\u00e9es structurelles permettent de jeter un regard plus pr\u00e9cis sur les prestataires en Suisse et leur r\u00e9partition par r\u00e9gion, par organisme responsable, par taille et par domaine principal.<\/p>\n\n\n\n<h3 class=\"wp-block-heading\">R\u00e9partition des prestataires par r\u00e9gion linguistique<\/h3>\n\n\n\n<div class=\"wp-block-columns alignwide is-layout-flex wp-container-core-columns-is-layout-28f84493 wp-block-columns-is-layout-flex\">\n<div class=\"wp-block-column is-layout-flow wp-block-column-is-layout-flow\" style=\"flex-basis:40%\">\n<figure class=\"wp-block-image size-large is-style-no-border\"><img decoding=\"async\" width=\"1024\" height=\"611\" src=\"https:\/\/alice.ch\/app\/uploads\/2024\/09\/repartition-prestataires-par-region-linguistique-en-suisse-fsea-2024-1024x611.png\" alt=\"\" class=\"wp-image-62730\" srcset=\"https:\/\/alice.ch\/app\/uploads\/2024\/09\/repartition-prestataires-par-region-linguistique-en-suisse-fsea-2024-1024x611.png 1024w, https:\/\/alice.ch\/app\/uploads\/2024\/09\/repartition-prestataires-par-region-linguistique-en-suisse-fsea-2024-300x179.png 300w, https:\/\/alice.ch\/app\/uploads\/2024\/09\/repartition-prestataires-par-region-linguistique-en-suisse-fsea-2024-768x458.png 768w, https:\/\/alice.ch\/app\/uploads\/2024\/09\/repartition-prestataires-par-region-linguistique-en-suisse-fsea-2024.png 1296w\" sizes=\"(max-width: 1024px) 100vw, 1024px\" \/><figcaption class=\"wp-element-caption\">R\u00e9partition des prestataires par r\u00e9gion linguistique (N=422, valeurs en pourcentage arrondies), \u00a9FSEA, 2024).<\/figcaption><\/figure>\n<\/div>\n\n\n\n<div class=\"wp-block-column is-layout-flow wp-block-column-is-layout-flow\" style=\"flex-basis:60%\">\n<p>La r\u00e9partition des prestataires selon leur domaine d&rsquo;activit\u00e9 montre que plus de 20% des institutions sont actives dans au moins deux r\u00e9gions linguistiques diff\u00e9rentes, c&rsquo;est-\u00e0-dire au niveau suprar\u00e9gional. <\/p>\n\n\n\n<p>La majorit\u00e9 des prestataires suisses de formation continue qui ont particip\u00e9 op\u00e8rent exclusivement en Suisse al\u00e9manique (41%). Par ailleurs, 31% des prestataires interrog\u00e9s sont exclusivement actifs en Suisse romande. Seuls 5% des prestataires se concentrent sur la Suisse italienne.<\/p>\n<\/div>\n<\/div>\n\n\n\n<h3 class=\"wp-block-heading\">Forme statutaire des prestataires<\/h3>\n\n\n\n<div class=\"wp-block-columns alignwide is-layout-flex wp-container-core-columns-is-layout-28f84493 wp-block-columns-is-layout-flex\">\n<div class=\"wp-block-column is-layout-flow wp-block-column-is-layout-flow\" style=\"flex-basis:40%\">\n<figure class=\"wp-block-image size-large is-style-no-border\"><img decoding=\"async\" width=\"1024\" height=\"726\" src=\"https:\/\/alice.ch\/app\/uploads\/2024\/09\/types-organisation-prestataires-en-suisse-fsea-2024-1024x726.png\" alt=\"\" class=\"wp-image-62734\" srcset=\"https:\/\/alice.ch\/app\/uploads\/2024\/09\/types-organisation-prestataires-en-suisse-fsea-2024-1024x726.png 1024w, https:\/\/alice.ch\/app\/uploads\/2024\/09\/types-organisation-prestataires-en-suisse-fsea-2024-300x213.png 300w, https:\/\/alice.ch\/app\/uploads\/2024\/09\/types-organisation-prestataires-en-suisse-fsea-2024-768x545.png 768w, https:\/\/alice.ch\/app\/uploads\/2024\/09\/types-organisation-prestataires-en-suisse-fsea-2024.png 1193w\" sizes=\"(max-width: 1024px) 100vw, 1024px\" \/><figcaption class=\"wp-element-caption\">Forme statutaire des prestataires<br>(N=403, valeurs en pourcentage arrondies, \u00a9 FSEA, 2024)<\/figcaption><\/figure>\n<\/div>\n\n\n\n<div class=\"wp-block-column is-layout-flow wp-block-column-is-layout-flow\" style=\"flex-basis:60%\">\n<p>7 prestataires sur 10 interrog\u00e9s sont des entreprises priv\u00e9es. Parmi eux, les prestataires commerciaux sont les plus repr\u00e9sent\u00e9s (38%), suivis par les prestataires priv\u00e9s d&rsquo;utilit\u00e9 publique (32%). 17% des prestataires de formation continue se consid\u00e8rent comme des prestataires publics et 13% comme \u00abautres\u00bb.<\/p>\n<\/div>\n<\/div>\n\n\n\n<h3 class=\"wp-block-heading\">Prestataires par taille de l&rsquo;entreprise<\/h3>\n\n\n\n<div class=\"wp-block-columns alignwide is-layout-flex wp-container-core-columns-is-layout-28f84493 wp-block-columns-is-layout-flex\">\n<div class=\"wp-block-column is-layout-flow wp-block-column-is-layout-flow\" style=\"flex-basis:40%\">\n<figure class=\"wp-block-image size-large is-style-no-border\"><img decoding=\"async\" width=\"1024\" height=\"599\" src=\"https:\/\/alice.ch\/app\/uploads\/2024\/09\/prestataires-par-taille-de-l-entreprise-en-suisse-fsea-2024-1024x599.png\" alt=\"\" class=\"wp-image-62726\" srcset=\"https:\/\/alice.ch\/app\/uploads\/2024\/09\/prestataires-par-taille-de-l-entreprise-en-suisse-fsea-2024-1024x599.png 1024w, https:\/\/alice.ch\/app\/uploads\/2024\/09\/prestataires-par-taille-de-l-entreprise-en-suisse-fsea-2024-300x176.png 300w, https:\/\/alice.ch\/app\/uploads\/2024\/09\/prestataires-par-taille-de-l-entreprise-en-suisse-fsea-2024-768x450.png 768w, https:\/\/alice.ch\/app\/uploads\/2024\/09\/prestataires-par-taille-de-l-entreprise-en-suisse-fsea-2024.png 1324w\" sizes=\"(max-width: 1024px) 100vw, 1024px\" \/><figcaption class=\"wp-element-caption\">Prestataires selon la taille de l&rsquo;entreprise<br>(indice, N=323, valeurs en pourcentage arrondies, \u00a9 FSEA, 2024)<\/figcaption><\/figure>\n<\/div>\n\n\n\n<div class=\"wp-block-column is-layout-flow wp-block-column-is-layout-flow\" style=\"flex-basis:60%\">\n<p>Le classement des prestataires selon leur taille est \u00e9tabli \u00e0 partir des donn\u00e9es relatives aux collaborateurs (\u00e9quivalents temps plein), aux heures de cours dispens\u00e9es et aux occupations (participants) de l&rsquo;ann\u00e9e pr\u00e9c\u00e9dente. La combinaison de ces trois indicateurs donne une image globale dans laquelle dominent surtout les petits (46%) et moyens prestataires (47%). A peine 8% des institutions de formation continue interrog\u00e9es peuvent \u00eatre class\u00e9es comme grands prestataires.<\/p>\n\n\n\n<p>Les diff\u00e9rents indicateurs montrent que 54% des prestataires emploient jusqu&rsquo;\u00e0 10 collaborateurs fixes, 35% jusqu&rsquo;\u00e0 50 collaborateurs fixes et 8% jusqu&rsquo;\u00e0 250 collaborateurs. Seuls 2% des institutions se situent au-dessus de la limite d&rsquo;une PME. Une grande partie des prestataires emploient cependant aussi des mandataires: chez 41% des personnes interrog\u00e9es, les mandataires repr\u00e9sentent plus de la moiti\u00e9 de toutes les personnes actives.<\/p>\n\n\n\n<p>En ce qui concerne les heures de cours et l&rsquo;occupation, la r\u00e9partition est tr\u00e8s large. Les 50% du milieu des prestataires interrog\u00e9s ont propos\u00e9 entre 500 et 7500 heures de cours en 2023. Le nombre de participants se situait entre 80 et 1200 pour les 50% du milieu.<\/p>\n<\/div>\n<\/div>\n\n\n\n<h3 class=\"wp-block-heading\">Domaine principal des prestataires<\/h3>\n\n\n\n<div class=\"wp-block-columns alignwide is-layout-flex wp-container-core-columns-is-layout-28f84493 wp-block-columns-is-layout-flex\">\n<div class=\"wp-block-column is-layout-flow wp-block-column-is-layout-flow\" style=\"flex-basis:40%\">\n<figure class=\"wp-block-image size-large is-style-no-border\"><img decoding=\"async\" width=\"1024\" height=\"546\" src=\"https:\/\/alice.ch\/app\/uploads\/2024\/09\/orientations-thematiques-prestataires-en-suisse-fsea-2024-1024x546.png\" alt=\"\" class=\"wp-image-62722\" srcset=\"https:\/\/alice.ch\/app\/uploads\/2024\/09\/orientations-thematiques-prestataires-en-suisse-fsea-2024-1024x546.png 1024w, https:\/\/alice.ch\/app\/uploads\/2024\/09\/orientations-thematiques-prestataires-en-suisse-fsea-2024-300x160.png 300w, https:\/\/alice.ch\/app\/uploads\/2024\/09\/orientations-thematiques-prestataires-en-suisse-fsea-2024-768x410.png 768w, https:\/\/alice.ch\/app\/uploads\/2024\/09\/orientations-thematiques-prestataires-en-suisse-fsea-2024.png 1408w\" sizes=\"(max-width: 1024px) 100vw, 1024px\" \/><figcaption class=\"wp-element-caption\">Orientation th\u00e9matique des prestataires<br>(N=411, valeurs en pourcentage arrondies, \u00a9 FSEA, 2024)<\/figcaption><\/figure>\n<\/div>\n\n\n\n<div class=\"wp-block-column is-layout-flow wp-block-column-is-layout-flow\" style=\"flex-basis:60%\">\n<p>La majorit\u00e9 des prestataires interrog\u00e9s sont principalement actifs dans le domaine de la formation continue en entreprise\/professionnelle (60%). Pour 22% d&rsquo;entre eux, l&rsquo;accent est mis sur la formation continue g\u00e9n\u00e9rale, qui englobe les domaines des langues, de la sant\u00e9, des loisirs et de la culture. Un peu moins de 20% des prestataires proposent des formations continues principalement dans le domaine des comp\u00e9tences de base.<\/p>\n<\/div>\n<\/div>\n\n\n\n<h2 class=\"wp-block-heading\">Autres donn\u00e9es concernant le march\u00e9 de la formation continue<\/h2>\n\n\n\n<ul class=\"wp-block-list\">\n<li><strong>L\u2019ensemble des prestataires de formation continue:&nbsp;<\/strong>Selon une estimation d\u2019experts datant de&nbsp;2014, le nombre total de prestataires de formation continue en Suisse est estim\u00e9 \u00e0 environ 3000&nbsp;institutions (Schl\u00e4fli\/Sgier (2014): La formation continue en Suisse).<\/li>\n\n\n\n<li><strong>Chiffre d\u2019affaires:&nbsp;<\/strong>Selon une estimation de&nbsp;2007, le chiffre d\u2019affaires r\u00e9alis\u00e9 sur le march\u00e9 de la formation continue s\u2019est \u00e9lev\u00e9 \u00e0 environ 5,3&nbsp;milliards de francs suisses (<a href=\"https:\/\/dievolkswirtschaft.ch\/fr\/2009\/06\/messer-2\/\">Wolter\/Messer 2009<\/a>).<\/li>\n\n\n\n<li><strong>Label qualit\u00e9<\/strong>: Plus de 1000&nbsp;prestataires en Suisse sont titulaires d\u2019un <a href=\"https:\/\/alice.ch\/fr\/qualite\/eduqua\/\">certificat eduQua<\/a>. La liste des fournisseurs certifi\u00e9s se trouve <a href=\"https:\/\/alice.ch\/fr\/qualite\/eduqua\/institutions-certifiees\/\">ici<\/a>.<\/li>\n<\/ul>\n\n\n\n<p>Pour plus d\u2019informations concernant le secteur de la formation continue, veuillez vous r\u00e9f\u00e9rer \u00e0 <a href=\"https:\/\/alice.ch\/fr\/recherche\/activites-de-recherche\/observatoire-de-la-formation-continue-fsea\/\">l\u2019Observatoire de la formation continue FSEA<\/a>.<\/p>\n\n\n\n<h2 class=\"wp-block-heading\">Contact<\/h2>\n\n\n\n<div class=\"wp-block-columns is-layout-flex wp-container-core-columns-is-layout-28f84493 wp-block-columns-is-layout-flex\">\n<div class=\"wp-block-column is-layout-flow wp-block-column-is-layout-flow\" style=\"flex-basis:50%\"><div class=\"contact-persons\">\n\n\t\t\t\t\t<div class=\"contact-person\">\n\t\t\t\t\tIrena Sgier<br \/>\t\t\t\t\tDirectrice adjointe, Directrice de la recherche, du d\u00e9veloppement et de l\u2019innovation<br \/>\t\t\t\t\t<br \/>\n\t\t\t\t\t\t\t\t\t\t<a href=\"tel:+41 (0)44 319 71 59\">+41 (0)44 319 71 59<\/a><br \/>\t\t\t\t\t<a href=\"mailto:irena.sgier@alice.ch\">irena.sgier@alice.ch<\/a><br \/>\t\t\t\t\t<\/div>\n\t\t\t\t\t<\/div>\n<\/div>\n\n\n\n<div class=\"wp-block-column is-layout-flow wp-block-column-is-layout-flow\" style=\"flex-basis:50%\"><\/div>\n<\/div>\n<\/div>\n","protected":false},"excerpt":{"rendered":"<p>Donn\u00e9es structurelles sur le march\u00e9 suisse de la formation continue L\u2019Office f\u00e9d\u00e9ral de la statistique (OFS) r\u00e9alise, de mani\u00e8re p\u00e9riodique, [&hellip;]<\/p>\n","protected":false},"author":2,"featured_media":20799,"parent":14922,"menu_order":27,"comment_status":"closed","ping_status":"closed","template":"","meta":{"_acf_changed":false,"inline_featured_image":false,"footnotes":""},"class_list":["post-11007","page","type-page","status-publish","has-post-thumbnail","hentry"],"acf":[],"yoast_head":"<!-- This site is optimized with the Yoast SEO plugin v27.3 - https:\/\/yoast.com\/product\/yoast-seo-wordpress\/ -->\n<title>Prestataires - FSEA<\/title>\n<meta name=\"description\" content=\"Dans le cadre de son enqu\u00eate, la FSEA effectue chaque ann\u00e9e un sondage aupr\u00e8s des prestataires de formation continue actifs en Suisse.\" \/>\n<meta name=\"robots\" content=\"index, follow, max-snippet:-1, max-image-preview:large, max-video-preview:-1\" \/>\n<link rel=\"canonical\" href=\"https:\/\/alice.ch\/fr\/themes\/formation-continue-suisse\/prestataires\/\" \/>\n<meta property=\"og:locale\" content=\"fr_FR\" \/>\n<meta property=\"og:type\" content=\"article\" \/>\n<meta property=\"og:title\" content=\"Prestataires - FSEA\" \/>\n<meta property=\"og:description\" content=\"Dans le cadre de son enqu\u00eate, la FSEA effectue chaque ann\u00e9e un sondage aupr\u00e8s des prestataires de formation continue actifs en Suisse.\" \/>\n<meta property=\"og:url\" content=\"https:\/\/alice.ch\/fr\/themes\/formation-continue-suisse\/prestataires\/\" \/>\n<meta property=\"og:site_name\" content=\"SVEB\" \/>\n<meta property=\"article:modified_time\" content=\"2024-09-25T18:21:45+00:00\" \/>\n<meta property=\"og:image\" content=\"https:\/\/alice.ch\/app\/uploads\/2024\/09\/repartition-prestataires-par-region-linguistique-en-suisse-fsea-2024-1024x611.png\" \/>\n<meta name=\"twitter:card\" content=\"summary_large_image\" \/>\n<meta name=\"twitter:label1\" content=\"Dur\u00e9e de lecture estim\u00e9e\" \/>\n\t<meta name=\"twitter:data1\" content=\"4 minutes\" \/>\n<script type=\"application\/ld+json\" class=\"yoast-schema-graph\">{\"@context\":\"https:\\\/\\\/schema.org\",\"@graph\":[{\"@type\":\"WebPage\",\"@id\":\"https:\\\/\\\/alice.ch\\\/fr\\\/themes\\\/formation-continue-suisse\\\/prestataires\\\/\",\"url\":\"https:\\\/\\\/alice.ch\\\/fr\\\/themes\\\/formation-continue-suisse\\\/prestataires\\\/\",\"name\":\"Prestataires - FSEA\",\"isPartOf\":{\"@id\":\"https:\\\/\\\/alice.ch\\\/fr\\\/#website\"},\"primaryImageOfPage\":{\"@id\":\"https:\\\/\\\/alice.ch\\\/fr\\\/themes\\\/formation-continue-suisse\\\/prestataires\\\/#primaryimage\"},\"image\":{\"@id\":\"https:\\\/\\\/alice.ch\\\/fr\\\/themes\\\/formation-continue-suisse\\\/prestataires\\\/#primaryimage\"},\"thumbnailUrl\":\"https:\\\/\\\/alice.ch\\\/app\\\/uploads\\\/2022\\\/11\\\/default.jpg\",\"datePublished\":\"2022-08-16T13:39:05+00:00\",\"dateModified\":\"2024-09-25T18:21:45+00:00\",\"description\":\"Dans le cadre de son enqu\u00eate, la FSEA effectue chaque ann\u00e9e un sondage aupr\u00e8s des prestataires de formation continue actifs en Suisse.\",\"breadcrumb\":{\"@id\":\"https:\\\/\\\/alice.ch\\\/fr\\\/themes\\\/formation-continue-suisse\\\/prestataires\\\/#breadcrumb\"},\"inLanguage\":\"fr-FR\",\"potentialAction\":[{\"@type\":\"ReadAction\",\"target\":[\"https:\\\/\\\/alice.ch\\\/fr\\\/themes\\\/formation-continue-suisse\\\/prestataires\\\/\"]}]},{\"@type\":\"ImageObject\",\"inLanguage\":\"fr-FR\",\"@id\":\"https:\\\/\\\/alice.ch\\\/fr\\\/themes\\\/formation-continue-suisse\\\/prestataires\\\/#primaryimage\",\"url\":\"https:\\\/\\\/alice.ch\\\/app\\\/uploads\\\/2022\\\/11\\\/default.jpg\",\"contentUrl\":\"https:\\\/\\\/alice.ch\\\/app\\\/uploads\\\/2022\\\/11\\\/default.jpg\",\"width\":1600,\"height\":900},{\"@type\":\"BreadcrumbList\",\"@id\":\"https:\\\/\\\/alice.ch\\\/fr\\\/themes\\\/formation-continue-suisse\\\/prestataires\\\/#breadcrumb\",\"itemListElement\":[{\"@type\":\"ListItem\",\"position\":1,\"name\":\"Page d'accueil\",\"item\":\"https:\\\/\\\/alice.ch\\\/fr\\\/\"},{\"@type\":\"ListItem\",\"position\":2,\"name\":\"Th\u00e8mes\",\"item\":\"https:\\\/\\\/alice.ch\\\/fr\\\/themes\\\/\"},{\"@type\":\"ListItem\",\"position\":3,\"name\":\"Formation continue en suisse\",\"item\":\"https:\\\/\\\/alice.ch\\\/fr\\\/themes\\\/formation-continue-suisse\\\/\"},{\"@type\":\"ListItem\",\"position\":4,\"name\":\"Prestataires\"}]},{\"@type\":\"WebSite\",\"@id\":\"https:\\\/\\\/alice.ch\\\/fr\\\/#website\",\"url\":\"https:\\\/\\\/alice.ch\\\/fr\\\/\",\"name\":\"alice.ch (Adult Learning Information Center) ist das Portal der Weiterbildung in der Schweiz.\",\"description\":\"Schweizerischer Verband f\u00fcr Weiterbildung\",\"publisher\":{\"@id\":\"https:\\\/\\\/alice.ch\\\/fr\\\/#organization\"},\"potentialAction\":[{\"@type\":\"SearchAction\",\"target\":{\"@type\":\"EntryPoint\",\"urlTemplate\":\"https:\\\/\\\/alice.ch\\\/fr\\\/?s={search_term_string}\"},\"query-input\":{\"@type\":\"PropertyValueSpecification\",\"valueRequired\":true,\"valueName\":\"search_term_string\"}}],\"inLanguage\":\"fr-FR\"},{\"@type\":\"Organization\",\"@id\":\"https:\\\/\\\/alice.ch\\\/fr\\\/#organization\",\"name\":\"FSEA F\u00e9d\u00e9ration suisse pour la formation continue\",\"url\":\"https:\\\/\\\/alice.ch\\\/fr\\\/\",\"logo\":{\"@type\":\"ImageObject\",\"inLanguage\":\"fr-FR\",\"@id\":\"https:\\\/\\\/alice.ch\\\/fr\\\/#\\\/schema\\\/logo\\\/image\\\/\",\"url\":\"https:\\\/\\\/alice.ch\\\/app\\\/uploads\\\/2022\\\/07\\\/logo-sveb.png\",\"contentUrl\":\"https:\\\/\\\/alice.ch\\\/app\\\/uploads\\\/2022\\\/07\\\/logo-sveb.png\",\"width\":145,\"height\":64,\"caption\":\"FSEA F\u00e9d\u00e9ration suisse pour la formation continue\"},\"image\":{\"@id\":\"https:\\\/\\\/alice.ch\\\/fr\\\/#\\\/schema\\\/logo\\\/image\\\/\"},\"sameAs\":[\"https:\\\/\\\/www.linkedin.com\\\/company\\\/schweizerischer-verband-fr-weiterbildung-sveb\\\/\"]}]}<\/script>\n<!-- \/ Yoast SEO plugin. -->","yoast_head_json":{"title":"Prestataires - FSEA","description":"Dans le cadre de son enqu\u00eate, la FSEA effectue chaque ann\u00e9e un sondage aupr\u00e8s des prestataires de formation continue actifs en Suisse.","robots":{"index":"index","follow":"follow","max-snippet":"max-snippet:-1","max-image-preview":"max-image-preview:large","max-video-preview":"max-video-preview:-1"},"canonical":"https:\/\/alice.ch\/fr\/themes\/formation-continue-suisse\/prestataires\/","og_locale":"fr_FR","og_type":"article","og_title":"Prestataires - FSEA","og_description":"Dans le cadre de son enqu\u00eate, la FSEA effectue chaque ann\u00e9e un sondage aupr\u00e8s des prestataires de formation continue actifs en Suisse.","og_url":"https:\/\/alice.ch\/fr\/themes\/formation-continue-suisse\/prestataires\/","og_site_name":"SVEB","article_modified_time":"2024-09-25T18:21:45+00:00","og_image":[{"url":"https:\/\/alice.ch\/app\/uploads\/2024\/09\/repartition-prestataires-par-region-linguistique-en-suisse-fsea-2024-1024x611.png","type":"","width":"","height":""}],"twitter_card":"summary_large_image","twitter_misc":{"Dur\u00e9e de lecture estim\u00e9e":"4 minutes"},"schema":{"@context":"https:\/\/schema.org","@graph":[{"@type":"WebPage","@id":"https:\/\/alice.ch\/fr\/themes\/formation-continue-suisse\/prestataires\/","url":"https:\/\/alice.ch\/fr\/themes\/formation-continue-suisse\/prestataires\/","name":"Prestataires - FSEA","isPartOf":{"@id":"https:\/\/alice.ch\/fr\/#website"},"primaryImageOfPage":{"@id":"https:\/\/alice.ch\/fr\/themes\/formation-continue-suisse\/prestataires\/#primaryimage"},"image":{"@id":"https:\/\/alice.ch\/fr\/themes\/formation-continue-suisse\/prestataires\/#primaryimage"},"thumbnailUrl":"https:\/\/alice.ch\/app\/uploads\/2022\/11\/default.jpg","datePublished":"2022-08-16T13:39:05+00:00","dateModified":"2024-09-25T18:21:45+00:00","description":"Dans le cadre de son enqu\u00eate, la FSEA effectue chaque ann\u00e9e un sondage aupr\u00e8s des prestataires de formation continue actifs en Suisse.","breadcrumb":{"@id":"https:\/\/alice.ch\/fr\/themes\/formation-continue-suisse\/prestataires\/#breadcrumb"},"inLanguage":"fr-FR","potentialAction":[{"@type":"ReadAction","target":["https:\/\/alice.ch\/fr\/themes\/formation-continue-suisse\/prestataires\/"]}]},{"@type":"ImageObject","inLanguage":"fr-FR","@id":"https:\/\/alice.ch\/fr\/themes\/formation-continue-suisse\/prestataires\/#primaryimage","url":"https:\/\/alice.ch\/app\/uploads\/2022\/11\/default.jpg","contentUrl":"https:\/\/alice.ch\/app\/uploads\/2022\/11\/default.jpg","width":1600,"height":900},{"@type":"BreadcrumbList","@id":"https:\/\/alice.ch\/fr\/themes\/formation-continue-suisse\/prestataires\/#breadcrumb","itemListElement":[{"@type":"ListItem","position":1,"name":"Page d'accueil","item":"https:\/\/alice.ch\/fr\/"},{"@type":"ListItem","position":2,"name":"Th\u00e8mes","item":"https:\/\/alice.ch\/fr\/themes\/"},{"@type":"ListItem","position":3,"name":"Formation continue en suisse","item":"https:\/\/alice.ch\/fr\/themes\/formation-continue-suisse\/"},{"@type":"ListItem","position":4,"name":"Prestataires"}]},{"@type":"WebSite","@id":"https:\/\/alice.ch\/fr\/#website","url":"https:\/\/alice.ch\/fr\/","name":"alice.ch (Adult Learning Information Center) ist das Portal der Weiterbildung in der Schweiz.","description":"Schweizerischer Verband f\u00fcr Weiterbildung","publisher":{"@id":"https:\/\/alice.ch\/fr\/#organization"},"potentialAction":[{"@type":"SearchAction","target":{"@type":"EntryPoint","urlTemplate":"https:\/\/alice.ch\/fr\/?s={search_term_string}"},"query-input":{"@type":"PropertyValueSpecification","valueRequired":true,"valueName":"search_term_string"}}],"inLanguage":"fr-FR"},{"@type":"Organization","@id":"https:\/\/alice.ch\/fr\/#organization","name":"FSEA F\u00e9d\u00e9ration suisse pour la formation continue","url":"https:\/\/alice.ch\/fr\/","logo":{"@type":"ImageObject","inLanguage":"fr-FR","@id":"https:\/\/alice.ch\/fr\/#\/schema\/logo\/image\/","url":"https:\/\/alice.ch\/app\/uploads\/2022\/07\/logo-sveb.png","contentUrl":"https:\/\/alice.ch\/app\/uploads\/2022\/07\/logo-sveb.png","width":145,"height":64,"caption":"FSEA F\u00e9d\u00e9ration suisse pour la formation continue"},"image":{"@id":"https:\/\/alice.ch\/fr\/#\/schema\/logo\/image\/"},"sameAs":["https:\/\/www.linkedin.com\/company\/schweizerischer-verband-fr-weiterbildung-sveb\/"]}]}},"_links":{"self":[{"href":"https:\/\/alice.ch\/fr\/wp-json\/wp\/v2\/pages\/11007","targetHints":{"allow":["GET"]}}],"collection":[{"href":"https:\/\/alice.ch\/fr\/wp-json\/wp\/v2\/pages"}],"about":[{"href":"https:\/\/alice.ch\/fr\/wp-json\/wp\/v2\/types\/page"}],"author":[{"embeddable":true,"href":"https:\/\/alice.ch\/fr\/wp-json\/wp\/v2\/users\/2"}],"replies":[{"embeddable":true,"href":"https:\/\/alice.ch\/fr\/wp-json\/wp\/v2\/comments?post=11007"}],"version-history":[{"count":25,"href":"https:\/\/alice.ch\/fr\/wp-json\/wp\/v2\/pages\/11007\/revisions"}],"predecessor-version":[{"id":62764,"href":"https:\/\/alice.ch\/fr\/wp-json\/wp\/v2\/pages\/11007\/revisions\/62764"}],"up":[{"embeddable":true,"href":"https:\/\/alice.ch\/fr\/wp-json\/wp\/v2\/pages\/14922"}],"wp:featuredmedia":[{"embeddable":true,"href":"https:\/\/alice.ch\/fr\/wp-json\/wp\/v2\/media\/20799"}],"wp:attachment":[{"href":"https:\/\/alice.ch\/fr\/wp-json\/wp\/v2\/media?parent=11007"}],"curies":[{"name":"wp","href":"https:\/\/api.w.org\/{rel}","templated":true}]}}