{"id":11018,"date":"2022-08-16T15:39:08","date_gmt":"2022-08-16T13:39:08","guid":{"rendered":"https:\/\/projects.atxeit.ch\/sveb\/grundkompetenzen\/report-grundkompetenzen\/"},"modified":"2024-11-28T11:04:45","modified_gmt":"2024-11-28T10:04:45","slug":"rapport-competences-de-base","status":"publish","type":"page","link":"https:\/\/alice.ch\/fr\/themes\/competences-de-base\/rapport-competences-de-base\/","title":{"rendered":"Rapport Comp\u00e9tences de base"},"content":{"rendered":"\n<div class=\"wp-block-group is-style-reduced-width is-layout-flow wp-block-group-is-layout-flow\">\n<h1 class=\"wp-block-heading\">Rapport sur les comp\u00e9tences de base<\/h1>\n\n\n\n<p class=\"is-style-lead\">Les comp\u00e9tences de base&nbsp;telles que la lecture, l&rsquo;\u00e9criture, l&rsquo;expression orale, les math\u00e9matiques de la vie quotidienne ou l&rsquo;utilisation d\u2019outils informatiques de base constituent une base pour l&rsquo;apprentissage tout au long de la vie. Ces comp\u00e9tences permettent une participation autod\u00e9termin\u00e9e \u00e0 la vie professionnelle et sociale.&nbsp;&nbsp;<\/p>\n\n\n\n<p>Le rapport s&rsquo;int\u00e9resse sp\u00e9cifiquement au domaine des comp\u00e9tences de base. Trois rapports ont \u00e9t\u00e9 publi\u00e9s \u00e0 ce jour. Comme ils reposent sur des donn\u00e9es diff\u00e9rentes, leurs r\u00e9sultats ne sont pas comparables.&nbsp;<\/p>\n\n\n\n<h2 class=\"wp-block-heading\">Rapport sur les comp\u00e9tences de base: Financement et programmes d\u2019encouragement<\/h2>\n\n\n\n<p>Le rapport sur les comp\u00e9tences de base pr\u00e9sente le financement et les structures d\u2019encouragement des prestataires de formation continue dans le domaine des comp\u00e9tences de base des adultes. Les analyses du pr\u00e9sent rapport se basent sur les donn\u00e9es de l&rsquo;enqu\u00eate sur les prestataires 2024 de la FSEA. Il s&rsquo;agit d&rsquo;une enqu\u00eate annuelle aupr\u00e8s des prestataires de formation continue suisses au moyen d&rsquo;un questionnaire en ligne semi-standardis\u00e9. La question relative aux structures d\u2019encouragement auxquelles les prestataires ont recours pour financer leurs offres a \u00e9t\u00e9 pos\u00e9e pour la premi\u00e8re fois dans l&rsquo;enqu\u00eate 2024. <\/p>\n\n\n\n\t\n\t<div class=\"publication-item\">\n\t\t<div class=\"image\">\n\t\t\t<img decoding=\"async\" width=\"1240\" height=\"1754\" src=\"https:\/\/alice.ch\/app\/uploads\/2024\/11\/cover-rapport-sur-les-competences-de-base-financement-et-programmes.jpg\" class=\"attachment-post-thumbnail size-post-thumbnail wp-post-image\" alt=\"\" srcset=\"https:\/\/alice.ch\/app\/uploads\/2024\/11\/cover-rapport-sur-les-competences-de-base-financement-et-programmes.jpg 1240w, https:\/\/alice.ch\/app\/uploads\/2024\/11\/cover-rapport-sur-les-competences-de-base-financement-et-programmes-212x300.jpg 212w, https:\/\/alice.ch\/app\/uploads\/2024\/11\/cover-rapport-sur-les-competences-de-base-financement-et-programmes-724x1024.jpg 724w, https:\/\/alice.ch\/app\/uploads\/2024\/11\/cover-rapport-sur-les-competences-de-base-financement-et-programmes-768x1086.jpg 768w, https:\/\/alice.ch\/app\/uploads\/2024\/11\/cover-rapport-sur-les-competences-de-base-financement-et-programmes-1086x1536.jpg 1086w\" sizes=\"(max-width: 1240px) 100vw, 1240px\" \/>\t\t<\/div>\n\n\t\t<div class=\"content\">\n\t\t\t<h3>Rapport sur les comp\u00e9tences de base: Financement et programmes d\u2019encouragement<\/h3>\n\t\t\t<div class=\"description\"><p>Ce rapport analyse le financement et les structures d\u2019encouragement que les prestataires de formation continue utilisent pour financer leurs offres dans le domaine des comp\u00e9tences de base des adultes.<\/p>\n<\/div>\n\n\t\t\t<div class=\"meta\">\n\t\t\t\t<ul>\n\t\t\t\t\t\t\t\t\t\t\t<li><strong>Prix:<\/strong> gratuit<\/li>\n\t\t\t\t\t\n\t\t\t\t\t\t\t\t\t\t\t<li><strong>\u00c9diteur:<\/strong> FSEA<\/li>\n\t\t\t\t\t\n\t\t\t\t\t\t\t\t\t\t\t<li><strong>Auteur:<\/strong> Sofie Gollob, C\u00e4cilia M\u00e4rki, Vanessa Cacho<\/li>\n\t\t\t\t\t\n\t\t\t\t\t\t\t\t\t\t\t<li><strong>Distributeur:<\/strong> FSEA, 12 pages<\/li>\n\t\t\t\t\t\n\t\t\t\t\t\n\t\t\t\t\t\n\t\t\t\t\t\t\t\t\t<\/ul>\n\n\t\t\t\t<ul class=\"actions\">\n\t\t\t\t\t\t\t\t\t\t\t<li><a class=\"button\" href=\"https:\/\/alice.ch\/fr\/download-fr\/?pub-id=64461\">T\u00e9l\u00e9charger<\/a><\/li>\n\t\t\t\t\t\n\t\t\t\t\t\t\t\t\t<\/ul>\n\t\t\t<\/div>\n\t\t<\/div>\n\n\n\t<\/div>\n\n\n\t\n\n\n<h2 class=\"wp-block-heading\">Rapport sur les comp\u00e9tences de base: Structure et conditions d\u2019engagement<\/h2>\n\n\n\n<p>Le rapport sur les comp\u00e9tences de base pr\u00e9sente la situation dans le domaine des comp\u00e9tences de base du point de vue des prestataires. Les donn\u00e9es recueillies dans le cadre de l&rsquo;enqu\u00eate effectu\u00e9e en&nbsp;2023 par la FSEA aupr\u00e8s des prestataires de formation permettent d&rsquo;obtenir des informations sur la structure des prestataires exer\u00e7ant leur activit\u00e9 dans le domaine des comp\u00e9tences de base, et sur les conditions d&rsquo;engagement que les formateurs et formatrices rencontrent dans le domaine des comp\u00e9tences de base, selon les prestataires. Par ailleurs, les indications fournies par les prestataires qui exercent leur activit\u00e9 dans les comp\u00e9tences de base peuvent \u00eatre compar\u00e9es avec celles de tous les autres prestataires ayant particip\u00e9 \u00e0 cette enqu\u00eate. Cette comparaison permet de d\u00e9duire des caract\u00e9ristiques propres au secteur de la promotion des comp\u00e9tences de base.<\/p>\n\n\n\n<p>Les analyses du pr\u00e9sent rapport s&rsquo;appuient sur les donn\u00e9es recueillies lors de l&rsquo;enqu\u00eate de la FSEA aupr\u00e8s des prestataires en&nbsp;2023. Il s&rsquo;agit d&rsquo;une enqu\u00eate annuelle effectu\u00e9e aupr\u00e8s des prestataires de formation continue en Suisse. Elle est bas\u00e9e sur un questionnaire en ligne partiellement standardis\u00e9. Sur les 447&nbsp;prestataires ayant r\u00e9pondu \u00e0 l&rsquo;enqu\u00eate, 164 ont indiqu\u00e9 qu&rsquo;ils proposaient des offres dans le secteur des comp\u00e9tences de base, qu&rsquo;il s&rsquo;agisse de leur domaine d&rsquo;activit\u00e9 principal ou d&rsquo;un domaine secondaire. Cela repr\u00e9sente 37% de l&rsquo;ensemble des prestataires interrog\u00e9s.<\/p>\n\n\n\n\t\n\t<div class=\"publication-item\">\n\t\t<div class=\"image\">\n\t\t\t<img decoding=\"async\" width=\"840\" height=\"1194\" src=\"https:\/\/alice.ch\/app\/uploads\/2024\/03\/rapport-sur-les-competences-de-base-2024-fr-1.png\" class=\"attachment-post-thumbnail size-post-thumbnail wp-post-image\" alt=\"\" srcset=\"https:\/\/alice.ch\/app\/uploads\/2024\/03\/rapport-sur-les-competences-de-base-2024-fr-1.png 840w, https:\/\/alice.ch\/app\/uploads\/2024\/03\/rapport-sur-les-competences-de-base-2024-fr-1-211x300.png 211w, https:\/\/alice.ch\/app\/uploads\/2024\/03\/rapport-sur-les-competences-de-base-2024-fr-1-720x1024.png 720w, https:\/\/alice.ch\/app\/uploads\/2024\/03\/rapport-sur-les-competences-de-base-2024-fr-1-768x1092.png 768w\" sizes=\"(max-width: 840px) 100vw, 840px\" \/>\t\t<\/div>\n\n\t\t<div class=\"content\">\n\t\t\t<h3>Rapport sur les comp\u00e9tences de base: Structure et conditions d\u2019engagement<\/h3>\n\t\t\t<div class=\"description\"><p>Dans son rapport Comp\u00e9tences de base, la FSEA examine en d\u00e9tail les prestataires qui interviennent dans le domaine des comp\u00e9tences de base. Ce rapport met en lumi\u00e8re des points communs avec les autres prestataires, mais aussi des diff\u00e9rences notables.<\/p>\n<\/div>\n\n\t\t\t<div class=\"meta\">\n\t\t\t\t<ul>\n\t\t\t\t\t\t\t\t\t\t\t<li><strong>Prix:<\/strong> gratuit<\/li>\n\t\t\t\t\t\n\t\t\t\t\t\t\t\t\t\t\t<li><strong>\u00c9diteur:<\/strong> FSEA<\/li>\n\t\t\t\t\t\n\t\t\t\t\t\t\t\t\t\t\t<li><strong>Auteur:<\/strong> C\u00e4cilia M\u00e4rki, Helen Buchs<\/li>\n\t\t\t\t\t\n\t\t\t\t\t\t\t\t\t\t\t<li><strong>Distributeur:<\/strong> FSEA, 21 pages<\/li>\n\t\t\t\t\t\n\t\t\t\t\t\n\t\t\t\t\t\n\t\t\t\t\t\t\t\t\t<\/ul>\n\n\t\t\t\t<ul class=\"actions\">\n\t\t\t\t\t\t\t\t\t\t\t<li><a class=\"button\" href=\"https:\/\/alice.ch\/fr\/download-fr\/?pub-id=53177\">T\u00e9l\u00e9charger<\/a><\/li>\n\t\t\t\t\t\n\t\t\t\t\t\t\t\t\t<\/ul>\n\t\t\t<\/div>\n\t\t<\/div>\n\n\n\t<\/div>\n\n\n\t\n\n\n<h2 class=\"wp-block-heading\">Rapport sur les comp\u00e9tences de base: D\u00e9veloppements et d\u00e9fis<\/h2>\n\n\n\n<p>En raison de la diversit\u00e9 des structures de soutien qui ne sont pas li\u00e9es entre elles, les offres dans le domaine des comp\u00e9tences de base sont tr\u00e8s fragment\u00e9es. Une coordination entre les instances de soutien pourrait entra\u00eener un changement de paradigme au niveau du recrutement des participants et participantes et du d\u00e9veloppement des offres. C\u2019est ce qui ressort du premier rapport sur les comp\u00e9tences de base de la FSEA.<\/p>\n\n\n\n<p>Pour le rapport sur les comp\u00e9tences de base: d\u00e9veloppements et d\u00e9fis, un sondage en ligne a \u00e9t\u00e9 effectu\u00e9 aupr\u00e8s de 784 prestataires, dont 109 personnes ont r\u00e9pondu au questionnaire. Apr\u00e8s l\u2019\u00e9puration des donn\u00e9es, les indications de 61 prestataires de formation continue de toutes les r\u00e9gions linguistiques ont \u00e9t\u00e9 prises en compte pour l\u2019analyse.<\/p>\n\n\n\n\t\n\t<div class=\"publication-item\">\n\t\t<div class=\"image\">\n\t\t\t<img decoding=\"async\" width=\"1240\" height=\"1754\" src=\"https:\/\/alice.ch\/app\/uploads\/2023\/03\/220621_Branchenmonitor22_GKE-Cover_fr.jpg\" class=\"attachment-post-thumbnail size-post-thumbnail wp-post-image\" alt=\"\" srcset=\"https:\/\/alice.ch\/app\/uploads\/2023\/03\/220621_Branchenmonitor22_GKE-Cover_fr.jpg 1240w, https:\/\/alice.ch\/app\/uploads\/2023\/03\/220621_Branchenmonitor22_GKE-Cover_fr-212x300.jpg 212w, https:\/\/alice.ch\/app\/uploads\/2023\/03\/220621_Branchenmonitor22_GKE-Cover_fr-724x1024.jpg 724w, https:\/\/alice.ch\/app\/uploads\/2023\/03\/220621_Branchenmonitor22_GKE-Cover_fr-768x1086.jpg 768w, https:\/\/alice.ch\/app\/uploads\/2023\/03\/220621_Branchenmonitor22_GKE-Cover_fr-1086x1536.jpg 1086w\" sizes=\"(max-width: 1240px) 100vw, 1240px\" \/>\t\t<\/div>\n\n\t\t<div class=\"content\">\n\t\t\t<h3>Rapport sur les comp\u00e9tences de base: D\u00e9veloppements et d\u00e9fis<\/h3>\n\t\t\t<div class=\"description\"><p>Le rapport offre un premier aper\u00e7u de la situation des prestataires qui agissent pour la promotion des comp\u00e9tences de base chez les adultes dans le cadre de structures de financement complexes. Les quatre indicateurs\/dimensions suivantes sont trait\u00e9s :<\/p>\n<ul>\n<li>les groupes cibles<\/li>\n<li>l\u2019offre<\/li>\n<li>la demande<\/li>\n<li>le niveau organisationnel<\/li>\n<\/ul>\n<\/div>\n\n\t\t\t<div class=\"meta\">\n\t\t\t\t<ul>\n\t\t\t\t\t\t\t\t\t\t\t<li><strong>Prix:<\/strong> gratuit<\/li>\n\t\t\t\t\t\n\t\t\t\t\t\t\t\t\t\t\t<li><strong>\u00c9diteur:<\/strong> FSEA<\/li>\n\t\t\t\t\t\n\t\t\t\t\t\t\t\t\t\t\t<li><strong>Auteur:<\/strong> C\u00e4cilia M\u00e4rki, Saambavi Poopalapillai<\/li>\n\t\t\t\t\t\n\t\t\t\t\t\t\t\t\t\t\t<li><strong>Distributeur:<\/strong> FSEA, 28 pages<\/li>\n\t\t\t\t\t\n\t\t\t\t\t\n\t\t\t\t\t\n\t\t\t\t\t\t\t\t\t<\/ul>\n\n\t\t\t\t<ul class=\"actions\">\n\t\t\t\t\t\t\t\t\t\t\t<li><a class=\"button\" href=\"https:\/\/alice.ch\/fr\/download-fr\/?pub-id=36395\">T\u00e9l\u00e9charger<\/a><\/li>\n\t\t\t\t\t\n\t\t\t\t\t\t\t\t\t<\/ul>\n\t\t\t<\/div>\n\t\t<\/div>\n\n\n\t<\/div>\n\n\n\t\n\n\n<div class=\"wp-block-buttons is-layout-flex wp-block-buttons-is-layout-flex\">\n<div class=\"wp-block-button has-custom-width wp-block-button__width-50 is-style-outline is-style-outline--1\"><a class=\"wp-block-button__link wp-element-button\" href=\"https:\/\/alice.ch\/fr\/observatoire-de-la-formation-continue-fsea\/\">Observatoire de la formation continue<\/a><\/div>\n<\/div>\n\n\n\n<h2 class=\"wp-block-heading\">Contact<\/h2>\n\n\n\n<div class=\"wp-block-columns is-layout-flex wp-container-core-columns-is-layout-28f84493 wp-block-columns-is-layout-flex\">\n<div class=\"wp-block-column is-layout-flow wp-block-column-is-layout-flow\" style=\"flex-basis:50%\"><div class=\"contact-persons\">\n\n\t\t\t\t\t<div class=\"contact-person\">\n\t\t\t\t\tC\u00e4cilia M\u00e4rki<br \/>\t\t\t\t\tResponsable des projets senior et co-responsable de la coordination comp\u00e9tences de base<br \/>\t\t\t\t\t<br \/>\n\t\t\t\t\t\t\t\t\t\t<a href=\"tel:+41 (0)44 319 71 58\">+41 (0)44 319 71 58<\/a><br \/>\t\t\t\t\t<a href=\"mailto:caecilia.maerki@alice.ch\">caecilia.maerki@alice.ch<\/a><br \/>\t\t\t\t\t<\/div>\n\t\t\t\t\t<\/div>\n<\/div>\n\n\n\n<div class=\"wp-block-column is-layout-flow wp-block-column-is-layout-flow\" style=\"flex-basis:50%\"><\/div>\n<\/div>\n<\/div>\n","protected":false},"excerpt":{"rendered":"<p>Rapport sur les comp\u00e9tences de base Les comp\u00e9tences de base&nbsp;telles que la lecture, l&rsquo;\u00e9criture, l&rsquo;expression orale, les math\u00e9matiques de la [&hellip;]<\/p>\n","protected":false},"author":2,"featured_media":20799,"parent":11009,"menu_order":63,"comment_status":"closed","ping_status":"closed","template":"","meta":{"_acf_changed":false,"inline_featured_image":false,"footnotes":""},"class_list":["post-11018","page","type-page","status-publish","has-post-thumbnail","hentry"],"acf":[],"yoast_head":"<!-- This site is optimized with the Yoast SEO plugin v27.3 - https:\/\/yoast.com\/product\/yoast-seo-wordpress\/ -->\n<title>Rapport Comp\u00e9tences de base - FSEA<\/title>\n<meta name=\"description\" content=\"Rapport sur le domaine des comp\u00e9tences de base, ax\u00e9 sur le d\u00e9veloppement de l&#039;offre et l&#039;atteinte du groupe cible.\" \/>\n<meta name=\"robots\" content=\"index, follow, max-snippet:-1, max-image-preview:large, max-video-preview:-1\" \/>\n<link rel=\"canonical\" href=\"https:\/\/alice.ch\/fr\/themes\/competences-de-base\/rapport-competences-de-base\/\" \/>\n<meta property=\"og:locale\" content=\"fr_FR\" \/>\n<meta property=\"og:type\" content=\"article\" \/>\n<meta property=\"og:title\" content=\"Rapport Comp\u00e9tences de base - FSEA\" \/>\n<meta property=\"og:description\" content=\"Rapport sur le domaine des comp\u00e9tences de base, ax\u00e9 sur le d\u00e9veloppement de l&#039;offre et l&#039;atteinte du groupe cible.\" \/>\n<meta property=\"og:url\" content=\"https:\/\/alice.ch\/fr\/themes\/competences-de-base\/rapport-competences-de-base\/\" \/>\n<meta property=\"og:site_name\" content=\"SVEB\" \/>\n<meta property=\"article:modified_time\" content=\"2024-11-28T10:04:45+00:00\" \/>\n<meta name=\"twitter:card\" content=\"summary_large_image\" \/>\n<meta name=\"twitter:label1\" content=\"Dur\u00e9e de lecture estim\u00e9e\" \/>\n\t<meta name=\"twitter:data1\" content=\"2 minutes\" \/>\n<script type=\"application\/ld+json\" class=\"yoast-schema-graph\">{\"@context\":\"https:\\\/\\\/schema.org\",\"@graph\":[{\"@type\":\"WebPage\",\"@id\":\"https:\\\/\\\/alice.ch\\\/fr\\\/themes\\\/competences-de-base\\\/rapport-competences-de-base\\\/\",\"url\":\"https:\\\/\\\/alice.ch\\\/fr\\\/themes\\\/competences-de-base\\\/rapport-competences-de-base\\\/\",\"name\":\"Rapport Comp\u00e9tences de base - FSEA\",\"isPartOf\":{\"@id\":\"https:\\\/\\\/alice.ch\\\/fr\\\/#website\"},\"primaryImageOfPage\":{\"@id\":\"https:\\\/\\\/alice.ch\\\/fr\\\/themes\\\/competences-de-base\\\/rapport-competences-de-base\\\/#primaryimage\"},\"image\":{\"@id\":\"https:\\\/\\\/alice.ch\\\/fr\\\/themes\\\/competences-de-base\\\/rapport-competences-de-base\\\/#primaryimage\"},\"thumbnailUrl\":\"https:\\\/\\\/alice.ch\\\/app\\\/uploads\\\/2022\\\/11\\\/default.jpg\",\"datePublished\":\"2022-08-16T13:39:08+00:00\",\"dateModified\":\"2024-11-28T10:04:45+00:00\",\"description\":\"Rapport sur le domaine des comp\u00e9tences de base, ax\u00e9 sur le d\u00e9veloppement de l'offre et l'atteinte du groupe cible.\",\"breadcrumb\":{\"@id\":\"https:\\\/\\\/alice.ch\\\/fr\\\/themes\\\/competences-de-base\\\/rapport-competences-de-base\\\/#breadcrumb\"},\"inLanguage\":\"fr-FR\",\"potentialAction\":[{\"@type\":\"ReadAction\",\"target\":[\"https:\\\/\\\/alice.ch\\\/fr\\\/themes\\\/competences-de-base\\\/rapport-competences-de-base\\\/\"]}]},{\"@type\":\"ImageObject\",\"inLanguage\":\"fr-FR\",\"@id\":\"https:\\\/\\\/alice.ch\\\/fr\\\/themes\\\/competences-de-base\\\/rapport-competences-de-base\\\/#primaryimage\",\"url\":\"https:\\\/\\\/alice.ch\\\/app\\\/uploads\\\/2022\\\/11\\\/default.jpg\",\"contentUrl\":\"https:\\\/\\\/alice.ch\\\/app\\\/uploads\\\/2022\\\/11\\\/default.jpg\",\"width\":1600,\"height\":900},{\"@type\":\"BreadcrumbList\",\"@id\":\"https:\\\/\\\/alice.ch\\\/fr\\\/themes\\\/competences-de-base\\\/rapport-competences-de-base\\\/#breadcrumb\",\"itemListElement\":[{\"@type\":\"ListItem\",\"position\":1,\"name\":\"Page d'accueil\",\"item\":\"https:\\\/\\\/alice.ch\\\/fr\\\/\"},{\"@type\":\"ListItem\",\"position\":2,\"name\":\"Th\u00e8mes\",\"item\":\"https:\\\/\\\/alice.ch\\\/fr\\\/themes\\\/\"},{\"@type\":\"ListItem\",\"position\":3,\"name\":\"Comp\u00e9tences de base\",\"item\":\"https:\\\/\\\/alice.ch\\\/fr\\\/themes\\\/competences-de-base\\\/\"},{\"@type\":\"ListItem\",\"position\":4,\"name\":\"Rapport Comp\u00e9tences de base\"}]},{\"@type\":\"WebSite\",\"@id\":\"https:\\\/\\\/alice.ch\\\/fr\\\/#website\",\"url\":\"https:\\\/\\\/alice.ch\\\/fr\\\/\",\"name\":\"alice.ch (Adult Learning Information Center) ist das Portal der Weiterbildung in der Schweiz.\",\"description\":\"Schweizerischer Verband f\u00fcr Weiterbildung\",\"publisher\":{\"@id\":\"https:\\\/\\\/alice.ch\\\/fr\\\/#organization\"},\"potentialAction\":[{\"@type\":\"SearchAction\",\"target\":{\"@type\":\"EntryPoint\",\"urlTemplate\":\"https:\\\/\\\/alice.ch\\\/fr\\\/?s={search_term_string}\"},\"query-input\":{\"@type\":\"PropertyValueSpecification\",\"valueRequired\":true,\"valueName\":\"search_term_string\"}}],\"inLanguage\":\"fr-FR\"},{\"@type\":\"Organization\",\"@id\":\"https:\\\/\\\/alice.ch\\\/fr\\\/#organization\",\"name\":\"FSEA F\u00e9d\u00e9ration suisse pour la formation continue\",\"url\":\"https:\\\/\\\/alice.ch\\\/fr\\\/\",\"logo\":{\"@type\":\"ImageObject\",\"inLanguage\":\"fr-FR\",\"@id\":\"https:\\\/\\\/alice.ch\\\/fr\\\/#\\\/schema\\\/logo\\\/image\\\/\",\"url\":\"https:\\\/\\\/alice.ch\\\/app\\\/uploads\\\/2022\\\/07\\\/logo-sveb.png\",\"contentUrl\":\"https:\\\/\\\/alice.ch\\\/app\\\/uploads\\\/2022\\\/07\\\/logo-sveb.png\",\"width\":145,\"height\":64,\"caption\":\"FSEA F\u00e9d\u00e9ration suisse pour la formation continue\"},\"image\":{\"@id\":\"https:\\\/\\\/alice.ch\\\/fr\\\/#\\\/schema\\\/logo\\\/image\\\/\"},\"sameAs\":[\"https:\\\/\\\/www.linkedin.com\\\/company\\\/schweizerischer-verband-fr-weiterbildung-sveb\\\/\"]}]}<\/script>\n<!-- \/ Yoast SEO plugin. -->","yoast_head_json":{"title":"Rapport Comp\u00e9tences de base - FSEA","description":"Rapport sur le domaine des comp\u00e9tences de base, ax\u00e9 sur le d\u00e9veloppement de l'offre et l'atteinte du groupe cible.","robots":{"index":"index","follow":"follow","max-snippet":"max-snippet:-1","max-image-preview":"max-image-preview:large","max-video-preview":"max-video-preview:-1"},"canonical":"https:\/\/alice.ch\/fr\/themes\/competences-de-base\/rapport-competences-de-base\/","og_locale":"fr_FR","og_type":"article","og_title":"Rapport Comp\u00e9tences de base - FSEA","og_description":"Rapport sur le domaine des comp\u00e9tences de base, ax\u00e9 sur le d\u00e9veloppement de l'offre et l'atteinte du groupe cible.","og_url":"https:\/\/alice.ch\/fr\/themes\/competences-de-base\/rapport-competences-de-base\/","og_site_name":"SVEB","article_modified_time":"2024-11-28T10:04:45+00:00","twitter_card":"summary_large_image","twitter_misc":{"Dur\u00e9e de lecture estim\u00e9e":"2 minutes"},"schema":{"@context":"https:\/\/schema.org","@graph":[{"@type":"WebPage","@id":"https:\/\/alice.ch\/fr\/themes\/competences-de-base\/rapport-competences-de-base\/","url":"https:\/\/alice.ch\/fr\/themes\/competences-de-base\/rapport-competences-de-base\/","name":"Rapport Comp\u00e9tences de base - FSEA","isPartOf":{"@id":"https:\/\/alice.ch\/fr\/#website"},"primaryImageOfPage":{"@id":"https:\/\/alice.ch\/fr\/themes\/competences-de-base\/rapport-competences-de-base\/#primaryimage"},"image":{"@id":"https:\/\/alice.ch\/fr\/themes\/competences-de-base\/rapport-competences-de-base\/#primaryimage"},"thumbnailUrl":"https:\/\/alice.ch\/app\/uploads\/2022\/11\/default.jpg","datePublished":"2022-08-16T13:39:08+00:00","dateModified":"2024-11-28T10:04:45+00:00","description":"Rapport sur le domaine des comp\u00e9tences de base, ax\u00e9 sur le d\u00e9veloppement de l'offre et l'atteinte du groupe cible.","breadcrumb":{"@id":"https:\/\/alice.ch\/fr\/themes\/competences-de-base\/rapport-competences-de-base\/#breadcrumb"},"inLanguage":"fr-FR","potentialAction":[{"@type":"ReadAction","target":["https:\/\/alice.ch\/fr\/themes\/competences-de-base\/rapport-competences-de-base\/"]}]},{"@type":"ImageObject","inLanguage":"fr-FR","@id":"https:\/\/alice.ch\/fr\/themes\/competences-de-base\/rapport-competences-de-base\/#primaryimage","url":"https:\/\/alice.ch\/app\/uploads\/2022\/11\/default.jpg","contentUrl":"https:\/\/alice.ch\/app\/uploads\/2022\/11\/default.jpg","width":1600,"height":900},{"@type":"BreadcrumbList","@id":"https:\/\/alice.ch\/fr\/themes\/competences-de-base\/rapport-competences-de-base\/#breadcrumb","itemListElement":[{"@type":"ListItem","position":1,"name":"Page d'accueil","item":"https:\/\/alice.ch\/fr\/"},{"@type":"ListItem","position":2,"name":"Th\u00e8mes","item":"https:\/\/alice.ch\/fr\/themes\/"},{"@type":"ListItem","position":3,"name":"Comp\u00e9tences de base","item":"https:\/\/alice.ch\/fr\/themes\/competences-de-base\/"},{"@type":"ListItem","position":4,"name":"Rapport Comp\u00e9tences de base"}]},{"@type":"WebSite","@id":"https:\/\/alice.ch\/fr\/#website","url":"https:\/\/alice.ch\/fr\/","name":"alice.ch (Adult Learning Information Center) ist das Portal der Weiterbildung in der Schweiz.","description":"Schweizerischer Verband f\u00fcr Weiterbildung","publisher":{"@id":"https:\/\/alice.ch\/fr\/#organization"},"potentialAction":[{"@type":"SearchAction","target":{"@type":"EntryPoint","urlTemplate":"https:\/\/alice.ch\/fr\/?s={search_term_string}"},"query-input":{"@type":"PropertyValueSpecification","valueRequired":true,"valueName":"search_term_string"}}],"inLanguage":"fr-FR"},{"@type":"Organization","@id":"https:\/\/alice.ch\/fr\/#organization","name":"FSEA F\u00e9d\u00e9ration suisse pour la formation continue","url":"https:\/\/alice.ch\/fr\/","logo":{"@type":"ImageObject","inLanguage":"fr-FR","@id":"https:\/\/alice.ch\/fr\/#\/schema\/logo\/image\/","url":"https:\/\/alice.ch\/app\/uploads\/2022\/07\/logo-sveb.png","contentUrl":"https:\/\/alice.ch\/app\/uploads\/2022\/07\/logo-sveb.png","width":145,"height":64,"caption":"FSEA F\u00e9d\u00e9ration suisse pour la formation continue"},"image":{"@id":"https:\/\/alice.ch\/fr\/#\/schema\/logo\/image\/"},"sameAs":["https:\/\/www.linkedin.com\/company\/schweizerischer-verband-fr-weiterbildung-sveb\/"]}]}},"_links":{"self":[{"href":"https:\/\/alice.ch\/fr\/wp-json\/wp\/v2\/pages\/11018","targetHints":{"allow":["GET"]}}],"collection":[{"href":"https:\/\/alice.ch\/fr\/wp-json\/wp\/v2\/pages"}],"about":[{"href":"https:\/\/alice.ch\/fr\/wp-json\/wp\/v2\/types\/page"}],"author":[{"embeddable":true,"href":"https:\/\/alice.ch\/fr\/wp-json\/wp\/v2\/users\/2"}],"replies":[{"embeddable":true,"href":"https:\/\/alice.ch\/fr\/wp-json\/wp\/v2\/comments?post=11018"}],"version-history":[{"count":22,"href":"https:\/\/alice.ch\/fr\/wp-json\/wp\/v2\/pages\/11018\/revisions"}],"predecessor-version":[{"id":64586,"href":"https:\/\/alice.ch\/fr\/wp-json\/wp\/v2\/pages\/11018\/revisions\/64586"}],"up":[{"embeddable":true,"href":"https:\/\/alice.ch\/fr\/wp-json\/wp\/v2\/pages\/11009"}],"wp:featuredmedia":[{"embeddable":true,"href":"https:\/\/alice.ch\/fr\/wp-json\/wp\/v2\/media\/20799"}],"wp:attachment":[{"href":"https:\/\/alice.ch\/fr\/wp-json\/wp\/v2\/media?parent=11018"}],"curies":[{"name":"wp","href":"https:\/\/api.w.org\/{rel}","templated":true}]}}