{"id":11020,"date":"2022-08-16T15:41:03","date_gmt":"2022-08-16T13:41:03","guid":{"rendered":"https:\/\/projects.atxeit.ch\/sveb\/grundkompetenzen\/innovativ-foerdern\/"},"modified":"2023-12-01T15:36:57","modified_gmt":"2023-12-01T14:36:57","slug":"promotion-innovante","status":"publish","type":"page","link":"https:\/\/alice.ch\/fr\/themes\/competences-de-base\/promotion-innovante\/","title":{"rendered":"Promotion innovante"},"content":{"rendered":"\n<div class=\"wp-block-group is-style-reduced-width is-layout-flow wp-block-group-is-layout-flow\">\n<h1 class=\"wp-block-heading\">Interconnecter, d\u00e9velopper, promouvoir<\/h1>\n\n\n\n<p class=\"is-style-lead\">La promotion des comp\u00e9tences de base est un champ d\u2019action ambitieux. Le besoin est grand, mais l\u2019offre de cours disponible est peu utilis\u00e9e. Afin de mieux toucher le groupe cible et d\u2019accro\u00eetre l\u2019utilit\u00e9 des offres de formation pour tous les acteurs impliqu\u00e9s, nous cherchons conjointement avec notre r\u00e9seau des voies novatrices pour la promotion des comp\u00e9tences de base en Suisse.<\/p>\n\n\n\n<h2 class=\"wp-block-heading\">Comment promouvoir les comp\u00e9tences de base ?<\/h2>\n\n\n\n<p>Une promotion innovante des adultes poss\u00e9dant de faibles comp\u00e9tences de base, cela signifie :<\/p>\n\n\n\n<h3 class=\"wp-block-heading\">Cr\u00e9er de nouvelles approches<\/h3>\n\n\n\n<p>La loi sur la formation continue stipule pour la promotion des comp\u00e9tences de base des offres \u00ab ax\u00e9es sur la r\u00e9alit\u00e9 pratique en tenant compte des th\u00e8mes (\u2026) significatifs pour la vie quotidienne \u00bb des int\u00e9ress\u00e9s (art. 13 de la LFCo). Trois voies d\u2019acc\u00e8s aux adultes poss\u00e9dant de faibles comp\u00e9tences de base se sont av\u00e9r\u00e9es particuli\u00e8rement appropri\u00e9es :<\/p>\n\n\n\n<ol class=\"wp-block-list\">\n<li><strong>Le lieu de travail comme lieu d\u2019apprentissage :<\/strong>&nbsp;une voie d\u2019acc\u00e8s prometteuse au groupe cible passe par le lieu de travail. En effet, pr\u00e8s de deux tiers (environ 64 %) des adultes avec de faibles comp\u00e9tences de base en Suisse travaillent.<br><strong><\/strong><\/li>\n\n\n\n<li><strong>Promotion dans les structures ordinaires :<\/strong>&nbsp;les structures ordinaires \u00e9galement permettent d\u2019acc\u00e9der aux personnes concern\u00e9es. Ainsi, les personnes d\u00e9pendant de l\u2019aide sociale pendant une p\u00e9riode prolong\u00e9e ont tr\u00e8s probablement besoin d\u2019une promotion de leurs comp\u00e9tences, et peuvent tirer profit de mesures de formation ax\u00e9es sur le quotidien et l\u2019action.<br><\/li>\n\n\n\n<li><strong>Sensibiliser les personnes relais :<\/strong>&nbsp;un r\u00f4le important pour l\u2019acc\u00e8s au groupe cible revient aux personnes qui, de par leur profession, travaillent \u00e9troitement avec les gens, telles que des m\u00e9decins, des pasteurs, des travailleurs sociaux, etc. Si elles y sont suffisamment sensibilis\u00e9es, ces personnes relais peuvent d\u00e9celer et aider les adultes poss\u00e9dant de faibles comp\u00e9tences de base.<\/li>\n<\/ol>\n\n\n\n<div class=\"wp-block-buttons is-layout-flex wp-block-buttons-is-layout-flex\">\n<div class=\"wp-block-button has-custom-width wp-block-button__width-50 is-style-outline is-style-outline--1\"><a class=\"wp-block-button__link wp-element-button\" href=\"https:\/\/www.lire-ecrire-suisse.ch\/Sensibilisierung.cfm\" target=\"_blank\" rel=\"noreferrer noopener\">Sensibilisation des personnes relais (Association Lire et Ecrire)<\/a><\/div>\n<\/div>\n\n\n\n<h3 class=\"wp-block-heading\">D\u00e9velopper des offres de formation orient\u00e9es action<\/h3>\n\n\n\n<p>Les adultes apprennent de fa\u00e7on cibl\u00e9e en fonction de la situation. Ils sont motiv\u00e9s lorsque leurs efforts pr\u00e9sentent une utilit\u00e9 directe pour leur quotidien. Afin de proposer des offres de formation ad\u00e9quates, il faut renoncer \u00e0 s\u00e9parer la vie professionnelle, priv\u00e9e et l\u2019apprentissage, \u00e0 d\u00e9velopper des offres au long cours (\u00ab puisqu\u2019il y a tant de choses \u00e0 apprendre \u00bb) et \u00e0 penser en termes de disciplines. Les adultes tirent un profit \u00e0 long terme de mesures de formation si l\u2019on parvient \u00e0 modifier la pratique quotidienne dans le contexte tant priv\u00e9 que professionnel.<\/p>\n\n\n\n<div class=\"wp-block-group is-style-run-to-edge has-primary-background-color has-background is-layout-flow wp-block-group-is-layout-flow\">\n<p class=\"is-style-lead has-background-color has-text-color\">Les offres de formation GO sont ax\u00e9es sur l\u2019action et misent sur un effet d\u2019apprentissage maximal avec de br\u00e8ves s\u00e9quences de cours dans le contexte professionnel . Elles s\u2019adressent aux prestataires de formation continue et aux entreprises souhaitant promouvoir leurs travailleurs peu qualifi\u00e9s.<\/p>\n<\/div>\n\n\n\n<div class=\"wp-block-buttons is-layout-flex wp-block-buttons-is-layout-flex\">\n<div class=\"wp-block-button has-custom-width wp-block-button__width-50 is-style-outline is-style-outline--2\"><a class=\"wp-block-button__link wp-element-button\">GO : promotion en situation de travail<\/a><\/div>\n<\/div>\n\n\n\n<h3 class=\"wp-block-heading\">Qualification des formateurs<\/h3>\n\n\n\n<p>Les apprenants les plus faibles ont besoin des meilleurs formateurs et des meilleures formatrices \u2013 c\u2019est pourquoi des formateurs qualifi\u00e9s sont si importants dans le domaine des comp\u00e9tences de base. La qualit\u00e9 de la formation des formateurs et la d\u00e9finition des qualifications requises des formateurs pour l\u2019enseignement des comp\u00e9tences de base constituent deux aspects de la professionnalisation. Il s\u2019agit donc de concevoir en cons\u00e9quence la formation des formateurs, les standards de qualit\u00e9 suisses (<a href=\"https:\/\/alice.ch\/fr\/services\/eduqua\/\">eduQua<\/a>) et le profil de la profession de formateur.<\/p>\n\n\n\n<div class=\"wp-block-buttons is-layout-flex wp-block-buttons-is-layout-flex\">\n<div class=\"wp-block-button has-custom-width wp-block-button__width-50 is-style-outline is-style-outline--3\"><a class=\"wp-block-button__link wp-element-button\" href=\"https:\/\/alice.ch\/fr\/themes\/competences-de-base\/competences-des-formateurs\/\">Comp\u00e9tences des formateurs<\/a><\/div>\n<\/div>\n\n\n\n<div class=\"wp-block-group is-style-run-to-edge has-primary-background-color has-background is-layout-flow wp-block-group-is-layout-flow\">\n<p class=\"is-style-lead has-background-color has-text-color\">Une perspective pour les ann\u00e9es \u00e0 venir est la mise en place d\u2019un r\u00e9seau de formateurs permettant des \u00e9changes professionnels entre les formateurs et constituant une plateforme pour la formation continue informelle dans le domaine des comp\u00e9tences de base.<\/p>\n<\/div>\n\n\n\n<h3 class=\"wp-block-heading\">Renforcer la coop\u00e9ration<\/h3>\n\n\n\n<p>La promotion des comp\u00e9tences de base est une t\u00e2che transversale qui implique des acteurs tr\u00e8s divers: outre les personnes n\u00e9cessitant cette promotion, elle concerne \u00e9galement les formateurs, les prestataires de formation, les experts, les entreprises, la Conf\u00e9d\u00e9ration (SEFRI, OFAS, SEM, SECO, OFCOM etc.), diverses instances cantonales ainsi que les partenaires sociaux. Avec notre travail de r\u00e9seautage, nous favorisons la coop\u00e9ration des diff\u00e9rents acteurs et le d\u00e9veloppement de structures de formation et de promotion innovantes.<\/p>\n\n\n\n<h3 class=\"wp-block-heading\">Engagement politique en faveur de structures de promotion fortes<\/h3>\n\n\n\n<p>La&nbsp;<a href=\"https:\/\/alice.ch\/fr\/politique-de-la-formation\/loi-sur-la-formation-continue\/\">loi f\u00e9d\u00e9rale sur la formation continue&nbsp;(LFCo)<\/a> reconna\u00eet la n\u00e9cessit\u00e9 de promouvoir les comp\u00e9tences de base. Elle cr\u00e9e le cadre juridique de cette promotion. La Conf\u00e9d\u00e9ration et les cantons ont pour mission d\u2019assurer conjointement avec les organisations du monde du travail OrTra la conception et la r\u00e9alisation d\u2019offres correspondantes. Dans les ann\u00e9es \u00e0 venir, il s\u2019agira de d\u00e9velopper les structures de promotion dans les cantons et de tirer un meilleur profit des interfaces, par exemple pour la certification professionnelle des adultes.<\/p>\n\n\n\n<p>La Communaut\u00e9 d\u2019int\u00e9r\u00eats pour les comp\u00e9tences de base participe activement au d\u00e9veloppement des conditions cadre pour la promotion des comp\u00e9tences de base.<\/p>\n\n\n\n<div class=\"wp-block-buttons is-layout-flex wp-block-buttons-is-layout-flex\">\n<div class=\"wp-block-button has-custom-width wp-block-button__width-50 is-style-outline is-style-outline--4\"><a class=\"wp-block-button__link wp-element-button\" href=\"https:\/\/alice.ch\/fr\/themes\/competences-de-base\/promotion-innovante\/ci-competences-de-base\/\">CI Comp\u00e9tences de base<\/a><\/div>\n<\/div>\n\n\n\n<div class=\"wp-block-buttons is-layout-flex wp-block-buttons-is-layout-flex\">\n<div class=\"wp-block-button has-custom-width wp-block-button__width-50 is-style-outline is-style-outline--5\"><a class=\"wp-block-button__link wp-element-button\" href=\"https:\/\/alice.ch\/fr\/themes\/competences-de-base\/promotion-innovante\/notre-reseau\/\">Notre R\u00e9seau<\/a><\/div>\n<\/div>\n\n\n\n<h2 class=\"wp-block-heading\">Contact<\/h2>\n\n\n\n<div class=\"wp-block-columns is-layout-flex wp-container-core-columns-is-layout-28f84493 wp-block-columns-is-layout-flex\">\n<div class=\"wp-block-column is-layout-flow wp-block-column-is-layout-flow\" style=\"flex-basis:50%\"><div class=\"contact-persons\">\n\n\t\t\t\t\t<div class=\"contact-person\">\n\t\t\t\t\tCaroline Meier Quevedo<br \/>\t\t\t\t\tDirectrice du secr\u00e9tariat romand<br \/>\t\t\t\t\t<br \/>\n\t\t\t\t\t\t\t\t\t\t<a href=\"tel:+41 (0)22 994 20 10\">+41 (0)22 994 20 10<\/a><br \/>\t\t\t\t\t<a href=\"mailto:caroline.meier@alice.ch\">caroline.meier@alice.ch<\/a><br \/>\t\t\t\t\t<\/div>\n\t\t\t\t\t<\/div>\n<\/div>\n\n\n\n<div class=\"wp-block-column is-layout-flow wp-block-column-is-layout-flow\" style=\"flex-basis:50%\"><\/div>\n<\/div>\n<\/div>\n","protected":false},"excerpt":{"rendered":"<p>Interconnecter, d\u00e9velopper, promouvoir La promotion des comp\u00e9tences de base est un champ d\u2019action ambitieux. Le besoin est grand, mais l\u2019offre [&hellip;]<\/p>\n","protected":false},"author":2,"featured_media":20799,"parent":11009,"menu_order":42,"comment_status":"closed","ping_status":"closed","template":"","meta":{"_acf_changed":false,"inline_featured_image":false,"footnotes":""},"class_list":["post-11020","page","type-page","status-publish","has-post-thumbnail","hentry"],"acf":[],"yoast_head":"<!-- This site is optimized with the Yoast SEO plugin v27.3 - https:\/\/yoast.com\/product\/yoast-seo-wordpress\/ -->\n<title>Promotion innovante - FSEA<\/title>\n<meta name=\"description\" content=\"Promouvoir les comp\u00e9tences de base par l&#039;acc\u00e8s, des offres orient\u00e9es vers l&#039;action, des enseignants qualifi\u00e9s et un engagement politique.\" \/>\n<meta name=\"robots\" content=\"index, follow, max-snippet:-1, max-image-preview:large, max-video-preview:-1\" \/>\n<link rel=\"canonical\" href=\"https:\/\/alice.ch\/fr\/themes\/competences-de-base\/promotion-innovante\/\" \/>\n<meta property=\"og:locale\" content=\"fr_FR\" \/>\n<meta property=\"og:type\" content=\"article\" \/>\n<meta property=\"og:title\" content=\"Promotion innovante - FSEA\" \/>\n<meta property=\"og:description\" content=\"Promouvoir les comp\u00e9tences de base par l&#039;acc\u00e8s, des offres orient\u00e9es vers l&#039;action, des enseignants qualifi\u00e9s et un engagement politique.\" \/>\n<meta property=\"og:url\" content=\"https:\/\/alice.ch\/fr\/themes\/competences-de-base\/promotion-innovante\/\" \/>\n<meta property=\"og:site_name\" content=\"SVEB\" \/>\n<meta property=\"article:modified_time\" content=\"2023-12-01T14:36:57+00:00\" \/>\n<meta name=\"twitter:card\" content=\"summary_large_image\" \/>\n<meta name=\"twitter:label1\" content=\"Dur\u00e9e de lecture estim\u00e9e\" \/>\n\t<meta name=\"twitter:data1\" content=\"4 minutes\" \/>\n<script type=\"application\/ld+json\" class=\"yoast-schema-graph\">{\"@context\":\"https:\\\/\\\/schema.org\",\"@graph\":[{\"@type\":\"WebPage\",\"@id\":\"https:\\\/\\\/alice.ch\\\/fr\\\/themes\\\/competences-de-base\\\/promotion-innovante\\\/\",\"url\":\"https:\\\/\\\/alice.ch\\\/fr\\\/themes\\\/competences-de-base\\\/promotion-innovante\\\/\",\"name\":\"Promotion innovante - FSEA\",\"isPartOf\":{\"@id\":\"https:\\\/\\\/alice.ch\\\/fr\\\/#website\"},\"primaryImageOfPage\":{\"@id\":\"https:\\\/\\\/alice.ch\\\/fr\\\/themes\\\/competences-de-base\\\/promotion-innovante\\\/#primaryimage\"},\"image\":{\"@id\":\"https:\\\/\\\/alice.ch\\\/fr\\\/themes\\\/competences-de-base\\\/promotion-innovante\\\/#primaryimage\"},\"thumbnailUrl\":\"https:\\\/\\\/alice.ch\\\/app\\\/uploads\\\/2022\\\/11\\\/default.jpg\",\"datePublished\":\"2022-08-16T13:41:03+00:00\",\"dateModified\":\"2023-12-01T14:36:57+00:00\",\"description\":\"Promouvoir les comp\u00e9tences de base par l'acc\u00e8s, des offres orient\u00e9es vers l'action, des enseignants qualifi\u00e9s et un engagement politique.\",\"breadcrumb\":{\"@id\":\"https:\\\/\\\/alice.ch\\\/fr\\\/themes\\\/competences-de-base\\\/promotion-innovante\\\/#breadcrumb\"},\"inLanguage\":\"fr-FR\",\"potentialAction\":[{\"@type\":\"ReadAction\",\"target\":[\"https:\\\/\\\/alice.ch\\\/fr\\\/themes\\\/competences-de-base\\\/promotion-innovante\\\/\"]}]},{\"@type\":\"ImageObject\",\"inLanguage\":\"fr-FR\",\"@id\":\"https:\\\/\\\/alice.ch\\\/fr\\\/themes\\\/competences-de-base\\\/promotion-innovante\\\/#primaryimage\",\"url\":\"https:\\\/\\\/alice.ch\\\/app\\\/uploads\\\/2022\\\/11\\\/default.jpg\",\"contentUrl\":\"https:\\\/\\\/alice.ch\\\/app\\\/uploads\\\/2022\\\/11\\\/default.jpg\",\"width\":1600,\"height\":900},{\"@type\":\"BreadcrumbList\",\"@id\":\"https:\\\/\\\/alice.ch\\\/fr\\\/themes\\\/competences-de-base\\\/promotion-innovante\\\/#breadcrumb\",\"itemListElement\":[{\"@type\":\"ListItem\",\"position\":1,\"name\":\"Page d'accueil\",\"item\":\"https:\\\/\\\/alice.ch\\\/fr\\\/\"},{\"@type\":\"ListItem\",\"position\":2,\"name\":\"Th\u00e8mes\",\"item\":\"https:\\\/\\\/alice.ch\\\/fr\\\/themes\\\/\"},{\"@type\":\"ListItem\",\"position\":3,\"name\":\"Comp\u00e9tences de base\",\"item\":\"https:\\\/\\\/alice.ch\\\/fr\\\/themes\\\/competences-de-base\\\/\"},{\"@type\":\"ListItem\",\"position\":4,\"name\":\"Promotion innovante\"}]},{\"@type\":\"WebSite\",\"@id\":\"https:\\\/\\\/alice.ch\\\/fr\\\/#website\",\"url\":\"https:\\\/\\\/alice.ch\\\/fr\\\/\",\"name\":\"alice.ch (Adult Learning Information Center) ist das Portal der Weiterbildung in der Schweiz.\",\"description\":\"Schweizerischer Verband f\u00fcr Weiterbildung\",\"publisher\":{\"@id\":\"https:\\\/\\\/alice.ch\\\/fr\\\/#organization\"},\"potentialAction\":[{\"@type\":\"SearchAction\",\"target\":{\"@type\":\"EntryPoint\",\"urlTemplate\":\"https:\\\/\\\/alice.ch\\\/fr\\\/?s={search_term_string}\"},\"query-input\":{\"@type\":\"PropertyValueSpecification\",\"valueRequired\":true,\"valueName\":\"search_term_string\"}}],\"inLanguage\":\"fr-FR\"},{\"@type\":\"Organization\",\"@id\":\"https:\\\/\\\/alice.ch\\\/fr\\\/#organization\",\"name\":\"FSEA F\u00e9d\u00e9ration suisse pour la formation continue\",\"url\":\"https:\\\/\\\/alice.ch\\\/fr\\\/\",\"logo\":{\"@type\":\"ImageObject\",\"inLanguage\":\"fr-FR\",\"@id\":\"https:\\\/\\\/alice.ch\\\/fr\\\/#\\\/schema\\\/logo\\\/image\\\/\",\"url\":\"https:\\\/\\\/alice.ch\\\/app\\\/uploads\\\/2022\\\/07\\\/logo-sveb.png\",\"contentUrl\":\"https:\\\/\\\/alice.ch\\\/app\\\/uploads\\\/2022\\\/07\\\/logo-sveb.png\",\"width\":145,\"height\":64,\"caption\":\"FSEA F\u00e9d\u00e9ration suisse pour la formation continue\"},\"image\":{\"@id\":\"https:\\\/\\\/alice.ch\\\/fr\\\/#\\\/schema\\\/logo\\\/image\\\/\"},\"sameAs\":[\"https:\\\/\\\/www.linkedin.com\\\/company\\\/schweizerischer-verband-fr-weiterbildung-sveb\\\/\"]}]}<\/script>\n<!-- \/ Yoast SEO plugin. -->","yoast_head_json":{"title":"Promotion innovante - FSEA","description":"Promouvoir les comp\u00e9tences de base par l'acc\u00e8s, des offres orient\u00e9es vers l'action, des enseignants qualifi\u00e9s et un engagement politique.","robots":{"index":"index","follow":"follow","max-snippet":"max-snippet:-1","max-image-preview":"max-image-preview:large","max-video-preview":"max-video-preview:-1"},"canonical":"https:\/\/alice.ch\/fr\/themes\/competences-de-base\/promotion-innovante\/","og_locale":"fr_FR","og_type":"article","og_title":"Promotion innovante - FSEA","og_description":"Promouvoir les comp\u00e9tences de base par l'acc\u00e8s, des offres orient\u00e9es vers l'action, des enseignants qualifi\u00e9s et un engagement politique.","og_url":"https:\/\/alice.ch\/fr\/themes\/competences-de-base\/promotion-innovante\/","og_site_name":"SVEB","article_modified_time":"2023-12-01T14:36:57+00:00","twitter_card":"summary_large_image","twitter_misc":{"Dur\u00e9e de lecture estim\u00e9e":"4 minutes"},"schema":{"@context":"https:\/\/schema.org","@graph":[{"@type":"WebPage","@id":"https:\/\/alice.ch\/fr\/themes\/competences-de-base\/promotion-innovante\/","url":"https:\/\/alice.ch\/fr\/themes\/competences-de-base\/promotion-innovante\/","name":"Promotion innovante - FSEA","isPartOf":{"@id":"https:\/\/alice.ch\/fr\/#website"},"primaryImageOfPage":{"@id":"https:\/\/alice.ch\/fr\/themes\/competences-de-base\/promotion-innovante\/#primaryimage"},"image":{"@id":"https:\/\/alice.ch\/fr\/themes\/competences-de-base\/promotion-innovante\/#primaryimage"},"thumbnailUrl":"https:\/\/alice.ch\/app\/uploads\/2022\/11\/default.jpg","datePublished":"2022-08-16T13:41:03+00:00","dateModified":"2023-12-01T14:36:57+00:00","description":"Promouvoir les comp\u00e9tences de base par l'acc\u00e8s, des offres orient\u00e9es vers l'action, des enseignants qualifi\u00e9s et un engagement politique.","breadcrumb":{"@id":"https:\/\/alice.ch\/fr\/themes\/competences-de-base\/promotion-innovante\/#breadcrumb"},"inLanguage":"fr-FR","potentialAction":[{"@type":"ReadAction","target":["https:\/\/alice.ch\/fr\/themes\/competences-de-base\/promotion-innovante\/"]}]},{"@type":"ImageObject","inLanguage":"fr-FR","@id":"https:\/\/alice.ch\/fr\/themes\/competences-de-base\/promotion-innovante\/#primaryimage","url":"https:\/\/alice.ch\/app\/uploads\/2022\/11\/default.jpg","contentUrl":"https:\/\/alice.ch\/app\/uploads\/2022\/11\/default.jpg","width":1600,"height":900},{"@type":"BreadcrumbList","@id":"https:\/\/alice.ch\/fr\/themes\/competences-de-base\/promotion-innovante\/#breadcrumb","itemListElement":[{"@type":"ListItem","position":1,"name":"Page d'accueil","item":"https:\/\/alice.ch\/fr\/"},{"@type":"ListItem","position":2,"name":"Th\u00e8mes","item":"https:\/\/alice.ch\/fr\/themes\/"},{"@type":"ListItem","position":3,"name":"Comp\u00e9tences de base","item":"https:\/\/alice.ch\/fr\/themes\/competences-de-base\/"},{"@type":"ListItem","position":4,"name":"Promotion innovante"}]},{"@type":"WebSite","@id":"https:\/\/alice.ch\/fr\/#website","url":"https:\/\/alice.ch\/fr\/","name":"alice.ch (Adult Learning Information Center) ist das Portal der Weiterbildung in der Schweiz.","description":"Schweizerischer Verband f\u00fcr Weiterbildung","publisher":{"@id":"https:\/\/alice.ch\/fr\/#organization"},"potentialAction":[{"@type":"SearchAction","target":{"@type":"EntryPoint","urlTemplate":"https:\/\/alice.ch\/fr\/?s={search_term_string}"},"query-input":{"@type":"PropertyValueSpecification","valueRequired":true,"valueName":"search_term_string"}}],"inLanguage":"fr-FR"},{"@type":"Organization","@id":"https:\/\/alice.ch\/fr\/#organization","name":"FSEA F\u00e9d\u00e9ration suisse pour la formation continue","url":"https:\/\/alice.ch\/fr\/","logo":{"@type":"ImageObject","inLanguage":"fr-FR","@id":"https:\/\/alice.ch\/fr\/#\/schema\/logo\/image\/","url":"https:\/\/alice.ch\/app\/uploads\/2022\/07\/logo-sveb.png","contentUrl":"https:\/\/alice.ch\/app\/uploads\/2022\/07\/logo-sveb.png","width":145,"height":64,"caption":"FSEA F\u00e9d\u00e9ration suisse pour la formation continue"},"image":{"@id":"https:\/\/alice.ch\/fr\/#\/schema\/logo\/image\/"},"sameAs":["https:\/\/www.linkedin.com\/company\/schweizerischer-verband-fr-weiterbildung-sveb\/"]}]}},"_links":{"self":[{"href":"https:\/\/alice.ch\/fr\/wp-json\/wp\/v2\/pages\/11020","targetHints":{"allow":["GET"]}}],"collection":[{"href":"https:\/\/alice.ch\/fr\/wp-json\/wp\/v2\/pages"}],"about":[{"href":"https:\/\/alice.ch\/fr\/wp-json\/wp\/v2\/types\/page"}],"author":[{"embeddable":true,"href":"https:\/\/alice.ch\/fr\/wp-json\/wp\/v2\/users\/2"}],"replies":[{"embeddable":true,"href":"https:\/\/alice.ch\/fr\/wp-json\/wp\/v2\/comments?post=11020"}],"version-history":[{"count":31,"href":"https:\/\/alice.ch\/fr\/wp-json\/wp\/v2\/pages\/11020\/revisions"}],"predecessor-version":[{"id":56305,"href":"https:\/\/alice.ch\/fr\/wp-json\/wp\/v2\/pages\/11020\/revisions\/56305"}],"up":[{"embeddable":true,"href":"https:\/\/alice.ch\/fr\/wp-json\/wp\/v2\/pages\/11009"}],"wp:featuredmedia":[{"embeddable":true,"href":"https:\/\/alice.ch\/fr\/wp-json\/wp\/v2\/media\/20799"}],"wp:attachment":[{"href":"https:\/\/alice.ch\/fr\/wp-json\/wp\/v2\/media?parent=11020"}],"curies":[{"name":"wp","href":"https:\/\/api.w.org\/{rel}","templated":true}]}}