{"id":11052,"date":"2022-11-10T08:04:25","date_gmt":"2022-11-10T07:04:25","guid":{"rendered":"https:\/\/projects.atxeit.ch\/sveb\/grundkompetenzen\/kursleiterkompetenzen\/"},"modified":"2023-12-01T15:22:30","modified_gmt":"2023-12-01T14:22:30","slug":"competences-des-formateurs","status":"publish","type":"page","link":"https:\/\/alice.ch\/fr\/themes\/competences-de-base\/competences-des-formateurs\/","title":{"rendered":"Competences des Formateurs"},"content":{"rendered":"\n<div class=\"wp-block-group is-style-reduced-width is-layout-flow wp-block-group-is-layout-flow\">\n<h1 class=\"wp-block-heading\">Professionnaliser les formateurs et les formatrices aux comp\u00e9tences de base<\/h1>\n\n\n\n<p class=\"is-style-lead\">Afin d\u2019assurer la qualit\u00e9 des offres dans le domaine des comp\u00e9tences de base, il est n\u00e9cessaire d\u2019investir dans la formation professionnelle des formateurs. Des formateurs qualifi\u00e9s sont le pr\u00e9requis pour une promotion r\u00e9ussie des comp\u00e9tences de base en Suisse.<\/p>\n\n\n\n<p>Le travail avec des adultes peu qualifi\u00e9s pose des exigences \u00e9lev\u00e9es aux formateurs et aux formatrices. \u00c0 c\u00f4t\u00e9 de comp\u00e9tences techniques et en mati\u00e8re de formation d&rsquo;adultes, ils doivent \u00eatre capables de bien comprendre le groupe cible h\u00e9t\u00e9rog\u00e8ne.<\/p>\n\n\n\n<h2 class=\"wp-block-heading\">R\u00e9f\u00e9rentiel : formation des formateurs et formatrices<\/h2>\n\n\n\n<p>Le profil cadre pour la formation des formateurs (FFA) dans le domaine des comp\u00e9tences de base est un instrument pour la promotion des comp\u00e9tences des formateurs dans le domaine des comp\u00e9tences de base. Il sert de r\u00e9f\u00e9rentiel et d\u00e9finit les comp\u00e9tences et ressources des formateurs dans les diff\u00e9rents domaines des comp\u00e9tences de base. Il a \u00e9t\u00e9 d\u00e9velopp\u00e9 avec le soutien du Secr\u00e9tariat d\u2019\u00c9tat \u00e0 la formation, \u00e0 la recherche et \u00e0 l\u2019innovation (SEFRI). Des partenaires de toutes les trois r\u00e9gions linguistiques ont particip\u00e9 \u00e0 l\u2019\u00e9laboration. Ce r\u00e9f\u00e9rentiel peut \u00eatre t\u00e9l\u00e9charg\u00e9 dans l&rsquo;encadr\u00e9 \u00e0 droite de l&rsquo;\u00e9cran.<\/p>\n\n\n\n<h3 class=\"wp-block-heading\">Groupe cible<\/h3>\n\n\n\n<ul class=\"wp-block-list\">\n<li>Prestataires de formation continue d\u00e9sirant mettre en place des offres dans le domaine des comp\u00e9tences de base<\/li>\n\n\n\n<li>Formateurs souhaitant s\u2019informer sur les exigences en mati\u00e8re de comp\u00e9tences<\/li>\n<\/ul>\n\n\n\n<h2 class=\"wp-block-heading\">Formation des formateurs : comp\u00e9tences math\u00e9matiques de base pour le quotidien<\/h2>\n\n\n\n<p>La formation \u00ab Comp\u00e9tences math\u00e9matiques de base pour la vie quotidienne et professionnelle \u00bb est destin\u00e9e aux formateurs et formatrices pour adultes qui souhaitent mettre en place une nouvelle offre dans le domaine des math\u00e9matiques \u00e9l\u00e9mentaires, par exemple dans le cadre de mesures du march\u00e9 du travail ou de la promotion linguistique. Sur demande, la FSEA propose conjointement avec Insertion Suisse cette formation (8 jours de cours au total) aux formateurs et formatrices pour adultes int\u00e9ress\u00e9s.<\/p>\n\n\n\n<p>Nous tenons une documentation \u00e0 la disposition des prestataires de formation souhaitant inscrire \u00e0 leur programme la formation pour formateurs \u00ab Comp\u00e9tences dans le domaine des math\u00e9matiques de base pour la vie quotidienne et professionnelle \u00bb. En cas de besoin, nous apportons une assistance-conseil pour la r\u00e9alisation de formations de formateurs dans le domaine des math\u00e9matiques \u00e9l\u00e9mentaires.<\/p>\n\n\n\n<div class=\"wp-block-group is-style-run-to-edge has-primary-background-color has-background is-layout-flow wp-block-group-is-layout-flow\">\n<p>La FSEA a d\u00e9velopp\u00e9 ce cours conjointement avec l\u2019expert Hansruedi Kaiser, IFFP, et Int\u00e9gration Suisse. Il a d\u00e9j\u00e0 eu lieu \u00e0 plusieurs reprises, dans le but de faire progresser et de consolider la professionnalisation dans ce domaine.<\/p>\n<\/div>\n\n\n\n<p><\/p>\n\n\n\n<h3 class=\"wp-block-heading\">Apprentissage mobile : webinaires de la FSEA pour soutenir les formateurs en langues<\/h3>\n\n\n\n<p>La FSEA, en partenariat avec le secr\u00e9tariat Fide, a \u00e9t\u00e9 mandat\u00e9 par le Secr\u00e9tariat d\u2019Etat aux migrations (SEM) pour concevoir et mettre en \u0153uvre 3 webinaires sur l\u2019apprentissage mobile comme compl\u00e9ment \u00e0 l\u2019enseignement en pr\u00e9sentiel dans le cadre de l\u2019encouragement de l\u2019apprentissage de la langue et des comp\u00e9tences de bases dans le domaine de l\u2019int\u00e9gration.&nbsp;Toutes les ressources d\u00e9velopp\u00e9es dans le cadre de ce projet sont disponibles sur notre site.&nbsp;Vous y trouverez un enregistrement des 3 webinaires, la bo\u00eete \u00e0 outils et des liens et ressources utiles \u00e0 l\u2019hybridation de la formation.<\/p>\n\n\n\n<div class=\"wp-block-buttons is-layout-flex wp-block-buttons-is-layout-flex\">\n<div class=\"wp-block-button has-custom-width wp-block-button__width-50 is-style-outline is-style-outline--1\"><a class=\"wp-block-button__link wp-element-button\" href=\"https:\/\/alice.ch\/fr\/themes\/competences-de-base\/promotion-innovante\/webinaires\/\">Ressources et Webinaires<\/a><\/div>\n<\/div>\n\n\n\n<div class=\"wp-block-group is-layout-flow wp-block-group-is-layout-flow\">\n<h2 class=\"wp-block-heading\">Concepts pour la formation des formateurs\/trices d&rsquo;adultes (FFA) dans le domaine des comp\u00e9tences de base<\/h2>\n\n\n\n<p><\/p>\n\n\n\n<div class=\"wp-block-group is-layout-constrained wp-block-group-is-layout-constrained\">\n<div class=\"wp-block-columns is-layout-flex wp-container-core-columns-is-layout-28f84493 wp-block-columns-is-layout-flex\">\n<div class=\"wp-block-column is-layout-flow wp-block-column-is-layout-flow\" style=\"flex-basis:50%\">\n<div class=\"wp-block-file\"><a id=\"wp-block-file--media-eec9df04-5b29-4ed0-89c9-db8c1ad39e07\" href=\"https:\/\/alice.ch\/app\/uploads\/2022\/11\/Referentiel_FFA.pdf\" target=\"_blank\" rel=\"noreferrer noopener\">R\u00e9f\u00e9rentiel de comp\u00e9tences pour la formation des formateurs-trices d&rsquo;adultes dans le domaine des comp\u00e9tences de base<br \/>PDF &#8211; 136 kb<\/a><\/div>\n\n\n\n<div class=\"wp-block-file\"><a id=\"wp-block-file--media-eec9df04-5b29-4ed0-89c9-db8c1ad39e07\" href=\"https:\/\/alice.ch\/app\/uploads\/2022\/11\/11_elements_constitutifs.pdf\" target=\"_blank\" rel=\"noreferrer noopener\">Encourager les comp\u00e9tences en math\u00e9matiques de tous les jours (les composants d&rsquo;un concept)<br \/>PDF &#8211; 10 Mo<\/a><\/div>\n\n\n\n<div class=\"wp-block-file\"><a id=\"wp-block-file--media-eec9df04-5b29-4ed0-89c9-db8c1ad39e07\" href=\"https:\/\/alice.ch\/app\/uploads\/2022\/11\/5_Guide_TIC.pdf\" target=\"_blank\" rel=\"noreferrer noopener\">Encouragement des comp\u00e9tences de base en TIC pour le march\u00e9 du travail (les guides)<br \/>PDF &#8211; 3 Mo<\/a><\/div>\n\n\n\n<div class=\"wp-block-file\"><a id=\"wp-block-file--media-eec9df04-5b29-4ed0-89c9-db8c1ad39e07\" href=\"https:\/\/alice.ch\/app\/uploads\/2022\/11\/6_LiteratorIn_Modulkonzept_2007.pdf\" target=\"_blank\" rel=\"noreferrer noopener\">Conception du module Formateur\/formatrice en lit\u00e9racie (DE)<br \/>PDF &#8211; 173 kb<\/a><\/div>\n<\/div>\n\n\n\n<div class=\"wp-block-column is-layout-flow wp-block-column-is-layout-flow\" style=\"flex-basis:50%\"><\/div>\n<\/div>\n<\/div>\n<\/div>\n\n\n\n<h2 class=\"wp-block-heading\">Contact<\/h2>\n\n\n\n<div class=\"wp-block-columns is-layout-flex wp-container-core-columns-is-layout-28f84493 wp-block-columns-is-layout-flex\">\n<div class=\"wp-block-column is-layout-flow wp-block-column-is-layout-flow\" style=\"flex-basis:50%\"><div class=\"contact-persons\">\n\n\t\t\t\t\t<div class=\"contact-person\">\n\t\t\t\t\tCaroline Meier Quevedo<br \/>\t\t\t\t\tDirectrice du secr\u00e9tariat romand<br \/>\t\t\t\t\t<br \/>\n\t\t\t\t\t\t\t\t\t\t<a href=\"tel:+41 (0)22 994 20 10\">+41 (0)22 994 20 10<\/a><br \/>\t\t\t\t\t<a href=\"mailto:caroline.meier@alice.ch\">caroline.meier@alice.ch<\/a><br \/>\t\t\t\t\t<\/div>\n\t\t\t\t\t<\/div>\n<\/div>\n\n\n\n<div class=\"wp-block-column is-layout-flow wp-block-column-is-layout-flow\" style=\"flex-basis:50%\"><\/div>\n<\/div>\n<\/div>\n","protected":false},"excerpt":{"rendered":"<p>Professionnaliser les formateurs et les formatrices aux comp\u00e9tences de base Afin d\u2019assurer la qualit\u00e9 des offres dans le domaine des [&hellip;]<\/p>\n","protected":false},"author":2,"featured_media":20799,"parent":11009,"menu_order":48,"comment_status":"closed","ping_status":"closed","template":"","meta":{"_acf_changed":false,"inline_featured_image":false,"footnotes":""},"class_list":["post-11052","page","type-page","status-publish","has-post-thumbnail","hentry"],"acf":[],"yoast_head":"<!-- This site is optimized with the Yoast SEO plugin v27.3 - https:\/\/yoast.com\/product\/yoast-seo-wordpress\/ -->\n<title>Competences des Formateurs - FSEA<\/title>\n<meta name=\"description\" content=\"Des animateurs de cours qualifi\u00e9s sont la condition sine qua non d&#039;une promotion r\u00e9ussie des comp\u00e9tences de base en Suisse.\" \/>\n<meta name=\"robots\" content=\"index, follow, max-snippet:-1, max-image-preview:large, max-video-preview:-1\" \/>\n<link rel=\"canonical\" href=\"https:\/\/alice.ch\/fr\/themes\/competences-de-base\/competences-des-formateurs\/\" \/>\n<meta property=\"og:locale\" content=\"fr_FR\" \/>\n<meta property=\"og:type\" content=\"article\" \/>\n<meta property=\"og:title\" content=\"Competences des Formateurs - FSEA\" \/>\n<meta property=\"og:description\" content=\"Des animateurs de cours qualifi\u00e9s sont la condition sine qua non d&#039;une promotion r\u00e9ussie des comp\u00e9tences de base en Suisse.\" \/>\n<meta property=\"og:url\" content=\"https:\/\/alice.ch\/fr\/themes\/competences-de-base\/competences-des-formateurs\/\" \/>\n<meta property=\"og:site_name\" content=\"SVEB\" \/>\n<meta property=\"article:modified_time\" content=\"2023-12-01T14:22:30+00:00\" \/>\n<meta name=\"twitter:card\" content=\"summary_large_image\" \/>\n<meta name=\"twitter:label1\" content=\"Dur\u00e9e de lecture estim\u00e9e\" \/>\n\t<meta name=\"twitter:data1\" content=\"3 minutes\" \/>\n<script type=\"application\/ld+json\" class=\"yoast-schema-graph\">{\"@context\":\"https:\\\/\\\/schema.org\",\"@graph\":[{\"@type\":\"WebPage\",\"@id\":\"https:\\\/\\\/alice.ch\\\/fr\\\/themes\\\/competences-de-base\\\/competences-des-formateurs\\\/\",\"url\":\"https:\\\/\\\/alice.ch\\\/fr\\\/themes\\\/competences-de-base\\\/competences-des-formateurs\\\/\",\"name\":\"Competences des Formateurs - FSEA\",\"isPartOf\":{\"@id\":\"https:\\\/\\\/alice.ch\\\/fr\\\/#website\"},\"primaryImageOfPage\":{\"@id\":\"https:\\\/\\\/alice.ch\\\/fr\\\/themes\\\/competences-de-base\\\/competences-des-formateurs\\\/#primaryimage\"},\"image\":{\"@id\":\"https:\\\/\\\/alice.ch\\\/fr\\\/themes\\\/competences-de-base\\\/competences-des-formateurs\\\/#primaryimage\"},\"thumbnailUrl\":\"https:\\\/\\\/alice.ch\\\/app\\\/uploads\\\/2022\\\/11\\\/default.jpg\",\"datePublished\":\"2022-11-10T07:04:25+00:00\",\"dateModified\":\"2023-12-01T14:22:30+00:00\",\"description\":\"Des animateurs de cours qualifi\u00e9s sont la condition sine qua non d'une promotion r\u00e9ussie des comp\u00e9tences de base en Suisse.\",\"breadcrumb\":{\"@id\":\"https:\\\/\\\/alice.ch\\\/fr\\\/themes\\\/competences-de-base\\\/competences-des-formateurs\\\/#breadcrumb\"},\"inLanguage\":\"fr-FR\",\"potentialAction\":[{\"@type\":\"ReadAction\",\"target\":[\"https:\\\/\\\/alice.ch\\\/fr\\\/themes\\\/competences-de-base\\\/competences-des-formateurs\\\/\"]}]},{\"@type\":\"ImageObject\",\"inLanguage\":\"fr-FR\",\"@id\":\"https:\\\/\\\/alice.ch\\\/fr\\\/themes\\\/competences-de-base\\\/competences-des-formateurs\\\/#primaryimage\",\"url\":\"https:\\\/\\\/alice.ch\\\/app\\\/uploads\\\/2022\\\/11\\\/default.jpg\",\"contentUrl\":\"https:\\\/\\\/alice.ch\\\/app\\\/uploads\\\/2022\\\/11\\\/default.jpg\",\"width\":1600,\"height\":900},{\"@type\":\"BreadcrumbList\",\"@id\":\"https:\\\/\\\/alice.ch\\\/fr\\\/themes\\\/competences-de-base\\\/competences-des-formateurs\\\/#breadcrumb\",\"itemListElement\":[{\"@type\":\"ListItem\",\"position\":1,\"name\":\"Page d'accueil\",\"item\":\"https:\\\/\\\/alice.ch\\\/fr\\\/\"},{\"@type\":\"ListItem\",\"position\":2,\"name\":\"Th\u00e8mes\",\"item\":\"https:\\\/\\\/alice.ch\\\/fr\\\/themes\\\/\"},{\"@type\":\"ListItem\",\"position\":3,\"name\":\"Comp\u00e9tences de base\",\"item\":\"https:\\\/\\\/alice.ch\\\/fr\\\/themes\\\/competences-de-base\\\/\"},{\"@type\":\"ListItem\",\"position\":4,\"name\":\"Competences des Formateurs\"}]},{\"@type\":\"WebSite\",\"@id\":\"https:\\\/\\\/alice.ch\\\/fr\\\/#website\",\"url\":\"https:\\\/\\\/alice.ch\\\/fr\\\/\",\"name\":\"alice.ch (Adult Learning Information Center) ist das Portal der Weiterbildung in der Schweiz.\",\"description\":\"Schweizerischer Verband f\u00fcr Weiterbildung\",\"publisher\":{\"@id\":\"https:\\\/\\\/alice.ch\\\/fr\\\/#organization\"},\"potentialAction\":[{\"@type\":\"SearchAction\",\"target\":{\"@type\":\"EntryPoint\",\"urlTemplate\":\"https:\\\/\\\/alice.ch\\\/fr\\\/?s={search_term_string}\"},\"query-input\":{\"@type\":\"PropertyValueSpecification\",\"valueRequired\":true,\"valueName\":\"search_term_string\"}}],\"inLanguage\":\"fr-FR\"},{\"@type\":\"Organization\",\"@id\":\"https:\\\/\\\/alice.ch\\\/fr\\\/#organization\",\"name\":\"FSEA F\u00e9d\u00e9ration suisse pour la formation continue\",\"url\":\"https:\\\/\\\/alice.ch\\\/fr\\\/\",\"logo\":{\"@type\":\"ImageObject\",\"inLanguage\":\"fr-FR\",\"@id\":\"https:\\\/\\\/alice.ch\\\/fr\\\/#\\\/schema\\\/logo\\\/image\\\/\",\"url\":\"https:\\\/\\\/alice.ch\\\/app\\\/uploads\\\/2022\\\/07\\\/logo-sveb.png\",\"contentUrl\":\"https:\\\/\\\/alice.ch\\\/app\\\/uploads\\\/2022\\\/07\\\/logo-sveb.png\",\"width\":145,\"height\":64,\"caption\":\"FSEA F\u00e9d\u00e9ration suisse pour la formation continue\"},\"image\":{\"@id\":\"https:\\\/\\\/alice.ch\\\/fr\\\/#\\\/schema\\\/logo\\\/image\\\/\"},\"sameAs\":[\"https:\\\/\\\/www.linkedin.com\\\/company\\\/schweizerischer-verband-fr-weiterbildung-sveb\\\/\"]}]}<\/script>\n<!-- \/ Yoast SEO plugin. -->","yoast_head_json":{"title":"Competences des Formateurs - FSEA","description":"Des animateurs de cours qualifi\u00e9s sont la condition sine qua non d'une promotion r\u00e9ussie des comp\u00e9tences de base en Suisse.","robots":{"index":"index","follow":"follow","max-snippet":"max-snippet:-1","max-image-preview":"max-image-preview:large","max-video-preview":"max-video-preview:-1"},"canonical":"https:\/\/alice.ch\/fr\/themes\/competences-de-base\/competences-des-formateurs\/","og_locale":"fr_FR","og_type":"article","og_title":"Competences des Formateurs - FSEA","og_description":"Des animateurs de cours qualifi\u00e9s sont la condition sine qua non d'une promotion r\u00e9ussie des comp\u00e9tences de base en Suisse.","og_url":"https:\/\/alice.ch\/fr\/themes\/competences-de-base\/competences-des-formateurs\/","og_site_name":"SVEB","article_modified_time":"2023-12-01T14:22:30+00:00","twitter_card":"summary_large_image","twitter_misc":{"Dur\u00e9e de lecture estim\u00e9e":"3 minutes"},"schema":{"@context":"https:\/\/schema.org","@graph":[{"@type":"WebPage","@id":"https:\/\/alice.ch\/fr\/themes\/competences-de-base\/competences-des-formateurs\/","url":"https:\/\/alice.ch\/fr\/themes\/competences-de-base\/competences-des-formateurs\/","name":"Competences des Formateurs - FSEA","isPartOf":{"@id":"https:\/\/alice.ch\/fr\/#website"},"primaryImageOfPage":{"@id":"https:\/\/alice.ch\/fr\/themes\/competences-de-base\/competences-des-formateurs\/#primaryimage"},"image":{"@id":"https:\/\/alice.ch\/fr\/themes\/competences-de-base\/competences-des-formateurs\/#primaryimage"},"thumbnailUrl":"https:\/\/alice.ch\/app\/uploads\/2022\/11\/default.jpg","datePublished":"2022-11-10T07:04:25+00:00","dateModified":"2023-12-01T14:22:30+00:00","description":"Des animateurs de cours qualifi\u00e9s sont la condition sine qua non d'une promotion r\u00e9ussie des comp\u00e9tences de base en Suisse.","breadcrumb":{"@id":"https:\/\/alice.ch\/fr\/themes\/competences-de-base\/competences-des-formateurs\/#breadcrumb"},"inLanguage":"fr-FR","potentialAction":[{"@type":"ReadAction","target":["https:\/\/alice.ch\/fr\/themes\/competences-de-base\/competences-des-formateurs\/"]}]},{"@type":"ImageObject","inLanguage":"fr-FR","@id":"https:\/\/alice.ch\/fr\/themes\/competences-de-base\/competences-des-formateurs\/#primaryimage","url":"https:\/\/alice.ch\/app\/uploads\/2022\/11\/default.jpg","contentUrl":"https:\/\/alice.ch\/app\/uploads\/2022\/11\/default.jpg","width":1600,"height":900},{"@type":"BreadcrumbList","@id":"https:\/\/alice.ch\/fr\/themes\/competences-de-base\/competences-des-formateurs\/#breadcrumb","itemListElement":[{"@type":"ListItem","position":1,"name":"Page d'accueil","item":"https:\/\/alice.ch\/fr\/"},{"@type":"ListItem","position":2,"name":"Th\u00e8mes","item":"https:\/\/alice.ch\/fr\/themes\/"},{"@type":"ListItem","position":3,"name":"Comp\u00e9tences de base","item":"https:\/\/alice.ch\/fr\/themes\/competences-de-base\/"},{"@type":"ListItem","position":4,"name":"Competences des Formateurs"}]},{"@type":"WebSite","@id":"https:\/\/alice.ch\/fr\/#website","url":"https:\/\/alice.ch\/fr\/","name":"alice.ch (Adult Learning Information Center) ist das Portal der Weiterbildung in der Schweiz.","description":"Schweizerischer Verband f\u00fcr Weiterbildung","publisher":{"@id":"https:\/\/alice.ch\/fr\/#organization"},"potentialAction":[{"@type":"SearchAction","target":{"@type":"EntryPoint","urlTemplate":"https:\/\/alice.ch\/fr\/?s={search_term_string}"},"query-input":{"@type":"PropertyValueSpecification","valueRequired":true,"valueName":"search_term_string"}}],"inLanguage":"fr-FR"},{"@type":"Organization","@id":"https:\/\/alice.ch\/fr\/#organization","name":"FSEA F\u00e9d\u00e9ration suisse pour la formation continue","url":"https:\/\/alice.ch\/fr\/","logo":{"@type":"ImageObject","inLanguage":"fr-FR","@id":"https:\/\/alice.ch\/fr\/#\/schema\/logo\/image\/","url":"https:\/\/alice.ch\/app\/uploads\/2022\/07\/logo-sveb.png","contentUrl":"https:\/\/alice.ch\/app\/uploads\/2022\/07\/logo-sveb.png","width":145,"height":64,"caption":"FSEA F\u00e9d\u00e9ration suisse pour la formation continue"},"image":{"@id":"https:\/\/alice.ch\/fr\/#\/schema\/logo\/image\/"},"sameAs":["https:\/\/www.linkedin.com\/company\/schweizerischer-verband-fr-weiterbildung-sveb\/"]}]}},"_links":{"self":[{"href":"https:\/\/alice.ch\/fr\/wp-json\/wp\/v2\/pages\/11052","targetHints":{"allow":["GET"]}}],"collection":[{"href":"https:\/\/alice.ch\/fr\/wp-json\/wp\/v2\/pages"}],"about":[{"href":"https:\/\/alice.ch\/fr\/wp-json\/wp\/v2\/types\/page"}],"author":[{"embeddable":true,"href":"https:\/\/alice.ch\/fr\/wp-json\/wp\/v2\/users\/2"}],"replies":[{"embeddable":true,"href":"https:\/\/alice.ch\/fr\/wp-json\/wp\/v2\/comments?post=11052"}],"version-history":[{"count":23,"href":"https:\/\/alice.ch\/fr\/wp-json\/wp\/v2\/pages\/11052\/revisions"}],"predecessor-version":[{"id":49137,"href":"https:\/\/alice.ch\/fr\/wp-json\/wp\/v2\/pages\/11052\/revisions\/49137"}],"up":[{"embeddable":true,"href":"https:\/\/alice.ch\/fr\/wp-json\/wp\/v2\/pages\/11009"}],"wp:featuredmedia":[{"embeddable":true,"href":"https:\/\/alice.ch\/fr\/wp-json\/wp\/v2\/media\/20799"}],"wp:attachment":[{"href":"https:\/\/alice.ch\/fr\/wp-json\/wp\/v2\/media?parent=11052"}],"curies":[{"name":"wp","href":"https:\/\/api.w.org\/{rel}","templated":true}]}}