{"id":11168,"date":"2022-08-16T15:35:50","date_gmt":"2022-08-16T13:35:50","guid":{"rendered":"https:\/\/projects.atxeit.ch\/sveb\/digitalisierung\/"},"modified":"2024-01-31T15:15:30","modified_gmt":"2024-01-31T14:15:30","slug":"la-numerisation","status":"publish","type":"page","link":"https:\/\/alice.ch\/fr\/themes\/la-numerisation\/","title":{"rendered":"La num\u00e9risation et la formation continue"},"content":{"rendered":"\n<div class=\"wp-block-group is-style-reduced-width is-layout-flow wp-block-group-is-layout-flow\">\n<h1 class=\"wp-block-heading\">La num\u00e9risation et la formation continue<\/h1>\n\n\n\n<p class=\"is-style-lead\">En raison de la mise en r\u00e9seau sans cesse croissante des technologies num\u00e9riques, de l&rsquo;augmentation rapide des volumes de donn\u00e9es et des possibilit\u00e9s d&rsquo;\u00e9valuation toujours plus rapides, les mod\u00e8les \u00e9conomiques, la soci\u00e9t\u00e9 et, surtout, notre vie quotidienne changent.<\/p>\n\n\n\n<p class=\"is-style-default\">Dans ce contexte, la formation continue est n\u00e9cessaire et joue un r\u00f4le de m\u00e9diateur pour transmettre les comp\u00e9tences dans le traitement des nouvelles applications et, en m\u00eame temps, la formation continue est \u00e9galement modifi\u00e9e par les d\u00e9veloppements num\u00e9riques eux-m\u00eames.<\/p>\n\n\n\n<h2 class=\"wp-block-heading\">M\u00e9diateur de nouvelles comp\u00e9tences<\/h2>\n\n\n\n<p>Afin de ma\u00eetriser les cons\u00e9quences sociales et \u00e9conomiques de la num\u00e9risation, une formation continue est n\u00e9cessaire dans trois domaines en tant que m\u00e9diateur.<\/p>\n\n\n\n<h3 class=\"wp-block-heading\">1. Comp\u00e9tences num\u00e9riques de base<\/h3>\n\n\n\n<p>La&nbsp;<a href=\"https:\/\/digitaldialog.swiss\/fr\/\" target=\"_blank\" rel=\"noreferrer noopener\">strat\u00e9gie du Conseil f\u00e9d\u00e9ral pour la Suisse num\u00e9rique<\/a>&nbsp;a pour objectif central de permettre \u00e0 l&rsquo;ensemble de la population d&rsquo;utiliser les technologies num\u00e9riques de l&rsquo;information et de la communication (TIC). Cependant, environ 1,5 million de personnes en Suisse ne poss\u00e8dent pas ces comp\u00e9tences de base. Sur la base de l&rsquo;article 13\u201316 de la&nbsp;<a href=\"https:\/\/alice.ch\/fr\/politique-de-la-formation\/loi-sur-la-formation-continue\/\">loi sur la formation continue<\/a>, la formation continue est destin\u00e9e \u00e0 contribuer \u00e0 la promotion des connaissances en mati\u00e8re de TIC dans le cadre des comp\u00e9tences de base des personnes concern\u00e9es.<\/p>\n\n\n\n<h3 class=\"wp-block-heading\">2. P\u00e9nurie de comp\u00e9tences en TIC<\/h3>\n\n\n\n<p>Une enqu\u00eate du&nbsp;<a href=\"https:\/\/www.research-collection.ethz.ch\/handle\/20.500.11850\/239703\" target=\"_blank\" rel=\"noreferrer noopener\">Centre de recherches conjoncturelles (KOF) de Zurich<\/a>&nbsp;sur la digitalisation des entreprises suisses en 2017 montre que le manque de personnel qualifi\u00e9 est consid\u00e9r\u00e9 comme le principal obstacle \u00e0 la poursuite de la num\u00e9risation de l&rsquo;\u00e9conomie. Ceci rejoint l&rsquo;\u00e9valuation du Conseil f\u00e9d\u00e9ral dans le cadre de l&rsquo;Initiative pour les travailleurs qualifi\u00e9s et plus particuli\u00e8rement sur la p\u00e9nurie de sp\u00e9cialistes en TIC. La formation continue peut aider \u00e0 absorber la demande de l&rsquo;\u00e9conomie plus rapidement et avec plus de souplesse que la formation formelle, et l&rsquo;adapter en permanence aux \u00e9volutions technologiques.<\/p>\n\n\n\n<h3 class=\"wp-block-heading\">3. Des comp\u00e9tences compl\u00e9mentaires<\/h3>\n\n\n\n<p>La num\u00e9risation est en train de changer la fa\u00e7on dont les gens travaillent. Cependant, les effets de ces changements vont bien au-del\u00e0 du num\u00e9rique. Une&nbsp;\u00e9tude&nbsp;(en allemand) de la Haute \u00e9cole de commerce zurichoise (HWZ) sur les professions commerciales, par exemple, montre que les comp\u00e9tences personnelles, sociales et m\u00e9thodologiques prennent de plus en plus d&rsquo;importance. Concr\u00e8tement, cela signifie que des comp\u00e9tences telles que la capacit\u00e9 \u00e0 r\u00e9soudre les probl\u00e8mes, la flexibilit\u00e9 et l&rsquo;esprit d&rsquo;\u00e9quipe sont essentielles pour utiliser efficacement les nouvelles technologies, les utiliser judicieusement et s&rsquo;ouvrir \u00e0 ces innovations. \u00catre apte \u00e0 la digitalisation signifie donc beaucoup plus qu&rsquo;une simple comp\u00e9tence technologique. La formation continue a une longue tradition et beaucoup d&rsquo;exp\u00e9rience dans l&rsquo;enseignement de ces comp\u00e9tences.<\/p>\n\n\n\n<h2 class=\"wp-block-heading\">Digitalisation de la formation continue<\/h2>\n\n\n\n<p>La digitalisation dans la formation continue signifie non seulement que le maniement des nouvelles technologies doit \u00eatre appris, mais que ces nouvelles technologies sont \u00e9galement incluses et utilis\u00e9es dans l&rsquo;enseignement. La plate-forme de formation continue&nbsp;<a href=\"https:\/\/wb-web.de\/dossiers\/Digitalisierung-in-der-Erwachsenenbildung-1.html\" target=\"_blank\" rel=\"noreferrer noopener\">wb-web<\/a>&nbsp;d&rsquo;Allemagne a \u00e9labor\u00e9 les tendances actuelles et a rassembl\u00e9 des conseils et astuces utiles. L&rsquo;<a href=\"https:\/\/erwachsenenbildung.at\/ebmooc\/\" target=\"_blank\" rel=\"noreferrer noopener\">EBmooc<\/a>&nbsp;d&rsquo;Autriche utilise directement un format num\u00e9rique pour former le personnel de formation continue aux technologies num\u00e9riques.<\/p>\n\n\n\n<p>Bien que de nombreuses technologies soient d\u00e9j\u00e0 utilis\u00e9es, le niveau de connaissance de leurs effets et de leurs avantages est encore faible. L&rsquo;une des t\u00e2ches pour les ann\u00e9es \u00e0 venir consistera \u00e0 d\u00e9finir des normes de qualit\u00e9 et des caract\u00e9ristiques pour la formation continue digitale.<\/p>\n\n\n\n<h2 class=\"wp-block-heading\">Liens suppl\u00e9mentaires<\/h2>\n\n\n\n<div class=\"wp-block-buttons is-layout-flex wp-block-buttons-is-layout-flex\">\n<div class=\"wp-block-button has-custom-width wp-block-button__width-50 is-style-outline is-style-outline--1\"><a class=\"wp-block-button__link wp-element-button\" href=\"https:\/\/alice.ch\/fr\/digitalisierung\/transformation-numerique\/\">Transformation num\u00e9rique<\/a><\/div>\n\n\n\n<div class=\"wp-block-button has-custom-width wp-block-button__width-50 is-style-outline is-style-outline--2\"><a class=\"wp-block-button__link wp-element-button\" href=\"https:\/\/alice.ch\/fr\/themes\/la-numerisation\/apprentissage-numerique\/\">Apprentissage num\u00e9rique<\/a><\/div>\n\n\n\n<div class=\"wp-block-button has-custom-width wp-block-button__width-50 is-style-outline is-style-outline--3\"><a class=\"wp-block-button__link wp-element-button\" href=\"https:\/\/digitaldialog.swiss\/fr\/\" target=\"_blank\" rel=\"noreferrer noopener\">Strat\u00e9gie digitale suisse du Conseil f\u00e9d\u00e9ral<\/a><\/div>\n<\/div>\n\n\n\n<div class=\"wp-block-buttons is-layout-flex wp-block-buttons-is-layout-flex\">\n<div class=\"wp-block-button has-custom-width wp-block-button__width-50 is-style-outline is-style-outline--4\"><a class=\"wp-block-button__link wp-element-button\" href=\"https:\/\/www.sbfi.admin.ch\/sbfi\/fr\/home\/actualite\/medienmitteilungen.msg-id-67456.html\" target=\"_blank\" rel=\"noreferrer noopener\">Plan d&rsquo;action du SEFRI pour le digital<\/a><\/div>\n<\/div>\n\n\n\n<div class=\"wp-block-buttons is-layout-flex wp-block-buttons-is-layout-flex\"><\/div>\n\n\n\n<h2 class=\"wp-block-heading\">Contact<\/h2>\n\n\n\n<div class=\"wp-block-columns is-layout-flex wp-container-core-columns-is-layout-28f84493 wp-block-columns-is-layout-flex\">\n<div class=\"wp-block-column is-layout-flow wp-block-column-is-layout-flow\" style=\"flex-basis:50%\"><div class=\"contact-persons\">\n\n\t\t\t\t\t<div class=\"contact-person\">\n\t\t\t\t\tIrena Sgier<br \/>\t\t\t\t\tDirectrice adjointe, Directrice de la recherche, du d\u00e9veloppement et de l\u2019innovation<br \/>\t\t\t\t\t<br \/>\n\t\t\t\t\t\t\t\t\t\t<a href=\"tel:+41 (0)44 319 71 59\">+41 (0)44 319 71 59<\/a><br \/>\t\t\t\t\t<a href=\"mailto:irena.sgier@alice.ch\">irena.sgier@alice.ch<\/a><br \/>\t\t\t\t\t<\/div>\n\t\t\t\t\t<\/div>\n<\/div>\n\n\n\n<div class=\"wp-block-column is-layout-flow wp-block-column-is-layout-flow\" style=\"flex-basis:50%\"><\/div>\n<\/div>\n<\/div>\n","protected":false},"excerpt":{"rendered":"<p>La num\u00e9risation et la formation continue En raison de la mise en r\u00e9seau sans cesse croissante des technologies num\u00e9riques, de [&hellip;]<\/p>\n","protected":false},"author":2,"featured_media":20799,"parent":14802,"menu_order":94,"comment_status":"closed","ping_status":"closed","template":"","meta":{"_acf_changed":false,"inline_featured_image":false,"footnotes":""},"class_list":["post-11168","page","type-page","status-publish","has-post-thumbnail","hentry"],"acf":[],"yoast_head":"<!-- This site is optimized with the Yoast SEO plugin v27.3 - https:\/\/yoast.com\/product\/yoast-seo-wordpress\/ -->\n<title>La num\u00e9risation et la formation continue - FSEA<\/title>\n<meta name=\"description\" content=\"La num\u00e9risation conduit \u00e0 de nouveaux contenus de formation et cr\u00e9e de nouvelles m\u00e9thodes d&#039;enseignement et d&#039;apprentissage.\" \/>\n<meta name=\"robots\" content=\"index, follow, max-snippet:-1, max-image-preview:large, max-video-preview:-1\" \/>\n<link rel=\"canonical\" href=\"https:\/\/alice.ch\/fr\/themes\/la-numerisation\/\" \/>\n<meta property=\"og:locale\" content=\"fr_FR\" \/>\n<meta property=\"og:type\" content=\"article\" \/>\n<meta property=\"og:title\" content=\"La num\u00e9risation et la formation continue - FSEA\" \/>\n<meta property=\"og:description\" content=\"La num\u00e9risation conduit \u00e0 de nouveaux contenus de formation et cr\u00e9e de nouvelles m\u00e9thodes d&#039;enseignement et d&#039;apprentissage.\" \/>\n<meta property=\"og:url\" content=\"https:\/\/alice.ch\/fr\/themes\/la-numerisation\/\" \/>\n<meta property=\"og:site_name\" content=\"SVEB\" \/>\n<meta property=\"article:modified_time\" content=\"2024-01-31T14:15:30+00:00\" \/>\n<meta name=\"twitter:card\" content=\"summary_large_image\" \/>\n<meta name=\"twitter:label1\" content=\"Dur\u00e9e de lecture estim\u00e9e\" \/>\n\t<meta name=\"twitter:data1\" content=\"3 minutes\" \/>\n<script type=\"application\/ld+json\" class=\"yoast-schema-graph\">{\"@context\":\"https:\\\/\\\/schema.org\",\"@graph\":[{\"@type\":\"WebPage\",\"@id\":\"https:\\\/\\\/alice.ch\\\/fr\\\/themes\\\/la-numerisation\\\/\",\"url\":\"https:\\\/\\\/alice.ch\\\/fr\\\/themes\\\/la-numerisation\\\/\",\"name\":\"La num\u00e9risation et la formation continue - FSEA\",\"isPartOf\":{\"@id\":\"https:\\\/\\\/alice.ch\\\/fr\\\/#website\"},\"primaryImageOfPage\":{\"@id\":\"https:\\\/\\\/alice.ch\\\/fr\\\/themes\\\/la-numerisation\\\/#primaryimage\"},\"image\":{\"@id\":\"https:\\\/\\\/alice.ch\\\/fr\\\/themes\\\/la-numerisation\\\/#primaryimage\"},\"thumbnailUrl\":\"https:\\\/\\\/alice.ch\\\/app\\\/uploads\\\/2022\\\/11\\\/default.jpg\",\"datePublished\":\"2022-08-16T13:35:50+00:00\",\"dateModified\":\"2024-01-31T14:15:30+00:00\",\"description\":\"La num\u00e9risation conduit \u00e0 de nouveaux contenus de formation et cr\u00e9e de nouvelles m\u00e9thodes d'enseignement et d'apprentissage.\",\"breadcrumb\":{\"@id\":\"https:\\\/\\\/alice.ch\\\/fr\\\/themes\\\/la-numerisation\\\/#breadcrumb\"},\"inLanguage\":\"fr-FR\",\"potentialAction\":[{\"@type\":\"ReadAction\",\"target\":[\"https:\\\/\\\/alice.ch\\\/fr\\\/themes\\\/la-numerisation\\\/\"]}]},{\"@type\":\"ImageObject\",\"inLanguage\":\"fr-FR\",\"@id\":\"https:\\\/\\\/alice.ch\\\/fr\\\/themes\\\/la-numerisation\\\/#primaryimage\",\"url\":\"https:\\\/\\\/alice.ch\\\/app\\\/uploads\\\/2022\\\/11\\\/default.jpg\",\"contentUrl\":\"https:\\\/\\\/alice.ch\\\/app\\\/uploads\\\/2022\\\/11\\\/default.jpg\",\"width\":1600,\"height\":900},{\"@type\":\"BreadcrumbList\",\"@id\":\"https:\\\/\\\/alice.ch\\\/fr\\\/themes\\\/la-numerisation\\\/#breadcrumb\",\"itemListElement\":[{\"@type\":\"ListItem\",\"position\":1,\"name\":\"Page d'accueil\",\"item\":\"https:\\\/\\\/alice.ch\\\/fr\\\/\"},{\"@type\":\"ListItem\",\"position\":2,\"name\":\"Th\u00e8mes\",\"item\":\"https:\\\/\\\/alice.ch\\\/fr\\\/themes\\\/\"},{\"@type\":\"ListItem\",\"position\":3,\"name\":\"La num\u00e9risation et la formation continue\"}]},{\"@type\":\"WebSite\",\"@id\":\"https:\\\/\\\/alice.ch\\\/fr\\\/#website\",\"url\":\"https:\\\/\\\/alice.ch\\\/fr\\\/\",\"name\":\"alice.ch (Adult Learning Information Center) ist das Portal der Weiterbildung in der Schweiz.\",\"description\":\"Schweizerischer Verband f\u00fcr Weiterbildung\",\"publisher\":{\"@id\":\"https:\\\/\\\/alice.ch\\\/fr\\\/#organization\"},\"potentialAction\":[{\"@type\":\"SearchAction\",\"target\":{\"@type\":\"EntryPoint\",\"urlTemplate\":\"https:\\\/\\\/alice.ch\\\/fr\\\/?s={search_term_string}\"},\"query-input\":{\"@type\":\"PropertyValueSpecification\",\"valueRequired\":true,\"valueName\":\"search_term_string\"}}],\"inLanguage\":\"fr-FR\"},{\"@type\":\"Organization\",\"@id\":\"https:\\\/\\\/alice.ch\\\/fr\\\/#organization\",\"name\":\"FSEA F\u00e9d\u00e9ration suisse pour la formation continue\",\"url\":\"https:\\\/\\\/alice.ch\\\/fr\\\/\",\"logo\":{\"@type\":\"ImageObject\",\"inLanguage\":\"fr-FR\",\"@id\":\"https:\\\/\\\/alice.ch\\\/fr\\\/#\\\/schema\\\/logo\\\/image\\\/\",\"url\":\"https:\\\/\\\/alice.ch\\\/app\\\/uploads\\\/2022\\\/07\\\/logo-sveb.png\",\"contentUrl\":\"https:\\\/\\\/alice.ch\\\/app\\\/uploads\\\/2022\\\/07\\\/logo-sveb.png\",\"width\":145,\"height\":64,\"caption\":\"FSEA F\u00e9d\u00e9ration suisse pour la formation continue\"},\"image\":{\"@id\":\"https:\\\/\\\/alice.ch\\\/fr\\\/#\\\/schema\\\/logo\\\/image\\\/\"},\"sameAs\":[\"https:\\\/\\\/www.linkedin.com\\\/company\\\/schweizerischer-verband-fr-weiterbildung-sveb\\\/\"]}]}<\/script>\n<!-- \/ Yoast SEO plugin. -->","yoast_head_json":{"title":"La num\u00e9risation et la formation continue - FSEA","description":"La num\u00e9risation conduit \u00e0 de nouveaux contenus de formation et cr\u00e9e de nouvelles m\u00e9thodes d'enseignement et d'apprentissage.","robots":{"index":"index","follow":"follow","max-snippet":"max-snippet:-1","max-image-preview":"max-image-preview:large","max-video-preview":"max-video-preview:-1"},"canonical":"https:\/\/alice.ch\/fr\/themes\/la-numerisation\/","og_locale":"fr_FR","og_type":"article","og_title":"La num\u00e9risation et la formation continue - FSEA","og_description":"La num\u00e9risation conduit \u00e0 de nouveaux contenus de formation et cr\u00e9e de nouvelles m\u00e9thodes d'enseignement et d'apprentissage.","og_url":"https:\/\/alice.ch\/fr\/themes\/la-numerisation\/","og_site_name":"SVEB","article_modified_time":"2024-01-31T14:15:30+00:00","twitter_card":"summary_large_image","twitter_misc":{"Dur\u00e9e de lecture estim\u00e9e":"3 minutes"},"schema":{"@context":"https:\/\/schema.org","@graph":[{"@type":"WebPage","@id":"https:\/\/alice.ch\/fr\/themes\/la-numerisation\/","url":"https:\/\/alice.ch\/fr\/themes\/la-numerisation\/","name":"La num\u00e9risation et la formation continue - FSEA","isPartOf":{"@id":"https:\/\/alice.ch\/fr\/#website"},"primaryImageOfPage":{"@id":"https:\/\/alice.ch\/fr\/themes\/la-numerisation\/#primaryimage"},"image":{"@id":"https:\/\/alice.ch\/fr\/themes\/la-numerisation\/#primaryimage"},"thumbnailUrl":"https:\/\/alice.ch\/app\/uploads\/2022\/11\/default.jpg","datePublished":"2022-08-16T13:35:50+00:00","dateModified":"2024-01-31T14:15:30+00:00","description":"La num\u00e9risation conduit \u00e0 de nouveaux contenus de formation et cr\u00e9e de nouvelles m\u00e9thodes d'enseignement et d'apprentissage.","breadcrumb":{"@id":"https:\/\/alice.ch\/fr\/themes\/la-numerisation\/#breadcrumb"},"inLanguage":"fr-FR","potentialAction":[{"@type":"ReadAction","target":["https:\/\/alice.ch\/fr\/themes\/la-numerisation\/"]}]},{"@type":"ImageObject","inLanguage":"fr-FR","@id":"https:\/\/alice.ch\/fr\/themes\/la-numerisation\/#primaryimage","url":"https:\/\/alice.ch\/app\/uploads\/2022\/11\/default.jpg","contentUrl":"https:\/\/alice.ch\/app\/uploads\/2022\/11\/default.jpg","width":1600,"height":900},{"@type":"BreadcrumbList","@id":"https:\/\/alice.ch\/fr\/themes\/la-numerisation\/#breadcrumb","itemListElement":[{"@type":"ListItem","position":1,"name":"Page d'accueil","item":"https:\/\/alice.ch\/fr\/"},{"@type":"ListItem","position":2,"name":"Th\u00e8mes","item":"https:\/\/alice.ch\/fr\/themes\/"},{"@type":"ListItem","position":3,"name":"La num\u00e9risation et la formation continue"}]},{"@type":"WebSite","@id":"https:\/\/alice.ch\/fr\/#website","url":"https:\/\/alice.ch\/fr\/","name":"alice.ch (Adult Learning Information Center) ist das Portal der Weiterbildung in der Schweiz.","description":"Schweizerischer Verband f\u00fcr Weiterbildung","publisher":{"@id":"https:\/\/alice.ch\/fr\/#organization"},"potentialAction":[{"@type":"SearchAction","target":{"@type":"EntryPoint","urlTemplate":"https:\/\/alice.ch\/fr\/?s={search_term_string}"},"query-input":{"@type":"PropertyValueSpecification","valueRequired":true,"valueName":"search_term_string"}}],"inLanguage":"fr-FR"},{"@type":"Organization","@id":"https:\/\/alice.ch\/fr\/#organization","name":"FSEA F\u00e9d\u00e9ration suisse pour la formation continue","url":"https:\/\/alice.ch\/fr\/","logo":{"@type":"ImageObject","inLanguage":"fr-FR","@id":"https:\/\/alice.ch\/fr\/#\/schema\/logo\/image\/","url":"https:\/\/alice.ch\/app\/uploads\/2022\/07\/logo-sveb.png","contentUrl":"https:\/\/alice.ch\/app\/uploads\/2022\/07\/logo-sveb.png","width":145,"height":64,"caption":"FSEA F\u00e9d\u00e9ration suisse pour la formation continue"},"image":{"@id":"https:\/\/alice.ch\/fr\/#\/schema\/logo\/image\/"},"sameAs":["https:\/\/www.linkedin.com\/company\/schweizerischer-verband-fr-weiterbildung-sveb\/"]}]}},"_links":{"self":[{"href":"https:\/\/alice.ch\/fr\/wp-json\/wp\/v2\/pages\/11168","targetHints":{"allow":["GET"]}}],"collection":[{"href":"https:\/\/alice.ch\/fr\/wp-json\/wp\/v2\/pages"}],"about":[{"href":"https:\/\/alice.ch\/fr\/wp-json\/wp\/v2\/types\/page"}],"author":[{"embeddable":true,"href":"https:\/\/alice.ch\/fr\/wp-json\/wp\/v2\/users\/2"}],"replies":[{"embeddable":true,"href":"https:\/\/alice.ch\/fr\/wp-json\/wp\/v2\/comments?post=11168"}],"version-history":[{"count":29,"href":"https:\/\/alice.ch\/fr\/wp-json\/wp\/v2\/pages\/11168\/revisions"}],"predecessor-version":[{"id":57457,"href":"https:\/\/alice.ch\/fr\/wp-json\/wp\/v2\/pages\/11168\/revisions\/57457"}],"up":[{"embeddable":true,"href":"https:\/\/alice.ch\/fr\/wp-json\/wp\/v2\/pages\/14802"}],"wp:featuredmedia":[{"embeddable":true,"href":"https:\/\/alice.ch\/fr\/wp-json\/wp\/v2\/media\/20799"}],"wp:attachment":[{"href":"https:\/\/alice.ch\/fr\/wp-json\/wp\/v2\/media?parent=11168"}],"curies":[{"name":"wp","href":"https:\/\/api.w.org\/{rel}","templated":true}]}}