{"id":11179,"date":"2022-08-16T16:23:47","date_gmt":"2022-08-16T14:23:47","guid":{"rendered":"https:\/\/projects.atxeit.ch\/sveb\/digitalisierung\/digitales-lernen\/einstieg-ins-digitale-lernen\/"},"modified":"2023-05-07T16:58:28","modified_gmt":"2023-05-07T14:58:28","slug":"entree-dans-lapprentissage-numerique","status":"publish","type":"page","link":"https:\/\/alice.ch\/fr\/themes\/la-numerisation\/apprentissage-numerique\/entree-dans-lapprentissage-numerique\/","title":{"rendered":"Entr\u00e9e dans l&rsquo;apprentissage num\u00e9rique"},"content":{"rendered":"\n<div class=\"wp-block-group is-style-reduced-width is-layout-flow wp-block-group-is-layout-flow\">\n<h1 class=\"wp-block-heading\">Entr\u00e9e dans l&rsquo;apprentissage num\u00e9rique<\/h1>\n\n\n\n<h2 class=\"wp-block-heading\">Apprentissage mobile : webinaires de la FSEA pour soutenir les formateurs en langues<\/h2>\n\n\n\n<p>Dans un deuxi\u00e8me temps, la FSEA, en partenariat avec le secr\u00e9tariat fide, a \u00e9t\u00e9 mandat\u00e9e par le Secr\u00e9tariat d\u2019Etat aux migrations (SEM) pour concevoir et mettre en \u0153uvre des webinaires sur l\u2019apprentissage mobile comme compl\u00e9ment \u00e0 l\u2019enseignement en pr\u00e9sentiel, dans le cadre de l\u2019encouragement de l\u2019apprentissage de la langue et des comp\u00e9tences de bases dans le domaine de l\u2019int\u00e9gration.<\/p>\n\n\n\n<div class=\"wp-block-buttons is-layout-flex wp-block-buttons-is-layout-flex\">\n<div class=\"wp-block-button has-custom-width wp-block-button__width-50 is-style-outline is-style-outline--1\"><a class=\"wp-block-button__link wp-element-button\" href=\"https:\/\/alice.ch\/fr\/themes\/competences-de-base\/promotion-innovante\/webinaires\/\">Webinaires sur l&rsquo;apprentissage mobile<\/a><\/div>\n<\/div>\n\n\n\n<h2 class=\"wp-block-heading\">Conf\u00e9rences ARFOR<\/h2>\n\n\n\n<p>En parall\u00e8le, l&rsquo;Association romande des formateurs a \u00e9galement mis sur pied une s\u00e9rie de conf\u00e9rences en ligne pour r\u00e9pondre aux questions de nombreux formateurs-trices durant cette p\u00e9riode difficile du Coronavirus. Ces diff\u00e9rentes vid\u00e9os ont abord\u00e9 une large palette de th\u00e8mes telle que comment utiliser le digital pour soutenir les processus d&rsquo;apprentissage, la\u00a0<a href=\"https:\/\/alice.ch\/fr\/services\/eduqua\/revision-eduqua\/\" target=\"_blank\" rel=\"noreferrer noopener\">r\u00e9vision de la norme eduQua<\/a>, la\u00a0<a href=\"https:\/\/alice.ch\/fr\/devenir-formateurtrice\/le-systeme-modulaire-ffa\/poursuite-du-developpement-et-revision\/\" target=\"_blank\" rel=\"noreferrer noopener\">r\u00e9vision du Brevet f\u00e9d\u00e9ral de formateurs-trices d&rsquo;adultes<\/a>, et bien d&rsquo;autres encore.<\/p>\n\n\n\n<div class=\"wp-block-buttons is-layout-flex wp-block-buttons-is-layout-flex\">\n<div class=\"wp-block-button has-custom-width wp-block-button__width-50 is-style-outline is-style-outline--2\"><a class=\"wp-block-button__link wp-element-button\" href=\"https:\/\/www.arfor.ch\/videos\/\" target=\"_blank\" rel=\"noreferrer noopener\">Les conf\u00e9rences ARFOR<\/a><\/div>\n<\/div>\n\n\n\n<h2 class=\"wp-block-heading\">Autres ressources<\/h2>\n\n\n\n<p>L&rsquo;espace Enseigner \u00e0 distance en urgence (sur&nbsp;<a href=\"https:\/\/edutechwiki.unige.ch\/fr\/Enseigner_%C3%A0_distance_dans_l%27urgence\" target=\"_blank\" rel=\"noreferrer noopener\">Edutechwiki.fr<\/a>) regroupe des ressources qui ont pour objectif de faciliter le passage \u00e0 l&rsquo;enseignement \u00e0 distance dans une situation d&rsquo;urgence. Les ressources proposent des conseils pratiques sur l&rsquo;organisation des diff\u00e9rentes formes d&rsquo;enseignement en ligne qui remplacent ou compl\u00e9mentent les enseignements&nbsp;<em>traditionnels<\/em>, ainsi que des tutoriels pratiques sur des outils num\u00e9riques, en libre-acc\u00e8s ou sous licenses commerciales, pour accompagner cette transition. Il est cr\u00e9\u00e9 par l&rsquo;<a href=\"https:\/\/tecfa.unige.ch\/fr\/\" target=\"_blank\" rel=\"noreferrer noopener\">Unit\u00e9 TECFA<\/a> (unit\u00e9 acad\u00e9mique active dans le domaine des technologies \u00e9ducatives de la Facult\u00e9 de Psychologie et des Sciences de l&rsquo;\u00c9ducation (<a href=\"https:\/\/www.unige.ch\/fapse\/\" target=\"_blank\" rel=\"noreferrer noopener\">FPSE)<\/a> de l&rsquo;Universit\u00e9 de Gen\u00e8ve.<\/p>\n\n\n\n<p>D\u2019autre part, et plus sp\u00e9cifiquement dans le cadre de formations universitaires, (session du CAS en conception et d\u00e9veloppement de projets e-learning) il y a encore trois ateliers qui peuvent \u00eatre suivis en option, avec ou sans \u00e9valuation. Ces ateliers normalement offerts en mode hybride auront lieu enti\u00e8rement en format \u00e0 distance.<\/p>\n\n\n\n<h2 class=\"wp-block-heading\">Contact<\/h2>\n\n\n\n<div class=\"wp-block-columns is-layout-flex wp-container-core-columns-is-layout-28f84493 wp-block-columns-is-layout-flex\">\n<div class=\"wp-block-column is-layout-flow wp-block-column-is-layout-flow\" style=\"flex-basis:50%\"><div class=\"contact-persons\">\n\n\t\t\t\t\t<div class=\"contact-person\">\n\t\t\t\t\tIrena Sgier<br \/>\t\t\t\t\tDirectrice adjointe, Directrice de la recherche, du d\u00e9veloppement et de l\u2019innovation<br \/>\t\t\t\t\t<br \/>\n\t\t\t\t\t\t\t\t\t\t<a href=\"tel:+41 (0)44 319 71 59\">+41 (0)44 319 71 59<\/a><br \/>\t\t\t\t\t<a href=\"mailto:irena.sgier@alice.ch\">irena.sgier@alice.ch<\/a><br \/>\t\t\t\t\t<\/div>\n\t\t\t\t\t<\/div>\n<\/div>\n\n\n\n<div class=\"wp-block-column is-layout-flow wp-block-column-is-layout-flow\" style=\"flex-basis:50%\"><\/div>\n<\/div>\n<\/div>\n","protected":false},"excerpt":{"rendered":"<p>Entr\u00e9e dans l&rsquo;apprentissage num\u00e9rique Apprentissage mobile : webinaires de la FSEA pour soutenir les formateurs en langues Dans un deuxi\u00e8me [&hellip;]<\/p>\n","protected":false},"author":2,"featured_media":20799,"parent":11176,"menu_order":114,"comment_status":"closed","ping_status":"closed","template":"","meta":{"_acf_changed":false,"inline_featured_image":false,"footnotes":""},"class_list":["post-11179","page","type-page","status-publish","has-post-thumbnail","hentry"],"acf":[],"yoast_head":"<!-- This site is optimized with the Yoast SEO plugin v27.3 - https:\/\/yoast.com\/product\/yoast-seo-wordpress\/ -->\n<title>Entr\u00e9e dans l&#039;apprentissage num\u00e9rique - FSEA<\/title>\n<meta name=\"robots\" content=\"index, follow, max-snippet:-1, max-image-preview:large, max-video-preview:-1\" \/>\n<link rel=\"canonical\" href=\"https:\/\/alice.ch\/fr\/themes\/la-numerisation\/apprentissage-numerique\/entree-dans-lapprentissage-numerique\/\" \/>\n<meta property=\"og:locale\" content=\"fr_FR\" \/>\n<meta property=\"og:type\" content=\"article\" \/>\n<meta property=\"og:title\" content=\"Entr\u00e9e dans l&#039;apprentissage num\u00e9rique - FSEA\" \/>\n<meta property=\"og:description\" content=\"Entr\u00e9e dans l&rsquo;apprentissage num\u00e9rique Apprentissage mobile : webinaires de la FSEA pour soutenir les formateurs en langues Dans un deuxi\u00e8me [&hellip;]\" \/>\n<meta property=\"og:url\" content=\"https:\/\/alice.ch\/fr\/themes\/la-numerisation\/apprentissage-numerique\/entree-dans-lapprentissage-numerique\/\" \/>\n<meta property=\"og:site_name\" content=\"SVEB\" \/>\n<meta property=\"article:modified_time\" content=\"2023-05-07T14:58:28+00:00\" \/>\n<meta name=\"twitter:card\" content=\"summary_large_image\" \/>\n<meta name=\"twitter:label1\" content=\"Dur\u00e9e de lecture estim\u00e9e\" \/>\n\t<meta name=\"twitter:data1\" content=\"2 minutes\" \/>\n<script type=\"application\/ld+json\" class=\"yoast-schema-graph\">{\"@context\":\"https:\\\/\\\/schema.org\",\"@graph\":[{\"@type\":\"WebPage\",\"@id\":\"https:\\\/\\\/alice.ch\\\/fr\\\/themes\\\/la-numerisation\\\/apprentissage-numerique\\\/entree-dans-lapprentissage-numerique\\\/\",\"url\":\"https:\\\/\\\/alice.ch\\\/fr\\\/themes\\\/la-numerisation\\\/apprentissage-numerique\\\/entree-dans-lapprentissage-numerique\\\/\",\"name\":\"Entr\u00e9e dans l'apprentissage num\u00e9rique - FSEA\",\"isPartOf\":{\"@id\":\"https:\\\/\\\/alice.ch\\\/fr\\\/#website\"},\"primaryImageOfPage\":{\"@id\":\"https:\\\/\\\/alice.ch\\\/fr\\\/themes\\\/la-numerisation\\\/apprentissage-numerique\\\/entree-dans-lapprentissage-numerique\\\/#primaryimage\"},\"image\":{\"@id\":\"https:\\\/\\\/alice.ch\\\/fr\\\/themes\\\/la-numerisation\\\/apprentissage-numerique\\\/entree-dans-lapprentissage-numerique\\\/#primaryimage\"},\"thumbnailUrl\":\"https:\\\/\\\/alice.ch\\\/app\\\/uploads\\\/2022\\\/11\\\/default.jpg\",\"datePublished\":\"2022-08-16T14:23:47+00:00\",\"dateModified\":\"2023-05-07T14:58:28+00:00\",\"breadcrumb\":{\"@id\":\"https:\\\/\\\/alice.ch\\\/fr\\\/themes\\\/la-numerisation\\\/apprentissage-numerique\\\/entree-dans-lapprentissage-numerique\\\/#breadcrumb\"},\"inLanguage\":\"fr-FR\",\"potentialAction\":[{\"@type\":\"ReadAction\",\"target\":[\"https:\\\/\\\/alice.ch\\\/fr\\\/themes\\\/la-numerisation\\\/apprentissage-numerique\\\/entree-dans-lapprentissage-numerique\\\/\"]}]},{\"@type\":\"ImageObject\",\"inLanguage\":\"fr-FR\",\"@id\":\"https:\\\/\\\/alice.ch\\\/fr\\\/themes\\\/la-numerisation\\\/apprentissage-numerique\\\/entree-dans-lapprentissage-numerique\\\/#primaryimage\",\"url\":\"https:\\\/\\\/alice.ch\\\/app\\\/uploads\\\/2022\\\/11\\\/default.jpg\",\"contentUrl\":\"https:\\\/\\\/alice.ch\\\/app\\\/uploads\\\/2022\\\/11\\\/default.jpg\",\"width\":1600,\"height\":900},{\"@type\":\"BreadcrumbList\",\"@id\":\"https:\\\/\\\/alice.ch\\\/fr\\\/themes\\\/la-numerisation\\\/apprentissage-numerique\\\/entree-dans-lapprentissage-numerique\\\/#breadcrumb\",\"itemListElement\":[{\"@type\":\"ListItem\",\"position\":1,\"name\":\"Page d'accueil\",\"item\":\"https:\\\/\\\/alice.ch\\\/fr\\\/\"},{\"@type\":\"ListItem\",\"position\":2,\"name\":\"Th\u00e8mes\",\"item\":\"https:\\\/\\\/alice.ch\\\/fr\\\/themes\\\/\"},{\"@type\":\"ListItem\",\"position\":3,\"name\":\"La num\u00e9risation et la formation continue\",\"item\":\"https:\\\/\\\/alice.ch\\\/fr\\\/themes\\\/la-numerisation\\\/\"},{\"@type\":\"ListItem\",\"position\":4,\"name\":\"Apprentissage num\u00e9rique\",\"item\":\"https:\\\/\\\/alice.ch\\\/fr\\\/themes\\\/la-numerisation\\\/apprentissage-numerique\\\/\"},{\"@type\":\"ListItem\",\"position\":5,\"name\":\"Entr\u00e9e dans l&rsquo;apprentissage num\u00e9rique\"}]},{\"@type\":\"WebSite\",\"@id\":\"https:\\\/\\\/alice.ch\\\/fr\\\/#website\",\"url\":\"https:\\\/\\\/alice.ch\\\/fr\\\/\",\"name\":\"alice.ch (Adult Learning Information Center) ist das Portal der Weiterbildung in der Schweiz.\",\"description\":\"Schweizerischer Verband f\u00fcr Weiterbildung\",\"publisher\":{\"@id\":\"https:\\\/\\\/alice.ch\\\/fr\\\/#organization\"},\"potentialAction\":[{\"@type\":\"SearchAction\",\"target\":{\"@type\":\"EntryPoint\",\"urlTemplate\":\"https:\\\/\\\/alice.ch\\\/fr\\\/?s={search_term_string}\"},\"query-input\":{\"@type\":\"PropertyValueSpecification\",\"valueRequired\":true,\"valueName\":\"search_term_string\"}}],\"inLanguage\":\"fr-FR\"},{\"@type\":\"Organization\",\"@id\":\"https:\\\/\\\/alice.ch\\\/fr\\\/#organization\",\"name\":\"FSEA F\u00e9d\u00e9ration suisse pour la formation continue\",\"url\":\"https:\\\/\\\/alice.ch\\\/fr\\\/\",\"logo\":{\"@type\":\"ImageObject\",\"inLanguage\":\"fr-FR\",\"@id\":\"https:\\\/\\\/alice.ch\\\/fr\\\/#\\\/schema\\\/logo\\\/image\\\/\",\"url\":\"https:\\\/\\\/alice.ch\\\/app\\\/uploads\\\/2022\\\/07\\\/logo-sveb.png\",\"contentUrl\":\"https:\\\/\\\/alice.ch\\\/app\\\/uploads\\\/2022\\\/07\\\/logo-sveb.png\",\"width\":145,\"height\":64,\"caption\":\"FSEA F\u00e9d\u00e9ration suisse pour la formation continue\"},\"image\":{\"@id\":\"https:\\\/\\\/alice.ch\\\/fr\\\/#\\\/schema\\\/logo\\\/image\\\/\"},\"sameAs\":[\"https:\\\/\\\/www.linkedin.com\\\/company\\\/schweizerischer-verband-fr-weiterbildung-sveb\\\/\"]}]}<\/script>\n<!-- \/ Yoast SEO plugin. -->","yoast_head_json":{"title":"Entr\u00e9e dans l'apprentissage num\u00e9rique - FSEA","robots":{"index":"index","follow":"follow","max-snippet":"max-snippet:-1","max-image-preview":"max-image-preview:large","max-video-preview":"max-video-preview:-1"},"canonical":"https:\/\/alice.ch\/fr\/themes\/la-numerisation\/apprentissage-numerique\/entree-dans-lapprentissage-numerique\/","og_locale":"fr_FR","og_type":"article","og_title":"Entr\u00e9e dans l'apprentissage num\u00e9rique - FSEA","og_description":"Entr\u00e9e dans l&rsquo;apprentissage num\u00e9rique Apprentissage mobile : webinaires de la FSEA pour soutenir les formateurs en langues Dans un deuxi\u00e8me [&hellip;]","og_url":"https:\/\/alice.ch\/fr\/themes\/la-numerisation\/apprentissage-numerique\/entree-dans-lapprentissage-numerique\/","og_site_name":"SVEB","article_modified_time":"2023-05-07T14:58:28+00:00","twitter_card":"summary_large_image","twitter_misc":{"Dur\u00e9e de lecture estim\u00e9e":"2 minutes"},"schema":{"@context":"https:\/\/schema.org","@graph":[{"@type":"WebPage","@id":"https:\/\/alice.ch\/fr\/themes\/la-numerisation\/apprentissage-numerique\/entree-dans-lapprentissage-numerique\/","url":"https:\/\/alice.ch\/fr\/themes\/la-numerisation\/apprentissage-numerique\/entree-dans-lapprentissage-numerique\/","name":"Entr\u00e9e dans l'apprentissage num\u00e9rique - FSEA","isPartOf":{"@id":"https:\/\/alice.ch\/fr\/#website"},"primaryImageOfPage":{"@id":"https:\/\/alice.ch\/fr\/themes\/la-numerisation\/apprentissage-numerique\/entree-dans-lapprentissage-numerique\/#primaryimage"},"image":{"@id":"https:\/\/alice.ch\/fr\/themes\/la-numerisation\/apprentissage-numerique\/entree-dans-lapprentissage-numerique\/#primaryimage"},"thumbnailUrl":"https:\/\/alice.ch\/app\/uploads\/2022\/11\/default.jpg","datePublished":"2022-08-16T14:23:47+00:00","dateModified":"2023-05-07T14:58:28+00:00","breadcrumb":{"@id":"https:\/\/alice.ch\/fr\/themes\/la-numerisation\/apprentissage-numerique\/entree-dans-lapprentissage-numerique\/#breadcrumb"},"inLanguage":"fr-FR","potentialAction":[{"@type":"ReadAction","target":["https:\/\/alice.ch\/fr\/themes\/la-numerisation\/apprentissage-numerique\/entree-dans-lapprentissage-numerique\/"]}]},{"@type":"ImageObject","inLanguage":"fr-FR","@id":"https:\/\/alice.ch\/fr\/themes\/la-numerisation\/apprentissage-numerique\/entree-dans-lapprentissage-numerique\/#primaryimage","url":"https:\/\/alice.ch\/app\/uploads\/2022\/11\/default.jpg","contentUrl":"https:\/\/alice.ch\/app\/uploads\/2022\/11\/default.jpg","width":1600,"height":900},{"@type":"BreadcrumbList","@id":"https:\/\/alice.ch\/fr\/themes\/la-numerisation\/apprentissage-numerique\/entree-dans-lapprentissage-numerique\/#breadcrumb","itemListElement":[{"@type":"ListItem","position":1,"name":"Page d'accueil","item":"https:\/\/alice.ch\/fr\/"},{"@type":"ListItem","position":2,"name":"Th\u00e8mes","item":"https:\/\/alice.ch\/fr\/themes\/"},{"@type":"ListItem","position":3,"name":"La num\u00e9risation et la formation continue","item":"https:\/\/alice.ch\/fr\/themes\/la-numerisation\/"},{"@type":"ListItem","position":4,"name":"Apprentissage num\u00e9rique","item":"https:\/\/alice.ch\/fr\/themes\/la-numerisation\/apprentissage-numerique\/"},{"@type":"ListItem","position":5,"name":"Entr\u00e9e dans l&rsquo;apprentissage num\u00e9rique"}]},{"@type":"WebSite","@id":"https:\/\/alice.ch\/fr\/#website","url":"https:\/\/alice.ch\/fr\/","name":"alice.ch (Adult Learning Information Center) ist das Portal der Weiterbildung in der Schweiz.","description":"Schweizerischer Verband f\u00fcr Weiterbildung","publisher":{"@id":"https:\/\/alice.ch\/fr\/#organization"},"potentialAction":[{"@type":"SearchAction","target":{"@type":"EntryPoint","urlTemplate":"https:\/\/alice.ch\/fr\/?s={search_term_string}"},"query-input":{"@type":"PropertyValueSpecification","valueRequired":true,"valueName":"search_term_string"}}],"inLanguage":"fr-FR"},{"@type":"Organization","@id":"https:\/\/alice.ch\/fr\/#organization","name":"FSEA F\u00e9d\u00e9ration suisse pour la formation continue","url":"https:\/\/alice.ch\/fr\/","logo":{"@type":"ImageObject","inLanguage":"fr-FR","@id":"https:\/\/alice.ch\/fr\/#\/schema\/logo\/image\/","url":"https:\/\/alice.ch\/app\/uploads\/2022\/07\/logo-sveb.png","contentUrl":"https:\/\/alice.ch\/app\/uploads\/2022\/07\/logo-sveb.png","width":145,"height":64,"caption":"FSEA F\u00e9d\u00e9ration suisse pour la formation continue"},"image":{"@id":"https:\/\/alice.ch\/fr\/#\/schema\/logo\/image\/"},"sameAs":["https:\/\/www.linkedin.com\/company\/schweizerischer-verband-fr-weiterbildung-sveb\/"]}]}},"_links":{"self":[{"href":"https:\/\/alice.ch\/fr\/wp-json\/wp\/v2\/pages\/11179","targetHints":{"allow":["GET"]}}],"collection":[{"href":"https:\/\/alice.ch\/fr\/wp-json\/wp\/v2\/pages"}],"about":[{"href":"https:\/\/alice.ch\/fr\/wp-json\/wp\/v2\/types\/page"}],"author":[{"embeddable":true,"href":"https:\/\/alice.ch\/fr\/wp-json\/wp\/v2\/users\/2"}],"replies":[{"embeddable":true,"href":"https:\/\/alice.ch\/fr\/wp-json\/wp\/v2\/comments?post=11179"}],"version-history":[{"count":17,"href":"https:\/\/alice.ch\/fr\/wp-json\/wp\/v2\/pages\/11179\/revisions"}],"predecessor-version":[{"id":50005,"href":"https:\/\/alice.ch\/fr\/wp-json\/wp\/v2\/pages\/11179\/revisions\/50005"}],"up":[{"embeddable":true,"href":"https:\/\/alice.ch\/fr\/wp-json\/wp\/v2\/pages\/11176"}],"wp:featuredmedia":[{"embeddable":true,"href":"https:\/\/alice.ch\/fr\/wp-json\/wp\/v2\/media\/20799"}],"wp:attachment":[{"href":"https:\/\/alice.ch\/fr\/wp-json\/wp\/v2\/media?parent=11179"}],"curies":[{"name":"wp","href":"https:\/\/api.w.org\/{rel}","templated":true}]}}