{"id":11191,"date":"2022-08-16T15:36:37","date_gmt":"2022-08-16T13:36:37","guid":{"rendered":"https:\/\/projects.atxeit.ch\/sveb\/weiterbildung-international\/"},"modified":"2026-01-28T14:48:14","modified_gmt":"2026-01-28T13:48:14","slug":"la-formation-continue-dans-un-contexte-international","status":"publish","type":"page","link":"https:\/\/alice.ch\/fr\/themes\/la-formation-continue-dans-un-contexte-international\/","title":{"rendered":"La formation continue dans un contexte international"},"content":{"rendered":"\n<div class=\"wp-block-group is-style-reduced-width is-layout-constrained wp-block-group-is-layout-constrained\">\n<div class=\"wp-block-group is-style-default is-layout-flow wp-block-group-is-layout-flow\">\n<h1 class=\"wp-block-heading\">La formation continue dans un contexte international<\/h1>\n\n\n\n<p class=\"is-style-lead\">Le syst\u00e8me suisse de formation continue est influenc\u00e9 politiquement et professionnellement par les d\u00e9veloppements internationaux. En tant que membre de l&rsquo;UNESCO, la Suisse s&rsquo;est engag\u00e9e \u00e0 mettre en \u0153uvre diverses recommandations internationales et programmes de formation continue.<\/p>\n\n\n\n<p>Au niveau technique, l&rsquo;\u00e9change au sein de r\u00e9seaux internationaux est essentiel pour identifier les d\u00e9veloppements futurs \u00e0 un stade pr\u00e9coce et assurer le transfert de connaissances vers et depuis la Suisse.<\/p>\n\n\n\n<h2 class=\"wp-block-heading\">Le r\u00f4le de la FSEA<\/h2>\n\n\n\n<p>Depuis sa cr\u00e9ation, la FSEA est active au sein de r\u00e9seaux et d&rsquo;associations internationales et coop\u00e8re avec les autorit\u00e9s suisses pour mettre en \u0153uvre des programmes de formation internationaux. Elle s&rsquo;engage \u00e0 renforcer la formation continue dans le monde entier, en apportant son expertise et en repr\u00e9sentant les int\u00e9r\u00eats des prestataires suisses de formation continue avec les objectifs cl\u00e9s suivants :<\/p>\n\n\n\n<ul class=\"wp-block-list\">\n<li>Soutenir les autorit\u00e9s suisses de formation dans la mise en \u0153uvre des agendas internationaux<\/li>\n\n\n\n<li>Repr\u00e9sentation des int\u00e9r\u00eats de la Suisse dans les r\u00e9seaux et associations internationaux<\/li>\n\n\n\n<li>Identifier les d\u00e9veloppements internationaux \u00e0 un stade pr\u00e9coce et transf\u00e9rer les connaissances aux acteurs de la formation en Suisse et de la Suisse vers d&rsquo;autres pays<\/li>\n<\/ul>\n\n\n\n<h2 class=\"wp-block-heading\">Dossiers d&rsquo;information<\/h2>\n\n\n\n<p>Les accords et programmes internationaux, les r\u00e9seaux et les projets concrets jouent un r\u00f4le d\u00e9cisif au niveau politique et technique pour atteindre ces objectifs.<\/p>\n\n\n\n<div class=\"wp-block-media-text alignwide is-stacked-on-mobile is-style-icon-text\"><figure class=\"wp-block-media-text__media\"><a href=\"https:\/\/alice.ch\/fr\/weiterbildung-international\/strategien\/\"><img decoding=\"async\" width=\"853\" height=\"1024\" src=\"https:\/\/alice.ch\/app\/uploads\/2022\/10\/icon-agenda-1-853x1024.png\" alt=\"\" class=\"wp-image-5908 size-full\" srcset=\"https:\/\/alice.ch\/app\/uploads\/2022\/10\/icon-agenda-1-853x1024.png 853w, https:\/\/alice.ch\/app\/uploads\/2022\/10\/icon-agenda-1-250x300.png 250w, https:\/\/alice.ch\/app\/uploads\/2022\/10\/icon-agenda-1-768x922.png 768w, https:\/\/alice.ch\/app\/uploads\/2022\/10\/icon-agenda-1.png 1000w\" sizes=\"(max-width: 853px) 100vw, 853px\" \/><\/a><\/figure><div class=\"wp-block-media-text__content\">\n<h2 class=\"wp-block-heading\"><a href=\"https:\/\/alice.ch\/fr\/themes\/international\/strategies\/\">Strat\u00e9gies internationales<\/a><\/h2>\n\n\n\n<ul class=\"wp-block-list\">\n<li>Le Cadre d&rsquo;action de la CONFINTEA VII de Marrakech<\/li>\n\n\n\n<li>L&rsquo;agenda sur l&rsquo;\u00e9ducation et la formation 2030 de l&rsquo;ONU<\/li>\n\n\n\n<li>Les recommandations de l&rsquo;UNESCO sur la formation continue<\/li>\n<\/ul>\n<\/div><\/div>\n\n\n\n<hr class=\"wp-block-separator has-alpha-channel-opacity is-style-wide\"\/>\n\n\n\n<div class=\"wp-block-media-text alignwide is-stacked-on-mobile is-style-icon-text\"><figure class=\"wp-block-media-text__media\"><a href=\"https:\/\/alice.ch\/fr\/weiterbildung-international\/netzwerke\/\"><img decoding=\"async\" width=\"1247\" height=\"1206\" src=\"https:\/\/alice.ch\/app\/uploads\/2022\/10\/icon-netzwerk-e1667221376355.png\" alt=\"\" class=\"wp-image-4742 size-full\" srcset=\"https:\/\/alice.ch\/app\/uploads\/2022\/10\/icon-netzwerk-e1667221376355.png 1247w, https:\/\/alice.ch\/app\/uploads\/2022\/10\/icon-netzwerk-e1667221376355-300x290.png 300w, https:\/\/alice.ch\/app\/uploads\/2022\/10\/icon-netzwerk-e1667221376355-1024x990.png 1024w, https:\/\/alice.ch\/app\/uploads\/2022\/10\/icon-netzwerk-e1667221376355-768x743.png 768w\" sizes=\"(max-width: 1247px) 100vw, 1247px\" \/><\/a><\/figure><div class=\"wp-block-media-text__content\">\n<h2 class=\"wp-block-heading\"><a href=\"https:\/\/alice.ch\/fr\/themes\/international\/reseaux\/\">R\u00e9seaux et associations<\/a><\/h2>\n\n\n\n<ul class=\"wp-block-list\">\n<li>L&rsquo;association europ\u00e9enne pour l&rsquo;\u00e9ducation des adultes (EAEA)<\/li>\n\n\n\n<li>The International Council for Adult Education (ICAE)<\/li>\n\n\n\n<li>Le r\u00e9seau europ\u00e9en des comp\u00e9tences de base (EBSN)<\/li>\n\n\n\n<li>Le Hall of Fame Europe (HOFE)<\/li>\n<\/ul>\n<\/div><\/div>\n\n\n\n<hr class=\"wp-block-separator has-alpha-channel-opacity is-style-wide\"\/>\n\n\n\n<div class=\"wp-block-media-text alignwide is-stacked-on-mobile is-style-icon-text\"><figure class=\"wp-block-media-text__media\"><a href=\"https:\/\/alice.ch\/fr\/weiterbildung-international\/internationale-projekte\/\"><img decoding=\"async\" width=\"1024\" height=\"815\" src=\"https:\/\/alice.ch\/app\/uploads\/2022\/10\/icon-int-projekte-1-1024x815.png\" alt=\"\" class=\"wp-image-4746 size-full\" srcset=\"https:\/\/alice.ch\/app\/uploads\/2022\/10\/icon-int-projekte-1-1024x815.png 1024w, https:\/\/alice.ch\/app\/uploads\/2022\/10\/icon-int-projekte-1-300x239.png 300w, https:\/\/alice.ch\/app\/uploads\/2022\/10\/icon-int-projekte-1-768x611.png 768w, https:\/\/alice.ch\/app\/uploads\/2022\/10\/icon-int-projekte-1-1536x1223.png 1536w, https:\/\/alice.ch\/app\/uploads\/2022\/10\/icon-int-projekte-1.png 1583w\" sizes=\"(max-width: 1024px) 100vw, 1024px\" \/><\/a><\/figure><div class=\"wp-block-media-text__content\">\n<h2 class=\"wp-block-heading\"><a href=\"https:\/\/alice.ch\/fr\/themes\/international\/projets\/\"><br>Projets internationaux<\/a><\/h2>\n\n\n\n<p>La FSEA s&rsquo;engage dans des projets en Europe de l&rsquo;est et du sud-ouest, et participe dans des projets de l&rsquo;Union europ\u00e9enne.<\/p>\n<\/div><\/div>\n\n\n\n<div class=\"wp-block-media-text alignwide is-stacked-on-mobile is-style-icon-text\"><figure class=\"wp-block-media-text__media\"><a href=\"https:\/\/alice.ch\/fr\/themes\/la-formation-continue-dans-un-contexte-international\/les-echanges-internationaux\/\"><img decoding=\"async\" width=\"316\" height=\"230\" src=\"https:\/\/alice.ch\/app\/uploads\/2022\/10\/icon-network.png\" alt=\"\" class=\"wp-image-5993 size-full\" srcset=\"https:\/\/alice.ch\/app\/uploads\/2022\/10\/icon-network.png 316w, https:\/\/alice.ch\/app\/uploads\/2022\/10\/icon-network-300x218.png 300w\" sizes=\"(max-width: 316px) 100vw, 316px\" \/><\/a><\/figure><div class=\"wp-block-media-text__content\">\n<h2 class=\"wp-block-heading\"><a href=\"https:\/\/alice.ch\/fr\/themes\/la-formation-continue-dans-un-contexte-international\/les-echanges-internationaux\/\">\u00c9changes internationaux\u00a0<\/a><\/h2>\n\n\n\n<p>L&rsquo;agence nationale pour la promotion des \u00e9changes internationaux et de la mobilit\u00e9 dans le domaine de la formation Movetia soutient, sur mandat de la Conf\u00e9d\u00e9ration et des cantons, divers projets de mobilit\u00e9 et de coop\u00e9ration internationale \u00e0 tous les niveaux de formation.<\/p>\n<\/div><\/div>\n\n\n\n<div class=\"wp-block-group is-style-run-to-edge has-primary-background-color has-background is-layout-flow wp-block-group-is-layout-flow\">\n<p class=\"is-style-lead\">La \u00abInternational SVEB Newsletter\u00bb de la FSEA informe tous les six mois sur les projets de recherche, les programmes et les offres concernant les activit\u00e9s internationales de la FSEA. Cette Newsletter est envoy\u00e9e uniquement en anglais.<\/p>\n<\/div>\n<\/div>\n\n\n\n<p><\/p>\n\n\n\n<h2 class=\"wp-block-heading\">International SVEB Newsletter<\/h2>\n\n\n\n<!-- Begin Mailchimp Signup Form -->\n<link href=\"\/\/cdn-images.mailchimp.com\/embedcode\/classic-10_7.css\" rel=\"stylesheet\" type=\"text\/css\">\n<style type=\"text\/css\">\n\t#mc_embed_signup{background:#fff; clear:left; font:12px Helvetica,Arial,sans-serif;  width:340px;}\n\t\/* Add your own Mailchimp form style overrides in your site stylesheet or in this style block.\n\t   We recommend moving this block and the preceding CSS link to the HEAD of your HTML file. *\/\n<\/style>\n<div id=\"mc_embed_signup\">\n<form action=\"https:\/\/alice.us13.list-manage.com\/subscribe\/post?u=819194c12a777453fe8624b52&amp;id=16a0a081a8\" method=\"post\" id=\"mc-embedded-subscribe-form\" name=\"mc-embedded-subscribe-form\" class=\"validate\" target=\"_blank\" novalidate=\"\">\n    <div id=\"mc_embed_signup_scroll\">\n<div class=\"indicates-required\"><span class=\"asterisk\">*<\/span> indicates required<\/div>\n<div class=\"mc-field-group\">\n\t<label for=\"mce-EMAIL\">Email Address  <span class=\"asterisk\">*<\/span>\n<\/label>\n\t<input type=\"email\" value=\"\" name=\"EMAIL\" class=\"required email\" id=\"mce-EMAIL\">\n<\/div>\n<div class=\"mc-field-group\">\n\t<label for=\"mce-FNAME\">First Name <\/label>\n\t<input type=\"text\" value=\"\" name=\"FNAME\" class=\"\" id=\"mce-FNAME\">\n<\/div>\n<div class=\"mc-field-group\">\n\t<label for=\"mce-LNAME\">Last Name <\/label>\n\t<input type=\"text\" value=\"\" name=\"LNAME\" class=\"\" id=\"mce-LNAME\">\n<\/div>\n\t<div id=\"mce-responses\" class=\"clear\">\n\t\t<div class=\"response\" id=\"mce-error-response\" style=\"display:none\"><\/div>\n\t\t<div class=\"response\" id=\"mce-success-response\" style=\"display:none\"><\/div>\n\t<\/div>    <!-- real people should not fill this in and expect good things - do not remove this or risk form bot signups-->\n    <div style=\"position: absolute; left: -5000px;\" aria-hidden=\"true\"><input type=\"text\" name=\"b_819194c12a777453fe8624b52_16a0a081a8\" tabindex=\"-1\" value=\"\"><\/div>\n    <div class=\"clear\"><input type=\"submit\" value=\"Subscribe\" name=\"subscribe\" id=\"mc-embedded-subscribe\" class=\"button\"><\/div>\n<br>\n<br>\n    <\/div>\n<\/form>\n<\/div>\n<script type=\"text\/javascript\" src=\"\/\/s3.amazonaws.com\/downloads.mailchimp.com\/js\/mc-validate.js\"><\/script><script type=\"text\/javascript\">(function($) {window.fnames = new Array(); window.ftypes = new Array();fnames[0]='EMAIL';ftypes[0]='email';fnames[1]='FNAME';ftypes[1]='text';fnames[2]='LNAME';ftypes[2]='text';fnames[3]='ADDRESS';ftypes[3]='address';fnames[4]='PHONE';ftypes[4]='phone';}(jQuery));var $mcj = jQuery.noConflict(true);<\/script>\n<!--End mc_embed_signup-->\n<\/div>\n\n\n\n<div class=\"wp-block-group is-style-reduced-width is-layout-flow wp-block-group-is-layout-flow\">\n<h2 class=\"wp-block-heading\">Archives International SVEB Newsletter<\/h2>\n\n\n\n<style type=\"text\/css\">\n<!--\n.display_archive {font-family: arial,verdana; font-size: 16px;}\n.campaign {line-height: 125%; margin: 5px;}\n\/\/-->\n<\/style>\n<script language=\"javascript\" src=\"\/\/alice.us13.list-manage.com\/generate-js\/?u=819194c12a777453fe8624b52&#038;fid=9833&#038;show=10\" type=\"text\/javascript\"><\/script>\n\n\n\n<p><\/p>\n\n\n\n<h2 class=\"wp-block-heading\">\u00c9v\u00e9nements pass\u00e9s<\/h2>\n\n\n\n<div class=\"wp-block-query is-layout-flow wp-block-query-is-layout-flow\"><ul class=\"wp-block-post-template is-layout-flow wp-block-post-template-is-layout-flow\"><li class=\"wp-block-post post-70458 event type-event status-publish has-post-thumbnail hentry event-category-evenements-fsea-kooperation event-tag-2025-fr event-status-aktuell event-status-archiv event-status-archive event-language-allemand event-language-deutsch event-language-franzoesisch global-category-chancengleichheit-fr global-category-international-fr\">\n\t<a class=\"event-item\" href=\"https:\/\/alice.ch\/fr\/event\/unesco-learning-cities-in-der-schweiz-ein-erfolgsmodell-fuer-schweizer-staedte\/\" target=\"\">\n\t<div class=\"icon\"><\/div>\n\t<div class=\"date\">14\/01\/2026<\/div>\n\t<div class=\"title\">D\u00e9couvrez le concept des Learning Cities de l&rsquo;UNESCO<\/div>\n\t<div class=\"place\">En ligne<\/div>\n\t<!-- <div class=\"category\">\u00c9v\u00e9nements FSEA et en coop\u00e9ration<\/div> -->\n\t<div class=\"language\">D<\/div>\n\t<\/a>\n\n<\/li><li class=\"wp-block-post post-58119 event type-event status-publish has-post-thumbnail hentry event-category-evenements-fsea-kooperation event-category-sveb-kooperation-events event-tag-2024-5 event-status-aktuell event-status-archive event-language-francais global-category-international-fr global-category-movetia-fr\">\n\t<a class=\"event-item\" href=\"https:\/\/alice.ch\/fr\/event\/mobilite-internationale-dans-la-formation-des-adultes\/\" target=\"\">\n\t<div class=\"icon\"><\/div>\n\t<div class=\"date\">29\/08\/2024<\/div>\n\t<div class=\"title\">Mobilit\u00e9 internationale dans la formation des adultes<\/div>\n\t<div class=\"place\">Lausanne, Aquatis <\/div>\n\t<!-- <div class=\"category\">\u00c9v\u00e9nements FSEA et en coop\u00e9ration, SVEB &amp; Kooperation Events<\/div> -->\n\t<div class=\"language\">F<\/div>\n\t<\/a>\n\n<\/li><li class=\"wp-block-post post-41936 event type-event status-publish has-post-thumbnail hentry event-category-evenement-externe event-status-archiv event-status-archive event-language-allemand event-language-francais event-language-franzoesisch global-category-eu-projekte global-category-movetia-fr global-category-projet-ue\">\n\t<a class=\"event-item\" href=\"https:\/\/alice.ch\/fr\/event\/webinaire-conseils-astuces-pour-la-demande-de-financement-dans-la-formation-des-adultes\/\" target=\"\">\n\t<div class=\"icon\"><\/div>\n\t<div class=\"date\">16\/02\/2023<\/div>\n\t<div class=\"title\">Webinaire : conseils (&amp; astuces) pour la demande de financement dans la Formation des adultes<\/div>\n\t<div class=\"place\">Online<\/div>\n\t<!-- <div class=\"category\">\u00c9v\u00e9nement externe<\/div> -->\n\t<div class=\"language\">D, F<\/div>\n\t<\/a>\n\n<\/li><\/ul>\n\n<\/div>\n\n\n\n<h2 class=\"wp-block-heading\">Contact<\/h2>\n\n\n\n<div class=\"wp-block-columns is-layout-flex wp-container-core-columns-is-layout-28f84493 wp-block-columns-is-layout-flex\">\n<div class=\"wp-block-column is-layout-flow wp-block-column-is-layout-flow\" style=\"flex-basis:50%\"><div class=\"contact-persons\">\n\n\t\t\t\t\t<div class=\"contact-person\">\n\t\t\t\t\tBernhard Gr\u00e4miger<br \/>\t\t\t\t\tDirecteur<br \/>\t\t\t\t\t<br \/>\n\t\t\t\t\t\t\t\t\t\t<a href=\"tel:+41 (0)44 319 71 61\">+41 (0)44 319 71 61<\/a><br \/>\t\t\t\t\t<a href=\"mailto:bernhard.graemiger@alice.ch\">bernhard.graemiger@alice.ch<\/a><br \/>\t\t\t\t\t<\/div>\n\t\t\t\t\t<\/div>\n<\/div>\n\n\n\n<div class=\"wp-block-column is-layout-flow wp-block-column-is-layout-flow\" style=\"flex-basis:50%\"><\/div>\n<\/div>\n<\/div>\n","protected":false},"excerpt":{"rendered":"<p>La formation continue dans un contexte international Le syst\u00e8me suisse de formation continue est influenc\u00e9 politiquement et professionnellement par les [&hellip;]<\/p>\n","protected":false},"author":2,"featured_media":20799,"parent":14802,"menu_order":117,"comment_status":"closed","ping_status":"closed","template":"","meta":{"_acf_changed":false,"inline_featured_image":false,"footnotes":""},"class_list":["post-11191","page","type-page","status-publish","has-post-thumbnail","hentry"],"acf":[],"yoast_head":"<!-- This site is optimized with the Yoast SEO plugin v27.3 - https:\/\/yoast.com\/product\/yoast-seo-wordpress\/ -->\n<title>La formation continue dans un contexte international - FSEA<\/title>\n<meta name=\"description\" content=\"La FSEA est active dans des r\u00e9seaux internationaux et coop\u00e8re avec les autorit\u00e9s suisses pour mettre en \u0153uvre des agendas internationaux.\" \/>\n<meta name=\"robots\" content=\"index, follow, max-snippet:-1, max-image-preview:large, max-video-preview:-1\" \/>\n<link rel=\"canonical\" href=\"https:\/\/alice.ch\/fr\/themes\/la-formation-continue-dans-un-contexte-international\/\" \/>\n<meta property=\"og:locale\" content=\"fr_FR\" \/>\n<meta property=\"og:type\" content=\"article\" \/>\n<meta property=\"og:title\" content=\"La formation continue dans un contexte international - FSEA\" \/>\n<meta property=\"og:description\" content=\"La FSEA est active dans des r\u00e9seaux internationaux et coop\u00e8re avec les autorit\u00e9s suisses pour mettre en \u0153uvre des agendas internationaux.\" \/>\n<meta property=\"og:url\" content=\"https:\/\/alice.ch\/fr\/themes\/la-formation-continue-dans-un-contexte-international\/\" \/>\n<meta property=\"og:site_name\" content=\"SVEB\" \/>\n<meta property=\"article:modified_time\" content=\"2026-01-28T13:48:14+00:00\" \/>\n<meta property=\"og:image\" content=\"https:\/\/alice.ch\/app\/uploads\/2022\/10\/icon-agenda-1.png\" \/>\n\t<meta property=\"og:image:width\" content=\"1000\" \/>\n\t<meta property=\"og:image:height\" content=\"1200\" \/>\n\t<meta property=\"og:image:type\" content=\"image\/png\" \/>\n<meta name=\"twitter:card\" content=\"summary_large_image\" \/>\n<meta name=\"twitter:label1\" content=\"Dur\u00e9e de lecture estim\u00e9e\" \/>\n\t<meta name=\"twitter:data1\" content=\"3 minutes\" \/>\n<script type=\"application\/ld+json\" class=\"yoast-schema-graph\">{\"@context\":\"https:\\\/\\\/schema.org\",\"@graph\":[{\"@type\":\"WebPage\",\"@id\":\"https:\\\/\\\/alice.ch\\\/fr\\\/themes\\\/la-formation-continue-dans-un-contexte-international\\\/\",\"url\":\"https:\\\/\\\/alice.ch\\\/fr\\\/themes\\\/la-formation-continue-dans-un-contexte-international\\\/\",\"name\":\"La formation continue dans un contexte international - FSEA\",\"isPartOf\":{\"@id\":\"https:\\\/\\\/alice.ch\\\/fr\\\/#website\"},\"primaryImageOfPage\":{\"@id\":\"https:\\\/\\\/alice.ch\\\/fr\\\/themes\\\/la-formation-continue-dans-un-contexte-international\\\/#primaryimage\"},\"image\":{\"@id\":\"https:\\\/\\\/alice.ch\\\/fr\\\/themes\\\/la-formation-continue-dans-un-contexte-international\\\/#primaryimage\"},\"thumbnailUrl\":\"https:\\\/\\\/alice.ch\\\/app\\\/uploads\\\/2022\\\/11\\\/default.jpg\",\"datePublished\":\"2022-08-16T13:36:37+00:00\",\"dateModified\":\"2026-01-28T13:48:14+00:00\",\"description\":\"La FSEA est active dans des r\u00e9seaux internationaux et coop\u00e8re avec les autorit\u00e9s suisses pour mettre en \u0153uvre des agendas internationaux.\",\"breadcrumb\":{\"@id\":\"https:\\\/\\\/alice.ch\\\/fr\\\/themes\\\/la-formation-continue-dans-un-contexte-international\\\/#breadcrumb\"},\"inLanguage\":\"fr-FR\",\"potentialAction\":[{\"@type\":\"ReadAction\",\"target\":[\"https:\\\/\\\/alice.ch\\\/fr\\\/themes\\\/la-formation-continue-dans-un-contexte-international\\\/\"]}]},{\"@type\":\"ImageObject\",\"inLanguage\":\"fr-FR\",\"@id\":\"https:\\\/\\\/alice.ch\\\/fr\\\/themes\\\/la-formation-continue-dans-un-contexte-international\\\/#primaryimage\",\"url\":\"https:\\\/\\\/alice.ch\\\/app\\\/uploads\\\/2022\\\/11\\\/default.jpg\",\"contentUrl\":\"https:\\\/\\\/alice.ch\\\/app\\\/uploads\\\/2022\\\/11\\\/default.jpg\",\"width\":1600,\"height\":900},{\"@type\":\"BreadcrumbList\",\"@id\":\"https:\\\/\\\/alice.ch\\\/fr\\\/themes\\\/la-formation-continue-dans-un-contexte-international\\\/#breadcrumb\",\"itemListElement\":[{\"@type\":\"ListItem\",\"position\":1,\"name\":\"Page d'accueil\",\"item\":\"https:\\\/\\\/alice.ch\\\/fr\\\/\"},{\"@type\":\"ListItem\",\"position\":2,\"name\":\"Th\u00e8mes\",\"item\":\"https:\\\/\\\/alice.ch\\\/fr\\\/themes\\\/\"},{\"@type\":\"ListItem\",\"position\":3,\"name\":\"La formation continue dans un contexte international\"}]},{\"@type\":\"WebSite\",\"@id\":\"https:\\\/\\\/alice.ch\\\/fr\\\/#website\",\"url\":\"https:\\\/\\\/alice.ch\\\/fr\\\/\",\"name\":\"alice.ch (Adult Learning Information Center) ist das Portal der Weiterbildung in der Schweiz.\",\"description\":\"Schweizerischer Verband f\u00fcr Weiterbildung\",\"publisher\":{\"@id\":\"https:\\\/\\\/alice.ch\\\/fr\\\/#organization\"},\"potentialAction\":[{\"@type\":\"SearchAction\",\"target\":{\"@type\":\"EntryPoint\",\"urlTemplate\":\"https:\\\/\\\/alice.ch\\\/fr\\\/?s={search_term_string}\"},\"query-input\":{\"@type\":\"PropertyValueSpecification\",\"valueRequired\":true,\"valueName\":\"search_term_string\"}}],\"inLanguage\":\"fr-FR\"},{\"@type\":\"Organization\",\"@id\":\"https:\\\/\\\/alice.ch\\\/fr\\\/#organization\",\"name\":\"FSEA F\u00e9d\u00e9ration suisse pour la formation continue\",\"url\":\"https:\\\/\\\/alice.ch\\\/fr\\\/\",\"logo\":{\"@type\":\"ImageObject\",\"inLanguage\":\"fr-FR\",\"@id\":\"https:\\\/\\\/alice.ch\\\/fr\\\/#\\\/schema\\\/logo\\\/image\\\/\",\"url\":\"https:\\\/\\\/alice.ch\\\/app\\\/uploads\\\/2022\\\/07\\\/logo-sveb.png\",\"contentUrl\":\"https:\\\/\\\/alice.ch\\\/app\\\/uploads\\\/2022\\\/07\\\/logo-sveb.png\",\"width\":145,\"height\":64,\"caption\":\"FSEA F\u00e9d\u00e9ration suisse pour la formation continue\"},\"image\":{\"@id\":\"https:\\\/\\\/alice.ch\\\/fr\\\/#\\\/schema\\\/logo\\\/image\\\/\"},\"sameAs\":[\"https:\\\/\\\/www.linkedin.com\\\/company\\\/schweizerischer-verband-fr-weiterbildung-sveb\\\/\"]}]}<\/script>\n<!-- \/ Yoast SEO plugin. -->","yoast_head_json":{"title":"La formation continue dans un contexte international - FSEA","description":"La FSEA est active dans des r\u00e9seaux internationaux et coop\u00e8re avec les autorit\u00e9s suisses pour mettre en \u0153uvre des agendas internationaux.","robots":{"index":"index","follow":"follow","max-snippet":"max-snippet:-1","max-image-preview":"max-image-preview:large","max-video-preview":"max-video-preview:-1"},"canonical":"https:\/\/alice.ch\/fr\/themes\/la-formation-continue-dans-un-contexte-international\/","og_locale":"fr_FR","og_type":"article","og_title":"La formation continue dans un contexte international - FSEA","og_description":"La FSEA est active dans des r\u00e9seaux internationaux et coop\u00e8re avec les autorit\u00e9s suisses pour mettre en \u0153uvre des agendas internationaux.","og_url":"https:\/\/alice.ch\/fr\/themes\/la-formation-continue-dans-un-contexte-international\/","og_site_name":"SVEB","article_modified_time":"2026-01-28T13:48:14+00:00","og_image":[{"width":1000,"height":1200,"url":"https:\/\/alice.ch\/app\/uploads\/2022\/10\/icon-agenda-1.png","type":"image\/png"}],"twitter_card":"summary_large_image","twitter_misc":{"Dur\u00e9e de lecture estim\u00e9e":"3 minutes"},"schema":{"@context":"https:\/\/schema.org","@graph":[{"@type":"WebPage","@id":"https:\/\/alice.ch\/fr\/themes\/la-formation-continue-dans-un-contexte-international\/","url":"https:\/\/alice.ch\/fr\/themes\/la-formation-continue-dans-un-contexte-international\/","name":"La formation continue dans un contexte international - FSEA","isPartOf":{"@id":"https:\/\/alice.ch\/fr\/#website"},"primaryImageOfPage":{"@id":"https:\/\/alice.ch\/fr\/themes\/la-formation-continue-dans-un-contexte-international\/#primaryimage"},"image":{"@id":"https:\/\/alice.ch\/fr\/themes\/la-formation-continue-dans-un-contexte-international\/#primaryimage"},"thumbnailUrl":"https:\/\/alice.ch\/app\/uploads\/2022\/11\/default.jpg","datePublished":"2022-08-16T13:36:37+00:00","dateModified":"2026-01-28T13:48:14+00:00","description":"La FSEA est active dans des r\u00e9seaux internationaux et coop\u00e8re avec les autorit\u00e9s suisses pour mettre en \u0153uvre des agendas internationaux.","breadcrumb":{"@id":"https:\/\/alice.ch\/fr\/themes\/la-formation-continue-dans-un-contexte-international\/#breadcrumb"},"inLanguage":"fr-FR","potentialAction":[{"@type":"ReadAction","target":["https:\/\/alice.ch\/fr\/themes\/la-formation-continue-dans-un-contexte-international\/"]}]},{"@type":"ImageObject","inLanguage":"fr-FR","@id":"https:\/\/alice.ch\/fr\/themes\/la-formation-continue-dans-un-contexte-international\/#primaryimage","url":"https:\/\/alice.ch\/app\/uploads\/2022\/11\/default.jpg","contentUrl":"https:\/\/alice.ch\/app\/uploads\/2022\/11\/default.jpg","width":1600,"height":900},{"@type":"BreadcrumbList","@id":"https:\/\/alice.ch\/fr\/themes\/la-formation-continue-dans-un-contexte-international\/#breadcrumb","itemListElement":[{"@type":"ListItem","position":1,"name":"Page d'accueil","item":"https:\/\/alice.ch\/fr\/"},{"@type":"ListItem","position":2,"name":"Th\u00e8mes","item":"https:\/\/alice.ch\/fr\/themes\/"},{"@type":"ListItem","position":3,"name":"La formation continue dans un contexte international"}]},{"@type":"WebSite","@id":"https:\/\/alice.ch\/fr\/#website","url":"https:\/\/alice.ch\/fr\/","name":"alice.ch (Adult Learning Information Center) ist das Portal der Weiterbildung in der Schweiz.","description":"Schweizerischer Verband f\u00fcr Weiterbildung","publisher":{"@id":"https:\/\/alice.ch\/fr\/#organization"},"potentialAction":[{"@type":"SearchAction","target":{"@type":"EntryPoint","urlTemplate":"https:\/\/alice.ch\/fr\/?s={search_term_string}"},"query-input":{"@type":"PropertyValueSpecification","valueRequired":true,"valueName":"search_term_string"}}],"inLanguage":"fr-FR"},{"@type":"Organization","@id":"https:\/\/alice.ch\/fr\/#organization","name":"FSEA F\u00e9d\u00e9ration suisse pour la formation continue","url":"https:\/\/alice.ch\/fr\/","logo":{"@type":"ImageObject","inLanguage":"fr-FR","@id":"https:\/\/alice.ch\/fr\/#\/schema\/logo\/image\/","url":"https:\/\/alice.ch\/app\/uploads\/2022\/07\/logo-sveb.png","contentUrl":"https:\/\/alice.ch\/app\/uploads\/2022\/07\/logo-sveb.png","width":145,"height":64,"caption":"FSEA F\u00e9d\u00e9ration suisse pour la formation continue"},"image":{"@id":"https:\/\/alice.ch\/fr\/#\/schema\/logo\/image\/"},"sameAs":["https:\/\/www.linkedin.com\/company\/schweizerischer-verband-fr-weiterbildung-sveb\/"]}]}},"_links":{"self":[{"href":"https:\/\/alice.ch\/fr\/wp-json\/wp\/v2\/pages\/11191","targetHints":{"allow":["GET"]}}],"collection":[{"href":"https:\/\/alice.ch\/fr\/wp-json\/wp\/v2\/pages"}],"about":[{"href":"https:\/\/alice.ch\/fr\/wp-json\/wp\/v2\/types\/page"}],"author":[{"embeddable":true,"href":"https:\/\/alice.ch\/fr\/wp-json\/wp\/v2\/users\/2"}],"replies":[{"embeddable":true,"href":"https:\/\/alice.ch\/fr\/wp-json\/wp\/v2\/comments?post=11191"}],"version-history":[{"count":28,"href":"https:\/\/alice.ch\/fr\/wp-json\/wp\/v2\/pages\/11191\/revisions"}],"predecessor-version":[{"id":73131,"href":"https:\/\/alice.ch\/fr\/wp-json\/wp\/v2\/pages\/11191\/revisions\/73131"}],"up":[{"embeddable":true,"href":"https:\/\/alice.ch\/fr\/wp-json\/wp\/v2\/pages\/14802"}],"wp:featuredmedia":[{"embeddable":true,"href":"https:\/\/alice.ch\/fr\/wp-json\/wp\/v2\/media\/20799"}],"wp:attachment":[{"href":"https:\/\/alice.ch\/fr\/wp-json\/wp\/v2\/media?parent=11191"}],"curies":[{"name":"wp","href":"https:\/\/api.w.org\/{rel}","templated":true}]}}