{"id":11193,"date":"2022-08-16T16:26:33","date_gmt":"2022-08-16T14:26:33","guid":{"rendered":"https:\/\/projects.atxeit.ch\/sveb\/weiterbildung-international\/strategien\/"},"modified":"2024-07-16T15:34:10","modified_gmt":"2024-07-16T13:34:10","slug":"strategies","status":"publish","type":"page","link":"https:\/\/alice.ch\/fr\/themes\/la-formation-continue-dans-un-contexte-international\/strategies\/","title":{"rendered":"Strat\u00e9gies"},"content":{"rendered":"\n<div class=\"wp-block-group is-style-reduced-width is-layout-flow wp-block-group-is-layout-flow\">\n<h1 class=\"wp-block-heading\">La formation continue sur la grande sc\u00e8ne<\/h1>\n\n\n\n<p class=\"is-style-lead\">Les programmes internationaux d&rsquo;\u00e9ducation et de formation contribuent \u00e0 promouvoir les \u00e9changes mondiaux et visent \u00e0 int\u00e9grer l&rsquo;apprentissage tout au long de la vie et l&rsquo;\u00e9ducation des adultes dans les syst\u00e8mes \u00e9ducatifs et les l\u00e9gislations nationales.<\/p>\n\n\n\n<p>Le Cadre pour l&rsquo;action de Marrakech, l&rsquo;Agenda 2030 pour l&rsquo;\u00e9ducation et la recommandation de l&rsquo;UNESCO pour la formation continue rev\u00eatent une importance particuli\u00e8re pour la Suisse.<\/p>\n\n\n\n<h2 class=\"wp-block-heading\">CONFINTEA \u2013&nbsp;Conf\u00e9rence internationale sur l&rsquo;\u00c9ducation des adultes<\/h2>\n\n\n\n<p>La Conf\u00e9rence mondiale de l&rsquo;UNESCO sur la formation continue CONFINTEA (Conf\u00e9rence internationale sur l&rsquo;\u00c9ducation des adultes) est d&rsquo;une importance capitale pour le d\u00e9veloppement mondial de l&rsquo;apprentissage tout au long de la vie. Depuis sa premi\u00e8re conf\u00e9rence en 1949, six autres conf\u00e9rences ont \u00e9t\u00e9 organis\u00e9es tous les 12 ans.<\/p>\n\n\n\n<div class=\"wp-block-buttons is-layout-flex wp-block-buttons-is-layout-flex\">\n<div class=\"wp-block-button has-custom-width wp-block-button__width-50 is-style-outline is-style-outline--1\"><a class=\"wp-block-button__link wp-element-button\" href=\"https:\/\/alice.ch\/fr\/themes\/la-formation-continue-dans-un-contexte-international\/strategies\/confintea-vii\/\">CONFINTEA VII (2022)<\/a><\/div>\n\n\n\n<div class=\"wp-block-button has-custom-width wp-block-button__width-50 is-style-outline is-style-outline--2\"><a class=\"wp-block-button__link wp-element-button\" href=\"https:\/\/alice.ch\/fr\/themes\/la-formation-continue-dans-un-contexte-international\/strategies\/confintea-vi\/\">CONFINTEA VI (2009)<\/a><\/div>\n<\/div>\n\n\n\n<div class=\"wp-block-group is-style-run-to-edge has-primary-background-color has-background is-layout-flow wp-block-group-is-layout-flow\">\n<h3 class=\"wp-block-heading has-background-color has-text-color\"><strong><strong><strong>Importance et potentiel pour la Suisse :<\/strong><\/strong><\/strong><\/h3>\n\n\n\n<p class=\"is-style-default has-background-color has-text-color\">La CONFINTEA, le Cadre d&rsquo;action de Marrakech et les\u00a0recommandations de l&rsquo;UNESCO\u00a0cr\u00e9ent une comparabilit\u00e9 et obligation internationale et permettent de r\u00e9fl\u00e9chir \u00e0 sa propre pratique dans la promotion de la formation continue. Les approches efficaces d&rsquo;autres pays peuvent \u00eatre adapt\u00e9es au contexte suisse. Le suivi et la collecte de donn\u00e9es quantitatives et qualitatives sur la formation continue en Suisse fournissent des informations pertinentes pour les d\u00e9cisions politiques.<\/p>\n<\/div>\n\n\n\n<h3 class=\"wp-block-heading\">Agenda 2030 pour l&rsquo;\u00e9ducation<\/h3>\n\n\n\n<p>Avec les Objectifs de d\u00e9veloppement durable (ODD, qui s&rsquo;appellent en anglais : \u00ab\u00a0Sustainable Development Goals, SDGs\u00a0\u00bb), le monde s&rsquo;est mis d&rsquo;accord sur un ambitieux programme d&rsquo;\u00e9ducation universelle pour la p\u00e9riode 2015\u20132030, qui est ancr\u00e9 dans l&rsquo;ODD 4. Cet&nbsp;<a href=\"https:\/\/fr.unesco.org\/node\/265737\" target=\"_blank\" rel=\"noreferrer noopener\">objectif 4 et ses sous-objectifs<\/a>&nbsp;sont d\u00e9sign\u00e9s sous le nom d&rsquo;<a href=\"http:\/\/www.unesco.ch\/fr\/education\/\" target=\"_blank\" rel=\"noreferrer noopener\">Agenda 2030<\/a>&nbsp;pour l&rsquo;\u00e9ducation. L&rsquo;accent est mis sur l&rsquo;acc\u00e8s \u00e0 l&rsquo;\u00e9ducation, l&rsquo;inclusion et l&rsquo;\u00e9galit\u00e9 des chances, ainsi que sur la qualit\u00e9 et les r\u00e9sultats de l&rsquo;apprentissage \u00e0 tous les niveaux et une approche d&rsquo;apprentissage tout au long de la vie d&rsquo;ici 2030.<br><br>Un cadre d&rsquo;action sert \u00e0 mettre en \u0153uvre cet Agenda 2030 pour l&rsquo;\u00e9ducation. Il montre comment les engagements pris au&nbsp;<a href=\"http:\/\/webarchive.unesco.org\/20160930040522\/http:\/\/fr.unesco.org\/world-education-forum-2015\/\" target=\"_blank\" rel=\"noreferrer noopener\">Forum mondial sur l&rsquo;\u00e9ducation en 2015 \u00e0 Incheon<\/a>&nbsp;en Chine peuvent \u00eatre mis en pratique aux niveaux national, r\u00e9gional et mondial.<\/p>\n\n\n\n<div class=\"wp-block-group is-style-run-to-edge has-primary-background-color has-background is-layout-flow wp-block-group-is-layout-flow\">\n<h3 class=\"wp-block-heading has-background-color has-text-color\"><strong><strong>Importance et potentiel pour la Suisse :<\/strong><\/strong><\/h3>\n\n\n\n<p class=\"is-style-default has-background-color has-text-color has-medium-font-size\">Pour mettre en \u0153uvre l&rsquo;Agenda 2030, le Conseil f\u00e9d\u00e9ral a adopt\u00e9 la&nbsp;Strat\u00e9gie pour le d\u00e9veloppement durable 2030 (SDD 2030). Cette SDD sert d&rsquo;instrument de pilotage pour la politique int\u00e9rieure et ext\u00e9rieure. La Suisse rend r\u00e9guli\u00e8rement un rapport \u00e0 l&rsquo;ONU sur la mise en \u0153uvre de l&rsquo;Agenda 2030, ce qui permet \u00e0 la Suisse d&rsquo;am\u00e9liorer la coop\u00e9ration entre la Conf\u00e9d\u00e9ration, les cantons et la soci\u00e9t\u00e9 civile.<\/p>\n\n\n\n<p class=\"has-small-font-size\"><a href=\"https:\/\/www.are.admin.ch\/are\/fr\/home\/developpement-durable\/politique-et-strategie\/strategie-pour-le-developpement-durable-2016-2019.html\" target=\"_blank\" rel=\"noreferrer noopener\">Strat\u00e9gie pour le d\u00e9veloppement durable 2030 (SDD 2030)<\/a><\/p>\n<\/div>\n\n\n\n<h2 class=\"wp-block-heading\">Contact<\/h2>\n\n\n\n<div class=\"wp-block-columns is-layout-flex wp-container-core-columns-is-layout-28f84493 wp-block-columns-is-layout-flex\">\n<div class=\"wp-block-column is-layout-flow wp-block-column-is-layout-flow\" style=\"flex-basis:50%\"><div class=\"contact-persons\">\n\n\t\t\t\t\t<div class=\"contact-person\">\n\t\t\t\t\tBernhard Gr\u00e4miger<br \/>\t\t\t\t\tDirecteur<br \/>\t\t\t\t\t<br \/>\n\t\t\t\t\t\t\t\t\t\t<a href=\"tel:+41 (0)44 319 71 61\">+41 (0)44 319 71 61<\/a><br \/>\t\t\t\t\t<a href=\"mailto:bernhard.graemiger@alice.ch\">bernhard.graemiger@alice.ch<\/a><br \/>\t\t\t\t\t<\/div>\n\t\t\t\t\t<\/div>\n<\/div>\n\n\n\n<div class=\"wp-block-column is-layout-flow wp-block-column-is-layout-flow\" style=\"flex-basis:50%\"><\/div>\n<\/div>\n<\/div>\n","protected":false},"excerpt":{"rendered":"<p>La formation continue sur la grande sc\u00e8ne Les programmes internationaux d&rsquo;\u00e9ducation et de formation contribuent \u00e0 promouvoir les \u00e9changes mondiaux [&hellip;]<\/p>\n","protected":false},"author":2,"featured_media":20799,"parent":11191,"menu_order":176,"comment_status":"closed","ping_status":"closed","template":"","meta":{"_acf_changed":false,"inline_featured_image":false,"footnotes":""},"class_list":["post-11193","page","type-page","status-publish","has-post-thumbnail","hentry"],"acf":[],"yoast_head":"<!-- This site is optimized with the Yoast SEO plugin v27.3 - https:\/\/yoast.com\/product\/yoast-seo-wordpress\/ -->\n<title>Strat\u00e9gies - FSEA<\/title>\n<meta name=\"description\" content=\"Les agendas internationaux en mati\u00e8re d&#039;\u00e9ducation visent \u00e0 int\u00e9grer l&#039;\u00e9ducation des adultes dans les syst\u00e8mes \u00e9ducatifs et les l\u00e9gislations.\" \/>\n<meta name=\"robots\" content=\"index, follow, max-snippet:-1, max-image-preview:large, max-video-preview:-1\" \/>\n<link rel=\"canonical\" href=\"https:\/\/alice.ch\/fr\/themes\/la-formation-continue-dans-un-contexte-international\/strategies\/\" \/>\n<meta property=\"og:locale\" content=\"fr_FR\" \/>\n<meta property=\"og:type\" content=\"article\" \/>\n<meta property=\"og:title\" content=\"Strat\u00e9gies - FSEA\" \/>\n<meta property=\"og:description\" content=\"Les agendas internationaux en mati\u00e8re d&#039;\u00e9ducation visent \u00e0 int\u00e9grer l&#039;\u00e9ducation des adultes dans les syst\u00e8mes \u00e9ducatifs et les l\u00e9gislations.\" \/>\n<meta property=\"og:url\" content=\"https:\/\/alice.ch\/fr\/themes\/la-formation-continue-dans-un-contexte-international\/strategies\/\" \/>\n<meta property=\"og:site_name\" content=\"SVEB\" \/>\n<meta property=\"article:modified_time\" content=\"2024-07-16T13:34:10+00:00\" \/>\n<meta name=\"twitter:card\" content=\"summary_large_image\" \/>\n<meta name=\"twitter:label1\" content=\"Dur\u00e9e de lecture estim\u00e9e\" \/>\n\t<meta name=\"twitter:data1\" content=\"3 minutes\" \/>\n<script type=\"application\/ld+json\" class=\"yoast-schema-graph\">{\"@context\":\"https:\\\/\\\/schema.org\",\"@graph\":[{\"@type\":\"WebPage\",\"@id\":\"https:\\\/\\\/alice.ch\\\/fr\\\/themes\\\/la-formation-continue-dans-un-contexte-international\\\/strategies\\\/\",\"url\":\"https:\\\/\\\/alice.ch\\\/fr\\\/themes\\\/la-formation-continue-dans-un-contexte-international\\\/strategies\\\/\",\"name\":\"Strat\u00e9gies - FSEA\",\"isPartOf\":{\"@id\":\"https:\\\/\\\/alice.ch\\\/fr\\\/#website\"},\"primaryImageOfPage\":{\"@id\":\"https:\\\/\\\/alice.ch\\\/fr\\\/themes\\\/la-formation-continue-dans-un-contexte-international\\\/strategies\\\/#primaryimage\"},\"image\":{\"@id\":\"https:\\\/\\\/alice.ch\\\/fr\\\/themes\\\/la-formation-continue-dans-un-contexte-international\\\/strategies\\\/#primaryimage\"},\"thumbnailUrl\":\"https:\\\/\\\/alice.ch\\\/app\\\/uploads\\\/2022\\\/11\\\/default.jpg\",\"datePublished\":\"2022-08-16T14:26:33+00:00\",\"dateModified\":\"2024-07-16T13:34:10+00:00\",\"description\":\"Les agendas internationaux en mati\u00e8re d'\u00e9ducation visent \u00e0 int\u00e9grer l'\u00e9ducation des adultes dans les syst\u00e8mes \u00e9ducatifs et les l\u00e9gislations.\",\"breadcrumb\":{\"@id\":\"https:\\\/\\\/alice.ch\\\/fr\\\/themes\\\/la-formation-continue-dans-un-contexte-international\\\/strategies\\\/#breadcrumb\"},\"inLanguage\":\"fr-FR\",\"potentialAction\":[{\"@type\":\"ReadAction\",\"target\":[\"https:\\\/\\\/alice.ch\\\/fr\\\/themes\\\/la-formation-continue-dans-un-contexte-international\\\/strategies\\\/\"]}]},{\"@type\":\"ImageObject\",\"inLanguage\":\"fr-FR\",\"@id\":\"https:\\\/\\\/alice.ch\\\/fr\\\/themes\\\/la-formation-continue-dans-un-contexte-international\\\/strategies\\\/#primaryimage\",\"url\":\"https:\\\/\\\/alice.ch\\\/app\\\/uploads\\\/2022\\\/11\\\/default.jpg\",\"contentUrl\":\"https:\\\/\\\/alice.ch\\\/app\\\/uploads\\\/2022\\\/11\\\/default.jpg\",\"width\":1600,\"height\":900},{\"@type\":\"BreadcrumbList\",\"@id\":\"https:\\\/\\\/alice.ch\\\/fr\\\/themes\\\/la-formation-continue-dans-un-contexte-international\\\/strategies\\\/#breadcrumb\",\"itemListElement\":[{\"@type\":\"ListItem\",\"position\":1,\"name\":\"Page d'accueil\",\"item\":\"https:\\\/\\\/alice.ch\\\/fr\\\/\"},{\"@type\":\"ListItem\",\"position\":2,\"name\":\"Th\u00e8mes\",\"item\":\"https:\\\/\\\/alice.ch\\\/fr\\\/themes\\\/\"},{\"@type\":\"ListItem\",\"position\":3,\"name\":\"La formation continue dans un contexte international\",\"item\":\"https:\\\/\\\/alice.ch\\\/fr\\\/themes\\\/la-formation-continue-dans-un-contexte-international\\\/\"},{\"@type\":\"ListItem\",\"position\":4,\"name\":\"Strat\u00e9gies\"}]},{\"@type\":\"WebSite\",\"@id\":\"https:\\\/\\\/alice.ch\\\/fr\\\/#website\",\"url\":\"https:\\\/\\\/alice.ch\\\/fr\\\/\",\"name\":\"alice.ch (Adult Learning Information Center) ist das Portal der Weiterbildung in der Schweiz.\",\"description\":\"Schweizerischer Verband f\u00fcr Weiterbildung\",\"publisher\":{\"@id\":\"https:\\\/\\\/alice.ch\\\/fr\\\/#organization\"},\"potentialAction\":[{\"@type\":\"SearchAction\",\"target\":{\"@type\":\"EntryPoint\",\"urlTemplate\":\"https:\\\/\\\/alice.ch\\\/fr\\\/?s={search_term_string}\"},\"query-input\":{\"@type\":\"PropertyValueSpecification\",\"valueRequired\":true,\"valueName\":\"search_term_string\"}}],\"inLanguage\":\"fr-FR\"},{\"@type\":\"Organization\",\"@id\":\"https:\\\/\\\/alice.ch\\\/fr\\\/#organization\",\"name\":\"FSEA F\u00e9d\u00e9ration suisse pour la formation continue\",\"url\":\"https:\\\/\\\/alice.ch\\\/fr\\\/\",\"logo\":{\"@type\":\"ImageObject\",\"inLanguage\":\"fr-FR\",\"@id\":\"https:\\\/\\\/alice.ch\\\/fr\\\/#\\\/schema\\\/logo\\\/image\\\/\",\"url\":\"https:\\\/\\\/alice.ch\\\/app\\\/uploads\\\/2022\\\/07\\\/logo-sveb.png\",\"contentUrl\":\"https:\\\/\\\/alice.ch\\\/app\\\/uploads\\\/2022\\\/07\\\/logo-sveb.png\",\"width\":145,\"height\":64,\"caption\":\"FSEA F\u00e9d\u00e9ration suisse pour la formation continue\"},\"image\":{\"@id\":\"https:\\\/\\\/alice.ch\\\/fr\\\/#\\\/schema\\\/logo\\\/image\\\/\"},\"sameAs\":[\"https:\\\/\\\/www.linkedin.com\\\/company\\\/schweizerischer-verband-fr-weiterbildung-sveb\\\/\"]}]}<\/script>\n<!-- \/ Yoast SEO plugin. -->","yoast_head_json":{"title":"Strat\u00e9gies - FSEA","description":"Les agendas internationaux en mati\u00e8re d'\u00e9ducation visent \u00e0 int\u00e9grer l'\u00e9ducation des adultes dans les syst\u00e8mes \u00e9ducatifs et les l\u00e9gislations.","robots":{"index":"index","follow":"follow","max-snippet":"max-snippet:-1","max-image-preview":"max-image-preview:large","max-video-preview":"max-video-preview:-1"},"canonical":"https:\/\/alice.ch\/fr\/themes\/la-formation-continue-dans-un-contexte-international\/strategies\/","og_locale":"fr_FR","og_type":"article","og_title":"Strat\u00e9gies - FSEA","og_description":"Les agendas internationaux en mati\u00e8re d'\u00e9ducation visent \u00e0 int\u00e9grer l'\u00e9ducation des adultes dans les syst\u00e8mes \u00e9ducatifs et les l\u00e9gislations.","og_url":"https:\/\/alice.ch\/fr\/themes\/la-formation-continue-dans-un-contexte-international\/strategies\/","og_site_name":"SVEB","article_modified_time":"2024-07-16T13:34:10+00:00","twitter_card":"summary_large_image","twitter_misc":{"Dur\u00e9e de lecture estim\u00e9e":"3 minutes"},"schema":{"@context":"https:\/\/schema.org","@graph":[{"@type":"WebPage","@id":"https:\/\/alice.ch\/fr\/themes\/la-formation-continue-dans-un-contexte-international\/strategies\/","url":"https:\/\/alice.ch\/fr\/themes\/la-formation-continue-dans-un-contexte-international\/strategies\/","name":"Strat\u00e9gies - FSEA","isPartOf":{"@id":"https:\/\/alice.ch\/fr\/#website"},"primaryImageOfPage":{"@id":"https:\/\/alice.ch\/fr\/themes\/la-formation-continue-dans-un-contexte-international\/strategies\/#primaryimage"},"image":{"@id":"https:\/\/alice.ch\/fr\/themes\/la-formation-continue-dans-un-contexte-international\/strategies\/#primaryimage"},"thumbnailUrl":"https:\/\/alice.ch\/app\/uploads\/2022\/11\/default.jpg","datePublished":"2022-08-16T14:26:33+00:00","dateModified":"2024-07-16T13:34:10+00:00","description":"Les agendas internationaux en mati\u00e8re d'\u00e9ducation visent \u00e0 int\u00e9grer l'\u00e9ducation des adultes dans les syst\u00e8mes \u00e9ducatifs et les l\u00e9gislations.","breadcrumb":{"@id":"https:\/\/alice.ch\/fr\/themes\/la-formation-continue-dans-un-contexte-international\/strategies\/#breadcrumb"},"inLanguage":"fr-FR","potentialAction":[{"@type":"ReadAction","target":["https:\/\/alice.ch\/fr\/themes\/la-formation-continue-dans-un-contexte-international\/strategies\/"]}]},{"@type":"ImageObject","inLanguage":"fr-FR","@id":"https:\/\/alice.ch\/fr\/themes\/la-formation-continue-dans-un-contexte-international\/strategies\/#primaryimage","url":"https:\/\/alice.ch\/app\/uploads\/2022\/11\/default.jpg","contentUrl":"https:\/\/alice.ch\/app\/uploads\/2022\/11\/default.jpg","width":1600,"height":900},{"@type":"BreadcrumbList","@id":"https:\/\/alice.ch\/fr\/themes\/la-formation-continue-dans-un-contexte-international\/strategies\/#breadcrumb","itemListElement":[{"@type":"ListItem","position":1,"name":"Page d'accueil","item":"https:\/\/alice.ch\/fr\/"},{"@type":"ListItem","position":2,"name":"Th\u00e8mes","item":"https:\/\/alice.ch\/fr\/themes\/"},{"@type":"ListItem","position":3,"name":"La formation continue dans un contexte international","item":"https:\/\/alice.ch\/fr\/themes\/la-formation-continue-dans-un-contexte-international\/"},{"@type":"ListItem","position":4,"name":"Strat\u00e9gies"}]},{"@type":"WebSite","@id":"https:\/\/alice.ch\/fr\/#website","url":"https:\/\/alice.ch\/fr\/","name":"alice.ch (Adult Learning Information Center) ist das Portal der Weiterbildung in der Schweiz.","description":"Schweizerischer Verband f\u00fcr Weiterbildung","publisher":{"@id":"https:\/\/alice.ch\/fr\/#organization"},"potentialAction":[{"@type":"SearchAction","target":{"@type":"EntryPoint","urlTemplate":"https:\/\/alice.ch\/fr\/?s={search_term_string}"},"query-input":{"@type":"PropertyValueSpecification","valueRequired":true,"valueName":"search_term_string"}}],"inLanguage":"fr-FR"},{"@type":"Organization","@id":"https:\/\/alice.ch\/fr\/#organization","name":"FSEA F\u00e9d\u00e9ration suisse pour la formation continue","url":"https:\/\/alice.ch\/fr\/","logo":{"@type":"ImageObject","inLanguage":"fr-FR","@id":"https:\/\/alice.ch\/fr\/#\/schema\/logo\/image\/","url":"https:\/\/alice.ch\/app\/uploads\/2022\/07\/logo-sveb.png","contentUrl":"https:\/\/alice.ch\/app\/uploads\/2022\/07\/logo-sveb.png","width":145,"height":64,"caption":"FSEA F\u00e9d\u00e9ration suisse pour la formation continue"},"image":{"@id":"https:\/\/alice.ch\/fr\/#\/schema\/logo\/image\/"},"sameAs":["https:\/\/www.linkedin.com\/company\/schweizerischer-verband-fr-weiterbildung-sveb\/"]}]}},"_links":{"self":[{"href":"https:\/\/alice.ch\/fr\/wp-json\/wp\/v2\/pages\/11193","targetHints":{"allow":["GET"]}}],"collection":[{"href":"https:\/\/alice.ch\/fr\/wp-json\/wp\/v2\/pages"}],"about":[{"href":"https:\/\/alice.ch\/fr\/wp-json\/wp\/v2\/types\/page"}],"author":[{"embeddable":true,"href":"https:\/\/alice.ch\/fr\/wp-json\/wp\/v2\/users\/2"}],"replies":[{"embeddable":true,"href":"https:\/\/alice.ch\/fr\/wp-json\/wp\/v2\/comments?post=11193"}],"version-history":[{"count":14,"href":"https:\/\/alice.ch\/fr\/wp-json\/wp\/v2\/pages\/11193\/revisions"}],"predecessor-version":[{"id":61059,"href":"https:\/\/alice.ch\/fr\/wp-json\/wp\/v2\/pages\/11193\/revisions\/61059"}],"up":[{"embeddable":true,"href":"https:\/\/alice.ch\/fr\/wp-json\/wp\/v2\/pages\/11191"}],"wp:featuredmedia":[{"embeddable":true,"href":"https:\/\/alice.ch\/fr\/wp-json\/wp\/v2\/media\/20799"}],"wp:attachment":[{"href":"https:\/\/alice.ch\/fr\/wp-json\/wp\/v2\/media?parent=11193"}],"curies":[{"name":"wp","href":"https:\/\/api.w.org\/{rel}","templated":true}]}}