{"id":11201,"date":"2022-08-16T16:27:41","date_gmt":"2022-08-16T14:27:41","guid":{"rendered":"https:\/\/projects.atxeit.ch\/sveb\/weiterbildung-international\/internationale-projekte\/"},"modified":"2025-10-07T10:05:34","modified_gmt":"2025-10-07T08:05:34","slug":"projets-internationaux","status":"publish","type":"page","link":"https:\/\/alice.ch\/fr\/themes\/la-formation-continue-dans-un-contexte-international\/projets-internationaux\/","title":{"rendered":"Projets internationaux"},"content":{"rendered":"\n<div class=\"wp-block-group is-style-reduced-width is-layout-flow wp-block-group-is-layout-flow\">\n<h1 class=\"wp-block-heading\">Cr\u00e9er et diffuser du savoir<\/h1>\n\n\n\n<p class=\"is-style-lead\">L\u2019\u00e9change international de connaissances sur la formation continue est un \u00e9l\u00e9ment central de la gestion du savoir de la FSEA. La f\u00e9d\u00e9ration s\u2019investit d\u2019une part dans les projets Erasmus+ de l\u2019Union europ\u00e9enne, et d\u2019autre part dans des projets de transfert en coop\u00e9ration directe avec divers pays partenaires.<\/p>\n\n\n\n<h2 class=\"wp-block-heading\">Projets Erasmus+<\/h2>\n\n\n\n<p>L\u2019Union europ\u00e9enne encourage depuis l\u2019ann\u00e9e 2000 des projets transfrontaliers dans la formation des adultes dans le cadre du programme Grundtvig. En 2014, cet encouragement a \u00e9t\u00e9 int\u00e9gr\u00e9 au programme&nbsp;<a href=\"https:\/\/erasmus-plus.ec.europa.eu\/fr\" target=\"_blank\" rel=\"noreferrer noopener\">Erasmus+<\/a>. La Suisse peut actuellement participer avec le statut de pays tiers aux activit\u00e9s du programme de formation&nbsp;<a href=\"https:\/\/erasmus-plus.ec.europa.eu\/fr\/a-propos-derasmus\/quest-ce-querasmus\" target=\"_blank\" rel=\"noreferrer noopener\">Erasmus+<\/a>&nbsp;de l\u2019UE. La \u00absolution suisse pour Erasmus+\u00bb permet une participation indirecte de personnes et d\u2019organisations suisses. L\u2019approbation des projets suisses rel\u00e8ve de la responsabilit\u00e9 de la fondation&nbsp;<a href=\"https:\/\/www.movetia.ch\/fr\/\" target=\"_blank\" rel=\"noreferrer noopener\">Movetia<\/a>.<\/p>\n\n\n\n<p>La FSEA collabore activement \u00e0 divers&nbsp;<a href=\"\/fr\/?page_id=20880\">projets europ\u00e9ens<\/a>. Elle y apporte et \u00e9largit ses comp\u00e9tences sp\u00e9cialis\u00e9es. La coop\u00e9ration avec des partenaires de l\u2019UE g\u00e9n\u00e8re un pr\u00e9cieux \u00e9change de savoir et d\u2019exp\u00e9riences. La FSEA adapte les r\u00e9sultats des projets pour la Suisse et les met \u00e0 la disposition des acteurs locaux.<\/p>\n\n\n\n<h2 class=\"wp-block-heading\">Projets de transfert<\/h2>\n\n\n\n<p>L\u2019engagement de la FSEA dans des projets de transfert jouit d\u2019une longue tradition. Dans ce contexte, la FSEA s\u2019investit notamment depuis de nombreuses ann\u00e9es en Europe de l\u2019est et du sud-est.<\/p>\n\n\n\n<h3 class=\"wp-block-heading\">Une formation des formateurs en Hongrie<\/h3>\n\n\n\n<p>Depuis 2014, la FSEA r\u00e9alise des projets couronn\u00e9s de succ\u00e8s en Hongrie, en coop\u00e9ration avec des partenaires locaux et le soutien du SEFRI. La phase actuelle du projet (2025\u20132028) est concentr\u00e9e sur la professionnalisation des formateurs. L&rsquo;objectif est de mettre en place un syst\u00e8me modulaire pour la formation des formateurs.<br><strong>Coop\u00e9ration depuis 2014, phase de projet en cours 2025\u20132028<\/strong><\/p>\n\n\n\n<h3 class=\"wp-block-heading\">Activit\u00e9 de conseil E4E@mk en Mac\u00e9doine du nord<\/h3>\n\n\n\n<p>La FSEA est mandat\u00e9e dans le cadre du projet Education for Employment en Mac\u00e9doine du nord&nbsp;<a href=\"https:\/\/alice.ch\/fr\/fsea\/les-projets\/e4emk\/\">E4E@mk<\/a>. Ce projet dirig\u00e9 par Helvetas et financ\u00e9 par la Direction pour le d\u00e9veloppement et la coop\u00e9ration (DDC) vise \u00e0 am\u00e9liorer la situation de l\u2019emploi en Mac\u00e9doine du nord d\u2019une mani\u00e8re socialement inclusive et durable. Dans le cadre de son mandat, la FSEA met \u00e0 disposition son expertise dans le domaine de la formation continue.<br><strong>Coop\u00e9ration depuis 2017, phase de projet en cours 2023\u20132026<\/strong><\/p>\n\n\n\n<h3 class=\"wp-block-heading\">Activit\u00e9 de conseil au Kirghizistan<\/h3>\n\n\n\n<p>La FSEA aide Helvetas \u00e0 mettre sur pied un projet au Kirghizstan. Le projet vise \u00e0 am\u00e9liorer la capacit\u00e9 de la population kirghize \u00e0 travailler sur le march\u00e9 du travail gr\u00e2ce \u00e0 des mesures appropri\u00e9es de formation et de perfectionnement. Le projet est centr\u00e9 sur les jeunes, en particulier les jeunes femmes. La FSEA apporte son expertise dans le domaine de la formation continue au projet.<br><strong>Coop\u00e9ration depuis 2023, phase de projet en cours 2023-2026<\/strong><\/p>\n\n\n\n<h3 class=\"wp-block-heading\">Professionnalisation en Europe du sud-est<\/h3>\n\n\n\n<p>Entre 2014 et 2021, la FSEA a r\u00e9alis\u00e9 avec succ\u00e8s, avec le soutien du SEFRI, un portfolio de projets en Europe du sud-est. L\u2019objectif g\u00e9n\u00e9ral \u00e9tait l\u2019assurance qualit\u00e9 et la professionnalisation des syst\u00e8mes de formation continue de la r\u00e9gion. Dans ce contexte, la FSEA a mis en place en Serbie et au Mont\u00e9n\u00e9gro, en coop\u00e9ration avec des institutions partenaires locales, un programme modulaire de formation des formateurs et formatrices selon le mod\u00e8le suisse (FFA). D\u2019autres pays de la r\u00e9gion (la Bosnie-Herz\u00e9govine et la Croatie) ont accompagn\u00e9 les projets et indiqu\u00e9 qu\u2019ils souhaitent \u00e9galement adopter le syst\u00e8me \u00e0 l\u2019avenir.<br><strong>Coop\u00e9ration 2014\u20132021, pas de phase de projet en cours<\/strong><\/p>\n\n\n\n<h3 class=\"wp-block-heading\">Assurance et d\u00e9veloppement de la qualit\u00e9 en Bi\u00e9lorussie<\/h3>\n\n\n\n<p>De 2017 \u00e0 2021, avec le soutien du SEFRI, la FSEA a conseill\u00e9 une organisation partenaire locale pour la mise en place d\u2019un syst\u00e8me d\u2019assurance qualit\u00e9. Le syst\u00e8me de formation continue tr\u00e8s fragment\u00e9 et concentr\u00e9 sur les centres urbains permettait peu de comparabilit\u00e9 entre les offres. Dans la phase de projet de 2017 \u00e0 2021, on a fait progresser l\u2019assurance et le d\u00e9veloppement de la qualit\u00e9 et mis en \u0153uvre un syst\u00e8me d\u2019assurance qualit\u00e9 selon le mod\u00e8le d\u2019eduQua.<br><strong>Coop\u00e9ration depuis 2017, la situation politique ne permet actuellement pas de nouvelle phase de projet<\/strong><\/p>\n\n\n\n<h2 class=\"wp-block-heading\">Contact<\/h2>\n\n\n\n<div class=\"wp-block-columns is-layout-flex wp-container-core-columns-is-layout-28f84493 wp-block-columns-is-layout-flex\">\n<div class=\"wp-block-column is-layout-flow wp-block-column-is-layout-flow\" style=\"flex-basis:50%\"><div class=\"contact-persons\">\n\n\t\t\t\t\t<div class=\"contact-person\">\n\t\t\t\t\tBernhard Gr\u00e4miger<br \/>\t\t\t\t\tDirecteur<br \/>\t\t\t\t\t<br \/>\n\t\t\t\t\t\t\t\t\t\t<a href=\"tel:+41 (0)44 319 71 61\">+41 (0)44 319 71 61<\/a><br \/>\t\t\t\t\t<a href=\"mailto:bernhard.graemiger@alice.ch\">bernhard.graemiger@alice.ch<\/a><br \/>\t\t\t\t\t<\/div>\n\t\t\t\t\t<\/div>\n<\/div>\n\n\n\n<div class=\"wp-block-column is-layout-flow wp-block-column-is-layout-flow\" style=\"flex-basis:50%\"><\/div>\n<\/div>\n<\/div>\n","protected":false},"excerpt":{"rendered":"<p>Cr\u00e9er et diffuser du savoir L\u2019\u00e9change international de connaissances sur la formation continue est un \u00e9l\u00e9ment central de la gestion [&hellip;]<\/p>\n","protected":false},"author":2,"featured_media":20799,"parent":11191,"menu_order":223,"comment_status":"closed","ping_status":"closed","template":"","meta":{"_acf_changed":false,"inline_featured_image":false,"footnotes":""},"class_list":["post-11201","page","type-page","status-publish","has-post-thumbnail","hentry"],"acf":[],"yoast_head":"<!-- This site is optimized with the Yoast SEO plugin v27.3 - https:\/\/yoast.com\/product\/yoast-seo-wordpress\/ -->\n<title>Projets internationaux - FSEA<\/title>\n<meta name=\"description\" content=\"La FSEA, F\u00e9d\u00e9ration suisse pour la formation continue, s&#039;engage dans des projets en Europe de l&#039;Est et du Sud-Est et des projets de l&#039;UE.\" \/>\n<meta name=\"robots\" content=\"index, follow, max-snippet:-1, max-image-preview:large, max-video-preview:-1\" \/>\n<link rel=\"canonical\" href=\"https:\/\/alice.ch\/fr\/themes\/la-formation-continue-dans-un-contexte-international\/projets-internationaux\/\" \/>\n<meta property=\"og:locale\" content=\"fr_FR\" \/>\n<meta property=\"og:type\" content=\"article\" \/>\n<meta property=\"og:title\" content=\"Projets internationaux - FSEA\" \/>\n<meta property=\"og:description\" content=\"La FSEA, F\u00e9d\u00e9ration suisse pour la formation continue, s&#039;engage dans des projets en Europe de l&#039;Est et du Sud-Est et des projets de l&#039;UE.\" \/>\n<meta property=\"og:url\" content=\"https:\/\/alice.ch\/fr\/themes\/la-formation-continue-dans-un-contexte-international\/projets-internationaux\/\" \/>\n<meta property=\"og:site_name\" content=\"SVEB\" \/>\n<meta property=\"article:modified_time\" content=\"2025-10-07T08:05:34+00:00\" \/>\n<meta name=\"twitter:card\" content=\"summary_large_image\" \/>\n<meta name=\"twitter:label1\" content=\"Dur\u00e9e de lecture estim\u00e9e\" \/>\n\t<meta name=\"twitter:data1\" content=\"4 minutes\" \/>\n<script type=\"application\/ld+json\" class=\"yoast-schema-graph\">{\"@context\":\"https:\\\/\\\/schema.org\",\"@graph\":[{\"@type\":\"WebPage\",\"@id\":\"https:\\\/\\\/alice.ch\\\/fr\\\/themes\\\/la-formation-continue-dans-un-contexte-international\\\/projets-internationaux\\\/\",\"url\":\"https:\\\/\\\/alice.ch\\\/fr\\\/themes\\\/la-formation-continue-dans-un-contexte-international\\\/projets-internationaux\\\/\",\"name\":\"Projets internationaux - FSEA\",\"isPartOf\":{\"@id\":\"https:\\\/\\\/alice.ch\\\/fr\\\/#website\"},\"primaryImageOfPage\":{\"@id\":\"https:\\\/\\\/alice.ch\\\/fr\\\/themes\\\/la-formation-continue-dans-un-contexte-international\\\/projets-internationaux\\\/#primaryimage\"},\"image\":{\"@id\":\"https:\\\/\\\/alice.ch\\\/fr\\\/themes\\\/la-formation-continue-dans-un-contexte-international\\\/projets-internationaux\\\/#primaryimage\"},\"thumbnailUrl\":\"https:\\\/\\\/alice.ch\\\/app\\\/uploads\\\/2022\\\/11\\\/default.jpg\",\"datePublished\":\"2022-08-16T14:27:41+00:00\",\"dateModified\":\"2025-10-07T08:05:34+00:00\",\"description\":\"La FSEA, F\u00e9d\u00e9ration suisse pour la formation continue, s'engage dans des projets en Europe de l'Est et du Sud-Est et des projets de l'UE.\",\"breadcrumb\":{\"@id\":\"https:\\\/\\\/alice.ch\\\/fr\\\/themes\\\/la-formation-continue-dans-un-contexte-international\\\/projets-internationaux\\\/#breadcrumb\"},\"inLanguage\":\"fr-FR\",\"potentialAction\":[{\"@type\":\"ReadAction\",\"target\":[\"https:\\\/\\\/alice.ch\\\/fr\\\/themes\\\/la-formation-continue-dans-un-contexte-international\\\/projets-internationaux\\\/\"]}]},{\"@type\":\"ImageObject\",\"inLanguage\":\"fr-FR\",\"@id\":\"https:\\\/\\\/alice.ch\\\/fr\\\/themes\\\/la-formation-continue-dans-un-contexte-international\\\/projets-internationaux\\\/#primaryimage\",\"url\":\"https:\\\/\\\/alice.ch\\\/app\\\/uploads\\\/2022\\\/11\\\/default.jpg\",\"contentUrl\":\"https:\\\/\\\/alice.ch\\\/app\\\/uploads\\\/2022\\\/11\\\/default.jpg\",\"width\":1600,\"height\":900},{\"@type\":\"BreadcrumbList\",\"@id\":\"https:\\\/\\\/alice.ch\\\/fr\\\/themes\\\/la-formation-continue-dans-un-contexte-international\\\/projets-internationaux\\\/#breadcrumb\",\"itemListElement\":[{\"@type\":\"ListItem\",\"position\":1,\"name\":\"Page d'accueil\",\"item\":\"https:\\\/\\\/alice.ch\\\/fr\\\/\"},{\"@type\":\"ListItem\",\"position\":2,\"name\":\"Th\u00e8mes\",\"item\":\"https:\\\/\\\/alice.ch\\\/fr\\\/themes\\\/\"},{\"@type\":\"ListItem\",\"position\":3,\"name\":\"La formation continue dans un contexte international\",\"item\":\"https:\\\/\\\/alice.ch\\\/fr\\\/themes\\\/la-formation-continue-dans-un-contexte-international\\\/\"},{\"@type\":\"ListItem\",\"position\":4,\"name\":\"Projets internationaux\"}]},{\"@type\":\"WebSite\",\"@id\":\"https:\\\/\\\/alice.ch\\\/fr\\\/#website\",\"url\":\"https:\\\/\\\/alice.ch\\\/fr\\\/\",\"name\":\"alice.ch (Adult Learning Information Center) ist das Portal der Weiterbildung in der Schweiz.\",\"description\":\"Schweizerischer Verband f\u00fcr Weiterbildung\",\"publisher\":{\"@id\":\"https:\\\/\\\/alice.ch\\\/fr\\\/#organization\"},\"potentialAction\":[{\"@type\":\"SearchAction\",\"target\":{\"@type\":\"EntryPoint\",\"urlTemplate\":\"https:\\\/\\\/alice.ch\\\/fr\\\/?s={search_term_string}\"},\"query-input\":{\"@type\":\"PropertyValueSpecification\",\"valueRequired\":true,\"valueName\":\"search_term_string\"}}],\"inLanguage\":\"fr-FR\"},{\"@type\":\"Organization\",\"@id\":\"https:\\\/\\\/alice.ch\\\/fr\\\/#organization\",\"name\":\"FSEA F\u00e9d\u00e9ration suisse pour la formation continue\",\"url\":\"https:\\\/\\\/alice.ch\\\/fr\\\/\",\"logo\":{\"@type\":\"ImageObject\",\"inLanguage\":\"fr-FR\",\"@id\":\"https:\\\/\\\/alice.ch\\\/fr\\\/#\\\/schema\\\/logo\\\/image\\\/\",\"url\":\"https:\\\/\\\/alice.ch\\\/app\\\/uploads\\\/2022\\\/07\\\/logo-sveb.png\",\"contentUrl\":\"https:\\\/\\\/alice.ch\\\/app\\\/uploads\\\/2022\\\/07\\\/logo-sveb.png\",\"width\":145,\"height\":64,\"caption\":\"FSEA F\u00e9d\u00e9ration suisse pour la formation continue\"},\"image\":{\"@id\":\"https:\\\/\\\/alice.ch\\\/fr\\\/#\\\/schema\\\/logo\\\/image\\\/\"},\"sameAs\":[\"https:\\\/\\\/www.linkedin.com\\\/company\\\/schweizerischer-verband-fr-weiterbildung-sveb\\\/\"]}]}<\/script>\n<!-- \/ Yoast SEO plugin. -->","yoast_head_json":{"title":"Projets internationaux - FSEA","description":"La FSEA, F\u00e9d\u00e9ration suisse pour la formation continue, s'engage dans des projets en Europe de l'Est et du Sud-Est et des projets de l'UE.","robots":{"index":"index","follow":"follow","max-snippet":"max-snippet:-1","max-image-preview":"max-image-preview:large","max-video-preview":"max-video-preview:-1"},"canonical":"https:\/\/alice.ch\/fr\/themes\/la-formation-continue-dans-un-contexte-international\/projets-internationaux\/","og_locale":"fr_FR","og_type":"article","og_title":"Projets internationaux - FSEA","og_description":"La FSEA, F\u00e9d\u00e9ration suisse pour la formation continue, s'engage dans des projets en Europe de l'Est et du Sud-Est et des projets de l'UE.","og_url":"https:\/\/alice.ch\/fr\/themes\/la-formation-continue-dans-un-contexte-international\/projets-internationaux\/","og_site_name":"SVEB","article_modified_time":"2025-10-07T08:05:34+00:00","twitter_card":"summary_large_image","twitter_misc":{"Dur\u00e9e de lecture estim\u00e9e":"4 minutes"},"schema":{"@context":"https:\/\/schema.org","@graph":[{"@type":"WebPage","@id":"https:\/\/alice.ch\/fr\/themes\/la-formation-continue-dans-un-contexte-international\/projets-internationaux\/","url":"https:\/\/alice.ch\/fr\/themes\/la-formation-continue-dans-un-contexte-international\/projets-internationaux\/","name":"Projets internationaux - FSEA","isPartOf":{"@id":"https:\/\/alice.ch\/fr\/#website"},"primaryImageOfPage":{"@id":"https:\/\/alice.ch\/fr\/themes\/la-formation-continue-dans-un-contexte-international\/projets-internationaux\/#primaryimage"},"image":{"@id":"https:\/\/alice.ch\/fr\/themes\/la-formation-continue-dans-un-contexte-international\/projets-internationaux\/#primaryimage"},"thumbnailUrl":"https:\/\/alice.ch\/app\/uploads\/2022\/11\/default.jpg","datePublished":"2022-08-16T14:27:41+00:00","dateModified":"2025-10-07T08:05:34+00:00","description":"La FSEA, F\u00e9d\u00e9ration suisse pour la formation continue, s'engage dans des projets en Europe de l'Est et du Sud-Est et des projets de l'UE.","breadcrumb":{"@id":"https:\/\/alice.ch\/fr\/themes\/la-formation-continue-dans-un-contexte-international\/projets-internationaux\/#breadcrumb"},"inLanguage":"fr-FR","potentialAction":[{"@type":"ReadAction","target":["https:\/\/alice.ch\/fr\/themes\/la-formation-continue-dans-un-contexte-international\/projets-internationaux\/"]}]},{"@type":"ImageObject","inLanguage":"fr-FR","@id":"https:\/\/alice.ch\/fr\/themes\/la-formation-continue-dans-un-contexte-international\/projets-internationaux\/#primaryimage","url":"https:\/\/alice.ch\/app\/uploads\/2022\/11\/default.jpg","contentUrl":"https:\/\/alice.ch\/app\/uploads\/2022\/11\/default.jpg","width":1600,"height":900},{"@type":"BreadcrumbList","@id":"https:\/\/alice.ch\/fr\/themes\/la-formation-continue-dans-un-contexte-international\/projets-internationaux\/#breadcrumb","itemListElement":[{"@type":"ListItem","position":1,"name":"Page d'accueil","item":"https:\/\/alice.ch\/fr\/"},{"@type":"ListItem","position":2,"name":"Th\u00e8mes","item":"https:\/\/alice.ch\/fr\/themes\/"},{"@type":"ListItem","position":3,"name":"La formation continue dans un contexte international","item":"https:\/\/alice.ch\/fr\/themes\/la-formation-continue-dans-un-contexte-international\/"},{"@type":"ListItem","position":4,"name":"Projets internationaux"}]},{"@type":"WebSite","@id":"https:\/\/alice.ch\/fr\/#website","url":"https:\/\/alice.ch\/fr\/","name":"alice.ch (Adult Learning Information Center) ist das Portal der Weiterbildung in der Schweiz.","description":"Schweizerischer Verband f\u00fcr Weiterbildung","publisher":{"@id":"https:\/\/alice.ch\/fr\/#organization"},"potentialAction":[{"@type":"SearchAction","target":{"@type":"EntryPoint","urlTemplate":"https:\/\/alice.ch\/fr\/?s={search_term_string}"},"query-input":{"@type":"PropertyValueSpecification","valueRequired":true,"valueName":"search_term_string"}}],"inLanguage":"fr-FR"},{"@type":"Organization","@id":"https:\/\/alice.ch\/fr\/#organization","name":"FSEA F\u00e9d\u00e9ration suisse pour la formation continue","url":"https:\/\/alice.ch\/fr\/","logo":{"@type":"ImageObject","inLanguage":"fr-FR","@id":"https:\/\/alice.ch\/fr\/#\/schema\/logo\/image\/","url":"https:\/\/alice.ch\/app\/uploads\/2022\/07\/logo-sveb.png","contentUrl":"https:\/\/alice.ch\/app\/uploads\/2022\/07\/logo-sveb.png","width":145,"height":64,"caption":"FSEA F\u00e9d\u00e9ration suisse pour la formation continue"},"image":{"@id":"https:\/\/alice.ch\/fr\/#\/schema\/logo\/image\/"},"sameAs":["https:\/\/www.linkedin.com\/company\/schweizerischer-verband-fr-weiterbildung-sveb\/"]}]}},"_links":{"self":[{"href":"https:\/\/alice.ch\/fr\/wp-json\/wp\/v2\/pages\/11201","targetHints":{"allow":["GET"]}}],"collection":[{"href":"https:\/\/alice.ch\/fr\/wp-json\/wp\/v2\/pages"}],"about":[{"href":"https:\/\/alice.ch\/fr\/wp-json\/wp\/v2\/types\/page"}],"author":[{"embeddable":true,"href":"https:\/\/alice.ch\/fr\/wp-json\/wp\/v2\/users\/2"}],"replies":[{"embeddable":true,"href":"https:\/\/alice.ch\/fr\/wp-json\/wp\/v2\/comments?post=11201"}],"version-history":[{"count":16,"href":"https:\/\/alice.ch\/fr\/wp-json\/wp\/v2\/pages\/11201\/revisions"}],"predecessor-version":[{"id":71112,"href":"https:\/\/alice.ch\/fr\/wp-json\/wp\/v2\/pages\/11201\/revisions\/71112"}],"up":[{"embeddable":true,"href":"https:\/\/alice.ch\/fr\/wp-json\/wp\/v2\/pages\/11191"}],"wp:featuredmedia":[{"embeddable":true,"href":"https:\/\/alice.ch\/fr\/wp-json\/wp\/v2\/media\/20799"}],"wp:attachment":[{"href":"https:\/\/alice.ch\/fr\/wp-json\/wp\/v2\/media?parent=11201"}],"curies":[{"name":"wp","href":"https:\/\/api.w.org\/{rel}","templated":true}]}}