{"id":11217,"date":"2022-08-16T17:40:16","date_gmt":"2022-08-16T15:40:16","guid":{"rendered":"https:\/\/projects.atxeit.ch\/sveb\/gleichwertigkeitsbeurteilung-gwb\/"},"modified":"2026-02-24T09:07:46","modified_gmt":"2026-02-24T08:07:46","slug":"validation-des-acquis-va","status":"publish","type":"page","link":"https:\/\/alice.ch\/fr\/professionnalisation\/validation-des-acquis-va\/","title":{"rendered":"Validation des acquis VA"},"content":{"rendered":"\n<div class=\"wp-block-group is-style-reduced-width is-layout-constrained wp-block-group-is-layout-constrained\">\n<h1 class=\"wp-block-heading\">Validation des acquis \u2013 prouvez vos qualifications<\/h1>\n\n\n\n<p class=\"is-style-lead\">La Validation des acquis (VA) est une proc\u00e9dure de qualification reconnue par la Conf\u00e9d\u00e9ration. Elle permet aux formatrices et formateurs exp\u00e9riment\u00e9s d&rsquo;obtenir les certificats modulaires des modules FFA en attestant des comp\u00e9tences correspondantes et remplace ainsi la participation aux cours. Une exp\u00e9rience professionnelle de cinq ans est requise (exception pour le niveau I en variante I \u2013 2 ans).<\/p>\n\n\n\n<p class=\"is-style-default\"><br>Vous avez d\u00e9j\u00e0 une exp\u00e9rience pratique dans la formation des adultes ou disposez des connaissances et comp\u00e9tences requises gr\u00e2ce \u00e0 une formation initiale ou continue ? Gr\u00e2ce \u00e0 la validation des acquis, vous pouvez les faire valoir afin de ne pas repartir de z\u00e9ro pour obtenir un certificat.<\/p>\n\n\n\n<p class=\"is-style-default\"><br>Il existe deux variantes pour prouver vos comp\u00e9tences : via des documents ou via une \u00e9valuation des comp\u00e9tences. Le choix de la variante d\u00e9pend de votre capacit\u00e9 \u00e0 prouver vos comp\u00e9tences par des documents \u00e9crits (documents de tiers solides justifiant vos comp\u00e9tences), c&rsquo;est-\u00e0-dire si vous souhaitez faire valoir des aptitudes acquises de mani\u00e8re formelle ou non formelle.<\/p>\n\n\n\n<figure class=\"wp-block-table\"><table class=\"has-fixed-layout\"><tbody><tr><td>Variante I: <br><strong>Validation des acquis (VA) sur la base de documents<\/strong><\/td><td>Variante II: <br><strong><strong>Validation des acquis (VA) sur la base d&rsquo;\u00e9valuations des comp\u00e9tences<\/strong><\/strong><\/td><\/tr><tr><td>Dans une auto-\u00e9valuation, vous d\u00e9crivez vos comp\u00e9tences en mati\u00e8re de formation d&rsquo;adultes par \u00e9crit et de mani\u00e8re compr\u00e9hensible pour des tiers.<\/td><td>Dans une auto-\u00e9valuation, vous d\u00e9crivez vos comp\u00e9tences en mati\u00e8re de formation d&rsquo;adultes par \u00e9crit et de mani\u00e8re compr\u00e9hensible pour des tiers. (Exception: certificats FSEA niveau I)<\/td><\/tr><tr><td>Vous pr\u00e9sentez des documents attestant que vous disposez des comp\u00e9tences requises. Il peut s&rsquo;agir notamment de certificats ou dipl\u00f4mes de formation initiale et continue, d&rsquo;attestations de cours, de certificats de travail qualifiants, de r\u00e9sultats d&rsquo;\u00e9valuations, de travaux personnels ou d&rsquo;\u00e9valuations de projets.<\/td><td>Si vous ne pouvez pas prouver vos comp\u00e9tences \u00e0 l&rsquo;aide de documents appropri\u00e9s, vous avez la possibilit\u00e9 de d\u00e9montrer vos comp\u00e9tences en passant une \u00e9valuation des comp\u00e9tences.<br><br><strong>Niveaux I et II:<\/strong><br>Pour le module \u00abCertificat FSEA formatrice\/formateur d\u2019adultes (FFA FA-M1)\u00bb, l\u2019\u00e9valuation consiste en une visite de deux experts dans votre cours, l\u2019auto-\u00e9valuation n\u2019est pas demand\u00e9e.<br><br>Pour les modules de niveau II en compl\u00e9mente \u00e0 l\u2019auto-\u00e9valuation \u00abConcevoir des offres de formation pour adultes sur le plan didactique (FFA FA-M5)\u00bb, l&rsquo;\u00e9valuation des comp\u00e9tences consiste en une visite d&rsquo;un expert dans votre cours.<br><br>Pour les modules \u00abAccompagner<br>des processus de formation en groupe (FFA FA-M2)\u00bb, \u00abSoutenir des processus de formation individuels (FFA FA-M3)\u00bb et \u00abConcevoir des offres de formation pour adultes (FFA FA-M4)\u00bb, l\u2019\u00e9valuation des comp\u00e9tences consiste en un travail \u00e9crit.<br><br><strong>Niveau III:<\/strong> pour les six modules du niveau dipl\u00f4me, l&rsquo;\u00e9valuation des comp\u00e9tences se compose d&rsquo;un travail \u00e9crit.<\/td><\/tr><\/tbody><\/table><\/figure>\n\n\n\n<p><\/p>\n\n\n\n<p><strong>Veuillez noter qu&rsquo;actuellement, seuls les certificats modulaires du syst\u00e8me FFA du Brevet f\u00e9d\u00e9ral 2015 peuvent \u00eatre acquis par une validation d\u2019acquis (VA).&nbsp;La VA pour les nouveaux modules FFA <strong>du Brevet f\u00e9d\u00e9ral 20<\/strong>24 est en cours de d\u00e9veloppement et sera probablement disponible \u00e0 partir de 2026.<\/strong><\/p>\n\n\n\n<div class=\"wp-block-columns is-layout-flex wp-container-core-columns-is-layout-28f84493 wp-block-columns-is-layout-flex\">\n<div class=\"wp-block-column is-layout-flow wp-block-column-is-layout-flow\" style=\"flex-basis:100%\">\n<figure class=\"wp-block-table is-style-stripes\"><table><thead><tr><th class=\"has-text-align-left\" data-align=\"left\" scope=\"col\">Niveaux du syst\u00e8me&nbsp;modulaire FFA<\/th><th class=\"has-text-align-left\" data-align=\"left\" scope=\"col\">Certificat FFA<\/th><th class=\"has-text-align-left\" data-align=\"left\" scope=\"col\">Modules<\/th><th class=\"has-text-align-left\" data-align=\"left\" scope=\"col\">Formulaire de demande*<\/th><\/tr><\/thead><tbody><tr><td class=\"has-text-align-left\" data-align=\"left\">Niveau 1<\/td><td class=\"has-text-align-left\" data-align=\"left\">Certificat FSEA formateur\/formatrice d\u2019adultes<\/td><td class=\"has-text-align-left\" data-align=\"left\">Module&nbsp;FFA&nbsp;BF-M1<\/td><td class=\"has-text-align-left\" data-align=\"left\">VA niveau 1<\/td><\/tr><tr><td class=\"has-text-align-left\" data-align=\"left\">Niveau 2**<\/td><td class=\"has-text-align-left\" data-align=\"left\">Brevet f\u00e9d\u00e9ral de formateur\/formatrice<\/td><td class=\"has-text-align-left\" data-align=\"left\">Module FFA BF-M1<br>Module FFA BF-M2<br>Module FFA BF-M3<br>Module FFA BF-M4<br>Module FFA BF-M5<\/td><td class=\"has-text-align-left\" data-align=\"left\">VA niveau 2<\/td><\/tr><tr><td class=\"has-text-align-left\" data-align=\"left\">Niveau 3***<\/td><td class=\"has-text-align-left\" data-align=\"left\">Dipl\u00f4me f\u00e9d\u00e9ral de responsable de formation<\/td><td class=\"has-text-align-left\" data-align=\"left\">Module D-M1<br>Module D-M2<br>Module D-M3<br>Module D-M4<br>Module D-M5<br>Module&nbsp;D-M6&nbsp;<\/td><td class=\"has-text-align-left\" data-align=\"left\">VA niveau 3<\/td><\/tr><\/tbody><\/table><figcaption class=\"wp-element-caption\">* &nbsp;Pour la demande de VA, il y a un formulaire s\u00e9par\u00e9 pour chaque niveau.<br>** Au niveau 2, une demande de brevet f\u00e9d\u00e9ral peut \u00eatre d\u00e9pos\u00e9e apr\u00e8s l\u2019obtention de tous les cinq modules.<br>*** Au niveau 3, une demande d\u2019admission \u00e0 l\u2019examen professionnel sup\u00e9rieur peut \u00eatre d\u00e9pos\u00e9e apr\u00e8s l\u2019obtention de tous les six certificats des modules de dipl\u00f4me.<\/figcaption><\/figure>\n<\/div>\n<\/div>\n\n\n\n<div class=\"wp-block-group is-style-run-to-edge has-primary-background-color has-background is-layout-flow wp-block-group-is-layout-flow\">\n<p class=\"is-style-lead has-background-color has-text-color\">Les deux variantes requi\u00e8rent une exp\u00e9rience pratique d&rsquo;au moins cinq ans (exception: module 1 en variante I pour le certificat FFA BF-M1 deux ans). Vous trouverez les d\u00e9tails de la proc\u00e9dure dans le \u00abGuide pratique pour la reconnaissance et la validation des acquis (VA)\u00bb.<\/p>\n<\/div>\n\n\n\n<p><\/p>\n\n\n\n<p>Votre demande est \u00e9valu\u00e9e par des experts et expertes VA ; l\u2019expert\/e en chef confirme la d\u00e9cision. Si la d\u00e9cision est favorable, vous recevez directement les certificats modulaires demand\u00e9s.<\/p>\n\n\n\n<p>Si vous avez des questions concernant le contenu<a href=\"https:\/\/alice.ch\/fr\/professionnalisation\/validation-des-acquis-va\/documents\/\"> des descriptifs de comp\u00e9tence<\/a> \u00e0 traiter dans votre dossier, vous avez la possibilit\u00e9, en cas de besoin, de vous adresser \u00e0 certains <a href=\"https:\/\/alice.ch\/fr\/professionnalisation\/systeme-modulaire-ffa\/cours-modulaires-ffa-reconnus\/\">prestataires externes<\/a> sp\u00e9cialis\u00e9s en la mati\u00e8re, id\u00e9alement avec une reconnaissance modulaire du module en question. Ceux-ci pourront vous conseiller et vous accompagner dans la r\u00e9alisation de votre dossier de demande de validation des acquis.&nbsp;<\/p>\n\n\n\n<p>En revanche, les employ\u00e9s des bureaux FFA et FSEA, les expert-e-s qui \u00e9valueront les demandes de validation des acquis, de m\u00eame que les membres de la Commission Assurance Qualit\u00e9 (CAQ) et de la Commission Suisse FFA, <strong>ne sont pas autoris\u00e9s \u00e0 dispenser de conseils<\/strong>.<\/p>\n\n\n\n<h2 class=\"wp-block-heading\">Documents<\/h2>\n\n\n\n<div class=\"wp-block-columns is-layout-flex wp-container-core-columns-is-layout-28f84493 wp-block-columns-is-layout-flex\">\n<div class=\"wp-block-column is-layout-flow wp-block-column-is-layout-flow\" style=\"flex-basis:50%\">\n<div class=\"wp-block-file\"><a id=\"wp-block-file--media-0c51a053-f3d9-4664-ae64-e580a59a069d\" href=\"https:\/\/alice.ch\/app\/uploads\/2025\/02\/guide-pratique-reconnaissance-validation-acquis.pdf\" target=\"_blank\" rel=\"noreferrer noopener\">Guide pratique pour la reconnaissance et la validation des acquis (VA)<br \/>PDF &#8211; 539 kb<\/a><a href=\"https:\/\/alice.ch\/app\/uploads\/2025\/02\/guide-pratique-reconnaissance-validation-acquis.pdf\" class=\"wp-block-file__button wp-element-button\" download aria-describedby=\"wp-block-file--media-0c51a053-f3d9-4664-ae64-e580a59a069d\">T\u00e9l\u00e9charger<br \/>PDF &#8211; 539 kb<\/a><\/div>\n<\/div>\n\n\n\n<div class=\"wp-block-column is-layout-flow wp-block-column-is-layout-flow\" style=\"flex-basis:50%\">\n<div class=\"wp-block-file\"><a id=\"wp-block-file--media-5555c15f-b266-4d4b-b415-5a6b52fb3336\" href=\"https:\/\/alice.ch\/app\/uploads\/2026\/02\/20251231_Taxes-FFA_2025-1.pdf\" target=\"_blank\" rel=\"noreferrer noopener\">Frais d\u2019inscription et co\u00fbts pour la validation des acquis<br \/>PDF &#8211; 232 kb<\/a><a href=\"https:\/\/alice.ch\/app\/uploads\/2026\/02\/20251231_Taxes-FFA_2025-1.pdf\" class=\"wp-block-file__button wp-element-button\" download aria-describedby=\"wp-block-file--media-5555c15f-b266-4d4b-b415-5a6b52fb3336\">Herunterladen<br \/>PDF &#8211; 232 kb<\/a><\/div>\n<\/div>\n<\/div>\n\n\n\n<div class=\"wp-block-columns is-style-accordion is-layout-flex wp-container-core-columns-is-layout-28f84493 wp-block-columns-is-layout-flex\" id=\"faq-element-1\">\n<div class=\"wp-block-column is-layout-flow wp-block-column-is-layout-flow\">\n<h3 class=\"wp-block-heading\">Formulaires d&rsquo;inscription<\/h3>\n<\/div>\n\n\n\n<div class=\"wp-block-column is-layout-flow wp-block-column-is-layout-flow\">\n<div class=\"wp-block-file\"><a id=\"wp-block-file--media-eec9df04-5b29-4ed0-89c9-db8c1ad39e07\" href=\"https:\/\/alice.ch\/app\/uploads\/2023\/09\/230907_VA_Formulaire_niveau1.docx\">Formulaire de demande de reconnaissance et validation des acquis (VA) &#8211; Niveau 1<br \/>DOCX &#8211; 308 kb<\/a><\/div>\n\n\n\n<div class=\"wp-block-file\"><a id=\"wp-block-file--media-b31d4b4a-e9d8-4ded-a159-d4af8980b724\" href=\"https:\/\/alice.ch\/app\/uploads\/2024\/11\/230907_VA_Formulaire_niveau2.docx\" target=\"_blank\" rel=\"noreferrer noopener\">Formulaire de demande de reconnaissance et validation des acquis (VA) &#8211; Niveau 2<br \/>DOCX &#8211; 309 kb<\/a><a href=\"https:\/\/alice.ch\/app\/uploads\/2024\/11\/230907_VA_Formulaire_niveau2.docx\" class=\"wp-block-file__button wp-element-button\" download aria-describedby=\"wp-block-file--media-b31d4b4a-e9d8-4ded-a159-d4af8980b724\">T\u00e9l\u00e9charger<br \/>DOCX &#8211; 309 kb<\/a><\/div>\n\n\n\n<div class=\"wp-block-file\"><a id=\"wp-block-file--media-eec9df04-5b29-4ed0-89c9-db8c1ad39e07\" href=\"https:\/\/alice.ch\/app\/uploads\/2023\/09\/230907_VA_Formulaire_niveau3.docx\" target=\"_blank\" rel=\"noreferrer noopener\">Formulaire de demande de reconnaissance et validation des acquis (VA) &#8211; Niveau 3<br \/>DOCX &#8211; 308 kb<\/a><a href=\"https:\/\/alice.ch\/app\/uploads\/2023\/09\/230907_VA_Formulaire_niveau3.docx\" class=\"wp-block-file__button wp-element-button\" download aria-describedby=\"wp-block-file--media-eec9df04-5b29-4ed0-89c9-db8c1ad39e07\">T\u00e9l\u00e9charger<br \/>DOCX &#8211; 308 kb<\/a><\/div>\n<\/div>\n<\/div>\n\n\n\n<div class=\"wp-block-columns is-style-accordion is-layout-flex wp-container-core-columns-is-layout-28f84493 wp-block-columns-is-layout-flex\" id=\"faq-element-1\">\n<div class=\"wp-block-column is-layout-flow wp-block-column-is-layout-flow\">\n<h3 class=\"wp-block-heading\">Documents de preuves d&rsquo;exp\u00e9rience pratique<\/h3>\n<\/div>\n\n\n\n<div class=\"wp-block-column is-layout-flow wp-block-column-is-layout-flow\">\n<div class=\"wp-block-file\"><a id=\"wp-block-file--media-09662705-9632-4dc7-8e67-af4cf2c91777\" href=\"https:\/\/alice.ch\/app\/uploads\/2023\/04\/fiche-information-attestation-experience-pratique.pdf\" target=\"_blank\" rel=\"noreferrer noopener\">Fiche d\u2019information &#8211; Attestation d\u2019exp\u00e9rience pratique<br \/>PDF &#8211; 146 kb<\/a><a href=\"https:\/\/alice.ch\/app\/uploads\/2023\/04\/fiche-information-attestation-experience-pratique.pdf\" class=\"wp-block-file__button wp-element-button\" download aria-describedby=\"wp-block-file--media-09662705-9632-4dc7-8e67-af4cf2c91777\">Herunterladen<br \/>PDF &#8211; 146 kb<\/a><\/div>\n\n\n\n<div class=\"wp-block-file\"><a id=\"wp-block-file--media-85be5ac6-a9c1-40fc-9955-20c510554a34\" href=\"https:\/\/alice.ch\/app\/uploads\/2023\/03\/grille-attestation-experience-pratique-formateur-formatrice.docx\" target=\"_blank\" rel=\"noreferrer noopener\">Grille d\u2019attestation d\u2019exp\u00e9rience pratique en tant que formatrice\/formateur&nbsp;<br \/>DOCX &#8211; 305 kb<\/a><a href=\"https:\/\/alice.ch\/app\/uploads\/2023\/03\/grille-attestation-experience-pratique-formateur-formatrice.docx\" class=\"wp-block-file__button wp-element-button\" download aria-describedby=\"wp-block-file--media-85be5ac6-a9c1-40fc-9955-20c510554a34\">Herunterladen<br \/>DOCX &#8211; 305 kb<\/a><\/div>\n<\/div>\n<\/div>\n\n\n\n<div class=\"wp-block-columns is-style-accordion is-layout-flex wp-container-core-columns-is-layout-28f84493 wp-block-columns-is-layout-flex\" id=\"faq-element-1\">\n<div class=\"wp-block-column is-layout-flow wp-block-column-is-layout-flow\">\n<h3 class=\"wp-block-heading\">Mod\u00e8le CV<\/h3>\n<\/div>\n\n\n\n<div class=\"wp-block-column is-layout-flow wp-block-column-is-layout-flow\">\n<div class=\"wp-block-file\"><a id=\"wp-block-file--media-eec9df04-5b29-4ed0-89c9-db8c1ad39e07\" href=\"https:\/\/alice.ch\/app\/uploads\/2023\/03\/cv-demande-reconnaissance-validation-acquis.docx\" target=\"_blank\" rel=\"noreferrer noopener\">CV demande de reconnaissance et validation des acquis (VA)<br \/>DOCX &#8211; 303 kb<\/a><\/div>\n<\/div>\n<\/div>\n\n\n\n<div class=\"wp-block-columns is-style-accordion is-layout-flex wp-container-core-columns-is-layout-28f84493 wp-block-columns-is-layout-flex\" id=\"faq-element-1\">\n<div class=\"wp-block-column is-layout-flow wp-block-column-is-layout-flow\">\n<h3 class=\"wp-block-heading\">Documents Auto\u00e9valuation<\/h3>\n<\/div>\n\n\n\n<div class=\"wp-block-column is-layout-flow wp-block-column-is-layout-flow\">\n<div class=\"wp-block-file\"><a id=\"wp-block-file--media-e9094dfc-18b1-4cad-9044-b55500f7904e\" href=\"https:\/\/alice.ch\/app\/uploads\/2022\/12\/Guide-dautoevaluation-dans-le-VA.pdf\" target=\"_blank\" rel=\"noreferrer noopener\">Guide d&rsquo;autoe\u0301valuation \u2013 VA<br \/>PDF &#8211; 347 kb<\/a><a href=\"https:\/\/alice.ch\/app\/uploads\/2022\/12\/Guide-dautoevaluation-dans-le-VA.pdf\" class=\"wp-block-file__button wp-element-button\" download aria-describedby=\"wp-block-file--media-e9094dfc-18b1-4cad-9044-b55500f7904e\">Herunterladen<br \/>PDF &#8211; 347 kb<\/a><\/div>\n\n\n\n<p><\/p>\n<\/div>\n<\/div>\n\n\n\n<div class=\"wp-block-columns is-style-accordion is-layout-flex wp-container-core-columns-is-layout-28f84493 wp-block-columns-is-layout-flex\" id=\"faq-element-1\">\n<div class=\"wp-block-column is-layout-flow wp-block-column-is-layout-flow\">\n<h3 class=\"wp-block-heading\">Fiches d&rsquo;information Supervision<\/h3>\n<\/div>\n\n\n\n<div class=\"wp-block-column is-layout-flow wp-block-column-is-layout-flow\">\n<div class=\"wp-block-file\"><a id=\"wp-block-file--media-66ad5317-bb79-4951-a5dd-ee1c8ee9644f\" href=\"https:\/\/alice.ch\/app\/uploads\/2023\/03\/fiche-information-supervision.pdf\" target=\"_blank\" rel=\"noreferrer noopener\">Fiche d&rsquo;information supervision<br \/>PDF &#8211; 119 kb<\/a><a href=\"https:\/\/alice.ch\/app\/uploads\/2023\/03\/fiche-information-supervision.pdf\" class=\"wp-block-file__button wp-element-button\" download aria-describedby=\"wp-block-file--media-66ad5317-bb79-4951-a5dd-ee1c8ee9644f\">Herunterladen<br \/>PDF &#8211; 119 kb<\/a><\/div>\n\n\n\n<p><em>La supervision pour le module 4 ou 5 doit \u00eatre faite dans le cadre du cours <a href=\"https:\/\/alice.ch\/fr\/professionnalisation\/systeme-modulaire-ffa\/cours-modulaires-ffa-reconnus\/?modul=24\">modulaire BF-MTV<\/a> &#8211; l&rsquo;attestation de supervision est suffisante, il n&rsquo;est pas n\u00e9cessaire de se certifier<\/em>.<\/p>\n<\/div>\n<\/div>\n\n\n\n<div class=\"wp-block-columns is-style-accordion is-layout-flex wp-container-core-columns-is-layout-28f84493 wp-block-columns-is-layout-flex\" id=\"faq-element-1\">\n<div class=\"wp-block-column is-layout-flow wp-block-column-is-layout-flow\">\n<h3 class=\"wp-block-heading\">Compe\u0301tences ressources<\/h3>\n<\/div>\n\n\n\n<div class=\"wp-block-column is-layout-flow wp-block-column-is-layout-flow\">\n<h4 class=\"wp-block-heading\">Compe\u0301tences ressources Niveau I<\/h4>\n\n\n\n<div class=\"wp-block-file\"><a id=\"wp-block-file--media-eec9df04-5b29-4ed0-89c9-db8c1ad39e07\" href=\"https:\/\/alice.ch\/app\/uploads\/2022\/12\/1_Co-Re_FFA-BF-M1.pdf\" target=\"_blank\" rel=\"noreferrer noopener\">Compe\u0301tences ressources (Co-Re) FFA BF-M1<br \/>PDF &#8211; 334 kb<\/a><\/div>\n\n\n\n<h4 class=\"wp-block-heading\">Compe\u0301tences ressources Niveau II<\/h4>\n\n\n\n<div class=\"wp-block-file\"><a id=\"wp-block-file--media-eec9df04-5b29-4ed0-89c9-db8c1ad39e07\" href=\"https:\/\/alice.ch\/app\/uploads\/2022\/12\/1_Co-Re-FFA-BF-M2.pdf\" target=\"_blank\" rel=\"noreferrer noopener\">Compe\u0301tences ressources (Co-Re) FFA BF-M2<br \/>PDF &#8211; 323 kb<\/a><\/div>\n\n\n\n<div class=\"wp-block-file\"><a id=\"wp-block-file--media-eec9df04-5b29-4ed0-89c9-db8c1ad39e07\" href=\"https:\/\/alice.ch\/app\/uploads\/2022\/12\/2_Co-Re-FFA-BF-M3.pdf\" target=\"_blank\" rel=\"noreferrer noopener\">Compe\u0301tences ressources (Co-Re) FFA BF-M3<br \/>PDF &#8211; 327 kb<\/a><\/div>\n\n\n\n<div class=\"wp-block-file\"><a id=\"wp-block-file--media-eec9df04-5b29-4ed0-89c9-db8c1ad39e07\" href=\"https:\/\/alice.ch\/app\/uploads\/2022\/12\/3_Co-Re-FFA-BF-M4.pdf\" target=\"_blank\" rel=\"noreferrer noopener\">Compe\u0301tences ressources (Co-Re) FFA BF-M4<br \/>PDF &#8211; 333 kb<\/a><\/div>\n\n\n\n<div class=\"wp-block-file\"><a id=\"wp-block-file--media-eec9df04-5b29-4ed0-89c9-db8c1ad39e07\" href=\"https:\/\/alice.ch\/app\/uploads\/2022\/12\/4_Co-Re-FFA-BF-M5.pdf\" target=\"_blank\" rel=\"noreferrer noopener\">Compe\u0301tences ressources (Co-Re) FFA BF-M5<br \/>PDF &#8211; 340 kb<\/a><\/div>\n\n\n\n<h4 class=\"wp-block-heading\">Comp\u00e9tences Ressources Niveau III<\/h4>\n\n\n\n<div class=\"wp-block-file\"><a id=\"wp-block-file--media-eec9df04-5b29-4ed0-89c9-db8c1ad39e07\" href=\"https:\/\/alice.ch\/app\/uploads\/2022\/11\/E1_Liste-competences-ressources-D-M1.pdf\" target=\"_blank\" rel=\"noreferrer noopener\">Liste compe\u0301tences ressources D-M1<br \/>PDF &#8211; 333 kb<\/a><\/div>\n\n\n\n<div class=\"wp-block-file\"><a id=\"wp-block-file--media-eec9df04-5b29-4ed0-89c9-db8c1ad39e07\" href=\"https:\/\/alice.ch\/app\/uploads\/2022\/11\/E2_Liste-competences-ressources-D-M2.pdf\" target=\"_blank\" rel=\"noreferrer noopener\">Liste compe\u0301tences ressources D-M2<br \/>PDF &#8211; 328 kb<\/a><\/div>\n\n\n\n<div class=\"wp-block-file\"><a id=\"wp-block-file--media-eec9df04-5b29-4ed0-89c9-db8c1ad39e07\" href=\"https:\/\/alice.ch\/app\/uploads\/2022\/11\/E3_Liste-competences-ressources-D-M3.pdf\" target=\"_blank\" rel=\"noreferrer noopener\">Liste compe\u0301tences ressources D-M3<br \/>PDF &#8211; 330 kb<\/a><\/div>\n\n\n\n<div class=\"wp-block-file\"><a id=\"wp-block-file--media-eec9df04-5b29-4ed0-89c9-db8c1ad39e07\" href=\"https:\/\/alice.ch\/app\/uploads\/2022\/11\/E4_Liste-competences-ressources-D-M4.pdf\" target=\"_blank\" rel=\"noreferrer noopener\">Liste compe\u0301tences ressources D-M4<br \/>PDF &#8211; 337 kb<\/a><\/div>\n\n\n\n<div class=\"wp-block-file\"><a id=\"wp-block-file--media-eec9df04-5b29-4ed0-89c9-db8c1ad39e07\" href=\"https:\/\/alice.ch\/app\/uploads\/2022\/11\/E5_Liste-competences-ressources-D-M5.pdf\" target=\"_blank\" rel=\"noreferrer noopener\">Liste compe\u0301tences ressources D-M5<br \/>PDF &#8211; 338 kb<\/a><\/div>\n\n\n\n<div class=\"wp-block-file\"><a id=\"wp-block-file--media-eec9df04-5b29-4ed0-89c9-db8c1ad39e07\" href=\"https:\/\/alice.ch\/app\/uploads\/2022\/11\/E6_Liste-competences-ressources-D-M6.pdf\" target=\"_blank\" rel=\"noreferrer noopener\">Liste compe\u0301tences ressources D-M6<br \/>PDF &#8211; 324 kb<\/a><\/div>\n<\/div>\n<\/div>\n\n\n\n<div class=\"wp-block-columns is-style-accordion is-layout-flex wp-container-core-columns-is-layout-28f84493 wp-block-columns-is-layout-flex\" id=\"faq-element-1\">\n<div class=\"wp-block-column is-layout-flow wp-block-column-is-layout-flow\">\n<h3 class=\"wp-block-heading\">Crite\u0300res d&rsquo;e\u0301valuation et mod\u00e8les d&rsquo;\u00e9valuation variante II<\/h3>\n<\/div>\n\n\n\n<div class=\"wp-block-column is-layout-flow wp-block-column-is-layout-flow\">\n<h4 class=\"wp-block-heading\">Crite\u0300res d&rsquo;e\u0301valuation<\/h4>\n\n\n\n<div class=\"wp-block-file\"><a id=\"wp-block-file--media-eec9df04-5b29-4ed0-89c9-db8c1ad39e07\" href=\"https:\/\/alice.ch\/app\/uploads\/2023\/03\/criteres-evaluation-reconnaissance-validation-acquis-variante-deux-module-un.pdf\" target=\"_blank\" rel=\"noreferrer noopener\">Crit\u00e8res d&rsquo;\u00e9valuation de reconnaissance et validation des acquis variante II module 1<br \/>PDF &#8211; 127 kb<\/a><\/div>\n\n\n\n<div class=\"wp-block-file\"><a id=\"wp-block-file--media-eec9df04-5b29-4ed0-89c9-db8c1ad39e07\" href=\"https:\/\/alice.ch\/app\/uploads\/2023\/03\/criteres-evaluation-reconnaissance-validation-acquis-variante-deux-module-un-demonstration-en-ligne.pdf\" target=\"_blank\" rel=\"noreferrer noopener\">Crit\u00e8res d&rsquo;\u00e9valuation de reconnaissance et validation des acquis variante II module 1 &#8211; D\u00e9monstration en ligne<br \/>PDF &#8211; 125 kb<\/a><\/div>\n\n\n\n<h4 class=\"wp-block-heading\">Mod\u00e8les d&rsquo;\u00e9valuation<\/h4>\n\n\n\n<div class=\"wp-block-file\"><a id=\"wp-block-file--media-2a6c03e6-a1f2-4a25-b2e5-d499855ca127\" href=\"https:\/\/alice.ch\/app\/uploads\/2024\/11\/BF-FA-M2_Evaluation-des-competences.docx\" target=\"_blank\" rel=\"noreferrer noopener\">Mode\u0300le d&rsquo;e\u0301valuation module 2<br \/>DOCX &#8211; 29 kb<\/a><\/div>\n\n\n\n<div class=\"wp-block-file\"><a id=\"wp-block-file--media-34b5c1df-0d60-4867-b48c-14820879dcdb\" href=\"https:\/\/alice.ch\/app\/uploads\/2024\/11\/BF-FA-M3_Evaluation-des-competences.docx\" target=\"_blank\" rel=\"noreferrer noopener\">Mode\u0300le d&rsquo;e\u0301valuation module 3<br \/>DOCX &#8211; 28 kb<\/a><\/div>\n\n\n\n<div class=\"wp-block-file\"><a id=\"wp-block-file--media-096ec454-9b7d-4885-975c-179187c5598a\" href=\"https:\/\/alice.ch\/app\/uploads\/2024\/11\/BF-FA-M4_Evaluation-des-competences.docx\" target=\"_blank\" rel=\"noreferrer noopener\">Mode\u0300le d&rsquo;e\u0301valuation module 4<br \/>DOCX &#8211; 28 kb<\/a><\/div>\n\n\n\n<div class=\"wp-block-file\"><a id=\"wp-block-file--media-b5e6f371-3b32-4ef0-9ae8-ada8b33916ec\" href=\"https:\/\/alice.ch\/app\/uploads\/2024\/11\/BF-FA-M5_Evaluation-des-competences.docx\" target=\"_blank\" rel=\"noreferrer noopener\">Mode\u0300le d&rsquo;e\u0301valuation module 5<br \/>DOCX &#8211; 26 kb<\/a><a href=\"https:\/\/alice.ch\/app\/uploads\/2024\/11\/BF-FA-M5_Evaluation-des-competences.docx\" class=\"wp-block-file__button wp-element-button\" download aria-describedby=\"wp-block-file--media-b5e6f371-3b32-4ef0-9ae8-ada8b33916ec\">Herunterladen<br \/>DOCX &#8211; 26 kb<\/a><\/div>\n<\/div>\n<\/div>\n\n\n\n<div class=\"wp-block-columns is-layout-flex wp-container-core-columns-is-layout-28f84493 wp-block-columns-is-layout-flex\">\n<div class=\"wp-block-column is-layout-flow wp-block-column-is-layout-flow\">\n<h2 class=\"wp-block-heading\">Contact Niv. I&amp;II<\/h2>\n<\/div>\n\n\n\n<div class=\"wp-block-column is-layout-flow wp-block-column-is-layout-flow\">\n<h2 class=\"wp-block-heading\">Contact Niv. III<\/h2>\n<\/div>\n<\/div>\n\n\n\n<div class=\"wp-block-columns is-layout-flex wp-container-core-columns-is-layout-28f84493 wp-block-columns-is-layout-flex\">\n<div class=\"wp-block-column is-layout-flow wp-block-column-is-layout-flow\" style=\"flex-basis:50%\"><div class=\"contact-persons\">\n\n\t\t\t\t\t<div class=\"contact-person\">\n\t\t\t\t\tFSEA F\u00e9d\u00e9ration suisse pour la formation continue<br \/>\t\t\t\t\t\t\t\t\t\t<br \/>\n\t\t\t\t\tSecr\u00e9tariat romand<br \/>\r\nRue de Gen\u00e8ve 88b<br \/>\r\n1004 Lausanne<br \/>\t\t\t\t\t<a href=\"tel:+41 (0)22 994 20 10\">+41 (0)22 994 20 10<\/a><br \/>\t\t\t\t\t<a href=\"mailto:fsea@alice.ch\">fsea@alice.ch<\/a><br \/>\t\t\t\t\t<\/div>\n\t\t\t\t\t<\/div>\n<\/div>\n\n\n\n<div class=\"wp-block-column is-layout-flow wp-block-column-is-layout-flow\" style=\"flex-basis:50%\"><div class=\"contact-persons\">\n\n\t\t\t\t\t<div class=\"contact-person\">\n\t\t\t\t\tFSEA F\u00e9d\u00e9ration suisse pour la formation continue<br \/>\t\t\t\t\tSecr\u00e9tariat national<br \/>\t\t\t\t\t<br \/>\n\t\t\t\t\tHardstrasse 235<br \/>\r\n8005 Zurich<br \/>\t\t\t\t\t<a href=\"tel:+41 (0)44 319 71 71\">+41 (0)44 319 71 71<\/a><br \/>\t\t\t\t\t<a href=\"mailto:info@alice.ch\">info@alice.ch<\/a><br \/>\t\t\t\t\t<\/div>\n\t\t\t\t\t<\/div>\n<\/div>\n<\/div>\n\n\n\n<p><\/p>\n<\/div>\n\n\n\n<p><\/p>\n","protected":false},"excerpt":{"rendered":"<p>Validation des acquis \u2013 prouvez vos qualifications La Validation des acquis (VA) est une proc\u00e9dure de qualification reconnue par la [&hellip;]<\/p>\n","protected":false},"author":2,"featured_media":20799,"parent":17415,"menu_order":589,"comment_status":"closed","ping_status":"closed","template":"","meta":{"_acf_changed":false,"inline_featured_image":false,"footnotes":""},"class_list":["post-11217","page","type-page","status-publish","has-post-thumbnail","hentry"],"acf":[],"yoast_head":"<!-- This site is optimized with the Yoast SEO plugin v27.3 - https:\/\/yoast.com\/product\/yoast-seo-wordpress\/ -->\n<title>Validation des acquis VA - FSEA<\/title>\n<meta name=\"description\" content=\"L&#039;\u00e9valuation de l&#039;\u00e9quivalence permet aux formateurs d&#039;obtenir des certificats de modules des dipl\u00f4mes FFA en prouvant leurs comp\u00e9tences.\" \/>\n<meta name=\"robots\" content=\"index, follow, max-snippet:-1, max-image-preview:large, max-video-preview:-1\" \/>\n<link rel=\"canonical\" href=\"https:\/\/alice.ch\/fr\/professionnalisation\/validation-des-acquis-va\/\" \/>\n<meta property=\"og:locale\" content=\"fr_FR\" \/>\n<meta property=\"og:type\" content=\"article\" \/>\n<meta property=\"og:title\" content=\"Validation des acquis VA - FSEA\" \/>\n<meta property=\"og:description\" content=\"L&#039;\u00e9valuation de l&#039;\u00e9quivalence permet aux formateurs d&#039;obtenir des certificats de modules des dipl\u00f4mes FFA en prouvant leurs comp\u00e9tences.\" \/>\n<meta property=\"og:url\" content=\"https:\/\/alice.ch\/fr\/professionnalisation\/validation-des-acquis-va\/\" \/>\n<meta property=\"og:site_name\" content=\"SVEB\" \/>\n<meta property=\"article:modified_time\" content=\"2026-02-24T08:07:46+00:00\" \/>\n<meta name=\"twitter:card\" content=\"summary_large_image\" \/>\n<meta name=\"twitter:label1\" content=\"Dur\u00e9e de lecture estim\u00e9e\" \/>\n\t<meta name=\"twitter:data1\" content=\"3 minutes\" \/>\n<script type=\"application\/ld+json\" class=\"yoast-schema-graph\">{\"@context\":\"https:\\\/\\\/schema.org\",\"@graph\":[{\"@type\":\"WebPage\",\"@id\":\"https:\\\/\\\/alice.ch\\\/fr\\\/professionnalisation\\\/validation-des-acquis-va\\\/\",\"url\":\"https:\\\/\\\/alice.ch\\\/fr\\\/professionnalisation\\\/validation-des-acquis-va\\\/\",\"name\":\"Validation des acquis VA - FSEA\",\"isPartOf\":{\"@id\":\"https:\\\/\\\/alice.ch\\\/fr\\\/#website\"},\"primaryImageOfPage\":{\"@id\":\"https:\\\/\\\/alice.ch\\\/fr\\\/professionnalisation\\\/validation-des-acquis-va\\\/#primaryimage\"},\"image\":{\"@id\":\"https:\\\/\\\/alice.ch\\\/fr\\\/professionnalisation\\\/validation-des-acquis-va\\\/#primaryimage\"},\"thumbnailUrl\":\"https:\\\/\\\/alice.ch\\\/app\\\/uploads\\\/2022\\\/11\\\/default.jpg\",\"datePublished\":\"2022-08-16T15:40:16+00:00\",\"dateModified\":\"2026-02-24T08:07:46+00:00\",\"description\":\"L'\u00e9valuation de l'\u00e9quivalence permet aux formateurs d'obtenir des certificats de modules des dipl\u00f4mes FFA en prouvant leurs comp\u00e9tences.\",\"breadcrumb\":{\"@id\":\"https:\\\/\\\/alice.ch\\\/fr\\\/professionnalisation\\\/validation-des-acquis-va\\\/#breadcrumb\"},\"inLanguage\":\"fr-FR\",\"potentialAction\":[{\"@type\":\"ReadAction\",\"target\":[\"https:\\\/\\\/alice.ch\\\/fr\\\/professionnalisation\\\/validation-des-acquis-va\\\/\"]}]},{\"@type\":\"ImageObject\",\"inLanguage\":\"fr-FR\",\"@id\":\"https:\\\/\\\/alice.ch\\\/fr\\\/professionnalisation\\\/validation-des-acquis-va\\\/#primaryimage\",\"url\":\"https:\\\/\\\/alice.ch\\\/app\\\/uploads\\\/2022\\\/11\\\/default.jpg\",\"contentUrl\":\"https:\\\/\\\/alice.ch\\\/app\\\/uploads\\\/2022\\\/11\\\/default.jpg\",\"width\":1600,\"height\":900},{\"@type\":\"BreadcrumbList\",\"@id\":\"https:\\\/\\\/alice.ch\\\/fr\\\/professionnalisation\\\/validation-des-acquis-va\\\/#breadcrumb\",\"itemListElement\":[{\"@type\":\"ListItem\",\"position\":1,\"name\":\"Page d'accueil\",\"item\":\"https:\\\/\\\/alice.ch\\\/fr\\\/\"},{\"@type\":\"ListItem\",\"position\":2,\"name\":\"Professionnalisation\",\"item\":\"https:\\\/\\\/alice.ch\\\/fr\\\/professionnalisation\\\/\"},{\"@type\":\"ListItem\",\"position\":3,\"name\":\"Validation des acquis VA\"}]},{\"@type\":\"WebSite\",\"@id\":\"https:\\\/\\\/alice.ch\\\/fr\\\/#website\",\"url\":\"https:\\\/\\\/alice.ch\\\/fr\\\/\",\"name\":\"alice.ch (Adult Learning Information Center) ist das Portal der Weiterbildung in der Schweiz.\",\"description\":\"Schweizerischer Verband f\u00fcr Weiterbildung\",\"publisher\":{\"@id\":\"https:\\\/\\\/alice.ch\\\/fr\\\/#organization\"},\"potentialAction\":[{\"@type\":\"SearchAction\",\"target\":{\"@type\":\"EntryPoint\",\"urlTemplate\":\"https:\\\/\\\/alice.ch\\\/fr\\\/?s={search_term_string}\"},\"query-input\":{\"@type\":\"PropertyValueSpecification\",\"valueRequired\":true,\"valueName\":\"search_term_string\"}}],\"inLanguage\":\"fr-FR\"},{\"@type\":\"Organization\",\"@id\":\"https:\\\/\\\/alice.ch\\\/fr\\\/#organization\",\"name\":\"FSEA F\u00e9d\u00e9ration suisse pour la formation continue\",\"url\":\"https:\\\/\\\/alice.ch\\\/fr\\\/\",\"logo\":{\"@type\":\"ImageObject\",\"inLanguage\":\"fr-FR\",\"@id\":\"https:\\\/\\\/alice.ch\\\/fr\\\/#\\\/schema\\\/logo\\\/image\\\/\",\"url\":\"https:\\\/\\\/alice.ch\\\/app\\\/uploads\\\/2022\\\/07\\\/logo-sveb.png\",\"contentUrl\":\"https:\\\/\\\/alice.ch\\\/app\\\/uploads\\\/2022\\\/07\\\/logo-sveb.png\",\"width\":145,\"height\":64,\"caption\":\"FSEA F\u00e9d\u00e9ration suisse pour la formation continue\"},\"image\":{\"@id\":\"https:\\\/\\\/alice.ch\\\/fr\\\/#\\\/schema\\\/logo\\\/image\\\/\"},\"sameAs\":[\"https:\\\/\\\/www.linkedin.com\\\/company\\\/schweizerischer-verband-fr-weiterbildung-sveb\\\/\"]}]}<\/script>\n<!-- \/ Yoast SEO plugin. -->","yoast_head_json":{"title":"Validation des acquis VA - FSEA","description":"L'\u00e9valuation de l'\u00e9quivalence permet aux formateurs d'obtenir des certificats de modules des dipl\u00f4mes FFA en prouvant leurs comp\u00e9tences.","robots":{"index":"index","follow":"follow","max-snippet":"max-snippet:-1","max-image-preview":"max-image-preview:large","max-video-preview":"max-video-preview:-1"},"canonical":"https:\/\/alice.ch\/fr\/professionnalisation\/validation-des-acquis-va\/","og_locale":"fr_FR","og_type":"article","og_title":"Validation des acquis VA - FSEA","og_description":"L'\u00e9valuation de l'\u00e9quivalence permet aux formateurs d'obtenir des certificats de modules des dipl\u00f4mes FFA en prouvant leurs comp\u00e9tences.","og_url":"https:\/\/alice.ch\/fr\/professionnalisation\/validation-des-acquis-va\/","og_site_name":"SVEB","article_modified_time":"2026-02-24T08:07:46+00:00","twitter_card":"summary_large_image","twitter_misc":{"Dur\u00e9e de lecture estim\u00e9e":"3 minutes"},"schema":{"@context":"https:\/\/schema.org","@graph":[{"@type":"WebPage","@id":"https:\/\/alice.ch\/fr\/professionnalisation\/validation-des-acquis-va\/","url":"https:\/\/alice.ch\/fr\/professionnalisation\/validation-des-acquis-va\/","name":"Validation des acquis VA - FSEA","isPartOf":{"@id":"https:\/\/alice.ch\/fr\/#website"},"primaryImageOfPage":{"@id":"https:\/\/alice.ch\/fr\/professionnalisation\/validation-des-acquis-va\/#primaryimage"},"image":{"@id":"https:\/\/alice.ch\/fr\/professionnalisation\/validation-des-acquis-va\/#primaryimage"},"thumbnailUrl":"https:\/\/alice.ch\/app\/uploads\/2022\/11\/default.jpg","datePublished":"2022-08-16T15:40:16+00:00","dateModified":"2026-02-24T08:07:46+00:00","description":"L'\u00e9valuation de l'\u00e9quivalence permet aux formateurs d'obtenir des certificats de modules des dipl\u00f4mes FFA en prouvant leurs comp\u00e9tences.","breadcrumb":{"@id":"https:\/\/alice.ch\/fr\/professionnalisation\/validation-des-acquis-va\/#breadcrumb"},"inLanguage":"fr-FR","potentialAction":[{"@type":"ReadAction","target":["https:\/\/alice.ch\/fr\/professionnalisation\/validation-des-acquis-va\/"]}]},{"@type":"ImageObject","inLanguage":"fr-FR","@id":"https:\/\/alice.ch\/fr\/professionnalisation\/validation-des-acquis-va\/#primaryimage","url":"https:\/\/alice.ch\/app\/uploads\/2022\/11\/default.jpg","contentUrl":"https:\/\/alice.ch\/app\/uploads\/2022\/11\/default.jpg","width":1600,"height":900},{"@type":"BreadcrumbList","@id":"https:\/\/alice.ch\/fr\/professionnalisation\/validation-des-acquis-va\/#breadcrumb","itemListElement":[{"@type":"ListItem","position":1,"name":"Page d'accueil","item":"https:\/\/alice.ch\/fr\/"},{"@type":"ListItem","position":2,"name":"Professionnalisation","item":"https:\/\/alice.ch\/fr\/professionnalisation\/"},{"@type":"ListItem","position":3,"name":"Validation des acquis VA"}]},{"@type":"WebSite","@id":"https:\/\/alice.ch\/fr\/#website","url":"https:\/\/alice.ch\/fr\/","name":"alice.ch (Adult Learning Information Center) ist das Portal der Weiterbildung in der Schweiz.","description":"Schweizerischer Verband f\u00fcr Weiterbildung","publisher":{"@id":"https:\/\/alice.ch\/fr\/#organization"},"potentialAction":[{"@type":"SearchAction","target":{"@type":"EntryPoint","urlTemplate":"https:\/\/alice.ch\/fr\/?s={search_term_string}"},"query-input":{"@type":"PropertyValueSpecification","valueRequired":true,"valueName":"search_term_string"}}],"inLanguage":"fr-FR"},{"@type":"Organization","@id":"https:\/\/alice.ch\/fr\/#organization","name":"FSEA F\u00e9d\u00e9ration suisse pour la formation continue","url":"https:\/\/alice.ch\/fr\/","logo":{"@type":"ImageObject","inLanguage":"fr-FR","@id":"https:\/\/alice.ch\/fr\/#\/schema\/logo\/image\/","url":"https:\/\/alice.ch\/app\/uploads\/2022\/07\/logo-sveb.png","contentUrl":"https:\/\/alice.ch\/app\/uploads\/2022\/07\/logo-sveb.png","width":145,"height":64,"caption":"FSEA F\u00e9d\u00e9ration suisse pour la formation continue"},"image":{"@id":"https:\/\/alice.ch\/fr\/#\/schema\/logo\/image\/"},"sameAs":["https:\/\/www.linkedin.com\/company\/schweizerischer-verband-fr-weiterbildung-sveb\/"]}]}},"_links":{"self":[{"href":"https:\/\/alice.ch\/fr\/wp-json\/wp\/v2\/pages\/11217","targetHints":{"allow":["GET"]}}],"collection":[{"href":"https:\/\/alice.ch\/fr\/wp-json\/wp\/v2\/pages"}],"about":[{"href":"https:\/\/alice.ch\/fr\/wp-json\/wp\/v2\/types\/page"}],"author":[{"embeddable":true,"href":"https:\/\/alice.ch\/fr\/wp-json\/wp\/v2\/users\/2"}],"replies":[{"embeddable":true,"href":"https:\/\/alice.ch\/fr\/wp-json\/wp\/v2\/comments?post=11217"}],"version-history":[{"count":52,"href":"https:\/\/alice.ch\/fr\/wp-json\/wp\/v2\/pages\/11217\/revisions"}],"predecessor-version":[{"id":73909,"href":"https:\/\/alice.ch\/fr\/wp-json\/wp\/v2\/pages\/11217\/revisions\/73909"}],"up":[{"embeddable":true,"href":"https:\/\/alice.ch\/fr\/wp-json\/wp\/v2\/pages\/17415"}],"wp:featuredmedia":[{"embeddable":true,"href":"https:\/\/alice.ch\/fr\/wp-json\/wp\/v2\/media\/20799"}],"wp:attachment":[{"href":"https:\/\/alice.ch\/fr\/wp-json\/wp\/v2\/media?parent=11217"}],"curies":[{"name":"wp","href":"https:\/\/api.w.org\/{rel}","templated":true}]}}