{"id":11223,"date":"2022-08-16T17:41:48","date_gmt":"2022-08-16T15:41:48","guid":{"rendered":"https:\/\/projects.atxeit.ch\/sveb\/ada-anbieter-werden\/"},"modified":"2026-03-04T15:30:54","modified_gmt":"2026-03-04T14:30:54","slug":"devenir-prestataire-ffa","status":"publish","type":"page","link":"https:\/\/alice.ch\/fr\/professionnalisation\/prestataires-ffa\/devenir-prestataire-ffa\/","title":{"rendered":"Devenir prestataire FFA"},"content":{"rendered":"\n<div class=\"wp-block-group is-style-reduced-width is-layout-flow wp-block-group-is-layout-flow\">\n<h1 class=\"wp-block-heading\">R\u00e9aliser des modules FFA<\/h1>\n\n\n\n<p class=\"is-style-lead\">Les institutions souhaitant proposer des modules du syst\u00e8me FFA (Formation des formatrices\/formateurs d\u2019adultes) doivent \u00e0 cet effet se soumettre \u00e0 une proc\u00e9dure de reconnaissance modulaire (RM).<\/p>\n\n\n\n<p>Les institutions doivent prendre contact avec le secr\u00e9tariat romand afin d\u2019obtenir les informations et les documents n\u00e9cessaires (grille RM \u00e0 remplir) pour entamer une proc\u00e9dure de reconnaissance modulaire.&nbsp;Les offres sont \u00e9valu\u00e9es en fonction de crit\u00e8res clairement d\u00e9finis. Si l\u2019\u00e9valuation est favorable, ces institutions sont autoris\u00e9es \u00e0 proposer des modules FFA et \u00e0 d\u00e9livrer les certificats modulaires ou certificats FSEA correspondants. Les institutions reconnues par la FFA\/FSEA forment des personnes souhaitant se consacrer \u00e0 la formation initiale ou continue d\u2019adultes.<br><strong><br>Le syst\u00e8me modulaire FFA permet aux institutions<\/strong>&nbsp;de formation reconnues participant au syst\u00e8me de proposer des modules mutuellement reconnus dans toute la Suisse comme certifications (partielles) pour un certificat de la FSEA (niveau 1 = certificat FSEA) et les certifications f\u00e9d\u00e9rales reconnues (niveau 2 : brevet f\u00e9d\u00e9ral de formatrice\/formateur ; niveau 3 : dipl\u00f4me f\u00e9d\u00e9ral de responsable de formation) et de d\u00e9livrer les certificats modulaires en comp\u00e9tence d\u00e9l\u00e9gu\u00e9e.<\/p>\n\n\n\n<p><strong>A partir du printemps 2022, toute demande de reconnaissance modulaire repose sur les nouveaux descriptifs modulaires du Brevet f\u00e9d\u00e9ral 2024.&nbsp;<\/strong>Ceux-ci sont disponibles en t\u00e9l\u00e9chargement sur&nbsp;<a href=\"https:\/\/alice.ch\/fr\/professionnalisation\/brevet-federal-formatrice-formateur-dadultes-ffa\/\">cette page<\/a>.&nbsp;<\/p>\n\n\n\n<h2 class=\"wp-block-heading\">D\u00e9roulement<\/h2>\n\n\n\n<p>Les institutions souhaitant proposer des modules peuvent faire v\u00e9rifier la qualit\u00e9 de leurs contenus dans le cadre de la proc\u00e9dure RM. Voici ci-dessous le d\u00e9roulement pr\u00e9vu :<\/p>\n\n\n\n<figure class=\"wp-block-table is-style-stripes\"><table><thead><tr><th class=\"has-text-align-left\" data-align=\"left\"><strong><strong>Institution de formation<\/strong><\/strong><\/th><th class=\"has-text-align-left\" data-align=\"left\"><strong>Secr\u00e9tariat FFA<\/strong><\/th><\/tr><\/thead><tbody><tr><td class=\"has-text-align-left\" data-align=\"left\">Concevoir une nouvelle offre ou v\u00e9rifier la conformit\u00e9 totale d\u2019une offre existante aux exigences du syst\u00e8me modulaire FFA.<br><br>Soumettre le dossier complet avec tous les documents clairement num\u00e9rot\u00e9s selon la table des mati\u00e8res pr\u00e9vue dans la grille.<br>Merci d&rsquo;envoyer votre dossier&nbsp;<strong>au minimum en version \u00e9lectronique<\/strong>&nbsp;&#8211; via une cl\u00e9 USB par exemple ; merci d&rsquo;enregistrer tous les documents sur la cl\u00e9 USB&nbsp;<strong>en<\/strong>&nbsp;<strong>version Word<\/strong>&nbsp;s&rsquo;il vous pla\u00eet. Si vous envoyez votre dossier en format papier, merci de rajouter tous les documents num\u00e9rot\u00e9s en format \u00e9lectronique \u00e9galement. Sans format \u00e9lectronique, votre dossier ne pourra pas \u00eatre pris en compte. Merci d&rsquo;envoyer ces documents \u00e0 l&rsquo;adresse suivante :<br>F\u00e9d\u00e9ration suisse pour la formation continue FSEA<br>Secr\u00e9tariat FFA<br>Rue de Gen\u00e8ve 88b<br>1004 Lausanne.<\/td><td class=\"has-text-align-left\" data-align=\"left\">\u2013 Pr\u00e9-information par t\u00e9l\u00e9phone ou courriel.<br>\u2013 Saisie administrative du dossier.<br>\u2013 Attribution d\u2019experts ou expertes.<br>\u2013 Facturation pour l\u2019analyse des documents.<\/td><\/tr><tr><td class=\"has-text-align-left\" data-align=\"left\"><\/td><td class=\"has-text-align-left\" data-align=\"left\">\u2013 Expert \/ experte : v\u00e9rifier les documents soumis, r\u00e9diger un rapport et soumettre une demande.<br>Direction FFA : \u00e9tudier le rapport et la demande et d\u00e9cider de la \u00ab reconnaissance ou non-reconnaissance provisoire \u00bb.<br>\u2013 Expert \/ experte : adresser \u00e0 l\u2019institution un rapport avec commentaires, indiquant \u00e9ventuellement les modifications \u00e0 apporter ou documents suppl\u00e9mentaires \u00e0 fournir.<\/td><\/tr><tr><td class=\"has-text-align-left\" data-align=\"left\">Prendre note du rapport et en cas de besoin, soumettre les documents suppl\u00e9mentaires demand\u00e9s dans le rapport.<\/td><td class=\"has-text-align-left\" data-align=\"left\"><br><br><br><\/td><\/tr><tr><td class=\"has-text-align-left\" data-align=\"left\">Convenir d\u2019un rendez-vous avec l\u2019expert\/experte responsable pour la visite de l\u2019institution.<\/td><td class=\"has-text-align-left\" data-align=\"left\"><\/td><\/tr><tr><td class=\"has-text-align-left\" data-align=\"left\">La reconnaissance provisoire autorise l\u2019institution \u00e0 promouvoir l\u2019offre avec la mention \u00ab proc\u00e9dure de reconnaissance modulaire en cours \u00bb.<br><\/td><td class=\"has-text-align-left\" data-align=\"left\">Expert \/ experte : \u00e9valuer les documents suppl\u00e9mentaires soumis avant la visite de l\u2019institution.<\/td><\/tr><tr><td class=\"has-text-align-left\" data-align=\"left\">Visite de l\u2019institution par l\u2019expert\/experte et \u00e9ventuellement la direction FFA afin de prendre contact, d\u2019obtenir un aper\u00e7u de l\u2019institution prestataire et de ses activit\u00e9s de formation (non qualifiantes) et de discuter le rapport de reconnaissance.<\/td><\/tr><tr><td class=\"has-text-align-left\" data-align=\"left\">Lors de la 2e proc\u00e9dure de reconnaissance, en outre consultation des archives.<\/td><td class=\"has-text-align-left\" data-align=\"left\"><\/td><\/tr><tr><td class=\"has-text-align-left\" data-align=\"left\"><\/td><td class=\"has-text-align-left\" data-align=\"left\">Expert \/ experte : r\u00e9diger le rapport final avec la demande d\u00e9finitive et d\u2019\u00e9ventuelles exigences.<\/td><\/tr><tr><td class=\"has-text-align-left\" data-align=\"left\">Prendre note du rapport final et prendre position sur le rapport et la proc\u00e9dure.<\/td><td class=\"has-text-align-left\" data-align=\"left\"><\/td><\/tr><tr><td class=\"has-text-align-left\" data-align=\"left\">R\u00e9aliser les exigences pos\u00e9es dans le d\u00e9lai convenu.<\/td><td class=\"has-text-align-left\" data-align=\"left\"><\/td><\/tr><tr><td class=\"has-text-align-left\" data-align=\"left\"><\/td><td class=\"has-text-align-left\" data-align=\"left\">Direction : sur la base du rapport final sur la demande : d\u00e9cider de la \u00ab reconnaissance\/non-reconnaissance d\u00e9finitive \u00bb ;<br>\u00e9tablir le contrat de reconnaissance en double exemplaire et l\u2019adresser avec le rapport \u00e0 l\u2019institution de formation.<\/td><\/tr><tr><td class=\"has-text-align-left\" data-align=\"left\">Retourner un exemplaire du contrat sign\u00e9 au secr\u00e9tariat.<\/td><td class=\"has-text-align-left\" data-align=\"left\">Archiver les documents.<br>Si des exigences ont \u00e9t\u00e9 pos\u00e9es : contr\u00f4le.<\/td><\/tr><\/tbody><\/table><\/figure>\n\n\n\n<h2 class=\"wp-block-heading\">Contact<\/h2>\n\n\n\n<div class=\"wp-block-columns is-layout-flex wp-container-core-columns-is-layout-28f84493 wp-block-columns-is-layout-flex\">\n<div class=\"wp-block-column is-layout-flow wp-block-column-is-layout-flow\" style=\"flex-basis:50%\"><div class=\"contact-persons\">\n\n\t\t\t\t\t<div class=\"contact-person\">\n\t\t\t\t\tMarie Gandola<br \/>\t\t\t\t\tAssistante de Direction   Coordinatrice FFA Romandie<br \/>\t\t\t\t\t<br \/>\n\t\t\t\t\t\t\t\t\t\t<a href=\"tel:+41 (0)22 994 20 10\">+41 (0)22 994 20 10<\/a><br \/>\t\t\t\t\t<a href=\"mailto:marie.gandola@alice.ch\">marie.gandola@alice.ch<\/a><br \/>\t\t\t\t\t<\/div>\n\t\t\t\t\t<\/div>\n<\/div>\n\n\n\n<div class=\"wp-block-column is-layout-flow wp-block-column-is-layout-flow\" style=\"flex-basis:50%\"><\/div>\n<\/div>\n<\/div>\n\n\n\n<p><\/p>\n","protected":false},"excerpt":{"rendered":"<p>R\u00e9aliser des modules FFA Les institutions souhaitant proposer des modules du syst\u00e8me FFA (Formation des formatrices\/formateurs d\u2019adultes) doivent \u00e0 cet [&hellip;]<\/p>\n","protected":false},"author":2,"featured_media":20799,"parent":17605,"menu_order":511,"comment_status":"closed","ping_status":"closed","template":"","meta":{"_acf_changed":false,"inline_featured_image":false,"footnotes":""},"class_list":["post-11223","page","type-page","status-publish","has-post-thumbnail","hentry"],"acf":[],"yoast_head":"<!-- This site is optimized with the Yoast SEO plugin v27.3 - https:\/\/yoast.com\/product\/yoast-seo-wordpress\/ -->\n<title>Devenir prestataire FFA - FSEA<\/title>\n<meta name=\"description\" content=\"Informations pour les institutions de formation sur le d\u00e9roulement de la proc\u00e9dure de reconnaissance de leurs offres en tant que modules FFA.\" \/>\n<meta name=\"robots\" content=\"index, follow, max-snippet:-1, max-image-preview:large, max-video-preview:-1\" \/>\n<link rel=\"canonical\" href=\"https:\/\/alice.ch\/fr\/professionnalisation\/prestataires-ffa\/devenir-prestataire-ffa\/\" \/>\n<meta property=\"og:locale\" content=\"fr_FR\" \/>\n<meta property=\"og:type\" content=\"article\" \/>\n<meta property=\"og:title\" content=\"Devenir prestataire FFA - FSEA\" \/>\n<meta property=\"og:description\" content=\"Informations pour les institutions de formation sur le d\u00e9roulement de la proc\u00e9dure de reconnaissance de leurs offres en tant que modules FFA.\" \/>\n<meta property=\"og:url\" content=\"https:\/\/alice.ch\/fr\/professionnalisation\/prestataires-ffa\/devenir-prestataire-ffa\/\" \/>\n<meta property=\"og:site_name\" content=\"SVEB\" \/>\n<meta property=\"article:modified_time\" content=\"2026-03-04T14:30:54+00:00\" \/>\n<meta name=\"twitter:card\" content=\"summary_large_image\" \/>\n<meta name=\"twitter:label1\" content=\"Dur\u00e9e de lecture estim\u00e9e\" \/>\n\t<meta name=\"twitter:data1\" content=\"4 minutes\" \/>\n<script type=\"application\/ld+json\" class=\"yoast-schema-graph\">{\"@context\":\"https:\\\/\\\/schema.org\",\"@graph\":[{\"@type\":\"WebPage\",\"@id\":\"https:\\\/\\\/alice.ch\\\/fr\\\/professionnalisation\\\/prestataires-ffa\\\/devenir-prestataire-ffa\\\/\",\"url\":\"https:\\\/\\\/alice.ch\\\/fr\\\/professionnalisation\\\/prestataires-ffa\\\/devenir-prestataire-ffa\\\/\",\"name\":\"Devenir prestataire FFA - FSEA\",\"isPartOf\":{\"@id\":\"https:\\\/\\\/alice.ch\\\/fr\\\/#website\"},\"primaryImageOfPage\":{\"@id\":\"https:\\\/\\\/alice.ch\\\/fr\\\/professionnalisation\\\/prestataires-ffa\\\/devenir-prestataire-ffa\\\/#primaryimage\"},\"image\":{\"@id\":\"https:\\\/\\\/alice.ch\\\/fr\\\/professionnalisation\\\/prestataires-ffa\\\/devenir-prestataire-ffa\\\/#primaryimage\"},\"thumbnailUrl\":\"https:\\\/\\\/alice.ch\\\/app\\\/uploads\\\/2022\\\/11\\\/default.jpg\",\"datePublished\":\"2022-08-16T15:41:48+00:00\",\"dateModified\":\"2026-03-04T14:30:54+00:00\",\"description\":\"Informations pour les institutions de formation sur le d\u00e9roulement de la proc\u00e9dure de reconnaissance de leurs offres en tant que modules FFA.\",\"breadcrumb\":{\"@id\":\"https:\\\/\\\/alice.ch\\\/fr\\\/professionnalisation\\\/prestataires-ffa\\\/devenir-prestataire-ffa\\\/#breadcrumb\"},\"inLanguage\":\"fr-FR\",\"potentialAction\":[{\"@type\":\"ReadAction\",\"target\":[\"https:\\\/\\\/alice.ch\\\/fr\\\/professionnalisation\\\/prestataires-ffa\\\/devenir-prestataire-ffa\\\/\"]}]},{\"@type\":\"ImageObject\",\"inLanguage\":\"fr-FR\",\"@id\":\"https:\\\/\\\/alice.ch\\\/fr\\\/professionnalisation\\\/prestataires-ffa\\\/devenir-prestataire-ffa\\\/#primaryimage\",\"url\":\"https:\\\/\\\/alice.ch\\\/app\\\/uploads\\\/2022\\\/11\\\/default.jpg\",\"contentUrl\":\"https:\\\/\\\/alice.ch\\\/app\\\/uploads\\\/2022\\\/11\\\/default.jpg\",\"width\":1600,\"height\":900},{\"@type\":\"BreadcrumbList\",\"@id\":\"https:\\\/\\\/alice.ch\\\/fr\\\/professionnalisation\\\/prestataires-ffa\\\/devenir-prestataire-ffa\\\/#breadcrumb\",\"itemListElement\":[{\"@type\":\"ListItem\",\"position\":1,\"name\":\"Page d'accueil\",\"item\":\"https:\\\/\\\/alice.ch\\\/fr\\\/\"},{\"@type\":\"ListItem\",\"position\":2,\"name\":\"Professionnalisation\",\"item\":\"https:\\\/\\\/alice.ch\\\/fr\\\/professionnalisation\\\/\"},{\"@type\":\"ListItem\",\"position\":3,\"name\":\"Prestataires FFA\",\"item\":\"https:\\\/\\\/alice.ch\\\/fr\\\/professionnalisation\\\/prestataires-ffa\\\/\"},{\"@type\":\"ListItem\",\"position\":4,\"name\":\"Devenir prestataire FFA\"}]},{\"@type\":\"WebSite\",\"@id\":\"https:\\\/\\\/alice.ch\\\/fr\\\/#website\",\"url\":\"https:\\\/\\\/alice.ch\\\/fr\\\/\",\"name\":\"alice.ch (Adult Learning Information Center) ist das Portal der Weiterbildung in der Schweiz.\",\"description\":\"Schweizerischer Verband f\u00fcr Weiterbildung\",\"publisher\":{\"@id\":\"https:\\\/\\\/alice.ch\\\/fr\\\/#organization\"},\"potentialAction\":[{\"@type\":\"SearchAction\",\"target\":{\"@type\":\"EntryPoint\",\"urlTemplate\":\"https:\\\/\\\/alice.ch\\\/fr\\\/?s={search_term_string}\"},\"query-input\":{\"@type\":\"PropertyValueSpecification\",\"valueRequired\":true,\"valueName\":\"search_term_string\"}}],\"inLanguage\":\"fr-FR\"},{\"@type\":\"Organization\",\"@id\":\"https:\\\/\\\/alice.ch\\\/fr\\\/#organization\",\"name\":\"FSEA F\u00e9d\u00e9ration suisse pour la formation continue\",\"url\":\"https:\\\/\\\/alice.ch\\\/fr\\\/\",\"logo\":{\"@type\":\"ImageObject\",\"inLanguage\":\"fr-FR\",\"@id\":\"https:\\\/\\\/alice.ch\\\/fr\\\/#\\\/schema\\\/logo\\\/image\\\/\",\"url\":\"https:\\\/\\\/alice.ch\\\/app\\\/uploads\\\/2022\\\/07\\\/logo-sveb.png\",\"contentUrl\":\"https:\\\/\\\/alice.ch\\\/app\\\/uploads\\\/2022\\\/07\\\/logo-sveb.png\",\"width\":145,\"height\":64,\"caption\":\"FSEA F\u00e9d\u00e9ration suisse pour la formation continue\"},\"image\":{\"@id\":\"https:\\\/\\\/alice.ch\\\/fr\\\/#\\\/schema\\\/logo\\\/image\\\/\"},\"sameAs\":[\"https:\\\/\\\/www.linkedin.com\\\/company\\\/schweizerischer-verband-fr-weiterbildung-sveb\\\/\"]}]}<\/script>\n<!-- \/ Yoast SEO plugin. -->","yoast_head_json":{"title":"Devenir prestataire FFA - FSEA","description":"Informations pour les institutions de formation sur le d\u00e9roulement de la proc\u00e9dure de reconnaissance de leurs offres en tant que modules FFA.","robots":{"index":"index","follow":"follow","max-snippet":"max-snippet:-1","max-image-preview":"max-image-preview:large","max-video-preview":"max-video-preview:-1"},"canonical":"https:\/\/alice.ch\/fr\/professionnalisation\/prestataires-ffa\/devenir-prestataire-ffa\/","og_locale":"fr_FR","og_type":"article","og_title":"Devenir prestataire FFA - FSEA","og_description":"Informations pour les institutions de formation sur le d\u00e9roulement de la proc\u00e9dure de reconnaissance de leurs offres en tant que modules FFA.","og_url":"https:\/\/alice.ch\/fr\/professionnalisation\/prestataires-ffa\/devenir-prestataire-ffa\/","og_site_name":"SVEB","article_modified_time":"2026-03-04T14:30:54+00:00","twitter_card":"summary_large_image","twitter_misc":{"Dur\u00e9e de lecture estim\u00e9e":"4 minutes"},"schema":{"@context":"https:\/\/schema.org","@graph":[{"@type":"WebPage","@id":"https:\/\/alice.ch\/fr\/professionnalisation\/prestataires-ffa\/devenir-prestataire-ffa\/","url":"https:\/\/alice.ch\/fr\/professionnalisation\/prestataires-ffa\/devenir-prestataire-ffa\/","name":"Devenir prestataire FFA - FSEA","isPartOf":{"@id":"https:\/\/alice.ch\/fr\/#website"},"primaryImageOfPage":{"@id":"https:\/\/alice.ch\/fr\/professionnalisation\/prestataires-ffa\/devenir-prestataire-ffa\/#primaryimage"},"image":{"@id":"https:\/\/alice.ch\/fr\/professionnalisation\/prestataires-ffa\/devenir-prestataire-ffa\/#primaryimage"},"thumbnailUrl":"https:\/\/alice.ch\/app\/uploads\/2022\/11\/default.jpg","datePublished":"2022-08-16T15:41:48+00:00","dateModified":"2026-03-04T14:30:54+00:00","description":"Informations pour les institutions de formation sur le d\u00e9roulement de la proc\u00e9dure de reconnaissance de leurs offres en tant que modules FFA.","breadcrumb":{"@id":"https:\/\/alice.ch\/fr\/professionnalisation\/prestataires-ffa\/devenir-prestataire-ffa\/#breadcrumb"},"inLanguage":"fr-FR","potentialAction":[{"@type":"ReadAction","target":["https:\/\/alice.ch\/fr\/professionnalisation\/prestataires-ffa\/devenir-prestataire-ffa\/"]}]},{"@type":"ImageObject","inLanguage":"fr-FR","@id":"https:\/\/alice.ch\/fr\/professionnalisation\/prestataires-ffa\/devenir-prestataire-ffa\/#primaryimage","url":"https:\/\/alice.ch\/app\/uploads\/2022\/11\/default.jpg","contentUrl":"https:\/\/alice.ch\/app\/uploads\/2022\/11\/default.jpg","width":1600,"height":900},{"@type":"BreadcrumbList","@id":"https:\/\/alice.ch\/fr\/professionnalisation\/prestataires-ffa\/devenir-prestataire-ffa\/#breadcrumb","itemListElement":[{"@type":"ListItem","position":1,"name":"Page d'accueil","item":"https:\/\/alice.ch\/fr\/"},{"@type":"ListItem","position":2,"name":"Professionnalisation","item":"https:\/\/alice.ch\/fr\/professionnalisation\/"},{"@type":"ListItem","position":3,"name":"Prestataires FFA","item":"https:\/\/alice.ch\/fr\/professionnalisation\/prestataires-ffa\/"},{"@type":"ListItem","position":4,"name":"Devenir prestataire FFA"}]},{"@type":"WebSite","@id":"https:\/\/alice.ch\/fr\/#website","url":"https:\/\/alice.ch\/fr\/","name":"alice.ch (Adult Learning Information Center) ist das Portal der Weiterbildung in der Schweiz.","description":"Schweizerischer Verband f\u00fcr Weiterbildung","publisher":{"@id":"https:\/\/alice.ch\/fr\/#organization"},"potentialAction":[{"@type":"SearchAction","target":{"@type":"EntryPoint","urlTemplate":"https:\/\/alice.ch\/fr\/?s={search_term_string}"},"query-input":{"@type":"PropertyValueSpecification","valueRequired":true,"valueName":"search_term_string"}}],"inLanguage":"fr-FR"},{"@type":"Organization","@id":"https:\/\/alice.ch\/fr\/#organization","name":"FSEA F\u00e9d\u00e9ration suisse pour la formation continue","url":"https:\/\/alice.ch\/fr\/","logo":{"@type":"ImageObject","inLanguage":"fr-FR","@id":"https:\/\/alice.ch\/fr\/#\/schema\/logo\/image\/","url":"https:\/\/alice.ch\/app\/uploads\/2022\/07\/logo-sveb.png","contentUrl":"https:\/\/alice.ch\/app\/uploads\/2022\/07\/logo-sveb.png","width":145,"height":64,"caption":"FSEA F\u00e9d\u00e9ration suisse pour la formation continue"},"image":{"@id":"https:\/\/alice.ch\/fr\/#\/schema\/logo\/image\/"},"sameAs":["https:\/\/www.linkedin.com\/company\/schweizerischer-verband-fr-weiterbildung-sveb\/"]}]}},"_links":{"self":[{"href":"https:\/\/alice.ch\/fr\/wp-json\/wp\/v2\/pages\/11223","targetHints":{"allow":["GET"]}}],"collection":[{"href":"https:\/\/alice.ch\/fr\/wp-json\/wp\/v2\/pages"}],"about":[{"href":"https:\/\/alice.ch\/fr\/wp-json\/wp\/v2\/types\/page"}],"author":[{"embeddable":true,"href":"https:\/\/alice.ch\/fr\/wp-json\/wp\/v2\/users\/2"}],"replies":[{"embeddable":true,"href":"https:\/\/alice.ch\/fr\/wp-json\/wp\/v2\/comments?post=11223"}],"version-history":[{"count":18,"href":"https:\/\/alice.ch\/fr\/wp-json\/wp\/v2\/pages\/11223\/revisions"}],"predecessor-version":[{"id":74145,"href":"https:\/\/alice.ch\/fr\/wp-json\/wp\/v2\/pages\/11223\/revisions\/74145"}],"up":[{"embeddable":true,"href":"https:\/\/alice.ch\/fr\/wp-json\/wp\/v2\/pages\/17605"}],"wp:featuredmedia":[{"embeddable":true,"href":"https:\/\/alice.ch\/fr\/wp-json\/wp\/v2\/media\/20799"}],"wp:attachment":[{"href":"https:\/\/alice.ch\/fr\/wp-json\/wp\/v2\/media?parent=11223"}],"curies":[{"name":"wp","href":"https:\/\/api.w.org\/{rel}","templated":true}]}}