{"id":11225,"date":"2022-08-16T17:43:54","date_gmt":"2022-08-16T15:43:54","guid":{"rendered":"https:\/\/projects.atxeit.ch\/sveb\/ada-plattformtagung\/"},"modified":"2026-03-31T12:46:29","modified_gmt":"2026-03-31T10:46:29","slug":"journees-dechanges-ffa","status":"publish","type":"page","link":"https:\/\/alice.ch\/fr\/professionnalisation\/prestataires-ffa\/journees-dechanges-ffa\/","title":{"rendered":"Journ\u00e9es d&rsquo;\u00e9changes FFA"},"content":{"rendered":"\n<div class=\"wp-block-group is-style-reduced-width is-layout-flow wp-block-group-is-layout-flow\">\n<h1 class=\"wp-block-heading\">Journ\u00e9es d&rsquo;\u00e9changes FFA<\/h1>\n\n\n\n<p class=\"is-style-lead\">Le Secr\u00e9tariat FFA organise chaque ann\u00e9e une journ\u00e9e d\u2019\u00e9changes th\u00e9matique. L&rsquo;\u00e9v\u00e9nement offre une plateforme \u00e0 toutes les personnes impliqu\u00e9es dans la formation des formatrices et formateurs d\u2019adultes, c&rsquo;est-\u00e0-dire en particulier aux prestataires de formation continue et aux intervenants dans les cours, mais aussi \u00e0 toutes les personnes int\u00e9ress\u00e9es.<\/p>\n\n\n\n<p>D&rsquo;une part, les participantes et participants peuvent s&rsquo;informer directement sur les nouveaux d\u00e9veloppements du syst\u00e8me FFA, poser des questions et donner leur avis. D&rsquo;autre part, ils sont invit\u00e9s \u00e0 participer \u00e0 divers ateliers et \u00e0 contribuer \u00e0 l&rsquo;\u00e9laboration du syst\u00e8me.&nbsp;En outre, il y a toujours un apport th\u00e9matique qui ouvre la voie aux aspects politiques et sociaux de la formation continue.&nbsp;&nbsp;<\/p>\n\n\n\n<h2 class=\"wp-block-heading\">Prochaine Journ\u00e9e&nbsp;d\u2019\u00e9changes&nbsp;FFA<\/h2>\n\n\n\n<p>Chaque ann\u00e9e en automne est organis\u00e9 une journ\u00e9e d\u2019\u00e9changes FFA offrant un espace de discussion sur une th\u00e9matique d\u00e9finie incluant des&nbsp; contributions, des \u00e9changes sur le syst\u00e8me modulaire FFA et les id\u00e9es actuelles.<\/p>\n\n\n\n<p><strong><a href=\"https:\/\/alice.ch\/fr\/event\/journee-ffa-le-nouveau-systeme-modulaire-ffa-bilan-et-perspective\/\">La prochaine journ\u00e9e d&rsquo;\u00e9changes FFA aura lieu le 10 septembre 2025.<\/a><\/strong><\/p>\n\n\n\n<h2 class=\"wp-block-heading\">Pr\u00e9c\u00e9dentes&nbsp;journ\u00e9es&nbsp;d\u2019\u00e9changes<\/h2>\n\n\n\n<figure class=\"wp-block-table is-style-stripes\"><table><thead><tr><th class=\"has-text-align-left\" data-align=\"left\" scope=\"col\">Ann\u00e9e<\/th><th class=\"has-text-align-left\" data-align=\"left\" scope=\"col\"><strong>Th\u00e8me<\/strong><\/th><th class=\"has-text-align-left\" data-align=\"left\" scope=\"col\">Experts&nbsp;intervenus<\/th><\/tr><\/thead><tbody><tr><td class=\"has-text-align-left\" data-align=\"left\"><a href=\"https:\/\/alice.ch\/fr\/event\/journee-ffa-le-nouveau-systeme-modulaire-ffa-bilan-et-perspective\/\">2025<\/a><\/td><td class=\"has-text-align-left\" data-align=\"left\">Le nouveau syst\u00e8me modulaire FFA \u2013 bilan et perspective<\/td><td class=\"has-text-align-left\" data-align=\"left\">Brigitte Bosche, Ricarda T.D. Reimer, Dr. Christiane Caneva<\/td><\/tr><tr><td class=\"has-text-align-left\" data-align=\"left\"><a href=\"https:\/\/alice.ch\/fr\/event\/journee-dechanges-ffa-2024\/\">2024<\/a><\/td><td class=\"has-text-align-left\" data-align=\"left\">L\u2019IA dans la formation continue<\/td><td class=\"has-text-align-left\" data-align=\"left\">Christina Jacober, Dr. Patric Raemy, Roy Franke, Harald Graschi, Simon Morard, Sofie Gollob, Hans-Peter Karrer, Bernhard Gr\u00e4miger<\/td><\/tr><tr><td class=\"has-text-align-left\" data-align=\"left\"><a href=\"https:\/\/alice.ch\/fr\/event\/journeee-ffa-2023\/\">2023<\/a><\/td><td class=\"has-text-align-left\" data-align=\"left\">Brevet f\u00e9d\u00e9ral 2024<\/td><td class=\"has-text-align-left\" data-align=\"left\">Christina Jacober, Hans-Peter Karrer, Gregor Thurnherr<\/td><\/tr><tr><td class=\"has-text-align-left\" data-align=\"left\"><a href=\"https:\/\/alice.ch\/fr\/event\/journee-dechanges-ffa-2022\/\">2022<\/a><\/td><td class=\"has-text-align-left\" data-align=\"left\">R\u00e9vision du syst\u00e8me modulaire FFA<\/td><td class=\"has-text-align-left\" data-align=\"left\">Christina Jacober, Gregor Thurnherr, Andreas Schubiger<\/td><\/tr><tr><td class=\"has-text-align-left\" data-align=\"left\"><a href=\"https:\/\/alice.ch\/fr\/event\/journee-dechanges-ffa-2021\/\">2021<\/a><\/td><td class=\"has-text-align-left\" data-align=\"left\">Portfolio<\/td><td class=\"has-text-align-left\" data-align=\"left\">Christina Jacober, Andreas S\u00e4gesser, Marion Leutenegger, Ueli B\u00fcrgi, Gregor Thurnherr, Bernhard Gr\u00e4miger<\/td><\/tr><tr><td class=\"has-text-align-left\" data-align=\"left\"><a href=\"https:\/\/alice.ch\/fr\/event\/journee-dechanges-ffa-2020\/\">2020<\/a><\/td><td class=\"has-text-align-left\" data-align=\"left\">Syst\u00e8me FFA 2024 : L\u2019\u00e9thique comme accent de la r\u00e9vision<\/td><td class=\"has-text-align-left\" data-align=\"left\">Barbara Bleisch<\/td><\/tr><tr><td class=\"has-text-align-left\" data-align=\"left\"><a href=\"https:\/\/alice.ch\/fr\/event\/journee-dechanges-ffa-2019\/\">2019<\/a><\/td><td class=\"has-text-align-left\" data-align=\"left\">R\u00e9vision du syst\u00e8me modulaire FFA<\/td><td class=\"has-text-align-left\" data-align=\"left\">Andreas Schubiger, Patrick Rywalski<\/td><\/tr><tr><td class=\"has-text-align-left\" data-align=\"left\"><a href=\"https:\/\/alice.ch\/fr\/event\/journee-dechanges-ffa-2018\/\">2018<\/a><\/td><td class=\"has-text-align-left\" data-align=\"left\">Le syst\u00e8me FFA en route vers le futur<\/td><td class=\"has-text-align-left\" data-align=\"left\">Hans-Peter Karrer, Daniel Carron, Andreas Schubiger<\/td><\/tr><tr><td class=\"has-text-align-left\" data-align=\"left\"><a href=\"https:\/\/alice.ch\/fr\/event\/journee-dechanges-ffa-2017\/\">2017<\/a><\/td><td class=\"has-text-align-left\" data-align=\"left\">Conduite de cours \u2013 quelles sont les comp\u00e9tences attendues de demain?<\/td><td class=\"has-text-align-left\" data-align=\"left\">Bruno Bieri, Marc B\u00f6hler, Anton Bolfing, Domenico Finocchiaro, Prof. Dr. Christoph Negri, Ramona Nobs, Ricarda T. D. Reimer<\/td><\/tr><\/tbody><\/table><\/figure>\n\n\n\n<h2 class=\"wp-block-heading\">Contact<\/h2>\n\n\n\n<div class=\"wp-block-columns is-layout-flex wp-container-core-columns-is-layout-28f84493 wp-block-columns-is-layout-flex\">\n<div class=\"wp-block-column is-layout-flow wp-block-column-is-layout-flow\" style=\"flex-basis:50%\"><div class=\"contact-persons\">\n\n\t\t\t\t\t<div class=\"contact-person\">\n\t\t\t\t\tFSEA F\u00e9d\u00e9ration suisse pour la formation continue<br \/>\t\t\t\t\t\t\t\t\t\t<br \/>\n\t\t\t\t\tSecr\u00e9tariat romand<br \/>\r\nRue de Gen\u00e8ve 88b<br \/>\r\n1004 Lausanne<br \/>\t\t\t\t\t<a href=\"tel:+41 (0)22 994 20 10\">+41 (0)22 994 20 10<\/a><br \/>\t\t\t\t\t<a href=\"mailto:fsea@alice.ch\">fsea@alice.ch<\/a><br \/>\t\t\t\t\t<\/div>\n\t\t\t\t\t<\/div>\n<\/div>\n\n\n\n<div class=\"wp-block-column is-layout-flow wp-block-column-is-layout-flow\" style=\"flex-basis:50%\"><\/div>\n<\/div>\n<\/div>\n","protected":false},"excerpt":{"rendered":"<p>Journ\u00e9es d&rsquo;\u00e9changes FFA Le Secr\u00e9tariat FFA organise chaque ann\u00e9e une journ\u00e9e d\u2019\u00e9changes th\u00e9matique. L&rsquo;\u00e9v\u00e9nement offre une plateforme \u00e0 toutes les [&hellip;]<\/p>\n","protected":false},"author":4,"featured_media":20799,"parent":17605,"menu_order":213,"comment_status":"closed","ping_status":"closed","template":"","meta":{"_acf_changed":false,"inline_featured_image":false,"footnotes":""},"class_list":["post-11225","page","type-page","status-publish","has-post-thumbnail","hentry"],"acf":[],"yoast_head":"<!-- This site is optimized with the Yoast SEO plugin v27.3 - https:\/\/yoast.com\/product\/yoast-seo-wordpress\/ -->\n<title>Journ\u00e9es d&#039;\u00e9changes FFA - FSEA<\/title>\n<meta name=\"description\" content=\"La conf\u00e9rence annuelle de la plateforme FFA offre une plateforme \u00e0 tous ceux qui sont concern\u00e9s par la formation des formateurs.\" \/>\n<meta name=\"robots\" content=\"index, follow, max-snippet:-1, max-image-preview:large, max-video-preview:-1\" \/>\n<link rel=\"canonical\" href=\"https:\/\/alice.ch\/fr\/professionnalisation\/prestataires-ffa\/journees-dechanges-ffa\/\" \/>\n<meta property=\"og:locale\" content=\"fr_FR\" \/>\n<meta property=\"og:type\" content=\"article\" \/>\n<meta property=\"og:title\" content=\"Journ\u00e9es d&#039;\u00e9changes FFA - FSEA\" \/>\n<meta property=\"og:description\" content=\"La conf\u00e9rence annuelle de la plateforme FFA offre une plateforme \u00e0 tous ceux qui sont concern\u00e9s par la formation des formateurs.\" \/>\n<meta property=\"og:url\" content=\"https:\/\/alice.ch\/fr\/professionnalisation\/prestataires-ffa\/journees-dechanges-ffa\/\" \/>\n<meta property=\"og:site_name\" content=\"SVEB\" \/>\n<meta property=\"article:modified_time\" content=\"2026-03-31T10:46:29+00:00\" \/>\n<meta name=\"twitter:card\" content=\"summary_large_image\" \/>\n<meta name=\"twitter:label1\" content=\"Dur\u00e9e de lecture estim\u00e9e\" \/>\n\t<meta name=\"twitter:data1\" content=\"2 minutes\" \/>\n<script type=\"application\/ld+json\" class=\"yoast-schema-graph\">{\"@context\":\"https:\\\/\\\/schema.org\",\"@graph\":[{\"@type\":\"WebPage\",\"@id\":\"https:\\\/\\\/alice.ch\\\/fr\\\/professionnalisation\\\/prestataires-ffa\\\/journees-dechanges-ffa\\\/\",\"url\":\"https:\\\/\\\/alice.ch\\\/fr\\\/professionnalisation\\\/prestataires-ffa\\\/journees-dechanges-ffa\\\/\",\"name\":\"Journ\u00e9es d'\u00e9changes FFA - FSEA\",\"isPartOf\":{\"@id\":\"https:\\\/\\\/alice.ch\\\/fr\\\/#website\"},\"primaryImageOfPage\":{\"@id\":\"https:\\\/\\\/alice.ch\\\/fr\\\/professionnalisation\\\/prestataires-ffa\\\/journees-dechanges-ffa\\\/#primaryimage\"},\"image\":{\"@id\":\"https:\\\/\\\/alice.ch\\\/fr\\\/professionnalisation\\\/prestataires-ffa\\\/journees-dechanges-ffa\\\/#primaryimage\"},\"thumbnailUrl\":\"https:\\\/\\\/alice.ch\\\/app\\\/uploads\\\/2022\\\/11\\\/default.jpg\",\"datePublished\":\"2022-08-16T15:43:54+00:00\",\"dateModified\":\"2026-03-31T10:46:29+00:00\",\"description\":\"La conf\u00e9rence annuelle de la plateforme FFA offre une plateforme \u00e0 tous ceux qui sont concern\u00e9s par la formation des formateurs.\",\"breadcrumb\":{\"@id\":\"https:\\\/\\\/alice.ch\\\/fr\\\/professionnalisation\\\/prestataires-ffa\\\/journees-dechanges-ffa\\\/#breadcrumb\"},\"inLanguage\":\"fr-FR\",\"potentialAction\":[{\"@type\":\"ReadAction\",\"target\":[\"https:\\\/\\\/alice.ch\\\/fr\\\/professionnalisation\\\/prestataires-ffa\\\/journees-dechanges-ffa\\\/\"]}]},{\"@type\":\"ImageObject\",\"inLanguage\":\"fr-FR\",\"@id\":\"https:\\\/\\\/alice.ch\\\/fr\\\/professionnalisation\\\/prestataires-ffa\\\/journees-dechanges-ffa\\\/#primaryimage\",\"url\":\"https:\\\/\\\/alice.ch\\\/app\\\/uploads\\\/2022\\\/11\\\/default.jpg\",\"contentUrl\":\"https:\\\/\\\/alice.ch\\\/app\\\/uploads\\\/2022\\\/11\\\/default.jpg\",\"width\":1600,\"height\":900},{\"@type\":\"BreadcrumbList\",\"@id\":\"https:\\\/\\\/alice.ch\\\/fr\\\/professionnalisation\\\/prestataires-ffa\\\/journees-dechanges-ffa\\\/#breadcrumb\",\"itemListElement\":[{\"@type\":\"ListItem\",\"position\":1,\"name\":\"Page d'accueil\",\"item\":\"https:\\\/\\\/alice.ch\\\/fr\\\/\"},{\"@type\":\"ListItem\",\"position\":2,\"name\":\"Professionnalisation\",\"item\":\"https:\\\/\\\/alice.ch\\\/fr\\\/professionnalisation\\\/\"},{\"@type\":\"ListItem\",\"position\":3,\"name\":\"Prestataires FFA\",\"item\":\"https:\\\/\\\/alice.ch\\\/fr\\\/professionnalisation\\\/prestataires-ffa\\\/\"},{\"@type\":\"ListItem\",\"position\":4,\"name\":\"Journ\u00e9es d&#8217;\u00e9changes FFA\"}]},{\"@type\":\"WebSite\",\"@id\":\"https:\\\/\\\/alice.ch\\\/fr\\\/#website\",\"url\":\"https:\\\/\\\/alice.ch\\\/fr\\\/\",\"name\":\"alice.ch (Adult Learning Information Center) ist das Portal der Weiterbildung in der Schweiz.\",\"description\":\"Schweizerischer Verband f\u00fcr Weiterbildung\",\"publisher\":{\"@id\":\"https:\\\/\\\/alice.ch\\\/fr\\\/#organization\"},\"potentialAction\":[{\"@type\":\"SearchAction\",\"target\":{\"@type\":\"EntryPoint\",\"urlTemplate\":\"https:\\\/\\\/alice.ch\\\/fr\\\/?s={search_term_string}\"},\"query-input\":{\"@type\":\"PropertyValueSpecification\",\"valueRequired\":true,\"valueName\":\"search_term_string\"}}],\"inLanguage\":\"fr-FR\"},{\"@type\":\"Organization\",\"@id\":\"https:\\\/\\\/alice.ch\\\/fr\\\/#organization\",\"name\":\"FSEA F\u00e9d\u00e9ration suisse pour la formation continue\",\"url\":\"https:\\\/\\\/alice.ch\\\/fr\\\/\",\"logo\":{\"@type\":\"ImageObject\",\"inLanguage\":\"fr-FR\",\"@id\":\"https:\\\/\\\/alice.ch\\\/fr\\\/#\\\/schema\\\/logo\\\/image\\\/\",\"url\":\"https:\\\/\\\/alice.ch\\\/app\\\/uploads\\\/2022\\\/07\\\/logo-sveb.png\",\"contentUrl\":\"https:\\\/\\\/alice.ch\\\/app\\\/uploads\\\/2022\\\/07\\\/logo-sveb.png\",\"width\":145,\"height\":64,\"caption\":\"FSEA F\u00e9d\u00e9ration suisse pour la formation continue\"},\"image\":{\"@id\":\"https:\\\/\\\/alice.ch\\\/fr\\\/#\\\/schema\\\/logo\\\/image\\\/\"},\"sameAs\":[\"https:\\\/\\\/www.linkedin.com\\\/company\\\/schweizerischer-verband-fr-weiterbildung-sveb\\\/\"]}]}<\/script>\n<!-- \/ Yoast SEO plugin. -->","yoast_head_json":{"title":"Journ\u00e9es d'\u00e9changes FFA - FSEA","description":"La conf\u00e9rence annuelle de la plateforme FFA offre une plateforme \u00e0 tous ceux qui sont concern\u00e9s par la formation des formateurs.","robots":{"index":"index","follow":"follow","max-snippet":"max-snippet:-1","max-image-preview":"max-image-preview:large","max-video-preview":"max-video-preview:-1"},"canonical":"https:\/\/alice.ch\/fr\/professionnalisation\/prestataires-ffa\/journees-dechanges-ffa\/","og_locale":"fr_FR","og_type":"article","og_title":"Journ\u00e9es d'\u00e9changes FFA - FSEA","og_description":"La conf\u00e9rence annuelle de la plateforme FFA offre une plateforme \u00e0 tous ceux qui sont concern\u00e9s par la formation des formateurs.","og_url":"https:\/\/alice.ch\/fr\/professionnalisation\/prestataires-ffa\/journees-dechanges-ffa\/","og_site_name":"SVEB","article_modified_time":"2026-03-31T10:46:29+00:00","twitter_card":"summary_large_image","twitter_misc":{"Dur\u00e9e de lecture estim\u00e9e":"2 minutes"},"schema":{"@context":"https:\/\/schema.org","@graph":[{"@type":"WebPage","@id":"https:\/\/alice.ch\/fr\/professionnalisation\/prestataires-ffa\/journees-dechanges-ffa\/","url":"https:\/\/alice.ch\/fr\/professionnalisation\/prestataires-ffa\/journees-dechanges-ffa\/","name":"Journ\u00e9es d'\u00e9changes FFA - FSEA","isPartOf":{"@id":"https:\/\/alice.ch\/fr\/#website"},"primaryImageOfPage":{"@id":"https:\/\/alice.ch\/fr\/professionnalisation\/prestataires-ffa\/journees-dechanges-ffa\/#primaryimage"},"image":{"@id":"https:\/\/alice.ch\/fr\/professionnalisation\/prestataires-ffa\/journees-dechanges-ffa\/#primaryimage"},"thumbnailUrl":"https:\/\/alice.ch\/app\/uploads\/2022\/11\/default.jpg","datePublished":"2022-08-16T15:43:54+00:00","dateModified":"2026-03-31T10:46:29+00:00","description":"La conf\u00e9rence annuelle de la plateforme FFA offre une plateforme \u00e0 tous ceux qui sont concern\u00e9s par la formation des formateurs.","breadcrumb":{"@id":"https:\/\/alice.ch\/fr\/professionnalisation\/prestataires-ffa\/journees-dechanges-ffa\/#breadcrumb"},"inLanguage":"fr-FR","potentialAction":[{"@type":"ReadAction","target":["https:\/\/alice.ch\/fr\/professionnalisation\/prestataires-ffa\/journees-dechanges-ffa\/"]}]},{"@type":"ImageObject","inLanguage":"fr-FR","@id":"https:\/\/alice.ch\/fr\/professionnalisation\/prestataires-ffa\/journees-dechanges-ffa\/#primaryimage","url":"https:\/\/alice.ch\/app\/uploads\/2022\/11\/default.jpg","contentUrl":"https:\/\/alice.ch\/app\/uploads\/2022\/11\/default.jpg","width":1600,"height":900},{"@type":"BreadcrumbList","@id":"https:\/\/alice.ch\/fr\/professionnalisation\/prestataires-ffa\/journees-dechanges-ffa\/#breadcrumb","itemListElement":[{"@type":"ListItem","position":1,"name":"Page d'accueil","item":"https:\/\/alice.ch\/fr\/"},{"@type":"ListItem","position":2,"name":"Professionnalisation","item":"https:\/\/alice.ch\/fr\/professionnalisation\/"},{"@type":"ListItem","position":3,"name":"Prestataires FFA","item":"https:\/\/alice.ch\/fr\/professionnalisation\/prestataires-ffa\/"},{"@type":"ListItem","position":4,"name":"Journ\u00e9es d&#8217;\u00e9changes FFA"}]},{"@type":"WebSite","@id":"https:\/\/alice.ch\/fr\/#website","url":"https:\/\/alice.ch\/fr\/","name":"alice.ch (Adult Learning Information Center) ist das Portal der Weiterbildung in der Schweiz.","description":"Schweizerischer Verband f\u00fcr Weiterbildung","publisher":{"@id":"https:\/\/alice.ch\/fr\/#organization"},"potentialAction":[{"@type":"SearchAction","target":{"@type":"EntryPoint","urlTemplate":"https:\/\/alice.ch\/fr\/?s={search_term_string}"},"query-input":{"@type":"PropertyValueSpecification","valueRequired":true,"valueName":"search_term_string"}}],"inLanguage":"fr-FR"},{"@type":"Organization","@id":"https:\/\/alice.ch\/fr\/#organization","name":"FSEA F\u00e9d\u00e9ration suisse pour la formation continue","url":"https:\/\/alice.ch\/fr\/","logo":{"@type":"ImageObject","inLanguage":"fr-FR","@id":"https:\/\/alice.ch\/fr\/#\/schema\/logo\/image\/","url":"https:\/\/alice.ch\/app\/uploads\/2022\/07\/logo-sveb.png","contentUrl":"https:\/\/alice.ch\/app\/uploads\/2022\/07\/logo-sveb.png","width":145,"height":64,"caption":"FSEA F\u00e9d\u00e9ration suisse pour la formation continue"},"image":{"@id":"https:\/\/alice.ch\/fr\/#\/schema\/logo\/image\/"},"sameAs":["https:\/\/www.linkedin.com\/company\/schweizerischer-verband-fr-weiterbildung-sveb\/"]}]}},"_links":{"self":[{"href":"https:\/\/alice.ch\/fr\/wp-json\/wp\/v2\/pages\/11225","targetHints":{"allow":["GET"]}}],"collection":[{"href":"https:\/\/alice.ch\/fr\/wp-json\/wp\/v2\/pages"}],"about":[{"href":"https:\/\/alice.ch\/fr\/wp-json\/wp\/v2\/types\/page"}],"author":[{"embeddable":true,"href":"https:\/\/alice.ch\/fr\/wp-json\/wp\/v2\/users\/4"}],"replies":[{"embeddable":true,"href":"https:\/\/alice.ch\/fr\/wp-json\/wp\/v2\/comments?post=11225"}],"version-history":[{"count":29,"href":"https:\/\/alice.ch\/fr\/wp-json\/wp\/v2\/pages\/11225\/revisions"}],"predecessor-version":[{"id":74713,"href":"https:\/\/alice.ch\/fr\/wp-json\/wp\/v2\/pages\/11225\/revisions\/74713"}],"up":[{"embeddable":true,"href":"https:\/\/alice.ch\/fr\/wp-json\/wp\/v2\/pages\/17605"}],"wp:featuredmedia":[{"embeddable":true,"href":"https:\/\/alice.ch\/fr\/wp-json\/wp\/v2\/media\/20799"}],"wp:attachment":[{"href":"https:\/\/alice.ch\/fr\/wp-json\/wp\/v2\/media?parent=11225"}],"curies":[{"name":"wp","href":"https:\/\/api.w.org\/{rel}","templated":true}]}}