{"id":11241,"date":"2022-08-16T17:47:14","date_gmt":"2022-08-16T15:47:14","guid":{"rendered":"https:\/\/projects.atxeit.ch\/sveb\/qualitaetslabel-eduqua\/traegerschaft-und-entwicklung-des-eduqua-labels\/"},"modified":"2025-10-13T16:13:53","modified_gmt":"2025-10-13T14:13:53","slug":"responsabilite-organisation","status":"publish","type":"page","link":"https:\/\/alice.ch\/fr\/qualite\/eduqua\/responsabilite-organisation\/","title":{"rendered":"Responsabilit\u00e9 et d\u00e9veloppement du label eduQua"},"content":{"rendered":"\n<div class=\"wp-block-group is-style-reduced-width is-layout-flow wp-block-group-is-layout-flow\">\n<h1 class=\"wp-block-heading\">Responsabilit\u00e9 et d\u00e9veloppement du label eduQua<\/h1>\n\n\n\n<p class=\"is-style-lead\">Depuis 2018, la F\u00e9d\u00e9ration suisse pour la formation continue (FSEA) est l&rsquo;unique porteur responsable du label de qualit\u00e9 eduQua. Elle g\u00e8re le secr\u00e9tariat eduQua et assure le fonctionnement du syst\u00e8me. Le&nbsp;comit\u00e9 directeur de la FSEA&nbsp;fait office d&rsquo;organe de pilotage.<\/p>\n\n\n\n<p>En tant qu&rsquo;organe consultatif, le groupe d&rsquo;accompagnement eduQua joue un r\u00f4le essentiel dans le d\u00e9veloppement du label. Ses membres sont des repr\u00e9sentantes et repr\u00e9sentants des pouvoirs publics et des structures de promotion ainsi que des prestataires de formation continue priv\u00e9s et publics.<\/p>\n\n\n\n<p>Les <a href=\"https:\/\/alice.ch\/fr\/qualite\/eduqua\/instances-de-certification\/\">instances de certification<\/a> sont responsables de la mise en \u0153uvre de la proc\u00e9dure de certification aupr\u00e8s des institutions de formation continue. Celles-ci sont accr\u00e9dit\u00e9es par le Service d&rsquo;accr\u00e9ditation suisse (<a href=\"https:\/\/www.sas.admin.ch\/sas\/fr\/home.html\" target=\"_blank\" rel=\"noreferrer noopener\">SAS<\/a>).<\/p>\n\n\n\n<h2 class=\"wp-block-heading\">Groupe d&rsquo;accompagnement eduQua : composition<\/h2>\n\n\n\n<p>Les organisations suivantes sont membres du groupe d\u2019accompagnement eduQua :<\/p>\n\n\n\n<h3 class=\"wp-block-heading\">Structures de soutien\/public<\/h3>\n\n\n\n<ul class=\"wp-block-list\">\n<li><a href=\"https:\/\/www.seco.admin.ch\/seco\/fr\/home.html\" target=\"_blank\" rel=\"noreferrer noopener\">Secr\u00e9tariat d&rsquo;Etat \u00e0 l&rsquo;\u00e9conomie (SECO)<\/a><\/li>\n\n\n\n<li><a href=\"https:\/\/vsaa.ch\/fr\/\" target=\"_blank\" rel=\"noreferrer noopener\">Association des offices suisses du travail (AOST)<\/a><\/li>\n\n\n\n<li><a href=\"https:\/\/www.sbfi.admin.ch\/sbfi\/fr\/home.html\" target=\"_blank\" rel=\"noreferrer noopener\">Secr\u00e9tariat d&rsquo;Etat \u00e0 la formation, \u00e0 la recherche et \u00e0 l&rsquo;innovation (SEFRI)<\/a><\/li>\n\n\n\n<li><a href=\"https:\/\/www.sem.admin.ch\/sem\/fr\/home.html\" target=\"_blank\" rel=\"noreferrer noopener\">Secr\u00e9tariat d&rsquo;Etat aux migrations (SEM)<\/a><\/li>\n\n\n\n<li><a href=\"https:\/\/www.ifc.ti.ch\/\">Instituto della formazione continua (IFC) Ticino<\/a><\/li>\n\n\n\n<li><a href=\"https:\/\/www.edk.ch\/fr\">Conf\u00e9rence des directrices et directeurs cantonaux de l&rsquo;instruction publique<\/a><br>repr\u00e9sent\u00e9e par :\n<ul class=\"wp-block-list\">\n<li><a href=\"https:\/\/www.edk.ch\/fr\/csfp\">Conf\u00e9rence suisse des offices de la formation professionnelle (CSFP)<\/a><\/li>\n\n\n\n<li><a href=\"https:\/\/www.edk.ch\/fr\/themes\/formation-professionnelle\/csfc\">Conf\u00e9rence suisse de la formation continue (CSFC)<\/a><\/li>\n<\/ul>\n<\/li>\n<\/ul>\n\n\n\n<h3 class=\"wp-block-heading\">Prestataires de formation continue<\/h3>\n\n\n\n<ul class=\"wp-block-list\">\n<li><a href=\"https:\/\/www.cip-tramelan.ch\/\">CIP (Centre interr\u00e9gional de perfectionnement) Tramelan<\/a><\/li>\n\n\n\n<li><a href=\"https:\/\/www.lernwerkstatt.ch\/\" target=\"_blank\" rel=\"noreferrer noopener\">Lernwerkstatt Olten<\/a><\/li>\n\n\n\n<li><a href=\"https:\/\/www.miduca.ch\/\">Miduca AG<\/a><\/li>\n\n\n\n<li><a href=\"https:\/\/www.perform.training\/\">PERFORM Yverdon-les-Bains<\/a><\/li>\n<\/ul>\n\n\n\n<h3 class=\"wp-block-heading\">Instances de certification<\/h3>\n\n\n\n<ul class=\"wp-block-list\">\n<li>Repr\u00e9sentant des instances:&nbsp;<a href=\"http:\/\/www.sqs.ch\/fr\" target=\"_blank\" rel=\"noreferrer noopener\">Association Suisse pour Syst\u00e8mes de Qualit\u00e9 et de Management (SQS)<\/a><\/li>\n<\/ul>\n\n\n\n<h2 class=\"wp-block-heading\">Organisation eduQua<\/h2>\n\n\n\n<div class=\"wp-block-columns is-layout-flex wp-container-core-columns-is-layout-28f84493 wp-block-columns-is-layout-flex\">\n<div class=\"wp-block-column is-layout-flow wp-block-column-is-layout-flow\" style=\"flex-basis:50%\">\n<div class=\"wp-block-file\"><a id=\"wp-block-file--media-eec9df04-5b29-4ed0-89c9-db8c1ad39e07\" href=\"https:\/\/alice.ch\/app\/uploads\/2022\/11\/Organisation_eduQua_FR.pdf\" target=\"_blank\" rel=\"noreferrer noopener\">Structure organisationnelle eduQua<br \/>PDF &#8211; 137 kb<\/a><\/div>\n<\/div>\n\n\n\n<div class=\"wp-block-column is-layout-flow wp-block-column-is-layout-flow\" style=\"flex-basis:50%\"><\/div>\n<\/div>\n\n\n\n<h2 class=\"wp-block-heading\">Le d\u00e9veloppement du label eduQua<\/h2>\n\n\n\n<p>Le label de qualit\u00e9 eduQua a \u00e9t\u00e9 d\u00e9velopp\u00e9 \u00e0 la fin des ann\u00e9es 90 \u00e0 l&rsquo;initiative du Secr\u00e9tariat d&rsquo;\u00c9tat \u00e0 l&rsquo;\u00e9conomie (SECO), de l&rsquo;ancien Office f\u00e9d\u00e9ral de la formation professionnelle et de la technologie (OFFT, aujourd&rsquo;hui Secr\u00e9tariat d&rsquo;\u00c9tat \u00e0 la formation, \u00e0 la recherche et \u00e0 l&rsquo;innovation \u2013 SEFRI), de la Conf\u00e9rence des offices de formation professionnelle de Suisse al\u00e9manique (DBK) et de la F\u00e9d\u00e9ration suisse pour la formation continue (FSEA).&nbsp;<\/p>\n\n\n\n<p>eduQua est le label de qualit\u00e9 suisse dans le domaine de la formation continue et a \u00e9t\u00e9 la premi\u00e8re norme de qualit\u00e9 adapt\u00e9e aux institutions de formation pour adultes et de formation continue. C&rsquo;est l&rsquo;institution dans son ensemble qui est certifi\u00e9e, et non pas une offre individuelle ou une formatrice ou un formateur. D\u00e8s le d\u00e9but, l&rsquo;un des principaux objectifs du label a \u00e9t\u00e9 de d\u00e9montrer de mani\u00e8re transparente et compr\u00e9hensible l&rsquo;assurance qualit\u00e9 des prestataires \u00e0 la client\u00e8le, aux autorit\u00e9s et aux structures de promotion cantonales.<\/p>\n\n\n\n<p>La premi\u00e8re version de la norme a \u00e9t\u00e9 publi\u00e9e en 2000. Depuis le lancement du certificat eduQua, le secr\u00e9tariat eduQua est rattach\u00e9 \u00e0 la FSEA. A la fin de l&rsquo;ann\u00e9e 2021, plus de 1000 prestataires \u00e9taient <a href=\"https:\/\/alice.ch\/fr\/qualite\/eduqua\/institutions-certifiees\/\">certifi\u00e9s<\/a>.<\/p>\n\n\n\n<h3 class=\"wp-block-heading\">eduQua:2004<\/h3>\n\n\n\n<p>La premi\u00e8re r\u00e9vision (eduQua:2004) est entr\u00e9e en vigueur d\u00e8s 2006. Une offre s\u00e9lectionn\u00e9e \u00e9tait au centre des audits de certification. Les exigences pos\u00e9es aux offres et \u00e0 l&rsquo;institution ont \u00e9t\u00e9 formul\u00e9es chacune dans des normes s\u00e9par\u00e9es et parall\u00e8les.<\/p>\n\n\n\n<h3 class=\"wp-block-heading\">eduQua:2012<\/h3>\n\n\n\n<p>Dans la norme <a href=\"https:\/\/alice.ch\/fr\/qualite\/eduqua\/transition\/\">eduQua:2012<\/a>, les exigences en mati\u00e8re de direction et de gestion de la qualit\u00e9 ont \u00e9t\u00e9 renforc\u00e9es \u2013 en plus des standards relatifs aux offres de formation continue et \u00e0 la r\u00e9alisation des cours. En cons\u00e9quence, de nouveaux standards relatifs aux instruments de gestion, \u00e0 l&rsquo;organisation et au contr\u00f4le de gestion ont \u00e9t\u00e9 int\u00e9gr\u00e9s. La norme a \u00e9t\u00e9 construite sur six crit\u00e8res sup\u00e9rieurs auxquels ont \u00e9t\u00e9 attribu\u00e9s 22 standards. En ce qui concerne les documents \u00e0 soumettre pour chaque standard, une distinction a \u00e9t\u00e9 faite entre les niveaux de l&rsquo;institution et de l&rsquo;offre.<\/p>\n\n\n\n<h3 class=\"wp-block-heading\">eduQua:2021<\/h3>\n\n\n\n<p>Avec la derni\u00e8re r\u00e9vision, <a href=\"https:\/\/alice.ch\/fr\/qualite\/eduqua\/eduqua2021\/\">eduQua:2021<\/a> a clairement \u00e9t\u00e9 positionn\u00e9e comme norme pour les prestataires dans tous les domaines de la formation continue. La partie gestion et management de la qualit\u00e9 s\u2019appuie sur la structure des normes de management ISO et comprend des exigences actuelles pour une orientation contextuelle et flexible de l\u2019institution et de ses offres. La norme est d\u00e9sormais structur\u00e9e selon 8 principes et 19 crit\u00e8res et pr\u00e9sente une structure claire et ax\u00e9e sur la pratique.<\/p>\n\n\n\n<p>En ce qui concerne les exigences relatives aux offres de formation continue et aux processus d\u2019apprentissage, la diversit\u00e9 croissante et les tendances en mati\u00e8re d\u2019offres et de formes d\u2019apprentissage ont \u00e9t\u00e9 int\u00e9gr\u00e9es. D\u00e9sormais, l\u2019institution montre dans la proc\u00e9dure d\u2019audit la mise en \u0153uvre et l\u2019efficacit\u00e9 de la gestion de la qualit\u00e9 \u00e0 l\u2019aide des diff\u00e9rentes offres, la pr\u00e9sentation \u00e0 l\u2019aide d\u2019une offre sp\u00e9cifique est supprim\u00e9e.<\/p>\n\n\n\n<h2 class=\"wp-block-heading\">Contact<\/h2>\n\n\n\n<div class=\"wp-block-columns is-layout-flex wp-container-core-columns-is-layout-28f84493 wp-block-columns-is-layout-flex\">\n<div class=\"wp-block-column is-layout-flow wp-block-column-is-layout-flow\" style=\"flex-basis:50%\"><div class=\"contact-persons\">\n\n\t\t\t\t\t<div class=\"contact-person\">\n\t\t\t\t\tSecr\u00e9tariat r\u00e9gional eduQua<br \/>\t\t\t\t\tFSEA F\u00e9d\u00e9ration suisse pour la formation continue<br \/>\t\t\t\t\t<br \/>\n\t\t\t\t\tRue de Gen\u00e8ve 88b<br \/>\r\n1004 Lausanne<br \/>\t\t\t\t\t<a href=\"tel:+41 (0)22 994 20 10\">+41 (0)22 994 20 10<\/a><br \/>\t\t\t\t\t<a href=\"mailto:fsea@alice.ch\">fsea@alice.ch<\/a><br \/>\t\t\t\t\t<\/div>\n\t\t\t\t\t<\/div>\n<\/div>\n\n\n\n<div class=\"wp-block-column is-layout-flow wp-block-column-is-layout-flow\" style=\"flex-basis:50%\"><\/div>\n<\/div>\n<\/div>\n","protected":false},"excerpt":{"rendered":"<p>Responsabilit\u00e9 et d\u00e9veloppement du label eduQua Depuis 2018, la F\u00e9d\u00e9ration suisse pour la formation continue (FSEA) est l&rsquo;unique porteur responsable [&hellip;]<\/p>\n","protected":false},"author":4,"featured_media":20799,"parent":11227,"menu_order":257,"comment_status":"closed","ping_status":"closed","template":"","meta":{"_acf_changed":false,"inline_featured_image":false,"footnotes":""},"class_list":["post-11241","page","type-page","status-publish","has-post-thumbnail","hentry"],"acf":[],"yoast_head":"<!-- This site is optimized with the Yoast SEO plugin v27.3 - https:\/\/yoast.com\/product\/yoast-seo-wordpress\/ -->\n<title>Responsabilit\u00e9 et d\u00e9veloppement du label eduQua - FSEA<\/title>\n<meta name=\"description\" content=\"La FSEA est l&#039;organisme responsable du label de qualit\u00e9 eduQua. Elle g\u00e8re le secr\u00e9tariat eduQua et assure le fonctionnement du syst\u00e8me.\" \/>\n<meta name=\"robots\" content=\"index, follow, max-snippet:-1, max-image-preview:large, max-video-preview:-1\" \/>\n<link rel=\"canonical\" href=\"https:\/\/alice.ch\/fr\/qualite\/eduqua\/responsabilite-organisation\/\" \/>\n<meta property=\"og:locale\" content=\"fr_FR\" \/>\n<meta property=\"og:type\" content=\"article\" \/>\n<meta property=\"og:title\" content=\"Responsabilit\u00e9 et d\u00e9veloppement du label eduQua - FSEA\" \/>\n<meta property=\"og:description\" content=\"La FSEA est l&#039;organisme responsable du label de qualit\u00e9 eduQua. Elle g\u00e8re le secr\u00e9tariat eduQua et assure le fonctionnement du syst\u00e8me.\" \/>\n<meta property=\"og:url\" content=\"https:\/\/alice.ch\/fr\/qualite\/eduqua\/responsabilite-organisation\/\" \/>\n<meta property=\"og:site_name\" content=\"SVEB\" \/>\n<meta property=\"article:modified_time\" content=\"2025-10-13T14:13:53+00:00\" \/>\n<meta name=\"twitter:card\" content=\"summary_large_image\" \/>\n<meta name=\"twitter:label1\" content=\"Dur\u00e9e de lecture estim\u00e9e\" \/>\n\t<meta name=\"twitter:data1\" content=\"4 minutes\" \/>\n<script type=\"application\/ld+json\" class=\"yoast-schema-graph\">{\"@context\":\"https:\\\/\\\/schema.org\",\"@graph\":[{\"@type\":\"WebPage\",\"@id\":\"https:\\\/\\\/alice.ch\\\/fr\\\/qualite\\\/eduqua\\\/responsabilite-organisation\\\/\",\"url\":\"https:\\\/\\\/alice.ch\\\/fr\\\/qualite\\\/eduqua\\\/responsabilite-organisation\\\/\",\"name\":\"Responsabilit\u00e9 et d\u00e9veloppement du label eduQua - FSEA\",\"isPartOf\":{\"@id\":\"https:\\\/\\\/alice.ch\\\/fr\\\/#website\"},\"primaryImageOfPage\":{\"@id\":\"https:\\\/\\\/alice.ch\\\/fr\\\/qualite\\\/eduqua\\\/responsabilite-organisation\\\/#primaryimage\"},\"image\":{\"@id\":\"https:\\\/\\\/alice.ch\\\/fr\\\/qualite\\\/eduqua\\\/responsabilite-organisation\\\/#primaryimage\"},\"thumbnailUrl\":\"https:\\\/\\\/alice.ch\\\/app\\\/uploads\\\/2022\\\/11\\\/default.jpg\",\"datePublished\":\"2022-08-16T15:47:14+00:00\",\"dateModified\":\"2025-10-13T14:13:53+00:00\",\"description\":\"La FSEA est l'organisme responsable du label de qualit\u00e9 eduQua. Elle g\u00e8re le secr\u00e9tariat eduQua et assure le fonctionnement du syst\u00e8me.\",\"breadcrumb\":{\"@id\":\"https:\\\/\\\/alice.ch\\\/fr\\\/qualite\\\/eduqua\\\/responsabilite-organisation\\\/#breadcrumb\"},\"inLanguage\":\"fr-FR\",\"potentialAction\":[{\"@type\":\"ReadAction\",\"target\":[\"https:\\\/\\\/alice.ch\\\/fr\\\/qualite\\\/eduqua\\\/responsabilite-organisation\\\/\"]}]},{\"@type\":\"ImageObject\",\"inLanguage\":\"fr-FR\",\"@id\":\"https:\\\/\\\/alice.ch\\\/fr\\\/qualite\\\/eduqua\\\/responsabilite-organisation\\\/#primaryimage\",\"url\":\"https:\\\/\\\/alice.ch\\\/app\\\/uploads\\\/2022\\\/11\\\/default.jpg\",\"contentUrl\":\"https:\\\/\\\/alice.ch\\\/app\\\/uploads\\\/2022\\\/11\\\/default.jpg\",\"width\":1600,\"height\":900},{\"@type\":\"BreadcrumbList\",\"@id\":\"https:\\\/\\\/alice.ch\\\/fr\\\/qualite\\\/eduqua\\\/responsabilite-organisation\\\/#breadcrumb\",\"itemListElement\":[{\"@type\":\"ListItem\",\"position\":1,\"name\":\"Page d'accueil\",\"item\":\"https:\\\/\\\/alice.ch\\\/fr\\\/\"},{\"@type\":\"ListItem\",\"position\":2,\"name\":\"Qualit\u00e9\",\"item\":\"https:\\\/\\\/alice.ch\\\/fr\\\/qualite\\\/\"},{\"@type\":\"ListItem\",\"position\":3,\"name\":\"Le label qualit\u00e9 eduQua\",\"item\":\"https:\\\/\\\/alice.ch\\\/fr\\\/qualite\\\/eduqua\\\/\"},{\"@type\":\"ListItem\",\"position\":4,\"name\":\"Responsabilit\u00e9 et d\u00e9veloppement du label eduQua\"}]},{\"@type\":\"WebSite\",\"@id\":\"https:\\\/\\\/alice.ch\\\/fr\\\/#website\",\"url\":\"https:\\\/\\\/alice.ch\\\/fr\\\/\",\"name\":\"alice.ch (Adult Learning Information Center) ist das Portal der Weiterbildung in der Schweiz.\",\"description\":\"Schweizerischer Verband f\u00fcr Weiterbildung\",\"publisher\":{\"@id\":\"https:\\\/\\\/alice.ch\\\/fr\\\/#organization\"},\"potentialAction\":[{\"@type\":\"SearchAction\",\"target\":{\"@type\":\"EntryPoint\",\"urlTemplate\":\"https:\\\/\\\/alice.ch\\\/fr\\\/?s={search_term_string}\"},\"query-input\":{\"@type\":\"PropertyValueSpecification\",\"valueRequired\":true,\"valueName\":\"search_term_string\"}}],\"inLanguage\":\"fr-FR\"},{\"@type\":\"Organization\",\"@id\":\"https:\\\/\\\/alice.ch\\\/fr\\\/#organization\",\"name\":\"FSEA F\u00e9d\u00e9ration suisse pour la formation continue\",\"url\":\"https:\\\/\\\/alice.ch\\\/fr\\\/\",\"logo\":{\"@type\":\"ImageObject\",\"inLanguage\":\"fr-FR\",\"@id\":\"https:\\\/\\\/alice.ch\\\/fr\\\/#\\\/schema\\\/logo\\\/image\\\/\",\"url\":\"https:\\\/\\\/alice.ch\\\/app\\\/uploads\\\/2022\\\/07\\\/logo-sveb.png\",\"contentUrl\":\"https:\\\/\\\/alice.ch\\\/app\\\/uploads\\\/2022\\\/07\\\/logo-sveb.png\",\"width\":145,\"height\":64,\"caption\":\"FSEA F\u00e9d\u00e9ration suisse pour la formation continue\"},\"image\":{\"@id\":\"https:\\\/\\\/alice.ch\\\/fr\\\/#\\\/schema\\\/logo\\\/image\\\/\"},\"sameAs\":[\"https:\\\/\\\/www.linkedin.com\\\/company\\\/schweizerischer-verband-fr-weiterbildung-sveb\\\/\"]}]}<\/script>\n<!-- \/ Yoast SEO plugin. -->","yoast_head_json":{"title":"Responsabilit\u00e9 et d\u00e9veloppement du label eduQua - FSEA","description":"La FSEA est l'organisme responsable du label de qualit\u00e9 eduQua. Elle g\u00e8re le secr\u00e9tariat eduQua et assure le fonctionnement du syst\u00e8me.","robots":{"index":"index","follow":"follow","max-snippet":"max-snippet:-1","max-image-preview":"max-image-preview:large","max-video-preview":"max-video-preview:-1"},"canonical":"https:\/\/alice.ch\/fr\/qualite\/eduqua\/responsabilite-organisation\/","og_locale":"fr_FR","og_type":"article","og_title":"Responsabilit\u00e9 et d\u00e9veloppement du label eduQua - FSEA","og_description":"La FSEA est l'organisme responsable du label de qualit\u00e9 eduQua. Elle g\u00e8re le secr\u00e9tariat eduQua et assure le fonctionnement du syst\u00e8me.","og_url":"https:\/\/alice.ch\/fr\/qualite\/eduqua\/responsabilite-organisation\/","og_site_name":"SVEB","article_modified_time":"2025-10-13T14:13:53+00:00","twitter_card":"summary_large_image","twitter_misc":{"Dur\u00e9e de lecture estim\u00e9e":"4 minutes"},"schema":{"@context":"https:\/\/schema.org","@graph":[{"@type":"WebPage","@id":"https:\/\/alice.ch\/fr\/qualite\/eduqua\/responsabilite-organisation\/","url":"https:\/\/alice.ch\/fr\/qualite\/eduqua\/responsabilite-organisation\/","name":"Responsabilit\u00e9 et d\u00e9veloppement du label eduQua - FSEA","isPartOf":{"@id":"https:\/\/alice.ch\/fr\/#website"},"primaryImageOfPage":{"@id":"https:\/\/alice.ch\/fr\/qualite\/eduqua\/responsabilite-organisation\/#primaryimage"},"image":{"@id":"https:\/\/alice.ch\/fr\/qualite\/eduqua\/responsabilite-organisation\/#primaryimage"},"thumbnailUrl":"https:\/\/alice.ch\/app\/uploads\/2022\/11\/default.jpg","datePublished":"2022-08-16T15:47:14+00:00","dateModified":"2025-10-13T14:13:53+00:00","description":"La FSEA est l'organisme responsable du label de qualit\u00e9 eduQua. Elle g\u00e8re le secr\u00e9tariat eduQua et assure le fonctionnement du syst\u00e8me.","breadcrumb":{"@id":"https:\/\/alice.ch\/fr\/qualite\/eduqua\/responsabilite-organisation\/#breadcrumb"},"inLanguage":"fr-FR","potentialAction":[{"@type":"ReadAction","target":["https:\/\/alice.ch\/fr\/qualite\/eduqua\/responsabilite-organisation\/"]}]},{"@type":"ImageObject","inLanguage":"fr-FR","@id":"https:\/\/alice.ch\/fr\/qualite\/eduqua\/responsabilite-organisation\/#primaryimage","url":"https:\/\/alice.ch\/app\/uploads\/2022\/11\/default.jpg","contentUrl":"https:\/\/alice.ch\/app\/uploads\/2022\/11\/default.jpg","width":1600,"height":900},{"@type":"BreadcrumbList","@id":"https:\/\/alice.ch\/fr\/qualite\/eduqua\/responsabilite-organisation\/#breadcrumb","itemListElement":[{"@type":"ListItem","position":1,"name":"Page d'accueil","item":"https:\/\/alice.ch\/fr\/"},{"@type":"ListItem","position":2,"name":"Qualit\u00e9","item":"https:\/\/alice.ch\/fr\/qualite\/"},{"@type":"ListItem","position":3,"name":"Le label qualit\u00e9 eduQua","item":"https:\/\/alice.ch\/fr\/qualite\/eduqua\/"},{"@type":"ListItem","position":4,"name":"Responsabilit\u00e9 et d\u00e9veloppement du label eduQua"}]},{"@type":"WebSite","@id":"https:\/\/alice.ch\/fr\/#website","url":"https:\/\/alice.ch\/fr\/","name":"alice.ch (Adult Learning Information Center) ist das Portal der Weiterbildung in der Schweiz.","description":"Schweizerischer Verband f\u00fcr Weiterbildung","publisher":{"@id":"https:\/\/alice.ch\/fr\/#organization"},"potentialAction":[{"@type":"SearchAction","target":{"@type":"EntryPoint","urlTemplate":"https:\/\/alice.ch\/fr\/?s={search_term_string}"},"query-input":{"@type":"PropertyValueSpecification","valueRequired":true,"valueName":"search_term_string"}}],"inLanguage":"fr-FR"},{"@type":"Organization","@id":"https:\/\/alice.ch\/fr\/#organization","name":"FSEA F\u00e9d\u00e9ration suisse pour la formation continue","url":"https:\/\/alice.ch\/fr\/","logo":{"@type":"ImageObject","inLanguage":"fr-FR","@id":"https:\/\/alice.ch\/fr\/#\/schema\/logo\/image\/","url":"https:\/\/alice.ch\/app\/uploads\/2022\/07\/logo-sveb.png","contentUrl":"https:\/\/alice.ch\/app\/uploads\/2022\/07\/logo-sveb.png","width":145,"height":64,"caption":"FSEA F\u00e9d\u00e9ration suisse pour la formation continue"},"image":{"@id":"https:\/\/alice.ch\/fr\/#\/schema\/logo\/image\/"},"sameAs":["https:\/\/www.linkedin.com\/company\/schweizerischer-verband-fr-weiterbildung-sveb\/"]}]}},"_links":{"self":[{"href":"https:\/\/alice.ch\/fr\/wp-json\/wp\/v2\/pages\/11241","targetHints":{"allow":["GET"]}}],"collection":[{"href":"https:\/\/alice.ch\/fr\/wp-json\/wp\/v2\/pages"}],"about":[{"href":"https:\/\/alice.ch\/fr\/wp-json\/wp\/v2\/types\/page"}],"author":[{"embeddable":true,"href":"https:\/\/alice.ch\/fr\/wp-json\/wp\/v2\/users\/4"}],"replies":[{"embeddable":true,"href":"https:\/\/alice.ch\/fr\/wp-json\/wp\/v2\/comments?post=11241"}],"version-history":[{"count":24,"href":"https:\/\/alice.ch\/fr\/wp-json\/wp\/v2\/pages\/11241\/revisions"}],"predecessor-version":[{"id":71183,"href":"https:\/\/alice.ch\/fr\/wp-json\/wp\/v2\/pages\/11241\/revisions\/71183"}],"up":[{"embeddable":true,"href":"https:\/\/alice.ch\/fr\/wp-json\/wp\/v2\/pages\/11227"}],"wp:featuredmedia":[{"embeddable":true,"href":"https:\/\/alice.ch\/fr\/wp-json\/wp\/v2\/media\/20799"}],"wp:attachment":[{"href":"https:\/\/alice.ch\/fr\/wp-json\/wp\/v2\/media?parent=11241"}],"curies":[{"name":"wp","href":"https:\/\/api.w.org\/{rel}","templated":true}]}}