{"id":11289,"date":"2022-10-18T11:09:30","date_gmt":"2022-10-18T09:09:30","guid":{"rendered":"https:\/\/projects.atxeit.ch\/sveb\/weiterbildungsforschung-in-der-schweiz\/"},"modified":"2024-07-08T09:53:59","modified_gmt":"2024-07-08T07:53:59","slug":"la-recherche-sur-la-formation-continue-en-suisse","status":"publish","type":"page","link":"https:\/\/alice.ch\/fr\/recherche\/reseau-et-echange\/la-recherche-sur-la-formation-continue-en-suisse\/","title":{"rendered":"La recherche sur la formation continue en Suisse"},"content":{"rendered":"\n<div class=\"wp-block-group is-style-reduced-width is-layout-flow wp-block-group-is-layout-flow\">\n<h1 class=\"wp-block-heading\">La recherche sur la formation continue en Suisse<\/h1>\n\n\n\n<h2 class=\"wp-block-heading\">Chaires suisses et possibilit\u00e9s d&rsquo;\u00e9tudes<\/h2>\n\n\n\n<ul class=\"wp-block-list\">\n<li><strong>Universit\u00e9 de Gen\u00e8ve:\u00a0<\/strong>La chaire du\u00a0<a href=\"https:\/\/www.unige.ch\/fapse\/mimesis\/membres\/baudouin\" target=\"_blank\" rel=\"noreferrer noopener\">professeur Jean-Michel Baudouin<\/a>\u00a0est la seule universit\u00e9 suisse \u00e0 proposer un\u00a0<a href=\"https:\/\/www.unige.ch\/fapse\/lesetudes\/maitrises\/fa\/\" target=\"_blank\" rel=\"noreferrer noopener\">Master en formation des adultes<\/a>.<\/li>\n\n\n\n<li><strong>Haute \u00e9cole sp\u00e9cialis\u00e9e du nord-ouest de la Suisse<\/strong>: Prof. Ulla Klingovsky dirige la&nbsp;<a href=\"https:\/\/www.fhnw.ch\/de\/die-fhnw\/hochschulen\/ph\/institute\/institut-weiterbildung-und-beratung\/professuren-und-zentren\/professur-erwachsenenbildung-und-weiterbildung\" target=\"_blank\" rel=\"noreferrer noopener\">chaire de formation des adultes et de formation continue<\/a>&nbsp;\u00e0 la FHNW. Le cursus comprend un Master of Educational Sciences en coop\u00e9ration avec l&rsquo;Universit\u00e9 de B\u00e2le et un MAS en gestion de la formation des adultes. D&rsquo;autres cours existent dans le domaine de la didactique.<\/li>\n<\/ul>\n\n\n\n<h2 class=\"wp-block-heading\">Donn\u00e9es sur les projets de recherche<\/h2>\n\n\n\n<ul class=\"wp-block-list\">\n<li>Le&nbsp;<a href=\"http:\/\/www.skbf-csre.ch\/fr\/news\/\" target=\"_blank\" rel=\"noreferrer noopener\">Centre suisse de coordination pour la recherche en \u00e9ducation CSRE<\/a>&nbsp;g\u00e8re une base de donn\u00e9es contenant des informations sur la recherche en \u00e9ducation\/formation. En m\u00eame temps, le CSRE assure le suivi de l&rsquo;ensemble du syst\u00e8me \u00e9ducatif, y compris la formation continue, pour le compte du gouvernement f\u00e9d\u00e9ral.&nbsp;<a href=\"http:\/\/www.skbf-csre.ch\/fr\/rapport-sur-leducation\/rapport-education\/\" target=\"_blank\" rel=\"noreferrer noopener\">Le Rapport sur l&rsquo;\u00e9ducation<\/a>&nbsp;est publi\u00e9 tous les quatre ans. Outre la documentation et l&rsquo;information sur les projets de recherche, le CSRE coordonne et encourage la coop\u00e9ration nationale et internationale dans le domaine de la recherche en \u00e9ducation.<\/li>\n\n\n\n<li><a href=\"https:\/\/forscenter.ch\/?lang=fr\" target=\"_blank\" rel=\"noreferrer noopener\">FORS<\/a>&nbsp;fournit d&rsquo;autres donn\u00e9es et statistiques. Le P\u00f4le de Comp\u00e9tence National des Sciences Sociales collecte les donn\u00e9es d&rsquo;enqu\u00eates nationales et internationales et met \u00e0 disposition des bases de donn\u00e9es et des analyses secondaires.<\/li>\n<\/ul>\n\n\n\n<h2 class=\"wp-block-heading\">Financement de recherche<\/h2>\n\n\n\n<ul class=\"wp-block-list\">\n<li>Le SEFRI promeut la recherche minist\u00e9rielle en mati\u00e8re de formation continue sur la base de la&nbsp;<a href=\"https:\/\/alice.ch\/de\/sveb\/weiterbildungspolitik\/weiterbildungsgesetz\/\">Loi sur la formation continue<\/a>. Le SEFRI est \u00e9galement charg\u00e9 de promouvoir les \u00e9tudes orient\u00e9es vers la pratique dans le cadre de la loi sur la formation professionnelle.<\/li>\n\n\n\n<li>La recherche sur la formation continue est financ\u00e9e au niveau international par des&nbsp;<a href=\"https:\/\/alice.ch\/fr\/recherche\/developpements-pour-la-pratique\/expertise-dans-les-projets-ue\/\">projets de l&rsquo;UE<\/a>, en particulier&nbsp;<a href=\"https:\/\/erasmus-plus.ec.europa.eu\/fr\" target=\"_blank\" rel=\"noreferrer noopener\">Erasmus+<\/a>&nbsp;et&nbsp;<a href=\"https:\/\/www.sbfi.admin.ch\/sbfi\/fr\/home\/recherche-et-innovation\/cooperation-internationale-r-et-i\/programmes-cadres-de-recherche-de-l-ue\/horizon-2020.html\" target=\"_blank\" rel=\"noreferrer noopener\">Horizon<\/a>.<\/li>\n<\/ul>\n\n\n\n<h2 class=\"wp-block-heading\">Contact<\/h2>\n\n\n\n<div class=\"wp-block-columns is-layout-flex wp-container-core-columns-is-layout-28f84493 wp-block-columns-is-layout-flex\">\n<div class=\"wp-block-column is-layout-flow wp-block-column-is-layout-flow\" style=\"flex-basis:50%\"><div class=\"contact-persons\">\n\n\t\t\t\t\t<div class=\"contact-person\">\n\t\t\t\t\tIrena Sgier<br \/>\t\t\t\t\tDirectrice adjointe, Directrice de la recherche, du d\u00e9veloppement et de l\u2019innovation<br \/>\t\t\t\t\t<br \/>\n\t\t\t\t\t\t\t\t\t\t<a href=\"tel:+41 (0)44 319 71 59\">+41 (0)44 319 71 59<\/a><br \/>\t\t\t\t\t<a href=\"mailto:irena.sgier@alice.ch\">irena.sgier@alice.ch<\/a><br \/>\t\t\t\t\t<\/div>\n\t\t\t\t\t<\/div>\n<\/div>\n\n\n\n<div class=\"wp-block-column is-layout-flow wp-block-column-is-layout-flow\" style=\"flex-basis:50%\"><\/div>\n<\/div>\n<\/div>\n","protected":false},"excerpt":{"rendered":"<p>La recherche sur la formation continue en Suisse Chaires suisses et possibilit\u00e9s d&rsquo;\u00e9tudes Donn\u00e9es sur les projets de recherche Financement [&hellip;]<\/p>\n","protected":false},"author":2,"featured_media":20799,"parent":18391,"menu_order":430,"comment_status":"closed","ping_status":"closed","template":"","meta":{"_acf_changed":false,"inline_featured_image":false,"footnotes":""},"class_list":["post-11289","page","type-page","status-publish","has-post-thumbnail","hentry"],"acf":[],"yoast_head":"<!-- This site is optimized with the Yoast SEO plugin v27.3 - https:\/\/yoast.com\/product\/yoast-seo-wordpress\/ -->\n<title>La recherche sur la formation continue en Suisse - FSEA<\/title>\n<meta name=\"description\" content=\"Informations sur la recherche en formation continue, les chaires, les possibilit\u00e9s d&#039;\u00e9tudes, les donn\u00e9es et le financement de la recherche.\" \/>\n<meta name=\"robots\" content=\"index, follow, max-snippet:-1, max-image-preview:large, max-video-preview:-1\" \/>\n<link rel=\"canonical\" href=\"https:\/\/alice.ch\/fr\/recherche\/reseau-et-echange\/la-recherche-sur-la-formation-continue-en-suisse\/\" \/>\n<meta property=\"og:locale\" content=\"fr_FR\" \/>\n<meta property=\"og:type\" content=\"article\" \/>\n<meta property=\"og:title\" content=\"La recherche sur la formation continue en Suisse - FSEA\" \/>\n<meta property=\"og:description\" content=\"Informations sur la recherche en formation continue, les chaires, les possibilit\u00e9s d&#039;\u00e9tudes, les donn\u00e9es et le financement de la recherche.\" \/>\n<meta property=\"og:url\" content=\"https:\/\/alice.ch\/fr\/recherche\/reseau-et-echange\/la-recherche-sur-la-formation-continue-en-suisse\/\" \/>\n<meta property=\"og:site_name\" content=\"SVEB\" \/>\n<meta property=\"article:modified_time\" content=\"2024-07-08T07:53:59+00:00\" \/>\n<meta name=\"twitter:card\" content=\"summary_large_image\" \/>\n<meta name=\"twitter:label1\" content=\"Dur\u00e9e de lecture estim\u00e9e\" \/>\n\t<meta name=\"twitter:data1\" content=\"2 minutes\" \/>\n<script type=\"application\/ld+json\" class=\"yoast-schema-graph\">{\"@context\":\"https:\\\/\\\/schema.org\",\"@graph\":[{\"@type\":\"WebPage\",\"@id\":\"https:\\\/\\\/alice.ch\\\/fr\\\/recherche\\\/reseau-et-echange\\\/la-recherche-sur-la-formation-continue-en-suisse\\\/\",\"url\":\"https:\\\/\\\/alice.ch\\\/fr\\\/recherche\\\/reseau-et-echange\\\/la-recherche-sur-la-formation-continue-en-suisse\\\/\",\"name\":\"La recherche sur la formation continue en Suisse - FSEA\",\"isPartOf\":{\"@id\":\"https:\\\/\\\/alice.ch\\\/fr\\\/#website\"},\"primaryImageOfPage\":{\"@id\":\"https:\\\/\\\/alice.ch\\\/fr\\\/recherche\\\/reseau-et-echange\\\/la-recherche-sur-la-formation-continue-en-suisse\\\/#primaryimage\"},\"image\":{\"@id\":\"https:\\\/\\\/alice.ch\\\/fr\\\/recherche\\\/reseau-et-echange\\\/la-recherche-sur-la-formation-continue-en-suisse\\\/#primaryimage\"},\"thumbnailUrl\":\"https:\\\/\\\/alice.ch\\\/app\\\/uploads\\\/2022\\\/11\\\/default.jpg\",\"datePublished\":\"2022-10-18T09:09:30+00:00\",\"dateModified\":\"2024-07-08T07:53:59+00:00\",\"description\":\"Informations sur la recherche en formation continue, les chaires, les possibilit\u00e9s d'\u00e9tudes, les donn\u00e9es et le financement de la recherche.\",\"breadcrumb\":{\"@id\":\"https:\\\/\\\/alice.ch\\\/fr\\\/recherche\\\/reseau-et-echange\\\/la-recherche-sur-la-formation-continue-en-suisse\\\/#breadcrumb\"},\"inLanguage\":\"fr-FR\",\"potentialAction\":[{\"@type\":\"ReadAction\",\"target\":[\"https:\\\/\\\/alice.ch\\\/fr\\\/recherche\\\/reseau-et-echange\\\/la-recherche-sur-la-formation-continue-en-suisse\\\/\"]}]},{\"@type\":\"ImageObject\",\"inLanguage\":\"fr-FR\",\"@id\":\"https:\\\/\\\/alice.ch\\\/fr\\\/recherche\\\/reseau-et-echange\\\/la-recherche-sur-la-formation-continue-en-suisse\\\/#primaryimage\",\"url\":\"https:\\\/\\\/alice.ch\\\/app\\\/uploads\\\/2022\\\/11\\\/default.jpg\",\"contentUrl\":\"https:\\\/\\\/alice.ch\\\/app\\\/uploads\\\/2022\\\/11\\\/default.jpg\",\"width\":1600,\"height\":900},{\"@type\":\"BreadcrumbList\",\"@id\":\"https:\\\/\\\/alice.ch\\\/fr\\\/recherche\\\/reseau-et-echange\\\/la-recherche-sur-la-formation-continue-en-suisse\\\/#breadcrumb\",\"itemListElement\":[{\"@type\":\"ListItem\",\"position\":1,\"name\":\"Page d'accueil\",\"item\":\"https:\\\/\\\/alice.ch\\\/fr\\\/\"},{\"@type\":\"ListItem\",\"position\":2,\"name\":\"Recherche\",\"item\":\"https:\\\/\\\/alice.ch\\\/fr\\\/recherche\\\/\"},{\"@type\":\"ListItem\",\"position\":3,\"name\":\"R\u00e9seau et \u00e9change\",\"item\":\"https:\\\/\\\/alice.ch\\\/fr\\\/recherche\\\/reseau-et-echange\\\/\"},{\"@type\":\"ListItem\",\"position\":4,\"name\":\"La recherche sur la formation continue en Suisse\"}]},{\"@type\":\"WebSite\",\"@id\":\"https:\\\/\\\/alice.ch\\\/fr\\\/#website\",\"url\":\"https:\\\/\\\/alice.ch\\\/fr\\\/\",\"name\":\"alice.ch (Adult Learning Information Center) ist das Portal der Weiterbildung in der Schweiz.\",\"description\":\"Schweizerischer Verband f\u00fcr Weiterbildung\",\"publisher\":{\"@id\":\"https:\\\/\\\/alice.ch\\\/fr\\\/#organization\"},\"potentialAction\":[{\"@type\":\"SearchAction\",\"target\":{\"@type\":\"EntryPoint\",\"urlTemplate\":\"https:\\\/\\\/alice.ch\\\/fr\\\/?s={search_term_string}\"},\"query-input\":{\"@type\":\"PropertyValueSpecification\",\"valueRequired\":true,\"valueName\":\"search_term_string\"}}],\"inLanguage\":\"fr-FR\"},{\"@type\":\"Organization\",\"@id\":\"https:\\\/\\\/alice.ch\\\/fr\\\/#organization\",\"name\":\"FSEA F\u00e9d\u00e9ration suisse pour la formation continue\",\"url\":\"https:\\\/\\\/alice.ch\\\/fr\\\/\",\"logo\":{\"@type\":\"ImageObject\",\"inLanguage\":\"fr-FR\",\"@id\":\"https:\\\/\\\/alice.ch\\\/fr\\\/#\\\/schema\\\/logo\\\/image\\\/\",\"url\":\"https:\\\/\\\/alice.ch\\\/app\\\/uploads\\\/2022\\\/07\\\/logo-sveb.png\",\"contentUrl\":\"https:\\\/\\\/alice.ch\\\/app\\\/uploads\\\/2022\\\/07\\\/logo-sveb.png\",\"width\":145,\"height\":64,\"caption\":\"FSEA F\u00e9d\u00e9ration suisse pour la formation continue\"},\"image\":{\"@id\":\"https:\\\/\\\/alice.ch\\\/fr\\\/#\\\/schema\\\/logo\\\/image\\\/\"},\"sameAs\":[\"https:\\\/\\\/www.linkedin.com\\\/company\\\/schweizerischer-verband-fr-weiterbildung-sveb\\\/\"]}]}<\/script>\n<!-- \/ Yoast SEO plugin. -->","yoast_head_json":{"title":"La recherche sur la formation continue en Suisse - FSEA","description":"Informations sur la recherche en formation continue, les chaires, les possibilit\u00e9s d'\u00e9tudes, les donn\u00e9es et le financement de la recherche.","robots":{"index":"index","follow":"follow","max-snippet":"max-snippet:-1","max-image-preview":"max-image-preview:large","max-video-preview":"max-video-preview:-1"},"canonical":"https:\/\/alice.ch\/fr\/recherche\/reseau-et-echange\/la-recherche-sur-la-formation-continue-en-suisse\/","og_locale":"fr_FR","og_type":"article","og_title":"La recherche sur la formation continue en Suisse - FSEA","og_description":"Informations sur la recherche en formation continue, les chaires, les possibilit\u00e9s d'\u00e9tudes, les donn\u00e9es et le financement de la recherche.","og_url":"https:\/\/alice.ch\/fr\/recherche\/reseau-et-echange\/la-recherche-sur-la-formation-continue-en-suisse\/","og_site_name":"SVEB","article_modified_time":"2024-07-08T07:53:59+00:00","twitter_card":"summary_large_image","twitter_misc":{"Dur\u00e9e de lecture estim\u00e9e":"2 minutes"},"schema":{"@context":"https:\/\/schema.org","@graph":[{"@type":"WebPage","@id":"https:\/\/alice.ch\/fr\/recherche\/reseau-et-echange\/la-recherche-sur-la-formation-continue-en-suisse\/","url":"https:\/\/alice.ch\/fr\/recherche\/reseau-et-echange\/la-recherche-sur-la-formation-continue-en-suisse\/","name":"La recherche sur la formation continue en Suisse - FSEA","isPartOf":{"@id":"https:\/\/alice.ch\/fr\/#website"},"primaryImageOfPage":{"@id":"https:\/\/alice.ch\/fr\/recherche\/reseau-et-echange\/la-recherche-sur-la-formation-continue-en-suisse\/#primaryimage"},"image":{"@id":"https:\/\/alice.ch\/fr\/recherche\/reseau-et-echange\/la-recherche-sur-la-formation-continue-en-suisse\/#primaryimage"},"thumbnailUrl":"https:\/\/alice.ch\/app\/uploads\/2022\/11\/default.jpg","datePublished":"2022-10-18T09:09:30+00:00","dateModified":"2024-07-08T07:53:59+00:00","description":"Informations sur la recherche en formation continue, les chaires, les possibilit\u00e9s d'\u00e9tudes, les donn\u00e9es et le financement de la recherche.","breadcrumb":{"@id":"https:\/\/alice.ch\/fr\/recherche\/reseau-et-echange\/la-recherche-sur-la-formation-continue-en-suisse\/#breadcrumb"},"inLanguage":"fr-FR","potentialAction":[{"@type":"ReadAction","target":["https:\/\/alice.ch\/fr\/recherche\/reseau-et-echange\/la-recherche-sur-la-formation-continue-en-suisse\/"]}]},{"@type":"ImageObject","inLanguage":"fr-FR","@id":"https:\/\/alice.ch\/fr\/recherche\/reseau-et-echange\/la-recherche-sur-la-formation-continue-en-suisse\/#primaryimage","url":"https:\/\/alice.ch\/app\/uploads\/2022\/11\/default.jpg","contentUrl":"https:\/\/alice.ch\/app\/uploads\/2022\/11\/default.jpg","width":1600,"height":900},{"@type":"BreadcrumbList","@id":"https:\/\/alice.ch\/fr\/recherche\/reseau-et-echange\/la-recherche-sur-la-formation-continue-en-suisse\/#breadcrumb","itemListElement":[{"@type":"ListItem","position":1,"name":"Page d'accueil","item":"https:\/\/alice.ch\/fr\/"},{"@type":"ListItem","position":2,"name":"Recherche","item":"https:\/\/alice.ch\/fr\/recherche\/"},{"@type":"ListItem","position":3,"name":"R\u00e9seau et \u00e9change","item":"https:\/\/alice.ch\/fr\/recherche\/reseau-et-echange\/"},{"@type":"ListItem","position":4,"name":"La recherche sur la formation continue en Suisse"}]},{"@type":"WebSite","@id":"https:\/\/alice.ch\/fr\/#website","url":"https:\/\/alice.ch\/fr\/","name":"alice.ch (Adult Learning Information Center) ist das Portal der Weiterbildung in der Schweiz.","description":"Schweizerischer Verband f\u00fcr Weiterbildung","publisher":{"@id":"https:\/\/alice.ch\/fr\/#organization"},"potentialAction":[{"@type":"SearchAction","target":{"@type":"EntryPoint","urlTemplate":"https:\/\/alice.ch\/fr\/?s={search_term_string}"},"query-input":{"@type":"PropertyValueSpecification","valueRequired":true,"valueName":"search_term_string"}}],"inLanguage":"fr-FR"},{"@type":"Organization","@id":"https:\/\/alice.ch\/fr\/#organization","name":"FSEA F\u00e9d\u00e9ration suisse pour la formation continue","url":"https:\/\/alice.ch\/fr\/","logo":{"@type":"ImageObject","inLanguage":"fr-FR","@id":"https:\/\/alice.ch\/fr\/#\/schema\/logo\/image\/","url":"https:\/\/alice.ch\/app\/uploads\/2022\/07\/logo-sveb.png","contentUrl":"https:\/\/alice.ch\/app\/uploads\/2022\/07\/logo-sveb.png","width":145,"height":64,"caption":"FSEA F\u00e9d\u00e9ration suisse pour la formation continue"},"image":{"@id":"https:\/\/alice.ch\/fr\/#\/schema\/logo\/image\/"},"sameAs":["https:\/\/www.linkedin.com\/company\/schweizerischer-verband-fr-weiterbildung-sveb\/"]}]}},"_links":{"self":[{"href":"https:\/\/alice.ch\/fr\/wp-json\/wp\/v2\/pages\/11289","targetHints":{"allow":["GET"]}}],"collection":[{"href":"https:\/\/alice.ch\/fr\/wp-json\/wp\/v2\/pages"}],"about":[{"href":"https:\/\/alice.ch\/fr\/wp-json\/wp\/v2\/types\/page"}],"author":[{"embeddable":true,"href":"https:\/\/alice.ch\/fr\/wp-json\/wp\/v2\/users\/2"}],"replies":[{"embeddable":true,"href":"https:\/\/alice.ch\/fr\/wp-json\/wp\/v2\/comments?post=11289"}],"version-history":[{"count":9,"href":"https:\/\/alice.ch\/fr\/wp-json\/wp\/v2\/pages\/11289\/revisions"}],"predecessor-version":[{"id":60896,"href":"https:\/\/alice.ch\/fr\/wp-json\/wp\/v2\/pages\/11289\/revisions\/60896"}],"up":[{"embeddable":true,"href":"https:\/\/alice.ch\/fr\/wp-json\/wp\/v2\/pages\/18391"}],"wp:featuredmedia":[{"embeddable":true,"href":"https:\/\/alice.ch\/fr\/wp-json\/wp\/v2\/media\/20799"}],"wp:attachment":[{"href":"https:\/\/alice.ch\/fr\/wp-json\/wp\/v2\/media?parent=11289"}],"curies":[{"name":"wp","href":"https:\/\/api.w.org\/{rel}","templated":true}]}}