{"id":11314,"date":"2022-08-16T16:59:46","date_gmt":"2022-08-16T14:59:46","guid":{"rendered":"https:\/\/projects.atxeit.ch\/sveb\/gutscheinprojekte-des-sveb\/kanton-luzern\/"},"modified":"2023-12-04T09:07:16","modified_gmt":"2023-12-04T08:07:16","slug":"canton-de-lucerne","status":"publish","type":"page","link":"https:\/\/alice.ch\/fr\/services\/projets-de-cheques-de-la-fsea\/canton-de-lucerne\/","title":{"rendered":"Canton de Lucerne"},"content":{"rendered":"\n<div class=\"wp-block-group is-style-reduced-width is-layout-flow wp-block-group-is-layout-flow\">\n<h1 class=\"wp-block-heading\">Projet de bons de formation dans le canton de Lucerne<\/h1>\n\n\n\n<h2 class=\"wp-block-heading\">Ch\u00e8ques de formation continue pour les personnes ayant des comp\u00e9tences de base insuffisantes<\/h2>\n\n\n\n<p>Dans le canton de Lucerne, les personnes dont les comp\u00e9tences de base sont insuffisantes peuvent t\u00e9l\u00e9charger en ligne leur propre bon de formation continue et le faire valoir aupr\u00e8s d&rsquo;un prestataire de cours. Le processus reste simple et sans seuil. Toute personne qui accepte de se d\u00e9clarer en ligne et qui r\u00e9pond aux crit\u00e8res du projet peut b\u00e9n\u00e9ficier d&rsquo;un bon.<\/p>\n\n\n\n<h3 class=\"wp-block-heading\">Description du projet<\/h3>\n\n\n\n<p>Le canton de Lucerne aide les personnes \u00e0 am\u00e9liorer leurs comp\u00e9tences en lecture, \u00e9criture, calcul et utilisation d&rsquo;un ordinateur. C&rsquo;est pourquoi elle accorde des bons pour des cours de formation de base. Un bon a une valeur de 500 francs. Les personnes qui ont suivi au moins 60% des le\u00e7ons du cours peuvent obtenir un deuxi\u00e8me bon d&rsquo;une valeur de 500 francs la m\u00eame ann\u00e9e \u00e0 partir de juin 2021.<\/p>\n\n\n\n<h3 class=\"wp-block-heading\">Plate-forme de cours<\/h3>\n\n\n\n<p>Les bons peuvent \u00eatre t\u00e9l\u00e9charg\u00e9s et imprim\u00e9s sur le&nbsp;site <a href=\"https:\/\/www.simplement-mieux.ch\/kanton_luzern_einstieg.cfm\" target=\"_blank\" rel=\"noreferrer noopener\">besser-jetzt.ch\/luzern<\/a>. Le site web \u00e9num\u00e8re \u00e9galement tous les cours pour lesquels le bon est valable. La gestion des bons est du ressort de la FSEA : elle rembourse les bons aux prestataires de cours et facture mensuellement au canton de Lucerne les montants des bons valid\u00e9s.<\/p>\n\n\n\n<h3 class=\"wp-block-heading\">Groupe cible<\/h3>\n\n\n\n<p>Le groupe cible est essentiellement constitu\u00e9 de personnes ayant de faibles comp\u00e9tences de base. Il s&rsquo;agit notamment de personnes sans qualification professionnelle ou, par exemple, issues du segment des bas salaires et n&rsquo;ayant pas de connexion avec les technologies num\u00e9riques modernes, mais aussi d&rsquo;adultes issus de l&rsquo;immigration.<\/p>\n\n\n\n<h3 class=\"wp-block-heading\">Les participants peuvent \u00eatre<\/h3>\n\n\n\n<ul class=\"wp-block-list\">\n<li>les personnes aptes au travail \u00e2g\u00e9es de 18 \u00e0 65 ans,<\/li>\n\n\n\n<li>qui peuvent communiquer en allemand (niveau linguistique A2 ou sup\u00e9rieur),<\/li>\n\n\n\n<li>sont domicili\u00e9s dans le canton de Lucerne,<\/li>\n\n\n\n<li>ne suivent pas un enseignement de niveau secondaire II (apprentissage, programme passerelle).<\/li>\n<\/ul>\n\n\n\n<h3 class=\"wp-block-heading\">Partenaire<\/h3>\n\n\n\n<p>Le projet a \u00e9t\u00e9 d\u00e9velopp\u00e9 par le canton de Lucerne en collaboration avec la&nbsp;<a href=\"https:\/\/alice.ch\/fr\/sveb\/\">F\u00e9d\u00e9ration suisse pour la formation continue FSEA<\/a>&nbsp;et la&nbsp;<a href=\"https:\/\/www.lire-ecrire-suisse.ch\/index.cfm\" target=\"_blank\" rel=\"noreferrer noopener\">F\u00e9d\u00e9ration suisse Lire et Ecrire<\/a>. Le site cantonal&nbsp;<a href=\"https:\/\/www.simplement-mieux.ch\/kanton_luzern_einstieg.cfm\" target=\"_blank\" rel=\"noreferrer noopener\">besser-jetzt.ch\/luzern<\/a>&nbsp;a permis de cr\u00e9er des synergies avec la campagne nationale&nbsp;<a href=\"https:\/\/www.simplement-mieux.ch\/index.cfm\" target=\"_blank\" rel=\"noreferrer noopener\">\u00ab\u00a0Simplement mieux! &#8230; Lire, \u00e9crire, calculer, ordinateur\u00a0\u00bb<\/a>.<\/p>\n\n\n\n<h3 class=\"wp-block-heading\">Contexte<\/h3>\n\n\n\n<p>Selon les estimations, le canton de Lucerne compte environ 45 000 adultes ayant un faible niveau en comp\u00e9tences de base. Le canton de Lucerne les aide avec des bons de formation. Pour ce faire, elle a \u00e9largi l&rsquo;offre de cours en collaboration avec le&nbsp;<a href=\"https:\/\/wbz.lu.ch\/\" target=\"_blank\" rel=\"noreferrer noopener\">centre cantonal de formation continue WBZ<\/a>&nbsp;\u00e0 Sursee et des prestataires priv\u00e9s.<\/p>\n\n\n\n<h3 class=\"wp-block-heading\">Lancement du projet<\/h3>\n\n\n\n<p>Depuis septembre 2020, le canton de Lucerne \u00e9met des bons pour des cours de comp\u00e9tences de base. L&rsquo;objectif est d&rsquo;am\u00e9liorer l&#8217;employabilit\u00e9 du groupe cible. L&#8217;employabilit\u00e9 signifie la capacit\u00e9 de (r\u00e9)int\u00e9grer le march\u00e9 du travail et de suivre l&rsquo;\u00e9volution du march\u00e9 du travail.<\/p>\n\n\n\n<h3 class=\"wp-block-heading\">Evaluation<\/h3>\n\n\n\n<p>L&rsquo;utilisation des bons de formation dans le domaine des comp\u00e9tences de base a \u00e9t\u00e9 \u00e9valu\u00e9e \u00e0 plusieurs reprises au cours&nbsp;de la p\u00e9riode allant de novembre 2020 \u00e0 fin 2022 inclus. L&rsquo;objectif \u00e9tait d&rsquo;assurer la qualit\u00e9 et d&rsquo;\u00e9tudier l&rsquo;impact du syst\u00e8me des bons. La derni\u00e8re \u00e9valuation montre, entre autres, que la distribution de bons de formation a permis d&rsquo;augmenter de mani\u00e8re significative le nombre de cours de comp\u00e9tences de base propos\u00e9s dans le canton de Lucerne.<\/p>\n\n\n\n<div class=\"wp-block-columns is-layout-flex wp-container-core-columns-is-layout-28f84493 wp-block-columns-is-layout-flex\">\n<div class=\"wp-block-column is-layout-flow wp-block-column-is-layout-flow\" style=\"flex-basis:50%\">\n<div class=\"wp-block-file\"><a id=\"wp-block-file--media-4b4d3b1f-1591-461d-802d-c47d6c6abc4f\" href=\"https:\/\/alice.ch\/app\/uploads\/2023\/08\/Evaluation_Bildungsgutscheine_2022.pdf\">Rapport d&rsquo;\u00e9valuation 2022 (en allemand)<br \/>PDF &#8211; 1\u00a0015 kb<\/a><a href=\"https:\/\/alice.ch\/app\/uploads\/2023\/08\/Evaluation_Bildungsgutscheine_2022.pdf\" class=\"wp-block-file__button wp-element-button\" download aria-describedby=\"wp-block-file--media-4b4d3b1f-1591-461d-802d-c47d6c6abc4f\">Herunterladen<br \/>PDF &#8211; 1\u00a0015 kb<\/a><\/div>\n\n\n\n<div class=\"wp-block-buttons is-layout-flex wp-block-buttons-is-layout-flex\">\n<div class=\"wp-block-button has-custom-width wp-block-button__width-100 is-style-outline is-style-outline--1\"><a class=\"wp-block-button__link wp-element-button\" href=\"https:\/\/www.besser-jetzt.ch\/kurssuche.cfm?page=kanton_landing&amp;kanton=1\" target=\"_blank\" rel=\"noreferrer noopener\">vers le bon de formation (en allemand)<\/a><\/div>\n<\/div>\n<\/div>\n\n\n\n<div class=\"wp-block-column is-layout-flow wp-block-column-is-layout-flow\" style=\"flex-basis:50%\"><\/div>\n<\/div>\n\n\n\n<h2 class=\"wp-block-heading\">Contact<\/h2>\n\n\n\n<div class=\"wp-block-columns is-layout-flex wp-container-core-columns-is-layout-28f84493 wp-block-columns-is-layout-flex\">\n<div class=\"wp-block-column is-layout-flow wp-block-column-is-layout-flow\" style=\"flex-basis:50%\"><div class=\"contact-persons\">\n\n\t\t\t\t\t<div class=\"contact-person\">\n\t\t\t\t\tBirte Theiler<br \/>\t\t\t\t\tResponsable du domaine ch\u00e8ques de formation<br \/>\t\t\t\t\t<br \/>\n\t\t\t\t\t\t\t\t\t\t<a href=\"tel:+41 (0)44 319 71 57\">+41 (0)44 319 71 57<\/a><br \/>\t\t\t\t\t<a href=\"mailto:birte.theiler@alice.ch\">birte.theiler@alice.ch<\/a><br \/>\t\t\t\t\t<\/div>\n\t\t\t\t\t<\/div>\n<\/div>\n\n\n\n<div class=\"wp-block-column is-layout-flow wp-block-column-is-layout-flow\" style=\"flex-basis:50%\"><\/div>\n<\/div>\n<\/div>\n","protected":false},"excerpt":{"rendered":"<p>Projet de bons de formation dans le canton de Lucerne Ch\u00e8ques de formation continue pour les personnes ayant des comp\u00e9tences [&hellip;]<\/p>\n","protected":false},"author":4,"featured_media":20799,"parent":11312,"menu_order":137,"comment_status":"closed","ping_status":"closed","template":"","meta":{"_acf_changed":false,"inline_featured_image":false,"footnotes":""},"class_list":["post-11314","page","type-page","status-publish","has-post-thumbnail","hentry"],"acf":[],"yoast_head":"<!-- This site is optimized with the Yoast SEO plugin v27.3 - https:\/\/yoast.com\/product\/yoast-seo-wordpress\/ -->\n<title>Canton de Lucerne - FSEA<\/title>\n<meta name=\"description\" content=\"Qui peut b\u00e9n\u00e9ficier des bons de formation continue, quelle est leur valeur et o\u00f9 peut-on les obtenir ? Apprenez-en plus ici.\" \/>\n<meta name=\"robots\" content=\"index, follow, max-snippet:-1, max-image-preview:large, max-video-preview:-1\" \/>\n<link rel=\"canonical\" href=\"https:\/\/alice.ch\/fr\/services\/projets-de-cheques-de-la-fsea\/canton-de-lucerne\/\" \/>\n<meta property=\"og:locale\" content=\"fr_FR\" \/>\n<meta property=\"og:type\" content=\"article\" \/>\n<meta property=\"og:title\" content=\"Canton de Lucerne - FSEA\" \/>\n<meta property=\"og:description\" content=\"Qui peut b\u00e9n\u00e9ficier des bons de formation continue, quelle est leur valeur et o\u00f9 peut-on les obtenir ? Apprenez-en plus ici.\" \/>\n<meta property=\"og:url\" content=\"https:\/\/alice.ch\/fr\/services\/projets-de-cheques-de-la-fsea\/canton-de-lucerne\/\" \/>\n<meta property=\"og:site_name\" content=\"SVEB\" \/>\n<meta property=\"article:modified_time\" content=\"2023-12-04T08:07:16+00:00\" \/>\n<meta name=\"twitter:card\" content=\"summary_large_image\" \/>\n<meta name=\"twitter:label1\" content=\"Dur\u00e9e de lecture estim\u00e9e\" \/>\n\t<meta name=\"twitter:data1\" content=\"3 minutes\" \/>\n<script type=\"application\/ld+json\" class=\"yoast-schema-graph\">{\"@context\":\"https:\\\/\\\/schema.org\",\"@graph\":[{\"@type\":\"WebPage\",\"@id\":\"https:\\\/\\\/alice.ch\\\/fr\\\/services\\\/projets-de-cheques-de-la-fsea\\\/canton-de-lucerne\\\/\",\"url\":\"https:\\\/\\\/alice.ch\\\/fr\\\/services\\\/projets-de-cheques-de-la-fsea\\\/canton-de-lucerne\\\/\",\"name\":\"Canton de Lucerne - FSEA\",\"isPartOf\":{\"@id\":\"https:\\\/\\\/alice.ch\\\/fr\\\/#website\"},\"primaryImageOfPage\":{\"@id\":\"https:\\\/\\\/alice.ch\\\/fr\\\/services\\\/projets-de-cheques-de-la-fsea\\\/canton-de-lucerne\\\/#primaryimage\"},\"image\":{\"@id\":\"https:\\\/\\\/alice.ch\\\/fr\\\/services\\\/projets-de-cheques-de-la-fsea\\\/canton-de-lucerne\\\/#primaryimage\"},\"thumbnailUrl\":\"https:\\\/\\\/alice.ch\\\/app\\\/uploads\\\/2022\\\/11\\\/default.jpg\",\"datePublished\":\"2022-08-16T14:59:46+00:00\",\"dateModified\":\"2023-12-04T08:07:16+00:00\",\"description\":\"Qui peut b\u00e9n\u00e9ficier des bons de formation continue, quelle est leur valeur et o\u00f9 peut-on les obtenir ? Apprenez-en plus ici.\",\"breadcrumb\":{\"@id\":\"https:\\\/\\\/alice.ch\\\/fr\\\/services\\\/projets-de-cheques-de-la-fsea\\\/canton-de-lucerne\\\/#breadcrumb\"},\"inLanguage\":\"fr-FR\",\"potentialAction\":[{\"@type\":\"ReadAction\",\"target\":[\"https:\\\/\\\/alice.ch\\\/fr\\\/services\\\/projets-de-cheques-de-la-fsea\\\/canton-de-lucerne\\\/\"]}]},{\"@type\":\"ImageObject\",\"inLanguage\":\"fr-FR\",\"@id\":\"https:\\\/\\\/alice.ch\\\/fr\\\/services\\\/projets-de-cheques-de-la-fsea\\\/canton-de-lucerne\\\/#primaryimage\",\"url\":\"https:\\\/\\\/alice.ch\\\/app\\\/uploads\\\/2022\\\/11\\\/default.jpg\",\"contentUrl\":\"https:\\\/\\\/alice.ch\\\/app\\\/uploads\\\/2022\\\/11\\\/default.jpg\",\"width\":1600,\"height\":900},{\"@type\":\"BreadcrumbList\",\"@id\":\"https:\\\/\\\/alice.ch\\\/fr\\\/services\\\/projets-de-cheques-de-la-fsea\\\/canton-de-lucerne\\\/#breadcrumb\",\"itemListElement\":[{\"@type\":\"ListItem\",\"position\":1,\"name\":\"Page d'accueil\",\"item\":\"https:\\\/\\\/alice.ch\\\/fr\\\/\"},{\"@type\":\"ListItem\",\"position\":2,\"name\":\"Services\",\"item\":\"https:\\\/\\\/alice.ch\\\/fr\\\/services\\\/\"},{\"@type\":\"ListItem\",\"position\":3,\"name\":\"Projets de ch\u00e8ques de la FSEA\",\"item\":\"https:\\\/\\\/alice.ch\\\/fr\\\/services\\\/projets-de-cheques-de-la-fsea\\\/\"},{\"@type\":\"ListItem\",\"position\":4,\"name\":\"Canton de Lucerne\"}]},{\"@type\":\"WebSite\",\"@id\":\"https:\\\/\\\/alice.ch\\\/fr\\\/#website\",\"url\":\"https:\\\/\\\/alice.ch\\\/fr\\\/\",\"name\":\"alice.ch (Adult Learning Information Center) ist das Portal der Weiterbildung in der Schweiz.\",\"description\":\"Schweizerischer Verband f\u00fcr Weiterbildung\",\"publisher\":{\"@id\":\"https:\\\/\\\/alice.ch\\\/fr\\\/#organization\"},\"potentialAction\":[{\"@type\":\"SearchAction\",\"target\":{\"@type\":\"EntryPoint\",\"urlTemplate\":\"https:\\\/\\\/alice.ch\\\/fr\\\/?s={search_term_string}\"},\"query-input\":{\"@type\":\"PropertyValueSpecification\",\"valueRequired\":true,\"valueName\":\"search_term_string\"}}],\"inLanguage\":\"fr-FR\"},{\"@type\":\"Organization\",\"@id\":\"https:\\\/\\\/alice.ch\\\/fr\\\/#organization\",\"name\":\"FSEA F\u00e9d\u00e9ration suisse pour la formation continue\",\"url\":\"https:\\\/\\\/alice.ch\\\/fr\\\/\",\"logo\":{\"@type\":\"ImageObject\",\"inLanguage\":\"fr-FR\",\"@id\":\"https:\\\/\\\/alice.ch\\\/fr\\\/#\\\/schema\\\/logo\\\/image\\\/\",\"url\":\"https:\\\/\\\/alice.ch\\\/app\\\/uploads\\\/2022\\\/07\\\/logo-sveb.png\",\"contentUrl\":\"https:\\\/\\\/alice.ch\\\/app\\\/uploads\\\/2022\\\/07\\\/logo-sveb.png\",\"width\":145,\"height\":64,\"caption\":\"FSEA F\u00e9d\u00e9ration suisse pour la formation continue\"},\"image\":{\"@id\":\"https:\\\/\\\/alice.ch\\\/fr\\\/#\\\/schema\\\/logo\\\/image\\\/\"},\"sameAs\":[\"https:\\\/\\\/www.linkedin.com\\\/company\\\/schweizerischer-verband-fr-weiterbildung-sveb\\\/\"]}]}<\/script>\n<!-- \/ Yoast SEO plugin. -->","yoast_head_json":{"title":"Canton de Lucerne - FSEA","description":"Qui peut b\u00e9n\u00e9ficier des bons de formation continue, quelle est leur valeur et o\u00f9 peut-on les obtenir ? Apprenez-en plus ici.","robots":{"index":"index","follow":"follow","max-snippet":"max-snippet:-1","max-image-preview":"max-image-preview:large","max-video-preview":"max-video-preview:-1"},"canonical":"https:\/\/alice.ch\/fr\/services\/projets-de-cheques-de-la-fsea\/canton-de-lucerne\/","og_locale":"fr_FR","og_type":"article","og_title":"Canton de Lucerne - FSEA","og_description":"Qui peut b\u00e9n\u00e9ficier des bons de formation continue, quelle est leur valeur et o\u00f9 peut-on les obtenir ? Apprenez-en plus ici.","og_url":"https:\/\/alice.ch\/fr\/services\/projets-de-cheques-de-la-fsea\/canton-de-lucerne\/","og_site_name":"SVEB","article_modified_time":"2023-12-04T08:07:16+00:00","twitter_card":"summary_large_image","twitter_misc":{"Dur\u00e9e de lecture estim\u00e9e":"3 minutes"},"schema":{"@context":"https:\/\/schema.org","@graph":[{"@type":"WebPage","@id":"https:\/\/alice.ch\/fr\/services\/projets-de-cheques-de-la-fsea\/canton-de-lucerne\/","url":"https:\/\/alice.ch\/fr\/services\/projets-de-cheques-de-la-fsea\/canton-de-lucerne\/","name":"Canton de Lucerne - FSEA","isPartOf":{"@id":"https:\/\/alice.ch\/fr\/#website"},"primaryImageOfPage":{"@id":"https:\/\/alice.ch\/fr\/services\/projets-de-cheques-de-la-fsea\/canton-de-lucerne\/#primaryimage"},"image":{"@id":"https:\/\/alice.ch\/fr\/services\/projets-de-cheques-de-la-fsea\/canton-de-lucerne\/#primaryimage"},"thumbnailUrl":"https:\/\/alice.ch\/app\/uploads\/2022\/11\/default.jpg","datePublished":"2022-08-16T14:59:46+00:00","dateModified":"2023-12-04T08:07:16+00:00","description":"Qui peut b\u00e9n\u00e9ficier des bons de formation continue, quelle est leur valeur et o\u00f9 peut-on les obtenir ? Apprenez-en plus ici.","breadcrumb":{"@id":"https:\/\/alice.ch\/fr\/services\/projets-de-cheques-de-la-fsea\/canton-de-lucerne\/#breadcrumb"},"inLanguage":"fr-FR","potentialAction":[{"@type":"ReadAction","target":["https:\/\/alice.ch\/fr\/services\/projets-de-cheques-de-la-fsea\/canton-de-lucerne\/"]}]},{"@type":"ImageObject","inLanguage":"fr-FR","@id":"https:\/\/alice.ch\/fr\/services\/projets-de-cheques-de-la-fsea\/canton-de-lucerne\/#primaryimage","url":"https:\/\/alice.ch\/app\/uploads\/2022\/11\/default.jpg","contentUrl":"https:\/\/alice.ch\/app\/uploads\/2022\/11\/default.jpg","width":1600,"height":900},{"@type":"BreadcrumbList","@id":"https:\/\/alice.ch\/fr\/services\/projets-de-cheques-de-la-fsea\/canton-de-lucerne\/#breadcrumb","itemListElement":[{"@type":"ListItem","position":1,"name":"Page d'accueil","item":"https:\/\/alice.ch\/fr\/"},{"@type":"ListItem","position":2,"name":"Services","item":"https:\/\/alice.ch\/fr\/services\/"},{"@type":"ListItem","position":3,"name":"Projets de ch\u00e8ques de la FSEA","item":"https:\/\/alice.ch\/fr\/services\/projets-de-cheques-de-la-fsea\/"},{"@type":"ListItem","position":4,"name":"Canton de Lucerne"}]},{"@type":"WebSite","@id":"https:\/\/alice.ch\/fr\/#website","url":"https:\/\/alice.ch\/fr\/","name":"alice.ch (Adult Learning Information Center) ist das Portal der Weiterbildung in der Schweiz.","description":"Schweizerischer Verband f\u00fcr Weiterbildung","publisher":{"@id":"https:\/\/alice.ch\/fr\/#organization"},"potentialAction":[{"@type":"SearchAction","target":{"@type":"EntryPoint","urlTemplate":"https:\/\/alice.ch\/fr\/?s={search_term_string}"},"query-input":{"@type":"PropertyValueSpecification","valueRequired":true,"valueName":"search_term_string"}}],"inLanguage":"fr-FR"},{"@type":"Organization","@id":"https:\/\/alice.ch\/fr\/#organization","name":"FSEA F\u00e9d\u00e9ration suisse pour la formation continue","url":"https:\/\/alice.ch\/fr\/","logo":{"@type":"ImageObject","inLanguage":"fr-FR","@id":"https:\/\/alice.ch\/fr\/#\/schema\/logo\/image\/","url":"https:\/\/alice.ch\/app\/uploads\/2022\/07\/logo-sveb.png","contentUrl":"https:\/\/alice.ch\/app\/uploads\/2022\/07\/logo-sveb.png","width":145,"height":64,"caption":"FSEA F\u00e9d\u00e9ration suisse pour la formation continue"},"image":{"@id":"https:\/\/alice.ch\/fr\/#\/schema\/logo\/image\/"},"sameAs":["https:\/\/www.linkedin.com\/company\/schweizerischer-verband-fr-weiterbildung-sveb\/"]}]}},"_links":{"self":[{"href":"https:\/\/alice.ch\/fr\/wp-json\/wp\/v2\/pages\/11314","targetHints":{"allow":["GET"]}}],"collection":[{"href":"https:\/\/alice.ch\/fr\/wp-json\/wp\/v2\/pages"}],"about":[{"href":"https:\/\/alice.ch\/fr\/wp-json\/wp\/v2\/types\/page"}],"author":[{"embeddable":true,"href":"https:\/\/alice.ch\/fr\/wp-json\/wp\/v2\/users\/4"}],"replies":[{"embeddable":true,"href":"https:\/\/alice.ch\/fr\/wp-json\/wp\/v2\/comments?post=11314"}],"version-history":[{"count":13,"href":"https:\/\/alice.ch\/fr\/wp-json\/wp\/v2\/pages\/11314\/revisions"}],"predecessor-version":[{"id":56315,"href":"https:\/\/alice.ch\/fr\/wp-json\/wp\/v2\/pages\/11314\/revisions\/56315"}],"up":[{"embeddable":true,"href":"https:\/\/alice.ch\/fr\/wp-json\/wp\/v2\/pages\/11312"}],"wp:featuredmedia":[{"embeddable":true,"href":"https:\/\/alice.ch\/fr\/wp-json\/wp\/v2\/media\/20799"}],"wp:attachment":[{"href":"https:\/\/alice.ch\/fr\/wp-json\/wp\/v2\/media?parent=11314"}],"curies":[{"name":"wp","href":"https:\/\/api.w.org\/{rel}","templated":true}]}}