{"id":11316,"date":"2022-08-16T16:59:26","date_gmt":"2022-08-16T14:59:26","guid":{"rendered":"https:\/\/projects.atxeit.ch\/sveb\/gutscheinprojekte-des-sveb\/kanton-freiburg\/"},"modified":"2024-05-03T11:00:03","modified_gmt":"2024-05-03T09:00:03","slug":"canton-de-fribourg","status":"publish","type":"page","link":"https:\/\/alice.ch\/fr\/services\/projets-de-cheques-de-la-fsea\/canton-de-fribourg\/","title":{"rendered":"Canton de Fribourg"},"content":{"rendered":"\n<div class=\"wp-block-group is-style-reduced-width is-layout-flow wp-block-group-is-layout-flow\">\n<h1 class=\"wp-block-heading\">Projet de ch\u00e8ques de formation dans le canton de Fribourg<\/h1>\n\n\n\n<h2 class=\"wp-block-heading\">Ch\u00e8ques de formation continue pour les personnes ayant des comp\u00e9tences de base insuffisantes<\/h2>\n\n\n\n<p>Dans le canton de Fribourg, les personnes dont les comp\u00e9tences de base sont insuffisantes peuvent t\u00e9l\u00e9charger en ligne leur propre ch\u00e8que de formation continue et le faire valoir aupr\u00e8s d&rsquo;un prestataire de cours. Le processus reste simple et \u00e0 port\u00e9e de main. Toute personne qui est dispos\u00e9e \u00e0 faire une auto-d\u00e9claration en ligne et qui r\u00e9pond aux crit\u00e8res du projet peut b\u00e9n\u00e9ficier d&rsquo;un ch\u00e8que.<\/p>\n\n\n\n<h3 class=\"wp-block-heading\">Description du projet<\/h3>\n\n\n\n<p>Le projet pilote est le fruit d&rsquo;une coop\u00e9ration entre la\u00a0<a href=\"https:\/\/www.lire-ecrire-suisse.ch\/index.cfm\" target=\"_blank\" rel=\"noreferrer noopener\">F\u00e9d\u00e9ration suisse Lire et Ecrire<\/a>\u00a0et la FSEA. Il suit ainsi le canton de Lucerne, qui met en \u0153uvre avec succ\u00e8s un projet de ch\u00e8que identique depuis deux ans. Gr\u00e2ce \u00e0 ces ch\u00e8ques de formation, le canton de Fribourg aide les personnes \u00e0 am\u00e9liorer leurs comp\u00e9tences en lecture, \u00e9criture, calcul et utilisation d&rsquo;un ordinateur. C&rsquo;est pourquoi elle accorde des ch\u00e8ques pour des cours de formation de base. Un ch\u00e8que a une valeur de 500 francs. Chaque personne re\u00e7oit un ch\u00e8que par ann\u00e9e civile en cours.<\/p>\n\n\n\n<h3 class=\"wp-block-heading\">D\u00e9roulement du ch\u00e8que de formation<\/h3>\n\n\n\n<p>Les ch\u00e8ques peuvent \u00eatre t\u00e9l\u00e9charg\u00e9s et imprim\u00e9s sur le site\u00a0<a href=\"https:\/\/www.simplement-mieux.ch\/kanton_freiburg_einstieg.cfm\" target=\"_blank\" rel=\"noreferrer noopener\">simplement-mieux.ch\/fribourg<\/a>. Ce site web \u00e9num\u00e8re \u00e9galement tous les cours pour lesquels le ch\u00e8que est valable. La gestion des ch\u00e8ques est du ressort de la FSEA : elle rembourse les ch\u00e8ques aux prestataires de cours et facture mensuellement au canton de Fribourg les montants des ch\u00e8ques valid\u00e9s.<\/p>\n\n\n\n<h3 class=\"wp-block-heading\">Groupe cible<\/h3>\n\n\n\n<p>Le groupe cible est essentiellement constitu\u00e9 de personnes ayant de faibles comp\u00e9tences de base. Il s&rsquo;agit notamment de personnes sans qualification professionnelle ou, par exemple, issues du segment des bas salaires et qui ne sont pas suffisamment int\u00e9gr\u00e9s dans les technologies num\u00e9riques modernes, mais aussi d&rsquo;adultes issus de l&rsquo;immigration.<\/p>\n\n\n\n<p>Les participantes et participants peuvent \u00eatre :<\/p>\n\n\n\n<ul class=\"wp-block-list\">\n<li>des personnes aptes au travail \u00e2g\u00e9es de plus de 18 ans,<\/li>\n\n\n\n<li>qui peuvent communiquer en fran\u00e7ais (niveau linguistique A2 ou sup\u00e9rieur),<\/li>\n\n\n\n<li>sont domicili\u00e9s dans le canton de Fribourg,<\/li>\n\n\n\n<li>qui ne b\u00e9n\u00e9ficient pas d\u00e9j\u00e0 d&rsquo;un soutien financier dans le cadre de mesures relatives au march\u00e9 du travail ou d&rsquo;int\u00e9gration.<\/li>\n<\/ul>\n\n\n\n<h3 class=\"wp-block-heading\">Partenaire<\/h3>\n\n\n\n<p>Le projet a \u00e9t\u00e9 d\u00e9velopp\u00e9 par le canton de Fribourg en collaboration avec la&nbsp;<a href=\"https:\/\/alice.ch\/fr\/fsea\/\" target=\"_blank\" rel=\"noreferrer noopener\">F\u00e9d\u00e9ration suisse pour la formation continue FSEA<\/a>&nbsp;et la&nbsp;<a href=\"https:\/\/www.lire-ecrire-suisse.ch\/index.cfm\" target=\"_blank\" rel=\"noreferrer noopener\">F\u00e9d\u00e9ration suisse Lire et Ecrire<\/a>, et en synergie avec la campagne nationale&nbsp;<a href=\"https:\/\/www.simplement-mieux.ch\/index.cfm\" target=\"_blank\" rel=\"noreferrer noopener\">\u00abSimplement mieux&#8230; ! Lire, \u00e9crire, calculer, ordinateur\u00bb<\/a>.<\/p>\n\n\n\n<h3 class=\"wp-block-heading\">Context du projet<\/h3>\n\n\n\n<p>Selon les estimations, le canton de Fribourg compte environ 30 000 adultes ayant un faible niveau en comp\u00e9tences de base. Le canton de Fribourg les aide avec des ch\u00e8ques de formation.<\/p>\n\n\n\n<p>Le\u00a0<a href=\"https:\/\/alice.ch\/fr\/services\/projets-de-bons-de-la-fsea\/canton-de-lucerne\/\">canton de Lucerne<\/a>, qui octroie des ch\u00e8ques depuis septembre 2020, fait figure de pr\u00e9curseur en mati\u00e8re de projet de ch\u00e8ques de formation pour la promotion des comp\u00e9tences de base. Ce projet a permis d\u2019accumuler des exp\u00e9riences utiles pour la mise en place de projets de ch\u00e8ques dans d\u2019autres cantons. De plus, le ch\u00e8que de formation lucernois a d\u00e9j\u00e0 pu \u00eatre \u00e9valu\u00e9 de mani\u00e8re approfondie.<\/p>\n\n\n\n<h3 class=\"wp-block-heading\">Lancement du projet<\/h3>\n\n\n\n<p>Depuis mars 2022, le canton de Fribourg \u00e9met des ch\u00e8ques pour des cours de comp\u00e9tences de base. L&rsquo;objectif est d&rsquo;am\u00e9liorer l&#8217;employabilit\u00e9 et l&rsquo;int\u00e9gration sociale du groupe cible. L&#8217;employabilit\u00e9 signifie la capacit\u00e9 de (r\u00e9)int\u00e9grer le march\u00e9 du travail et de suivre l&rsquo;\u00e9volution du march\u00e9 du travail.<\/p>\n\n\n\n<h2 class=\"wp-block-heading\">Pour les participants au cours (en allemand)<\/h2>\n\n\n\n<div class=\"wp-block-columns is-layout-flex wp-container-core-columns-is-layout-28f84493 wp-block-columns-is-layout-flex\">\n<div class=\"wp-block-column is-layout-flow wp-block-column-is-layout-flow\" style=\"flex-basis:50%\">\n<div class=\"wp-block-buttons is-layout-flex wp-block-buttons-is-layout-flex\">\n<div class=\"wp-block-button has-custom-width wp-block-button__width-100 is-style-outline is-style-outline--1\"><a class=\"wp-block-button__link wp-element-button\" href=\"https:\/\/www.simplement-mieux.ch\/kurssuche.cfm?page=kanton_landing&amp;kanton=7\" target=\"_blank\" rel=\"noreferrer noopener\">Vers le ch\u00e8que de formation<\/a><\/div>\n<\/div>\n<\/div>\n\n\n\n<div class=\"wp-block-column is-layout-flow wp-block-column-is-layout-flow\" style=\"flex-basis:50%\"><\/div>\n<\/div>\n\n\n\n<h2 class=\"wp-block-heading\">Contact<\/h2>\n\n\n\n<div class=\"wp-block-columns is-layout-flex wp-container-core-columns-is-layout-28f84493 wp-block-columns-is-layout-flex\">\n<div class=\"wp-block-column is-layout-flow wp-block-column-is-layout-flow\" style=\"flex-basis:50%\"><div class=\"contact-persons\">\n\n\t\t\t\t\t<div class=\"contact-person\">\n\t\t\t\t\tBirte Theiler<br \/>\t\t\t\t\tResponsable du domaine ch\u00e8ques de formation<br \/>\t\t\t\t\t<br \/>\n\t\t\t\t\t\t\t\t\t\t<a href=\"tel:+41 (0)44 319 71 57\">+41 (0)44 319 71 57<\/a><br \/>\t\t\t\t\t<a href=\"mailto:birte.theiler@alice.ch\">birte.theiler@alice.ch<\/a><br \/>\t\t\t\t\t<\/div>\n\t\t\t\t\t<\/div>\n<\/div>\n\n\n\n<div class=\"wp-block-column is-layout-flow wp-block-column-is-layout-flow\" style=\"flex-basis:50%\"><\/div>\n<\/div>\n<\/div>\n","protected":false},"excerpt":{"rendered":"<p>Projet de ch\u00e8ques de formation dans le canton de Fribourg Ch\u00e8ques de formation continue pour les personnes ayant des comp\u00e9tences [&hellip;]<\/p>\n","protected":false},"author":4,"featured_media":20799,"parent":11312,"menu_order":150,"comment_status":"closed","ping_status":"closed","template":"","meta":{"_acf_changed":false,"inline_featured_image":false,"footnotes":""},"class_list":["post-11316","page","type-page","status-publish","has-post-thumbnail","hentry"],"acf":[],"yoast_head":"<!-- This site is optimized with the Yoast SEO plugin v27.3 - https:\/\/yoast.com\/product\/yoast-seo-wordpress\/ -->\n<title>Canton de Fribourg - FSEA<\/title>\n<meta name=\"description\" content=\"Qui peut obtenir des bons de formation continue dans le canton de Fribourg, o\u00f9 peut-on les obtenir et quel est le contexte du projet.\" \/>\n<meta name=\"robots\" content=\"index, follow, max-snippet:-1, max-image-preview:large, max-video-preview:-1\" \/>\n<link rel=\"canonical\" href=\"https:\/\/alice.ch\/fr\/services\/projets-de-cheques-de-la-fsea\/canton-de-fribourg\/\" \/>\n<meta property=\"og:locale\" content=\"fr_FR\" \/>\n<meta property=\"og:type\" content=\"article\" \/>\n<meta property=\"og:title\" content=\"Canton de Fribourg - FSEA\" \/>\n<meta property=\"og:description\" content=\"Qui peut obtenir des bons de formation continue dans le canton de Fribourg, o\u00f9 peut-on les obtenir et quel est le contexte du projet.\" \/>\n<meta property=\"og:url\" content=\"https:\/\/alice.ch\/fr\/services\/projets-de-cheques-de-la-fsea\/canton-de-fribourg\/\" \/>\n<meta property=\"og:site_name\" content=\"SVEB\" \/>\n<meta property=\"article:modified_time\" content=\"2024-05-03T09:00:03+00:00\" \/>\n<meta name=\"twitter:card\" content=\"summary_large_image\" \/>\n<meta name=\"twitter:label1\" content=\"Dur\u00e9e de lecture estim\u00e9e\" \/>\n\t<meta name=\"twitter:data1\" content=\"4 minutes\" \/>\n<script type=\"application\/ld+json\" class=\"yoast-schema-graph\">{\"@context\":\"https:\\\/\\\/schema.org\",\"@graph\":[{\"@type\":\"WebPage\",\"@id\":\"https:\\\/\\\/alice.ch\\\/fr\\\/services\\\/projets-de-cheques-de-la-fsea\\\/canton-de-fribourg\\\/\",\"url\":\"https:\\\/\\\/alice.ch\\\/fr\\\/services\\\/projets-de-cheques-de-la-fsea\\\/canton-de-fribourg\\\/\",\"name\":\"Canton de Fribourg - FSEA\",\"isPartOf\":{\"@id\":\"https:\\\/\\\/alice.ch\\\/fr\\\/#website\"},\"primaryImageOfPage\":{\"@id\":\"https:\\\/\\\/alice.ch\\\/fr\\\/services\\\/projets-de-cheques-de-la-fsea\\\/canton-de-fribourg\\\/#primaryimage\"},\"image\":{\"@id\":\"https:\\\/\\\/alice.ch\\\/fr\\\/services\\\/projets-de-cheques-de-la-fsea\\\/canton-de-fribourg\\\/#primaryimage\"},\"thumbnailUrl\":\"https:\\\/\\\/alice.ch\\\/app\\\/uploads\\\/2022\\\/11\\\/default.jpg\",\"datePublished\":\"2022-08-16T14:59:26+00:00\",\"dateModified\":\"2024-05-03T09:00:03+00:00\",\"description\":\"Qui peut obtenir des bons de formation continue dans le canton de Fribourg, o\u00f9 peut-on les obtenir et quel est le contexte du projet.\",\"breadcrumb\":{\"@id\":\"https:\\\/\\\/alice.ch\\\/fr\\\/services\\\/projets-de-cheques-de-la-fsea\\\/canton-de-fribourg\\\/#breadcrumb\"},\"inLanguage\":\"fr-FR\",\"potentialAction\":[{\"@type\":\"ReadAction\",\"target\":[\"https:\\\/\\\/alice.ch\\\/fr\\\/services\\\/projets-de-cheques-de-la-fsea\\\/canton-de-fribourg\\\/\"]}]},{\"@type\":\"ImageObject\",\"inLanguage\":\"fr-FR\",\"@id\":\"https:\\\/\\\/alice.ch\\\/fr\\\/services\\\/projets-de-cheques-de-la-fsea\\\/canton-de-fribourg\\\/#primaryimage\",\"url\":\"https:\\\/\\\/alice.ch\\\/app\\\/uploads\\\/2022\\\/11\\\/default.jpg\",\"contentUrl\":\"https:\\\/\\\/alice.ch\\\/app\\\/uploads\\\/2022\\\/11\\\/default.jpg\",\"width\":1600,\"height\":900},{\"@type\":\"BreadcrumbList\",\"@id\":\"https:\\\/\\\/alice.ch\\\/fr\\\/services\\\/projets-de-cheques-de-la-fsea\\\/canton-de-fribourg\\\/#breadcrumb\",\"itemListElement\":[{\"@type\":\"ListItem\",\"position\":1,\"name\":\"Page d'accueil\",\"item\":\"https:\\\/\\\/alice.ch\\\/fr\\\/\"},{\"@type\":\"ListItem\",\"position\":2,\"name\":\"Services\",\"item\":\"https:\\\/\\\/alice.ch\\\/fr\\\/services\\\/\"},{\"@type\":\"ListItem\",\"position\":3,\"name\":\"Projets de ch\u00e8ques de la FSEA\",\"item\":\"https:\\\/\\\/alice.ch\\\/fr\\\/services\\\/projets-de-cheques-de-la-fsea\\\/\"},{\"@type\":\"ListItem\",\"position\":4,\"name\":\"Canton de Fribourg\"}]},{\"@type\":\"WebSite\",\"@id\":\"https:\\\/\\\/alice.ch\\\/fr\\\/#website\",\"url\":\"https:\\\/\\\/alice.ch\\\/fr\\\/\",\"name\":\"alice.ch (Adult Learning Information Center) ist das Portal der Weiterbildung in der Schweiz.\",\"description\":\"Schweizerischer Verband f\u00fcr Weiterbildung\",\"publisher\":{\"@id\":\"https:\\\/\\\/alice.ch\\\/fr\\\/#organization\"},\"potentialAction\":[{\"@type\":\"SearchAction\",\"target\":{\"@type\":\"EntryPoint\",\"urlTemplate\":\"https:\\\/\\\/alice.ch\\\/fr\\\/?s={search_term_string}\"},\"query-input\":{\"@type\":\"PropertyValueSpecification\",\"valueRequired\":true,\"valueName\":\"search_term_string\"}}],\"inLanguage\":\"fr-FR\"},{\"@type\":\"Organization\",\"@id\":\"https:\\\/\\\/alice.ch\\\/fr\\\/#organization\",\"name\":\"FSEA F\u00e9d\u00e9ration suisse pour la formation continue\",\"url\":\"https:\\\/\\\/alice.ch\\\/fr\\\/\",\"logo\":{\"@type\":\"ImageObject\",\"inLanguage\":\"fr-FR\",\"@id\":\"https:\\\/\\\/alice.ch\\\/fr\\\/#\\\/schema\\\/logo\\\/image\\\/\",\"url\":\"https:\\\/\\\/alice.ch\\\/app\\\/uploads\\\/2022\\\/07\\\/logo-sveb.png\",\"contentUrl\":\"https:\\\/\\\/alice.ch\\\/app\\\/uploads\\\/2022\\\/07\\\/logo-sveb.png\",\"width\":145,\"height\":64,\"caption\":\"FSEA F\u00e9d\u00e9ration suisse pour la formation continue\"},\"image\":{\"@id\":\"https:\\\/\\\/alice.ch\\\/fr\\\/#\\\/schema\\\/logo\\\/image\\\/\"},\"sameAs\":[\"https:\\\/\\\/www.linkedin.com\\\/company\\\/schweizerischer-verband-fr-weiterbildung-sveb\\\/\"]}]}<\/script>\n<!-- \/ Yoast SEO plugin. -->","yoast_head_json":{"title":"Canton de Fribourg - FSEA","description":"Qui peut obtenir des bons de formation continue dans le canton de Fribourg, o\u00f9 peut-on les obtenir et quel est le contexte du projet.","robots":{"index":"index","follow":"follow","max-snippet":"max-snippet:-1","max-image-preview":"max-image-preview:large","max-video-preview":"max-video-preview:-1"},"canonical":"https:\/\/alice.ch\/fr\/services\/projets-de-cheques-de-la-fsea\/canton-de-fribourg\/","og_locale":"fr_FR","og_type":"article","og_title":"Canton de Fribourg - FSEA","og_description":"Qui peut obtenir des bons de formation continue dans le canton de Fribourg, o\u00f9 peut-on les obtenir et quel est le contexte du projet.","og_url":"https:\/\/alice.ch\/fr\/services\/projets-de-cheques-de-la-fsea\/canton-de-fribourg\/","og_site_name":"SVEB","article_modified_time":"2024-05-03T09:00:03+00:00","twitter_card":"summary_large_image","twitter_misc":{"Dur\u00e9e de lecture estim\u00e9e":"4 minutes"},"schema":{"@context":"https:\/\/schema.org","@graph":[{"@type":"WebPage","@id":"https:\/\/alice.ch\/fr\/services\/projets-de-cheques-de-la-fsea\/canton-de-fribourg\/","url":"https:\/\/alice.ch\/fr\/services\/projets-de-cheques-de-la-fsea\/canton-de-fribourg\/","name":"Canton de Fribourg - FSEA","isPartOf":{"@id":"https:\/\/alice.ch\/fr\/#website"},"primaryImageOfPage":{"@id":"https:\/\/alice.ch\/fr\/services\/projets-de-cheques-de-la-fsea\/canton-de-fribourg\/#primaryimage"},"image":{"@id":"https:\/\/alice.ch\/fr\/services\/projets-de-cheques-de-la-fsea\/canton-de-fribourg\/#primaryimage"},"thumbnailUrl":"https:\/\/alice.ch\/app\/uploads\/2022\/11\/default.jpg","datePublished":"2022-08-16T14:59:26+00:00","dateModified":"2024-05-03T09:00:03+00:00","description":"Qui peut obtenir des bons de formation continue dans le canton de Fribourg, o\u00f9 peut-on les obtenir et quel est le contexte du projet.","breadcrumb":{"@id":"https:\/\/alice.ch\/fr\/services\/projets-de-cheques-de-la-fsea\/canton-de-fribourg\/#breadcrumb"},"inLanguage":"fr-FR","potentialAction":[{"@type":"ReadAction","target":["https:\/\/alice.ch\/fr\/services\/projets-de-cheques-de-la-fsea\/canton-de-fribourg\/"]}]},{"@type":"ImageObject","inLanguage":"fr-FR","@id":"https:\/\/alice.ch\/fr\/services\/projets-de-cheques-de-la-fsea\/canton-de-fribourg\/#primaryimage","url":"https:\/\/alice.ch\/app\/uploads\/2022\/11\/default.jpg","contentUrl":"https:\/\/alice.ch\/app\/uploads\/2022\/11\/default.jpg","width":1600,"height":900},{"@type":"BreadcrumbList","@id":"https:\/\/alice.ch\/fr\/services\/projets-de-cheques-de-la-fsea\/canton-de-fribourg\/#breadcrumb","itemListElement":[{"@type":"ListItem","position":1,"name":"Page d'accueil","item":"https:\/\/alice.ch\/fr\/"},{"@type":"ListItem","position":2,"name":"Services","item":"https:\/\/alice.ch\/fr\/services\/"},{"@type":"ListItem","position":3,"name":"Projets de ch\u00e8ques de la FSEA","item":"https:\/\/alice.ch\/fr\/services\/projets-de-cheques-de-la-fsea\/"},{"@type":"ListItem","position":4,"name":"Canton de Fribourg"}]},{"@type":"WebSite","@id":"https:\/\/alice.ch\/fr\/#website","url":"https:\/\/alice.ch\/fr\/","name":"alice.ch (Adult Learning Information Center) ist das Portal der Weiterbildung in der Schweiz.","description":"Schweizerischer Verband f\u00fcr Weiterbildung","publisher":{"@id":"https:\/\/alice.ch\/fr\/#organization"},"potentialAction":[{"@type":"SearchAction","target":{"@type":"EntryPoint","urlTemplate":"https:\/\/alice.ch\/fr\/?s={search_term_string}"},"query-input":{"@type":"PropertyValueSpecification","valueRequired":true,"valueName":"search_term_string"}}],"inLanguage":"fr-FR"},{"@type":"Organization","@id":"https:\/\/alice.ch\/fr\/#organization","name":"FSEA F\u00e9d\u00e9ration suisse pour la formation continue","url":"https:\/\/alice.ch\/fr\/","logo":{"@type":"ImageObject","inLanguage":"fr-FR","@id":"https:\/\/alice.ch\/fr\/#\/schema\/logo\/image\/","url":"https:\/\/alice.ch\/app\/uploads\/2022\/07\/logo-sveb.png","contentUrl":"https:\/\/alice.ch\/app\/uploads\/2022\/07\/logo-sveb.png","width":145,"height":64,"caption":"FSEA F\u00e9d\u00e9ration suisse pour la formation continue"},"image":{"@id":"https:\/\/alice.ch\/fr\/#\/schema\/logo\/image\/"},"sameAs":["https:\/\/www.linkedin.com\/company\/schweizerischer-verband-fr-weiterbildung-sveb\/"]}]}},"_links":{"self":[{"href":"https:\/\/alice.ch\/fr\/wp-json\/wp\/v2\/pages\/11316","targetHints":{"allow":["GET"]}}],"collection":[{"href":"https:\/\/alice.ch\/fr\/wp-json\/wp\/v2\/pages"}],"about":[{"href":"https:\/\/alice.ch\/fr\/wp-json\/wp\/v2\/types\/page"}],"author":[{"embeddable":true,"href":"https:\/\/alice.ch\/fr\/wp-json\/wp\/v2\/users\/4"}],"replies":[{"embeddable":true,"href":"https:\/\/alice.ch\/fr\/wp-json\/wp\/v2\/comments?post=11316"}],"version-history":[{"count":6,"href":"https:\/\/alice.ch\/fr\/wp-json\/wp\/v2\/pages\/11316\/revisions"}],"predecessor-version":[{"id":59777,"href":"https:\/\/alice.ch\/fr\/wp-json\/wp\/v2\/pages\/11316\/revisions\/59777"}],"up":[{"embeddable":true,"href":"https:\/\/alice.ch\/fr\/wp-json\/wp\/v2\/pages\/11312"}],"wp:featuredmedia":[{"embeddable":true,"href":"https:\/\/alice.ch\/fr\/wp-json\/wp\/v2\/media\/20799"}],"wp:attachment":[{"href":"https:\/\/alice.ch\/fr\/wp-json\/wp\/v2\/media?parent=11316"}],"curies":[{"name":"wp","href":"https:\/\/api.w.org\/{rel}","templated":true}]}}