{"id":11388,"date":"2022-08-16T16:23:31","date_gmt":"2022-08-16T14:23:31","guid":{"rendered":"https:\/\/projects.atxeit.ch\/sveb\/ueber-den-sveb\/"},"modified":"2025-10-31T08:40:13","modified_gmt":"2025-10-31T07:40:13","slug":"a-propos-de-la-fsea","status":"publish","type":"page","link":"https:\/\/alice.ch\/fr\/fsea-fr\/a-propos-de-la-fsea\/","title":{"rendered":"A propos de la FSEA"},"content":{"rendered":"\n<div class=\"wp-block-group is-style-reduced-width is-layout-flow wp-block-group-is-layout-flow\">\n<h1 class=\"wp-block-heading\">La f\u00e9d\u00e9ration fa\u00eeti\u00e8re nationale de la formation continue en Suisse<\/h1>\n\n\n\n<p class=\"is-style-lead\">En tant que f\u00e9d\u00e9ration fa\u00eeti\u00e8re nationale, nous nous engageons depuis 1951 pour les int\u00e9r\u00eats de la formation continue en Suisse. Nous repr\u00e9sentons les int\u00e9r\u00eats de plus de 750 membres. Nos membres sont des prestataires aussi bien priv\u00e9s que publics, des f\u00e9d\u00e9rations, des services de formation internes aux entreprises ainsi que des personnes individuelles.<\/p>\n\n\n\n<p>Nous repr\u00e9sentons leurs voix politiques, sociales et professionnelles dans les trois r\u00e9gions linguistiques.<\/p>\n\n\n\n<h2 class=\"wp-block-heading\">Notre vision<\/h2>\n\n\n\n<p>Nous assistons \u00e0 un bouleversement massif des conditions \u00e9conomiques et sociales. Dans ce contexte, nous constatons une augmentation constante des besoins en formation continue. Nous consid\u00e9rons cela \u00e0 la fois comme une chance et comme un d\u00e9fi pour permettre \u00e0 chacune et \u00e0 chacun de trouver sa voie vers l&rsquo;avenir. L&rsquo;apprentissage tout au long de la vie garantit \u00e0 la fois la stabilit\u00e9 \u00e9conomique et l&rsquo;enrichissement culturel de l&rsquo;individu et de la soci\u00e9t\u00e9.<\/p>\n\n\n\n<h2 class=\"wp-block-heading\">Notre travail<\/h2>\n\n\n\n<p>Parce que nous ne pouvons construire l&rsquo;avenir qu&rsquo;ensemble, nous travaillons syst\u00e9matiquement avec des partenaires et des membres. Ce faisant, nous cultivons le respect, l&rsquo;\u00e9quit\u00e9 et la transparence. Ensemble, nous d\u00e9finissons des th\u00e8mes, d\u00e9veloppons des projets et les mettons en \u0153uvre.<\/p>\n\n\n\n<h2 class=\"wp-block-heading\">Les projets et analyses<\/h2>\n\n\n\n<p>Nous d\u00e9veloppons des lignes directrices sur la formation continue et pilotons sa mise en \u0153uvre par de nombreux <a href=\"https:\/\/alice.ch\/fr\/recherche\/projets\/\">projets<\/a> nationaux et europ\u00e9ens. Gr\u00e2ce \u00e0 notre implication dans diff\u00e9rents r\u00e9seaux de recherche, nous participons \u00e9galement au discours scientifique. Nous abordons \u00e9galement dans un groupe de r\u00e9flexion interdisciplinaire des sc\u00e9narios d&rsquo;avenir pour la formation continue. Nous avons \u00e0 c\u0153ur de faire le lien avec la pratique.&nbsp;<\/p>\n\n\n\n<div class=\"wp-block-columns is-layout-flex wp-container-core-columns-is-layout-28f84493 wp-block-columns-is-layout-flex\">\n<div class=\"wp-block-column is-layout-flow wp-block-column-is-layout-flow\" style=\"flex-basis:50%\">\n<div class=\"wp-block-file\"><a id=\"wp-block-file--media-bbedca6c-9d21-4639-a517-8fe2eb17d7b9\" href=\"https:\/\/alice.ch\/app\/uploads\/2025\/10\/Organigramm-des-mai-2025-fr.pdf\" target=\"_blank\" rel=\"noreferrer noopener\">Organigramme de la FSEA<br \/>PDF &#8211; 2 Mo<\/a><\/div>\n<\/div>\n\n\n\n<div class=\"wp-block-column is-layout-flow wp-block-column-is-layout-flow\" style=\"flex-basis:50%\"><\/div>\n<\/div>\n\n\n\n<div class=\"wp-block-columns is-layout-flex wp-container-core-columns-is-layout-28f84493 wp-block-columns-is-layout-flex\">\n<div class=\"wp-block-column is-layout-flow wp-block-column-is-layout-flow\">\n<div class=\"wp-block-buttons is-layout-flex wp-block-buttons-is-layout-flex\">\n<div class=\"wp-block-button has-custom-width wp-block-button__width-100 is-style-outline is-style-outline--1\"><a class=\"wp-block-button__link wp-element-button\" href=\"https:\/\/alice.ch\/fr\/fsea-fr\/a-propos-de-la-fsea\/organes\/\">Organes<\/a><\/div>\n\n\n\n<div class=\"wp-block-button has-custom-width wp-block-button__width-100 is-style-outline is-style-outline--2\"><a class=\"wp-block-button__link wp-element-button\" href=\"https:\/\/alice.ch\/fr\/fsea-fr\/a-propos-de-la-fsea\/fsea-en-chiffres\/\">La FSEA en chiffres<\/a><\/div>\n\n\n\n<div class=\"wp-block-button has-custom-width wp-block-button__width-100 is-style-outline is-style-outline--3\"><a class=\"wp-block-button__link wp-element-button\" href=\"https:\/\/alice.ch\/fr\/fsea-fr\/a-propos-de-la-fsea\/rapports-annuels\/\">Rapports annuels<\/a><\/div>\n<\/div>\n\n\n\n<div class=\"wp-block-buttons is-layout-flex wp-block-buttons-is-layout-flex\">\n<div class=\"wp-block-button has-custom-width wp-block-button__width-100 is-style-outline is-style-outline--4\"><a class=\"wp-block-button__link wp-element-button\" href=\"https:\/\/alice.ch\/fr\/fsea-fr\/a-propos-de-la-fsea\/histoire\/\">Histoire<\/a><\/div>\n\n\n\n<div class=\"wp-block-button has-custom-width wp-block-button__width-100 is-style-outline is-style-outline--5\"><a class=\"wp-block-button__link wp-element-button\" href=\"https:\/\/alice.ch\/fr\/fsea-fr\/a-propos-de-la-fsea\/notre-equipe\/\">Notre \u00e9quipe<\/a><\/div>\n\n\n\n<div class=\"wp-block-button has-custom-width wp-block-button__width-100 is-style-outline is-style-outline--6\"><a class=\"wp-block-button__link wp-element-button\" href=\"https:\/\/alice.ch\/fr\/fsea-fr\/membres\/\">Devenir membre<\/a><\/div>\n<\/div>\n<\/div>\n\n\n\n<div class=\"wp-block-column is-layout-flow wp-block-column-is-layout-flow\"><\/div>\n<\/div>\n\n\n\n<h2 class=\"wp-block-heading\">Contact<\/h2>\n\n\n\n<div class=\"wp-block-columns is-layout-flex wp-container-core-columns-is-layout-28f84493 wp-block-columns-is-layout-flex\">\n<div class=\"wp-block-column is-layout-flow wp-block-column-is-layout-flow\" style=\"flex-basis:50%\"><div class=\"contact-persons\">\n\n\t\t\t\t\t<div class=\"contact-person\">\n\t\t\t\t\tFSEA F\u00e9d\u00e9ration suisse pour la formation continue<br \/>\t\t\t\t\t\t\t\t\t\t<br \/>\n\t\t\t\t\tSecr\u00e9tariat romand<br \/>\r\nRue de Gen\u00e8ve 88b<br \/>\r\n1004 Lausanne<br \/>\t\t\t\t\t<a href=\"tel:+41 (0)22 994 20 10\">+41 (0)22 994 20 10<\/a><br \/>\t\t\t\t\t<a href=\"mailto:fsea@alice.ch\">fsea@alice.ch<\/a><br \/>\t\t\t\t\t<\/div>\n\t\t\t\t\t<\/div>\n<\/div>\n\n\n\n<div class=\"wp-block-column is-layout-flow wp-block-column-is-layout-flow\" style=\"flex-basis:50%\"><\/div>\n<\/div>\n<\/div>\n","protected":false},"excerpt":{"rendered":"<p>La f\u00e9d\u00e9ration fa\u00eeti\u00e8re nationale de la formation continue en Suisse En tant que f\u00e9d\u00e9ration fa\u00eeti\u00e8re nationale, nous nous engageons depuis [&hellip;]<\/p>\n","protected":false},"author":4,"featured_media":20799,"parent":17426,"menu_order":538,"comment_status":"closed","ping_status":"closed","template":"","meta":{"_acf_changed":false,"inline_featured_image":false,"footnotes":""},"class_list":["post-11388","page","type-page","status-publish","has-post-thumbnail","hentry"],"acf":[],"yoast_head":"<!-- This site is optimized with the Yoast SEO plugin v27.3 - https:\/\/yoast.com\/product\/yoast-seo-wordpress\/ -->\n<title>A propos de la FSEA - FSEA<\/title>\n<meta name=\"description\" content=\"La F\u00e9d\u00e9ration suisse pour la formation continue FSEA est la f\u00e9d\u00e9ration fa\u00eeti\u00e8re de la formation continue en Suisse.\" \/>\n<meta name=\"robots\" content=\"index, follow, max-snippet:-1, max-image-preview:large, max-video-preview:-1\" \/>\n<link rel=\"canonical\" href=\"https:\/\/alice.ch\/fr\/fsea-fr\/a-propos-de-la-fsea\/\" \/>\n<meta property=\"og:locale\" content=\"fr_FR\" \/>\n<meta property=\"og:type\" content=\"article\" \/>\n<meta property=\"og:title\" content=\"A propos de la FSEA - FSEA\" \/>\n<meta property=\"og:description\" content=\"La F\u00e9d\u00e9ration suisse pour la formation continue FSEA est la f\u00e9d\u00e9ration fa\u00eeti\u00e8re de la formation continue en Suisse.\" \/>\n<meta property=\"og:url\" content=\"https:\/\/alice.ch\/fr\/fsea-fr\/a-propos-de-la-fsea\/\" \/>\n<meta property=\"og:site_name\" content=\"SVEB\" \/>\n<meta property=\"article:modified_time\" content=\"2025-10-31T07:40:13+00:00\" \/>\n<meta name=\"twitter:card\" content=\"summary_large_image\" \/>\n<meta name=\"twitter:label1\" content=\"Dur\u00e9e de lecture estim\u00e9e\" \/>\n\t<meta name=\"twitter:data1\" content=\"2 minutes\" \/>\n<script type=\"application\/ld+json\" class=\"yoast-schema-graph\">{\"@context\":\"https:\\\/\\\/schema.org\",\"@graph\":[{\"@type\":\"WebPage\",\"@id\":\"https:\\\/\\\/alice.ch\\\/fr\\\/fsea-fr\\\/a-propos-de-la-fsea\\\/\",\"url\":\"https:\\\/\\\/alice.ch\\\/fr\\\/fsea-fr\\\/a-propos-de-la-fsea\\\/\",\"name\":\"A propos de la FSEA - FSEA\",\"isPartOf\":{\"@id\":\"https:\\\/\\\/alice.ch\\\/fr\\\/#website\"},\"primaryImageOfPage\":{\"@id\":\"https:\\\/\\\/alice.ch\\\/fr\\\/fsea-fr\\\/a-propos-de-la-fsea\\\/#primaryimage\"},\"image\":{\"@id\":\"https:\\\/\\\/alice.ch\\\/fr\\\/fsea-fr\\\/a-propos-de-la-fsea\\\/#primaryimage\"},\"thumbnailUrl\":\"https:\\\/\\\/alice.ch\\\/app\\\/uploads\\\/2022\\\/11\\\/default.jpg\",\"datePublished\":\"2022-08-16T14:23:31+00:00\",\"dateModified\":\"2025-10-31T07:40:13+00:00\",\"description\":\"La F\u00e9d\u00e9ration suisse pour la formation continue FSEA est la f\u00e9d\u00e9ration fa\u00eeti\u00e8re de la formation continue en Suisse.\",\"breadcrumb\":{\"@id\":\"https:\\\/\\\/alice.ch\\\/fr\\\/fsea-fr\\\/a-propos-de-la-fsea\\\/#breadcrumb\"},\"inLanguage\":\"fr-FR\",\"potentialAction\":[{\"@type\":\"ReadAction\",\"target\":[\"https:\\\/\\\/alice.ch\\\/fr\\\/fsea-fr\\\/a-propos-de-la-fsea\\\/\"]}]},{\"@type\":\"ImageObject\",\"inLanguage\":\"fr-FR\",\"@id\":\"https:\\\/\\\/alice.ch\\\/fr\\\/fsea-fr\\\/a-propos-de-la-fsea\\\/#primaryimage\",\"url\":\"https:\\\/\\\/alice.ch\\\/app\\\/uploads\\\/2022\\\/11\\\/default.jpg\",\"contentUrl\":\"https:\\\/\\\/alice.ch\\\/app\\\/uploads\\\/2022\\\/11\\\/default.jpg\",\"width\":1600,\"height\":900},{\"@type\":\"BreadcrumbList\",\"@id\":\"https:\\\/\\\/alice.ch\\\/fr\\\/fsea-fr\\\/a-propos-de-la-fsea\\\/#breadcrumb\",\"itemListElement\":[{\"@type\":\"ListItem\",\"position\":1,\"name\":\"Page d'accueil\",\"item\":\"https:\\\/\\\/alice.ch\\\/fr\\\/\"},{\"@type\":\"ListItem\",\"position\":2,\"name\":\"FSEA\",\"item\":\"https:\\\/\\\/alice.ch\\\/fr\\\/fsea-fr\\\/\"},{\"@type\":\"ListItem\",\"position\":3,\"name\":\"A propos de la FSEA\"}]},{\"@type\":\"WebSite\",\"@id\":\"https:\\\/\\\/alice.ch\\\/fr\\\/#website\",\"url\":\"https:\\\/\\\/alice.ch\\\/fr\\\/\",\"name\":\"alice.ch (Adult Learning Information Center) ist das Portal der Weiterbildung in der Schweiz.\",\"description\":\"Schweizerischer Verband f\u00fcr Weiterbildung\",\"publisher\":{\"@id\":\"https:\\\/\\\/alice.ch\\\/fr\\\/#organization\"},\"potentialAction\":[{\"@type\":\"SearchAction\",\"target\":{\"@type\":\"EntryPoint\",\"urlTemplate\":\"https:\\\/\\\/alice.ch\\\/fr\\\/?s={search_term_string}\"},\"query-input\":{\"@type\":\"PropertyValueSpecification\",\"valueRequired\":true,\"valueName\":\"search_term_string\"}}],\"inLanguage\":\"fr-FR\"},{\"@type\":\"Organization\",\"@id\":\"https:\\\/\\\/alice.ch\\\/fr\\\/#organization\",\"name\":\"FSEA F\u00e9d\u00e9ration suisse pour la formation continue\",\"url\":\"https:\\\/\\\/alice.ch\\\/fr\\\/\",\"logo\":{\"@type\":\"ImageObject\",\"inLanguage\":\"fr-FR\",\"@id\":\"https:\\\/\\\/alice.ch\\\/fr\\\/#\\\/schema\\\/logo\\\/image\\\/\",\"url\":\"https:\\\/\\\/alice.ch\\\/app\\\/uploads\\\/2022\\\/07\\\/logo-sveb.png\",\"contentUrl\":\"https:\\\/\\\/alice.ch\\\/app\\\/uploads\\\/2022\\\/07\\\/logo-sveb.png\",\"width\":145,\"height\":64,\"caption\":\"FSEA F\u00e9d\u00e9ration suisse pour la formation continue\"},\"image\":{\"@id\":\"https:\\\/\\\/alice.ch\\\/fr\\\/#\\\/schema\\\/logo\\\/image\\\/\"},\"sameAs\":[\"https:\\\/\\\/www.linkedin.com\\\/company\\\/schweizerischer-verband-fr-weiterbildung-sveb\\\/\"]}]}<\/script>\n<!-- \/ Yoast SEO plugin. -->","yoast_head_json":{"title":"A propos de la FSEA - FSEA","description":"La F\u00e9d\u00e9ration suisse pour la formation continue FSEA est la f\u00e9d\u00e9ration fa\u00eeti\u00e8re de la formation continue en Suisse.","robots":{"index":"index","follow":"follow","max-snippet":"max-snippet:-1","max-image-preview":"max-image-preview:large","max-video-preview":"max-video-preview:-1"},"canonical":"https:\/\/alice.ch\/fr\/fsea-fr\/a-propos-de-la-fsea\/","og_locale":"fr_FR","og_type":"article","og_title":"A propos de la FSEA - FSEA","og_description":"La F\u00e9d\u00e9ration suisse pour la formation continue FSEA est la f\u00e9d\u00e9ration fa\u00eeti\u00e8re de la formation continue en Suisse.","og_url":"https:\/\/alice.ch\/fr\/fsea-fr\/a-propos-de-la-fsea\/","og_site_name":"SVEB","article_modified_time":"2025-10-31T07:40:13+00:00","twitter_card":"summary_large_image","twitter_misc":{"Dur\u00e9e de lecture estim\u00e9e":"2 minutes"},"schema":{"@context":"https:\/\/schema.org","@graph":[{"@type":"WebPage","@id":"https:\/\/alice.ch\/fr\/fsea-fr\/a-propos-de-la-fsea\/","url":"https:\/\/alice.ch\/fr\/fsea-fr\/a-propos-de-la-fsea\/","name":"A propos de la FSEA - FSEA","isPartOf":{"@id":"https:\/\/alice.ch\/fr\/#website"},"primaryImageOfPage":{"@id":"https:\/\/alice.ch\/fr\/fsea-fr\/a-propos-de-la-fsea\/#primaryimage"},"image":{"@id":"https:\/\/alice.ch\/fr\/fsea-fr\/a-propos-de-la-fsea\/#primaryimage"},"thumbnailUrl":"https:\/\/alice.ch\/app\/uploads\/2022\/11\/default.jpg","datePublished":"2022-08-16T14:23:31+00:00","dateModified":"2025-10-31T07:40:13+00:00","description":"La F\u00e9d\u00e9ration suisse pour la formation continue FSEA est la f\u00e9d\u00e9ration fa\u00eeti\u00e8re de la formation continue en Suisse.","breadcrumb":{"@id":"https:\/\/alice.ch\/fr\/fsea-fr\/a-propos-de-la-fsea\/#breadcrumb"},"inLanguage":"fr-FR","potentialAction":[{"@type":"ReadAction","target":["https:\/\/alice.ch\/fr\/fsea-fr\/a-propos-de-la-fsea\/"]}]},{"@type":"ImageObject","inLanguage":"fr-FR","@id":"https:\/\/alice.ch\/fr\/fsea-fr\/a-propos-de-la-fsea\/#primaryimage","url":"https:\/\/alice.ch\/app\/uploads\/2022\/11\/default.jpg","contentUrl":"https:\/\/alice.ch\/app\/uploads\/2022\/11\/default.jpg","width":1600,"height":900},{"@type":"BreadcrumbList","@id":"https:\/\/alice.ch\/fr\/fsea-fr\/a-propos-de-la-fsea\/#breadcrumb","itemListElement":[{"@type":"ListItem","position":1,"name":"Page d'accueil","item":"https:\/\/alice.ch\/fr\/"},{"@type":"ListItem","position":2,"name":"FSEA","item":"https:\/\/alice.ch\/fr\/fsea-fr\/"},{"@type":"ListItem","position":3,"name":"A propos de la FSEA"}]},{"@type":"WebSite","@id":"https:\/\/alice.ch\/fr\/#website","url":"https:\/\/alice.ch\/fr\/","name":"alice.ch (Adult Learning Information Center) ist das Portal der Weiterbildung in der Schweiz.","description":"Schweizerischer Verband f\u00fcr Weiterbildung","publisher":{"@id":"https:\/\/alice.ch\/fr\/#organization"},"potentialAction":[{"@type":"SearchAction","target":{"@type":"EntryPoint","urlTemplate":"https:\/\/alice.ch\/fr\/?s={search_term_string}"},"query-input":{"@type":"PropertyValueSpecification","valueRequired":true,"valueName":"search_term_string"}}],"inLanguage":"fr-FR"},{"@type":"Organization","@id":"https:\/\/alice.ch\/fr\/#organization","name":"FSEA F\u00e9d\u00e9ration suisse pour la formation continue","url":"https:\/\/alice.ch\/fr\/","logo":{"@type":"ImageObject","inLanguage":"fr-FR","@id":"https:\/\/alice.ch\/fr\/#\/schema\/logo\/image\/","url":"https:\/\/alice.ch\/app\/uploads\/2022\/07\/logo-sveb.png","contentUrl":"https:\/\/alice.ch\/app\/uploads\/2022\/07\/logo-sveb.png","width":145,"height":64,"caption":"FSEA F\u00e9d\u00e9ration suisse pour la formation continue"},"image":{"@id":"https:\/\/alice.ch\/fr\/#\/schema\/logo\/image\/"},"sameAs":["https:\/\/www.linkedin.com\/company\/schweizerischer-verband-fr-weiterbildung-sveb\/"]}]}},"_links":{"self":[{"href":"https:\/\/alice.ch\/fr\/wp-json\/wp\/v2\/pages\/11388","targetHints":{"allow":["GET"]}}],"collection":[{"href":"https:\/\/alice.ch\/fr\/wp-json\/wp\/v2\/pages"}],"about":[{"href":"https:\/\/alice.ch\/fr\/wp-json\/wp\/v2\/types\/page"}],"author":[{"embeddable":true,"href":"https:\/\/alice.ch\/fr\/wp-json\/wp\/v2\/users\/4"}],"replies":[{"embeddable":true,"href":"https:\/\/alice.ch\/fr\/wp-json\/wp\/v2\/comments?post=11388"}],"version-history":[{"count":30,"href":"https:\/\/alice.ch\/fr\/wp-json\/wp\/v2\/pages\/11388\/revisions"}],"predecessor-version":[{"id":71690,"href":"https:\/\/alice.ch\/fr\/wp-json\/wp\/v2\/pages\/11388\/revisions\/71690"}],"up":[{"embeddable":true,"href":"https:\/\/alice.ch\/fr\/wp-json\/wp\/v2\/pages\/17426"}],"wp:featuredmedia":[{"embeddable":true,"href":"https:\/\/alice.ch\/fr\/wp-json\/wp\/v2\/media\/20799"}],"wp:attachment":[{"href":"https:\/\/alice.ch\/fr\/wp-json\/wp\/v2\/media?parent=11388"}],"curies":[{"name":"wp","href":"https:\/\/api.w.org\/{rel}","templated":true}]}}