{"id":11390,"date":"2022-08-16T16:24:11","date_gmt":"2022-08-16T14:24:11","guid":{"rendered":"https:\/\/projects.atxeit.ch\/sveb\/ueber-den-sveb\/organe\/"},"modified":"2025-11-20T10:46:24","modified_gmt":"2025-11-20T09:46:24","slug":"organes","status":"publish","type":"page","link":"https:\/\/alice.ch\/fr\/fsea-fr\/a-propos-de-la-fsea\/organes\/","title":{"rendered":"Organes"},"content":{"rendered":"\n<div class=\"wp-block-group is-style-reduced-width is-layout-flow wp-block-group-is-layout-flow\">\n<h1 class=\"wp-block-heading\">Organes de la FSEA<\/h1>\n\n\n\n<p class=\"is-style-lead\">Les trois organes de la F\u00e9d\u00e9ration suisse pour la formation continue FSEA sont l&rsquo;assembl\u00e9e des d\u00e9l\u00e9gu\u00e9s, le Forum romand et le Comit\u00e9 directeur national de la FSEA.<\/p>\n\n\n\n<h2 class=\"wp-block-heading\">L&rsquo;assembl\u00e9e des d\u00e9l\u00e9gu\u00e9s<\/h2>\n\n\n\n<p>L&rsquo;assembl\u00e9e des d\u00e9l\u00e9gu\u00e9s de la FSEA est l&rsquo;organe supr\u00eame de la FSEA. L&rsquo;assembl\u00e9e a lieu chaque ann\u00e9e en mai. Traditionnellement, une journ\u00e9e d&rsquo;\u00e9changes sur la politique de la formation suit l&rsquo;assembl\u00e9e des d\u00e9l\u00e9gu\u00e9s. Cette journ\u00e9e est gratuite et s&rsquo;adresse \u00e0 tous les acteurs int\u00e9ress\u00e9s par la formation continue.<\/p>\n\n\n\n<h2 class=\"wp-block-heading\">Le Forum romand de la FSEA<\/h2>\n\n\n\n<p>Le Forum romand est l&rsquo;organe de r\u00e9flexion et de conseil du secr\u00e9tariat romand de la FSEA. Il r\u00e9unit les diff\u00e9rentes actrices et acteurs de la formation continue en Suisse romande. Le ou la pr\u00e9sidente du Forum romand sont \u00e9galement membres du Comit\u00e9 directeur national de la FSEA. Pour d\u00e9couvrir qui pr\u00e9side le Forum romand, cliquez sur le lien ci-dessous :<\/p>\n\n\n\n<div class=\"wp-block-buttons is-layout-flex wp-block-buttons-is-layout-flex\">\n<div class=\"wp-block-button has-custom-width wp-block-button__width-50 is-style-outline is-style-outline--1\"><a class=\"wp-block-button__link wp-element-button\" href=\"https:\/\/alice.ch\/fr\/fsea-fr\/a-propos-de-la-fsea\/organes\/forum-romand\/\">Forum romand<\/a><\/div>\n<\/div>\n\n\n\n<h2 class=\"wp-block-heading\">Comit\u00e9 directeur FSEA<\/h2>\n\n\n\n<div class=\"wp-block-columns is-layout-flex wp-container-core-columns-is-layout-28f84493 wp-block-columns-is-layout-flex\">\n<div class=\"wp-block-column is-layout-flow wp-block-column-is-layout-flow\" style=\"flex-basis:100%\">\n<div class=\"wp-block-columns is-layout-flex wp-container-core-columns-is-layout-28f84493 wp-block-columns-is-layout-flex\">\n<div class=\"wp-block-column is-layout-flow wp-block-column-is-layout-flow\" style=\"flex-basis:20%\">\n<figure class=\"wp-block-image size-full is-resized is-style-no-border\"><img decoding=\"async\" src=\"https:\/\/alice.ch\/app\/uploads\/2025\/05\/Tiana-Moser-e1747379646225.jpg\" alt=\"\" class=\"wp-image-68312\" style=\"width:179px;height:auto\"\/><\/figure>\n<\/div>\n\n\n\n<div class=\"wp-block-column is-layout-flow wp-block-column-is-layout-flow\" style=\"flex-basis:80%\">\n<p><strong>Tiana Moser<\/strong><br>Pr\u00e9sidente de la FSEA<\/p>\n\n\n\n<p><a href=\"https:\/\/www.parlament.ch\/de\/biografie\/tiana-angelina-moser\/3897\">Conseill\u00e8re aux \u00c9tats<\/a><\/p>\n<\/div>\n<\/div>\n<\/div>\n<\/div>\n\n\n\n<div class=\"wp-block-columns is-layout-flex wp-container-core-columns-is-layout-28f84493 wp-block-columns-is-layout-flex\">\n<div class=\"wp-block-column is-layout-flow wp-block-column-is-layout-flow\" style=\"flex-basis:20%\">\n<figure class=\"wp-block-image size-full is-style-no-border\"><img decoding=\"async\" width=\"180\" height=\"184\" src=\"https:\/\/alice.ch\/app\/uploads\/2022\/10\/simon-franzen.jpg\" alt=\"\" class=\"wp-image-5389\"\/><\/figure>\n<\/div>\n\n\n\n<div class=\"wp-block-column is-layout-flow wp-block-column-is-layout-flow\" style=\"flex-basis:80%\">\n<p><strong>Simon Franzen<\/strong><br>Vice-pr\u00e9sident FSEA<\/p>\n\n\n\n<p>Pr\u00e9sident du&nbsp;<a href=\"https:\/\/alice.ch\/fr\/fsea-fr\/a-propos-de-la-fsea\/organes\/forum-romand\/\">Forum romand de la FSEA<\/a><\/p>\n\n\n\n<p>Directeur du&nbsp;<a href=\"https:\/\/www.cvpc.ch\/\" target=\"_blank\" rel=\"noreferrer noopener\">Centre valaisan de perfectionnement continu<\/a>&nbsp;CVPC<\/p>\n<\/div>\n<\/div>\n\n\n\n<div class=\"wp-block-columns is-layout-flex wp-container-core-columns-is-layout-28f84493 wp-block-columns-is-layout-flex\">\n<div class=\"wp-block-column is-layout-flow wp-block-column-is-layout-flow\" style=\"flex-basis:20%\">\n<figure class=\"wp-block-image size-full is-style-no-border\"><img decoding=\"async\" width=\"180\" height=\"184\" src=\"https:\/\/alice.ch\/app\/uploads\/2022\/10\/giuliana-tedesco.png\" alt=\"\" class=\"wp-image-5397\"\/><\/figure>\n<\/div>\n\n\n\n<div class=\"wp-block-column is-layout-flow wp-block-column-is-layout-flow\" style=\"flex-basis:80%\">\n<p><strong>Giuliana Tedesco<\/strong><br>Vice-pr\u00e9sidente FSEA<br><br>Formation &amp; Participation, <a href=\"https:\/\/www.ecap.ch\/fr\/\" target=\"_blank\" rel=\"noreferrer noopener\">Fondation ECAP<\/a><\/p>\n\n\n\n<p>Vice-Directrice ECAP<\/p>\n<\/div>\n<\/div>\n\n\n\n<div class=\"wp-block-columns is-layout-flex wp-container-core-columns-is-layout-28f84493 wp-block-columns-is-layout-flex\">\n<div class=\"wp-block-column is-layout-flow wp-block-column-is-layout-flow\" style=\"flex-basis:20%\">\n<figure class=\"wp-block-image size-full is-style-no-border\"><img decoding=\"async\" width=\"180\" height=\"184\" src=\"https:\/\/alice.ch\/app\/uploads\/2023\/05\/melinda-bangerter.jpg\" alt=\"\" class=\"wp-image-49438\"\/><\/figure>\n<\/div>\n\n\n\n<div class=\"wp-block-column is-layout-flow wp-block-column-is-layout-flow\" style=\"flex-basis:80%\">\n<p><strong>Melinda Bangerter<\/strong><br><a href=\"https:\/\/www.secsuisse.ch\/region\/suisse-romande\/\" target=\"_blank\" rel=\"noreferrer noopener\">SEC Suisse<\/a><br><br>Responsable de la formation professionnelle de la SEC<\/p>\n<\/div>\n<\/div>\n\n\n\n<div class=\"wp-block-columns is-layout-flex wp-container-core-columns-is-layout-28f84493 wp-block-columns-is-layout-flex\">\n<div class=\"wp-block-column is-layout-flow wp-block-column-is-layout-flow\" style=\"flex-basis:20%\">\n<figure class=\"wp-block-image size-full is-style-no-border\"><img decoding=\"async\" width=\"180\" height=\"184\" src=\"https:\/\/alice.ch\/app\/uploads\/2022\/10\/sandra-bissig.jpg\" alt=\"\" class=\"wp-image-5353\"\/><\/figure>\n<\/div>\n\n\n\n<div class=\"wp-block-column is-layout-flow wp-block-column-is-layout-flow\" style=\"flex-basis:80%\">\n<p><strong>Sandra Bissig<\/strong><br>Vice-Pr\u00e9sidente&nbsp;<a href=\"https:\/\/alice.ch\/fr\/fsea-fr\/a-propos-de-la-fsea\/organes\/forum-romand\/\">Forum romand de la FSEA<\/a><\/p>\n\n\n\n<p><a href=\"https:\/\/www.cip-tramelan.ch\/\" target=\"_blank\" rel=\"noreferrer noopener\">Centre interr\u00e9gional de perfectionnement CIP Tramelan<\/a><\/p>\n<\/div>\n<\/div>\n\n\n\n<div class=\"wp-block-columns is-layout-flex wp-container-core-columns-is-layout-28f84493 wp-block-columns-is-layout-flex\">\n<div class=\"wp-block-column is-layout-flow wp-block-column-is-layout-flow\" style=\"flex-basis:20%\">\n<figure class=\"wp-block-image size-full is-style-no-border\"><img decoding=\"async\" width=\"180\" height=\"184\" src=\"https:\/\/alice.ch\/app\/uploads\/2022\/10\/daniel-carron.jpg\" alt=\"\" class=\"wp-image-5361\"\/><\/figure>\n<\/div>\n\n\n\n<div class=\"wp-block-column is-layout-flow wp-block-column-is-layout-flow\" style=\"flex-basis:80%\">\n<p><strong>Daniel Carron<\/strong><br>Commission Suisse pour la formation de formateurs d\u2019adultes SK ADA<\/p>\n\n\n\n<p>Pilotage et d\u00e9veloppement de la formation au sein de CFF SA<\/p>\n\n\n\n<p>Repr\u00e9sentants Membres Cat\u00e9gorie 3<\/p>\n<\/div>\n<\/div>\n\n\n\n<div class=\"wp-block-columns is-layout-flex wp-container-core-columns-is-layout-28f84493 wp-block-columns-is-layout-flex\">\n<div class=\"wp-block-column is-layout-flow wp-block-column-is-layout-flow\" style=\"flex-basis:20%\">\n<figure class=\"wp-block-image size-full is-style-no-border\"><img decoding=\"async\" width=\"180\" height=\"183\" src=\"https:\/\/alice.ch\/app\/uploads\/2022\/10\/nicole-cornu.jpg\" alt=\"\" class=\"wp-image-5365\"\/><\/figure>\n<\/div>\n\n\n\n<div class=\"wp-block-column is-layout-flow wp-block-column-is-layout-flow\" style=\"flex-basis:80%\">\n<p><strong>Nicole Cornu<\/strong><br>Secr\u00e9taire centrale Politique de la formation et politique de la jeunesse<\/p>\n\n\n\n<p><a href=\"https:\/\/www.uss.ch\/luss\/qui-sommes-nous\" target=\"_blank\" rel=\"noreferrer noopener\">Union syndicale suisse<\/a><\/p>\n<\/div>\n<\/div>\n\n\n\n<div class=\"wp-block-columns is-layout-flex wp-container-core-columns-is-layout-28f84493 wp-block-columns-is-layout-flex\">\n<div class=\"wp-block-column is-layout-flow wp-block-column-is-layout-flow\" style=\"flex-basis:20%\">\n<figure class=\"wp-block-image size-full is-style-no-border\"><img decoding=\"async\" width=\"180\" height=\"184\" src=\"https:\/\/alice.ch\/app\/uploads\/2022\/10\/maja-huber.jpg\" alt=\"\" class=\"wp-image-5373\"\/><\/figure>\n<\/div>\n\n\n\n<div class=\"wp-block-column is-layout-flow wp-block-column-is-layout-flow\" style=\"flex-basis:80%\">\n<p><strong>Maja Huber<\/strong><br>Copr\u00e9sidente <a href=\"https:\/\/www.edk.ch\/fr\/themes\/formation-professionnelle\/cifc?set_language=fr\" target=\"_blank\" rel=\"noreferrer noopener\">Conf\u00e9rence intercantonale de la formation continue<\/a> (CIFC) de la <a href=\"https:\/\/www.edk.ch\/fr\/la-cdip\" target=\"_blank\" rel=\"noreferrer noopener\">CDIP<\/a><\/p>\n\n\n\n<p>ex officio<\/p>\n<\/div>\n<\/div>\n\n\n\n<div class=\"wp-block-columns is-layout-flex wp-container-core-columns-is-layout-28f84493 wp-block-columns-is-layout-flex\">\n<div class=\"wp-block-column is-layout-flow wp-block-column-is-layout-flow\" style=\"flex-basis:20%\">\n<figure class=\"wp-block-image size-full is-resized is-style-no-border\"><img decoding=\"async\" src=\"https:\/\/alice.ch\/app\/uploads\/2025\/05\/Simone-Kamm-e1747379993798.jpg\" alt=\"\" class=\"wp-image-68316\" style=\"width:180px;height:auto\"\/><\/figure>\n<\/div>\n\n\n\n<div class=\"wp-block-column is-layout-flow wp-block-column-is-layout-flow\" style=\"flex-basis:80%\">\n<p><strong>Simone Kamm<\/strong><br>Repr\u00e9sentante <a href=\"https:\/\/www.kalaidos.ch\/de-CH\/Bildungsgruppe\/Bildungspolitik\">Kalaidos Bildungsgruppe<\/a><\/p>\n\n\n\n<p>Membre de la direction chez <a href=\"https:\/\/www.akad.ch\/\">AKAD<\/a><\/p>\n<\/div>\n<\/div>\n\n\n\n<div class=\"wp-block-columns is-layout-flex wp-container-core-columns-is-layout-28f84493 wp-block-columns-is-layout-flex\">\n<div class=\"wp-block-column is-layout-flow wp-block-column-is-layout-flow\" style=\"flex-basis:20%\">\n<figure class=\"wp-block-image size-full is-style-no-border\"><img decoding=\"async\" width=\"180\" height=\"184\" src=\"https:\/\/alice.ch\/app\/uploads\/2022\/10\/pius-knuesel.jpg\" alt=\"\" class=\"wp-image-5377\"\/><\/figure>\n<\/div>\n\n\n\n<div class=\"wp-block-column is-layout-flow wp-block-column-is-layout-flow\" style=\"flex-basis:80%\">\n<p><strong>Pius Kn\u00fcsel<\/strong><br>Pr\u00e9sident&nbsp;<a href=\"https:\/\/www.up-vhs.ch\/fr\/association\/\" target=\"_blank\" rel=\"noreferrer noopener\">Association des Universit\u00e9s Populaires Suisses<\/a> (AUPS)<\/p>\n<\/div>\n<\/div>\n\n\n\n<div class=\"wp-block-columns is-layout-flex wp-container-core-columns-is-layout-28f84493 wp-block-columns-is-layout-flex\">\n<div class=\"wp-block-column is-layout-flow wp-block-column-is-layout-flow\" style=\"flex-basis:20%\">\n<figure class=\"wp-block-image size-full is-style-no-border\"><img decoding=\"async\" width=\"180\" height=\"184\" src=\"https:\/\/alice.ch\/app\/uploads\/2022\/10\/paolo-ortelli.jpg\" alt=\"\" class=\"wp-image-5385\"\/><\/figure>\n<\/div>\n\n\n\n<div class=\"wp-block-column is-layout-flow wp-block-column-is-layout-flow\" style=\"flex-basis:80%\">\n<p><strong>Paolo Ortelli<\/strong><br><a href=\"http:\/\/www.conferenzacfc.ch\/\" target=\"_blank\" rel=\"noreferrer noopener\">Conferenza della Svizzera italiana per la formazione continua degli adulti<\/a> (CFC)<\/p>\n\n\n\n<p>Pr\u00e9sident CFC<\/p>\n<\/div>\n<\/div>\n\n\n\n<div class=\"wp-block-columns is-layout-flex wp-container-core-columns-is-layout-28f84493 wp-block-columns-is-layout-flex\">\n<div class=\"wp-block-column is-layout-flow wp-block-column-is-layout-flow\" style=\"flex-basis:20%\">\n<figure class=\"wp-block-image size-full is-resized is-style-no-border\"><img decoding=\"async\" src=\"https:\/\/alice.ch\/app\/uploads\/2025\/05\/Reto-Schnellmann-e1747380362603.jpg\" alt=\"\" class=\"wp-image-68320\" style=\"width:182px;height:auto\"\/><\/figure>\n<\/div>\n\n\n\n<div class=\"wp-block-column is-layout-flow wp-block-column-is-layout-flow\" style=\"flex-basis:80%\">\n<p><strong>Reto Schnellmann<\/strong><br><a href=\"https:\/\/www.miduca.ch\/fran%C3%A7ais\" target=\"_blank\" rel=\"noreferrer noopener\">Miduca SA<\/a><\/p>\n\n\n\n<p>Directeur g\u00e9n\u00e9ral Miduca SA<\/p>\n<\/div>\n<\/div>\n\n\n\n<div class=\"wp-block-columns is-layout-flex wp-container-core-columns-is-layout-28f84493 wp-block-columns-is-layout-flex\">\n<div class=\"wp-block-column is-layout-flow wp-block-column-is-layout-flow\">\n<div class=\"wp-block-file\"><a id=\"wp-block-file--media-b5068fd8-e57d-4e32-83de-d5c4edb943d1\" href=\"https:\/\/alice.ch\/app\/uploads\/2023\/04\/SVEB_Jahresbericht2022_Web_.pdf\" target=\"_blank\" rel=\"noreferrer noopener\">Rapport annuel 2022<br \/>PDF &#8211; 1 Mo<\/a><\/div>\n\n\n\n<div class=\"wp-block-file\"><a id=\"wp-block-file--media-b5068fd8-e57d-4e32-83de-d5c4edb943d1\" href=\"https:\/\/alice.ch\/app\/uploads\/2023\/05\/anhang-revisionsbericht-2022.pdf\" target=\"_blank\" rel=\"noreferrer noopener\">Annexe Rapport financier annuel 2022 (en allemand)<br \/>PDF &#8211; 555 kb<\/a><a href=\"https:\/\/alice.ch\/app\/uploads\/2023\/05\/anhang-revisionsbericht-2022.pdf\" class=\"wp-block-file__button wp-element-button\" download aria-describedby=\"wp-block-file--media-b5068fd8-e57d-4e32-83de-d5c4edb943d1\">Herunterladen<br \/>PDF &#8211; 555 kb<\/a><\/div>\n<\/div>\n\n\n\n<div class=\"wp-block-column is-layout-flow wp-block-column-is-layout-flow\"><\/div>\n<\/div>\n\n\n\n<h2 class=\"wp-block-heading\">Informations suppl\u00e9mentaires<\/h2>\n\n\n\n<div class=\"wp-block-columns is-layout-flex wp-container-core-columns-is-layout-28f84493 wp-block-columns-is-layout-flex\">\n<div class=\"wp-block-column is-layout-flow wp-block-column-is-layout-flow\" style=\"flex-basis:50%\">\n<div class=\"wp-block-buttons is-layout-flex wp-block-buttons-is-layout-flex\">\n<div class=\"wp-block-button alignleft is-style-outline is-style-outline--2\"><a class=\"wp-block-button__link wp-element-button\" href=\"https:\/\/alice.ch\/fr\/fsea-fr\/a-propos-de-la-fsea\/rapports-annuels\/\">Rapports annuels ant\u00e9rieurs<\/a><\/div>\n<\/div>\n<\/div>\n<\/div>\n\n\n\n<h2 class=\"wp-block-heading\">Contact<\/h2>\n\n\n\n<div class=\"wp-block-columns is-layout-flex wp-container-core-columns-is-layout-28f84493 wp-block-columns-is-layout-flex\">\n<div class=\"wp-block-column is-layout-flow wp-block-column-is-layout-flow\" style=\"flex-basis:50%\"><div class=\"contact-persons\">\n\n\t\t\t\t\t<div class=\"contact-person\">\n\t\t\t\t\tFSEA F\u00e9d\u00e9ration suisse pour la formation continue<br \/>\t\t\t\t\t\t\t\t\t\t<br \/>\n\t\t\t\t\tSecr\u00e9tariat romand<br \/>\r\nRue de Gen\u00e8ve 88b<br \/>\r\n1004 Lausanne<br \/>\t\t\t\t\t<a href=\"tel:+41 (0)22 994 20 10\">+41 (0)22 994 20 10<\/a><br \/>\t\t\t\t\t<a href=\"mailto:fsea@alice.ch\">fsea@alice.ch<\/a><br \/>\t\t\t\t\t<\/div>\n\t\t\t\t\t<\/div>\n<\/div>\n\n\n\n<div class=\"wp-block-column is-layout-flow wp-block-column-is-layout-flow\" style=\"flex-basis:50%\"><\/div>\n<\/div>\n\n\n\n<p><\/p>\n<\/div>\n","protected":false},"excerpt":{"rendered":"<p>Organes de la FSEA Les trois organes de la F\u00e9d\u00e9ration suisse pour la formation continue FSEA sont l&rsquo;assembl\u00e9e des d\u00e9l\u00e9gu\u00e9s, [&hellip;]<\/p>\n","protected":false},"author":4,"featured_media":20799,"parent":11388,"menu_order":565,"comment_status":"closed","ping_status":"closed","template":"","meta":{"_acf_changed":false,"inline_featured_image":false,"footnotes":""},"class_list":["post-11390","page","type-page","status-publish","has-post-thumbnail","hentry"],"acf":[],"yoast_head":"<!-- This site is optimized with the Yoast SEO plugin v27.3 - https:\/\/yoast.com\/product\/yoast-seo-wordpress\/ -->\n<title>Organes - FSEA<\/title>\n<meta name=\"description\" content=\"Les trois organes de la F\u00e9d\u00e9ration suisse pour la formation continue FSEA sont l&#039;Assembl\u00e9e des d\u00e9l\u00e9gu\u00e9s, le Comit\u00e9 et le Forum romand.\" \/>\n<meta name=\"robots\" content=\"index, follow, max-snippet:-1, max-image-preview:large, max-video-preview:-1\" \/>\n<link rel=\"canonical\" href=\"https:\/\/alice.ch\/fr\/fsea-fr\/a-propos-de-la-fsea\/organes\/\" \/>\n<meta property=\"og:locale\" content=\"fr_FR\" \/>\n<meta property=\"og:type\" content=\"article\" \/>\n<meta property=\"og:title\" content=\"Organes - FSEA\" \/>\n<meta property=\"og:description\" content=\"Les trois organes de la F\u00e9d\u00e9ration suisse pour la formation continue FSEA sont l&#039;Assembl\u00e9e des d\u00e9l\u00e9gu\u00e9s, le Comit\u00e9 et le Forum romand.\" \/>\n<meta property=\"og:url\" content=\"https:\/\/alice.ch\/fr\/fsea-fr\/a-propos-de-la-fsea\/organes\/\" \/>\n<meta property=\"og:site_name\" content=\"SVEB\" \/>\n<meta property=\"article:modified_time\" content=\"2025-11-20T09:46:24+00:00\" \/>\n<meta property=\"og:image\" content=\"https:\/\/alice.ch\/app\/uploads\/2025\/05\/Tiana-Moser-e1747379646225.jpg\" \/>\n\t<meta property=\"og:image:width\" content=\"393\" \/>\n\t<meta property=\"og:image:height\" content=\"348\" \/>\n\t<meta property=\"og:image:type\" content=\"image\/jpeg\" \/>\n<meta name=\"twitter:card\" content=\"summary_large_image\" \/>\n<meta name=\"twitter:label1\" content=\"Dur\u00e9e de lecture estim\u00e9e\" \/>\n\t<meta name=\"twitter:data1\" content=\"5 minutes\" \/>\n<script type=\"application\/ld+json\" class=\"yoast-schema-graph\">{\"@context\":\"https:\\\/\\\/schema.org\",\"@graph\":[{\"@type\":\"WebPage\",\"@id\":\"https:\\\/\\\/alice.ch\\\/fr\\\/fsea-fr\\\/a-propos-de-la-fsea\\\/organes\\\/\",\"url\":\"https:\\\/\\\/alice.ch\\\/fr\\\/fsea-fr\\\/a-propos-de-la-fsea\\\/organes\\\/\",\"name\":\"Organes - FSEA\",\"isPartOf\":{\"@id\":\"https:\\\/\\\/alice.ch\\\/fr\\\/#website\"},\"primaryImageOfPage\":{\"@id\":\"https:\\\/\\\/alice.ch\\\/fr\\\/fsea-fr\\\/a-propos-de-la-fsea\\\/organes\\\/#primaryimage\"},\"image\":{\"@id\":\"https:\\\/\\\/alice.ch\\\/fr\\\/fsea-fr\\\/a-propos-de-la-fsea\\\/organes\\\/#primaryimage\"},\"thumbnailUrl\":\"https:\\\/\\\/alice.ch\\\/app\\\/uploads\\\/2022\\\/11\\\/default.jpg\",\"datePublished\":\"2022-08-16T14:24:11+00:00\",\"dateModified\":\"2025-11-20T09:46:24+00:00\",\"description\":\"Les trois organes de la F\u00e9d\u00e9ration suisse pour la formation continue FSEA sont l'Assembl\u00e9e des d\u00e9l\u00e9gu\u00e9s, le Comit\u00e9 et le Forum romand.\",\"breadcrumb\":{\"@id\":\"https:\\\/\\\/alice.ch\\\/fr\\\/fsea-fr\\\/a-propos-de-la-fsea\\\/organes\\\/#breadcrumb\"},\"inLanguage\":\"fr-FR\",\"potentialAction\":[{\"@type\":\"ReadAction\",\"target\":[\"https:\\\/\\\/alice.ch\\\/fr\\\/fsea-fr\\\/a-propos-de-la-fsea\\\/organes\\\/\"]}]},{\"@type\":\"ImageObject\",\"inLanguage\":\"fr-FR\",\"@id\":\"https:\\\/\\\/alice.ch\\\/fr\\\/fsea-fr\\\/a-propos-de-la-fsea\\\/organes\\\/#primaryimage\",\"url\":\"https:\\\/\\\/alice.ch\\\/app\\\/uploads\\\/2022\\\/11\\\/default.jpg\",\"contentUrl\":\"https:\\\/\\\/alice.ch\\\/app\\\/uploads\\\/2022\\\/11\\\/default.jpg\",\"width\":1600,\"height\":900},{\"@type\":\"BreadcrumbList\",\"@id\":\"https:\\\/\\\/alice.ch\\\/fr\\\/fsea-fr\\\/a-propos-de-la-fsea\\\/organes\\\/#breadcrumb\",\"itemListElement\":[{\"@type\":\"ListItem\",\"position\":1,\"name\":\"Page d'accueil\",\"item\":\"https:\\\/\\\/alice.ch\\\/fr\\\/\"},{\"@type\":\"ListItem\",\"position\":2,\"name\":\"FSEA\",\"item\":\"https:\\\/\\\/alice.ch\\\/fr\\\/fsea-fr\\\/\"},{\"@type\":\"ListItem\",\"position\":3,\"name\":\"A propos de la FSEA\",\"item\":\"https:\\\/\\\/alice.ch\\\/fr\\\/fsea-fr\\\/a-propos-de-la-fsea\\\/\"},{\"@type\":\"ListItem\",\"position\":4,\"name\":\"Organes\"}]},{\"@type\":\"WebSite\",\"@id\":\"https:\\\/\\\/alice.ch\\\/fr\\\/#website\",\"url\":\"https:\\\/\\\/alice.ch\\\/fr\\\/\",\"name\":\"alice.ch (Adult Learning Information Center) ist das Portal der Weiterbildung in der Schweiz.\",\"description\":\"Schweizerischer Verband f\u00fcr Weiterbildung\",\"publisher\":{\"@id\":\"https:\\\/\\\/alice.ch\\\/fr\\\/#organization\"},\"potentialAction\":[{\"@type\":\"SearchAction\",\"target\":{\"@type\":\"EntryPoint\",\"urlTemplate\":\"https:\\\/\\\/alice.ch\\\/fr\\\/?s={search_term_string}\"},\"query-input\":{\"@type\":\"PropertyValueSpecification\",\"valueRequired\":true,\"valueName\":\"search_term_string\"}}],\"inLanguage\":\"fr-FR\"},{\"@type\":\"Organization\",\"@id\":\"https:\\\/\\\/alice.ch\\\/fr\\\/#organization\",\"name\":\"FSEA F\u00e9d\u00e9ration suisse pour la formation continue\",\"url\":\"https:\\\/\\\/alice.ch\\\/fr\\\/\",\"logo\":{\"@type\":\"ImageObject\",\"inLanguage\":\"fr-FR\",\"@id\":\"https:\\\/\\\/alice.ch\\\/fr\\\/#\\\/schema\\\/logo\\\/image\\\/\",\"url\":\"https:\\\/\\\/alice.ch\\\/app\\\/uploads\\\/2022\\\/07\\\/logo-sveb.png\",\"contentUrl\":\"https:\\\/\\\/alice.ch\\\/app\\\/uploads\\\/2022\\\/07\\\/logo-sveb.png\",\"width\":145,\"height\":64,\"caption\":\"FSEA F\u00e9d\u00e9ration suisse pour la formation continue\"},\"image\":{\"@id\":\"https:\\\/\\\/alice.ch\\\/fr\\\/#\\\/schema\\\/logo\\\/image\\\/\"},\"sameAs\":[\"https:\\\/\\\/www.linkedin.com\\\/company\\\/schweizerischer-verband-fr-weiterbildung-sveb\\\/\"]}]}<\/script>\n<!-- \/ Yoast SEO plugin. -->","yoast_head_json":{"title":"Organes - FSEA","description":"Les trois organes de la F\u00e9d\u00e9ration suisse pour la formation continue FSEA sont l'Assembl\u00e9e des d\u00e9l\u00e9gu\u00e9s, le Comit\u00e9 et le Forum romand.","robots":{"index":"index","follow":"follow","max-snippet":"max-snippet:-1","max-image-preview":"max-image-preview:large","max-video-preview":"max-video-preview:-1"},"canonical":"https:\/\/alice.ch\/fr\/fsea-fr\/a-propos-de-la-fsea\/organes\/","og_locale":"fr_FR","og_type":"article","og_title":"Organes - FSEA","og_description":"Les trois organes de la F\u00e9d\u00e9ration suisse pour la formation continue FSEA sont l'Assembl\u00e9e des d\u00e9l\u00e9gu\u00e9s, le Comit\u00e9 et le Forum romand.","og_url":"https:\/\/alice.ch\/fr\/fsea-fr\/a-propos-de-la-fsea\/organes\/","og_site_name":"SVEB","article_modified_time":"2025-11-20T09:46:24+00:00","og_image":[{"width":393,"height":348,"url":"https:\/\/alice.ch\/app\/uploads\/2025\/05\/Tiana-Moser-e1747379646225.jpg","type":"image\/jpeg"}],"twitter_card":"summary_large_image","twitter_misc":{"Dur\u00e9e de lecture estim\u00e9e":"5 minutes"},"schema":{"@context":"https:\/\/schema.org","@graph":[{"@type":"WebPage","@id":"https:\/\/alice.ch\/fr\/fsea-fr\/a-propos-de-la-fsea\/organes\/","url":"https:\/\/alice.ch\/fr\/fsea-fr\/a-propos-de-la-fsea\/organes\/","name":"Organes - FSEA","isPartOf":{"@id":"https:\/\/alice.ch\/fr\/#website"},"primaryImageOfPage":{"@id":"https:\/\/alice.ch\/fr\/fsea-fr\/a-propos-de-la-fsea\/organes\/#primaryimage"},"image":{"@id":"https:\/\/alice.ch\/fr\/fsea-fr\/a-propos-de-la-fsea\/organes\/#primaryimage"},"thumbnailUrl":"https:\/\/alice.ch\/app\/uploads\/2022\/11\/default.jpg","datePublished":"2022-08-16T14:24:11+00:00","dateModified":"2025-11-20T09:46:24+00:00","description":"Les trois organes de la F\u00e9d\u00e9ration suisse pour la formation continue FSEA sont l'Assembl\u00e9e des d\u00e9l\u00e9gu\u00e9s, le Comit\u00e9 et le Forum romand.","breadcrumb":{"@id":"https:\/\/alice.ch\/fr\/fsea-fr\/a-propos-de-la-fsea\/organes\/#breadcrumb"},"inLanguage":"fr-FR","potentialAction":[{"@type":"ReadAction","target":["https:\/\/alice.ch\/fr\/fsea-fr\/a-propos-de-la-fsea\/organes\/"]}]},{"@type":"ImageObject","inLanguage":"fr-FR","@id":"https:\/\/alice.ch\/fr\/fsea-fr\/a-propos-de-la-fsea\/organes\/#primaryimage","url":"https:\/\/alice.ch\/app\/uploads\/2022\/11\/default.jpg","contentUrl":"https:\/\/alice.ch\/app\/uploads\/2022\/11\/default.jpg","width":1600,"height":900},{"@type":"BreadcrumbList","@id":"https:\/\/alice.ch\/fr\/fsea-fr\/a-propos-de-la-fsea\/organes\/#breadcrumb","itemListElement":[{"@type":"ListItem","position":1,"name":"Page d'accueil","item":"https:\/\/alice.ch\/fr\/"},{"@type":"ListItem","position":2,"name":"FSEA","item":"https:\/\/alice.ch\/fr\/fsea-fr\/"},{"@type":"ListItem","position":3,"name":"A propos de la FSEA","item":"https:\/\/alice.ch\/fr\/fsea-fr\/a-propos-de-la-fsea\/"},{"@type":"ListItem","position":4,"name":"Organes"}]},{"@type":"WebSite","@id":"https:\/\/alice.ch\/fr\/#website","url":"https:\/\/alice.ch\/fr\/","name":"alice.ch (Adult Learning Information Center) ist das Portal der Weiterbildung in der Schweiz.","description":"Schweizerischer Verband f\u00fcr Weiterbildung","publisher":{"@id":"https:\/\/alice.ch\/fr\/#organization"},"potentialAction":[{"@type":"SearchAction","target":{"@type":"EntryPoint","urlTemplate":"https:\/\/alice.ch\/fr\/?s={search_term_string}"},"query-input":{"@type":"PropertyValueSpecification","valueRequired":true,"valueName":"search_term_string"}}],"inLanguage":"fr-FR"},{"@type":"Organization","@id":"https:\/\/alice.ch\/fr\/#organization","name":"FSEA F\u00e9d\u00e9ration suisse pour la formation continue","url":"https:\/\/alice.ch\/fr\/","logo":{"@type":"ImageObject","inLanguage":"fr-FR","@id":"https:\/\/alice.ch\/fr\/#\/schema\/logo\/image\/","url":"https:\/\/alice.ch\/app\/uploads\/2022\/07\/logo-sveb.png","contentUrl":"https:\/\/alice.ch\/app\/uploads\/2022\/07\/logo-sveb.png","width":145,"height":64,"caption":"FSEA F\u00e9d\u00e9ration suisse pour la formation continue"},"image":{"@id":"https:\/\/alice.ch\/fr\/#\/schema\/logo\/image\/"},"sameAs":["https:\/\/www.linkedin.com\/company\/schweizerischer-verband-fr-weiterbildung-sveb\/"]}]}},"_links":{"self":[{"href":"https:\/\/alice.ch\/fr\/wp-json\/wp\/v2\/pages\/11390","targetHints":{"allow":["GET"]}}],"collection":[{"href":"https:\/\/alice.ch\/fr\/wp-json\/wp\/v2\/pages"}],"about":[{"href":"https:\/\/alice.ch\/fr\/wp-json\/wp\/v2\/types\/page"}],"author":[{"embeddable":true,"href":"https:\/\/alice.ch\/fr\/wp-json\/wp\/v2\/users\/4"}],"replies":[{"embeddable":true,"href":"https:\/\/alice.ch\/fr\/wp-json\/wp\/v2\/comments?post=11390"}],"version-history":[{"count":36,"href":"https:\/\/alice.ch\/fr\/wp-json\/wp\/v2\/pages\/11390\/revisions"}],"predecessor-version":[{"id":72167,"href":"https:\/\/alice.ch\/fr\/wp-json\/wp\/v2\/pages\/11390\/revisions\/72167"}],"up":[{"embeddable":true,"href":"https:\/\/alice.ch\/fr\/wp-json\/wp\/v2\/pages\/11388"}],"wp:featuredmedia":[{"embeddable":true,"href":"https:\/\/alice.ch\/fr\/wp-json\/wp\/v2\/media\/20799"}],"wp:attachment":[{"href":"https:\/\/alice.ch\/fr\/wp-json\/wp\/v2\/media?parent=11390"}],"curies":[{"name":"wp","href":"https:\/\/api.w.org\/{rel}","templated":true}]}}