{"id":11398,"date":"2022-08-16T16:25:00","date_gmt":"2022-08-16T14:25:00","guid":{"rendered":"https:\/\/projects.atxeit.ch\/sveb\/ueber-den-sveb\/sveb-team\/"},"modified":"2026-03-10T15:22:11","modified_gmt":"2026-03-10T14:22:11","slug":"notre-equipe","status":"publish","type":"page","link":"https:\/\/alice.ch\/fr\/fsea-fr\/a-propos-de-la-fsea\/notre-equipe\/","title":{"rendered":"Notre \u00e9quipe"},"content":{"rendered":"\n<div class=\"wp-block-group is-style-reduced-width is-layout-flow wp-block-group-is-layout-flow\">\n<h1 class=\"wp-block-heading\">Notre \u00e9quipe<\/h1>\n\n\n\n<figure class=\"wp-block-image size-large is-style-no-border\"><img decoding=\"async\" width=\"1024\" height=\"591\" src=\"https:\/\/alice.ch\/app\/uploads\/2023\/01\/sveb-fsea-team-1024x591.jpeg\" alt=\"\" class=\"wp-image-41850\" srcset=\"https:\/\/alice.ch\/app\/uploads\/2023\/01\/sveb-fsea-team-1024x591.jpeg 1024w, https:\/\/alice.ch\/app\/uploads\/2023\/01\/sveb-fsea-team-300x173.jpeg 300w, https:\/\/alice.ch\/app\/uploads\/2023\/01\/sveb-fsea-team-768x443.jpeg 768w, https:\/\/alice.ch\/app\/uploads\/2023\/01\/sveb-fsea-team.jpeg 1200w\" sizes=\"(max-width: 1024px) 100vw, 1024px\" \/><\/figure>\n\n\n\n<h2 class=\"wp-block-heading\">Secr\u00e9tariat national<\/h2>\n\n\n\n<p>Direction: Bernhard Gr\u00e4miger<\/p>\n\n\n\n<div class=\"wp-block-columns is-layout-flex wp-container-core-columns-is-layout-28f84493 wp-block-columns-is-layout-flex\">\n<div class=\"wp-block-column is-layout-flow wp-block-column-is-layout-flow\" style=\"flex-basis:20%\">\n<figure class=\"wp-block-image size-full is-style-no-border\"><img decoding=\"async\" width=\"180\" height=\"184\" src=\"https:\/\/alice.ch\/app\/uploads\/2022\/10\/bernhard-graemiger.jpeg\" alt=\"\" class=\"wp-image-5028\"\/><\/figure>\n<\/div>\n\n\n\n<div class=\"wp-block-column is-layout-flow wp-block-column-is-layout-flow\" style=\"flex-basis:80%\">\n<p><strong>Bernhard Gr\u00e4miger<br><\/strong>Directeur<\/p>\n\n\n\n<p>+41 (0)44 319 71 61<br><a href=\"mailto:bernhard.graemiger@alice.ch\" target=\"_blank\" rel=\"noreferrer noopener\">Contact<\/a><\/p>\n<\/div>\n<\/div>\n\n\n\n<div class=\"wp-block-columns is-layout-flex wp-container-core-columns-is-layout-28f84493 wp-block-columns-is-layout-flex\">\n<div class=\"wp-block-column is-layout-flow wp-block-column-is-layout-flow\" style=\"flex-basis:20%\">\n<figure class=\"wp-block-image size-full is-style-no-border\"><img decoding=\"async\" width=\"180\" height=\"184\" src=\"https:\/\/alice.ch\/app\/uploads\/2022\/10\/Irena-Sgier.jpg\" alt=\"\" class=\"wp-image-4952\"\/><\/figure>\n<\/div>\n\n\n\n<div class=\"wp-block-column is-layout-flow wp-block-column-is-layout-flow\" style=\"flex-basis:80%\">\n<p><strong>Irena Sgier<br><\/strong>Directrice adjointe<br>Directrice de la <a href=\"https:\/\/alice.ch\/fr\/recherche\/\">recherche, du d\u00e9veloppement et de l&rsquo;innovation<\/a><br>R\u00e9dactrice en chef <a href=\"https:\/\/www.ep-web.ch\/fr\/\">Education Permanente<\/a> (EP)<\/p>\n\n\n\n<p>+41 (0)44 319 71 59<br><a href=\"mailto:irena.sgier@alice.ch\" target=\"_blank\" rel=\"noreferrer noopener\">Contact<\/a><\/p>\n<\/div>\n<\/div>\n\n\n\n<h2 class=\"wp-block-heading\">Secr\u00e9tariat FSEA de la Suisse romande<\/h2>\n\n\n\n<p>Direction: Caroline Meier Quevedo<\/p>\n\n\n\n<div class=\"wp-block-columns is-layout-flex wp-container-core-columns-is-layout-28f84493 wp-block-columns-is-layout-flex\">\n<div class=\"wp-block-column is-layout-flow wp-block-column-is-layout-flow\" style=\"flex-basis:20%\">\n<figure class=\"wp-block-image size-full is-style-no-border\"><img decoding=\"async\" width=\"180\" height=\"184\" src=\"https:\/\/alice.ch\/app\/uploads\/2022\/10\/caroline-meier.jpg\" alt=\"\" class=\"wp-image-4972\"\/><\/figure>\n<\/div>\n\n\n\n<div class=\"wp-block-column is-layout-flow wp-block-column-is-layout-flow\" style=\"flex-basis:80%\">\n<p><strong>Caroline Meier Quevedo<br><\/strong>Directrice du <a href=\"https:\/\/alice.ch\/fr\/fsea-fr\/les-secretariats-regionaux\/\">secr\u00e9tariat romand<\/a><br>Membre de la direction FSEA<br>Co-responsable de la coordination <a href=\"https:\/\/alice.ch\/fr\/themes\/competences-de-base\/promotion-des-competences-de-base-sur-le-lieu-de-travail\/\">Comp\u00e9tences de base<\/a><\/p>\n\n\n\n<p>+41 (0)22 994 20 12<br><a href=\"mailto:caroline.meier@alice.ch\" target=\"_blank\" rel=\"noreferrer noopener\">Contact<\/a><\/p>\n<\/div>\n<\/div>\n\n\n\n<div class=\"wp-block-columns is-layout-flex wp-container-core-columns-is-layout-28f84493 wp-block-columns-is-layout-flex\">\n<div class=\"wp-block-column is-layout-flow wp-block-column-is-layout-flow\" style=\"flex-basis:20%\">\n<figure class=\"wp-block-image size-full is-style-no-border\"><img decoding=\"async\" width=\"180\" height=\"184\" src=\"https:\/\/alice.ch\/app\/uploads\/2022\/10\/marie-gandola.jpg\" alt=\"\" class=\"wp-image-4948\"\/><\/figure>\n<\/div>\n\n\n\n<div class=\"wp-block-column is-layout-flow wp-block-column-is-layout-flow\" style=\"flex-basis:80%\">\n<p><strong>Marie Gandola<br><\/strong>Assistante de direction <br>Coordinatrice FFA romande<\/p>\n\n\n\n<p id=\"Alexandre\">+41 (0)22 994 20 15<br><a href=\"mailto:marie.gandola@alice.ch\" target=\"_blank\" rel=\"noreferrer noopener\">Contact<\/a><\/p>\n<\/div>\n<\/div>\n\n\n\n<div class=\"wp-block-columns is-layout-flex wp-container-core-columns-is-layout-28f84493 wp-block-columns-is-layout-flex\">\n<div class=\"wp-block-column is-layout-flow wp-block-column-is-layout-flow\" style=\"flex-basis:20%\">\n<figure class=\"wp-block-image size-full is-style-no-border\"><img decoding=\"async\" width=\"180\" height=\"184\" src=\"https:\/\/alice.ch\/app\/uploads\/2023\/03\/alexandre-lecoultre.jpg\" alt=\"\" class=\"wp-image-46217\"\/><\/figure>\n<\/div>\n\n\n\n<div class=\"wp-block-column is-layout-flow wp-block-column-is-layout-flow\" style=\"flex-basis:80%\">\n<p><strong>Alexandre Lecoultre<br><\/strong>Charg\u00e9 de projet<br>R\u00e9dacteur <a href=\"https:\/\/www.ep-web.ch\/fr\/\">Education Permenente<\/a> (EP)<\/p>\n\n\n\n<p>+41 (0)22 994 20 13<br><a href=\"mailto:alexandre.lecoultre@alice.ch\" target=\"_blank\" rel=\"noreferrer noopener\">Contact<\/a><\/p>\n<\/div>\n<\/div>\n\n\n\n<div class=\"wp-block-columns is-layout-flex wp-container-core-columns-is-layout-28f84493 wp-block-columns-is-layout-flex\">\n<div class=\"wp-block-column is-layout-flow wp-block-column-is-layout-flow\" style=\"flex-basis:20%\">\n<figure class=\"wp-block-image size-full is-resized is-style-no-border\"><img decoding=\"async\" width=\"1024\" height=\"1024\" src=\"https:\/\/alice.ch\/app\/uploads\/2025\/08\/ChatGPT-Image-8.-Aug.-2025-11_47_15.png\" alt=\"\" class=\"wp-image-69823\" style=\"width:180px;height:auto\" srcset=\"https:\/\/alice.ch\/app\/uploads\/2025\/08\/ChatGPT-Image-8.-Aug.-2025-11_47_15.png 1024w, https:\/\/alice.ch\/app\/uploads\/2025\/08\/ChatGPT-Image-8.-Aug.-2025-11_47_15-300x300.png 300w, https:\/\/alice.ch\/app\/uploads\/2025\/08\/ChatGPT-Image-8.-Aug.-2025-11_47_15-150x150.png 150w\" sizes=\"(max-width: 1024px) 100vw, 1024px\" \/><\/figure>\n<\/div>\n\n\n\n<div class=\"wp-block-column is-layout-flow wp-block-column-is-layout-flow\" style=\"flex-basis:80%\">\n<p><strong>Lucile Marchand<br><\/strong>Coordinatrice de projet<\/p>\n\n\n\n<p>+41 (0)22 994 20 14<br><a href=\"mailto:lucile.marchand@alice.ch\" target=\"_blank\" rel=\"noreferrer noopener\">Kontaktieren<\/a><\/p>\n<\/div>\n<\/div>\n\n\n\n<h2 class=\"wp-block-heading\">Professionnalisation et Qualit\u00e9<\/h2>\n\n\n\n<p>Direction: Christina Jacober<\/p>\n\n\n\n<div class=\"wp-block-columns is-layout-flex wp-container-core-columns-is-layout-28f84493 wp-block-columns-is-layout-flex\">\n<div class=\"wp-block-column is-layout-flow wp-block-column-is-layout-flow\" style=\"flex-basis:20%\">\n<figure class=\"wp-block-image size-full is-style-no-border\"><img decoding=\"async\" width=\"180\" height=\"184\" src=\"https:\/\/alice.ch\/app\/uploads\/2022\/10\/christina-jacober.jpg\" alt=\"\" class=\"wp-image-4968\"\/><\/figure>\n<\/div>\n\n\n\n<div class=\"wp-block-column is-layout-flow wp-block-column-is-layout-flow\" style=\"flex-basis:80%\">\n<p><strong>Christina Jacober<br><\/strong>Directrice du <a href=\"https:\/\/alice.ch\/fr\/professionnalisation\/systeme-modulaire-ffa\/\">syst\u00e8me modulaire FFA<\/a><br>Membre de la direction FSEA<\/p>\n\n\n\n<p>+41 (0)44 319 71 65<br><a href=\"mailto:christina.jacober@alice.ch\" target=\"_blank\" rel=\"noreferrer noopener\">Contact<\/a><\/p>\n<\/div>\n<\/div>\n\n\n\n<div class=\"wp-block-columns is-layout-flex wp-container-core-columns-is-layout-28f84493 wp-block-columns-is-layout-flex\">\n<div class=\"wp-block-column is-layout-flow wp-block-column-is-layout-flow\" style=\"flex-basis:20%\">\n<figure class=\"wp-block-image size-full is-style-no-border\"><img decoding=\"async\" width=\"180\" height=\"184\" src=\"https:\/\/alice.ch\/app\/uploads\/2022\/10\/Gerry-Weibel.jpg\" alt=\"\" class=\"wp-image-4956\"\/><\/figure>\n<\/div>\n\n\n\n<div class=\"wp-block-column is-layout-flow wp-block-column-is-layout-flow\" style=\"flex-basis:80%\">\n<p><strong>Gerry Weibel<br><\/strong>Collaborateur <a href=\"https:\/\/alice.ch\/fr\/professionnalisation\/systeme-modulaire-ffa\/\">FFA<\/a><br>Coordinateur national du <a href=\"https:\/\/alice.ch\/fr\/professionnalisation\/brevet-federal-formatrice-formateur-dadultes-ffa\/\">Brevet f\u00e9d\u00e9ral de formateur\/trice d&rsquo;adultes<\/a><\/p>\n\n\n\n<p>+41 (0)44 319 71 62<br><a href=\"mailto:gerry.weibel@alice.ch\" target=\"_blank\" rel=\"noreferrer noopener\">Contact<\/a><\/p>\n<\/div>\n<\/div>\n\n\n\n<div class=\"wp-block-columns is-layout-flex wp-container-core-columns-is-layout-28f84493 wp-block-columns-is-layout-flex\">\n<div class=\"wp-block-column is-layout-flow wp-block-column-is-layout-flow\" style=\"flex-basis:20%\">\n<figure class=\"wp-block-image size-full is-style-no-border\"><img decoding=\"async\" width=\"180\" height=\"184\" src=\"https:\/\/alice.ch\/app\/uploads\/2025\/11\/Anna_Pinol_web.jpg\" alt=\"\" class=\"wp-image-72125\"\/><\/figure>\n<\/div>\n\n\n\n<div class=\"wp-block-column is-layout-flow wp-block-column-is-layout-flow\" style=\"flex-basis:80%\">\n<p><strong>Anna Pi\u00f1ol<br><\/strong>Collaboratrice <a href=\"https:\/\/alice.ch\/fr\/professionnalisation\/systeme-modulaire-ffa\/\">FFA<\/a><br><a href=\"\/fr\/?page_id=19384\">Examen professionel sup\u00e9rieur<\/a> EPS<br><a href=\"https:\/\/alice.ch\/fr\/professionnalisation\/prestataires-ffa\/\">Reconnaissance modulaire<\/a><\/p>\n\n\n\n<p>+41 (0)44 319 71 63<br><a href=\"mailto:anna.pinol@alice.ch\" target=\"_blank\" rel=\"noreferrer noopener\">Contact<\/a><\/p>\n<\/div>\n<\/div>\n\n\n\n<div class=\"wp-block-columns is-layout-flex wp-container-core-columns-is-layout-28f84493 wp-block-columns-is-layout-flex\">\n<div class=\"wp-block-column is-layout-flow wp-block-column-is-layout-flow\" style=\"flex-basis:20%\">\n<figure class=\"wp-block-image size-full is-style-no-border\"><img decoding=\"async\" width=\"180\" height=\"184\" src=\"https:\/\/alice.ch\/app\/uploads\/2022\/10\/melanie-schneider.jpeg\" alt=\"\" class=\"wp-image-5032\"\/><\/figure>\n<\/div>\n\n\n\n<div class=\"wp-block-column is-layout-flow wp-block-column-is-layout-flow\" style=\"flex-basis:80%\">\n<p><strong>Melanie Schneider<\/strong><br>Collaboratrice<br><a href=\"https:\/\/alice.ch\/fr\/qualite\/eduqua\/\">eduQua<\/a>, <a href=\"https:\/\/alice.ch\/fr\/qualite\/qualite-dans-la-formation-continue\/\">qualit\u00e9 dans la formation continue<\/a>, <a href=\"https:\/\/alice.ch\/fr\/professionnalisation\/systeme-modulaire-ffa\/\">FFA<\/a><\/p>\n\n\n\n<p>+41 (0)44 319 71 64<br><a href=\"mailto:melanie.schneider@alice.ch\" target=\"_blank\" rel=\"noreferrer noopener\">Contact<\/a><\/p>\n<\/div>\n<\/div>\n\n\n\n<div class=\"wp-block-columns is-layout-flex wp-container-core-columns-is-layout-28f84493 wp-block-columns-is-layout-flex\">\n<div class=\"wp-block-column is-layout-flow wp-block-column-is-layout-flow\" style=\"flex-basis:20%\">\n<figure class=\"wp-block-image size-full is-resized is-style-no-border\"><img decoding=\"async\" width=\"180\" height=\"184\" src=\"https:\/\/alice.ch\/app\/uploads\/2024\/08\/Xenia_Decasper_web.jpg\" alt=\"\" class=\"wp-image-61376\" style=\"width:175px;height:auto\"\/><\/figure>\n<\/div>\n\n\n\n<div class=\"wp-block-column is-layout-flow wp-block-column-is-layout-flow\" style=\"flex-basis:80%\">\n<p><strong>Xenia Decasper<\/strong><br>Collaboratrice Professionnalisation et Qualit\u00e9<\/p>\n\n\n\n<p>+41 (0)44 319 71 53<br><a href=\"mailto:xenia.decasper@alice.ch\" target=\"_blank\" rel=\"noreferrer noopener\">Contact<\/a><\/p>\n<\/div>\n<\/div>\n\n\n\n<h2 class=\"wp-block-heading\">D\u00e9veloppement et innovation<\/h2>\n\n\n\n<p>Direction: Irena Sgier<\/p>\n\n\n\n<div class=\"wp-block-columns is-layout-flex wp-container-core-columns-is-layout-28f84493 wp-block-columns-is-layout-flex\">\n<div class=\"wp-block-column is-layout-flow wp-block-column-is-layout-flow\" style=\"flex-basis:20%\">\n<figure class=\"wp-block-image size-full is-resized is-style-no-border\"><img decoding=\"async\" width=\"180\" height=\"184\" src=\"https:\/\/alice.ch\/app\/uploads\/2025\/10\/sveb_007_bearbeitet_web.jpg\" alt=\"\" class=\"wp-image-71081\" style=\"width:181px;height:auto\"\/><\/figure>\n<\/div>\n\n\n\n<div class=\"wp-block-column is-layout-flow wp-block-column-is-layout-flow\" style=\"flex-basis:80%\">\n<p><strong>Adea Barileva<br><\/strong>Responsable des <a href=\"https:\/\/alice.ch\/fr\/recherche\/projets\/\">projets<\/a><br><a href=\"https:\/\/alice.ch\/fr\/themes\/competences-de-base\/promotion-des-competences-de-base-sur-le-lieu-de-travail\/\"><\/a><a href=\"https:\/\/alice.ch\/fr\/recherche\/\">Recherche<\/a> et <a href=\"https:\/\/alice.ch\/fr\/recherche\/developpements-pour-la-practice\/\">d\u00e9veloppement<\/a><\/p>\n\n\n\n<p>+41 (0)44 319 71 68<br><a href=\"mailto:adea.barileva@alice.ch\" target=\"_blank\" rel=\"noreferrer noopener\">Contact<\/a><\/p>\n<\/div>\n<\/div>\n\n\n\n<div class=\"wp-block-columns is-layout-flex wp-container-core-columns-is-layout-28f84493 wp-block-columns-is-layout-flex\">\n<div class=\"wp-block-column is-layout-flow wp-block-column-is-layout-flow\" style=\"flex-basis:20%\">\n<figure class=\"wp-block-image size-full is-style-no-border\"><img decoding=\"async\" width=\"180\" height=\"184\" src=\"https:\/\/alice.ch\/app\/uploads\/2022\/10\/christine-baerlocher.jpeg\" alt=\"\" class=\"wp-image-5004\"\/><\/figure>\n<\/div>\n\n\n\n<div class=\"wp-block-column is-layout-flow wp-block-column-is-layout-flow\" style=\"flex-basis:80%\">\n<p><strong>Christine B\u00e4rlocher<\/strong><br>Responsable des <a href=\"https:\/\/alice.ch\/fr\/recherche\/projets\/\">projets<\/a><br><a href=\"https:\/\/alice.ch\/fr\/themes\/competences-de-base\/promotion-des-competences-de-base-sur-le-lieu-de-travail\/\">Comp\u00e9tences de base<\/a><\/p>\n\n\n\n<p>+41 (0)44 319 71 66<br><a href=\"mailto:christine.baerlocher@alice.ch\" target=\"_blank\" rel=\"noreferrer noopener\">Contact<\/a><\/p>\n<\/div>\n<\/div>\n\n\n\n<div class=\"wp-block-columns is-layout-flex wp-container-core-columns-is-layout-28f84493 wp-block-columns-is-layout-flex\">\n<div class=\"wp-block-column is-layout-flow wp-block-column-is-layout-flow\" style=\"flex-basis:20%\">\n<figure class=\"wp-block-image size-large is-style-no-border\"><img decoding=\"async\" width=\"180\" height=\"184\" src=\"https:\/\/alice.ch\/app\/uploads\/2023\/01\/helene-buchs.jpg\" alt=\"\" class=\"wp-image-42129\"\/><\/figure>\n<\/div>\n\n\n\n<div class=\"wp-block-column is-layout-flow wp-block-column-is-layout-flow\" style=\"flex-basis:80%\">\n<p><strong>Dr. Helen Buchs<\/strong><br>Responsable des <a href=\"https:\/\/alice.ch\/fr\/recherche\/projets\/\">projets<\/a><br><a href=\"https:\/\/alice.ch\/fr\/recherche\/\">Recherche<\/a> et <a href=\"https:\/\/alice.ch\/fr\/recherche\/developpements-pour-la-practice\/\">d\u00e9veloppement<\/a><br>Responsable du <a href=\"https:\/\/alice.ch\/fr\/recherche\/think-tank-transit\/\">think tank TRANSIT<\/a><br><br>+41 (0)44 319 71 56<br><a href=\"mailto:helen.buchs@alice.ch\" target=\"_blank\" rel=\"noreferrer noopener\">Contact<\/a><\/p>\n<\/div>\n<\/div>\n\n\n\n<div class=\"wp-block-columns is-layout-flex wp-container-core-columns-is-layout-28f84493 wp-block-columns-is-layout-flex\">\n<div class=\"wp-block-column is-layout-flow wp-block-column-is-layout-flow\" style=\"flex-basis:20%\">\n<figure class=\"wp-block-image size-full is-style-no-border\"><img decoding=\"async\" width=\"180\" height=\"184\" src=\"https:\/\/alice.ch\/app\/uploads\/2024\/10\/philipboeni_019_bearbeitet_web.jpg\" alt=\"\" class=\"wp-image-62931\"\/><\/figure>\n<\/div>\n\n\n\n<div class=\"wp-block-column is-layout-flow wp-block-column-is-layout-flow\" style=\"flex-basis:80%\">\n<p><strong>C\u00e4cilia M\u00e4rki<br><\/strong>Responsable des projets senior et co-responsable de la coordination <br><a href=\"https:\/\/alice.ch\/fr\/themes\/competences-de-base\/\">Comp\u00e9tences de base<\/a><\/p>\n\n\n\n<p>+41 (0)44 319 71 58<br><a href=\"mailto:caecilia.maerki@alice.ch\" target=\"_blank\" rel=\"noreferrer noopener\">Contact<\/a><\/p>\n<\/div>\n<\/div>\n\n\n\n<div class=\"wp-block-columns is-layout-flex wp-container-core-columns-is-layout-28f84493 wp-block-columns-is-layout-flex\">\n<div class=\"wp-block-column is-layout-flow wp-block-column-is-layout-flow\" style=\"flex-basis:20%\">\n<figure class=\"wp-block-image size-full is-style-no-border\"><img decoding=\"async\" width=\"180\" height=\"184\" src=\"https:\/\/alice.ch\/app\/uploads\/2022\/10\/marianne-mueller.jpeg\" alt=\"\" class=\"wp-image-5012\"\/><\/figure>\n<\/div>\n\n\n\n<div class=\"wp-block-column is-layout-flow wp-block-column-is-layout-flow\" style=\"flex-basis:80%\">\n<p><strong>Marianne M\u00fcller<br><\/strong>Responsable des <a href=\"https:\/\/alice.ch\/fr\/recherche\/projets\/\">projets<\/a> senior<br><a href=\"https:\/\/alice.ch\/fr\/themes\/la-formation-continue-dans-un-contexte-international\/\">Affaires internationales<\/a> et <a href=\"https:\/\/alice.ch\/fr\/recherche\/\">recherche<\/a><\/p>\n\n\n\n<p>+41 (0)44 319 71 67<br><a href=\"mailto:marianne.mueller@alice.ch\" target=\"_blank\" rel=\"noreferrer noopener\">Contact<\/a><\/p>\n<\/div>\n<\/div>\n\n\n\n<div class=\"wp-block-columns is-layout-flex wp-container-core-columns-is-layout-28f84493 wp-block-columns-is-layout-flex\">\n<div class=\"wp-block-column is-layout-flow wp-block-column-is-layout-flow\" style=\"flex-basis:20%\">\n<figure class=\"wp-block-image size-full is-style-no-border\"><img decoding=\"async\" width=\"180\" height=\"184\" src=\"https:\/\/alice.ch\/app\/uploads\/2025\/06\/Aranya_Sritharan_web.jpg\" alt=\"\" class=\"wp-image-69136\"\/><\/figure>\n<\/div>\n\n\n\n<div class=\"wp-block-column is-layout-flow wp-block-column-is-layout-flow\" style=\"flex-basis:80%\">\n<p><strong>Dr. Aranya Sritharan<br><\/strong>Collaboratrice scientifique et responsable des <a href=\"https:\/\/alice.ch\/fr\/recherche\/projets\/\">projets<\/a><br><a href=\"https:\/\/alice.ch\/fr\/recherche\/\">Recherche<\/a> et <a href=\"https:\/\/alice.ch\/fr\/recherche\/developpements-pour-la-practice\/\">d\u00e9veloppement<\/a><\/p>\n\n\n\n<p>+41 (0)44 319 71 74<br><a href=\"mailto:aranya.sritharan@alice.ch\" target=\"_blank\" rel=\"noreferrer noopener\"><\/a><a href=\"mailto:aranya.sritharan@alice.ch\" target=\"_blank\" rel=\"noreferrer noopener\">Contact<\/a><\/p>\n<\/div>\n<\/div>\n\n\n\n<div class=\"wp-block-columns is-layout-flex wp-container-core-columns-is-layout-28f84493 wp-block-columns-is-layout-flex\">\n<div class=\"wp-block-column is-layout-flow wp-block-column-is-layout-flow\" style=\"flex-basis:20%\">\n<figure class=\"wp-block-image size-full is-style-no-border\"><img decoding=\"async\" width=\"180\" height=\"184\" src=\"https:\/\/alice.ch\/app\/uploads\/2025\/10\/sveb_051_bearbeitet_web.jpg\" alt=\"\" class=\"wp-image-71141\"\/><\/figure>\n<\/div>\n\n\n\n<div class=\"wp-block-column is-layout-flow wp-block-column-is-layout-flow\" style=\"flex-basis:80%\">\n<p><strong>Lynette Weber<br><\/strong>Responsable des <a href=\"https:\/\/alice.ch\/fr\/recherche\/projets\/\">projets<\/a><br><a href=\"https:\/\/alice.ch\/fr\/recherche\/\">Recherche<\/a> et <a href=\"https:\/\/alice.ch\/fr\/recherche\/developpements-pour-la-practice\/\">d\u00e9veloppement<\/a><br>R\u00e9dactrice <a href=\"https:\/\/www.ep-web.ch\/de\/\">Education Permanente<\/a><\/p>\n\n\n\n<p>+41 (0)44 319 71 69<br><a href=\"mailto:lynette.weber@alice.ch\" target=\"_blank\" rel=\"noreferrer noopener\">Contact<\/a><\/p>\n<\/div>\n<\/div>\n\n\n\n<h2 class=\"wp-block-heading\">Services<\/h2>\n\n\n\n<p>Direction: Bernhard Gr\u00e4miger et Irena Sgier<\/p>\n\n\n\n<div class=\"wp-block-columns is-layout-flex wp-container-core-columns-is-layout-28f84493 wp-block-columns-is-layout-flex\">\n<div class=\"wp-block-column is-layout-flow wp-block-column-is-layout-flow\" style=\"flex-basis:20%\">\n<figure class=\"wp-block-image size-full is-style-no-border\"><img decoding=\"async\" width=\"180\" height=\"184\" src=\"https:\/\/alice.ch\/app\/uploads\/2023\/08\/Reto_Hunziker_web.jpg\" alt=\"\" class=\"wp-image-53473\"\/><\/figure>\n<\/div>\n\n\n\n<div class=\"wp-block-column is-layout-flow wp-block-column-is-layout-flow\" style=\"flex-basis:80%\">\n<p><strong>Reto Hunziker<br><\/strong>Responsable de la communication<\/p>\n\n\n\n<p>+41 (0)44 319 71 79&nbsp;<br><a href=\"mailto:reto.hunziker@alice.ch\" target=\"_blank\" rel=\"noreferrer noopener\">Contact<\/a><\/p>\n<\/div>\n<\/div>\n\n\n\n<div class=\"wp-block-columns is-layout-flex wp-container-core-columns-is-layout-28f84493 wp-block-columns-is-layout-flex\">\n<div class=\"wp-block-column is-layout-flow wp-block-column-is-layout-flow\" style=\"flex-basis:20%\">\n<figure class=\"wp-block-image size-full is-style-no-border\"><img decoding=\"async\" width=\"180\" height=\"184\" src=\"https:\/\/alice.ch\/app\/uploads\/2022\/10\/michelle-mathys.jpeg\" alt=\"\" class=\"wp-image-4992\"\/><\/figure>\n<\/div>\n\n\n\n<div class=\"wp-block-column is-layout-flow wp-block-column-is-layout-flow\" style=\"flex-basis:80%\">\n<p><strong>Michelle Mathys<br><\/strong>Responsable du domaine <a href=\"https:\/\/alice.ch\/fr\/services\/\">marketing<\/a><\/p>\n\n\n\n<p>+41 (0)44 319 71 55<br><a href=\"mailto:michelle.mathys@alice.ch\" target=\"_blank\" rel=\"noreferrer noopener\">Contact<\/a><\/p>\n<\/div>\n<\/div>\n\n\n\n<div class=\"wp-block-columns is-layout-flex wp-container-core-columns-is-layout-28f84493 wp-block-columns-is-layout-flex\">\n<div class=\"wp-block-column is-layout-flow wp-block-column-is-layout-flow\" style=\"flex-basis:20%\">\n<figure class=\"wp-block-image size-full is-style-no-border\"><img decoding=\"async\" width=\"1024\" height=\"1024\" src=\"https:\/\/alice.ch\/app\/uploads\/2025\/08\/ChatGPT-Image-8.-Aug.-2025-11_47_15.png\" alt=\"\" class=\"wp-image-69825\" srcset=\"https:\/\/alice.ch\/app\/uploads\/2025\/08\/ChatGPT-Image-8.-Aug.-2025-11_47_15.png 1024w, https:\/\/alice.ch\/app\/uploads\/2025\/08\/ChatGPT-Image-8.-Aug.-2025-11_47_15-300x300.png 300w, https:\/\/alice.ch\/app\/uploads\/2025\/08\/ChatGPT-Image-8.-Aug.-2025-11_47_15-150x150.png 150w\" sizes=\"(max-width: 1024px) 100vw, 1024px\" \/><\/figure>\n<\/div>\n\n\n\n<div class=\"wp-block-column is-layout-flow wp-block-column-is-layout-flow\" style=\"flex-basis:80%\">\n<p><strong>Rahel Wysser<br><\/strong>Responsable du domaine <a href=\"https:\/\/alice.ch\/fr\/actualite\/evenements\/\">\u00e9v\u00e9nements<\/a><\/p>\n\n\n\n<p>+41 (0)44 319 71 54<br><a href=\"mailto:rahel.wysser@alice.ch\" target=\"_blank\" rel=\"noreferrer noopener\">Contact<\/a><\/p>\n<\/div>\n<\/div>\n\n\n\n<div class=\"wp-block-columns is-layout-flex wp-container-core-columns-is-layout-28f84493 wp-block-columns-is-layout-flex\">\n<div class=\"wp-block-column is-layout-flow wp-block-column-is-layout-flow\" style=\"flex-basis:20%\">\n<figure class=\"wp-block-image size-full is-style-no-border\"><img decoding=\"async\" width=\"180\" height=\"184\" src=\"https:\/\/alice.ch\/app\/uploads\/2022\/10\/birte-theiler.jpg\" alt=\"\" class=\"wp-image-4984\"\/><\/figure>\n<\/div>\n\n\n\n<div class=\"wp-block-column is-layout-flow wp-block-column-is-layout-flow\" style=\"flex-basis:80%\">\n<p><strong>Birte Theiler<br><\/strong>Responsable du <a href=\"https:\/\/alice.ch\/fr\/services\/projets-de-bons-de-la-fsea\/\">domaine ch\u00e8ques de formation<\/a> <\/p>\n\n\n\n<p>+41 (0)44 319 71 57<br><a href=\"mailto:birte.theiler@alice.ch\" target=\"_blank\" rel=\"noreferrer noopener\">Contact<\/a><\/p>\n<\/div>\n<\/div>\n\n\n\n<div class=\"wp-block-columns is-layout-flex wp-container-core-columns-is-layout-28f84493 wp-block-columns-is-layout-flex\">\n<div class=\"wp-block-column is-layout-flow wp-block-column-is-layout-flow\" style=\"flex-basis:20%\">\n<figure class=\"wp-block-image size-full is-style-no-border\"><img decoding=\"async\" width=\"180\" height=\"184\" src=\"https:\/\/alice.ch\/app\/uploads\/2023\/05\/daniel-meister.jpg\" alt=\"\" class=\"wp-image-50975\"\/><\/figure>\n<\/div>\n\n\n\n<div class=\"wp-block-column is-layout-flow wp-block-column-is-layout-flow\" style=\"flex-basis:80%\">\n<p><strong>Daniel Meister<br><\/strong>Collaborateur <a href=\"https:\/\/alice.ch\/fr\/services\/projets-de-cheques-de-la-fsea\/\">projets ch\u00e8ques de formation<\/a>\/IT<\/p>\n\n\n\n<p>+41 (0)44 319 71 77<br><a href=\"mailto:daniel.meister@alice.ch\" target=\"_blank\" rel=\"noreferrer noopener\">Contact<\/a><\/p>\n<\/div>\n<\/div>\n\n\n\n<div class=\"wp-block-columns is-layout-flex wp-container-core-columns-is-layout-28f84493 wp-block-columns-is-layout-flex\">\n<div class=\"wp-block-column is-layout-flow wp-block-column-is-layout-flow\" style=\"flex-basis:20%\">\n<figure class=\"wp-block-image size-full is-resized is-style-no-border\"><img decoding=\"async\" width=\"360\" height=\"368\" src=\"https:\/\/alice.ch\/app\/uploads\/2025\/10\/Share-4387967366734857455.jpg\" alt=\"\" class=\"wp-image-71693\" style=\"width:180px;height:auto\" srcset=\"https:\/\/alice.ch\/app\/uploads\/2025\/10\/Share-4387967366734857455.jpg 360w, https:\/\/alice.ch\/app\/uploads\/2025\/10\/Share-4387967366734857455-293x300.jpg 293w\" sizes=\"(max-width: 360px) 100vw, 360px\" \/><\/figure>\n<\/div>\n\n\n\n<div class=\"wp-block-column is-layout-flow wp-block-column-is-layout-flow\" style=\"flex-basis:80%\">\n<p><strong>Domenico Molinaro<br><\/strong>Collaborateur Services<\/p>\n\n\n\n<p>+41 (0)44 319 71 75<br><a href=\"mailto:domenico.molinaro@alice.ch\" target=\"_blank\" rel=\"noreferrer noopener\">Contact<\/a><\/p>\n<\/div>\n<\/div>\n\n\n\n<h3 class=\"wp-block-heading\">Administration<\/h3>\n\n\n\n<div class=\"wp-block-columns is-layout-flex wp-container-core-columns-is-layout-28f84493 wp-block-columns-is-layout-flex\">\n<div class=\"wp-block-column is-layout-flow wp-block-column-is-layout-flow\" style=\"flex-basis:20%\">\n<figure class=\"wp-block-image size-full is-style-no-border\"><img decoding=\"async\" width=\"180\" height=\"184\" src=\"https:\/\/alice.ch\/app\/uploads\/2022\/10\/lydia-zwicker-1.jpeg\" alt=\"\" class=\"wp-image-5036\"\/><\/figure>\n<\/div>\n\n\n\n<div class=\"wp-block-column is-layout-flow wp-block-column-is-layout-flow\" style=\"flex-basis:80%\">\n<p><strong><br>Lydia Zwicker<br><\/strong>Responsable administration<\/p>\n\n\n\n<p>+41 (0)44 319 71 76<br><a href=\"mailto:lydia.zwicker@alice.ch\" target=\"_blank\" rel=\"noreferrer noopener\">Contact<\/a><\/p>\n<\/div>\n<\/div>\n\n\n\n<div class=\"wp-block-columns is-layout-flex wp-container-core-columns-is-layout-28f84493 wp-block-columns-is-layout-flex\">\n<div class=\"wp-block-column is-layout-flow wp-block-column-is-layout-flow\" style=\"flex-basis:20%\">\n<figure class=\"wp-block-image size-full is-style-no-border\"><img decoding=\"async\" width=\"180\" height=\"184\" src=\"https:\/\/alice.ch\/app\/uploads\/2023\/08\/Imela_Bajra_web.jpg\" alt=\"\" class=\"wp-image-53484\"\/><\/figure>\n<\/div>\n\n\n\n<div class=\"wp-block-column is-layout-flow wp-block-column-is-layout-flow\" style=\"flex-basis:80%\">\n<p><strong>Imela Bajra<br><\/strong>Apprentie employ\u00e9e de commerce CFC<\/p>\n\n\n\n<p>+41 (0)44 319 71 73<br><a href=\"mailto:imela.bajra@alice.ch\" target=\"_blank\" rel=\"noreferrer noopener\">Contact<\/a><\/p>\n<\/div>\n<\/div>\n\n\n\n<h2 class=\"wp-block-heading\">Secr\u00e9tariat FSEA de la Suisse italienne<\/h2>\n\n\n\n<p>Direction: Simone Rizzi<\/p>\n\n\n\n<div class=\"wp-block-columns is-layout-flex wp-container-core-columns-is-layout-28f84493 wp-block-columns-is-layout-flex\">\n<div class=\"wp-block-column is-layout-flow wp-block-column-is-layout-flow\" style=\"flex-basis:20%\">\n<figure class=\"wp-block-image size-full is-style-no-border\"><img decoding=\"async\" width=\"180\" height=\"184\" src=\"https:\/\/alice.ch\/app\/uploads\/2022\/10\/simone-rizzi.jpg\" alt=\"\" class=\"wp-image-4936\"\/><\/figure>\n<\/div>\n\n\n\n<div class=\"wp-block-column is-layout-flow wp-block-column-is-layout-flow\" style=\"flex-basis:80%\">\n<p><strong>Simone Rizzi<br><\/strong>Responsable du <a href=\"https:\/\/alice.ch\/fr\/fsea-fr\/les-secretariats-regionaux\/\">Secr\u00e9tariat FSEA de la Suisse italienne<\/a><br>Membre de la direction FSEA<\/p>\n\n\n\n<p>+41 (0)91 950 84 16&nbsp;<br><a href=\"mailto:simone.rizzi@alice.ch\" target=\"_blank\" rel=\"noreferrer noopener\">Contact<\/a><\/p>\n<\/div>\n<\/div>\n\n\n\n<div class=\"wp-block-columns is-layout-flex wp-container-core-columns-is-layout-28f84493 wp-block-columns-is-layout-flex\">\n<div class=\"wp-block-column is-layout-flow wp-block-column-is-layout-flow\" style=\"flex-basis:20%\">\n<figure class=\"wp-block-image size-full is-style-no-border\"><img decoding=\"async\" width=\"180\" height=\"184\" src=\"https:\/\/alice.ch\/app\/uploads\/2022\/10\/carolina-imburgia.jpg\" alt=\"\" class=\"wp-image-4976\"\/><\/figure>\n<\/div>\n\n\n\n<div class=\"wp-block-column is-layout-flow wp-block-column-is-layout-flow\" style=\"flex-basis:80%\">\n<p><strong>Carolina Marazzi<br><\/strong>Collaboratrice des <a href=\"https:\/\/alice.ch\/fr\/recherche\/projets\/\">projects<\/a><\/p>\n\n\n\n<p>+41 (0)91 950 84 16<br><a href=\"mailto:carolina.imburgia@alice.ch\" target=\"_blank\" rel=\"noreferrer noopener\">Contact<\/a><\/p>\n<\/div>\n<\/div>\n\n\n\n<div class=\"wp-block-columns is-layout-flex wp-container-core-columns-is-layout-28f84493 wp-block-columns-is-layout-flex\">\n<div class=\"wp-block-column is-layout-flow wp-block-column-is-layout-flow\" style=\"flex-basis:20%\">\n<figure class=\"wp-block-image size-full is-style-no-border\"><img decoding=\"async\" width=\"180\" height=\"184\" src=\"https:\/\/alice.ch\/app\/uploads\/2022\/10\/monica-garbani.jpg\" alt=\"\" class=\"wp-image-4940\"\/><\/figure>\n<\/div>\n\n\n\n<div class=\"wp-block-column is-layout-flow wp-block-column-is-layout-flow\" style=\"flex-basis:80%\">\n<p><strong>Monica Garbani<\/strong><br>Assistante<\/p>\n\n\n\n<p>+41 (0)91 950 84 16<br><a href=\"mailto:monica.garbani@alice.ch\" target=\"_blank\" rel=\"noreferrer noopener\">Contact<\/a><\/p>\n<\/div>\n<\/div>\n\n\n\n<div class=\"wp-block-columns is-layout-flex wp-container-core-columns-is-layout-28f84493 wp-block-columns-is-layout-flex\">\n<div class=\"wp-block-column is-layout-flow wp-block-column-is-layout-flow\" style=\"flex-basis:50%\">\n<div class=\"wp-block-file is-style-default\"><a id=\"wp-block-file--media-1cca1ef7-8b99-4dc4-827a-88ae0c0d06e6\" href=\"https:\/\/alice.ch\/app\/uploads\/2023\/03\/Organigramm_ab_Februar_2023_FR.pdf\" target=\"_blank\" rel=\"noreferrer noopener\">Organigramme de la FSEA<br \/>PDF &#8211; 2 Mo<\/a><\/div>\n<\/div>\n\n\n\n<div class=\"wp-block-column is-layout-flow wp-block-column-is-layout-flow\" style=\"flex-basis:50%\"><\/div>\n<\/div>\n\n\n\n<h2 class=\"wp-block-heading\">Contact<\/h2>\n\n\n\n<div class=\"wp-block-columns is-layout-flex wp-container-core-columns-is-layout-28f84493 wp-block-columns-is-layout-flex\">\n<div class=\"wp-block-column is-layout-flow wp-block-column-is-layout-flow\" style=\"flex-basis:50%\"><div class=\"contact-persons\">\n\n\t\t\t\t\t<div class=\"contact-person\">\n\t\t\t\t\tFSEA F\u00e9d\u00e9ration suisse pour la formation continue<br \/>\t\t\t\t\tSecr\u00e9tariat national<br \/>\t\t\t\t\t<br \/>\n\t\t\t\t\tHardstrasse 235<br \/>\r\n8005 Zurich<br \/>\t\t\t\t\t<a href=\"tel:+41 (0)44 319 71 71\">+41 (0)44 319 71 71<\/a><br \/>\t\t\t\t\t<a href=\"mailto:info@alice.ch\">info@alice.ch<\/a><br \/>\t\t\t\t\t<\/div>\n\t\t\t\t\t<\/div>\n<\/div>\n\n\n\n<div class=\"wp-block-column is-layout-flow wp-block-column-is-layout-flow\" style=\"flex-basis:50%\"><\/div>\n<\/div>\n<\/div>\n","protected":false},"excerpt":{"rendered":"<p>Notre \u00e9quipe Secr\u00e9tariat national Direction: Bernhard Gr\u00e4miger Bernhard Gr\u00e4migerDirecteur +41 (0)44 319 71 61Contact Irena SgierDirectrice adjointeDirectrice de la recherche, [&hellip;]<\/p>\n","protected":false},"author":4,"featured_media":20799,"parent":11388,"menu_order":656,"comment_status":"closed","ping_status":"closed","template":"","meta":{"_acf_changed":false,"inline_featured_image":false,"footnotes":""},"class_list":["post-11398","page","type-page","status-publish","has-post-thumbnail","hentry"],"acf":[],"yoast_head":"<!-- This site is optimized with the Yoast SEO plugin v27.3 - https:\/\/yoast.com\/product\/yoast-seo-wordpress\/ -->\n<title>Notre \u00e9quipe - FSEA<\/title>\n<meta name=\"description\" content=\"L&#039;\u00e9quipe de la F\u00e9d\u00e9ration suisse pour la formation continue FSEA s&#039;engage sur trois sites pour la formation continue en Suisse.\" \/>\n<meta name=\"robots\" content=\"index, follow, max-snippet:-1, max-image-preview:large, max-video-preview:-1\" \/>\n<link rel=\"canonical\" href=\"https:\/\/alice.ch\/fr\/fsea-fr\/a-propos-de-la-fsea\/notre-equipe\/\" \/>\n<meta property=\"og:locale\" content=\"fr_FR\" \/>\n<meta property=\"og:type\" content=\"article\" \/>\n<meta property=\"og:title\" content=\"Notre \u00e9quipe - FSEA\" \/>\n<meta property=\"og:description\" content=\"L&#039;\u00e9quipe de la F\u00e9d\u00e9ration suisse pour la formation continue FSEA s&#039;engage sur trois sites pour la formation continue en Suisse.\" \/>\n<meta property=\"og:url\" content=\"https:\/\/alice.ch\/fr\/fsea-fr\/a-propos-de-la-fsea\/notre-equipe\/\" \/>\n<meta property=\"og:site_name\" content=\"SVEB\" \/>\n<meta property=\"article:modified_time\" content=\"2026-03-10T14:22:11+00:00\" \/>\n<meta property=\"og:image\" content=\"https:\/\/alice.ch\/app\/uploads\/2023\/01\/sveb-fsea-team.jpeg\" \/>\n\t<meta property=\"og:image:width\" content=\"1200\" \/>\n\t<meta property=\"og:image:height\" content=\"692\" \/>\n\t<meta property=\"og:image:type\" content=\"image\/jpeg\" \/>\n<meta name=\"twitter:card\" content=\"summary_large_image\" \/>\n<meta name=\"twitter:label1\" content=\"Dur\u00e9e de lecture estim\u00e9e\" \/>\n\t<meta name=\"twitter:data1\" content=\"8 minutes\" \/>\n<script type=\"application\/ld+json\" class=\"yoast-schema-graph\">{\"@context\":\"https:\\\/\\\/schema.org\",\"@graph\":[{\"@type\":\"WebPage\",\"@id\":\"https:\\\/\\\/alice.ch\\\/fr\\\/fsea-fr\\\/a-propos-de-la-fsea\\\/notre-equipe\\\/\",\"url\":\"https:\\\/\\\/alice.ch\\\/fr\\\/fsea-fr\\\/a-propos-de-la-fsea\\\/notre-equipe\\\/\",\"name\":\"Notre \u00e9quipe - FSEA\",\"isPartOf\":{\"@id\":\"https:\\\/\\\/alice.ch\\\/fr\\\/#website\"},\"primaryImageOfPage\":{\"@id\":\"https:\\\/\\\/alice.ch\\\/fr\\\/fsea-fr\\\/a-propos-de-la-fsea\\\/notre-equipe\\\/#primaryimage\"},\"image\":{\"@id\":\"https:\\\/\\\/alice.ch\\\/fr\\\/fsea-fr\\\/a-propos-de-la-fsea\\\/notre-equipe\\\/#primaryimage\"},\"thumbnailUrl\":\"https:\\\/\\\/alice.ch\\\/app\\\/uploads\\\/2022\\\/11\\\/default.jpg\",\"datePublished\":\"2022-08-16T14:25:00+00:00\",\"dateModified\":\"2026-03-10T14:22:11+00:00\",\"description\":\"L'\u00e9quipe de la F\u00e9d\u00e9ration suisse pour la formation continue FSEA s'engage sur trois sites pour la formation continue en Suisse.\",\"breadcrumb\":{\"@id\":\"https:\\\/\\\/alice.ch\\\/fr\\\/fsea-fr\\\/a-propos-de-la-fsea\\\/notre-equipe\\\/#breadcrumb\"},\"inLanguage\":\"fr-FR\",\"potentialAction\":[{\"@type\":\"ReadAction\",\"target\":[\"https:\\\/\\\/alice.ch\\\/fr\\\/fsea-fr\\\/a-propos-de-la-fsea\\\/notre-equipe\\\/\"]}]},{\"@type\":\"ImageObject\",\"inLanguage\":\"fr-FR\",\"@id\":\"https:\\\/\\\/alice.ch\\\/fr\\\/fsea-fr\\\/a-propos-de-la-fsea\\\/notre-equipe\\\/#primaryimage\",\"url\":\"https:\\\/\\\/alice.ch\\\/app\\\/uploads\\\/2022\\\/11\\\/default.jpg\",\"contentUrl\":\"https:\\\/\\\/alice.ch\\\/app\\\/uploads\\\/2022\\\/11\\\/default.jpg\",\"width\":1600,\"height\":900},{\"@type\":\"BreadcrumbList\",\"@id\":\"https:\\\/\\\/alice.ch\\\/fr\\\/fsea-fr\\\/a-propos-de-la-fsea\\\/notre-equipe\\\/#breadcrumb\",\"itemListElement\":[{\"@type\":\"ListItem\",\"position\":1,\"name\":\"Page d'accueil\",\"item\":\"https:\\\/\\\/alice.ch\\\/fr\\\/\"},{\"@type\":\"ListItem\",\"position\":2,\"name\":\"FSEA\",\"item\":\"https:\\\/\\\/alice.ch\\\/fr\\\/fsea-fr\\\/\"},{\"@type\":\"ListItem\",\"position\":3,\"name\":\"A propos de la FSEA\",\"item\":\"https:\\\/\\\/alice.ch\\\/fr\\\/fsea-fr\\\/a-propos-de-la-fsea\\\/\"},{\"@type\":\"ListItem\",\"position\":4,\"name\":\"Notre \u00e9quipe\"}]},{\"@type\":\"WebSite\",\"@id\":\"https:\\\/\\\/alice.ch\\\/fr\\\/#website\",\"url\":\"https:\\\/\\\/alice.ch\\\/fr\\\/\",\"name\":\"alice.ch (Adult Learning Information Center) ist das Portal der Weiterbildung in der Schweiz.\",\"description\":\"Schweizerischer Verband f\u00fcr Weiterbildung\",\"publisher\":{\"@id\":\"https:\\\/\\\/alice.ch\\\/fr\\\/#organization\"},\"potentialAction\":[{\"@type\":\"SearchAction\",\"target\":{\"@type\":\"EntryPoint\",\"urlTemplate\":\"https:\\\/\\\/alice.ch\\\/fr\\\/?s={search_term_string}\"},\"query-input\":{\"@type\":\"PropertyValueSpecification\",\"valueRequired\":true,\"valueName\":\"search_term_string\"}}],\"inLanguage\":\"fr-FR\"},{\"@type\":\"Organization\",\"@id\":\"https:\\\/\\\/alice.ch\\\/fr\\\/#organization\",\"name\":\"FSEA F\u00e9d\u00e9ration suisse pour la formation continue\",\"url\":\"https:\\\/\\\/alice.ch\\\/fr\\\/\",\"logo\":{\"@type\":\"ImageObject\",\"inLanguage\":\"fr-FR\",\"@id\":\"https:\\\/\\\/alice.ch\\\/fr\\\/#\\\/schema\\\/logo\\\/image\\\/\",\"url\":\"https:\\\/\\\/alice.ch\\\/app\\\/uploads\\\/2022\\\/07\\\/logo-sveb.png\",\"contentUrl\":\"https:\\\/\\\/alice.ch\\\/app\\\/uploads\\\/2022\\\/07\\\/logo-sveb.png\",\"width\":145,\"height\":64,\"caption\":\"FSEA F\u00e9d\u00e9ration suisse pour la formation continue\"},\"image\":{\"@id\":\"https:\\\/\\\/alice.ch\\\/fr\\\/#\\\/schema\\\/logo\\\/image\\\/\"},\"sameAs\":[\"https:\\\/\\\/www.linkedin.com\\\/company\\\/schweizerischer-verband-fr-weiterbildung-sveb\\\/\"]}]}<\/script>\n<!-- \/ Yoast SEO plugin. -->","yoast_head_json":{"title":"Notre \u00e9quipe - FSEA","description":"L'\u00e9quipe de la F\u00e9d\u00e9ration suisse pour la formation continue FSEA s'engage sur trois sites pour la formation continue en Suisse.","robots":{"index":"index","follow":"follow","max-snippet":"max-snippet:-1","max-image-preview":"max-image-preview:large","max-video-preview":"max-video-preview:-1"},"canonical":"https:\/\/alice.ch\/fr\/fsea-fr\/a-propos-de-la-fsea\/notre-equipe\/","og_locale":"fr_FR","og_type":"article","og_title":"Notre \u00e9quipe - FSEA","og_description":"L'\u00e9quipe de la F\u00e9d\u00e9ration suisse pour la formation continue FSEA s'engage sur trois sites pour la formation continue en Suisse.","og_url":"https:\/\/alice.ch\/fr\/fsea-fr\/a-propos-de-la-fsea\/notre-equipe\/","og_site_name":"SVEB","article_modified_time":"2026-03-10T14:22:11+00:00","og_image":[{"width":1200,"height":692,"url":"https:\/\/alice.ch\/app\/uploads\/2023\/01\/sveb-fsea-team.jpeg","type":"image\/jpeg"}],"twitter_card":"summary_large_image","twitter_misc":{"Dur\u00e9e de lecture estim\u00e9e":"8 minutes"},"schema":{"@context":"https:\/\/schema.org","@graph":[{"@type":"WebPage","@id":"https:\/\/alice.ch\/fr\/fsea-fr\/a-propos-de-la-fsea\/notre-equipe\/","url":"https:\/\/alice.ch\/fr\/fsea-fr\/a-propos-de-la-fsea\/notre-equipe\/","name":"Notre \u00e9quipe - FSEA","isPartOf":{"@id":"https:\/\/alice.ch\/fr\/#website"},"primaryImageOfPage":{"@id":"https:\/\/alice.ch\/fr\/fsea-fr\/a-propos-de-la-fsea\/notre-equipe\/#primaryimage"},"image":{"@id":"https:\/\/alice.ch\/fr\/fsea-fr\/a-propos-de-la-fsea\/notre-equipe\/#primaryimage"},"thumbnailUrl":"https:\/\/alice.ch\/app\/uploads\/2022\/11\/default.jpg","datePublished":"2022-08-16T14:25:00+00:00","dateModified":"2026-03-10T14:22:11+00:00","description":"L'\u00e9quipe de la F\u00e9d\u00e9ration suisse pour la formation continue FSEA s'engage sur trois sites pour la formation continue en Suisse.","breadcrumb":{"@id":"https:\/\/alice.ch\/fr\/fsea-fr\/a-propos-de-la-fsea\/notre-equipe\/#breadcrumb"},"inLanguage":"fr-FR","potentialAction":[{"@type":"ReadAction","target":["https:\/\/alice.ch\/fr\/fsea-fr\/a-propos-de-la-fsea\/notre-equipe\/"]}]},{"@type":"ImageObject","inLanguage":"fr-FR","@id":"https:\/\/alice.ch\/fr\/fsea-fr\/a-propos-de-la-fsea\/notre-equipe\/#primaryimage","url":"https:\/\/alice.ch\/app\/uploads\/2022\/11\/default.jpg","contentUrl":"https:\/\/alice.ch\/app\/uploads\/2022\/11\/default.jpg","width":1600,"height":900},{"@type":"BreadcrumbList","@id":"https:\/\/alice.ch\/fr\/fsea-fr\/a-propos-de-la-fsea\/notre-equipe\/#breadcrumb","itemListElement":[{"@type":"ListItem","position":1,"name":"Page d'accueil","item":"https:\/\/alice.ch\/fr\/"},{"@type":"ListItem","position":2,"name":"FSEA","item":"https:\/\/alice.ch\/fr\/fsea-fr\/"},{"@type":"ListItem","position":3,"name":"A propos de la FSEA","item":"https:\/\/alice.ch\/fr\/fsea-fr\/a-propos-de-la-fsea\/"},{"@type":"ListItem","position":4,"name":"Notre \u00e9quipe"}]},{"@type":"WebSite","@id":"https:\/\/alice.ch\/fr\/#website","url":"https:\/\/alice.ch\/fr\/","name":"alice.ch (Adult Learning Information Center) ist das Portal der Weiterbildung in der Schweiz.","description":"Schweizerischer Verband f\u00fcr Weiterbildung","publisher":{"@id":"https:\/\/alice.ch\/fr\/#organization"},"potentialAction":[{"@type":"SearchAction","target":{"@type":"EntryPoint","urlTemplate":"https:\/\/alice.ch\/fr\/?s={search_term_string}"},"query-input":{"@type":"PropertyValueSpecification","valueRequired":true,"valueName":"search_term_string"}}],"inLanguage":"fr-FR"},{"@type":"Organization","@id":"https:\/\/alice.ch\/fr\/#organization","name":"FSEA F\u00e9d\u00e9ration suisse pour la formation continue","url":"https:\/\/alice.ch\/fr\/","logo":{"@type":"ImageObject","inLanguage":"fr-FR","@id":"https:\/\/alice.ch\/fr\/#\/schema\/logo\/image\/","url":"https:\/\/alice.ch\/app\/uploads\/2022\/07\/logo-sveb.png","contentUrl":"https:\/\/alice.ch\/app\/uploads\/2022\/07\/logo-sveb.png","width":145,"height":64,"caption":"FSEA F\u00e9d\u00e9ration suisse pour la formation continue"},"image":{"@id":"https:\/\/alice.ch\/fr\/#\/schema\/logo\/image\/"},"sameAs":["https:\/\/www.linkedin.com\/company\/schweizerischer-verband-fr-weiterbildung-sveb\/"]}]}},"_links":{"self":[{"href":"https:\/\/alice.ch\/fr\/wp-json\/wp\/v2\/pages\/11398","targetHints":{"allow":["GET"]}}],"collection":[{"href":"https:\/\/alice.ch\/fr\/wp-json\/wp\/v2\/pages"}],"about":[{"href":"https:\/\/alice.ch\/fr\/wp-json\/wp\/v2\/types\/page"}],"author":[{"embeddable":true,"href":"https:\/\/alice.ch\/fr\/wp-json\/wp\/v2\/users\/4"}],"replies":[{"embeddable":true,"href":"https:\/\/alice.ch\/fr\/wp-json\/wp\/v2\/comments?post=11398"}],"version-history":[{"count":128,"href":"https:\/\/alice.ch\/fr\/wp-json\/wp\/v2\/pages\/11398\/revisions"}],"predecessor-version":[{"id":74241,"href":"https:\/\/alice.ch\/fr\/wp-json\/wp\/v2\/pages\/11398\/revisions\/74241"}],"up":[{"embeddable":true,"href":"https:\/\/alice.ch\/fr\/wp-json\/wp\/v2\/pages\/11388"}],"wp:featuredmedia":[{"embeddable":true,"href":"https:\/\/alice.ch\/fr\/wp-json\/wp\/v2\/media\/20799"}],"wp:attachment":[{"href":"https:\/\/alice.ch\/fr\/wp-json\/wp\/v2\/media?parent=11398"}],"curies":[{"name":"wp","href":"https:\/\/api.w.org\/{rel}","templated":true}]}}