{"id":11400,"date":"2022-08-16T16:25:58","date_gmt":"2022-08-16T14:25:58","guid":{"rendered":"https:\/\/projects.atxeit.ch\/sveb\/mitgliedschaft\/"},"modified":"2025-02-27T08:50:28","modified_gmt":"2025-02-27T07:50:28","slug":"membres","status":"publish","type":"page","link":"https:\/\/alice.ch\/fr\/fsea-fr\/membres\/","title":{"rendered":"Membres"},"content":{"rendered":"\n<div class=\"wp-block-group is-style-reduced-width is-layout-flow wp-block-group-is-layout-flow\">\n<h1 class=\"wp-block-heading\">Devenez membre du plus grand r\u00e9seau de formation continue de Suisse!<\/h1>\n\n\n\n<p class=\"is-style-lead\">Depuis 1951, nous nous engageons, en tant qu&rsquo;organisation fa\u00eeti\u00e8re nationale, en faveur de la formation continue en Suisse. Nous repr\u00e9sentons les int\u00e9r\u00eats de nos membres au niveau politique, social et professionnel.<\/p>\n\n\n\n<p class=\"is-style-default\">Nos quelque 750 membres sont des prestataires de formation priv\u00e9s et publics, des personnes actives dans la formation continue, des associations et des d\u00e9partements de formation continue d&rsquo;entreprises \u2013 dans les trois r\u00e9gions linguistiques. Ils sont unis par leur volont\u00e9 de s&rsquo;engager pour un syst\u00e8me de formation continue efficace et durable en Suisse. L&rsquo;adh\u00e9sion \u00e0 la FSEA n&rsquo;est toutefois pas li\u00e9e \u00e0 un contr\u00f4le de qualit\u00e9.<\/p>\n\n\n\n<div class=\"wp-block-buttons is-layout-flex wp-block-buttons-is-layout-flex\">\n<div class=\"wp-block-button is-style-fill\"><a class=\"wp-block-button__link has-background-color has-primary-background-color has-text-color has-background wp-element-button\" href=\"https:\/\/alice.ch\/fr\/fsea-fr\/membres\/devenir-membre\/\"><strong>Devenir membre<\/strong><\/a><\/div>\n<\/div>\n\n\n\n<h2 class=\"wp-block-heading\">Ce que nous faisons pour nos membres:<\/h2>\n\n\n\n<div class=\"wp-block-media-text alignwide is-stacked-on-mobile is-vertically-aligned-top\" style=\"grid-template-columns:15% auto\"><figure class=\"wp-block-media-text__media\"><img decoding=\"async\" src=\"https:\/\/alice.ch\/app\/uploads\/2022\/11\/icon-newsroom.png\" alt=\"\" class=\"wp-image-6802 size-full\"\/><\/figure><div class=\"wp-block-media-text__content\">\n<h3 class=\"wp-block-heading\">Nous repr\u00e9sentons les int\u00e9r\u00eats &nbsp;<\/h3>\n\n\n\n<p>au niveau politique, \u00e9conomique et professionnel.<\/p>\n\n\n\n<div class=\"wp-block-columns is-layout-flex wp-container-core-columns-is-layout-28f84493 wp-block-columns-is-layout-flex\">\n<div class=\"wp-block-column is-layout-flow wp-block-column-is-layout-flow\">\n<ul class=\"wp-block-list\">\n<li>Nous nous engageons dans la <a href=\"https:\/\/alice.ch\/fr\/fsea-fr\/politique-de-la-formation\/positions-politiques\/\">politique de la formation continue<\/a>, prenons r\u00e9guli\u00e8rement position, d\u00e9fendons la branche et ses repr\u00e9sentants ainsi qu&rsquo;un syst\u00e8me de formation continue fort et porteur d&rsquo;avenir.<\/li>\n\n\n\n<li>En tant qu&rsquo;organisation du travail pour la formation continue, nous sommes le principal interlocuteur de la Conf\u00e9d\u00e9ration et des cantons pour tous les processus nationaux dans ce domaine.<\/li>\n\n\n\n<li>La FSEA s&rsquo;engage \u00e0 ce que tous les principes soient mis en \u0153uvre dans les lois sp\u00e9ciales et \u00e0 ce que la Conf\u00e9d\u00e9ration et les cantons \u00e9puisent les possibilit\u00e9s de promotion dont ils disposent sur la base de la LFCo (<a href=\"https:\/\/www.fedlex.admin.ch\/eli\/cc\/2016\/132\/fr\">loi sur la formation continue<\/a>).<\/li>\n\n\n\n<li>En outre, il existe de nombreuses questions et pr\u00e9occupations qui ne figurent pas dans la LFCo. Dans ces domaines \u00e9galement, l&rsquo;engagement de la FSEA et de ses membres est n\u00e9cessaire pour que l&rsquo;apprentissage tout au long de la vie devienne une \u00e9vidence pour tous les adultes.<\/li>\n\n\n\n<li>La FSEA s&rsquo;engage pour la promotion des <a href=\"https:\/\/alice.ch\/fr\/themes\/competences-de-base\/\">comp\u00e9tences de base des adultes<\/a>. Elle d\u00e9veloppe des bases et des perspectives pour les domaines de l&#8217;employabilit\u00e9, des 50plus, de l&rsquo;int\u00e9gration et de la <a href=\"https:\/\/weiterbildung-in-kmu.ch\/fr\/\">formation continue dans les PME<\/a>.<\/li>\n\n\n\n<li>Nous encourageons l&rsquo;assurance qualit\u00e9 dans la formation continue. La formation des formateurs (syst\u00e8me modulaire FFA) est le pilier porteur dans le domaine de la <a href=\"https:\/\/alice.ch\/fr\/professionnalisation\/\">professionnalisation<\/a>. Le label <a href=\"https:\/\/alice.ch\/fr\/qualite\/eduqua\/\">eduQua<\/a> et le travail de projet font partie de l&rsquo;assurance qualit\u00e9.<\/li>\n<\/ul>\n<\/div>\n<\/div>\n<\/div><\/div>\n\n\n\n<div class=\"wp-block-media-text alignwide is-stacked-on-mobile is-vertically-aligned-top\" style=\"grid-template-columns:15% auto\"><figure class=\"wp-block-media-text__media\"><img decoding=\"async\" width=\"124\" height=\"162\" src=\"https:\/\/alice.ch\/app\/uploads\/2022\/11\/icon-informieren.jpg\" alt=\"\" class=\"wp-image-7223 size-full\"\/><\/figure><div class=\"wp-block-media-text__content\">\n<h3 class=\"wp-block-heading\">Nous informons<\/h3>\n\n\n\n<p>sur les th\u00e8mes et d\u00e9veloppements actuels de la formation continue.<\/p>\n\n\n\n<div class=\"wp-block-columns is-layout-flex wp-container-core-columns-is-layout-28f84493 wp-block-columns-is-layout-flex\">\n<div class=\"wp-block-column is-layout-flow wp-block-column-is-layout-flow\" style=\"flex-basis:100%\">\n<div class=\"wp-block-columns is-layout-flex wp-container-core-columns-is-layout-28f84493 wp-block-columns-is-layout-flex\">\n<div class=\"wp-block-column is-layout-flow wp-block-column-is-layout-flow\">\n<ul class=\"wp-block-list\">\n<li>Avec <a href=\"https:\/\/alice.ch\/fr\/\">www.alice.ch<\/a>, nous exploitons une plate-forme d&rsquo;information et de documentation sur les th\u00e8mes actuels de la formation continue en trois langues.<\/li>\n\n\n\n<li>Nous envoyons 11 fois par an une <a href=\"https:\/\/alice.ch\/fr\/actualite\/newsletter\/\">newsletter<\/a> \u00e0 plus de 8000 adresses.<\/li>\n\n\n\n<li>Nous \u00e9tudions l&rsquo;avenir de la formation continue dans un cadre interdisciplinaire au sein du <a href=\"https:\/\/thinktank-transit.ch\/fr\/\">think tank TRANSIT<\/a>.<\/li>\n\n\n\n<li>Nous publions chaque ann\u00e9e des <a href=\"https:\/\/alice.ch\/fr\/services\/publications-et-produits\/etudes\/\">\u00e9tudes<\/a> et d&rsquo;autres <a href=\"https:\/\/alice.ch\/fr\/services\/publications-et-produits\/\">publications sp\u00e9cialis\u00e9es<\/a>.<\/li>\n\n\n\n<li>Dans la revue sp\u00e9cialis\u00e9e \u00ab\u00a0<a href=\"https:\/\/www.ep-web.ch\/fr\/\">Education Permanente<\/a>\u00ab\u00a0, nous approfondissons les th\u00e8mes de la formation continue. Elle para\u00eet deux fois par an en version imprim\u00e9e et en ligne.<\/li>\n\n\n\n<li>Dans le cadre de nombreux <a href=\"https:\/\/alice.ch\/fr\/recherche\/projets\/\">projets<\/a> nationaux et europ\u00e9ens, nous d\u00e9veloppons les bases de la formation continue et pilotons leur mise en \u0153uvre.<\/li>\n<\/ul>\n<\/div>\n<\/div>\n<\/div>\n<\/div>\n<\/div><\/div>\n\n\n\n<div class=\"wp-block-media-text alignwide is-stacked-on-mobile is-vertically-aligned-top\" style=\"grid-template-columns:15% auto\"><figure class=\"wp-block-media-text__media\"><img decoding=\"async\" width=\"800\" height=\"521\" src=\"https:\/\/alice.ch\/app\/uploads\/2022\/10\/icons-events.png\" alt=\"\" class=\"wp-image-5946 size-full\" srcset=\"https:\/\/alice.ch\/app\/uploads\/2022\/10\/icons-events.png 800w, https:\/\/alice.ch\/app\/uploads\/2022\/10\/icons-events-300x195.png 300w, https:\/\/alice.ch\/app\/uploads\/2022\/10\/icons-events-768x500.png 768w\" sizes=\"(max-width: 800px) 100vw, 800px\" \/><\/figure><div class=\"wp-block-media-text__content\">\n<h3 class=\"wp-block-heading\">Nous vous mettons en r\u00e9seau<\/h3>\n\n\n\n<p>avec d&rsquo;autres membres ainsi que des acteurs politiques, \u00e9conomiques et scientifiques. Nous offrons la possibilit\u00e9 de coop\u00e9rer et d&rsquo;\u00e9changer gr\u00e2ce \u00e0 diverses plateformes.<\/p>\n\n\n\n<div class=\"wp-block-columns is-layout-flex wp-container-core-columns-is-layout-28f84493 wp-block-columns-is-layout-flex\">\n<div class=\"wp-block-column is-layout-flow wp-block-column-is-layout-flow\">\n<ul class=\"wp-block-list\">\n<li>Nous organisons environ <a href=\"https:\/\/alice.ch\/fr\/actualite\/evenements\/\">25 s\u00e9minaires, ateliers et conf\u00e9rences<\/a> sur la politique \u00e9ducative&nbsp;\u00e0 l\u2019intention des membres et des parties&nbsp;&nbsp;int\u00e9ress\u00e9es dans les trois r\u00e9gions du pays.<\/li>\n\n\n\n<li>Nous mettons en r\u00e9seau tous les acteurs importants pour le domaine de la formation continue et offrons des <a href=\"https:\/\/alice.ch\/fr\/recherche\/reseau-et-echange\/\">possibilit\u00e9s de r\u00e9seautage<\/a> au niveau r\u00e9gional, national et international gr\u00e2ce \u00e0 des manifestations en ligne et en pr\u00e9sentiel.<\/li>\n\n\n\n<li>L&rsquo;association est active dans de nombreux <a href=\"https:\/\/alice.ch\/fr\/themes\/la-formation-continue-dans-un-contexte-international\/\">projets de sensibilisation nationaux et internationaux<\/a>.<\/li>\n\n\n\n<li>Dans l&rsquo;ensemble, nous offrons ainsi diverses plateformes de coop\u00e9ration et d&rsquo;\u00e9change.<\/li>\n<\/ul>\n<\/div>\n<\/div>\n<\/div><\/div>\n\n\n\n<div class=\"wp-block-media-text alignwide is-stacked-on-mobile is-vertically-aligned-top\" style=\"grid-template-columns:15% auto\"><figure class=\"wp-block-media-text__media\"><img decoding=\"async\" width=\"980\" height=\"634\" src=\"https:\/\/alice.ch\/app\/uploads\/2022\/10\/icon-tools.png\" alt=\"\" class=\"wp-image-5914 size-full\" srcset=\"https:\/\/alice.ch\/app\/uploads\/2022\/10\/icon-tools.png 980w, https:\/\/alice.ch\/app\/uploads\/2022\/10\/icon-tools-300x194.png 300w, https:\/\/alice.ch\/app\/uploads\/2022\/10\/icon-tools-768x497.png 768w\" sizes=\"(max-width: 980px) 100vw, 980px\" \/><\/figure><div class=\"wp-block-media-text__content\">\n<h3 class=\"wp-block-heading\">Nous offrons des services<\/h3>\n\n\n\n<p>autour de la formation continue.<\/p>\n\n\n\n<div class=\"wp-block-columns is-layout-flex wp-container-core-columns-is-layout-28f84493 wp-block-columns-is-layout-flex\">\n<div class=\"wp-block-column is-layout-flow wp-block-column-is-layout-flow\">\n<ul class=\"wp-block-list\">\n<li>Nous exploitons avec alisearch la plus grande base de donn\u00e9es de cours de Suisse et la mettons \u00e0 disposition sur <a href=\"https:\/\/www.formationcontinue.swiss\/?content=home&amp;=fr\">www.formationcontinue.swiss<\/a>.<\/li>\n\n\n\n<li>Nous soutenons les partenaires <a href=\"https:\/\/alice.ch\/fr\/services\/projets-de-cheques-de-la-fsea\/\">dans la mise en \u0153uvre de projets de promotion avec des bons de formation<\/a>. Les bons de formation sont un instrument de financement orient\u00e9 vers la demande et utilisable de mani\u00e8re flexible.<\/li>\n\n\n\n<li>Sur le site web <a href=\"https:\/\/weiterbildung-in-kmu.ch\/fr\/\">Formation continue dans les PME<\/a>, nous montrons aux petites et moyennes entreprises comment mettre en \u0153uvre des offres de formation continue et ce dont elles doivent tenir compte.<\/li>\n\n\n\n<li>Nous d\u00e9veloppons des <a href=\"https:\/\/alice.ch\/fr\/services\/publications-et-produits\/outils\/\">outils pratiques et des aides<\/a> qui peuvent aider les organisations de formation continue \u00e0 prendre des d\u00e9cisions strat\u00e9giques ou \u00e0 g\u00e9rer le quotidien.<\/li>\n<\/ul>\n<\/div>\n<\/div>\n<\/div><\/div>\n\n\n\n<h3 class=\"wp-block-heading\">Autres avantages de l&rsquo;affiliation<\/h3>\n\n\n\n<ul class=\"wp-block-list\">\n<li>&nbsp;&nbsp;&nbsp; 20\u201350% de r\u00e9ductions sur le prix d&rsquo;inscription des&nbsp;<a href=\"https:\/\/alice.ch\/fr\/actualite\/evenements\/\">\u00e9v\u00e9nements&nbsp;payants<\/a> de la FSEA<\/li>\n\n\n\n<li>\u00a0\u00a0\u00a0 Abonnement gratuit \u00e0 la revue professionnelle\u00a0\u00ab<a href=\"https:\/\/alice.ch\/fr\/actualite\/revue-specialisee-ep\/\">Education Permanente<\/a>\u00bb<\/li>\n\n\n\n<li>&nbsp;&nbsp;&nbsp; 20\u201350% de r\u00e9duction sur toutes les&nbsp;<a href=\"https:\/\/alice.ch\/fr\/services\/publications-et-produits\/\">publications<\/a> FSEA<\/li>\n\n\n\n<li>\u00a0\u00a0\u00a0 20% de rabais sur votre\u00a0<a href=\"https:\/\/alice.ch\/fr\/services\/placer-une-publicite\/\">publicit\u00e9<\/a>\u00a0dans nos canaux en ligne et hors ligne, ainsi que sur nos services<\/li>\n\n\n\n<li>20% de rabais sur les <a href=\"https:\/\/www.formationcontinue.swiss\/?content=Kurspublikation&amp;=fr\">annonces de cours sur formationcontinue.swiss<\/a><\/li>\n<\/ul>\n\n\n\n<div class=\"wp-block-buttons is-layout-flex wp-block-buttons-is-layout-flex\">\n<div class=\"wp-block-button is-style-fill\"><a class=\"wp-block-button__link has-background-color has-primary-background-color has-text-color has-background wp-element-button\" href=\"https:\/\/alice.ch\/fr\/fsea-fr\/membres\/devenir-membre\/\"><strong>Devenir membre<\/strong><\/a><\/div>\n<\/div>\n\n\n\n<h2 class=\"wp-block-heading\">Informations<\/h2>\n\n\n\n<div class=\"wp-block-columns is-layout-flex wp-container-core-columns-is-layout-28f84493 wp-block-columns-is-layout-flex\">\n<div class=\"wp-block-column is-layout-flow wp-block-column-is-layout-flow\" style=\"flex-basis:50%\">\n<div class=\"wp-block-file\"><a id=\"wp-block-file--media-141b1866-1492-4a5f-91cb-b05625445258\" href=\"https:\/\/alice.ch\/app\/uploads\/2025\/01\/fsea-statuts-2024.pdf\" target=\"_blank\" rel=\"noreferrer noopener\">Statuts de la FSEA<br \/>PDF &#8211; 84 kb<\/a><\/div>\n<\/div>\n\n\n\n<div class=\"wp-block-column is-layout-flow wp-block-column-is-layout-flow\" style=\"flex-basis:50%\"><\/div>\n<\/div>\n\n\n\n<div class=\"wp-block-columns is-layout-flex wp-container-core-columns-is-layout-28f84493 wp-block-columns-is-layout-flex\">\n<div class=\"wp-block-column is-layout-flow wp-block-column-is-layout-flow\">\n<div class=\"wp-block-buttons is-layout-flex wp-block-buttons-is-layout-flex\">\n<div class=\"wp-block-button has-custom-width wp-block-button__width-100 is-style-outline is-style-outline--1\"><a class=\"wp-block-button__link wp-element-button\" href=\"https:\/\/alice.ch\/fr\/fsea-fr\/strategie\/\">Strat\u00e9gie de la FSEA<\/a><\/div>\n\n\n\n<div class=\"wp-block-button has-custom-width wp-block-button__width-100 is-style-outline is-style-outline--2\"><a class=\"wp-block-button__link wp-element-button\" href=\"https:\/\/alice.ch\/fr\/fsea-fr\/a-propos-de-la-fsea\/organes\/\">Organes de la FSEA<\/a><\/div>\n<\/div>\n<\/div>\n\n\n\n<div class=\"wp-block-column is-layout-flow wp-block-column-is-layout-flow\">\n<div class=\"wp-block-buttons is-layout-flex wp-block-buttons-is-layout-flex\"><\/div>\n<\/div>\n<\/div>\n\n\n\n<div class=\"wp-block-buttons is-layout-flex wp-block-buttons-is-layout-flex\">\n<div class=\"wp-block-button has-custom-width wp-block-button__width-50 is-style-outline is-style-outline--3\"><a class=\"wp-block-button__link wp-element-button\" href=\"https:\/\/alice.ch\/fr\/fsea-fr\/a-propos-de-la-fsea\/organes\/\">Rapports annuels et proc\u00e8s-verbaux de l&rsquo;Assembl\u00e9e des d\u00e9l\u00e9gu\u00e9s<\/a><\/div>\n<\/div>\n\n\n\n<h2 class=\"wp-block-heading\">Contact<\/h2>\n\n\n\n<div class=\"wp-block-columns is-layout-flex wp-container-core-columns-is-layout-28f84493 wp-block-columns-is-layout-flex\">\n<div class=\"wp-block-column is-layout-flow wp-block-column-is-layout-flow\" style=\"flex-basis:50%\"><div class=\"contact-persons\">\n\n\t\t\t\t\t<div class=\"contact-person\">\n\t\t\t\t\tFSEA F\u00e9d\u00e9ration suisse pour la formation continue<br \/>\t\t\t\t\tSecr\u00e9tariat romand <br \/>\t\t\t\t\t<br \/>\n\t\t\t\t\tRue de Gen\u00e8ve 88b<br \/>\r\n1004 Lausanne<br \/>\t\t\t\t\t<a href=\"tel:+41 (0)22 994 20 10\">+41 (0)22 994 20 10<\/a><br \/>\t\t\t\t\t<a href=\"mailto:membre@alice.ch\">membre@alice.ch<\/a><br \/>\t\t\t\t\t<\/div>\n\t\t\t\t\t<\/div>\n<\/div>\n\n\n\n<div class=\"wp-block-column is-layout-flow wp-block-column-is-layout-flow\" style=\"flex-basis:50%\"><\/div>\n<\/div>\n<\/div>\n","protected":false},"excerpt":{"rendered":"<p>Devenez membre du plus grand r\u00e9seau de formation continue de Suisse! Depuis 1951, nous nous engageons, en tant qu&rsquo;organisation fa\u00eeti\u00e8re [&hellip;]<\/p>\n","protected":false},"author":4,"featured_media":20799,"parent":17426,"menu_order":453,"comment_status":"closed","ping_status":"closed","template":"","meta":{"_acf_changed":false,"inline_featured_image":false,"footnotes":""},"class_list":["post-11400","page","type-page","status-publish","has-post-thumbnail","hentry"],"acf":[],"yoast_head":"<!-- This site is optimized with the Yoast SEO plugin v27.3 - https:\/\/yoast.com\/product\/yoast-seo-wordpress\/ -->\n<title>Membres - FSEA<\/title>\n<meta name=\"description\" content=\"Les membres de la FSEA b\u00e9n\u00e9ficient du networking, de r\u00e9ductions, de manifestations et d&#039;\u00e9tudes sur la formation continue en Suisse.\" \/>\n<meta name=\"robots\" content=\"index, follow, max-snippet:-1, max-image-preview:large, max-video-preview:-1\" \/>\n<link rel=\"canonical\" href=\"https:\/\/alice.ch\/fr\/fsea-fr\/membres\/\" \/>\n<meta property=\"og:locale\" content=\"fr_FR\" \/>\n<meta property=\"og:type\" content=\"article\" \/>\n<meta property=\"og:title\" content=\"Membres - FSEA\" \/>\n<meta property=\"og:description\" content=\"Les membres de la FSEA b\u00e9n\u00e9ficient du networking, de r\u00e9ductions, de manifestations et d&#039;\u00e9tudes sur la formation continue en Suisse.\" \/>\n<meta property=\"og:url\" content=\"https:\/\/alice.ch\/fr\/fsea-fr\/membres\/\" \/>\n<meta property=\"og:site_name\" content=\"SVEB\" \/>\n<meta property=\"article:modified_time\" content=\"2025-02-27T07:50:28+00:00\" \/>\n<meta name=\"twitter:card\" content=\"summary_large_image\" \/>\n<meta name=\"twitter:label1\" content=\"Dur\u00e9e de lecture estim\u00e9e\" \/>\n\t<meta name=\"twitter:data1\" content=\"2 minutes\" \/>\n<script type=\"application\/ld+json\" class=\"yoast-schema-graph\">{\"@context\":\"https:\\\/\\\/schema.org\",\"@graph\":[{\"@type\":\"WebPage\",\"@id\":\"https:\\\/\\\/alice.ch\\\/fr\\\/fsea-fr\\\/membres\\\/\",\"url\":\"https:\\\/\\\/alice.ch\\\/fr\\\/fsea-fr\\\/membres\\\/\",\"name\":\"Membres - FSEA\",\"isPartOf\":{\"@id\":\"https:\\\/\\\/alice.ch\\\/fr\\\/#website\"},\"primaryImageOfPage\":{\"@id\":\"https:\\\/\\\/alice.ch\\\/fr\\\/fsea-fr\\\/membres\\\/#primaryimage\"},\"image\":{\"@id\":\"https:\\\/\\\/alice.ch\\\/fr\\\/fsea-fr\\\/membres\\\/#primaryimage\"},\"thumbnailUrl\":\"https:\\\/\\\/alice.ch\\\/app\\\/uploads\\\/2022\\\/11\\\/default.jpg\",\"datePublished\":\"2022-08-16T14:25:58+00:00\",\"dateModified\":\"2025-02-27T07:50:28+00:00\",\"description\":\"Les membres de la FSEA b\u00e9n\u00e9ficient du networking, de r\u00e9ductions, de manifestations et d'\u00e9tudes sur la formation continue en Suisse.\",\"breadcrumb\":{\"@id\":\"https:\\\/\\\/alice.ch\\\/fr\\\/fsea-fr\\\/membres\\\/#breadcrumb\"},\"inLanguage\":\"fr-FR\",\"potentialAction\":[{\"@type\":\"ReadAction\",\"target\":[\"https:\\\/\\\/alice.ch\\\/fr\\\/fsea-fr\\\/membres\\\/\"]}]},{\"@type\":\"ImageObject\",\"inLanguage\":\"fr-FR\",\"@id\":\"https:\\\/\\\/alice.ch\\\/fr\\\/fsea-fr\\\/membres\\\/#primaryimage\",\"url\":\"https:\\\/\\\/alice.ch\\\/app\\\/uploads\\\/2022\\\/11\\\/default.jpg\",\"contentUrl\":\"https:\\\/\\\/alice.ch\\\/app\\\/uploads\\\/2022\\\/11\\\/default.jpg\",\"width\":1600,\"height\":900},{\"@type\":\"BreadcrumbList\",\"@id\":\"https:\\\/\\\/alice.ch\\\/fr\\\/fsea-fr\\\/membres\\\/#breadcrumb\",\"itemListElement\":[{\"@type\":\"ListItem\",\"position\":1,\"name\":\"Page d'accueil\",\"item\":\"https:\\\/\\\/alice.ch\\\/fr\\\/\"},{\"@type\":\"ListItem\",\"position\":2,\"name\":\"FSEA\",\"item\":\"https:\\\/\\\/alice.ch\\\/fr\\\/fsea-fr\\\/\"},{\"@type\":\"ListItem\",\"position\":3,\"name\":\"Membres\"}]},{\"@type\":\"WebSite\",\"@id\":\"https:\\\/\\\/alice.ch\\\/fr\\\/#website\",\"url\":\"https:\\\/\\\/alice.ch\\\/fr\\\/\",\"name\":\"alice.ch (Adult Learning Information Center) ist das Portal der Weiterbildung in der Schweiz.\",\"description\":\"Schweizerischer Verband f\u00fcr Weiterbildung\",\"publisher\":{\"@id\":\"https:\\\/\\\/alice.ch\\\/fr\\\/#organization\"},\"potentialAction\":[{\"@type\":\"SearchAction\",\"target\":{\"@type\":\"EntryPoint\",\"urlTemplate\":\"https:\\\/\\\/alice.ch\\\/fr\\\/?s={search_term_string}\"},\"query-input\":{\"@type\":\"PropertyValueSpecification\",\"valueRequired\":true,\"valueName\":\"search_term_string\"}}],\"inLanguage\":\"fr-FR\"},{\"@type\":\"Organization\",\"@id\":\"https:\\\/\\\/alice.ch\\\/fr\\\/#organization\",\"name\":\"FSEA F\u00e9d\u00e9ration suisse pour la formation continue\",\"url\":\"https:\\\/\\\/alice.ch\\\/fr\\\/\",\"logo\":{\"@type\":\"ImageObject\",\"inLanguage\":\"fr-FR\",\"@id\":\"https:\\\/\\\/alice.ch\\\/fr\\\/#\\\/schema\\\/logo\\\/image\\\/\",\"url\":\"https:\\\/\\\/alice.ch\\\/app\\\/uploads\\\/2022\\\/07\\\/logo-sveb.png\",\"contentUrl\":\"https:\\\/\\\/alice.ch\\\/app\\\/uploads\\\/2022\\\/07\\\/logo-sveb.png\",\"width\":145,\"height\":64,\"caption\":\"FSEA F\u00e9d\u00e9ration suisse pour la formation continue\"},\"image\":{\"@id\":\"https:\\\/\\\/alice.ch\\\/fr\\\/#\\\/schema\\\/logo\\\/image\\\/\"},\"sameAs\":[\"https:\\\/\\\/www.linkedin.com\\\/company\\\/schweizerischer-verband-fr-weiterbildung-sveb\\\/\"]}]}<\/script>\n<!-- \/ Yoast SEO plugin. -->","yoast_head_json":{"title":"Membres - FSEA","description":"Les membres de la FSEA b\u00e9n\u00e9ficient du networking, de r\u00e9ductions, de manifestations et d'\u00e9tudes sur la formation continue en Suisse.","robots":{"index":"index","follow":"follow","max-snippet":"max-snippet:-1","max-image-preview":"max-image-preview:large","max-video-preview":"max-video-preview:-1"},"canonical":"https:\/\/alice.ch\/fr\/fsea-fr\/membres\/","og_locale":"fr_FR","og_type":"article","og_title":"Membres - FSEA","og_description":"Les membres de la FSEA b\u00e9n\u00e9ficient du networking, de r\u00e9ductions, de manifestations et d'\u00e9tudes sur la formation continue en Suisse.","og_url":"https:\/\/alice.ch\/fr\/fsea-fr\/membres\/","og_site_name":"SVEB","article_modified_time":"2025-02-27T07:50:28+00:00","twitter_card":"summary_large_image","twitter_misc":{"Dur\u00e9e de lecture estim\u00e9e":"2 minutes"},"schema":{"@context":"https:\/\/schema.org","@graph":[{"@type":"WebPage","@id":"https:\/\/alice.ch\/fr\/fsea-fr\/membres\/","url":"https:\/\/alice.ch\/fr\/fsea-fr\/membres\/","name":"Membres - FSEA","isPartOf":{"@id":"https:\/\/alice.ch\/fr\/#website"},"primaryImageOfPage":{"@id":"https:\/\/alice.ch\/fr\/fsea-fr\/membres\/#primaryimage"},"image":{"@id":"https:\/\/alice.ch\/fr\/fsea-fr\/membres\/#primaryimage"},"thumbnailUrl":"https:\/\/alice.ch\/app\/uploads\/2022\/11\/default.jpg","datePublished":"2022-08-16T14:25:58+00:00","dateModified":"2025-02-27T07:50:28+00:00","description":"Les membres de la FSEA b\u00e9n\u00e9ficient du networking, de r\u00e9ductions, de manifestations et d'\u00e9tudes sur la formation continue en Suisse.","breadcrumb":{"@id":"https:\/\/alice.ch\/fr\/fsea-fr\/membres\/#breadcrumb"},"inLanguage":"fr-FR","potentialAction":[{"@type":"ReadAction","target":["https:\/\/alice.ch\/fr\/fsea-fr\/membres\/"]}]},{"@type":"ImageObject","inLanguage":"fr-FR","@id":"https:\/\/alice.ch\/fr\/fsea-fr\/membres\/#primaryimage","url":"https:\/\/alice.ch\/app\/uploads\/2022\/11\/default.jpg","contentUrl":"https:\/\/alice.ch\/app\/uploads\/2022\/11\/default.jpg","width":1600,"height":900},{"@type":"BreadcrumbList","@id":"https:\/\/alice.ch\/fr\/fsea-fr\/membres\/#breadcrumb","itemListElement":[{"@type":"ListItem","position":1,"name":"Page d'accueil","item":"https:\/\/alice.ch\/fr\/"},{"@type":"ListItem","position":2,"name":"FSEA","item":"https:\/\/alice.ch\/fr\/fsea-fr\/"},{"@type":"ListItem","position":3,"name":"Membres"}]},{"@type":"WebSite","@id":"https:\/\/alice.ch\/fr\/#website","url":"https:\/\/alice.ch\/fr\/","name":"alice.ch (Adult Learning Information Center) ist das Portal der Weiterbildung in der Schweiz.","description":"Schweizerischer Verband f\u00fcr Weiterbildung","publisher":{"@id":"https:\/\/alice.ch\/fr\/#organization"},"potentialAction":[{"@type":"SearchAction","target":{"@type":"EntryPoint","urlTemplate":"https:\/\/alice.ch\/fr\/?s={search_term_string}"},"query-input":{"@type":"PropertyValueSpecification","valueRequired":true,"valueName":"search_term_string"}}],"inLanguage":"fr-FR"},{"@type":"Organization","@id":"https:\/\/alice.ch\/fr\/#organization","name":"FSEA F\u00e9d\u00e9ration suisse pour la formation continue","url":"https:\/\/alice.ch\/fr\/","logo":{"@type":"ImageObject","inLanguage":"fr-FR","@id":"https:\/\/alice.ch\/fr\/#\/schema\/logo\/image\/","url":"https:\/\/alice.ch\/app\/uploads\/2022\/07\/logo-sveb.png","contentUrl":"https:\/\/alice.ch\/app\/uploads\/2022\/07\/logo-sveb.png","width":145,"height":64,"caption":"FSEA F\u00e9d\u00e9ration suisse pour la formation continue"},"image":{"@id":"https:\/\/alice.ch\/fr\/#\/schema\/logo\/image\/"},"sameAs":["https:\/\/www.linkedin.com\/company\/schweizerischer-verband-fr-weiterbildung-sveb\/"]}]}},"_links":{"self":[{"href":"https:\/\/alice.ch\/fr\/wp-json\/wp\/v2\/pages\/11400","targetHints":{"allow":["GET"]}}],"collection":[{"href":"https:\/\/alice.ch\/fr\/wp-json\/wp\/v2\/pages"}],"about":[{"href":"https:\/\/alice.ch\/fr\/wp-json\/wp\/v2\/types\/page"}],"author":[{"embeddable":true,"href":"https:\/\/alice.ch\/fr\/wp-json\/wp\/v2\/users\/4"}],"replies":[{"embeddable":true,"href":"https:\/\/alice.ch\/fr\/wp-json\/wp\/v2\/comments?post=11400"}],"version-history":[{"count":48,"href":"https:\/\/alice.ch\/fr\/wp-json\/wp\/v2\/pages\/11400\/revisions"}],"predecessor-version":[{"id":66381,"href":"https:\/\/alice.ch\/fr\/wp-json\/wp\/v2\/pages\/11400\/revisions\/66381"}],"up":[{"embeddable":true,"href":"https:\/\/alice.ch\/fr\/wp-json\/wp\/v2\/pages\/17426"}],"wp:featuredmedia":[{"embeddable":true,"href":"https:\/\/alice.ch\/fr\/wp-json\/wp\/v2\/media\/20799"}],"wp:attachment":[{"href":"https:\/\/alice.ch\/fr\/wp-json\/wp\/v2\/media?parent=11400"}],"curies":[{"name":"wp","href":"https:\/\/api.w.org\/{rel}","templated":true}]}}