{"id":11418,"date":"2022-08-16T16:27:02","date_gmt":"2022-08-16T14:27:02","guid":{"rendered":"https:\/\/projects.atxeit.ch\/sveb\/weiterbildungspolitik\/politische-positionen\/"},"modified":"2025-03-27T10:44:27","modified_gmt":"2025-03-27T09:44:27","slug":"positions-politiques","status":"publish","type":"page","link":"https:\/\/alice.ch\/fr\/fsea-fr\/politique-de-la-formation\/positions-politiques\/","title":{"rendered":"Positions politiques"},"content":{"rendered":"\n<div class=\"wp-block-group is-style-reduced-width is-layout-flow wp-block-group-is-layout-flow\">\n<h1 class=\"wp-block-heading\">Repr\u00e9senter efficacement la formation continue<\/h1>\n\n\n\n<p class=\"is-style-lead\">En tant qu&rsquo;organisation fa\u00eeti\u00e8re, nous sommes une voix repr\u00e9sentative de la formation continue en Suisse. Nous commentons r\u00e9guli\u00e8rement des sujets d&rsquo;actualit\u00e9 sur la politique de formation continue.<\/p>\n\n\n\n<p>Avec nos membres, nous repr\u00e9sentons les principes de la politique de formation qui renforcent le syst\u00e8me de formation continue en Suisse.<\/p>\n\n\n\n<h2 class=\"wp-block-heading\">Prises de position sur les consultations<\/h2>\n\n\n\n<p>La FSEA commente les consultations officielles de la Conf\u00e9d\u00e9ration, des cantons ou des associations. En r\u00e8gle g\u00e9n\u00e9rale, il s&rsquo;agit de projets de lois et de r\u00e8glements ou de concepts tels que ceux \u00e9labor\u00e9s dans le cas de la reconnaissance des comp\u00e9tences, par exemple.<\/p>\n\n\n\n<div class=\"wp-block-columns is-layout-flex wp-container-core-columns-is-layout-28f84493 wp-block-columns-is-layout-flex\">\n<div class=\"wp-block-column is-layout-flow wp-block-column-is-layout-flow\" style=\"flex-basis:50%\">\n<div class=\"wp-block-file is-style-default\"><a id=\"wp-block-file--media-c554d126-8827-4252-907c-9c17125509e3\" href=\"https:\/\/alice.ch\/app\/uploads\/2025\/03\/fsea-prise-de-position-paquet-d-allegement27.pdf\" target=\"_blank\" rel=\"noreferrer noopener\">26 mars 205 <br>Prise de position sur le paquet d&rsquo;allegement 27<br \/>PDF &#8211; 305 kb<\/a><a href=\"https:\/\/alice.ch\/app\/uploads\/2025\/03\/fsea-prise-de-position-paquet-d-allegement27.pdf\" class=\"wp-block-file__button wp-element-button\" download aria-describedby=\"wp-block-file--media-c554d126-8827-4252-907c-9c17125509e3\">Herunterladen<br \/>PDF &#8211; 305 kb<\/a><\/div>\n\n\n\n<div class=\"wp-block-file is-style-default\"><a id=\"wp-block-file--media-eec9df04-5b29-4ed0-89c9-db8c1ad39e07\" href=\"https:\/\/alice.ch\/app\/uploads\/2023\/06\/bfi-25-28-prise-de-position-fsea-21.6.23.pdf\" target=\"_blank\" rel=\"noreferrer noopener\">21 juin 2023<br>Prise de position sur le message FRI<br \/>PDF &#8211; 154 kb<\/a><a href=\"https:\/\/alice.ch\/app\/uploads\/2023\/06\/bfi-25-28-prise-de-position-fsea-21.6.23.pdf\" class=\"wp-block-file__button wp-element-button\" download aria-describedby=\"wp-block-file--media-eec9df04-5b29-4ed0-89c9-db8c1ad39e07\">Herunterladen<br \/>PDF &#8211; 154 kb<\/a><\/div>\n<\/div>\n\n\n\n<div class=\"wp-block-column is-layout-flow wp-block-column-is-layout-flow\" style=\"flex-basis:50%\"><\/div>\n<\/div>\n\n\n\n<div class=\"wp-block-columns is-layout-flex wp-container-core-columns-is-layout-28f84493 wp-block-columns-is-layout-flex\">\n<div class=\"wp-block-column is-layout-flow wp-block-column-is-layout-flow\" style=\"flex-basis:50%\">\n<div class=\"wp-block-file is-style-default\"><a id=\"wp-block-file--media-eec9df04-5b29-4ed0-89c9-db8c1ad39e07\" href=\"https:\/\/alice.ch\/app\/uploads\/2022\/11\/BIZMB_Stellungnahme_SVEB_24.5.19_neu.pdf\" target=\"_blank\" rel=\"noreferrer noopener\">Prise de position sur la loi f\u00e9d\u00e9rale sur la coop\u00e9ration et la mobilit\u00e9 internationales en mati\u00e8re de formation (en allemand)<br \/>PDF &#8211; 177 kb<\/a><a href=\"https:\/\/alice.ch\/app\/uploads\/2022\/11\/BIZMB_Stellungnahme_SVEB_24.5.19_neu.pdf\" class=\"wp-block-file__button wp-element-button\" download aria-describedby=\"wp-block-file--media-eec9df04-5b29-4ed0-89c9-db8c1ad39e07\">Herunterladen<br \/>PDF &#8211; 177 kb<\/a><\/div>\n<\/div>\n\n\n\n<div class=\"wp-block-column is-layout-flow wp-block-column-is-layout-flow\" style=\"flex-basis:50%\">\n<div class=\"wp-block-file\"><a id=\"wp-block-file--media-0b9a0e5b-f1ed-459b-bb8b-6296c8df819b\" href=\"https:\/\/alice.ch\/app\/uploads\/2022\/11\/BB_2030_SVEB_definitiv.pdf\" target=\"_blank\" rel=\"noreferrer noopener\">Prise de position sur la formation professionnelle 2030 (en allemand)<br \/>PDF &#8211; 203 kb<\/a><a href=\"https:\/\/alice.ch\/app\/uploads\/2022\/11\/BB_2030_SVEB_definitiv.pdf\" class=\"wp-block-file__button wp-element-button\" download aria-describedby=\"wp-block-file--media-0b9a0e5b-f1ed-459b-bb8b-6296c8df819b\">Herunterladen<br \/>PDF &#8211; 203 kb<\/a><\/div>\n<\/div>\n<\/div>\n\n\n\n<div class=\"wp-block-columns is-layout-flex wp-container-core-columns-is-layout-28f84493 wp-block-columns-is-layout-flex\">\n<div class=\"wp-block-column is-layout-flow wp-block-column-is-layout-flow\" style=\"flex-basis:50%\">\n<div class=\"wp-block-file\"><a id=\"wp-block-file--media-eec9df04-5b29-4ed0-89c9-db8c1ad39e07\" href=\"https:\/\/alice.ch\/app\/uploads\/2022\/11\/BBV_Stellungnahme_SVEB_16.5.pdf\">Prise de position sur la modification de l&rsquo;Ordonnance sur la formation professionnelle (OFPr) (en allemand)<br \/>PDF &#8211; 190 kb<\/a><\/div>\n<\/div>\n\n\n\n<div class=\"wp-block-column is-layout-flow wp-block-column-is-layout-flow\" style=\"flex-basis:50%\">\n<div class=\"wp-block-file\"><a id=\"wp-block-file--media-0b21b8f3-59e2-465e-a14f-1376087b237a\" href=\"https:\/\/alice.ch\/app\/uploads\/2022\/09\/MIVO_Stellungnahme_SVEB.pdf\" target=\"_blank\" rel=\"noreferrer noopener\">D\u00e9claration sur la r\u00e9vision compl\u00e8te de l&rsquo;Ordonnance sur les conditions minimales de reconnaissance des fili\u00e8res de formation et des \u00e9tudes post dipl\u00f4mes des \u00e9coles sup\u00e9rieures (OCM ES) (en allemand)<br \/>PDF &#8211; 198 kb<\/a><a href=\"https:\/\/alice.ch\/app\/uploads\/2022\/09\/MIVO_Stellungnahme_SVEB.pdf\" class=\"wp-block-file__button wp-element-button\" download aria-describedby=\"wp-block-file--media-0b21b8f3-59e2-465e-a14f-1376087b237a\">Herunterladen<br \/>PDF &#8211; 198 kb<\/a><\/div>\n<\/div>\n<\/div>\n\n\n\n<h2 class=\"wp-block-heading\">Prises de positions de la FSEA<\/h2>\n\n\n\n<p>Avec nos prises de position, nous commentons les th\u00e8mes actuels de la politique de formation continue.<\/p>\n\n\n\n<div class=\"wp-block-group is-layout-flow wp-block-group-is-layout-flow\">\n<div class=\"wp-block-columns is-style-accordion is-layout-flex wp-container-core-columns-is-layout-28f84493 wp-block-columns-is-layout-flex\" id=\"faq-element-1\">\n<div class=\"wp-block-column is-layout-flow wp-block-column-is-layout-flow\">\n<h3 class=\"wp-block-heading\">Processus d&rsquo;appel d&rsquo;offres dans la formation continue<\/h3>\n<\/div>\n\n\n\n<div class=\"wp-block-column is-layout-flow wp-block-column-is-layout-flow\">\n<p>Les mandats concernant les prestations de formation continue de la part des pouvoirs publics sont habituellement mis aux concours dans le cadre de processus d&rsquo;appel d&rsquo;offres. La conception des proc\u00e9dures est probl\u00e9matique \u00e0 plusieurs \u00e9gards. Dans un papier de position, la FSEA demande que la qualit\u00e9 soit une priorit\u00e9 dans les processus d&rsquo;appel d&rsquo;offres.<\/p>\n\n\n\n<div class=\"wp-block-file\"><a id=\"wp-block-file--media-eec9df04-5b29-4ed0-89c9-db8c1ad39e07\" href=\"https:\/\/alice.ch\/app\/uploads\/2022\/11\/Recommandation_appel_d_offre_12.2021.pdf\" target=\"_blank\" rel=\"noreferrer noopener\">Recommandations d&rsquo;appel d&rsquo;offres (Version 21.12.2021)<br \/>PDF &#8211; 194 kb<\/a><a href=\"https:\/\/alice.ch\/app\/uploads\/2022\/11\/Recommandation_appel_d_offre_12.2021.pdf\" class=\"wp-block-file__button wp-element-button\" download aria-describedby=\"wp-block-file--media-eec9df04-5b29-4ed0-89c9-db8c1ad39e07\">Herunterladen<br \/>PDF &#8211; 194 kb<\/a><\/div>\n\n\n\n<div class=\"wp-block-file\"><a id=\"wp-block-file--media-eec9df04-5b29-4ed0-89c9-db8c1ad39e07\" href=\"https:\/\/alice.ch\/app\/uploads\/2022\/11\/Papier_de_position_FSEA_appel_d_offre.pdf\" target=\"_blank\" rel=\"noreferrer noopener\">Prise de position de la FSEA (Version 5.11.2018)<br \/>PDF &#8211; 148 kb<\/a><a href=\"https:\/\/alice.ch\/app\/uploads\/2022\/11\/Papier_de_position_FSEA_appel_d_offre.pdf\" class=\"wp-block-file__button wp-element-button\" download aria-describedby=\"wp-block-file--media-eec9df04-5b29-4ed0-89c9-db8c1ad39e07\">Herunterladen<br \/>PDF &#8211; 148 kb<\/a><\/div>\n<\/div>\n<\/div>\n\n\n\n<div class=\"wp-block-columns is-style-accordion is-layout-flex wp-container-core-columns-is-layout-28f84493 wp-block-columns-is-layout-flex\" id=\"faq-element-1\">\n<div class=\"wp-block-column is-layout-flow wp-block-column-is-layout-flow\">\n<h3 class=\"wp-block-heading\">Ensemble de mesures visant \u00e0 promouvoir la formation continue ax\u00e9e sur l&#8217;emploi<\/h3>\n<\/div>\n\n\n\n<div class=\"wp-block-column is-layout-flow wp-block-column-is-layout-flow\">\n<p>La FSEA demande \u00e0 la Conf\u00e9d\u00e9ration de mettre en \u0153uvre les trois mesures suivantes pour promouvoir la formation continue orient\u00e9e vers l&#8217;emploi sur la base des cr\u00e9dits accord\u00e9s par le Parlement dans le cadre du processus FRI :<\/p>\n\n\n\n<ul class=\"wp-block-list\">\n<li>Ouverture du programme f\u00e9d\u00e9ral existant&nbsp;<a href=\"https:\/\/www.simplement-mieux.ch\/betriebe.cfm\" target=\"_blank\" rel=\"noreferrer noopener\">\u00ab\u00a0Simplement mieux&#8230; au travail\u00a0\u00bb<\/a>.<\/li>\n\n\n\n<li>\u00c9tablissement d&rsquo;une priorit\u00e9 de financement pour les projets dans le domaine de la \u00ab\u00a0formation continue orient\u00e9e vers l&#8217;emploi\u00a0\u00bb.<\/li>\n\n\n\n<li>Mise en place d&rsquo;un syst\u00e8me de bons de formation continue.<\/li>\n<\/ul>\n\n\n\n<div class=\"wp-block-file\"><a id=\"wp-block-file--media-12b30004-6506-4ad1-a92a-e96f27a29086\" href=\"https:\/\/alice.ch\/app\/uploads\/2022\/11\/Document-de-synthese_FSEA_Ensemble-de-mesures_FR_3_.pdf\" target=\"_blank\" rel=\"noreferrer noopener\">Prise de position de la FSEA (Version 19.03.2021)<br \/>PDF &#8211; 159 kb<\/a><a href=\"https:\/\/alice.ch\/app\/uploads\/2022\/11\/Document-de-synthese_FSEA_Ensemble-de-mesures_FR_3_.pdf\" class=\"wp-block-file__button wp-element-button\" download aria-describedby=\"wp-block-file--media-12b30004-6506-4ad1-a92a-e96f27a29086\">Herunterladen<br \/>PDF &#8211; 159 kb<\/a><\/div>\n<\/div>\n<\/div>\n\n\n\n<div class=\"wp-block-columns is-style-accordion is-layout-flex wp-container-core-columns-is-layout-28f84493 wp-block-columns-is-layout-flex\" id=\"faq-element-1\">\n<div class=\"wp-block-column is-layout-flow wp-block-column-is-layout-flow\">\n<h3 class=\"wp-block-heading\">Les effets de la crise du Coronavirus sur le secteur de la formation continue<\/h3>\n<\/div>\n\n\n\n<div class=\"wp-block-column is-layout-flow wp-block-column-is-layout-flow\">\n<p>Le coronavirus affecte fortement la formation continue en Suisse. Afin d&rsquo;amortir les cons\u00e9quences \u00e9conomiques de cette crise, le Conseil f\u00e9d\u00e9ral a adopt\u00e9 le 20 mars 2020 un paquet d&rsquo;aides, qui a \u00e9t\u00e9 pr\u00e9cis\u00e9 le 25 mars. N\u00e9anmoins, de nombreux prestataires et ind\u00e9pendants sont confront\u00e9s \u00e0 une situation qui menace leur existence m\u00eame. La FSEA s&rsquo;adresse donc au gouvernement f\u00e9d\u00e9ral avec une liste de revendications.<\/p>\n\n\n\n<div class=\"wp-block-file\"><a id=\"wp-block-file--media-12b30004-6506-4ad1-a92a-e96f27a29086\" href=\"https:\/\/alice.ch\/app\/uploads\/2022\/11\/FSEA_Prise-de-position_Corona_24.11.20.pdf\" target=\"_blank\" rel=\"noreferrer noopener\">Prise de position de la FSEA (Version 23.11.2020)<br \/>PDF &#8211; 137 kb<\/a><a href=\"https:\/\/alice.ch\/app\/uploads\/2022\/11\/FSEA_Prise-de-position_Corona_24.11.20.pdf\" class=\"wp-block-file__button wp-element-button\" download aria-describedby=\"wp-block-file--media-12b30004-6506-4ad1-a92a-e96f27a29086\">Herunterladen<br \/>PDF &#8211; 137 kb<\/a><\/div>\n<\/div>\n<\/div>\n\n\n\n<div class=\"wp-block-columns is-style-accordion is-layout-flex wp-container-core-columns-is-layout-28f84493 wp-block-columns-is-layout-flex\" id=\"faq-element-1\">\n<div class=\"wp-block-column is-layout-flow wp-block-column-is-layout-flow\">\n<h3 class=\"wp-block-heading\">Formation continue dans le domaine de la protection sociale<\/h3>\n<\/div>\n\n\n\n<div class=\"wp-block-column is-layout-flow wp-block-column-is-layout-flow\">\n<p>En collaboration avec la Conf\u00e9rence suisse des institutions d&rsquo;action sociale (CSIAS), la FSEA lance une initiative de formation pour les b\u00e9n\u00e9ficiaires de l&rsquo;aide sociale. L&rsquo;objectif est d&rsquo;int\u00e9grer durablement les b\u00e9n\u00e9ficiaires de l&rsquo;aide sociale dans le premier march\u00e9 du travail.<\/p>\n\n\n\n<div class=\"wp-block-file\"><a id=\"wp-block-file--media-12b30004-6506-4ad1-a92a-e96f27a29086\" href=\"https:\/\/alice.ch\/app\/uploads\/2022\/11\/PoP_WeOff_19.12.17_AR_SKOS_de_Berni_1_.pdf\" target=\"_blank\" rel=\"noreferrer noopener\">Prise de position sur la protection sociale<br \/>PDF &#8211; 373 kb<\/a><a href=\"https:\/\/alice.ch\/app\/uploads\/2022\/11\/PoP_WeOff_19.12.17_AR_SKOS_de_Berni_1_.pdf\" class=\"wp-block-file__button wp-element-button\" download aria-describedby=\"wp-block-file--media-12b30004-6506-4ad1-a92a-e96f27a29086\">Herunterladen<br \/>PDF &#8211; 373 kb<\/a><\/div>\n<\/div>\n<\/div>\n\n\n\n<div class=\"wp-block-columns is-style-accordion is-layout-flex wp-container-core-columns-is-layout-28f84493 wp-block-columns-is-layout-flex\" id=\"faq-element-1\">\n<div class=\"wp-block-column is-layout-flow wp-block-column-is-layout-flow\">\n<h3 class=\"wp-block-heading\">Assurance qualit\u00e9 et d\u00e9veloppement<\/h3>\n<\/div>\n\n\n\n<div class=\"wp-block-column is-layout-flow wp-block-column-is-layout-flow\">\n<p>La FSEA s&rsquo;engage \u00e0 poursuivre le d\u00e9veloppement coordonn\u00e9 de l&rsquo;assurance qualit\u00e9 et du d\u00e9veloppement de la qualit\u00e9 dans la formation continue et \u00e0 sensibiliser les parties prenantes, en particulier les prestataires de formation continue.<\/p>\n\n\n\n<div class=\"wp-block-file\"><a id=\"wp-block-file--media-12b30004-6506-4ad1-a92a-e96f27a29086\" href=\"https:\/\/alice.ch\/app\/uploads\/2022\/11\/Positionspapier_Qualita__t_-_copie.pdf\" target=\"_blank\" rel=\"noreferrer noopener\">Prise de position sur l&rsquo;assurance de la qualit\u00e9<br \/>PDF &#8211; 125 kb<\/a><a href=\"https:\/\/alice.ch\/app\/uploads\/2022\/11\/Positionspapier_Qualita__t_-_copie.pdf\" class=\"wp-block-file__button wp-element-button\" download aria-describedby=\"wp-block-file--media-12b30004-6506-4ad1-a92a-e96f27a29086\">Herunterladen<br \/>PDF &#8211; 125 kb<\/a><\/div>\n<\/div>\n<\/div>\n\n\n\n<div class=\"wp-block-columns is-style-accordion is-layout-flex wp-container-core-columns-is-layout-28f84493 wp-block-columns-is-layout-flex\" id=\"faq-element-1\">\n<div class=\"wp-block-column is-layout-flow wp-block-column-is-layout-flow\">\n<h3 class=\"wp-block-heading\">Migration<\/h3>\n<\/div>\n\n\n\n<div class=\"wp-block-column is-layout-flow wp-block-column-is-layout-flow\">\n<p>L&rsquo;int\u00e9gration des migrants ne peut r\u00e9ussir que si des possibilit\u00e9s de formation culturelle, linguistique et professionnelle sont disponsibles et utilis\u00e9es<\/p>\n\n\n\n<div class=\"wp-block-file\"><a id=\"wp-block-file--media-12b30004-6506-4ad1-a92a-e96f27a29086\" href=\"https:\/\/alice.ch\/app\/uploads\/2022\/11\/Positionspapier_Migration_-_copie.pdf\" target=\"_blank\" rel=\"noreferrer noopener\">Prise de position sur la migration<br \/>PDF &#8211; 176 kb<\/a><a href=\"https:\/\/alice.ch\/app\/uploads\/2022\/11\/Positionspapier_Migration_-_copie.pdf\" class=\"wp-block-file__button wp-element-button\" download aria-describedby=\"wp-block-file--media-12b30004-6506-4ad1-a92a-e96f27a29086\">Herunterladen<br \/>PDF &#8211; 176 kb<\/a><\/div>\n<\/div>\n<\/div>\n\n\n\n<div class=\"wp-block-columns is-style-accordion is-layout-flex wp-container-core-columns-is-layout-28f84493 wp-block-columns-is-layout-flex\" id=\"faq-element-1\">\n<div class=\"wp-block-column is-layout-flow wp-block-column-is-layout-flow\">\n<h3 class=\"wp-block-heading\">Digitalisation<\/h3>\n<\/div>\n\n\n\n<div class=\"wp-block-column is-layout-flow wp-block-column-is-layout-flow\">\n<p>La FSEA reconna\u00eet les d\u00e9fis pos\u00e9s par la digitalisation, tant au niveau du contenu que de la conception des programmes de formation continue.<\/p>\n\n\n\n<div class=\"wp-block-file\"><a id=\"wp-block-file--media-12b30004-6506-4ad1-a92a-e96f27a29086\" href=\"https:\/\/alice.ch\/app\/uploads\/2022\/11\/Positionspapier_Digitalisierung_NEU_korr.pdf\" target=\"_blank\" rel=\"noreferrer noopener\">Prise de position sur la digitalisation<br \/>PDF &#8211; 281 kb<\/a><a href=\"https:\/\/alice.ch\/app\/uploads\/2022\/11\/Positionspapier_Digitalisierung_NEU_korr.pdf\" class=\"wp-block-file__button wp-element-button\" download aria-describedby=\"wp-block-file--media-12b30004-6506-4ad1-a92a-e96f27a29086\">Herunterladen<br \/>PDF &#8211; 281 kb<\/a><\/div>\n<\/div>\n<\/div>\n\n\n\n<div class=\"wp-block-columns is-style-accordion is-layout-flex wp-container-core-columns-is-layout-28f84493 wp-block-columns-is-layout-flex\" id=\"faq-element-1\">\n<div class=\"wp-block-column is-layout-flow wp-block-column-is-layout-flow\">\n<h3 class=\"wp-block-heading\">Comp\u00e9tences de base<\/h3>\n<\/div>\n\n\n\n<div class=\"wp-block-column is-layout-flow wp-block-column-is-layout-flow\">\n<p>La FSEA accueille favorablement la LFCo et s&rsquo;engage \u00e0 faire en sorte que tous les adultes aient acc\u00e8s \u00e0 des possibilit\u00e9s de formation dans le domaine des comp\u00e9tences de base.<\/p>\n\n\n\n<div class=\"wp-block-file\"><a id=\"wp-block-file--media-12b30004-6506-4ad1-a92a-e96f27a29086\" href=\"https:\/\/alice.ch\/app\/uploads\/2022\/11\/Positionspapier_Fo__rderung_NEU.pdf\" target=\"_blank\" rel=\"noreferrer noopener\">Prise de position sur les comp\u00e9tences de base<br \/>PDF &#8211; 182 kb<\/a><a href=\"https:\/\/alice.ch\/app\/uploads\/2022\/11\/Positionspapier_Fo__rderung_NEU.pdf\" class=\"wp-block-file__button wp-element-button\" download aria-describedby=\"wp-block-file--media-12b30004-6506-4ad1-a92a-e96f27a29086\">Herunterladen<br \/>PDF &#8211; 182 kb<\/a><\/div>\n<\/div>\n<\/div>\n\n\n\n<div class=\"wp-block-columns is-style-accordion is-layout-flex wp-container-core-columns-is-layout-28f84493 wp-block-columns-is-layout-flex\" id=\"faq-element-1\">\n<div class=\"wp-block-column is-layout-flow wp-block-column-is-layout-flow\">\n<h3 class=\"wp-block-heading\">Qualification professionnelle pour adultes<\/h3>\n<\/div>\n\n\n\n<div class=\"wp-block-column is-layout-flow wp-block-column-is-layout-flow\">\n<p>Afin de permettre \u00e0 un plus grand nombre d&rsquo;adultes d&rsquo;obtenir une qualification professionnelle, il faut d\u00e9velopper les services aux adultes et supprimer les obstacles existants.<\/p>\n\n\n\n<div class=\"wp-block-file\"><a id=\"wp-block-file--media-12b30004-6506-4ad1-a92a-e96f27a29086\" href=\"https:\/\/alice.ch\/app\/uploads\/2022\/11\/Positionspapier_Berufsabschluss_Erwachsene_NEU_-_copie.pdf\" target=\"_blank\" rel=\"noreferrer noopener\">Prise de position sur la qualification professionnelle pour adultes<br \/>PDF &#8211; 173 kb<\/a><a href=\"https:\/\/alice.ch\/app\/uploads\/2022\/11\/Positionspapier_Berufsabschluss_Erwachsene_NEU_-_copie.pdf\" class=\"wp-block-file__button wp-element-button\" download aria-describedby=\"wp-block-file--media-12b30004-6506-4ad1-a92a-e96f27a29086\">Herunterladen<br \/>PDF &#8211; 173 kb<\/a><\/div>\n<\/div>\n<\/div>\n\n\n\n<div class=\"wp-block-columns is-style-accordion is-layout-flex wp-container-core-columns-is-layout-28f84493 wp-block-columns-is-layout-flex\" id=\"faq-element-1\">\n<div class=\"wp-block-column is-layout-flow wp-block-column-is-layout-flow\">\n<h3 class=\"wp-block-heading\">La nouvelle loi sur la formation continue (LFCo)<\/h3>\n<\/div>\n\n\n\n<div class=\"wp-block-column is-layout-flow wp-block-column-is-layout-flow\">\n<p>Le 20 juin 2014, le Parlement a adopt\u00e9 la loi sur la formation continue (LFCo). Il entrera en vigueur en 2017. La mani\u00e8re exacte dont la loi-cadre est mise en \u0153uvre dans la pratique est d\u00e9finie par l&rsquo;ordonnance avec les dispositions d&rsquo;ex\u00e9cution.<\/p>\n\n\n\n<div class=\"wp-block-buttons is-layout-flex wp-block-buttons-is-layout-flex\">\n<div class=\"wp-block-button is-style-minimal\"><a class=\"wp-block-button__link wp-element-button\" href=\"https:\/\/alice.ch\/de\/sveb\/weiterbildungspolitik\/weiterbildungsgesetz\/\" target=\"_blank\" rel=\"noreferrer noopener\">Plus d&rsquo;informations sur la LFCo<\/a><\/div>\n<\/div>\n<\/div>\n<\/div>\n<\/div>\n\n\n\n<h2 class=\"wp-block-heading\">Cela peut aussi vous int\u00e9resser<\/h2>\n\n\n\n<div class=\"wp-block-buttons is-layout-flex wp-block-buttons-is-layout-flex\">\n<div class=\"wp-block-button has-custom-width wp-block-button__width-50 has-custom-font-size is-style-outline has-medium-font-size is-style-outline--1\"><a class=\"wp-block-button__link wp-element-button\" href=\"https:\/\/alice.ch\/fr\/politique-de-la-formation\/loi-sur-la-formation-continue\/\">Politique de la formation<\/a><\/div>\n\n\n\n<div class=\"wp-block-button has-custom-width wp-block-button__width-50 is-style-outline is-style-outline--2\"><a class=\"wp-block-button__link wp-element-button\" href=\"https:\/\/alice.ch\/fr\/themes\/formation-continue-suisse\/systeme-de-formation-continue\/\">Syst\u00e8me de formation continue<\/a><\/div>\n<\/div>\n\n\n\n<div class=\"wp-block-buttons is-layout-flex wp-block-buttons-is-layout-flex\">\n<div class=\"wp-block-button has-custom-width wp-block-button__width-50 is-style-outline is-style-outline--3\"><a class=\"wp-block-button__link wp-element-button\" href=\"https:\/\/alice.ch\/fr\/fsea\/fsea-en-chiffres\/\">Faits et chiffres<\/a><\/div>\n\n\n\n<div class=\"wp-block-button has-custom-width wp-block-button__width-50 is-style-outline is-style-outline--4\"><a class=\"wp-block-button__link wp-element-button\" href=\"https:\/\/alice.ch\/fr\/\">Qualit\u00e9<\/a><\/div>\n\n\n\n<div class=\"wp-block-button has-custom-width wp-block-button__width-50 is-style-outline is-style-outline--5\"><a class=\"wp-block-button__link wp-element-button\" href=\"https:\/\/alice.ch\/fr\/themes\/competences-de-base\/\">Comp\u00e9tences de base<\/a><\/div>\n<\/div>\n\n\n\n<h2 class=\"wp-block-heading\">Contact<\/h2>\n\n\n\n<div class=\"wp-block-columns is-layout-flex wp-container-core-columns-is-layout-28f84493 wp-block-columns-is-layout-flex\">\n<div class=\"wp-block-column is-layout-flow wp-block-column-is-layout-flow\" style=\"flex-basis:50%\"><div class=\"contact-persons\">\n\n\t\t\t\t\t<div class=\"contact-person\">\n\t\t\t\t\tBernhard Gr\u00e4miger<br \/>\t\t\t\t\tDirecteur<br \/>\t\t\t\t\t<br \/>\n\t\t\t\t\t\t\t\t\t\t<a href=\"tel:+41 (0)44 319 71 61\">+41 (0)44 319 71 61<\/a><br \/>\t\t\t\t\t<a href=\"mailto:bernhard.graemiger@alice.ch\">bernhard.graemiger@alice.ch<\/a><br \/>\t\t\t\t\t<\/div>\n\t\t\t\t\t<\/div>\n<\/div>\n\n\n\n<div class=\"wp-block-column is-layout-flow wp-block-column-is-layout-flow\" style=\"flex-basis:50%\"><\/div>\n<\/div>\n<\/div>\n","protected":false},"excerpt":{"rendered":"<p>Repr\u00e9senter efficacement la formation continue En tant qu&rsquo;organisation fa\u00eeti\u00e8re, nous sommes une voix repr\u00e9sentative de la formation continue en Suisse. [&hellip;]<\/p>\n","protected":false},"author":4,"featured_media":20799,"parent":31927,"menu_order":621,"comment_status":"closed","ping_status":"closed","template":"","meta":{"_acf_changed":false,"inline_featured_image":false,"footnotes":""},"class_list":["post-11418","page","type-page","status-publish","has-post-thumbnail","hentry"],"acf":[],"yoast_head":"<!-- This site is optimized with the Yoast SEO plugin v27.3 - https:\/\/yoast.com\/product\/yoast-seo-wordpress\/ -->\n<title>Positions politiques - FSEA<\/title>\n<meta name=\"description\" content=\"La FSEA F\u00e9d\u00e9ration suisse pour la formation continue prend position sur les th\u00e8mes de la politique de la formation continue.\" \/>\n<meta name=\"robots\" content=\"index, follow, max-snippet:-1, max-image-preview:large, max-video-preview:-1\" \/>\n<link rel=\"canonical\" href=\"https:\/\/alice.ch\/fr\/fsea-fr\/politique-de-la-formation\/positions-politiques\/\" \/>\n<meta property=\"og:locale\" content=\"fr_FR\" \/>\n<meta property=\"og:type\" content=\"article\" \/>\n<meta property=\"og:title\" content=\"Positions politiques - FSEA\" \/>\n<meta property=\"og:description\" content=\"La FSEA F\u00e9d\u00e9ration suisse pour la formation continue prend position sur les th\u00e8mes de la politique de la formation continue.\" \/>\n<meta property=\"og:url\" content=\"https:\/\/alice.ch\/fr\/fsea-fr\/politique-de-la-formation\/positions-politiques\/\" \/>\n<meta property=\"og:site_name\" content=\"SVEB\" \/>\n<meta property=\"article:modified_time\" content=\"2025-03-27T09:44:27+00:00\" \/>\n<meta name=\"twitter:card\" content=\"summary_large_image\" \/>\n<meta name=\"twitter:label1\" content=\"Dur\u00e9e de lecture estim\u00e9e\" \/>\n\t<meta name=\"twitter:data1\" content=\"4 minutes\" \/>\n<script type=\"application\/ld+json\" class=\"yoast-schema-graph\">{\"@context\":\"https:\\\/\\\/schema.org\",\"@graph\":[{\"@type\":\"WebPage\",\"@id\":\"https:\\\/\\\/alice.ch\\\/fr\\\/fsea-fr\\\/politique-de-la-formation\\\/positions-politiques\\\/\",\"url\":\"https:\\\/\\\/alice.ch\\\/fr\\\/fsea-fr\\\/politique-de-la-formation\\\/positions-politiques\\\/\",\"name\":\"Positions politiques - FSEA\",\"isPartOf\":{\"@id\":\"https:\\\/\\\/alice.ch\\\/fr\\\/#website\"},\"primaryImageOfPage\":{\"@id\":\"https:\\\/\\\/alice.ch\\\/fr\\\/fsea-fr\\\/politique-de-la-formation\\\/positions-politiques\\\/#primaryimage\"},\"image\":{\"@id\":\"https:\\\/\\\/alice.ch\\\/fr\\\/fsea-fr\\\/politique-de-la-formation\\\/positions-politiques\\\/#primaryimage\"},\"thumbnailUrl\":\"https:\\\/\\\/alice.ch\\\/app\\\/uploads\\\/2022\\\/11\\\/default.jpg\",\"datePublished\":\"2022-08-16T14:27:02+00:00\",\"dateModified\":\"2025-03-27T09:44:27+00:00\",\"description\":\"La FSEA F\u00e9d\u00e9ration suisse pour la formation continue prend position sur les th\u00e8mes de la politique de la formation continue.\",\"breadcrumb\":{\"@id\":\"https:\\\/\\\/alice.ch\\\/fr\\\/fsea-fr\\\/politique-de-la-formation\\\/positions-politiques\\\/#breadcrumb\"},\"inLanguage\":\"fr-FR\",\"potentialAction\":[{\"@type\":\"ReadAction\",\"target\":[\"https:\\\/\\\/alice.ch\\\/fr\\\/fsea-fr\\\/politique-de-la-formation\\\/positions-politiques\\\/\"]}]},{\"@type\":\"ImageObject\",\"inLanguage\":\"fr-FR\",\"@id\":\"https:\\\/\\\/alice.ch\\\/fr\\\/fsea-fr\\\/politique-de-la-formation\\\/positions-politiques\\\/#primaryimage\",\"url\":\"https:\\\/\\\/alice.ch\\\/app\\\/uploads\\\/2022\\\/11\\\/default.jpg\",\"contentUrl\":\"https:\\\/\\\/alice.ch\\\/app\\\/uploads\\\/2022\\\/11\\\/default.jpg\",\"width\":1600,\"height\":900},{\"@type\":\"BreadcrumbList\",\"@id\":\"https:\\\/\\\/alice.ch\\\/fr\\\/fsea-fr\\\/politique-de-la-formation\\\/positions-politiques\\\/#breadcrumb\",\"itemListElement\":[{\"@type\":\"ListItem\",\"position\":1,\"name\":\"Page d'accueil\",\"item\":\"https:\\\/\\\/alice.ch\\\/fr\\\/\"},{\"@type\":\"ListItem\",\"position\":2,\"name\":\"FSEA\",\"item\":\"https:\\\/\\\/alice.ch\\\/fr\\\/fsea-fr\\\/\"},{\"@type\":\"ListItem\",\"position\":3,\"name\":\"Politique de la formation\",\"item\":\"https:\\\/\\\/alice.ch\\\/fr\\\/fsea-fr\\\/politique-de-la-formation\\\/\"},{\"@type\":\"ListItem\",\"position\":4,\"name\":\"Positions politiques\"}]},{\"@type\":\"WebSite\",\"@id\":\"https:\\\/\\\/alice.ch\\\/fr\\\/#website\",\"url\":\"https:\\\/\\\/alice.ch\\\/fr\\\/\",\"name\":\"alice.ch (Adult Learning Information Center) ist das Portal der Weiterbildung in der Schweiz.\",\"description\":\"Schweizerischer Verband f\u00fcr Weiterbildung\",\"publisher\":{\"@id\":\"https:\\\/\\\/alice.ch\\\/fr\\\/#organization\"},\"potentialAction\":[{\"@type\":\"SearchAction\",\"target\":{\"@type\":\"EntryPoint\",\"urlTemplate\":\"https:\\\/\\\/alice.ch\\\/fr\\\/?s={search_term_string}\"},\"query-input\":{\"@type\":\"PropertyValueSpecification\",\"valueRequired\":true,\"valueName\":\"search_term_string\"}}],\"inLanguage\":\"fr-FR\"},{\"@type\":\"Organization\",\"@id\":\"https:\\\/\\\/alice.ch\\\/fr\\\/#organization\",\"name\":\"FSEA F\u00e9d\u00e9ration suisse pour la formation continue\",\"url\":\"https:\\\/\\\/alice.ch\\\/fr\\\/\",\"logo\":{\"@type\":\"ImageObject\",\"inLanguage\":\"fr-FR\",\"@id\":\"https:\\\/\\\/alice.ch\\\/fr\\\/#\\\/schema\\\/logo\\\/image\\\/\",\"url\":\"https:\\\/\\\/alice.ch\\\/app\\\/uploads\\\/2022\\\/07\\\/logo-sveb.png\",\"contentUrl\":\"https:\\\/\\\/alice.ch\\\/app\\\/uploads\\\/2022\\\/07\\\/logo-sveb.png\",\"width\":145,\"height\":64,\"caption\":\"FSEA F\u00e9d\u00e9ration suisse pour la formation continue\"},\"image\":{\"@id\":\"https:\\\/\\\/alice.ch\\\/fr\\\/#\\\/schema\\\/logo\\\/image\\\/\"},\"sameAs\":[\"https:\\\/\\\/www.linkedin.com\\\/company\\\/schweizerischer-verband-fr-weiterbildung-sveb\\\/\"]}]}<\/script>\n<!-- \/ Yoast SEO plugin. -->","yoast_head_json":{"title":"Positions politiques - FSEA","description":"La FSEA F\u00e9d\u00e9ration suisse pour la formation continue prend position sur les th\u00e8mes de la politique de la formation continue.","robots":{"index":"index","follow":"follow","max-snippet":"max-snippet:-1","max-image-preview":"max-image-preview:large","max-video-preview":"max-video-preview:-1"},"canonical":"https:\/\/alice.ch\/fr\/fsea-fr\/politique-de-la-formation\/positions-politiques\/","og_locale":"fr_FR","og_type":"article","og_title":"Positions politiques - FSEA","og_description":"La FSEA F\u00e9d\u00e9ration suisse pour la formation continue prend position sur les th\u00e8mes de la politique de la formation continue.","og_url":"https:\/\/alice.ch\/fr\/fsea-fr\/politique-de-la-formation\/positions-politiques\/","og_site_name":"SVEB","article_modified_time":"2025-03-27T09:44:27+00:00","twitter_card":"summary_large_image","twitter_misc":{"Dur\u00e9e de lecture estim\u00e9e":"4 minutes"},"schema":{"@context":"https:\/\/schema.org","@graph":[{"@type":"WebPage","@id":"https:\/\/alice.ch\/fr\/fsea-fr\/politique-de-la-formation\/positions-politiques\/","url":"https:\/\/alice.ch\/fr\/fsea-fr\/politique-de-la-formation\/positions-politiques\/","name":"Positions politiques - FSEA","isPartOf":{"@id":"https:\/\/alice.ch\/fr\/#website"},"primaryImageOfPage":{"@id":"https:\/\/alice.ch\/fr\/fsea-fr\/politique-de-la-formation\/positions-politiques\/#primaryimage"},"image":{"@id":"https:\/\/alice.ch\/fr\/fsea-fr\/politique-de-la-formation\/positions-politiques\/#primaryimage"},"thumbnailUrl":"https:\/\/alice.ch\/app\/uploads\/2022\/11\/default.jpg","datePublished":"2022-08-16T14:27:02+00:00","dateModified":"2025-03-27T09:44:27+00:00","description":"La FSEA F\u00e9d\u00e9ration suisse pour la formation continue prend position sur les th\u00e8mes de la politique de la formation continue.","breadcrumb":{"@id":"https:\/\/alice.ch\/fr\/fsea-fr\/politique-de-la-formation\/positions-politiques\/#breadcrumb"},"inLanguage":"fr-FR","potentialAction":[{"@type":"ReadAction","target":["https:\/\/alice.ch\/fr\/fsea-fr\/politique-de-la-formation\/positions-politiques\/"]}]},{"@type":"ImageObject","inLanguage":"fr-FR","@id":"https:\/\/alice.ch\/fr\/fsea-fr\/politique-de-la-formation\/positions-politiques\/#primaryimage","url":"https:\/\/alice.ch\/app\/uploads\/2022\/11\/default.jpg","contentUrl":"https:\/\/alice.ch\/app\/uploads\/2022\/11\/default.jpg","width":1600,"height":900},{"@type":"BreadcrumbList","@id":"https:\/\/alice.ch\/fr\/fsea-fr\/politique-de-la-formation\/positions-politiques\/#breadcrumb","itemListElement":[{"@type":"ListItem","position":1,"name":"Page d'accueil","item":"https:\/\/alice.ch\/fr\/"},{"@type":"ListItem","position":2,"name":"FSEA","item":"https:\/\/alice.ch\/fr\/fsea-fr\/"},{"@type":"ListItem","position":3,"name":"Politique de la formation","item":"https:\/\/alice.ch\/fr\/fsea-fr\/politique-de-la-formation\/"},{"@type":"ListItem","position":4,"name":"Positions politiques"}]},{"@type":"WebSite","@id":"https:\/\/alice.ch\/fr\/#website","url":"https:\/\/alice.ch\/fr\/","name":"alice.ch (Adult Learning Information Center) ist das Portal der Weiterbildung in der Schweiz.","description":"Schweizerischer Verband f\u00fcr Weiterbildung","publisher":{"@id":"https:\/\/alice.ch\/fr\/#organization"},"potentialAction":[{"@type":"SearchAction","target":{"@type":"EntryPoint","urlTemplate":"https:\/\/alice.ch\/fr\/?s={search_term_string}"},"query-input":{"@type":"PropertyValueSpecification","valueRequired":true,"valueName":"search_term_string"}}],"inLanguage":"fr-FR"},{"@type":"Organization","@id":"https:\/\/alice.ch\/fr\/#organization","name":"FSEA F\u00e9d\u00e9ration suisse pour la formation continue","url":"https:\/\/alice.ch\/fr\/","logo":{"@type":"ImageObject","inLanguage":"fr-FR","@id":"https:\/\/alice.ch\/fr\/#\/schema\/logo\/image\/","url":"https:\/\/alice.ch\/app\/uploads\/2022\/07\/logo-sveb.png","contentUrl":"https:\/\/alice.ch\/app\/uploads\/2022\/07\/logo-sveb.png","width":145,"height":64,"caption":"FSEA F\u00e9d\u00e9ration suisse pour la formation continue"},"image":{"@id":"https:\/\/alice.ch\/fr\/#\/schema\/logo\/image\/"},"sameAs":["https:\/\/www.linkedin.com\/company\/schweizerischer-verband-fr-weiterbildung-sveb\/"]}]}},"_links":{"self":[{"href":"https:\/\/alice.ch\/fr\/wp-json\/wp\/v2\/pages\/11418","targetHints":{"allow":["GET"]}}],"collection":[{"href":"https:\/\/alice.ch\/fr\/wp-json\/wp\/v2\/pages"}],"about":[{"href":"https:\/\/alice.ch\/fr\/wp-json\/wp\/v2\/types\/page"}],"author":[{"embeddable":true,"href":"https:\/\/alice.ch\/fr\/wp-json\/wp\/v2\/users\/4"}],"replies":[{"embeddable":true,"href":"https:\/\/alice.ch\/fr\/wp-json\/wp\/v2\/comments?post=11418"}],"version-history":[{"count":16,"href":"https:\/\/alice.ch\/fr\/wp-json\/wp\/v2\/pages\/11418\/revisions"}],"predecessor-version":[{"id":67105,"href":"https:\/\/alice.ch\/fr\/wp-json\/wp\/v2\/pages\/11418\/revisions\/67105"}],"up":[{"embeddable":true,"href":"https:\/\/alice.ch\/fr\/wp-json\/wp\/v2\/pages\/31927"}],"wp:featuredmedia":[{"embeddable":true,"href":"https:\/\/alice.ch\/fr\/wp-json\/wp\/v2\/media\/20799"}],"wp:attachment":[{"href":"https:\/\/alice.ch\/fr\/wp-json\/wp\/v2\/media?parent=11418"}],"curies":[{"name":"wp","href":"https:\/\/api.w.org\/{rel}","templated":true}]}}