{"id":11424,"date":"2022-08-16T16:30:34","date_gmt":"2022-08-16T14:30:34","guid":{"rendered":"https:\/\/projects.atxeit.ch\/sveb\/weiterbildungspolitik\/berufsbildung\/"},"modified":"2023-12-05T15:37:09","modified_gmt":"2023-12-05T14:37:09","slug":"formation-professionnelle","status":"publish","type":"page","link":"https:\/\/alice.ch\/fr\/fsea-fr\/politique-de-la-formation\/formation-professionnelle\/","title":{"rendered":"Formation professionnelle"},"content":{"rendered":"\n<div class=\"wp-block-group is-style-reduced-width is-layout-flow wp-block-group-is-layout-flow\">\n<h1 class=\"wp-block-heading\">Formation professionnelle<\/h1>\n\n\n\n<p class=\"is-style-lead\">La formation professionnelle est consid\u00e9r\u00e9e comme un mod\u00e8le \u00e0 succ\u00e8s en Suisse. Mais elle est confront\u00e9e \u00e0 des d\u00e9fis majeurs. Elle doit apporter des r\u00e9ponses aux grandes tendances telles que la digitalisation, l&rsquo;augmentation de la mobilit\u00e9 et de la flexibilit\u00e9 professionnelle, l&rsquo;augmentation des exigences et la mondialisation.<\/p>\n\n\n\n<p>En 2016, le Conseil f\u00e9d\u00e9ral, en collaboration avec les cantons et les organisations du monde du travail (OrTrA), a donc lanc\u00e9 un processus visant \u00e0 \u00e9laborer une vision coh\u00e9rente et \u00e0 long terme de la formation professionnelle sous le titre \u00ab\u00a0<a href=\"https:\/\/formationprofessionnelle2030.ch\/fr\/\" target=\"_blank\" rel=\"noreferrer noopener\">Formation professionnelle 2030<\/a>\u00ab\u00a0. Ce processus a abouti \u00e0 un \u00e9nonc\u00e9 de&nbsp;<a href=\"https:\/\/formationprofessionnelle2030.ch\/fr\/contexte\" target=\"_blank\" rel=\"noreferrer noopener\">mission<\/a>, un&nbsp;<a href=\"https:\/\/formationprofessionnelle2030.ch\/images\/pdf_fr\/vision2030_f.pdf\" target=\"_blank\" rel=\"noreferrer noopener\">programme<\/a>&nbsp;et des&nbsp;<a href=\"https:\/\/formationprofessionnelle2030.ch\/fr\/projets\" target=\"_blank\" rel=\"noreferrer noopener\">projets<\/a>&nbsp;qui sont financ\u00e9s.<\/p>\n\n\n\n<p>Les \u00e9tudes sur l&rsquo;\u00e9volution du march\u00e9 du travail aboutissent \u00e0 la conclusion que l&#8217;employabilit\u00e9 des individus est menac\u00e9e sans formation professionnelle continue. L&rsquo;apprentissage tout au long de la vie est donc un leitmotiv pour l&rsquo;avenir de la formation professionnelle et l&rsquo;accent est mis non plus sur les jeunes, mais sur les adultes. Cela affecte \u00e9galement les fronti\u00e8res entre la formation professionnelle et la formation formelle et non formelle.<\/p>\n\n\n\n<h2 class=\"wp-block-heading\">Offres flexibles et en cours d&#8217;emploi<\/h2>\n\n\n\n<p>Le fait qu&rsquo;il s&rsquo;agisse de domaines interd\u00e9pendants est d\u00e9montr\u00e9, par exemple, par le mod\u00e8le de la formation professionnelle sup\u00e9rieure avec des cours pr\u00e9paratoires du secteur non formels et un dipl\u00f4me formel. Le mod\u00e8le est remarquable notamment parce qu&rsquo;il r\u00e9pond aux besoins des adultes en mati\u00e8re d&rsquo;offres flexibles et, surtout, extra-professionnelles.<\/p>\n\n\n\n<p>La formation continue, dont le groupe cible traditionnel est l&rsquo;adulte, peut apporter une contribution significative \u00e0 la formation professionnelle future dans les structures existantes. En m\u00eame temps, il est important d&rsquo;examiner les conditions pr\u00e9alables que doit remplir la formation continue pour pouvoir fonctionner dans un syst\u00e8me de formation professionnelle pour adultes. Il s&rsquo;agit notamment de la question de la reconnaissance des qualifications non formelles dans le cadre de la formation professionnelle.<\/p>\n\n\n\n<h2 class=\"wp-block-heading\">Mesures urgentes<\/h2>\n\n\n\n<p>La FSEA estime que pour que les adultes puissent s&rsquo;adapter au march\u00e9 du travail tout au long de leur vie, un certain nombre de mesures doivent \u00eatre mises en \u0153uvre: &nbsp;<\/p>\n\n\n\n<ol class=\"wp-block-list\">\n<li><strong>D\u00e9velopper l&rsquo;information et le conseil :<\/strong>&nbsp;ce qu&rsquo;il faut, c&rsquo;est une offensive nationale cibl\u00e9e en mati\u00e8re d&rsquo;information et de conseil. Les strat\u00e9gies de conseil des offices cantonaux, ax\u00e9es sur les besoins des adultes qualifi\u00e9s et actifs, devraient \u00eatre un \u00e9l\u00e9ment essentiel de cette d\u00e9marche. Les partenaires sociaux et les organisations du monde du travail (OrTra) jouent \u00e9galement un r\u00f4le important, car ils sont en contact direct avec les entreprises et connaissent bien les besoins des diff\u00e9rents secteurs.<\/li>\n\n\n\n<li><strong>Cr\u00e9er des incitations financi\u00e8res :<\/strong>&nbsp;un syst\u00e8me d&rsquo;incitations financi\u00e8res est n\u00e9cessaire pour encourager les entreprises \u00e0 investir davantage dans la formation professionnelle continue. Le syst\u00e8me doit \u00eatre con\u00e7u de telle sorte que les investissements existants ne soient pas supprim\u00e9s mais compl\u00e9t\u00e9s de mani\u00e8re optimale. Il est concevable qu&rsquo;un fonds national de formation continue soit cr\u00e9\u00e9, financ\u00e9 \u00e0 parts \u00e9gales par les entreprises et le secteur public, qui (en combinaison avec de l&rsquo;information et des conseils appropri\u00e9s) fournirait des incitations efficaces \u00e0 investir dans la formation continue.<\/li>\n\n\n\n<li><strong>D\u00e9velopper davantage les services de formation et de conseil :<\/strong>&nbsp;les prestataires de formation sont appel\u00e9s \u00e0 adapter encore plus \u00e9troitement leurs services de formation et de conseil aux besoins des entreprises. Les petites et moyennes entreprises, en particulier, ont des besoins sp\u00e9cifiques qui ne sont pas satisfaits par de nombreux prestataires. Compte tenu de l&rsquo;importance croissante des comp\u00e9tences interdisciplinaires, il est \u00e9galement n\u00e9cessaire de syst\u00e9matiser et d&rsquo;\u00e9largir l&rsquo;offre de formation continue.<\/li>\n<\/ol>\n\n\n\n<h2 class=\"wp-block-heading\">Contact<\/h2>\n\n\n\n<div class=\"wp-block-columns is-layout-flex wp-container-core-columns-is-layout-28f84493 wp-block-columns-is-layout-flex\">\n<div class=\"wp-block-column is-layout-flow wp-block-column-is-layout-flow\" style=\"flex-basis:50%\"><div class=\"contact-persons\">\n\n\t\t\t\t\t<div class=\"contact-person\">\n\t\t\t\t\tBernhard Gr\u00e4miger<br \/>\t\t\t\t\tDirecteur<br \/>\t\t\t\t\t<br \/>\n\t\t\t\t\t\t\t\t\t\t<a href=\"tel:+41 (0)44 319 71 61\">+41 (0)44 319 71 61<\/a><br \/>\t\t\t\t\t<a href=\"mailto:bernhard.graemiger@alice.ch\">bernhard.graemiger@alice.ch<\/a><br \/>\t\t\t\t\t<\/div>\n\t\t\t\t\t<\/div>\n<\/div>\n\n\n\n<div class=\"wp-block-column is-layout-flow wp-block-column-is-layout-flow\" style=\"flex-basis:50%\"><\/div>\n<\/div>\n<\/div>\n","protected":false},"excerpt":{"rendered":"<p>Formation professionnelle La formation professionnelle est consid\u00e9r\u00e9e comme un mod\u00e8le \u00e0 succ\u00e8s en Suisse. Mais elle est confront\u00e9e \u00e0 des [&hellip;]<\/p>\n","protected":false},"author":4,"featured_media":20799,"parent":31927,"menu_order":617,"comment_status":"closed","ping_status":"closed","template":"","meta":{"_acf_changed":false,"inline_featured_image":false,"footnotes":""},"class_list":["post-11424","page","type-page","status-publish","has-post-thumbnail","hentry"],"acf":[],"yoast_head":"<!-- This site is optimized with the Yoast SEO plugin v27.3 - https:\/\/yoast.com\/product\/yoast-seo-wordpress\/ -->\n<title>Berufsbildung - das schweizerische Erfolgsmodell - SVEB<\/title>\n<meta name=\"description\" content=\"La formation continue apporte une contribution essentielle au syst\u00e8me de formation professionnelle actuel et futur de la Suisse.\" \/>\n<meta name=\"robots\" content=\"index, follow, max-snippet:-1, max-image-preview:large, max-video-preview:-1\" \/>\n<link rel=\"canonical\" href=\"https:\/\/alice.ch\/fr\/fsea-fr\/politique-de-la-formation\/formation-professionnelle\/\" \/>\n<meta property=\"og:locale\" content=\"fr_FR\" \/>\n<meta property=\"og:type\" content=\"article\" \/>\n<meta property=\"og:title\" content=\"Berufsbildung - das schweizerische Erfolgsmodell - SVEB\" \/>\n<meta property=\"og:description\" content=\"La formation continue apporte une contribution essentielle au syst\u00e8me de formation professionnelle actuel et futur de la Suisse.\" \/>\n<meta property=\"og:url\" content=\"https:\/\/alice.ch\/fr\/fsea-fr\/politique-de-la-formation\/formation-professionnelle\/\" \/>\n<meta property=\"og:site_name\" content=\"SVEB\" \/>\n<meta property=\"article:modified_time\" content=\"2023-12-05T14:37:09+00:00\" \/>\n<meta name=\"twitter:card\" content=\"summary_large_image\" \/>\n<meta name=\"twitter:label1\" content=\"Dur\u00e9e de lecture estim\u00e9e\" \/>\n\t<meta name=\"twitter:data1\" content=\"3 minutes\" \/>\n<script type=\"application\/ld+json\" class=\"yoast-schema-graph\">{\"@context\":\"https:\\\/\\\/schema.org\",\"@graph\":[{\"@type\":\"WebPage\",\"@id\":\"https:\\\/\\\/alice.ch\\\/fr\\\/fsea-fr\\\/politique-de-la-formation\\\/formation-professionnelle\\\/\",\"url\":\"https:\\\/\\\/alice.ch\\\/fr\\\/fsea-fr\\\/politique-de-la-formation\\\/formation-professionnelle\\\/\",\"name\":\"Berufsbildung - das schweizerische Erfolgsmodell - SVEB\",\"isPartOf\":{\"@id\":\"https:\\\/\\\/alice.ch\\\/fr\\\/#website\"},\"primaryImageOfPage\":{\"@id\":\"https:\\\/\\\/alice.ch\\\/fr\\\/fsea-fr\\\/politique-de-la-formation\\\/formation-professionnelle\\\/#primaryimage\"},\"image\":{\"@id\":\"https:\\\/\\\/alice.ch\\\/fr\\\/fsea-fr\\\/politique-de-la-formation\\\/formation-professionnelle\\\/#primaryimage\"},\"thumbnailUrl\":\"https:\\\/\\\/alice.ch\\\/app\\\/uploads\\\/2022\\\/11\\\/default.jpg\",\"datePublished\":\"2022-08-16T14:30:34+00:00\",\"dateModified\":\"2023-12-05T14:37:09+00:00\",\"description\":\"La formation continue apporte une contribution essentielle au syst\u00e8me de formation professionnelle actuel et futur de la Suisse.\",\"breadcrumb\":{\"@id\":\"https:\\\/\\\/alice.ch\\\/fr\\\/fsea-fr\\\/politique-de-la-formation\\\/formation-professionnelle\\\/#breadcrumb\"},\"inLanguage\":\"fr-FR\",\"potentialAction\":[{\"@type\":\"ReadAction\",\"target\":[\"https:\\\/\\\/alice.ch\\\/fr\\\/fsea-fr\\\/politique-de-la-formation\\\/formation-professionnelle\\\/\"]}]},{\"@type\":\"ImageObject\",\"inLanguage\":\"fr-FR\",\"@id\":\"https:\\\/\\\/alice.ch\\\/fr\\\/fsea-fr\\\/politique-de-la-formation\\\/formation-professionnelle\\\/#primaryimage\",\"url\":\"https:\\\/\\\/alice.ch\\\/app\\\/uploads\\\/2022\\\/11\\\/default.jpg\",\"contentUrl\":\"https:\\\/\\\/alice.ch\\\/app\\\/uploads\\\/2022\\\/11\\\/default.jpg\",\"width\":1600,\"height\":900},{\"@type\":\"BreadcrumbList\",\"@id\":\"https:\\\/\\\/alice.ch\\\/fr\\\/fsea-fr\\\/politique-de-la-formation\\\/formation-professionnelle\\\/#breadcrumb\",\"itemListElement\":[{\"@type\":\"ListItem\",\"position\":1,\"name\":\"Page d'accueil\",\"item\":\"https:\\\/\\\/alice.ch\\\/fr\\\/\"},{\"@type\":\"ListItem\",\"position\":2,\"name\":\"FSEA\",\"item\":\"https:\\\/\\\/alice.ch\\\/fr\\\/fsea-fr\\\/\"},{\"@type\":\"ListItem\",\"position\":3,\"name\":\"Politique de la formation\",\"item\":\"https:\\\/\\\/alice.ch\\\/fr\\\/fsea-fr\\\/politique-de-la-formation\\\/\"},{\"@type\":\"ListItem\",\"position\":4,\"name\":\"Formation professionnelle\"}]},{\"@type\":\"WebSite\",\"@id\":\"https:\\\/\\\/alice.ch\\\/fr\\\/#website\",\"url\":\"https:\\\/\\\/alice.ch\\\/fr\\\/\",\"name\":\"alice.ch (Adult Learning Information Center) ist das Portal der Weiterbildung in der Schweiz.\",\"description\":\"Schweizerischer Verband f\u00fcr Weiterbildung\",\"publisher\":{\"@id\":\"https:\\\/\\\/alice.ch\\\/fr\\\/#organization\"},\"potentialAction\":[{\"@type\":\"SearchAction\",\"target\":{\"@type\":\"EntryPoint\",\"urlTemplate\":\"https:\\\/\\\/alice.ch\\\/fr\\\/?s={search_term_string}\"},\"query-input\":{\"@type\":\"PropertyValueSpecification\",\"valueRequired\":true,\"valueName\":\"search_term_string\"}}],\"inLanguage\":\"fr-FR\"},{\"@type\":\"Organization\",\"@id\":\"https:\\\/\\\/alice.ch\\\/fr\\\/#organization\",\"name\":\"FSEA F\u00e9d\u00e9ration suisse pour la formation continue\",\"url\":\"https:\\\/\\\/alice.ch\\\/fr\\\/\",\"logo\":{\"@type\":\"ImageObject\",\"inLanguage\":\"fr-FR\",\"@id\":\"https:\\\/\\\/alice.ch\\\/fr\\\/#\\\/schema\\\/logo\\\/image\\\/\",\"url\":\"https:\\\/\\\/alice.ch\\\/app\\\/uploads\\\/2022\\\/07\\\/logo-sveb.png\",\"contentUrl\":\"https:\\\/\\\/alice.ch\\\/app\\\/uploads\\\/2022\\\/07\\\/logo-sveb.png\",\"width\":145,\"height\":64,\"caption\":\"FSEA F\u00e9d\u00e9ration suisse pour la formation continue\"},\"image\":{\"@id\":\"https:\\\/\\\/alice.ch\\\/fr\\\/#\\\/schema\\\/logo\\\/image\\\/\"},\"sameAs\":[\"https:\\\/\\\/www.linkedin.com\\\/company\\\/schweizerischer-verband-fr-weiterbildung-sveb\\\/\"]}]}<\/script>\n<!-- \/ Yoast SEO plugin. -->","yoast_head_json":{"title":"Berufsbildung - das schweizerische Erfolgsmodell - SVEB","description":"La formation continue apporte une contribution essentielle au syst\u00e8me de formation professionnelle actuel et futur de la Suisse.","robots":{"index":"index","follow":"follow","max-snippet":"max-snippet:-1","max-image-preview":"max-image-preview:large","max-video-preview":"max-video-preview:-1"},"canonical":"https:\/\/alice.ch\/fr\/fsea-fr\/politique-de-la-formation\/formation-professionnelle\/","og_locale":"fr_FR","og_type":"article","og_title":"Berufsbildung - das schweizerische Erfolgsmodell - SVEB","og_description":"La formation continue apporte une contribution essentielle au syst\u00e8me de formation professionnelle actuel et futur de la Suisse.","og_url":"https:\/\/alice.ch\/fr\/fsea-fr\/politique-de-la-formation\/formation-professionnelle\/","og_site_name":"SVEB","article_modified_time":"2023-12-05T14:37:09+00:00","twitter_card":"summary_large_image","twitter_misc":{"Dur\u00e9e de lecture estim\u00e9e":"3 minutes"},"schema":{"@context":"https:\/\/schema.org","@graph":[{"@type":"WebPage","@id":"https:\/\/alice.ch\/fr\/fsea-fr\/politique-de-la-formation\/formation-professionnelle\/","url":"https:\/\/alice.ch\/fr\/fsea-fr\/politique-de-la-formation\/formation-professionnelle\/","name":"Berufsbildung - das schweizerische Erfolgsmodell - SVEB","isPartOf":{"@id":"https:\/\/alice.ch\/fr\/#website"},"primaryImageOfPage":{"@id":"https:\/\/alice.ch\/fr\/fsea-fr\/politique-de-la-formation\/formation-professionnelle\/#primaryimage"},"image":{"@id":"https:\/\/alice.ch\/fr\/fsea-fr\/politique-de-la-formation\/formation-professionnelle\/#primaryimage"},"thumbnailUrl":"https:\/\/alice.ch\/app\/uploads\/2022\/11\/default.jpg","datePublished":"2022-08-16T14:30:34+00:00","dateModified":"2023-12-05T14:37:09+00:00","description":"La formation continue apporte une contribution essentielle au syst\u00e8me de formation professionnelle actuel et futur de la Suisse.","breadcrumb":{"@id":"https:\/\/alice.ch\/fr\/fsea-fr\/politique-de-la-formation\/formation-professionnelle\/#breadcrumb"},"inLanguage":"fr-FR","potentialAction":[{"@type":"ReadAction","target":["https:\/\/alice.ch\/fr\/fsea-fr\/politique-de-la-formation\/formation-professionnelle\/"]}]},{"@type":"ImageObject","inLanguage":"fr-FR","@id":"https:\/\/alice.ch\/fr\/fsea-fr\/politique-de-la-formation\/formation-professionnelle\/#primaryimage","url":"https:\/\/alice.ch\/app\/uploads\/2022\/11\/default.jpg","contentUrl":"https:\/\/alice.ch\/app\/uploads\/2022\/11\/default.jpg","width":1600,"height":900},{"@type":"BreadcrumbList","@id":"https:\/\/alice.ch\/fr\/fsea-fr\/politique-de-la-formation\/formation-professionnelle\/#breadcrumb","itemListElement":[{"@type":"ListItem","position":1,"name":"Page d'accueil","item":"https:\/\/alice.ch\/fr\/"},{"@type":"ListItem","position":2,"name":"FSEA","item":"https:\/\/alice.ch\/fr\/fsea-fr\/"},{"@type":"ListItem","position":3,"name":"Politique de la formation","item":"https:\/\/alice.ch\/fr\/fsea-fr\/politique-de-la-formation\/"},{"@type":"ListItem","position":4,"name":"Formation professionnelle"}]},{"@type":"WebSite","@id":"https:\/\/alice.ch\/fr\/#website","url":"https:\/\/alice.ch\/fr\/","name":"alice.ch (Adult Learning Information Center) ist das Portal der Weiterbildung in der Schweiz.","description":"Schweizerischer Verband f\u00fcr Weiterbildung","publisher":{"@id":"https:\/\/alice.ch\/fr\/#organization"},"potentialAction":[{"@type":"SearchAction","target":{"@type":"EntryPoint","urlTemplate":"https:\/\/alice.ch\/fr\/?s={search_term_string}"},"query-input":{"@type":"PropertyValueSpecification","valueRequired":true,"valueName":"search_term_string"}}],"inLanguage":"fr-FR"},{"@type":"Organization","@id":"https:\/\/alice.ch\/fr\/#organization","name":"FSEA F\u00e9d\u00e9ration suisse pour la formation continue","url":"https:\/\/alice.ch\/fr\/","logo":{"@type":"ImageObject","inLanguage":"fr-FR","@id":"https:\/\/alice.ch\/fr\/#\/schema\/logo\/image\/","url":"https:\/\/alice.ch\/app\/uploads\/2022\/07\/logo-sveb.png","contentUrl":"https:\/\/alice.ch\/app\/uploads\/2022\/07\/logo-sveb.png","width":145,"height":64,"caption":"FSEA F\u00e9d\u00e9ration suisse pour la formation continue"},"image":{"@id":"https:\/\/alice.ch\/fr\/#\/schema\/logo\/image\/"},"sameAs":["https:\/\/www.linkedin.com\/company\/schweizerischer-verband-fr-weiterbildung-sveb\/"]}]}},"_links":{"self":[{"href":"https:\/\/alice.ch\/fr\/wp-json\/wp\/v2\/pages\/11424","targetHints":{"allow":["GET"]}}],"collection":[{"href":"https:\/\/alice.ch\/fr\/wp-json\/wp\/v2\/pages"}],"about":[{"href":"https:\/\/alice.ch\/fr\/wp-json\/wp\/v2\/types\/page"}],"author":[{"embeddable":true,"href":"https:\/\/alice.ch\/fr\/wp-json\/wp\/v2\/users\/4"}],"replies":[{"embeddable":true,"href":"https:\/\/alice.ch\/fr\/wp-json\/wp\/v2\/comments?post=11424"}],"version-history":[{"count":6,"href":"https:\/\/alice.ch\/fr\/wp-json\/wp\/v2\/pages\/11424\/revisions"}],"predecessor-version":[{"id":56406,"href":"https:\/\/alice.ch\/fr\/wp-json\/wp\/v2\/pages\/11424\/revisions\/56406"}],"up":[{"embeddable":true,"href":"https:\/\/alice.ch\/fr\/wp-json\/wp\/v2\/pages\/31927"}],"wp:featuredmedia":[{"embeddable":true,"href":"https:\/\/alice.ch\/fr\/wp-json\/wp\/v2\/media\/20799"}],"wp:attachment":[{"href":"https:\/\/alice.ch\/fr\/wp-json\/wp\/v2\/media?parent=11424"}],"curies":[{"name":"wp","href":"https:\/\/api.w.org\/{rel}","templated":true}]}}