{"id":14802,"date":"2022-07-11T11:05:13","date_gmt":"2022-07-11T09:05:13","guid":{"rendered":"https:\/\/projects.atxeit.ch\/sveb\/themen\/"},"modified":"2025-08-07T17:12:07","modified_gmt":"2025-08-07T15:12:07","slug":"themes","status":"publish","type":"page","link":"https:\/\/alice.ch\/fr\/themes\/","title":{"rendered":"Th\u00e8mes"},"content":{"rendered":"\n<div class=\"wp-block-group is-style-reduced-width is-layout-flow wp-block-group-is-layout-flow\">\n<h1 class=\"wp-block-heading\">La formation continue \u2013 un th\u00e8me vari\u00e9<\/h1>\n\n\n\n<p class=\"is-style-lead\">Le th\u00e8me de la formation continue peut \u00eatre observ\u00e9s de diff\u00e9rents points de vue. Du point de vue des apprenants, elle repr\u00e9sente un pas individuel vers l&rsquo;apprentissage et la formation. Pour les formateurs, elle repr\u00e9sente un champ professionnel. Pour les chercheurs et les scientifiques, elle est un objet de recherche.<\/p>\n\n\n\n<p>La formation continue englobe toutes les formes structur\u00e9es d\u2019apprentissage des adultes. La formation continue consiste, d\u2019une part, \u00e0 poursuivre ou reprendre des \u00e9tudes apr\u00e8s une premi\u00e8re phase r\u00e9alis\u00e9e dans une haute \u00e9cole, une \u00e9cole ou en apprentissage, avec comme objectif premier la mise \u00e0 jour, l\u2019approfondissement, l\u2019\u00e9largissement de ses connaissances, comp\u00e9tences, habilet\u00e9s et capacit\u00e9s. En font aussi partie les offres de d\u00e9veloppement personnel, professionnel et culturel qui jouent un r\u00f4le important dans toutes les phases de la vie personnelle et professionnelle des adultes.<\/p>\n\n\n\n<p>Au niveau de la soci\u00e9t\u00e9, la formation continue porte une dimension politique et \u00e9conomique, en promouvant la participation \u00e0 la vie publique, en cr\u00e9ant l&rsquo;\u00e9galit\u00e9 des chances et en formant des travailleurs qualifi\u00e9s pour le march\u00e9 du travail.<\/p>\n\n\n\n<div class=\"wp-block-media-text alignwide is-stacked-on-mobile is-style-icon-text\"><figure class=\"wp-block-media-text__media\"><a href=\"https:\/\/alice.ch\/fr\/systeme-de-formation-continue\/\"><img decoding=\"async\" width=\"523\" height=\"473\" src=\"https:\/\/alice.ch\/app\/uploads\/2022\/10\/icon-stellenmarkt-1.png\" alt=\"\" class=\"wp-image-6061 size-full\" srcset=\"https:\/\/alice.ch\/app\/uploads\/2022\/10\/icon-stellenmarkt-1.png 523w, https:\/\/alice.ch\/app\/uploads\/2022\/10\/icon-stellenmarkt-1-300x271.png 300w\" sizes=\"(max-width: 523px) 100vw, 523px\" \/><\/a><\/figure><div class=\"wp-block-media-text__content\">\n<h2 class=\"wp-block-heading\"><a href=\"https:\/\/alice.ch\/fr\/systeme-de-formation-continue\/\">Formation continue en suisse<\/a><\/h2>\n\n\n\n<p>En mati\u00e8re de formation continue, la Suisse est l&rsquo;un des leaders mondiaux de la formation continue, tant en ce qui concerne les prestations qu&rsquo;elle propose que les activit\u00e9s de formation continue pour la population.<\/p>\n<\/div><\/div>\n\n\n\n<hr class=\"wp-block-separator has-alpha-channel-opacity is-style-wide\"\/>\n\n\n\n<div class=\"wp-block-media-text alignwide is-stacked-on-mobile is-style-icon-text\"><figure class=\"wp-block-media-text__media\"><a href=\"https:\/\/alice.ch\/fr\/competences-de-base\/\"><img decoding=\"async\" width=\"800\" height=\"930\" src=\"https:\/\/alice.ch\/app\/uploads\/2022\/10\/icon-grundkompetenzen-2.png\" alt=\"\" class=\"wp-image-6065 size-full\" srcset=\"https:\/\/alice.ch\/app\/uploads\/2022\/10\/icon-grundkompetenzen-2.png 800w, https:\/\/alice.ch\/app\/uploads\/2022\/10\/icon-grundkompetenzen-2-258x300.png 258w, https:\/\/alice.ch\/app\/uploads\/2022\/10\/icon-grundkompetenzen-2-768x893.png 768w\" sizes=\"(max-width: 800px) 100vw, 800px\" \/><\/a><\/figure><div class=\"wp-block-media-text__content\">\n<h2 class=\"wp-block-heading\"><a href=\"https:\/\/alice.ch\/fr\/competences-de-base\/\">Comp\u00e9tences de base<\/a><\/h2>\n\n\n\n<p>Quelles sont les comp\u00e9tences importantes pour les adultes et comment peuvent-elles \u00eatre promues?<\/p>\n<\/div><\/div>\n\n\n\n<hr class=\"wp-block-separator has-alpha-channel-opacity is-style-wide\"\/>\n\n\n\n<div class=\"wp-block-media-text alignwide is-stacked-on-mobile is-style-icon-text\"><figure class=\"wp-block-media-text__media\"><a href=\"https:\/\/alice.ch\/fr\/themes\/la-numerisation\/\"><img decoding=\"async\" width=\"218\" height=\"303\" src=\"https:\/\/alice.ch\/app\/uploads\/2022\/10\/icon-digitalisierung-1.png\" alt=\"\" class=\"wp-image-6071 size-full\" srcset=\"https:\/\/alice.ch\/app\/uploads\/2022\/10\/icon-digitalisierung-1.png 218w, https:\/\/alice.ch\/app\/uploads\/2022\/10\/icon-digitalisierung-1-216x300.png 216w\" sizes=\"(max-width: 218px) 100vw, 218px\" \/><\/a><\/figure><div class=\"wp-block-media-text__content\">\n<h2 class=\"wp-block-heading\"><a href=\"https:\/\/alice.ch\/fr\/themes\/la-numerisation\/\">La num\u00e9risation et la formation continue<\/a><\/h2>\n\n\n\n<p>La num\u00e9risation conduit \u00e0 de nouveaux contenus \u00e9ducatifs et cr\u00e9e de nouvelles m\u00e9thodes d&rsquo;enseignement et d&rsquo;apprentissage.<\/p>\n<\/div><\/div>\n\n\n\n<hr class=\"wp-block-separator has-alpha-channel-opacity is-style-wide\"\/>\n\n\n\n<div class=\"wp-block-media-text alignwide is-stacked-on-mobile is-style-icon-text\"><figure class=\"wp-block-media-text__media\"><a href=\"https:\/\/alice.ch\/fr\/themes\/la-formation-continue-dans-les-pme\/\"><img decoding=\"async\" width=\"235\" height=\"211\" src=\"https:\/\/alice.ch\/app\/uploads\/2022\/10\/icon-KMU-3.png\" alt=\"\" class=\"wp-image-4567 size-full\"\/><\/a><\/figure><div class=\"wp-block-media-text__content\">\n<h2 class=\"wp-block-heading\"><a href=\"https:\/\/alice.ch\/fr\/themes\/la-formation-continue-dans-les-pme\/\">La formation continue dans les PME<\/a><\/h2>\n\n\n\n<p>Alors que les grandes entreprises disposent souvent de leurs propres services de formation continue pour leurs employ\u00e9s, les PME sont confront\u00e9es \u00e0 des d\u00e9fis tr\u00e8s diff\u00e9rents.&nbsp;<\/p>\n<\/div><\/div>\n\n\n\n<hr class=\"wp-block-separator has-alpha-channel-opacity is-style-wide\"\/>\n\n\n\n<div class=\"wp-block-media-text alignwide is-stacked-on-mobile is-style-icon-text\"><figure class=\"wp-block-media-text__media\"><a href=\"https:\/\/alice.ch\/fr\/themes\/la-formation-continue-dans-un-contexte-international\/\"><img decoding=\"async\" width=\"207\" height=\"242\" src=\"https:\/\/alice.ch\/app\/uploads\/2022\/10\/icon-international.png\" alt=\"\" class=\"wp-image-4504 size-full\"\/><\/a><\/figure><div class=\"wp-block-media-text__content\">\n<h2 class=\"wp-block-heading\"><a href=\"https:\/\/alice.ch\/fr\/themes\/la-formation-continue-dans-un-contexte-international\/\">Formation continue \u00e0 l&rsquo;international<\/a><\/h2>\n\n\n\n<p>Au niveau international, la formation continue est encourag\u00e9e et coordonn\u00e9e au-del\u00e0 des fronti\u00e8res.<\/p>\n<\/div><\/div>\n\n\n\n<hr class=\"wp-block-separator has-alpha-channel-opacity is-style-wide\"\/>\n\n\n\n<div class=\"wp-block-media-text alignwide is-stacked-on-mobile is-style-icon-text\"><figure class=\"wp-block-media-text__media\"><a href=\"https:\/\/alice.ch\/fr\/themes\/formation-continue-pour-un-developpement-durable\/\"><img decoding=\"async\" width=\"1018\" height=\"801\" src=\"https:\/\/alice.ch\/app\/uploads\/2022\/10\/icon-q-agilitaet.png\" alt=\"\" class=\"wp-image-4512 size-full\" srcset=\"https:\/\/alice.ch\/app\/uploads\/2022\/10\/icon-q-agilitaet.png 1018w, https:\/\/alice.ch\/app\/uploads\/2022\/10\/icon-q-agilitaet-300x236.png 300w, https:\/\/alice.ch\/app\/uploads\/2022\/10\/icon-q-agilitaet-768x604.png 768w\" sizes=\"(max-width: 1018px) 100vw, 1018px\" \/><\/a><\/figure><div class=\"wp-block-media-text__content\">\n<h2 class=\"wp-block-heading\"><a href=\"https:\/\/alice.ch\/fr\/themes\/formation-continue-pour-un-developpement-durable\/\">Formation continue pour un d\u00e9veloppement durable<\/a><\/h2>\n\n\n\n<p>La FSEA estime qu\u2019il est n\u00e9cessaire de renforcer le r\u00f4le de la formation continue dans le domaine de la durabilit\u00e9.<\/p>\n<\/div><\/div>\n\n\n\n<h2 class=\"wp-block-heading\">Contact<\/h2>\n\n\n\n<div class=\"wp-block-columns is-layout-flex wp-container-core-columns-is-layout-28f84493 wp-block-columns-is-layout-flex\">\n<div class=\"wp-block-column is-layout-flow wp-block-column-is-layout-flow\" style=\"flex-basis:50%\"><div class=\"contact-persons\">\n\n\t\t\t\t\t<div class=\"contact-person\">\n\t\t\t\t\tCaroline Meier Quevedo<br \/>\t\t\t\t\tDirectrice du secr\u00e9tariat romand<br \/>\t\t\t\t\t<br \/>\n\t\t\t\t\t\t\t\t\t\t<a href=\"tel:+41 (0)22 994 20 10\">+41 (0)22 994 20 10<\/a><br \/>\t\t\t\t\t<a href=\"mailto:caroline.meier@alice.ch\">caroline.meier@alice.ch<\/a><br \/>\t\t\t\t\t<\/div>\n\t\t\t\t\t<\/div>\n<\/div>\n\n\n\n<div class=\"wp-block-column is-layout-flow wp-block-column-is-layout-flow\" style=\"flex-basis:50%\"><\/div>\n<\/div>\n<\/div>\n","protected":false},"excerpt":{"rendered":"<p>La formation continue \u2013 un th\u00e8me vari\u00e9 Le th\u00e8me de la formation continue peut \u00eatre observ\u00e9s de diff\u00e9rents points de [&hellip;]<\/p>\n","protected":false},"author":2,"featured_media":20799,"parent":0,"menu_order":68,"comment_status":"closed","ping_status":"closed","template":"","meta":{"_acf_changed":false,"inline_featured_image":false,"footnotes":""},"class_list":["post-14802","page","type-page","status-publish","has-post-thumbnail","hentry"],"acf":[],"yoast_head":"<!-- This site is optimized with the Yoast SEO plugin v27.3 - https:\/\/yoast.com\/product\/yoast-seo-wordpress\/ -->\n<title>Th\u00e8mes - FSEA<\/title>\n<meta name=\"description\" content=\"La FSEA s&#039;occupe des th\u00e8mes de la formation continue en Suisse, des comp\u00e9tences de base, de la num\u00e9risation, de la formation continue dans les PME et au niveau international.\" \/>\n<meta name=\"robots\" content=\"index, follow, max-snippet:-1, max-image-preview:large, max-video-preview:-1\" \/>\n<link rel=\"canonical\" href=\"https:\/\/alice.ch\/fr\/themes\/\" \/>\n<meta property=\"og:locale\" content=\"fr_FR\" \/>\n<meta property=\"og:type\" content=\"article\" \/>\n<meta property=\"og:title\" content=\"Th\u00e8mes - FSEA\" \/>\n<meta property=\"og:description\" content=\"La FSEA s&#039;occupe des th\u00e8mes de la formation continue en Suisse, des comp\u00e9tences de base, de la num\u00e9risation, de la formation continue dans les PME et au niveau international.\" \/>\n<meta property=\"og:url\" content=\"https:\/\/alice.ch\/fr\/themes\/\" \/>\n<meta property=\"og:site_name\" content=\"SVEB\" \/>\n<meta property=\"article:modified_time\" content=\"2025-08-07T15:12:07+00:00\" \/>\n<meta property=\"og:image\" content=\"https:\/\/alice.ch\/app\/uploads\/2022\/10\/icon-stellenmarkt-1.png\" \/>\n\t<meta property=\"og:image:width\" content=\"523\" \/>\n\t<meta property=\"og:image:height\" content=\"473\" \/>\n\t<meta property=\"og:image:type\" content=\"image\/png\" \/>\n<meta name=\"twitter:card\" content=\"summary_large_image\" \/>\n<meta name=\"twitter:label1\" content=\"Dur\u00e9e de lecture estim\u00e9e\" \/>\n\t<meta name=\"twitter:data1\" content=\"3 minutes\" \/>\n<script type=\"application\/ld+json\" class=\"yoast-schema-graph\">{\"@context\":\"https:\\\/\\\/schema.org\",\"@graph\":[{\"@type\":\"WebPage\",\"@id\":\"https:\\\/\\\/alice.ch\\\/fr\\\/themes\\\/\",\"url\":\"https:\\\/\\\/alice.ch\\\/fr\\\/themes\\\/\",\"name\":\"Th\u00e8mes - FSEA\",\"isPartOf\":{\"@id\":\"https:\\\/\\\/alice.ch\\\/fr\\\/#website\"},\"primaryImageOfPage\":{\"@id\":\"https:\\\/\\\/alice.ch\\\/fr\\\/themes\\\/#primaryimage\"},\"image\":{\"@id\":\"https:\\\/\\\/alice.ch\\\/fr\\\/themes\\\/#primaryimage\"},\"thumbnailUrl\":\"https:\\\/\\\/alice.ch\\\/app\\\/uploads\\\/2022\\\/11\\\/default.jpg\",\"datePublished\":\"2022-07-11T09:05:13+00:00\",\"dateModified\":\"2025-08-07T15:12:07+00:00\",\"description\":\"La FSEA s'occupe des th\u00e8mes de la formation continue en Suisse, des comp\u00e9tences de base, de la num\u00e9risation, de la formation continue dans les PME et au niveau international.\",\"breadcrumb\":{\"@id\":\"https:\\\/\\\/alice.ch\\\/fr\\\/themes\\\/#breadcrumb\"},\"inLanguage\":\"fr-FR\",\"potentialAction\":[{\"@type\":\"ReadAction\",\"target\":[\"https:\\\/\\\/alice.ch\\\/fr\\\/themes\\\/\"]}]},{\"@type\":\"ImageObject\",\"inLanguage\":\"fr-FR\",\"@id\":\"https:\\\/\\\/alice.ch\\\/fr\\\/themes\\\/#primaryimage\",\"url\":\"https:\\\/\\\/alice.ch\\\/app\\\/uploads\\\/2022\\\/11\\\/default.jpg\",\"contentUrl\":\"https:\\\/\\\/alice.ch\\\/app\\\/uploads\\\/2022\\\/11\\\/default.jpg\",\"width\":1600,\"height\":900},{\"@type\":\"BreadcrumbList\",\"@id\":\"https:\\\/\\\/alice.ch\\\/fr\\\/themes\\\/#breadcrumb\",\"itemListElement\":[{\"@type\":\"ListItem\",\"position\":1,\"name\":\"Page d'accueil\",\"item\":\"https:\\\/\\\/alice.ch\\\/fr\\\/\"},{\"@type\":\"ListItem\",\"position\":2,\"name\":\"Th\u00e8mes\"}]},{\"@type\":\"WebSite\",\"@id\":\"https:\\\/\\\/alice.ch\\\/fr\\\/#website\",\"url\":\"https:\\\/\\\/alice.ch\\\/fr\\\/\",\"name\":\"alice.ch (Adult Learning Information Center) ist das Portal der Weiterbildung in der Schweiz.\",\"description\":\"Schweizerischer Verband f\u00fcr Weiterbildung\",\"publisher\":{\"@id\":\"https:\\\/\\\/alice.ch\\\/fr\\\/#organization\"},\"potentialAction\":[{\"@type\":\"SearchAction\",\"target\":{\"@type\":\"EntryPoint\",\"urlTemplate\":\"https:\\\/\\\/alice.ch\\\/fr\\\/?s={search_term_string}\"},\"query-input\":{\"@type\":\"PropertyValueSpecification\",\"valueRequired\":true,\"valueName\":\"search_term_string\"}}],\"inLanguage\":\"fr-FR\"},{\"@type\":\"Organization\",\"@id\":\"https:\\\/\\\/alice.ch\\\/fr\\\/#organization\",\"name\":\"FSEA F\u00e9d\u00e9ration suisse pour la formation continue\",\"url\":\"https:\\\/\\\/alice.ch\\\/fr\\\/\",\"logo\":{\"@type\":\"ImageObject\",\"inLanguage\":\"fr-FR\",\"@id\":\"https:\\\/\\\/alice.ch\\\/fr\\\/#\\\/schema\\\/logo\\\/image\\\/\",\"url\":\"https:\\\/\\\/alice.ch\\\/app\\\/uploads\\\/2022\\\/07\\\/logo-sveb.png\",\"contentUrl\":\"https:\\\/\\\/alice.ch\\\/app\\\/uploads\\\/2022\\\/07\\\/logo-sveb.png\",\"width\":145,\"height\":64,\"caption\":\"FSEA F\u00e9d\u00e9ration suisse pour la formation continue\"},\"image\":{\"@id\":\"https:\\\/\\\/alice.ch\\\/fr\\\/#\\\/schema\\\/logo\\\/image\\\/\"},\"sameAs\":[\"https:\\\/\\\/www.linkedin.com\\\/company\\\/schweizerischer-verband-fr-weiterbildung-sveb\\\/\"]}]}<\/script>\n<!-- \/ Yoast SEO plugin. -->","yoast_head_json":{"title":"Th\u00e8mes - FSEA","description":"La FSEA s'occupe des th\u00e8mes de la formation continue en Suisse, des comp\u00e9tences de base, de la num\u00e9risation, de la formation continue dans les PME et au niveau international.","robots":{"index":"index","follow":"follow","max-snippet":"max-snippet:-1","max-image-preview":"max-image-preview:large","max-video-preview":"max-video-preview:-1"},"canonical":"https:\/\/alice.ch\/fr\/themes\/","og_locale":"fr_FR","og_type":"article","og_title":"Th\u00e8mes - FSEA","og_description":"La FSEA s'occupe des th\u00e8mes de la formation continue en Suisse, des comp\u00e9tences de base, de la num\u00e9risation, de la formation continue dans les PME et au niveau international.","og_url":"https:\/\/alice.ch\/fr\/themes\/","og_site_name":"SVEB","article_modified_time":"2025-08-07T15:12:07+00:00","og_image":[{"width":523,"height":473,"url":"https:\/\/alice.ch\/app\/uploads\/2022\/10\/icon-stellenmarkt-1.png","type":"image\/png"}],"twitter_card":"summary_large_image","twitter_misc":{"Dur\u00e9e de lecture estim\u00e9e":"3 minutes"},"schema":{"@context":"https:\/\/schema.org","@graph":[{"@type":"WebPage","@id":"https:\/\/alice.ch\/fr\/themes\/","url":"https:\/\/alice.ch\/fr\/themes\/","name":"Th\u00e8mes - FSEA","isPartOf":{"@id":"https:\/\/alice.ch\/fr\/#website"},"primaryImageOfPage":{"@id":"https:\/\/alice.ch\/fr\/themes\/#primaryimage"},"image":{"@id":"https:\/\/alice.ch\/fr\/themes\/#primaryimage"},"thumbnailUrl":"https:\/\/alice.ch\/app\/uploads\/2022\/11\/default.jpg","datePublished":"2022-07-11T09:05:13+00:00","dateModified":"2025-08-07T15:12:07+00:00","description":"La FSEA s'occupe des th\u00e8mes de la formation continue en Suisse, des comp\u00e9tences de base, de la num\u00e9risation, de la formation continue dans les PME et au niveau international.","breadcrumb":{"@id":"https:\/\/alice.ch\/fr\/themes\/#breadcrumb"},"inLanguage":"fr-FR","potentialAction":[{"@type":"ReadAction","target":["https:\/\/alice.ch\/fr\/themes\/"]}]},{"@type":"ImageObject","inLanguage":"fr-FR","@id":"https:\/\/alice.ch\/fr\/themes\/#primaryimage","url":"https:\/\/alice.ch\/app\/uploads\/2022\/11\/default.jpg","contentUrl":"https:\/\/alice.ch\/app\/uploads\/2022\/11\/default.jpg","width":1600,"height":900},{"@type":"BreadcrumbList","@id":"https:\/\/alice.ch\/fr\/themes\/#breadcrumb","itemListElement":[{"@type":"ListItem","position":1,"name":"Page d'accueil","item":"https:\/\/alice.ch\/fr\/"},{"@type":"ListItem","position":2,"name":"Th\u00e8mes"}]},{"@type":"WebSite","@id":"https:\/\/alice.ch\/fr\/#website","url":"https:\/\/alice.ch\/fr\/","name":"alice.ch (Adult Learning Information Center) ist das Portal der Weiterbildung in der Schweiz.","description":"Schweizerischer Verband f\u00fcr Weiterbildung","publisher":{"@id":"https:\/\/alice.ch\/fr\/#organization"},"potentialAction":[{"@type":"SearchAction","target":{"@type":"EntryPoint","urlTemplate":"https:\/\/alice.ch\/fr\/?s={search_term_string}"},"query-input":{"@type":"PropertyValueSpecification","valueRequired":true,"valueName":"search_term_string"}}],"inLanguage":"fr-FR"},{"@type":"Organization","@id":"https:\/\/alice.ch\/fr\/#organization","name":"FSEA F\u00e9d\u00e9ration suisse pour la formation continue","url":"https:\/\/alice.ch\/fr\/","logo":{"@type":"ImageObject","inLanguage":"fr-FR","@id":"https:\/\/alice.ch\/fr\/#\/schema\/logo\/image\/","url":"https:\/\/alice.ch\/app\/uploads\/2022\/07\/logo-sveb.png","contentUrl":"https:\/\/alice.ch\/app\/uploads\/2022\/07\/logo-sveb.png","width":145,"height":64,"caption":"FSEA F\u00e9d\u00e9ration suisse pour la formation continue"},"image":{"@id":"https:\/\/alice.ch\/fr\/#\/schema\/logo\/image\/"},"sameAs":["https:\/\/www.linkedin.com\/company\/schweizerischer-verband-fr-weiterbildung-sveb\/"]}]}},"_links":{"self":[{"href":"https:\/\/alice.ch\/fr\/wp-json\/wp\/v2\/pages\/14802","targetHints":{"allow":["GET"]}}],"collection":[{"href":"https:\/\/alice.ch\/fr\/wp-json\/wp\/v2\/pages"}],"about":[{"href":"https:\/\/alice.ch\/fr\/wp-json\/wp\/v2\/types\/page"}],"author":[{"embeddable":true,"href":"https:\/\/alice.ch\/fr\/wp-json\/wp\/v2\/users\/2"}],"replies":[{"embeddable":true,"href":"https:\/\/alice.ch\/fr\/wp-json\/wp\/v2\/comments?post=14802"}],"version-history":[{"count":29,"href":"https:\/\/alice.ch\/fr\/wp-json\/wp\/v2\/pages\/14802\/revisions"}],"predecessor-version":[{"id":69819,"href":"https:\/\/alice.ch\/fr\/wp-json\/wp\/v2\/pages\/14802\/revisions\/69819"}],"wp:featuredmedia":[{"embeddable":true,"href":"https:\/\/alice.ch\/fr\/wp-json\/wp\/v2\/media\/20799"}],"wp:attachment":[{"href":"https:\/\/alice.ch\/fr\/wp-json\/wp\/v2\/media?parent=14802"}],"curies":[{"name":"wp","href":"https:\/\/api.w.org\/{rel}","templated":true}]}}