{"id":14922,"date":"2022-08-16T15:34:56","date_gmt":"2022-08-16T13:34:56","guid":{"rendered":"https:\/\/projects.atxeit.ch\/sveb\/themes\/weiterbildung-schweiz\/"},"modified":"2024-08-08T15:11:28","modified_gmt":"2024-08-08T13:11:28","slug":"formation-continue-suisse","status":"publish","type":"page","link":"https:\/\/alice.ch\/fr\/themes\/formation-continue-suisse\/","title":{"rendered":"Formation continue en suisse"},"content":{"rendered":"\n<div class=\"wp-block-group alignwide is-style-reduced-width is-layout-flow wp-block-group-is-layout-flow\">\n<div class=\"wp-block-group alignwide is-style-default is-layout-flow wp-block-group-is-layout-flow\">\n<h1 class=\"wp-block-heading\">Diversifi\u00e9e, mais pas encore parfaite<\/h1>\n\n\n\n<p class=\"is-style-lead\">En mati\u00e8re de formation continue, la Suisse est l&rsquo;un des leaders mondiaux de la formation continue, tant en ce qui concerne les prestations qu&rsquo;elle propose que les activit\u00e9s de formation continue pour la population. En fait, la participation de la population \u00e0 la formation continue est relativement \u00e9lev\u00e9e. Cependant, des diff\u00e9rences subsistent en raison de l&rsquo;origine sociale et du niveau d&rsquo;instruction.<\/p>\n\n\n\n<p class=\"is-style-default\">Il existe \u00e9galement des diff\u00e9rences dans la mani\u00e8re dont les entreprises traitent la formation continue. Les petites et micro-entreprises manquent souvent de strat\u00e9gie de formation ad\u00e9quate.<\/p>\n<\/div>\n\n\n\n<div class=\"wp-block-media-text alignwide is-stacked-on-mobile is-style-icon-text\"><figure class=\"wp-block-media-text__media\"><a href=\"https:\/\/alice.ch\/fr\/themes\/formation-continue-suisse\/systeme-de-formation-continue\/\"><img decoding=\"async\" width=\"243\" height=\"209\" src=\"https:\/\/alice.ch\/app\/uploads\/2022\/10\/icon-system-e1667200457230.png\" alt=\"\" class=\"wp-image-4528 size-full\" \/><\/a><\/figure><div class=\"wp-block-media-text__content\">\n<h2 class=\"wp-block-heading\"><a href=\"https:\/\/alice.ch\/fr\/themes\/formation-continue-suisse\/systeme-de-formation-continue\/\">Syst\u00e8me de formation continue<\/a><\/h2>\n\n\n\n<p>Aper\u00e7u des caract\u00e9ristiques et particularit\u00e9s du syst\u00e8me suisse de formation continue<\/p>\n<\/div><\/div>\n\n\n\n<hr class=\"wp-block-separator has-alpha-channel-opacity is-style-wide\" \/>\n\n\n\n<div class=\"wp-block-media-text alignwide is-stacked-on-mobile is-style-icon-text\"><figure class=\"wp-block-media-text__media\"><a href=\"https:\/\/alice.ch\/fr\/themes\/formation-continue-suisse\/taux-de-participation\/\"><img decoding=\"async\" width=\"400\" height=\"455\" src=\"https:\/\/alice.ch\/app\/uploads\/2022\/10\/icon-bevoelkerung.png\" alt=\"\" class=\"wp-image-5831 size-full\" srcset=\"https:\/\/alice.ch\/app\/uploads\/2022\/10\/icon-bevoelkerung.png 400w, https:\/\/alice.ch\/app\/uploads\/2022\/10\/icon-bevoelkerung-264x300.png 264w\" sizes=\"(max-width: 400px) 100vw, 400px\" \/><\/a><\/figure><div class=\"wp-block-media-text__content\">\n<h2 class=\"wp-block-heading\"><a href=\"https:\/\/alice.ch\/fr\/themes\/formation-continue-suisse\/taux-de-participation\/\">Participation de la population<\/a><\/h2>\n\n\n\n<p>Les donn\u00e9es les plus r\u00e9centes de l&rsquo;Office de la statistique sur les activit\u00e9s de formation continue des Suissesses et Suisses ainsi que les d\u00e9veloppements de ces derni\u00e8res ann\u00e9es<\/p>\n<\/div><\/div>\n\n\n\n<hr class=\"wp-block-separator has-alpha-channel-opacity is-style-wide\" \/>\n\n\n\n<div class=\"wp-block-media-text alignwide is-stacked-on-mobile is-style-icon-text\"><figure class=\"wp-block-media-text__media\"><a href=\"https:\/\/alice.ch\/fr\/themes\/formation-continue-suisse\/formation-continue-en-entreprise\/\"><img decoding=\"async\" width=\"477\" height=\"395\" src=\"https:\/\/alice.ch\/app\/uploads\/2022\/10\/icon-unternehmen.png\" alt=\"\" class=\"wp-image-5825 size-full\" srcset=\"https:\/\/alice.ch\/app\/uploads\/2022\/10\/icon-unternehmen.png 477w, https:\/\/alice.ch\/app\/uploads\/2022\/10\/icon-unternehmen-300x248.png 300w\" sizes=\"(max-width: 477px) 100vw, 477px\" \/><\/a><\/figure><div class=\"wp-block-media-text__content\">\n<h2 class=\"wp-block-heading\"><a href=\"https:\/\/alice.ch\/fr\/themes\/formation-continue-suisse\/formation-continue-en-entreprise\/\">Activit\u00e9s dans les entreprises<\/a><\/h2>\n\n\n\n<p>Vue d&rsquo;ensemble des chiffres de l&rsquo;Office f\u00e9d\u00e9ral de la statistique sur le soutien et la mise en oeuvre d&rsquo;offres de formation continue dans les entreprises suisses<\/p>\n<\/div><\/div>\n\n\n\n<hr class=\"wp-block-separator has-alpha-channel-opacity is-style-wide\" \/>\n\n\n\n<div class=\"wp-block-media-text alignwide is-stacked-on-mobile is-style-icon-text\"><figure class=\"wp-block-media-text__media\"><a href=\"https:\/\/alice.ch\/fr\/themes\/formation-continue-suisse\/prestataires\/\"><img decoding=\"async\" width=\"300\" height=\"300\" src=\"https:\/\/alice.ch\/app\/uploads\/2022\/10\/icon-zahlen-300x300.png\" alt=\"\" class=\"wp-image-4532 size-medium\" srcset=\"https:\/\/alice.ch\/app\/uploads\/2022\/10\/icon-zahlen-300x300.png 300w, https:\/\/alice.ch\/app\/uploads\/2022\/10\/icon-zahlen-150x150.png 150w, https:\/\/alice.ch\/app\/uploads\/2022\/10\/icon-zahlen.png 400w\" sizes=\"(max-width: 300px) 100vw, 300px\" \/><\/a><\/figure><div class=\"wp-block-media-text__content\">\n<h2 class=\"wp-block-heading\"><a href=\"https:\/\/alice.ch\/fr\/themes\/formation-continue-suisse\/prestataires\/\">Donn\u00e9es structurelles sur le march\u00e9 suisse de la formation continue<\/a><\/h2>\n\n\n\n<p>Avec l&rsquo;\u00e9tude sur la formation continue, la FSEA pr\u00e9l\u00e8ve chaque ann\u00e9e des donn\u00e9es sur les acteurs suisses de la formation continue et permet ainsi une meilleure image sur ce march\u00e9.<\/p>\n<\/div><\/div>\n\n\n\n<hr class=\"wp-block-separator has-alpha-channel-opacity is-style-wide\" \/>\n\n\n\n<div class=\"wp-block-media-text alignwide is-stacked-on-mobile is-style-icon-text\"><figure class=\"wp-block-media-text__media\"><a href=\"https:\/\/alice.ch\/fr\/themes\/formation-continue-suisse\/sources-des-donnees\/\"><img decoding=\"async\" width=\"242\" height=\"257\" src=\"https:\/\/alice.ch\/app\/uploads\/2022\/10\/datenquellen.png\" alt=\"\" class=\"wp-image-5817 size-full\" \/><\/a><\/figure><div class=\"wp-block-media-text__content\">\n<h2 class=\"wp-block-heading\"><a href=\"https:\/\/alice.ch\/fr\/themes\/formation-continue-suisse\/sources-des-donnees\/\">Des sources de donn\u00e9es<\/a><\/h2>\n\n\n\n<p>Donn\u00e9es de contexte et informations sur des \u00e9tudes et enqu\u00eates qui d\u00e9livrent des chiffres sur la formation continue au niveau Suisse et international<\/p>\n<\/div><\/div>\n\n\n\n<h2 class=\"wp-block-heading\">Contact<\/h2>\n\n\n\n<div class=\"wp-block-columns is-layout-flex wp-container-core-columns-is-layout-28f84493 wp-block-columns-is-layout-flex\">\n<div class=\"wp-block-column is-layout-flow wp-block-column-is-layout-flow\" style=\"flex-basis:50%\"><div class=\"contact-persons\">\n\n\t\t\t\t\t<div class=\"contact-person\">\n\t\t\t\t\tCaroline Meier Quevedo<br \/>\t\t\t\t\tDirectrice du secr\u00e9tariat romand<br \/>\t\t\t\t\t<br \/>\n\t\t\t\t\t\t\t\t\t\t<a href=\"tel:+41 (0)22 994 20 10\">+41 (0)22 994 20 10<\/a><br \/>\t\t\t\t\t<a href=\"mailto:caroline.meier@alice.ch\">caroline.meier@alice.ch<\/a><br \/>\t\t\t\t\t<\/div>\n\t\t\t\t\t<\/div>\n<\/div>\n\n\n\n<div class=\"wp-block-column is-layout-flow wp-block-column-is-layout-flow\" style=\"flex-basis:50%\"><\/div>\n<\/div>\n<\/div>\n","protected":false},"excerpt":{"rendered":"<p>Diversifi\u00e9e, mais pas encore parfaite En mati\u00e8re de formation continue, la Suisse est l&rsquo;un des leaders mondiaux de la formation [&hellip;]<\/p>\n","protected":false},"author":2,"featured_media":20799,"parent":14802,"menu_order":74,"comment_status":"closed","ping_status":"closed","template":"","meta":{"_acf_changed":false,"inline_featured_image":false,"footnotes":""},"class_list":["post-14922","page","type-page","status-publish","has-post-thumbnail","hentry"],"acf":[],"yoast_head":"<!-- This site is optimized with the Yoast SEO plugin v27.3 - https:\/\/yoast.com\/product\/yoast-seo-wordpress\/ -->\n<title>Formation continue en suisse - FSEA<\/title>\n<meta name=\"description\" content=\"Informations sur le syst\u00e8me, la participation, les activit\u00e9s des entreprises, les donn\u00e9es du march\u00e9 et les sources de donn\u00e9es.\" \/>\n<meta name=\"robots\" content=\"index, follow, max-snippet:-1, max-image-preview:large, max-video-preview:-1\" \/>\n<link rel=\"canonical\" href=\"https:\/\/alice.ch\/fr\/themes\/formation-continue-suisse\/\" \/>\n<meta property=\"og:locale\" content=\"fr_FR\" \/>\n<meta property=\"og:type\" content=\"article\" \/>\n<meta property=\"og:title\" content=\"Formation continue en suisse - FSEA\" \/>\n<meta property=\"og:description\" content=\"Informations sur le syst\u00e8me, la participation, les activit\u00e9s des entreprises, les donn\u00e9es du march\u00e9 et les sources de donn\u00e9es.\" \/>\n<meta property=\"og:url\" content=\"https:\/\/alice.ch\/fr\/themes\/formation-continue-suisse\/\" \/>\n<meta property=\"og:site_name\" content=\"SVEB\" \/>\n<meta property=\"article:modified_time\" content=\"2024-08-08T13:11:28+00:00\" \/>\n<meta property=\"og:image\" content=\"https:\/\/alice.ch\/app\/uploads\/2022\/10\/icon-system-e1667200457230.png\" \/>\n<meta name=\"twitter:card\" content=\"summary_large_image\" \/>\n<meta name=\"twitter:label1\" content=\"Dur\u00e9e de lecture estim\u00e9e\" \/>\n\t<meta name=\"twitter:data1\" content=\"3 minutes\" \/>\n<script type=\"application\/ld+json\" class=\"yoast-schema-graph\">{\"@context\":\"https:\\\/\\\/schema.org\",\"@graph\":[{\"@type\":\"WebPage\",\"@id\":\"https:\\\/\\\/alice.ch\\\/fr\\\/themes\\\/formation-continue-suisse\\\/\",\"url\":\"https:\\\/\\\/alice.ch\\\/fr\\\/themes\\\/formation-continue-suisse\\\/\",\"name\":\"Formation continue en suisse - FSEA\",\"isPartOf\":{\"@id\":\"https:\\\/\\\/alice.ch\\\/fr\\\/#website\"},\"primaryImageOfPage\":{\"@id\":\"https:\\\/\\\/alice.ch\\\/fr\\\/themes\\\/formation-continue-suisse\\\/#primaryimage\"},\"image\":{\"@id\":\"https:\\\/\\\/alice.ch\\\/fr\\\/themes\\\/formation-continue-suisse\\\/#primaryimage\"},\"thumbnailUrl\":\"https:\\\/\\\/alice.ch\\\/app\\\/uploads\\\/2022\\\/11\\\/default.jpg\",\"datePublished\":\"2022-08-16T13:34:56+00:00\",\"dateModified\":\"2024-08-08T13:11:28+00:00\",\"description\":\"Informations sur le syst\u00e8me, la participation, les activit\u00e9s des entreprises, les donn\u00e9es du march\u00e9 et les sources de donn\u00e9es.\",\"breadcrumb\":{\"@id\":\"https:\\\/\\\/alice.ch\\\/fr\\\/themes\\\/formation-continue-suisse\\\/#breadcrumb\"},\"inLanguage\":\"fr-FR\",\"potentialAction\":[{\"@type\":\"ReadAction\",\"target\":[\"https:\\\/\\\/alice.ch\\\/fr\\\/themes\\\/formation-continue-suisse\\\/\"]}]},{\"@type\":\"ImageObject\",\"inLanguage\":\"fr-FR\",\"@id\":\"https:\\\/\\\/alice.ch\\\/fr\\\/themes\\\/formation-continue-suisse\\\/#primaryimage\",\"url\":\"https:\\\/\\\/alice.ch\\\/app\\\/uploads\\\/2022\\\/11\\\/default.jpg\",\"contentUrl\":\"https:\\\/\\\/alice.ch\\\/app\\\/uploads\\\/2022\\\/11\\\/default.jpg\",\"width\":1600,\"height\":900},{\"@type\":\"BreadcrumbList\",\"@id\":\"https:\\\/\\\/alice.ch\\\/fr\\\/themes\\\/formation-continue-suisse\\\/#breadcrumb\",\"itemListElement\":[{\"@type\":\"ListItem\",\"position\":1,\"name\":\"Page d'accueil\",\"item\":\"https:\\\/\\\/alice.ch\\\/fr\\\/\"},{\"@type\":\"ListItem\",\"position\":2,\"name\":\"Th\u00e8mes\",\"item\":\"https:\\\/\\\/alice.ch\\\/fr\\\/themes\\\/\"},{\"@type\":\"ListItem\",\"position\":3,\"name\":\"Formation continue en suisse\"}]},{\"@type\":\"WebSite\",\"@id\":\"https:\\\/\\\/alice.ch\\\/fr\\\/#website\",\"url\":\"https:\\\/\\\/alice.ch\\\/fr\\\/\",\"name\":\"alice.ch (Adult Learning Information Center) ist das Portal der Weiterbildung in der Schweiz.\",\"description\":\"Schweizerischer Verband f\u00fcr Weiterbildung\",\"publisher\":{\"@id\":\"https:\\\/\\\/alice.ch\\\/fr\\\/#organization\"},\"potentialAction\":[{\"@type\":\"SearchAction\",\"target\":{\"@type\":\"EntryPoint\",\"urlTemplate\":\"https:\\\/\\\/alice.ch\\\/fr\\\/?s={search_term_string}\"},\"query-input\":{\"@type\":\"PropertyValueSpecification\",\"valueRequired\":true,\"valueName\":\"search_term_string\"}}],\"inLanguage\":\"fr-FR\"},{\"@type\":\"Organization\",\"@id\":\"https:\\\/\\\/alice.ch\\\/fr\\\/#organization\",\"name\":\"FSEA F\u00e9d\u00e9ration suisse pour la formation continue\",\"url\":\"https:\\\/\\\/alice.ch\\\/fr\\\/\",\"logo\":{\"@type\":\"ImageObject\",\"inLanguage\":\"fr-FR\",\"@id\":\"https:\\\/\\\/alice.ch\\\/fr\\\/#\\\/schema\\\/logo\\\/image\\\/\",\"url\":\"https:\\\/\\\/alice.ch\\\/app\\\/uploads\\\/2022\\\/07\\\/logo-sveb.png\",\"contentUrl\":\"https:\\\/\\\/alice.ch\\\/app\\\/uploads\\\/2022\\\/07\\\/logo-sveb.png\",\"width\":145,\"height\":64,\"caption\":\"FSEA F\u00e9d\u00e9ration suisse pour la formation continue\"},\"image\":{\"@id\":\"https:\\\/\\\/alice.ch\\\/fr\\\/#\\\/schema\\\/logo\\\/image\\\/\"},\"sameAs\":[\"https:\\\/\\\/www.linkedin.com\\\/company\\\/schweizerischer-verband-fr-weiterbildung-sveb\\\/\"]}]}<\/script>\n<!-- \/ Yoast SEO plugin. -->","yoast_head_json":{"title":"Formation continue en suisse - FSEA","description":"Informations sur le syst\u00e8me, la participation, les activit\u00e9s des entreprises, les donn\u00e9es du march\u00e9 et les sources de donn\u00e9es.","robots":{"index":"index","follow":"follow","max-snippet":"max-snippet:-1","max-image-preview":"max-image-preview:large","max-video-preview":"max-video-preview:-1"},"canonical":"https:\/\/alice.ch\/fr\/themes\/formation-continue-suisse\/","og_locale":"fr_FR","og_type":"article","og_title":"Formation continue en suisse - FSEA","og_description":"Informations sur le syst\u00e8me, la participation, les activit\u00e9s des entreprises, les donn\u00e9es du march\u00e9 et les sources de donn\u00e9es.","og_url":"https:\/\/alice.ch\/fr\/themes\/formation-continue-suisse\/","og_site_name":"SVEB","article_modified_time":"2024-08-08T13:11:28+00:00","og_image":[{"url":"https:\/\/alice.ch\/app\/uploads\/2022\/10\/icon-system-e1667200457230.png","type":"","width":"","height":""}],"twitter_card":"summary_large_image","twitter_misc":{"Dur\u00e9e de lecture estim\u00e9e":"3 minutes"},"schema":{"@context":"https:\/\/schema.org","@graph":[{"@type":"WebPage","@id":"https:\/\/alice.ch\/fr\/themes\/formation-continue-suisse\/","url":"https:\/\/alice.ch\/fr\/themes\/formation-continue-suisse\/","name":"Formation continue en suisse - FSEA","isPartOf":{"@id":"https:\/\/alice.ch\/fr\/#website"},"primaryImageOfPage":{"@id":"https:\/\/alice.ch\/fr\/themes\/formation-continue-suisse\/#primaryimage"},"image":{"@id":"https:\/\/alice.ch\/fr\/themes\/formation-continue-suisse\/#primaryimage"},"thumbnailUrl":"https:\/\/alice.ch\/app\/uploads\/2022\/11\/default.jpg","datePublished":"2022-08-16T13:34:56+00:00","dateModified":"2024-08-08T13:11:28+00:00","description":"Informations sur le syst\u00e8me, la participation, les activit\u00e9s des entreprises, les donn\u00e9es du march\u00e9 et les sources de donn\u00e9es.","breadcrumb":{"@id":"https:\/\/alice.ch\/fr\/themes\/formation-continue-suisse\/#breadcrumb"},"inLanguage":"fr-FR","potentialAction":[{"@type":"ReadAction","target":["https:\/\/alice.ch\/fr\/themes\/formation-continue-suisse\/"]}]},{"@type":"ImageObject","inLanguage":"fr-FR","@id":"https:\/\/alice.ch\/fr\/themes\/formation-continue-suisse\/#primaryimage","url":"https:\/\/alice.ch\/app\/uploads\/2022\/11\/default.jpg","contentUrl":"https:\/\/alice.ch\/app\/uploads\/2022\/11\/default.jpg","width":1600,"height":900},{"@type":"BreadcrumbList","@id":"https:\/\/alice.ch\/fr\/themes\/formation-continue-suisse\/#breadcrumb","itemListElement":[{"@type":"ListItem","position":1,"name":"Page d'accueil","item":"https:\/\/alice.ch\/fr\/"},{"@type":"ListItem","position":2,"name":"Th\u00e8mes","item":"https:\/\/alice.ch\/fr\/themes\/"},{"@type":"ListItem","position":3,"name":"Formation continue en suisse"}]},{"@type":"WebSite","@id":"https:\/\/alice.ch\/fr\/#website","url":"https:\/\/alice.ch\/fr\/","name":"alice.ch (Adult Learning Information Center) ist das Portal der Weiterbildung in der Schweiz.","description":"Schweizerischer Verband f\u00fcr Weiterbildung","publisher":{"@id":"https:\/\/alice.ch\/fr\/#organization"},"potentialAction":[{"@type":"SearchAction","target":{"@type":"EntryPoint","urlTemplate":"https:\/\/alice.ch\/fr\/?s={search_term_string}"},"query-input":{"@type":"PropertyValueSpecification","valueRequired":true,"valueName":"search_term_string"}}],"inLanguage":"fr-FR"},{"@type":"Organization","@id":"https:\/\/alice.ch\/fr\/#organization","name":"FSEA F\u00e9d\u00e9ration suisse pour la formation continue","url":"https:\/\/alice.ch\/fr\/","logo":{"@type":"ImageObject","inLanguage":"fr-FR","@id":"https:\/\/alice.ch\/fr\/#\/schema\/logo\/image\/","url":"https:\/\/alice.ch\/app\/uploads\/2022\/07\/logo-sveb.png","contentUrl":"https:\/\/alice.ch\/app\/uploads\/2022\/07\/logo-sveb.png","width":145,"height":64,"caption":"FSEA F\u00e9d\u00e9ration suisse pour la formation continue"},"image":{"@id":"https:\/\/alice.ch\/fr\/#\/schema\/logo\/image\/"},"sameAs":["https:\/\/www.linkedin.com\/company\/schweizerischer-verband-fr-weiterbildung-sveb\/"]}]}},"_links":{"self":[{"href":"https:\/\/alice.ch\/fr\/wp-json\/wp\/v2\/pages\/14922","targetHints":{"allow":["GET"]}}],"collection":[{"href":"https:\/\/alice.ch\/fr\/wp-json\/wp\/v2\/pages"}],"about":[{"href":"https:\/\/alice.ch\/fr\/wp-json\/wp\/v2\/types\/page"}],"author":[{"embeddable":true,"href":"https:\/\/alice.ch\/fr\/wp-json\/wp\/v2\/users\/2"}],"replies":[{"embeddable":true,"href":"https:\/\/alice.ch\/fr\/wp-json\/wp\/v2\/comments?post=14922"}],"version-history":[{"count":39,"href":"https:\/\/alice.ch\/fr\/wp-json\/wp\/v2\/pages\/14922\/revisions"}],"predecessor-version":[{"id":56295,"href":"https:\/\/alice.ch\/fr\/wp-json\/wp\/v2\/pages\/14922\/revisions\/56295"}],"up":[{"embeddable":true,"href":"https:\/\/alice.ch\/fr\/wp-json\/wp\/v2\/pages\/14802"}],"wp:featuredmedia":[{"embeddable":true,"href":"https:\/\/alice.ch\/fr\/wp-json\/wp\/v2\/media\/20799"}],"wp:attachment":[{"href":"https:\/\/alice.ch\/fr\/wp-json\/wp\/v2\/media?parent=14922"}],"curies":[{"name":"wp","href":"https:\/\/api.w.org\/{rel}","templated":true}]}}