{"id":17426,"date":"2022-07-11T11:05:52","date_gmt":"2022-07-11T09:05:52","guid":{"rendered":"https:\/\/projects.atxeit.ch\/sveb\/sveb\/"},"modified":"2025-11-03T13:34:29","modified_gmt":"2025-11-03T12:34:29","slug":"fsea-fr","status":"publish","type":"page","link":"https:\/\/alice.ch\/fr\/fsea-fr\/","title":{"rendered":"FSEA"},"content":{"rendered":"\n<div class=\"wp-block-group is-style-reduced-width is-layout-flow wp-block-group-is-layout-flow\">\n<div class=\"wp-block-group is-style-default is-layout-flow wp-block-group-is-layout-flow\">\n<h1 class=\"wp-block-heading\">La f\u00e9d\u00e9ration fa\u00eeti\u00e8re nationale de la formation continue en Suisse<\/h1>\n\n\n\n<p class=\"is-style-lead\">Nos membres sont des prestataires aussi bien priv\u00e9s que publics, des f\u00e9d\u00e9rations, des services de formation internes aux entreprises ainsi que des personnes individuelles. Nous repr\u00e9sentons leurs voix politiques, sociales et professionnelles dans les trois r\u00e9gions linguistiques.<\/p>\n\n\n\n<div class=\"wp-block-media-text alignwide is-stacked-on-mobile is-style-icon-text\"><figure class=\"wp-block-media-text__media\"><a href=\"https:\/\/alice.ch\/fr\/sveb\/les-secretariats-regionaux\/\"><img decoding=\"async\" width=\"235\" height=\"211\" src=\"https:\/\/alice.ch\/app\/uploads\/2022\/10\/icon-KMU-3.png\" alt=\"\" class=\"wp-image-4567 size-full\"\/><\/a><\/figure><div class=\"wp-block-media-text__content\">\n<h2 class=\"wp-block-heading\"><a href=\"https:\/\/alice.ch\/fr\/sveb\/les-secretariats-regionaux\/\">Les secr\u00e9tariats r\u00e9gionaux et sites<\/a><\/h2>\n\n\n\n<p>Nous disposons de secr\u00e9tariats dans les trois r\u00e9gions linguistiques.<\/p>\n<\/div><\/div>\n\n\n\n<hr class=\"wp-block-separator has-alpha-channel-opacity is-style-wide\"\/>\n\n\n\n<div class=\"wp-block-media-text alignwide is-stacked-on-mobile is-style-icon-text\"><figure class=\"wp-block-media-text__media\"><a href=\"https:\/\/alice.ch\/fr\/fsea-2\/a-propos-de-la-fsea\/\"><img decoding=\"async\" width=\"529\" height=\"453\" src=\"https:\/\/alice.ch\/app\/uploads\/2022\/09\/gk-innovativ-foerdern.png\" alt=\"\" class=\"wp-image-2166 size-full\" srcset=\"https:\/\/alice.ch\/app\/uploads\/2022\/09\/gk-innovativ-foerdern.png 529w, https:\/\/alice.ch\/app\/uploads\/2022\/09\/gk-innovativ-foerdern-300x257.png 300w\" sizes=\"(max-width: 529px) 100vw, 529px\" \/><\/a><\/figure><div class=\"wp-block-media-text__content\">\n<h2 class=\"wp-block-heading\"><a href=\"https:\/\/alice.ch\/fr\/fsea-2\/a-propos-de-la-fsea\/\">A propos de la FSEA<\/a><\/h2>\n\n\n\n<p>Nous repr\u00e9sentons les voix politiques, sociales et professionnelles de nos membres dans les trois r\u00e9gions linguistiques.<\/p>\n<\/div><\/div>\n\n\n\n<hr class=\"wp-block-separator has-alpha-channel-opacity is-style-wide\"\/>\n\n\n\n<div class=\"wp-block-media-text alignwide is-stacked-on-mobile is-style-icon-text\"><figure class=\"wp-block-media-text__media\"><a href=\"https:\/\/alice.ch\/fr\/sveb\/membres\/\"><img decoding=\"async\" width=\"523\" height=\"473\" src=\"https:\/\/alice.ch\/app\/uploads\/2022\/10\/icon-stellenmarkt-1.png\" alt=\"\" class=\"wp-image-6061 size-full\" srcset=\"https:\/\/alice.ch\/app\/uploads\/2022\/10\/icon-stellenmarkt-1.png 523w, https:\/\/alice.ch\/app\/uploads\/2022\/10\/icon-stellenmarkt-1-300x271.png 300w\" sizes=\"(max-width: 523px) 100vw, 523px\" \/><\/a><\/figure><div class=\"wp-block-media-text__content\">\n<h2 class=\"wp-block-heading\"><a href=\"https:\/\/alice.ch\/fr\/sveb\/membres\/\">Adh\u00e9sion \u00e0 la f\u00e9d\u00e9ration fa\u00eeti\u00e8re de la formation continue<\/a><\/h2>\n\n\n\n<p>Devenez membre du plus grand r\u00e9seau de formation continue en Suisse ! \u2013 Nos membres sont des prestataires publics et priv\u00e9s, des associations, des d\u00e9partements de formation continue internes \u00e0 l&rsquo;entreprise ainsi que des personnes individuelles.<\/p>\n<\/div><\/div>\n\n\n\n<hr class=\"wp-block-separator has-alpha-channel-opacity is-style-wide\"\/>\n\n\n\n<div class=\"wp-block-media-text alignwide is-stacked-on-mobile is-style-icon-text\"><figure class=\"wp-block-media-text__media\"><a href=\"https:\/\/alice.ch\/fr\/fsea-fr\/strategie\/\"><img decoding=\"async\" width=\"1478\" height=\"1231\" src=\"https:\/\/alice.ch\/app\/uploads\/2022\/11\/icon-sozialhilfe.png\" alt=\"\" class=\"wp-image-7019 size-full\" srcset=\"https:\/\/alice.ch\/app\/uploads\/2022\/11\/icon-sozialhilfe.png 1478w, https:\/\/alice.ch\/app\/uploads\/2022\/11\/icon-sozialhilfe-300x250.png 300w, https:\/\/alice.ch\/app\/uploads\/2022\/11\/icon-sozialhilfe-1024x853.png 1024w, https:\/\/alice.ch\/app\/uploads\/2022\/11\/icon-sozialhilfe-768x640.png 768w\" sizes=\"(max-width: 1478px) 100vw, 1478px\" \/><\/a><\/figure><div class=\"wp-block-media-text__content\">\n<h2 class=\"wp-block-heading\"><a href=\"https:\/\/alice.ch\/fr\/fsea-fr\/strategie\/\">Strat\u00e9gie de la FSEA pour les ann\u00e9es 2025\u20132028<\/a><\/h2>\n\n\n\n<p>La FSEA soutient la branche dans l\u2018actuelle phase de transition&nbsp;et contribue au d\u00e9veloppement du syst\u00e8me de formation continue par des projets innovants.<\/p>\n<\/div><\/div>\n\n\n\n<hr class=\"wp-block-separator has-alpha-channel-opacity is-style-wide\"\/>\n\n\n\n<div class=\"wp-block-media-text alignwide is-stacked-on-mobile is-style-icon-text\"><figure class=\"wp-block-media-text__media\"><a href=\"https:\/\/alice.ch\/fr\/sveb\/politique-de-la-formation\/\"><img decoding=\"async\" width=\"1024\" height=\"1024\" src=\"https:\/\/alice.ch\/app\/uploads\/2025\/04\/bildungspolitik-icon-gross-1024x1024.png\" alt=\"\" class=\"wp-image-67587 size-full\" srcset=\"https:\/\/alice.ch\/app\/uploads\/2025\/04\/bildungspolitik-icon-gross-1024x1024.png 1024w, https:\/\/alice.ch\/app\/uploads\/2025\/04\/bildungspolitik-icon-gross-300x300.png 300w, https:\/\/alice.ch\/app\/uploads\/2025\/04\/bildungspolitik-icon-gross-150x150.png 150w, https:\/\/alice.ch\/app\/uploads\/2025\/04\/bildungspolitik-icon-gross-768x769.png 768w, https:\/\/alice.ch\/app\/uploads\/2025\/04\/bildungspolitik-icon-gross.png 1188w\" sizes=\"(max-width: 1024px) 100vw, 1024px\" \/><\/a><\/figure><div class=\"wp-block-media-text__content\">\n<h2 class=\"wp-block-heading\"><a href=\"https:\/\/alice.ch\/fr\/sveb\/politique-de-la-formation\/\">Politique de formation continue<\/a><\/h2>\n\n\n\n<p>Avec nos membres, nous repr\u00e9sentons les principes de la politique de formation qui renforcent le syst\u00e8me de formation continue en Suisse.<\/p>\n<\/div><\/div>\n\n\n\n<h2 class=\"wp-block-heading\">Contact<\/h2>\n\n\n\n<div class=\"wp-block-columns is-layout-flex wp-container-core-columns-is-layout-28f84493 wp-block-columns-is-layout-flex\">\n<div class=\"wp-block-column is-layout-flow wp-block-column-is-layout-flow\" style=\"flex-basis:50%\"><div class=\"contact-persons\">\n\n\t\t\t\t\t<div class=\"contact-person\">\n\t\t\t\t\tFSEA F\u00e9d\u00e9ration suisse pour la formation continue<br \/>\t\t\t\t\t\t\t\t\t\t<br \/>\n\t\t\t\t\tSecr\u00e9tariat romand<br \/>\r\nRue de Gen\u00e8ve 88b<br \/>\r\n1004 Lausanne<br \/>\t\t\t\t\t<a href=\"tel:+41 (0)22 994 20 10\">+41 (0)22 994 20 10<\/a><br \/>\t\t\t\t\t<a href=\"mailto:fsea@alice.ch\">fsea@alice.ch<\/a><br \/>\t\t\t\t\t<\/div>\n\t\t\t\t\t<\/div>\n<\/div>\n\n\n\n<div class=\"wp-block-column is-layout-flow wp-block-column-is-layout-flow\" style=\"flex-basis:50%\"><\/div>\n<\/div>\n<\/div>\n<\/div>\n","protected":false},"excerpt":{"rendered":"<p>La f\u00e9d\u00e9ration fa\u00eeti\u00e8re nationale de la formation continue en Suisse Nos membres sont des prestataires aussi bien priv\u00e9s que publics, [&hellip;]<\/p>\n","protected":false},"author":4,"featured_media":20799,"parent":0,"menu_order":447,"comment_status":"closed","ping_status":"closed","template":"","meta":{"_acf_changed":false,"inline_featured_image":false,"footnotes":""},"class_list":["post-17426","page","type-page","status-publish","has-post-thumbnail","hentry"],"acf":[],"yoast_head":"<!-- This site is optimized with the Yoast SEO plugin v27.3 - https:\/\/yoast.com\/product\/yoast-seo-wordpress\/ -->\n<title>FSEA - FSEA<\/title>\n<meta name=\"description\" content=\"La FSEA encourage la collaboration entre les acteurs de la formation continue et communique l&#039;importance de la formation continue.\" \/>\n<meta name=\"robots\" content=\"index, follow, max-snippet:-1, max-image-preview:large, max-video-preview:-1\" \/>\n<link rel=\"canonical\" href=\"https:\/\/alice.ch\/fr\/fsea-fr\/\" \/>\n<meta property=\"og:locale\" content=\"fr_FR\" \/>\n<meta property=\"og:type\" content=\"article\" \/>\n<meta property=\"og:title\" content=\"FSEA - FSEA\" \/>\n<meta property=\"og:description\" content=\"La FSEA encourage la collaboration entre les acteurs de la formation continue et communique l&#039;importance de la formation continue.\" \/>\n<meta property=\"og:url\" content=\"https:\/\/alice.ch\/fr\/fsea-fr\/\" \/>\n<meta property=\"og:site_name\" content=\"SVEB\" \/>\n<meta property=\"article:modified_time\" content=\"2025-11-03T12:34:29+00:00\" \/>\n<meta property=\"og:image\" content=\"https:\/\/alice.ch\/app\/uploads\/2022\/10\/icon-KMU-3.png\" \/>\n\t<meta property=\"og:image:width\" content=\"235\" \/>\n\t<meta property=\"og:image:height\" content=\"211\" \/>\n\t<meta property=\"og:image:type\" content=\"image\/png\" \/>\n<meta name=\"twitter:card\" content=\"summary_large_image\" \/>\n<meta name=\"twitter:label1\" content=\"Dur\u00e9e de lecture estim\u00e9e\" \/>\n\t<meta name=\"twitter:data1\" content=\"2 minutes\" \/>\n<script type=\"application\/ld+json\" class=\"yoast-schema-graph\">{\"@context\":\"https:\\\/\\\/schema.org\",\"@graph\":[{\"@type\":\"WebPage\",\"@id\":\"https:\\\/\\\/alice.ch\\\/fr\\\/fsea-fr\\\/\",\"url\":\"https:\\\/\\\/alice.ch\\\/fr\\\/fsea-fr\\\/\",\"name\":\"FSEA - FSEA\",\"isPartOf\":{\"@id\":\"https:\\\/\\\/alice.ch\\\/fr\\\/#website\"},\"primaryImageOfPage\":{\"@id\":\"https:\\\/\\\/alice.ch\\\/fr\\\/fsea-fr\\\/#primaryimage\"},\"image\":{\"@id\":\"https:\\\/\\\/alice.ch\\\/fr\\\/fsea-fr\\\/#primaryimage\"},\"thumbnailUrl\":\"https:\\\/\\\/alice.ch\\\/app\\\/uploads\\\/2022\\\/11\\\/default.jpg\",\"datePublished\":\"2022-07-11T09:05:52+00:00\",\"dateModified\":\"2025-11-03T12:34:29+00:00\",\"description\":\"La FSEA encourage la collaboration entre les acteurs de la formation continue et communique l'importance de la formation continue.\",\"breadcrumb\":{\"@id\":\"https:\\\/\\\/alice.ch\\\/fr\\\/fsea-fr\\\/#breadcrumb\"},\"inLanguage\":\"fr-FR\",\"potentialAction\":[{\"@type\":\"ReadAction\",\"target\":[\"https:\\\/\\\/alice.ch\\\/fr\\\/fsea-fr\\\/\"]}]},{\"@type\":\"ImageObject\",\"inLanguage\":\"fr-FR\",\"@id\":\"https:\\\/\\\/alice.ch\\\/fr\\\/fsea-fr\\\/#primaryimage\",\"url\":\"https:\\\/\\\/alice.ch\\\/app\\\/uploads\\\/2022\\\/11\\\/default.jpg\",\"contentUrl\":\"https:\\\/\\\/alice.ch\\\/app\\\/uploads\\\/2022\\\/11\\\/default.jpg\",\"width\":1600,\"height\":900},{\"@type\":\"BreadcrumbList\",\"@id\":\"https:\\\/\\\/alice.ch\\\/fr\\\/fsea-fr\\\/#breadcrumb\",\"itemListElement\":[{\"@type\":\"ListItem\",\"position\":1,\"name\":\"Page d'accueil\",\"item\":\"https:\\\/\\\/alice.ch\\\/fr\\\/\"},{\"@type\":\"ListItem\",\"position\":2,\"name\":\"FSEA\"}]},{\"@type\":\"WebSite\",\"@id\":\"https:\\\/\\\/alice.ch\\\/fr\\\/#website\",\"url\":\"https:\\\/\\\/alice.ch\\\/fr\\\/\",\"name\":\"alice.ch (Adult Learning Information Center) ist das Portal der Weiterbildung in der Schweiz.\",\"description\":\"Schweizerischer Verband f\u00fcr Weiterbildung\",\"publisher\":{\"@id\":\"https:\\\/\\\/alice.ch\\\/fr\\\/#organization\"},\"potentialAction\":[{\"@type\":\"SearchAction\",\"target\":{\"@type\":\"EntryPoint\",\"urlTemplate\":\"https:\\\/\\\/alice.ch\\\/fr\\\/?s={search_term_string}\"},\"query-input\":{\"@type\":\"PropertyValueSpecification\",\"valueRequired\":true,\"valueName\":\"search_term_string\"}}],\"inLanguage\":\"fr-FR\"},{\"@type\":\"Organization\",\"@id\":\"https:\\\/\\\/alice.ch\\\/fr\\\/#organization\",\"name\":\"FSEA F\u00e9d\u00e9ration suisse pour la formation continue\",\"url\":\"https:\\\/\\\/alice.ch\\\/fr\\\/\",\"logo\":{\"@type\":\"ImageObject\",\"inLanguage\":\"fr-FR\",\"@id\":\"https:\\\/\\\/alice.ch\\\/fr\\\/#\\\/schema\\\/logo\\\/image\\\/\",\"url\":\"https:\\\/\\\/alice.ch\\\/app\\\/uploads\\\/2022\\\/07\\\/logo-sveb.png\",\"contentUrl\":\"https:\\\/\\\/alice.ch\\\/app\\\/uploads\\\/2022\\\/07\\\/logo-sveb.png\",\"width\":145,\"height\":64,\"caption\":\"FSEA F\u00e9d\u00e9ration suisse pour la formation continue\"},\"image\":{\"@id\":\"https:\\\/\\\/alice.ch\\\/fr\\\/#\\\/schema\\\/logo\\\/image\\\/\"},\"sameAs\":[\"https:\\\/\\\/www.linkedin.com\\\/company\\\/schweizerischer-verband-fr-weiterbildung-sveb\\\/\"]}]}<\/script>\n<!-- \/ Yoast SEO plugin. -->","yoast_head_json":{"title":"FSEA - FSEA","description":"La FSEA encourage la collaboration entre les acteurs de la formation continue et communique l'importance de la formation continue.","robots":{"index":"index","follow":"follow","max-snippet":"max-snippet:-1","max-image-preview":"max-image-preview:large","max-video-preview":"max-video-preview:-1"},"canonical":"https:\/\/alice.ch\/fr\/fsea-fr\/","og_locale":"fr_FR","og_type":"article","og_title":"FSEA - FSEA","og_description":"La FSEA encourage la collaboration entre les acteurs de la formation continue et communique l'importance de la formation continue.","og_url":"https:\/\/alice.ch\/fr\/fsea-fr\/","og_site_name":"SVEB","article_modified_time":"2025-11-03T12:34:29+00:00","og_image":[{"width":235,"height":211,"url":"https:\/\/alice.ch\/app\/uploads\/2022\/10\/icon-KMU-3.png","type":"image\/png"}],"twitter_card":"summary_large_image","twitter_misc":{"Dur\u00e9e de lecture estim\u00e9e":"2 minutes"},"schema":{"@context":"https:\/\/schema.org","@graph":[{"@type":"WebPage","@id":"https:\/\/alice.ch\/fr\/fsea-fr\/","url":"https:\/\/alice.ch\/fr\/fsea-fr\/","name":"FSEA - FSEA","isPartOf":{"@id":"https:\/\/alice.ch\/fr\/#website"},"primaryImageOfPage":{"@id":"https:\/\/alice.ch\/fr\/fsea-fr\/#primaryimage"},"image":{"@id":"https:\/\/alice.ch\/fr\/fsea-fr\/#primaryimage"},"thumbnailUrl":"https:\/\/alice.ch\/app\/uploads\/2022\/11\/default.jpg","datePublished":"2022-07-11T09:05:52+00:00","dateModified":"2025-11-03T12:34:29+00:00","description":"La FSEA encourage la collaboration entre les acteurs de la formation continue et communique l'importance de la formation continue.","breadcrumb":{"@id":"https:\/\/alice.ch\/fr\/fsea-fr\/#breadcrumb"},"inLanguage":"fr-FR","potentialAction":[{"@type":"ReadAction","target":["https:\/\/alice.ch\/fr\/fsea-fr\/"]}]},{"@type":"ImageObject","inLanguage":"fr-FR","@id":"https:\/\/alice.ch\/fr\/fsea-fr\/#primaryimage","url":"https:\/\/alice.ch\/app\/uploads\/2022\/11\/default.jpg","contentUrl":"https:\/\/alice.ch\/app\/uploads\/2022\/11\/default.jpg","width":1600,"height":900},{"@type":"BreadcrumbList","@id":"https:\/\/alice.ch\/fr\/fsea-fr\/#breadcrumb","itemListElement":[{"@type":"ListItem","position":1,"name":"Page d'accueil","item":"https:\/\/alice.ch\/fr\/"},{"@type":"ListItem","position":2,"name":"FSEA"}]},{"@type":"WebSite","@id":"https:\/\/alice.ch\/fr\/#website","url":"https:\/\/alice.ch\/fr\/","name":"alice.ch (Adult Learning Information Center) ist das Portal der Weiterbildung in der Schweiz.","description":"Schweizerischer Verband f\u00fcr Weiterbildung","publisher":{"@id":"https:\/\/alice.ch\/fr\/#organization"},"potentialAction":[{"@type":"SearchAction","target":{"@type":"EntryPoint","urlTemplate":"https:\/\/alice.ch\/fr\/?s={search_term_string}"},"query-input":{"@type":"PropertyValueSpecification","valueRequired":true,"valueName":"search_term_string"}}],"inLanguage":"fr-FR"},{"@type":"Organization","@id":"https:\/\/alice.ch\/fr\/#organization","name":"FSEA F\u00e9d\u00e9ration suisse pour la formation continue","url":"https:\/\/alice.ch\/fr\/","logo":{"@type":"ImageObject","inLanguage":"fr-FR","@id":"https:\/\/alice.ch\/fr\/#\/schema\/logo\/image\/","url":"https:\/\/alice.ch\/app\/uploads\/2022\/07\/logo-sveb.png","contentUrl":"https:\/\/alice.ch\/app\/uploads\/2022\/07\/logo-sveb.png","width":145,"height":64,"caption":"FSEA F\u00e9d\u00e9ration suisse pour la formation continue"},"image":{"@id":"https:\/\/alice.ch\/fr\/#\/schema\/logo\/image\/"},"sameAs":["https:\/\/www.linkedin.com\/company\/schweizerischer-verband-fr-weiterbildung-sveb\/"]}]}},"_links":{"self":[{"href":"https:\/\/alice.ch\/fr\/wp-json\/wp\/v2\/pages\/17426","targetHints":{"allow":["GET"]}}],"collection":[{"href":"https:\/\/alice.ch\/fr\/wp-json\/wp\/v2\/pages"}],"about":[{"href":"https:\/\/alice.ch\/fr\/wp-json\/wp\/v2\/types\/page"}],"author":[{"embeddable":true,"href":"https:\/\/alice.ch\/fr\/wp-json\/wp\/v2\/users\/4"}],"replies":[{"embeddable":true,"href":"https:\/\/alice.ch\/fr\/wp-json\/wp\/v2\/comments?post=17426"}],"version-history":[{"count":32,"href":"https:\/\/alice.ch\/fr\/wp-json\/wp\/v2\/pages\/17426\/revisions"}],"predecessor-version":[{"id":71709,"href":"https:\/\/alice.ch\/fr\/wp-json\/wp\/v2\/pages\/17426\/revisions\/71709"}],"wp:featuredmedia":[{"embeddable":true,"href":"https:\/\/alice.ch\/fr\/wp-json\/wp\/v2\/media\/20799"}],"wp:attachment":[{"href":"https:\/\/alice.ch\/fr\/wp-json\/wp\/v2\/media?parent=17426"}],"curies":[{"name":"wp","href":"https:\/\/api.w.org\/{rel}","templated":true}]}}