{"id":17579,"date":"2022-08-16T17:33:44","date_gmt":"2022-08-16T15:33:44","guid":{"rendered":"https:\/\/projects.atxeit.ch\/sveb\/professionnalisation\/erwachsenenbildung-als-beruf\/"},"modified":"2025-03-17T08:53:15","modified_gmt":"2025-03-17T07:53:15","slug":"devenir-formateur-trice-dadultes","status":"publish","type":"page","link":"https:\/\/alice.ch\/fr\/professionnalisation\/devenir-formateur-trice-dadultes\/","title":{"rendered":"Devenir formateur\/trice d\u2019adultes"},"content":{"rendered":"\n<div class=\"wp-block-group is-style-reduced-width is-layout-flow wp-block-group-is-layout-flow\">\n<h1 class=\"wp-block-heading\">Devenir formatrice ou formateur d\u2019adultes<\/h1>\n\n\n\n<p class=\"is-style-lead\">Les professionnels et professionnelles souhaitant transmettre leurs connaissances et leur savoir-faire doivent avoir les comp\u00e9tences n\u00e9cessaires pour les transmettre avec professionnalisme.&nbsp;<\/p>\n\n\n\n<p>Les voies menant vers la formation initiale et continue des adultes sont multiples. Il existe par exemple des certificats, des brevets, des dipl\u00f4mes et diff\u00e9rents dipl\u00f4mes de formation continue, d\u00e9cern\u00e9s dans les hautes \u00e9coles (CAS, DAS, MAS). Chaque offre a ses sp\u00e9cificit\u00e9s. Elles se distinguent, par exemple, dans le rapport entre la th\u00e9orie et la pratique. Les <strong>certificats FFA<\/strong> ont toujours des <strong>liens \u00e9troits avec la pratique,<\/strong> un <strong>CAS universitaire en formation d\u2019adultes <\/strong>peut avoir une orientation moins pratique, <strong>mais transmettre davantage de connaissances th\u00e9oriques ainsi que des outils n\u00e9cessaires \u00e0 un travail scientifique.&nbsp;<\/strong><\/p>\n\n\n\n<p><strong>Exemple : de la pratique \u00e0 la salle de classe&nbsp;<\/strong><\/p>\n\n\n\n<p>A. est infirmi\u00e8re exp\u00e9riment\u00e9e et sp\u00e9cialis\u00e9e dans la prise en charge des personnes atteintes de d\u00e9mence. Elle aime son m\u00e9tier et partage volontiers ses connaissances avec des coll\u00e8gues plus jeunes ainsi qu\u2019avec les proches de ses patients. \u00c0 l\u2019\u00e2ge de 40 ans, elle souhaite \u00e9voluer professionnellement. Elle se verrait bien animer des cours pour les proches de personnes atteintes de d\u00e9mence. Afin de pouvoir transmettre avec professionnalisme ses connaissances, elle d\u00e9cide d\u2019obtenir un dipl\u00f4me didactique, par exemple un <a href=\"https:\/\/alice.ch\/fr\/professionnalisation\/certificats-de-formatrice-formateur-dadultes\/\">certificat FSEA<\/a>. Elle devient ainsi formatrice, tout en continuant \u00e0 exercer son m\u00e9tier d\u2019infirmi\u00e8re dans la pratique.&nbsp;<\/p>\n\n\n\n<p>La formation initiale et continue des adultes n\u2019est pas un premier m\u00e9tier, mais une <strong>qualification suppl\u00e9mentaire<\/strong>.&nbsp;<\/p>\n\n\n\n<h2 class=\"wp-block-heading\">FFA\u202f: Formation des formateurs et formatrices&nbsp;<\/h2>\n\n\n\n<p>La FSEA s\u2019engage depuis des ann\u00e9es pour des formateurs et formatrices professionnels ainsi que pour des cours et des offres de formation de haute qualit\u00e9 dans la formation initiale et continue des adultes. Notre syst\u00e8me modulaire FFA englobe des formations allant de l\u2019animation de cours et de l\u2019accompagnement individuel \u00e0 la direction de formation. Ces formations sont ouvertes \u00e0 toutes les personnes, quel que soit le domaine professionnel dans lequel elles enseignent, et peuvent \u00eatre suivies aupr\u00e8s de <a href=\"https:\/\/alice.ch\/fr\/professionnalisation\/systeme-modulaire-ffa\/cours-modulaires-ffa-reconnus\/\">nos prestataires<\/a>.<\/p>\n\n\n\n<h2 class=\"wp-block-heading\">Plus d&rsquo;information<\/h2>\n\n\n\n<div class=\"wp-block-buttons is-layout-flex wp-block-buttons-is-layout-flex\">\n<div class=\"wp-block-button has-custom-width wp-block-button__width-50 is-style-outline is-style-outline--1\"><a class=\"wp-block-button__link wp-element-button\" href=\"https:\/\/alice.ch\/fr\/professionnalisation\/systeme-modulaire-ffa\/\">Acc\u00e8s au \u00ab\u202fSyst\u00e8me modulaire FFA\u202f\u00bb&nbsp;<\/a><\/div>\n<\/div>\n\n\n\n<div class=\"wp-block-buttons is-layout-flex wp-block-buttons-is-layout-flex\">\n<div class=\"wp-block-button has-custom-width wp-block-button__width-50 is-style-outline is-style-outline--2\"><a class=\"wp-block-button__link wp-element-button\" href=\"https:\/\/alice.ch\/fr\/professionnalisation\/systeme-modulaire-ffa\/cours-modulaires-ffa-reconnus\/\" target=\"_blank\" rel=\"noreferrer noopener\">Rechercher un cours aupr\u00e8s d\u2019un institut de formation FFA<\/a><\/div>\n<\/div>\n\n\n\n<div class=\"wp-block-buttons is-layout-flex wp-block-buttons-is-layout-flex\">\n<div class=\"wp-block-button has-custom-width wp-block-button__width-50 is-style-outline is-style-outline--3\"><a class=\"wp-block-button__link wp-element-button\" href=\"https:\/\/alice.ch\/fr\/journees-dechanges-ffa\/\">Journ\u00e9es d\u2019\u00e9changes FFA&nbsp;<\/a><\/div>\n<\/div>\n\n\n\n<div class=\"wp-block-buttons is-layout-flex wp-block-buttons-is-layout-flex\">\n<div class=\"wp-block-button has-custom-width wp-block-button__width-50 is-style-outline is-style-outline--4\"><a class=\"wp-block-button__link wp-element-button\" href=\"https:\/\/alice.ch\/fr\/themes\/formation-continue-suisse\/\">Litt\u00e9rature sp\u00e9cialis\u00e9e sur la formation continue en Suisse&nbsp;<\/a><\/div>\n<\/div>\n\n\n\n<h2 class=\"wp-block-heading\">Contact<\/h2>\n\n\n\n<div class=\"wp-block-columns is-layout-flex wp-container-core-columns-is-layout-28f84493 wp-block-columns-is-layout-flex\">\n<div class=\"wp-block-column is-layout-flow wp-block-column-is-layout-flow\" style=\"flex-basis:50%\"><div class=\"contact-persons\">\n\n\t\t\t\t\t<div class=\"contact-person\">\n\t\t\t\t\tFSEA F\u00e9d\u00e9ration suisse pour la formation continue<br \/>\t\t\t\t\t\t\t\t\t\t<br \/>\n\t\t\t\t\tSecr\u00e9tariat romand<br \/>\r\nRue de Gen\u00e8ve 88b<br \/>\r\n1004 Lausanne<br \/>\t\t\t\t\t<a href=\"tel:+41 (0)22 994 20 10\">+41 (0)22 994 20 10<\/a><br \/>\t\t\t\t\t<a href=\"mailto:fsea@alice.ch\">fsea@alice.ch<\/a><br \/>\t\t\t\t\t<\/div>\n\t\t\t\t\t<\/div>\n<\/div>\n\n\n\n<div class=\"wp-block-column is-layout-flow wp-block-column-is-layout-flow\" style=\"flex-basis:50%\"><\/div>\n<\/div>\n<\/div>\n\n\n\n<p><a id=\"_msocom_1\"><\/a><\/p>\n","protected":false},"excerpt":{"rendered":"<p>Devenir formatrice ou formateur d\u2019adultes Les professionnels et professionnelles souhaitant transmettre leurs connaissances et leur savoir-faire doivent avoir les comp\u00e9tences [&hellip;]<\/p>\n","protected":false},"author":2,"featured_media":20799,"parent":17415,"menu_order":436,"comment_status":"closed","ping_status":"closed","template":"","meta":{"_acf_changed":false,"inline_featured_image":false,"footnotes":""},"class_list":["post-17579","page","type-page","status-publish","has-post-thumbnail","hentry"],"acf":[],"yoast_head":"<!-- This site is optimized with the Yoast SEO plugin v27.3 - https:\/\/yoast.com\/product\/yoast-seo-wordpress\/ -->\n<title>Devenir formateur\/trice d\u2019adultes - FSEA<\/title>\n<meta name=\"description\" content=\"Le syst\u00e8me modulaire FFA propose des formations allant du niveau de direction de cours \u00e0 celui de direction de formation.\" \/>\n<meta name=\"robots\" content=\"index, follow, max-snippet:-1, max-image-preview:large, max-video-preview:-1\" \/>\n<link rel=\"canonical\" href=\"https:\/\/alice.ch\/fr\/professionnalisation\/devenir-formateur-trice-dadultes\/\" \/>\n<meta property=\"og:locale\" content=\"fr_FR\" \/>\n<meta property=\"og:type\" content=\"article\" \/>\n<meta property=\"og:title\" content=\"Devenir formateur\/trice d\u2019adultes - FSEA\" \/>\n<meta property=\"og:description\" content=\"Le syst\u00e8me modulaire FFA propose des formations allant du niveau de direction de cours \u00e0 celui de direction de formation.\" \/>\n<meta property=\"og:url\" content=\"https:\/\/alice.ch\/fr\/professionnalisation\/devenir-formateur-trice-dadultes\/\" \/>\n<meta property=\"og:site_name\" content=\"SVEB\" \/>\n<meta property=\"article:modified_time\" content=\"2025-03-17T07:53:15+00:00\" \/>\n<meta name=\"twitter:card\" content=\"summary_large_image\" \/>\n<meta name=\"twitter:label1\" content=\"Dur\u00e9e de lecture estim\u00e9e\" \/>\n\t<meta name=\"twitter:data1\" content=\"2 minutes\" \/>\n<script type=\"application\/ld+json\" class=\"yoast-schema-graph\">{\"@context\":\"https:\\\/\\\/schema.org\",\"@graph\":[{\"@type\":\"WebPage\",\"@id\":\"https:\\\/\\\/alice.ch\\\/fr\\\/professionnalisation\\\/devenir-formateur-trice-dadultes\\\/\",\"url\":\"https:\\\/\\\/alice.ch\\\/fr\\\/professionnalisation\\\/devenir-formateur-trice-dadultes\\\/\",\"name\":\"Devenir formateur\\\/trice d\u2019adultes - FSEA\",\"isPartOf\":{\"@id\":\"https:\\\/\\\/alice.ch\\\/fr\\\/#website\"},\"primaryImageOfPage\":{\"@id\":\"https:\\\/\\\/alice.ch\\\/fr\\\/professionnalisation\\\/devenir-formateur-trice-dadultes\\\/#primaryimage\"},\"image\":{\"@id\":\"https:\\\/\\\/alice.ch\\\/fr\\\/professionnalisation\\\/devenir-formateur-trice-dadultes\\\/#primaryimage\"},\"thumbnailUrl\":\"https:\\\/\\\/alice.ch\\\/app\\\/uploads\\\/2022\\\/11\\\/default.jpg\",\"datePublished\":\"2022-08-16T15:33:44+00:00\",\"dateModified\":\"2025-03-17T07:53:15+00:00\",\"description\":\"Le syst\u00e8me modulaire FFA propose des formations allant du niveau de direction de cours \u00e0 celui de direction de formation.\",\"breadcrumb\":{\"@id\":\"https:\\\/\\\/alice.ch\\\/fr\\\/professionnalisation\\\/devenir-formateur-trice-dadultes\\\/#breadcrumb\"},\"inLanguage\":\"fr-FR\",\"potentialAction\":[{\"@type\":\"ReadAction\",\"target\":[\"https:\\\/\\\/alice.ch\\\/fr\\\/professionnalisation\\\/devenir-formateur-trice-dadultes\\\/\"]}]},{\"@type\":\"ImageObject\",\"inLanguage\":\"fr-FR\",\"@id\":\"https:\\\/\\\/alice.ch\\\/fr\\\/professionnalisation\\\/devenir-formateur-trice-dadultes\\\/#primaryimage\",\"url\":\"https:\\\/\\\/alice.ch\\\/app\\\/uploads\\\/2022\\\/11\\\/default.jpg\",\"contentUrl\":\"https:\\\/\\\/alice.ch\\\/app\\\/uploads\\\/2022\\\/11\\\/default.jpg\",\"width\":1600,\"height\":900},{\"@type\":\"BreadcrumbList\",\"@id\":\"https:\\\/\\\/alice.ch\\\/fr\\\/professionnalisation\\\/devenir-formateur-trice-dadultes\\\/#breadcrumb\",\"itemListElement\":[{\"@type\":\"ListItem\",\"position\":1,\"name\":\"Page d'accueil\",\"item\":\"https:\\\/\\\/alice.ch\\\/fr\\\/\"},{\"@type\":\"ListItem\",\"position\":2,\"name\":\"Professionnalisation\",\"item\":\"https:\\\/\\\/alice.ch\\\/fr\\\/professionnalisation\\\/\"},{\"@type\":\"ListItem\",\"position\":3,\"name\":\"Devenir formateur\\\/trice d\u2019adultes\"}]},{\"@type\":\"WebSite\",\"@id\":\"https:\\\/\\\/alice.ch\\\/fr\\\/#website\",\"url\":\"https:\\\/\\\/alice.ch\\\/fr\\\/\",\"name\":\"alice.ch (Adult Learning Information Center) ist das Portal der Weiterbildung in der Schweiz.\",\"description\":\"Schweizerischer Verband f\u00fcr Weiterbildung\",\"publisher\":{\"@id\":\"https:\\\/\\\/alice.ch\\\/fr\\\/#organization\"},\"potentialAction\":[{\"@type\":\"SearchAction\",\"target\":{\"@type\":\"EntryPoint\",\"urlTemplate\":\"https:\\\/\\\/alice.ch\\\/fr\\\/?s={search_term_string}\"},\"query-input\":{\"@type\":\"PropertyValueSpecification\",\"valueRequired\":true,\"valueName\":\"search_term_string\"}}],\"inLanguage\":\"fr-FR\"},{\"@type\":\"Organization\",\"@id\":\"https:\\\/\\\/alice.ch\\\/fr\\\/#organization\",\"name\":\"FSEA F\u00e9d\u00e9ration suisse pour la formation continue\",\"url\":\"https:\\\/\\\/alice.ch\\\/fr\\\/\",\"logo\":{\"@type\":\"ImageObject\",\"inLanguage\":\"fr-FR\",\"@id\":\"https:\\\/\\\/alice.ch\\\/fr\\\/#\\\/schema\\\/logo\\\/image\\\/\",\"url\":\"https:\\\/\\\/alice.ch\\\/app\\\/uploads\\\/2022\\\/07\\\/logo-sveb.png\",\"contentUrl\":\"https:\\\/\\\/alice.ch\\\/app\\\/uploads\\\/2022\\\/07\\\/logo-sveb.png\",\"width\":145,\"height\":64,\"caption\":\"FSEA F\u00e9d\u00e9ration suisse pour la formation continue\"},\"image\":{\"@id\":\"https:\\\/\\\/alice.ch\\\/fr\\\/#\\\/schema\\\/logo\\\/image\\\/\"},\"sameAs\":[\"https:\\\/\\\/www.linkedin.com\\\/company\\\/schweizerischer-verband-fr-weiterbildung-sveb\\\/\"]}]}<\/script>\n<!-- \/ Yoast SEO plugin. -->","yoast_head_json":{"title":"Devenir formateur\/trice d\u2019adultes - FSEA","description":"Le syst\u00e8me modulaire FFA propose des formations allant du niveau de direction de cours \u00e0 celui de direction de formation.","robots":{"index":"index","follow":"follow","max-snippet":"max-snippet:-1","max-image-preview":"max-image-preview:large","max-video-preview":"max-video-preview:-1"},"canonical":"https:\/\/alice.ch\/fr\/professionnalisation\/devenir-formateur-trice-dadultes\/","og_locale":"fr_FR","og_type":"article","og_title":"Devenir formateur\/trice d\u2019adultes - FSEA","og_description":"Le syst\u00e8me modulaire FFA propose des formations allant du niveau de direction de cours \u00e0 celui de direction de formation.","og_url":"https:\/\/alice.ch\/fr\/professionnalisation\/devenir-formateur-trice-dadultes\/","og_site_name":"SVEB","article_modified_time":"2025-03-17T07:53:15+00:00","twitter_card":"summary_large_image","twitter_misc":{"Dur\u00e9e de lecture estim\u00e9e":"2 minutes"},"schema":{"@context":"https:\/\/schema.org","@graph":[{"@type":"WebPage","@id":"https:\/\/alice.ch\/fr\/professionnalisation\/devenir-formateur-trice-dadultes\/","url":"https:\/\/alice.ch\/fr\/professionnalisation\/devenir-formateur-trice-dadultes\/","name":"Devenir formateur\/trice d\u2019adultes - FSEA","isPartOf":{"@id":"https:\/\/alice.ch\/fr\/#website"},"primaryImageOfPage":{"@id":"https:\/\/alice.ch\/fr\/professionnalisation\/devenir-formateur-trice-dadultes\/#primaryimage"},"image":{"@id":"https:\/\/alice.ch\/fr\/professionnalisation\/devenir-formateur-trice-dadultes\/#primaryimage"},"thumbnailUrl":"https:\/\/alice.ch\/app\/uploads\/2022\/11\/default.jpg","datePublished":"2022-08-16T15:33:44+00:00","dateModified":"2025-03-17T07:53:15+00:00","description":"Le syst\u00e8me modulaire FFA propose des formations allant du niveau de direction de cours \u00e0 celui de direction de formation.","breadcrumb":{"@id":"https:\/\/alice.ch\/fr\/professionnalisation\/devenir-formateur-trice-dadultes\/#breadcrumb"},"inLanguage":"fr-FR","potentialAction":[{"@type":"ReadAction","target":["https:\/\/alice.ch\/fr\/professionnalisation\/devenir-formateur-trice-dadultes\/"]}]},{"@type":"ImageObject","inLanguage":"fr-FR","@id":"https:\/\/alice.ch\/fr\/professionnalisation\/devenir-formateur-trice-dadultes\/#primaryimage","url":"https:\/\/alice.ch\/app\/uploads\/2022\/11\/default.jpg","contentUrl":"https:\/\/alice.ch\/app\/uploads\/2022\/11\/default.jpg","width":1600,"height":900},{"@type":"BreadcrumbList","@id":"https:\/\/alice.ch\/fr\/professionnalisation\/devenir-formateur-trice-dadultes\/#breadcrumb","itemListElement":[{"@type":"ListItem","position":1,"name":"Page d'accueil","item":"https:\/\/alice.ch\/fr\/"},{"@type":"ListItem","position":2,"name":"Professionnalisation","item":"https:\/\/alice.ch\/fr\/professionnalisation\/"},{"@type":"ListItem","position":3,"name":"Devenir formateur\/trice d\u2019adultes"}]},{"@type":"WebSite","@id":"https:\/\/alice.ch\/fr\/#website","url":"https:\/\/alice.ch\/fr\/","name":"alice.ch (Adult Learning Information Center) ist das Portal der Weiterbildung in der Schweiz.","description":"Schweizerischer Verband f\u00fcr Weiterbildung","publisher":{"@id":"https:\/\/alice.ch\/fr\/#organization"},"potentialAction":[{"@type":"SearchAction","target":{"@type":"EntryPoint","urlTemplate":"https:\/\/alice.ch\/fr\/?s={search_term_string}"},"query-input":{"@type":"PropertyValueSpecification","valueRequired":true,"valueName":"search_term_string"}}],"inLanguage":"fr-FR"},{"@type":"Organization","@id":"https:\/\/alice.ch\/fr\/#organization","name":"FSEA F\u00e9d\u00e9ration suisse pour la formation continue","url":"https:\/\/alice.ch\/fr\/","logo":{"@type":"ImageObject","inLanguage":"fr-FR","@id":"https:\/\/alice.ch\/fr\/#\/schema\/logo\/image\/","url":"https:\/\/alice.ch\/app\/uploads\/2022\/07\/logo-sveb.png","contentUrl":"https:\/\/alice.ch\/app\/uploads\/2022\/07\/logo-sveb.png","width":145,"height":64,"caption":"FSEA F\u00e9d\u00e9ration suisse pour la formation continue"},"image":{"@id":"https:\/\/alice.ch\/fr\/#\/schema\/logo\/image\/"},"sameAs":["https:\/\/www.linkedin.com\/company\/schweizerischer-verband-fr-weiterbildung-sveb\/"]}]}},"_links":{"self":[{"href":"https:\/\/alice.ch\/fr\/wp-json\/wp\/v2\/pages\/17579","targetHints":{"allow":["GET"]}}],"collection":[{"href":"https:\/\/alice.ch\/fr\/wp-json\/wp\/v2\/pages"}],"about":[{"href":"https:\/\/alice.ch\/fr\/wp-json\/wp\/v2\/types\/page"}],"author":[{"embeddable":true,"href":"https:\/\/alice.ch\/fr\/wp-json\/wp\/v2\/users\/2"}],"replies":[{"embeddable":true,"href":"https:\/\/alice.ch\/fr\/wp-json\/wp\/v2\/comments?post=17579"}],"version-history":[{"count":19,"href":"https:\/\/alice.ch\/fr\/wp-json\/wp\/v2\/pages\/17579\/revisions"}],"predecessor-version":[{"id":66796,"href":"https:\/\/alice.ch\/fr\/wp-json\/wp\/v2\/pages\/17579\/revisions\/66796"}],"up":[{"embeddable":true,"href":"https:\/\/alice.ch\/fr\/wp-json\/wp\/v2\/pages\/17415"}],"wp:featuredmedia":[{"embeddable":true,"href":"https:\/\/alice.ch\/fr\/wp-json\/wp\/v2\/media\/20799"}],"wp:attachment":[{"href":"https:\/\/alice.ch\/fr\/wp-json\/wp\/v2\/media?parent=17579"}],"curies":[{"name":"wp","href":"https:\/\/api.w.org\/{rel}","templated":true}]}}