{"id":17611,"date":"2022-08-16T17:31:01","date_gmt":"2022-08-16T15:31:01","guid":{"rendered":"https:\/\/projects.atxeit.ch\/sveb\/professionnalisation\/ada-baukastensystem\/"},"modified":"2026-03-11T16:28:59","modified_gmt":"2026-03-11T15:28:59","slug":"systeme-modulaire-ffa","status":"publish","type":"page","link":"https:\/\/alice.ch\/fr\/professionnalisation\/systeme-modulaire-ffa\/","title":{"rendered":"Syst\u00e8me modulaire FFA"},"content":{"rendered":"\n<div class=\"wp-block-group is-layout-flow wp-block-group-is-layout-flow\">\n<div class=\"wp-block-group is-style-reduced-width is-layout-constrained wp-block-group-is-layout-constrained\">\n<div class=\"wp-block-group is-style-default is-layout-flow wp-block-group-is-layout-flow\">\n<h1 class=\"wp-block-heading\">Formation des formateurs (FFA) \u2013 voici comment fonctionne le syst\u00e8me modulaire<\/h1>\n\n\n\n<p class=\"is-style-lead\">Le syst\u00e8me de formation des formateurs vous permet d&rsquo;acc\u00e9der \u00e0 la formation des adultes et d&rsquo;approfondir vos connaissances de mani\u00e8re vari\u00e9e. Il est modulable en trois niveaux et va des connaissances professionnelles de base aux comp\u00e9tences de direction et \u00e0 l&rsquo;expertise p\u00e9dagogique dans le domaine de la formation continue.<\/p>\n\n\n\n<p>La structure modulaire permet une organisation flexible des diff\u00e9rentes voies menant \u00e0 la profession de formatrice et formateur d\u2019adultes. Plus de 60 000 responsables de cours ont d\u00e9j\u00e0 obtenu un certificat FSEA (niveau I), plus de 15 000 sp\u00e9cialistes un brevet f\u00e9d\u00e9ral (niveau II) et environ 190 cadres un dipl\u00f4me f\u00e9d\u00e9ral (niveau III). Les instituts de formation continue ainsi que les formatrices et formateurs misent sur la qualit\u00e9 des certificats FFA.<\/p>\n\n\n\n<figure class=\"wp-block-image size-full is-resized is-style-no-border\"><img decoding=\"async\" src=\"https:\/\/alice.ch\/app\/uploads\/2025\/09\/ffa-modules-apercu.svg\" alt=\"\" class=\"wp-image-70937\" style=\"aspect-ratio:1;width:623px;height:auto\" \/><\/figure>\n<\/div>\n<\/div>\n<\/div>\n\n\n\n<div class=\"wp-block-group is-style-reduced-width is-layout-flow wp-block-group-is-layout-flow\">\n<div class=\"wp-block-columns is-style-accordion is-layout-flex wp-container-core-columns-is-layout-28f84493 wp-block-columns-is-layout-flex\" id=\"faq-element-1\">\n<div class=\"wp-block-column is-layout-flow wp-block-column-is-layout-flow\">\n<h3 class=\"wp-block-heading\" id=\"stufe1\">Niveau I: Je souhaite accompagner\/former des adultes \u2013 Certificats FSEA Formatrice\/Formateur<\/h3>\n<\/div>\n\n\n\n<div class=\"wp-block-column is-layout-flow wp-block-column-is-layout-flow\">\n<p>Le premier niveau du syst\u00e8me modulaire FFA comprend deux certificats : le certificat FSEA Formatrice\/Formateur&nbsp; \u2013 Animer des sessions de formation pour des groupes d\u2019adultes FFA CF-AF<a href=\"https:\/\/alice.ch\/de\/professionalisierung\/sveb-zertifikate-ausbilderin-ausbilder\/lernveranstaltungen-in-gruppen\/\"><\/a> et le certificat FSEA Formatrice\/Formateur&nbsp; \u2013 Accompagner individuellement des adultes dans un apprentissage FFA CF-AI.<\/p>\n\n\n\n<p>Ils transmettent les bases de la formation et fournissent ainsi les outils n\u00e9cessaires pour accompagner et former des adultes.<\/p>\n\n\n\n<p>Un certificat FSEA de formatrice\/formateur correspond \u00e9galement au premier module (niveau I) du brevet f\u00e9d\u00e9ral de formatrice\/formateur d\u2019adultes.<\/p>\n\n\n\n<p>Certificat FSEA Formatrice\/formateur \u2013 Animer des sessions de formation pour des groupes d\u2019adultes&nbsp;\u2013 FFA CF-AF et Certificat FSEA Formatrice\/formateur \u2013 Accompagnements individuels&nbsp;\u2013 FFA CF-AI.<\/p>\n\n\n\n<div class=\"wp-block-buttons is-layout-flex wp-block-buttons-is-layout-flex\">\n<div class=\"wp-block-button has-custom-width wp-block-button__width-50 is-style-outline is-style-outline--1\"><a class=\"wp-block-button__link wp-element-button\" href=\"https:\/\/alice.ch\/fr\/professionnalisation\/certificats-de-formatrice-formateur-dadultes\/\">Certificat FSEA Formatrice\/formateur <\/a><\/div>\n<\/div>\n<\/div>\n<\/div>\n\n\n\n<div class=\"wp-block-columns is-style-accordion is-layout-flex wp-container-core-columns-is-layout-28f84493 wp-block-columns-is-layout-flex\" id=\"faq-element-1\">\n<div class=\"wp-block-column is-layout-flow wp-block-column-is-layout-flow\">\n<h3 class=\"wp-block-heading\">Niveau II: Je souhaite enseigner, concevoir et organiser des cours \u2013 Brevet f\u00e9d\u00e9ral de formatrice\/formateur d\u2019adultes<\/h3>\n<\/div>\n\n\n\n<div class=\"wp-block-column is-layout-flow wp-block-column-is-layout-flow\">\n<p>Cinq modules suppl\u00e9mentaires permettent d&rsquo;obtenir le brevet f\u00e9d\u00e9ral de formatrice\/formateur d\u2019adultes. Le brevet f\u00e9d\u00e9ral est un dipl\u00f4me officiel qui n\u00e9cessite de passer un examen apr\u00e8s avoir obtenu l\u2019un des certificats FSEA de niveau I et les cinq certificats du niveau II.<\/p>\n\n\n\n<p><br>Les modules des niveaux I et II peuvent \u00eatre suivis dans n&rsquo;importe quel ordre. Toutefois, il est judicieux, du point de vue du contenu, de suivre d&rsquo;abord un module du niveau I, c&rsquo;est-\u00e0-dire d&rsquo;obtenir l&rsquo;un des certificats FSEA de formatrice\/formateur.<br><\/p>\n\n\n\n<div class=\"wp-block-buttons is-layout-flex wp-block-buttons-is-layout-flex\">\n<div class=\"wp-block-button has-custom-width wp-block-button__width-50 is-style-outline is-style-outline--2\"><a class=\"wp-block-button__link wp-element-button\" href=\"https:\/\/alice.ch\/fr\/professionnalisation\/brevet-federal-formatrice-formateur-dadultes-ffa\/\">Brevet f\u00e9d\u00e9ral de formatrice\/formateur d\u2019adultes<\/a><\/div>\n<\/div>\n<\/div>\n<\/div>\n\n\n\n<div class=\"wp-block-columns is-style-accordion is-layout-flex wp-container-core-columns-is-layout-28f84493 wp-block-columns-is-layout-flex\" id=\"faq-element-1\">\n<div class=\"wp-block-column is-layout-flow wp-block-column-is-layout-flow\">\n<h3 class=\"wp-block-heading\">Niveau III: Je souhaite diriger, g\u00e9rer et superviser dans le domaine de la formation \u2013 gestion de la formation et expertise en formation<\/h3>\n<\/div>\n\n\n\n<div class=\"wp-block-column is-layout-flow wp-block-column-is-layout-flow\">\n<p>Au niveau III, il existe deux dipl\u00f4mes :<\/p>\n\n\n\n<ul class=\"wp-block-list\">\n<li><a href=\"https:\/\/alice.ch\/fr\/professionnalisation\/gestion-de-la-formation-et-expertise-en-matiere-de-formation\/diplome-federal-de-responsable-de-formation\/\">Le dipl\u00f4me f\u00e9d\u00e9ral de responsable de formation<strong> EPS<\/strong><\/a> n\u00e9cessite l&rsquo;obtention des six modules de niveau III. Il est ensuite possible de s&rsquo;inscrire \u00e0 l&rsquo;Examen professionnel sup\u00e9rieur (EPS). Le responsable de formation travaille dans la gestion de la formation et assume des responsabilit\u00e9s de direction.<\/li>\n\n\n\n<li><strong>Le <\/strong><a href=\"https:\/\/alice.ch\/fr\/professionnalisation\/gestion-de-la-formation-et-expertise-en-matiere-de-formation\/diplome-de-formatrice-formateur-dadultes-es\/\"><strong>dipl\u00f4me f\u00e9d\u00e9ral de formatrice\/formateur d\u2019adultes ES<\/strong><\/a> est plus g\u00e9n\u00e9raliste et convient aux personnes qui souhaitent se perfectionner dans le domaine du d\u00e9veloppement de la qualit\u00e9 et des programmes d&rsquo;\u00e9tudes. <a>La formation en \u00e9cole sup\u00e9rieure peut \u00eatre suivie \u00e0 temps plein ou en cours d&#8217;emploi.<\/a><a id=\"_msocom_1\"><\/a><\/li>\n<\/ul>\n\n\n\n<div class=\"wp-block-buttons is-layout-flex wp-block-buttons-is-layout-flex\">\n<div class=\"wp-block-button has-custom-width wp-block-button__width-50 is-style-outline is-style-outline--3\"><a class=\"wp-block-button__link wp-element-button\" href=\"https:\/\/alice.ch\/fr\/professionnalisation\/gestion-de-la-formation-et-expertise-en-matiere-de-formation\/\">Gestion de la formation et expertise en mati\u00e8re de formation<\/a><\/div>\n<\/div>\n<\/div>\n<\/div>\n\n\n\n<div class=\"wp-block-columns is-style-accordion is-layout-flex wp-container-core-columns-is-layout-28f84493 wp-block-columns-is-layout-flex\" id=\"faq-element-1\">\n<div class=\"wp-block-column is-layout-flow wp-block-column-is-layout-flow\">\n<h3 class=\"wp-block-heading\">Validation des acquis: j&rsquo;ai d\u00e9j\u00e0 une exp\u00e9rience dans la formation, comment puis-je faire reconna\u00eetre mes acquis ?<\/h3>\n<\/div>\n\n\n\n<div class=\"wp-block-column is-layout-flow wp-block-column-is-layout-flow\">\n<p>Vous avez d\u00e9j\u00e0 une exp\u00e9rience pratique dans la formation des adultes? Gr\u00e2ce \u00e0 la validation des acquis, vous pouvez la faire reconna\u00eetre afin de ne pas repartir de z\u00e9ro pour obtenir un certificat, un brevet f\u00e9d\u00e9ral ou un dipl\u00f4me.<\/p>\n\n\n\n<div class=\"wp-block-buttons is-layout-flex wp-block-buttons-is-layout-flex\">\n<div class=\"wp-block-button has-custom-width wp-block-button__width-50 is-style-outline is-style-outline--4\"><a class=\"wp-block-button__link wp-element-button\" href=\"https:\/\/alice.ch\/fr\/professionnalisation\/validation-des-acquis-va\/\">Validation des acquis VA<\/a><\/div>\n<\/div>\n<\/div>\n<\/div>\n\n\n\n<div class=\"wp-block-columns is-style-accordion is-layout-flex wp-container-core-columns-is-layout-28f84493 wp-block-columns-is-layout-flex\" id=\"faq-element-1\">\n<div class=\"wp-block-column is-layout-flow wp-block-column-is-layout-flow\">\n<h3 class=\"wp-block-heading\">Certificats de formation continue FSEA<\/h3>\n<\/div>\n\n\n\n<div class=\"wp-block-column is-layout-flow wp-block-column-is-layout-flow\">\n<p>Le syst\u00e8me modulaire FFA est compl\u00e9t\u00e9 par un domaine de formation continue. Les titulaires d&rsquo;un certificat FSEA peuvent non seulement poursuivre leur d\u00e9veloppement vertical vers le brevet f\u00e9d\u00e9ral de formatrice\/formateur, mais aussi suivre une voie horizontale:<\/p>\n\n\n\n<p>Au niveau I, il existe le module de formation continue \u00abSoutenir les processus d\u2019apprentissage \u00e0 l\u2019aide de m\u00e9dias num\u00e9riques et de l\u2019intelligence artificielle (IA)\u00bb.<\/p>\n\n\n\n<p>Au niveau II, les modules d&rsquo;approfondissement \u00abAccompagner les processus de groupe dans des sessions de formation\u00bb, \u00abConcevoir et organiser des offres de formation en ligne sur le plan didactique\u00bb et \u00abPlanifier et \u00e9laborer des proc\u00e9dures de qualification ax\u00e9es sur les comp\u00e9tences\u00bb peuvent \u00e9galement \u00eatre obtenus sous forme de certificats de formation continue.<\/p>\n\n\n\n<div class=\"wp-block-buttons is-layout-flex wp-block-buttons-is-layout-flex\">\n<div class=\"wp-block-button has-custom-width wp-block-button__width-50 is-style-outline is-style-outline--5\"><a class=\"wp-block-button__link wp-element-button\" href=\"https:\/\/alice.ch\/fr\/professionnalisation\/certificats-de-formation-continue-fsea\/\">Certificats de formation continue FSEA<\/a><\/div>\n<\/div>\n<\/div>\n<\/div>\n\n\n\n<div class=\"wp-block-columns is-style-accordion is-layout-flex wp-container-core-columns-is-layout-28f84493 wp-block-columns-is-layout-flex\" id=\"faq-element-1\">\n<div class=\"wp-block-column is-layout-flow wp-block-column-is-layout-flow\">\n<h3 class=\"wp-block-heading\" id=\"organe\">Organe responsable et commissions<\/h3>\n<\/div>\n\n\n\n<div class=\"wp-block-column is-layout-flow wp-block-column-is-layout-flow\">\n<h4 class=\"wp-block-heading\">Organe responsable:<\/h4>\n\n\n\n<ul class=\"wp-block-list\">\n<li>FSEA<\/li>\n<\/ul>\n\n\n\n<h4 class=\"wp-block-heading\">Organes de surveillance:<\/h4>\n\n\n\n<ul class=\"wp-block-list\">\n<li><strong><a href=\"https:\/\/alice.ch\/app\/uploads\/2023\/07\/Mitglieder_QSK.pdf\">Commission charg\u00e9e de l&rsquo;assurance qualit\u00e9 CAQ<\/a><\/strong><br>T\u00e2ches de la CAQ:\n<ul class=\"wp-block-list\">\n<li>Elle est responsable des trois niveaux du syst\u00e8me modulaire sur les plans normatif et op\u00e9rationnel.<\/li>\n\n\n\n<li>Elle \u00e9tablit les r\u00e8glements et directives.<\/li>\n\n\n\n<li>Elle d\u00e9cide de l\u2019octroi du brevet f\u00e9d\u00e9ral et du dipl\u00f4me f\u00e9d\u00e9ral.<\/li>\n\n\n\n<li>Elle est l\u2019instance de recours pour les d\u00e9cisions en rapport avec la reconnaissance et validation des acquis et la proc\u00e9dure correspondante.<\/li>\n\n\n\n<li>Elle assure et d\u00e9veloppe la qualit\u00e9 dans les domaines qui lui sont confi\u00e9s.<br><\/li>\n<\/ul>\n<\/li>\n\n\n\n<li class=\"is-style-default\"><strong><a href=\"https:\/\/alice.ch\/app\/uploads\/2024\/02\/Mitglieder_SK-AdA_2024.pdf\">Commission suisse du syst\u00e8me modulaire de formation de formateurs\/formatrices FFA<\/a><\/strong><br>T\u00e2ches de la Commission suisse FFA:\n<ul class=\"wp-block-list\">\n<li>Elle assume la responsabilit\u00e9 g\u00e9n\u00e9rale du syst\u00e8me modulaire de formation et de son d\u00e9veloppement.<\/li>\n\n\n\n<li>Elle est responsable des d\u00e9cisions au niveau strat\u00e9gique.<\/li>\n\n\n\n<li class=\"is-style-default\">Elle repr\u00e9sente le syst\u00e8me modulaire FFA \u00e0 l\u2019ext\u00e9rieur.<br><\/li>\n<\/ul>\n<\/li>\n<\/ul>\n<\/div>\n<\/div>\n<\/div>\n\n\n\n<div class=\"wp-block-group is-layout-flow wp-block-group-is-layout-flow\">\n<div class=\"wp-block-group is-style-reduced-width is-layout-constrained wp-block-group-is-layout-constrained\">\n<div class=\"wp-block-group is-style-default is-layout-flow wp-block-group-is-layout-flow\">\n<h2 class=\"wp-block-heading\">Trouver des cours modulaires FFA<\/h2>\n\n\n\n<p>Dans la base de donn\u00e9es FFA, vous trouverez la liste des prestataires qui proposent les modules FFA<\/p>\n\n\n\n<div class=\"wp-block-buttons is-layout-flex wp-block-buttons-is-layout-flex\">\n<div class=\"wp-block-button has-custom-width wp-block-button__width-50 is-style-outline is-style-outline--6\"><a class=\"wp-block-button__link wp-element-button\" href=\"https:\/\/alice.ch\/fr\/professionnalisation\/systeme-modulaire-ffa\/cours-modulaires-ffa-reconnus\/\">Trouver un cours FFA<\/a><\/div>\n<\/div>\n\n\n\n<h2 class=\"wp-block-heading\">Contact<\/h2>\n\n\n\n<div class=\"wp-block-columns is-layout-flex wp-container-core-columns-is-layout-28f84493 wp-block-columns-is-layout-flex\">\n<div class=\"wp-block-column is-layout-flow wp-block-column-is-layout-flow\" style=\"flex-basis:50%\"><div class=\"contact-persons\">\n\n\t\t\t\t\t<div class=\"contact-person\">\n\t\t\t\t\tFSEA F\u00e9d\u00e9ration suisse pour la formation continue<br \/>\t\t\t\t\t\t\t\t\t\t<br \/>\n\t\t\t\t\tSecr\u00e9tariat romand<br \/>\r\nRue de Gen\u00e8ve 88b<br \/>\r\n1004 Lausanne<br \/>\t\t\t\t\t<a href=\"tel:+41 (0)22 994 20 10\">+41 (0)22 994 20 10<\/a><br \/>\t\t\t\t\t<a href=\"mailto:fsea@alice.ch\">fsea@alice.ch<\/a><br \/>\t\t\t\t\t<\/div>\n\t\t\t\t\t<\/div>\n<\/div>\n\n\n\n<div class=\"wp-block-column is-layout-flow wp-block-column-is-layout-flow\" style=\"flex-basis:50%\"><\/div>\n<\/div>\n<\/div>\n<\/div>\n<\/div>\n\n\n\n<p><\/p>\n","protected":false},"excerpt":{"rendered":"<p>Formation des formateurs (FFA) \u2013 voici comment fonctionne le syst\u00e8me modulaire Le syst\u00e8me de formation des formateurs vous permet d&rsquo;acc\u00e9der [&hellip;]<\/p>\n","protected":false},"author":2,"featured_media":20799,"parent":17415,"menu_order":403,"comment_status":"closed","ping_status":"closed","template":"","meta":{"_acf_changed":false,"inline_featured_image":false,"footnotes":""},"class_list":["post-17611","page","type-page","status-publish","has-post-thumbnail","hentry"],"acf":[],"yoast_head":"<!-- This site is optimized with the Yoast SEO plugin v27.3 - https:\/\/yoast.com\/product\/yoast-seo-wordpress\/ -->\n<title>Syst\u00e8me modulaire FFA - FSEA<\/title>\n<meta name=\"description\" content=\"FFA est synonyme de professionnalisation de la formation des adultes. Les dipl\u00f4mes FFA du syst\u00e8me modulaire offrent des formations compl\u00e8tes.\" \/>\n<meta name=\"robots\" content=\"index, follow, max-snippet:-1, max-image-preview:large, max-video-preview:-1\" \/>\n<link rel=\"canonical\" href=\"https:\/\/alice.ch\/fr\/professionnalisation\/systeme-modulaire-ffa\/\" \/>\n<meta property=\"og:locale\" content=\"fr_FR\" \/>\n<meta property=\"og:type\" content=\"article\" \/>\n<meta property=\"og:title\" content=\"Syst\u00e8me modulaire FFA - FSEA\" \/>\n<meta property=\"og:description\" content=\"FFA est synonyme de professionnalisation de la formation des adultes. Les dipl\u00f4mes FFA du syst\u00e8me modulaire offrent des formations compl\u00e8tes.\" \/>\n<meta property=\"og:url\" content=\"https:\/\/alice.ch\/fr\/professionnalisation\/systeme-modulaire-ffa\/\" \/>\n<meta property=\"og:site_name\" content=\"SVEB\" \/>\n<meta property=\"article:modified_time\" content=\"2026-03-11T15:28:59+00:00\" \/>\n<meta name=\"twitter:card\" content=\"summary_large_image\" \/>\n<meta name=\"twitter:label1\" content=\"Dur\u00e9e de lecture estim\u00e9e\" \/>\n\t<meta name=\"twitter:data1\" content=\"4 minutes\" \/>\n<script type=\"application\/ld+json\" class=\"yoast-schema-graph\">{\"@context\":\"https:\\\/\\\/schema.org\",\"@graph\":[{\"@type\":\"WebPage\",\"@id\":\"https:\\\/\\\/alice.ch\\\/fr\\\/professionnalisation\\\/systeme-modulaire-ffa\\\/\",\"url\":\"https:\\\/\\\/alice.ch\\\/fr\\\/professionnalisation\\\/systeme-modulaire-ffa\\\/\",\"name\":\"Syst\u00e8me modulaire FFA - FSEA\",\"isPartOf\":{\"@id\":\"https:\\\/\\\/alice.ch\\\/fr\\\/#website\"},\"primaryImageOfPage\":{\"@id\":\"https:\\\/\\\/alice.ch\\\/fr\\\/professionnalisation\\\/systeme-modulaire-ffa\\\/#primaryimage\"},\"image\":{\"@id\":\"https:\\\/\\\/alice.ch\\\/fr\\\/professionnalisation\\\/systeme-modulaire-ffa\\\/#primaryimage\"},\"thumbnailUrl\":\"https:\\\/\\\/alice.ch\\\/app\\\/uploads\\\/2022\\\/11\\\/default.jpg\",\"datePublished\":\"2022-08-16T15:31:01+00:00\",\"dateModified\":\"2026-03-11T15:28:59+00:00\",\"description\":\"FFA est synonyme de professionnalisation de la formation des adultes. Les dipl\u00f4mes FFA du syst\u00e8me modulaire offrent des formations compl\u00e8tes.\",\"breadcrumb\":{\"@id\":\"https:\\\/\\\/alice.ch\\\/fr\\\/professionnalisation\\\/systeme-modulaire-ffa\\\/#breadcrumb\"},\"inLanguage\":\"fr-FR\",\"potentialAction\":[{\"@type\":\"ReadAction\",\"target\":[\"https:\\\/\\\/alice.ch\\\/fr\\\/professionnalisation\\\/systeme-modulaire-ffa\\\/\"]}]},{\"@type\":\"ImageObject\",\"inLanguage\":\"fr-FR\",\"@id\":\"https:\\\/\\\/alice.ch\\\/fr\\\/professionnalisation\\\/systeme-modulaire-ffa\\\/#primaryimage\",\"url\":\"https:\\\/\\\/alice.ch\\\/app\\\/uploads\\\/2022\\\/11\\\/default.jpg\",\"contentUrl\":\"https:\\\/\\\/alice.ch\\\/app\\\/uploads\\\/2022\\\/11\\\/default.jpg\",\"width\":1600,\"height\":900},{\"@type\":\"BreadcrumbList\",\"@id\":\"https:\\\/\\\/alice.ch\\\/fr\\\/professionnalisation\\\/systeme-modulaire-ffa\\\/#breadcrumb\",\"itemListElement\":[{\"@type\":\"ListItem\",\"position\":1,\"name\":\"Page d'accueil\",\"item\":\"https:\\\/\\\/alice.ch\\\/fr\\\/\"},{\"@type\":\"ListItem\",\"position\":2,\"name\":\"Professionnalisation\",\"item\":\"https:\\\/\\\/alice.ch\\\/fr\\\/professionnalisation\\\/\"},{\"@type\":\"ListItem\",\"position\":3,\"name\":\"Syst\u00e8me modulaire FFA\"}]},{\"@type\":\"WebSite\",\"@id\":\"https:\\\/\\\/alice.ch\\\/fr\\\/#website\",\"url\":\"https:\\\/\\\/alice.ch\\\/fr\\\/\",\"name\":\"alice.ch (Adult Learning Information Center) ist das Portal der Weiterbildung in der Schweiz.\",\"description\":\"Schweizerischer Verband f\u00fcr Weiterbildung\",\"publisher\":{\"@id\":\"https:\\\/\\\/alice.ch\\\/fr\\\/#organization\"},\"potentialAction\":[{\"@type\":\"SearchAction\",\"target\":{\"@type\":\"EntryPoint\",\"urlTemplate\":\"https:\\\/\\\/alice.ch\\\/fr\\\/?s={search_term_string}\"},\"query-input\":{\"@type\":\"PropertyValueSpecification\",\"valueRequired\":true,\"valueName\":\"search_term_string\"}}],\"inLanguage\":\"fr-FR\"},{\"@type\":\"Organization\",\"@id\":\"https:\\\/\\\/alice.ch\\\/fr\\\/#organization\",\"name\":\"FSEA F\u00e9d\u00e9ration suisse pour la formation continue\",\"url\":\"https:\\\/\\\/alice.ch\\\/fr\\\/\",\"logo\":{\"@type\":\"ImageObject\",\"inLanguage\":\"fr-FR\",\"@id\":\"https:\\\/\\\/alice.ch\\\/fr\\\/#\\\/schema\\\/logo\\\/image\\\/\",\"url\":\"https:\\\/\\\/alice.ch\\\/app\\\/uploads\\\/2022\\\/07\\\/logo-sveb.png\",\"contentUrl\":\"https:\\\/\\\/alice.ch\\\/app\\\/uploads\\\/2022\\\/07\\\/logo-sveb.png\",\"width\":145,\"height\":64,\"caption\":\"FSEA F\u00e9d\u00e9ration suisse pour la formation continue\"},\"image\":{\"@id\":\"https:\\\/\\\/alice.ch\\\/fr\\\/#\\\/schema\\\/logo\\\/image\\\/\"},\"sameAs\":[\"https:\\\/\\\/www.linkedin.com\\\/company\\\/schweizerischer-verband-fr-weiterbildung-sveb\\\/\"]}]}<\/script>\n<!-- \/ Yoast SEO plugin. -->","yoast_head_json":{"title":"Syst\u00e8me modulaire FFA - FSEA","description":"FFA est synonyme de professionnalisation de la formation des adultes. Les dipl\u00f4mes FFA du syst\u00e8me modulaire offrent des formations compl\u00e8tes.","robots":{"index":"index","follow":"follow","max-snippet":"max-snippet:-1","max-image-preview":"max-image-preview:large","max-video-preview":"max-video-preview:-1"},"canonical":"https:\/\/alice.ch\/fr\/professionnalisation\/systeme-modulaire-ffa\/","og_locale":"fr_FR","og_type":"article","og_title":"Syst\u00e8me modulaire FFA - FSEA","og_description":"FFA est synonyme de professionnalisation de la formation des adultes. Les dipl\u00f4mes FFA du syst\u00e8me modulaire offrent des formations compl\u00e8tes.","og_url":"https:\/\/alice.ch\/fr\/professionnalisation\/systeme-modulaire-ffa\/","og_site_name":"SVEB","article_modified_time":"2026-03-11T15:28:59+00:00","twitter_card":"summary_large_image","twitter_misc":{"Dur\u00e9e de lecture estim\u00e9e":"4 minutes"},"schema":{"@context":"https:\/\/schema.org","@graph":[{"@type":"WebPage","@id":"https:\/\/alice.ch\/fr\/professionnalisation\/systeme-modulaire-ffa\/","url":"https:\/\/alice.ch\/fr\/professionnalisation\/systeme-modulaire-ffa\/","name":"Syst\u00e8me modulaire FFA - FSEA","isPartOf":{"@id":"https:\/\/alice.ch\/fr\/#website"},"primaryImageOfPage":{"@id":"https:\/\/alice.ch\/fr\/professionnalisation\/systeme-modulaire-ffa\/#primaryimage"},"image":{"@id":"https:\/\/alice.ch\/fr\/professionnalisation\/systeme-modulaire-ffa\/#primaryimage"},"thumbnailUrl":"https:\/\/alice.ch\/app\/uploads\/2022\/11\/default.jpg","datePublished":"2022-08-16T15:31:01+00:00","dateModified":"2026-03-11T15:28:59+00:00","description":"FFA est synonyme de professionnalisation de la formation des adultes. Les dipl\u00f4mes FFA du syst\u00e8me modulaire offrent des formations compl\u00e8tes.","breadcrumb":{"@id":"https:\/\/alice.ch\/fr\/professionnalisation\/systeme-modulaire-ffa\/#breadcrumb"},"inLanguage":"fr-FR","potentialAction":[{"@type":"ReadAction","target":["https:\/\/alice.ch\/fr\/professionnalisation\/systeme-modulaire-ffa\/"]}]},{"@type":"ImageObject","inLanguage":"fr-FR","@id":"https:\/\/alice.ch\/fr\/professionnalisation\/systeme-modulaire-ffa\/#primaryimage","url":"https:\/\/alice.ch\/app\/uploads\/2022\/11\/default.jpg","contentUrl":"https:\/\/alice.ch\/app\/uploads\/2022\/11\/default.jpg","width":1600,"height":900},{"@type":"BreadcrumbList","@id":"https:\/\/alice.ch\/fr\/professionnalisation\/systeme-modulaire-ffa\/#breadcrumb","itemListElement":[{"@type":"ListItem","position":1,"name":"Page d'accueil","item":"https:\/\/alice.ch\/fr\/"},{"@type":"ListItem","position":2,"name":"Professionnalisation","item":"https:\/\/alice.ch\/fr\/professionnalisation\/"},{"@type":"ListItem","position":3,"name":"Syst\u00e8me modulaire FFA"}]},{"@type":"WebSite","@id":"https:\/\/alice.ch\/fr\/#website","url":"https:\/\/alice.ch\/fr\/","name":"alice.ch (Adult Learning Information Center) ist das Portal der Weiterbildung in der Schweiz.","description":"Schweizerischer Verband f\u00fcr Weiterbildung","publisher":{"@id":"https:\/\/alice.ch\/fr\/#organization"},"potentialAction":[{"@type":"SearchAction","target":{"@type":"EntryPoint","urlTemplate":"https:\/\/alice.ch\/fr\/?s={search_term_string}"},"query-input":{"@type":"PropertyValueSpecification","valueRequired":true,"valueName":"search_term_string"}}],"inLanguage":"fr-FR"},{"@type":"Organization","@id":"https:\/\/alice.ch\/fr\/#organization","name":"FSEA F\u00e9d\u00e9ration suisse pour la formation continue","url":"https:\/\/alice.ch\/fr\/","logo":{"@type":"ImageObject","inLanguage":"fr-FR","@id":"https:\/\/alice.ch\/fr\/#\/schema\/logo\/image\/","url":"https:\/\/alice.ch\/app\/uploads\/2022\/07\/logo-sveb.png","contentUrl":"https:\/\/alice.ch\/app\/uploads\/2022\/07\/logo-sveb.png","width":145,"height":64,"caption":"FSEA F\u00e9d\u00e9ration suisse pour la formation continue"},"image":{"@id":"https:\/\/alice.ch\/fr\/#\/schema\/logo\/image\/"},"sameAs":["https:\/\/www.linkedin.com\/company\/schweizerischer-verband-fr-weiterbildung-sveb\/"]}]}},"_links":{"self":[{"href":"https:\/\/alice.ch\/fr\/wp-json\/wp\/v2\/pages\/17611","targetHints":{"allow":["GET"]}}],"collection":[{"href":"https:\/\/alice.ch\/fr\/wp-json\/wp\/v2\/pages"}],"about":[{"href":"https:\/\/alice.ch\/fr\/wp-json\/wp\/v2\/types\/page"}],"author":[{"embeddable":true,"href":"https:\/\/alice.ch\/fr\/wp-json\/wp\/v2\/users\/2"}],"replies":[{"embeddable":true,"href":"https:\/\/alice.ch\/fr\/wp-json\/wp\/v2\/comments?post=17611"}],"version-history":[{"count":36,"href":"https:\/\/alice.ch\/fr\/wp-json\/wp\/v2\/pages\/17611\/revisions"}],"predecessor-version":[{"id":74289,"href":"https:\/\/alice.ch\/fr\/wp-json\/wp\/v2\/pages\/17611\/revisions\/74289"}],"up":[{"embeddable":true,"href":"https:\/\/alice.ch\/fr\/wp-json\/wp\/v2\/pages\/17415"}],"wp:featuredmedia":[{"embeddable":true,"href":"https:\/\/alice.ch\/fr\/wp-json\/wp\/v2\/media\/20799"}],"wp:attachment":[{"href":"https:\/\/alice.ch\/fr\/wp-json\/wp\/v2\/media?parent=17611"}],"curies":[{"name":"wp","href":"https:\/\/api.w.org\/{rel}","templated":true}]}}