{"id":17728,"date":"2022-11-03T10:50:34","date_gmt":"2022-11-03T09:50:34","guid":{"rendered":"https:\/\/projects.atxeit.ch\/sveb\/professionnalisation\/brevet-federal-formatrice-formateur-dadultes-ffa\/abschlusspruefung-eidg-fachausweis\/"},"modified":"2026-03-09T15:51:59","modified_gmt":"2026-03-09T14:51:59","slug":"examen-final-du-brevet-federal-de-formatrice-formateur","status":"publish","type":"page","link":"https:\/\/alice.ch\/fr\/professionnalisation\/brevet-federal-formatrice-formateur-dadultes-ffa\/examen-final-du-brevet-federal-de-formatrice-formateur\/","title":{"rendered":"Examen final du brevet f\u00e9d\u00e9ral de formatrice\/formateur"},"content":{"rendered":"\n<div class=\"wp-block-group is-style-reduced-width is-layout-flow wp-block-group-is-layout-flow\">\n<h1 class=\"wp-block-heading\">Examen final du brevet f\u00e9d\u00e9ral de formatrice\/formateur selon le r\u00e8glement d\u2019examen 2024<\/h1>\n\n\n\n<p class=\"is-style-lead\">Depuis l&rsquo;automne 2024, le brevet f\u00e9d\u00e9ral de formatrice\/formateur est obtenu suite \u00e0 un examen. Les candidates et candidats qui ont r\u00e9ussi leurs modules selon le r\u00e8glement 2024 passent un examen en deux \u00e9tapes.<\/p>\n\n\n\n<p>Pour r\u00e9ussir l&rsquo;examen final, il faut <a href=\"https:\/\/alice.ch\/fr\/professionnalisation\/systeme-modulaire-ffa\/cours-modulaires-ffa-reconnus\/\">obtenir les 6 certificats de module<\/a> (niveaux I et II), \u00eatre en possession d\u2019une <a href=\"https:\/\/alice.ch\/app\/uploads\/2023\/04\/fiche-information-attestation-experience-pratique.pdf\">exp\u00e9rience pratique<\/a> suffisante et \u00e9laborer un dossier de d\u00e9veloppement des comp\u00e9tences, qui sera \u00e9valu\u00e9 dans le cadre d&rsquo;une pr\u00e9sentation et d&rsquo;un entretien de r\u00e9flexion.<\/p>\n\n\n\n<div class=\"wp-block-columns is-style-accordion is-layout-flex wp-container-core-columns-is-layout-28f84493 wp-block-columns-is-layout-flex\" id=\"faq-element-1\">\n<div class=\"wp-block-column is-layout-flow wp-block-column-is-layout-flow\">\n<h3 class=\"wp-block-heading\">1<sup>\u00e8re<\/sup> \u00e9tape: dossier d&rsquo;admission<\/h3>\n<\/div>\n\n\n\n<div class=\"wp-block-column is-layout-flow wp-block-column-is-layout-flow\">\n<p>Vous avez obtenu les 6 certificats de module requis (dont au moins 1 certificat de module du niveau II selon le nouveau r\u00e8glement 2024) et vous justifiez d&rsquo;une exp\u00e9rience pratique de 300 heures sur une p\u00e9riode minimale de quatre ans?<br><\/p>\n\n\n\n<p>Vous pouvez alors cr\u00e9er votre identifiant personnel sur notre plateforme d&rsquo;examen et vous inscrire \u00e0 l&rsquo;examen final.<\/p>\n\n\n\n<div class=\"wp-block-buttons is-layout-flex wp-block-buttons-is-layout-flex\">\n<div class=\"wp-block-button has-custom-width wp-block-button__width-50 is-style-outline is-style-outline--1\"><a class=\"wp-block-button__link has-background-color has-primary-background-color has-text-color has-background has-link-color wp-element-button\" href=\"https:\/\/sveb-fsea.alice.ch\/fmi\/webd\/AdA2024?homeurl=https:\/\/alice.ch\/\"><strong><strong>Plateforme pour l&rsquo;examen final du brevet f\u00e9d\u00e9ral de <\/strong>formatrice\/formateur<\/strong><\/a><\/div>\n<\/div>\n<\/div>\n<\/div>\n\n\n\n<div class=\"wp-block-columns is-style-accordion is-layout-flex wp-container-core-columns-is-layout-28f84493 wp-block-columns-is-layout-flex\" id=\"faq-element-1\">\n<div class=\"wp-block-column is-layout-flow wp-block-column-is-layout-flow\">\n<h3 class=\"wp-block-heading\">2<sup>\u00e8me<\/sup> \u00e9tape: dossier de d\u00e9veloppement des comp\u00e9tences et entretien de r\u00e9flexion (oral)<\/h3>\n<\/div>\n\n\n\n<div class=\"wp-block-column is-layout-flow wp-block-column-is-layout-flow\">\n<figure class=\"wp-block-table\"><table class=\"has-fixed-layout\"><tbody><tr><td><strong><strong>Dossier de d\u00e9veloppement des comp\u00e9tences<\/strong><\/strong><\/td><td><strong><strong>Entretien de r\u00e9flexion (avec pr\u00e9sentation)<\/strong><\/strong><\/td><\/tr><tr><td>Une fois que la Commission d\u2019assurance qualit\u00e9 (CAQ) a prononc\u00e9 et confirm\u00e9 votre admission, vous recevrez l\u2019\u00e9nonc\u00e9 de l\u2019\u00e9preuve (t\u00e2ches) pour l\u2019\u00e9laboration du dossier de d\u00e9veloppement des comp\u00e9tences. Ceci au plus tard 12 semaines avant la date limite de d\u00e9p\u00f4t.<br><br>Vous devez choisir trois des quatre comp\u00e9tences op\u00e9rationnelles du profil de qualification des formateurs que vous souhaitez traiter pour l&rsquo;examen.<br><br>Dans le dossier de d\u00e9veloppement des comp\u00e9tences, vous d\u00e9crivez des situations de travail, documentez la mise en \u0153uvre des comp\u00e9tences op\u00e9rationnelles, r\u00e9fl\u00e9chissez \u00e0 votre approche et l&rsquo;\u00e9valuez.<\/td><td>Dans la premi\u00e8re partie de l&rsquo;examen oral, vous pr\u00e9sentez les comp\u00e9tences op\u00e9rationnelles que vous avez choisies et leur mise en \u0153uvre dans la vie quotidienne, dans votre r\u00f4le de formatrice\/formateur. Le dossier de d\u00e9veloppement des comp\u00e9tences que vous avez remis sert de base \u00e0 cette pr\u00e9sentation.<br><br>Dans la deuxi\u00e8me partie, vous approfondissez, reliez et r\u00e9fl\u00e9chissez aux t\u00e2ches du dossier de d\u00e9veloppement des comp\u00e9tences ainsi qu&rsquo;\u00e0 votre compr\u00e9hension de la profession et \u00e9tablissez le lien avec les th\u00e9ories et les mod\u00e8les.<\/td><\/tr><\/tbody><\/table><\/figure>\n<\/div>\n<\/div>\n\n\n\n<div class=\"wp-block-columns is-style-accordion is-layout-flex wp-container-core-columns-is-layout-28f84493 wp-block-columns-is-layout-flex\" id=\"faq-element-1\">\n<div class=\"wp-block-column is-layout-flow wp-block-column-is-layout-flow\">\n<h3 class=\"wp-block-heading\">Financement: la Conf\u00e9d\u00e9ration apporte son soutien<\/h3>\n<\/div>\n\n\n\n<div class=\"wp-block-column is-layout-flow wp-block-column-is-layout-flow\">\n<p>Depuis le 1er janvier 2018, la Conf\u00e9d\u00e9ration assure un financement ax\u00e9 sur la personne. Cela signifie que les frais des cours menant \u00e0 l\u2019obtention d\u2019un dipl\u00f4me f\u00e9d\u00e9ral sont partiellement rembours\u00e9s aux participants apr\u00e8s avoir pass\u00e9 l\u2019examen (la r\u00e9ussite n\u2019est pas n\u00e9cessaire). Apr\u00e8s la communication du r\u00e9sultat final, le secr\u00e9tariat FFA vous remet la d\u00e9cision d\u2019examen \u00e0 transmettre au SEFRI avec la demande de remboursement. Vous trouverez de plus amples informations sur les conditions et la proc\u00e9dure sous Contributions f\u00e9d\u00e9rales. Vous trouverez de plus amples informations sur les conditions et la proc\u00e9dure \u00e0 suivre sur l<a href=\"https:\/\/www.sbfi.admin.ch\/fr\/faq-contributions-federales-aux-examens-federaux-participants\" target=\"_blank\" rel=\"noreferrer noopener\">e site Internet de la Conf\u00e9d\u00e9ration.<\/a><\/p>\n<\/div>\n<\/div>\n\n\n\n<h2 class=\"wp-block-heading\">D\u00e9roulement&nbsp;<\/h2>\n\n\n\n<figure class=\"wp-block-image size-full is-resized is-style-no-border\"><img decoding=\"async\" width=\"990\" height=\"532\" src=\"https:\/\/alice.ch\/app\/uploads\/2024\/08\/deroulement-examen-final.png\" alt=\"\" class=\"wp-image-61829\" style=\"aspect-ratio:1.864516129032258;width:676px;height:auto\" srcset=\"https:\/\/alice.ch\/app\/uploads\/2024\/08\/deroulement-examen-final.png 990w, https:\/\/alice.ch\/app\/uploads\/2024\/08\/deroulement-examen-final-300x161.png 300w, https:\/\/alice.ch\/app\/uploads\/2024\/08\/deroulement-examen-final-768x413.png 768w\" sizes=\"(max-width: 990px) 100vw, 990px\" \/><figcaption class=\"wp-element-caption\">De l&rsquo;inscription \u00e0 la communication du r\u00e9sultat<\/figcaption><\/figure>\n\n\n\n<div class=\"wp-block-group is-style-run-to-edge has-primary-background-color has-background is-layout-flow wp-block-group-is-layout-flow\">\n<p class=\"is-style-lead has-background-color has-text-color\">R\u00e8gles transitoires<\/p>\n\n\n\n<p class=\"is-style-ui\">Jusqu&rsquo;\u00e0 fin 2028, les certificats peuvent \u00eatre obtenus selon l&rsquo;ancienne ou la nouvelle proc\u00e9dure. Si vous avez entam\u00e9 le cursus avec les anciens modules mais n&rsquo;avez pas termin\u00e9, vous pouvez consulte le tableau des \u00ab\u00a0dispositions transitoires du brevet f\u00e9d\u00e9ral 2015 au brevet f\u00e9d\u00e9ral 2023\u00a0\u00bb ci-dessous.<\/p>\n\n\n\n<p class=\"is-style-lead\">V\u00e9rification centralis\u00e9e (BFFA 2015)<\/p>\n\n\n\n<p class=\"is-style-default has-background-color has-text-color\">Les candidats dont les certificats de module ont \u00e9t\u00e9 d\u00e9livr\u00e9s selon le r\u00e8glement d&rsquo;examen du 11 f\u00e9vrier 2013 et qui ne datent pas de plus de cinq ans peuvent passer l&rsquo;examen selon le r\u00e8glement d&rsquo;examen 2013 jusqu&rsquo;\u00e0 fin 2028.<\/p>\n\n\n\n<div class=\"wp-block-buttons has-custom-font-size has-medium-font-size is-layout-flex wp-block-buttons-is-layout-flex\">\n<div class=\"wp-block-button has-custom-width wp-block-button__width-50 is-style-outline is-style-outline--2\"><a class=\"wp-block-button__link has-text-align-left wp-element-button\" href=\"https:\/\/alice.ch\/fr\/professionnalisation\/brevet-federal-formatrice-formateur-dadultes-ffa\/verification-centralisee-brevet-federal-2015\/\" target=\"_blank\" rel=\"noreferrer noopener\">Processus selon l&rsquo;ancien syst\u00e8me: v\u00e9rification centralis\u00e9e du brevet f\u00e9d\u00e9ral 2015 (jusqu&rsquo;\u00e0 fin 2028)<\/a><\/div>\n<\/div>\n<\/div>\n\n\n\n<h2 class=\"wp-block-heading has-large-font-size\">Dates importantes pour les diff\u00e9rents cycles d&rsquo;examen<\/h2>\n\n\n\n<figure class=\"wp-block-table is-style-stripes\"><table><tbody><tr><td>Cycles d&rsquo;examen<\/td><td>Dates limites de remise du dossier d&rsquo;admission<\/td><td>D\u00e9cisions CAQ<br>Admissions<\/td><td>D\u00e9finitions des t\u00e2ches<\/td><td>Dates limites de d\u00e9p\u00f4t du dossier de d\u00e9veloppement des comp\u00e9tences<\/td><td>Entretiens de r\u00e9flexion*<\/td><td>D\u00e9cisions CAQ &#8211; <br>R\u00e9sultats<\/td><td>Communi-<br>cation des<br>r\u00e9sultats jusqu&rsquo;au<\/td><\/tr><tr><td>2025-4<\/td><td>19.11.25<\/td><td>10.12.25<\/td><td>15.01.26<\/td><td>09.04.26<\/td><td>27.04.26 &#8211; 08.05.26<\/td><td>10.06.26<\/td><td>24.06.26<\/td><\/tr><tr><td>2026-1<\/td><td>11.02.26<\/td><td>05.03.26<\/td><td>22.04.26<\/td><td>15.07.26<\/td><td>03.08.26 &#8211; 14.08.26<\/td><td>01.09.26<\/td><td>15.09.26<\/td><\/tr><tr><td>2026-2<\/td><td>19.05.26<\/td><td>10.06.26<\/td><td>22.07.26<\/td><td>14.10.26<\/td><td>02.11.26 &#8211; 13.11.26<\/td><td>09.12.26<\/td><td>23.12.26<\/td><\/tr><tr><td>2026-3<\/td><td>12.08.26<\/td><td>01.09.26<\/td><td>21.10.26<\/td><td>13.01.27<\/td><td>05.02.27 &#8211; 12.02.27<\/td><td>10.03.27<\/td><td>24.03.27<\/td><\/tr><tr><td>2026-4<\/td><td>18.11.26<\/td><td>09.12.26<\/td><td>27.01.27<\/td><td>21.04.27<\/td><td>18.05.27 &#8211; 28.05.27<\/td><td>16.06.27<\/td><td>30.06.27<\/td><\/tr><tr><td>2027-1<\/td><td>17.02.27<\/td><td>10.03.27<\/td><td>28.04.27<\/td><td>21.07.27<\/td><td>09.08.27 &#8211; 20.08.27<\/td><td>15.09.27<\/td><td>29.09.27<\/td><\/tr><\/tbody><\/table><\/figure>\n\n\n\n<p>*Les entretiens de r\u00e9flexion ont lieu \u00e0 Zurich. Sous r\u00e9serve d&rsquo;atteindre le nombre minimum d&rsquo;inscrits requis, le cycle 2026-2 se d\u00e9roulera \u00e9galement au Tessin (uniquement en italien) et le cycle 2026-4 \u00e9galement \u00e0 Lausanne (uniquement en fran\u00e7ais).<\/p>\n\n\n\n<h3 class=\"wp-block-heading\">Documents<\/h3>\n\n\n\n<div class=\"wp-block-columns is-layout-flex wp-container-core-columns-is-layout-28f84493 wp-block-columns-is-layout-flex\">\n<div class=\"wp-block-column is-layout-flow wp-block-column-is-layout-flow\">\n<div class=\"wp-block-file\"><a id=\"wp-block-file--media-97ba7889-206d-416e-be7e-19d2233f86fe\" href=\"https:\/\/alice.ch\/app\/uploads\/2024\/10\/description-examen-final-et-enonce-epreuve.pdf\">Description de l\u2019examen final et \u00e9nonc\u00e9 de l\u2019\u00e9preuve<br \/>PDF &#8211; 812 kb<\/a><a href=\"https:\/\/alice.ch\/app\/uploads\/2024\/10\/description-examen-final-et-enonce-epreuve.pdf\" class=\"wp-block-file__button wp-element-button\" download aria-describedby=\"wp-block-file--media-97ba7889-206d-416e-be7e-19d2233f86fe\">Herunterladen<br \/>PDF &#8211; 812 kb<\/a><\/div>\n\n\n\n<div class=\"wp-block-file\"><a id=\"wp-block-file--media-ec5a2061-f4f6-47fc-9eac-ba1ecc9cfa5f\" href=\"https:\/\/alice.ch\/app\/uploads\/2022\/12\/Grille-Attestation-pratique.doc\">Grille attestation d\u2019exp\u00e9rience pratique formateur-formatrice<br \/>DOC &#8211; 59 kb<\/a><a href=\"https:\/\/alice.ch\/app\/uploads\/2022\/12\/Grille-Attestation-pratique.doc\" class=\"wp-block-file__button wp-element-button\" download aria-describedby=\"wp-block-file--media-ec5a2061-f4f6-47fc-9eac-ba1ecc9cfa5f\">T\u00e9l\u00e9charger<br \/>DOC &#8211; 59 kb<\/a><\/div>\n\n\n\n<div class=\"wp-block-file\"><a id=\"wp-block-file--media-3b428a22-71e0-4d51-b24f-e695c4846cc5\" href=\"https:\/\/alice.ch\/app\/uploads\/2024\/05\/reglement-ep-2024.pdf\">R\u00e8glement d&rsquo;examen 2024<br \/>PDF &#8211; 1 Mo<\/a><a href=\"https:\/\/alice.ch\/app\/uploads\/2024\/05\/reglement-ep-2024.pdf\" class=\"wp-block-file__button wp-element-button\" download aria-describedby=\"wp-block-file--media-3b428a22-71e0-4d51-b24f-e695c4846cc5\">T\u00e9l\u00e9charger<br \/>PDF &#8211; 1 Mo<\/a><\/div>\n\n\n\n<div class=\"wp-block-file\"><a id=\"wp-block-file--media-20504c09-ebcd-4013-b8a3-a7407dd4e878\" href=\"https:\/\/alice.ch\/app\/uploads\/2023\/12\/regles-transitoires.pdf\" target=\"_blank\" rel=\"noreferrer noopener\">Dispositions transitoires du brevet f\u00e9d\u00e9ral 2015 au brevet f\u00e9d\u00e9ral 2023 (R\u00e8glement 24)<br \/>PDF &#8211; 218 kb<\/a><\/div>\n<\/div>\n\n\n\n<div class=\"wp-block-column is-layout-flow wp-block-column-is-layout-flow\">\n<div class=\"wp-block-file\"><a id=\"wp-block-file--media-16e904ae-0483-4ce7-b326-5b252c90bb5f\" href=\"https:\/\/alice.ch\/app\/uploads\/2026\/02\/20251231_Taxes-FFA_2025.pdf\">Frais d&rsquo;inscription pour les candidats<br \/>PDF &#8211; 232 kb<\/a><a href=\"https:\/\/alice.ch\/app\/uploads\/2026\/02\/20251231_Taxes-FFA_2025.pdf\" class=\"wp-block-file__button wp-element-button\" download aria-describedby=\"wp-block-file--media-16e904ae-0483-4ce7-b326-5b252c90bb5f\">Herunterladen<br \/>PDF &#8211; 232 kb<\/a><\/div>\n\n\n\n<div class=\"wp-block-file\"><a id=\"wp-block-file--media-61781533-f534-4577-903b-f097cbced8ef\" href=\"https:\/\/alice.ch\/app\/uploads\/2022\/12\/03_Fiche-dinformation-Attestation-dexperience-pratique.pdf\">Fiche d\u2019information attestation d\u2019exp\u00e9rience pratique<br \/>PDF &#8211; 134 kb<\/a><a href=\"https:\/\/alice.ch\/app\/uploads\/2022\/12\/03_Fiche-dinformation-Attestation-dexperience-pratique.pdf\" class=\"wp-block-file__button wp-element-button\" download aria-describedby=\"wp-block-file--media-61781533-f534-4577-903b-f097cbced8ef\">T\u00e9l\u00e9charger<br \/>PDF &#8211; 134 kb<\/a><\/div>\n\n\n\n<div class=\"wp-block-file\"><a id=\"wp-block-file--media-0f008eaf-d19e-4460-b550-14e6e2eeb274\" href=\"https:\/\/alice.ch\/app\/uploads\/2026\/02\/directives_re2024.pdf\">Directives relatives au r\u00e8glement d&rsquo;examen 2024<br \/>PDF &#8211; 3 Mo<\/a><a href=\"https:\/\/alice.ch\/app\/uploads\/2026\/02\/directives_re2024.pdf\" class=\"wp-block-file__button wp-element-button\" download aria-describedby=\"wp-block-file--media-0f008eaf-d19e-4460-b550-14e6e2eeb274\">T\u00e9l\u00e9charger<br \/>PDF &#8211; 3 Mo<\/a><\/div>\n\n\n\n<div class=\"wp-block-file\"><a id=\"wp-block-file--media-4839a591-0e14-47df-a020-daa8c3f53a68\" href=\"https:\/\/alice.ch\/app\/uploads\/2023\/10\/profil-qualification-formatrice-formateur.pdf\">Profil de Qualification de formatrice\/formateur<br \/>PDF &#8211; 2 Mo<\/a><a href=\"https:\/\/alice.ch\/app\/uploads\/2023\/10\/profil-qualification-formatrice-formateur.pdf\" class=\"wp-block-file__button wp-element-button\" download aria-describedby=\"wp-block-file--media-4839a591-0e14-47df-a020-daa8c3f53a68\">Herunterladen<br \/>PDF &#8211; 2 Mo<\/a><\/div>\n<\/div>\n<\/div>\n\n\n\n<h2 class=\"wp-block-heading\">Trouver des cours modulaires FFA<\/h2>\n\n\n\n<p>Dans la base de donn\u00e9es FFA, vous trouverez la liste des prestataires qui proposent les modules FFA:<\/p>\n\n\n\n<div class=\"wp-block-buttons is-layout-flex wp-block-buttons-is-layout-flex\">\n<div class=\"wp-block-button has-custom-width wp-block-button__width-50 is-style-outline is-style-outline--3\"><a class=\"wp-block-button__link wp-element-button\" href=\"https:\/\/alice.ch\/fr\/professionnalisation\/systeme-modulaire-ffa\/cours-modulaires-ffa-reconnus\/\" target=\"_blank\" rel=\"noreferrer noopener\">Trouver un cours FFA<\/a><\/div>\n<\/div>\n\n\n\n<h2 class=\"wp-block-heading\">Contact<\/h2>\n\n\n\n<div class=\"wp-block-columns is-layout-flex wp-container-core-columns-is-layout-28f84493 wp-block-columns-is-layout-flex\">\n<div class=\"wp-block-column is-layout-flow wp-block-column-is-layout-flow\" style=\"flex-basis:50%\"><div class=\"contact-persons\">\n\n\t\t\t\t\t<div class=\"contact-person\">\n\t\t\t\t\tFSEA F\u00e9d\u00e9ration suisse pour la formation continue<br \/>\t\t\t\t\t\t\t\t\t\t<br \/>\n\t\t\t\t\tSecr\u00e9tariat romand<br \/>\r\nRue de Gen\u00e8ve 88b<br \/>\r\n1004 Lausanne<br \/>\t\t\t\t\t<a href=\"tel:+41 (0)22 994 20 10\">+41 (0)22 994 20 10<\/a><br \/>\t\t\t\t\t<a href=\"mailto:fsea@alice.ch\">fsea@alice.ch<\/a><br \/>\t\t\t\t\t<\/div>\n\t\t\t\t\t<\/div>\n<\/div>\n\n\n\n<div class=\"wp-block-column is-layout-flow wp-block-column-is-layout-flow\" style=\"flex-basis:50%\"><\/div>\n<\/div>\n<\/div>\n\n\n\n<p><\/p>\n","protected":false},"excerpt":{"rendered":"<p>Examen final du brevet f\u00e9d\u00e9ral de formatrice\/formateur selon le r\u00e8glement d\u2019examen 2024 Depuis l&rsquo;automne 2024, le brevet f\u00e9d\u00e9ral de formatrice\/formateur [&hellip;]<\/p>\n","protected":false},"author":2,"featured_media":20799,"parent":17660,"menu_order":426,"comment_status":"closed","ping_status":"closed","template":"","meta":{"_acf_changed":false,"inline_featured_image":false,"footnotes":""},"class_list":["post-17728","page","type-page","status-publish","has-post-thumbnail","hentry"],"acf":[],"yoast_head":"<!-- This site is optimized with the Yoast SEO plugin v27.3 - https:\/\/yoast.com\/product\/yoast-seo-wordpress\/ -->\n<title>Examen final du brevet f\u00e9d\u00e9ral de formatrice\/formateur - FSEA<\/title>\n<meta name=\"description\" content=\"Nouvel examen final du brevet f\u00e9d\u00e9ral de formateur : examen, dossier d&#039;admission et de performance, entretien de r\u00e9flexion, dates, co\u00fbts.\" \/>\n<meta name=\"robots\" content=\"index, follow, max-snippet:-1, max-image-preview:large, max-video-preview:-1\" \/>\n<link rel=\"canonical\" href=\"https:\/\/alice.ch\/fr\/professionnalisation\/brevet-federal-formatrice-formateur-dadultes-ffa\/examen-final-du-brevet-federal-de-formatrice-formateur\/\" \/>\n<meta property=\"og:locale\" content=\"fr_FR\" \/>\n<meta property=\"og:type\" content=\"article\" \/>\n<meta property=\"og:title\" content=\"Examen final du brevet f\u00e9d\u00e9ral de formatrice\/formateur - FSEA\" \/>\n<meta property=\"og:description\" content=\"Nouvel examen final du brevet f\u00e9d\u00e9ral de formateur : examen, dossier d&#039;admission et de performance, entretien de r\u00e9flexion, dates, co\u00fbts.\" \/>\n<meta property=\"og:url\" content=\"https:\/\/alice.ch\/fr\/professionnalisation\/brevet-federal-formatrice-formateur-dadultes-ffa\/examen-final-du-brevet-federal-de-formatrice-formateur\/\" \/>\n<meta property=\"og:site_name\" content=\"SVEB\" \/>\n<meta property=\"article:modified_time\" content=\"2026-03-09T14:51:59+00:00\" \/>\n<meta property=\"og:image\" content=\"https:\/\/alice.ch\/app\/uploads\/2024\/08\/deroulement-examen-final.png\" \/>\n\t<meta property=\"og:image:width\" content=\"990\" \/>\n\t<meta property=\"og:image:height\" content=\"532\" \/>\n\t<meta property=\"og:image:type\" content=\"image\/png\" \/>\n<meta name=\"twitter:card\" content=\"summary_large_image\" \/>\n<meta name=\"twitter:label1\" content=\"Dur\u00e9e de lecture estim\u00e9e\" \/>\n\t<meta name=\"twitter:data1\" content=\"4 minutes\" \/>\n<script type=\"application\/ld+json\" class=\"yoast-schema-graph\">{\"@context\":\"https:\\\/\\\/schema.org\",\"@graph\":[{\"@type\":\"WebPage\",\"@id\":\"https:\\\/\\\/alice.ch\\\/fr\\\/professionnalisation\\\/brevet-federal-formatrice-formateur-dadultes-ffa\\\/examen-final-du-brevet-federal-de-formatrice-formateur\\\/\",\"url\":\"https:\\\/\\\/alice.ch\\\/fr\\\/professionnalisation\\\/brevet-federal-formatrice-formateur-dadultes-ffa\\\/examen-final-du-brevet-federal-de-formatrice-formateur\\\/\",\"name\":\"Examen final du brevet f\u00e9d\u00e9ral de formatrice\\\/formateur - FSEA\",\"isPartOf\":{\"@id\":\"https:\\\/\\\/alice.ch\\\/fr\\\/#website\"},\"primaryImageOfPage\":{\"@id\":\"https:\\\/\\\/alice.ch\\\/fr\\\/professionnalisation\\\/brevet-federal-formatrice-formateur-dadultes-ffa\\\/examen-final-du-brevet-federal-de-formatrice-formateur\\\/#primaryimage\"},\"image\":{\"@id\":\"https:\\\/\\\/alice.ch\\\/fr\\\/professionnalisation\\\/brevet-federal-formatrice-formateur-dadultes-ffa\\\/examen-final-du-brevet-federal-de-formatrice-formateur\\\/#primaryimage\"},\"thumbnailUrl\":\"https:\\\/\\\/alice.ch\\\/app\\\/uploads\\\/2022\\\/11\\\/default.jpg\",\"datePublished\":\"2022-11-03T09:50:34+00:00\",\"dateModified\":\"2026-03-09T14:51:59+00:00\",\"description\":\"Nouvel examen final du brevet f\u00e9d\u00e9ral de formateur : examen, dossier d'admission et de performance, entretien de r\u00e9flexion, dates, co\u00fbts.\",\"breadcrumb\":{\"@id\":\"https:\\\/\\\/alice.ch\\\/fr\\\/professionnalisation\\\/brevet-federal-formatrice-formateur-dadultes-ffa\\\/examen-final-du-brevet-federal-de-formatrice-formateur\\\/#breadcrumb\"},\"inLanguage\":\"fr-FR\",\"potentialAction\":[{\"@type\":\"ReadAction\",\"target\":[\"https:\\\/\\\/alice.ch\\\/fr\\\/professionnalisation\\\/brevet-federal-formatrice-formateur-dadultes-ffa\\\/examen-final-du-brevet-federal-de-formatrice-formateur\\\/\"]}]},{\"@type\":\"ImageObject\",\"inLanguage\":\"fr-FR\",\"@id\":\"https:\\\/\\\/alice.ch\\\/fr\\\/professionnalisation\\\/brevet-federal-formatrice-formateur-dadultes-ffa\\\/examen-final-du-brevet-federal-de-formatrice-formateur\\\/#primaryimage\",\"url\":\"https:\\\/\\\/alice.ch\\\/app\\\/uploads\\\/2022\\\/11\\\/default.jpg\",\"contentUrl\":\"https:\\\/\\\/alice.ch\\\/app\\\/uploads\\\/2022\\\/11\\\/default.jpg\",\"width\":1600,\"height\":900},{\"@type\":\"BreadcrumbList\",\"@id\":\"https:\\\/\\\/alice.ch\\\/fr\\\/professionnalisation\\\/brevet-federal-formatrice-formateur-dadultes-ffa\\\/examen-final-du-brevet-federal-de-formatrice-formateur\\\/#breadcrumb\",\"itemListElement\":[{\"@type\":\"ListItem\",\"position\":1,\"name\":\"Page d'accueil\",\"item\":\"https:\\\/\\\/alice.ch\\\/fr\\\/\"},{\"@type\":\"ListItem\",\"position\":2,\"name\":\"Professionnalisation\",\"item\":\"https:\\\/\\\/alice.ch\\\/fr\\\/professionnalisation\\\/\"},{\"@type\":\"ListItem\",\"position\":3,\"name\":\"Brevet f\u00e9d\u00e9ral formatrice\\\/formateur d\u2019adultes FFA\",\"item\":\"https:\\\/\\\/alice.ch\\\/fr\\\/professionnalisation\\\/brevet-federal-formatrice-formateur-dadultes-ffa\\\/\"},{\"@type\":\"ListItem\",\"position\":4,\"name\":\"Examen final du brevet f\u00e9d\u00e9ral de formatrice\\\/formateur\"}]},{\"@type\":\"WebSite\",\"@id\":\"https:\\\/\\\/alice.ch\\\/fr\\\/#website\",\"url\":\"https:\\\/\\\/alice.ch\\\/fr\\\/\",\"name\":\"alice.ch (Adult Learning Information Center) ist das Portal der Weiterbildung in der Schweiz.\",\"description\":\"Schweizerischer Verband f\u00fcr Weiterbildung\",\"publisher\":{\"@id\":\"https:\\\/\\\/alice.ch\\\/fr\\\/#organization\"},\"potentialAction\":[{\"@type\":\"SearchAction\",\"target\":{\"@type\":\"EntryPoint\",\"urlTemplate\":\"https:\\\/\\\/alice.ch\\\/fr\\\/?s={search_term_string}\"},\"query-input\":{\"@type\":\"PropertyValueSpecification\",\"valueRequired\":true,\"valueName\":\"search_term_string\"}}],\"inLanguage\":\"fr-FR\"},{\"@type\":\"Organization\",\"@id\":\"https:\\\/\\\/alice.ch\\\/fr\\\/#organization\",\"name\":\"FSEA F\u00e9d\u00e9ration suisse pour la formation continue\",\"url\":\"https:\\\/\\\/alice.ch\\\/fr\\\/\",\"logo\":{\"@type\":\"ImageObject\",\"inLanguage\":\"fr-FR\",\"@id\":\"https:\\\/\\\/alice.ch\\\/fr\\\/#\\\/schema\\\/logo\\\/image\\\/\",\"url\":\"https:\\\/\\\/alice.ch\\\/app\\\/uploads\\\/2022\\\/07\\\/logo-sveb.png\",\"contentUrl\":\"https:\\\/\\\/alice.ch\\\/app\\\/uploads\\\/2022\\\/07\\\/logo-sveb.png\",\"width\":145,\"height\":64,\"caption\":\"FSEA F\u00e9d\u00e9ration suisse pour la formation continue\"},\"image\":{\"@id\":\"https:\\\/\\\/alice.ch\\\/fr\\\/#\\\/schema\\\/logo\\\/image\\\/\"},\"sameAs\":[\"https:\\\/\\\/www.linkedin.com\\\/company\\\/schweizerischer-verband-fr-weiterbildung-sveb\\\/\"]}]}<\/script>\n<!-- \/ Yoast SEO plugin. -->","yoast_head_json":{"title":"Examen final du brevet f\u00e9d\u00e9ral de formatrice\/formateur - FSEA","description":"Nouvel examen final du brevet f\u00e9d\u00e9ral de formateur : examen, dossier d'admission et de performance, entretien de r\u00e9flexion, dates, co\u00fbts.","robots":{"index":"index","follow":"follow","max-snippet":"max-snippet:-1","max-image-preview":"max-image-preview:large","max-video-preview":"max-video-preview:-1"},"canonical":"https:\/\/alice.ch\/fr\/professionnalisation\/brevet-federal-formatrice-formateur-dadultes-ffa\/examen-final-du-brevet-federal-de-formatrice-formateur\/","og_locale":"fr_FR","og_type":"article","og_title":"Examen final du brevet f\u00e9d\u00e9ral de formatrice\/formateur - FSEA","og_description":"Nouvel examen final du brevet f\u00e9d\u00e9ral de formateur : examen, dossier d'admission et de performance, entretien de r\u00e9flexion, dates, co\u00fbts.","og_url":"https:\/\/alice.ch\/fr\/professionnalisation\/brevet-federal-formatrice-formateur-dadultes-ffa\/examen-final-du-brevet-federal-de-formatrice-formateur\/","og_site_name":"SVEB","article_modified_time":"2026-03-09T14:51:59+00:00","og_image":[{"width":990,"height":532,"url":"https:\/\/alice.ch\/app\/uploads\/2024\/08\/deroulement-examen-final.png","type":"image\/png"}],"twitter_card":"summary_large_image","twitter_misc":{"Dur\u00e9e de lecture estim\u00e9e":"4 minutes"},"schema":{"@context":"https:\/\/schema.org","@graph":[{"@type":"WebPage","@id":"https:\/\/alice.ch\/fr\/professionnalisation\/brevet-federal-formatrice-formateur-dadultes-ffa\/examen-final-du-brevet-federal-de-formatrice-formateur\/","url":"https:\/\/alice.ch\/fr\/professionnalisation\/brevet-federal-formatrice-formateur-dadultes-ffa\/examen-final-du-brevet-federal-de-formatrice-formateur\/","name":"Examen final du brevet f\u00e9d\u00e9ral de formatrice\/formateur - FSEA","isPartOf":{"@id":"https:\/\/alice.ch\/fr\/#website"},"primaryImageOfPage":{"@id":"https:\/\/alice.ch\/fr\/professionnalisation\/brevet-federal-formatrice-formateur-dadultes-ffa\/examen-final-du-brevet-federal-de-formatrice-formateur\/#primaryimage"},"image":{"@id":"https:\/\/alice.ch\/fr\/professionnalisation\/brevet-federal-formatrice-formateur-dadultes-ffa\/examen-final-du-brevet-federal-de-formatrice-formateur\/#primaryimage"},"thumbnailUrl":"https:\/\/alice.ch\/app\/uploads\/2022\/11\/default.jpg","datePublished":"2022-11-03T09:50:34+00:00","dateModified":"2026-03-09T14:51:59+00:00","description":"Nouvel examen final du brevet f\u00e9d\u00e9ral de formateur : examen, dossier d'admission et de performance, entretien de r\u00e9flexion, dates, co\u00fbts.","breadcrumb":{"@id":"https:\/\/alice.ch\/fr\/professionnalisation\/brevet-federal-formatrice-formateur-dadultes-ffa\/examen-final-du-brevet-federal-de-formatrice-formateur\/#breadcrumb"},"inLanguage":"fr-FR","potentialAction":[{"@type":"ReadAction","target":["https:\/\/alice.ch\/fr\/professionnalisation\/brevet-federal-formatrice-formateur-dadultes-ffa\/examen-final-du-brevet-federal-de-formatrice-formateur\/"]}]},{"@type":"ImageObject","inLanguage":"fr-FR","@id":"https:\/\/alice.ch\/fr\/professionnalisation\/brevet-federal-formatrice-formateur-dadultes-ffa\/examen-final-du-brevet-federal-de-formatrice-formateur\/#primaryimage","url":"https:\/\/alice.ch\/app\/uploads\/2022\/11\/default.jpg","contentUrl":"https:\/\/alice.ch\/app\/uploads\/2022\/11\/default.jpg","width":1600,"height":900},{"@type":"BreadcrumbList","@id":"https:\/\/alice.ch\/fr\/professionnalisation\/brevet-federal-formatrice-formateur-dadultes-ffa\/examen-final-du-brevet-federal-de-formatrice-formateur\/#breadcrumb","itemListElement":[{"@type":"ListItem","position":1,"name":"Page d'accueil","item":"https:\/\/alice.ch\/fr\/"},{"@type":"ListItem","position":2,"name":"Professionnalisation","item":"https:\/\/alice.ch\/fr\/professionnalisation\/"},{"@type":"ListItem","position":3,"name":"Brevet f\u00e9d\u00e9ral formatrice\/formateur d\u2019adultes FFA","item":"https:\/\/alice.ch\/fr\/professionnalisation\/brevet-federal-formatrice-formateur-dadultes-ffa\/"},{"@type":"ListItem","position":4,"name":"Examen final du brevet f\u00e9d\u00e9ral de formatrice\/formateur"}]},{"@type":"WebSite","@id":"https:\/\/alice.ch\/fr\/#website","url":"https:\/\/alice.ch\/fr\/","name":"alice.ch (Adult Learning Information Center) ist das Portal der Weiterbildung in der Schweiz.","description":"Schweizerischer Verband f\u00fcr Weiterbildung","publisher":{"@id":"https:\/\/alice.ch\/fr\/#organization"},"potentialAction":[{"@type":"SearchAction","target":{"@type":"EntryPoint","urlTemplate":"https:\/\/alice.ch\/fr\/?s={search_term_string}"},"query-input":{"@type":"PropertyValueSpecification","valueRequired":true,"valueName":"search_term_string"}}],"inLanguage":"fr-FR"},{"@type":"Organization","@id":"https:\/\/alice.ch\/fr\/#organization","name":"FSEA F\u00e9d\u00e9ration suisse pour la formation continue","url":"https:\/\/alice.ch\/fr\/","logo":{"@type":"ImageObject","inLanguage":"fr-FR","@id":"https:\/\/alice.ch\/fr\/#\/schema\/logo\/image\/","url":"https:\/\/alice.ch\/app\/uploads\/2022\/07\/logo-sveb.png","contentUrl":"https:\/\/alice.ch\/app\/uploads\/2022\/07\/logo-sveb.png","width":145,"height":64,"caption":"FSEA F\u00e9d\u00e9ration suisse pour la formation continue"},"image":{"@id":"https:\/\/alice.ch\/fr\/#\/schema\/logo\/image\/"},"sameAs":["https:\/\/www.linkedin.com\/company\/schweizerischer-verband-fr-weiterbildung-sveb\/"]}]}},"_links":{"self":[{"href":"https:\/\/alice.ch\/fr\/wp-json\/wp\/v2\/pages\/17728","targetHints":{"allow":["GET"]}}],"collection":[{"href":"https:\/\/alice.ch\/fr\/wp-json\/wp\/v2\/pages"}],"about":[{"href":"https:\/\/alice.ch\/fr\/wp-json\/wp\/v2\/types\/page"}],"author":[{"embeddable":true,"href":"https:\/\/alice.ch\/fr\/wp-json\/wp\/v2\/users\/2"}],"replies":[{"embeddable":true,"href":"https:\/\/alice.ch\/fr\/wp-json\/wp\/v2\/comments?post=17728"}],"version-history":[{"count":93,"href":"https:\/\/alice.ch\/fr\/wp-json\/wp\/v2\/pages\/17728\/revisions"}],"predecessor-version":[{"id":74214,"href":"https:\/\/alice.ch\/fr\/wp-json\/wp\/v2\/pages\/17728\/revisions\/74214"}],"up":[{"embeddable":true,"href":"https:\/\/alice.ch\/fr\/wp-json\/wp\/v2\/pages\/17660"}],"wp:featuredmedia":[{"embeddable":true,"href":"https:\/\/alice.ch\/fr\/wp-json\/wp\/v2\/media\/20799"}],"wp:attachment":[{"href":"https:\/\/alice.ch\/fr\/wp-json\/wp\/v2\/media?parent=17728"}],"curies":[{"name":"wp","href":"https:\/\/api.w.org\/{rel}","templated":true}]}}