{"id":17747,"date":"2022-08-16T17:53:52","date_gmt":"2022-08-16T15:53:52","guid":{"rendered":"https:\/\/projects.atxeit.ch\/sveb\/qualite\/qualite-dans-la-formation-continue\/fokus-qualitaet-in-der-weiterbildung\/"},"modified":"2025-01-07T17:29:33","modified_gmt":"2025-01-07T16:29:33","slug":"focus-qualite","status":"publish","type":"page","link":"https:\/\/alice.ch\/fr\/qualite\/qualite-dans-la-formation-continue\/focus-qualite\/","title":{"rendered":"Focus sur la qualit\u00e9 dans la formation continue"},"content":{"rendered":"\n<div class=\"wp-block-group is-style-reduced-width is-layout-flow wp-block-group-is-layout-flow\">\n<h1 class=\"wp-block-heading\">Focus sur la qualit\u00e9 dans la formation continue<\/h1>\n\n\n\n<p class=\"is-style-lead\">Dans le cadre d&rsquo;un mandat de prestations du SEFRI, la FSEA assume des t\u00e2ches importantes sur le th\u00e8me de la qualit\u00e9 de la formation continue. Elle favorise les \u00e9changes entre les d\u00e9tenteurs de labels de qualit\u00e9 et les autres parties prenantes et donne des impulsions aux d\u00e9veloppements dans le domaine de l&rsquo;assurance qualit\u00e9 et du d\u00e9veloppement.<\/p>\n\n\n\n<p>En collaboration avec le groupe de travail \u201cQualit\u00e9 en Formation Continue\u201d (Suisse al\u00e9manique) et le R\u00e9seau romand pour la Qualit\u00e9 en Formation des Adultes RQFA (Suisse romande), des th\u00e8mes d&rsquo;actualit\u00e9 sont d\u00e9finis et des manifestations sont planifi\u00e9es. La FSEA coordonne les activit\u00e9s et organise des ateliers et des webinaires. Ces \u00e9v\u00e9nements s&rsquo;adressent aux prestataires de formation continue, aux responsables de la qualit\u00e9, aux autorit\u00e9s cantonales et \u00e0 toutes les parties int\u00e9ress\u00e9es.\u00a0\u00a0<\/p>\n\n\n\n<p><strong>Institutions du groupe de travail: <\/strong><\/p>\n\n\n\n<ul class=\"wp-block-list\">\n<li><a href=\"https:\/\/aaq.ch\/fr\/\" target=\"_blank\" rel=\"noreferrer noopener\">Agence Suisse d\u2018accr\u00e9ditation et d\u2018assurance qualit\u00e9e AAQ<\/a><\/li>\n\n\n\n<li><a href=\"https:\/\/www.modellf.ch\" target=\"_blank\" rel=\"noreferrer noopener\">Association Mod\u00e8le F<\/a><\/li>\n\n\n\n<li><a href=\"https:\/\/www.snv.ch\/fr\/\" target=\"_blank\" rel=\"noreferrer noopener\">Association Suisse de Normalisation SNV (ISO)<\/a><\/li>\n\n\n\n<li><a href=\"https:\/\/alice.ch\/fr\/\">F\u00e9d\u00e9ration suisse pour la formation continue FSEA (eduQua)<\/a><\/li>\n\n\n\n<li><a href=\"https:\/\/www.arbeitsintegrationschweiz.ch\/fr\/accueil\" target=\"_blank\" rel=\"noreferrer noopener\">Insertion Suisse (IN-Qualis)<\/a><\/li>\n\n\n\n<li><a href=\"https:\/\/miduca.ch\/fran\u00e7ais\" target=\"_blank\" rel=\"noreferrer noopener\">Miduca SA<\/a><\/li>\n\n\n\n<li><a href=\"https:\/\/alice.ch\/fr\/qualite\/qualite-dans-la-formation-continue\/reseau-romand-pour-la-qualite-en-formation-des-adultes-rqfa\/\">R\u00e9seau romand pour la Qualit\u00e9 en Formation des Adultes (RQFA)<\/a><\/li>\n\n\n\n<li><a href=\"https:\/\/saq.ch\/fr\/\" target=\"_blank\" rel=\"noreferrer noopener\">SAQ Swiss Association for Quality (EFQM)<\/a><\/li>\n\n\n\n<li><a href=\"https:\/\/fide-info.ch\/fr\/home\" target=\"_blank\" rel=\"noreferrer noopener\">Secr\u00e9tariat d\u2018Etat \u00e0 la Migration SEM (fide)<\/a><\/li>\n\n\n\n<li><a href=\"https:\/\/dualstark.ch\/fr\/\" target=\"_blank\" rel=\"noreferrer noopener\">Soci\u00e9t\u00e9 suisse des employ\u00e9s de commerce, Dualstark<\/a><\/li>\n<\/ul>\n\n\n\n<h2 class=\"wp-block-heading\">Journ\u00e9e nationale sur la qualit\u00e9<\/h2>\n\n\n\n<p>Ces derni\u00e8res ann\u00e9es, une journ\u00e9e nationale de la qualit\u00e9 a \u00e9t\u00e9 organis\u00e9e chaque ann\u00e9e sur un th\u00e8me sp\u00e9cifique. La conf\u00e9rence propose des interventions d&rsquo;experts issus de la pratique de la formation continue et du monde universitaire et permet un \u00e9change approfondi sur des sujets d&rsquo;actualit\u00e9.<\/p>\n\n\n\n<h2 class=\"wp-block-heading\">Pr\u00e9c\u00e9dentes journ\u00e9es nationales et ateliers<\/h2>\n\n\n\n<figure class=\"wp-block-table is-style-stripes\"><table><thead><tr><th class=\"has-text-align-left\" data-align=\"left\" scope=\"col\">Ann\u00e9e<\/th><th class=\"has-text-align-left\" data-align=\"left\" scope=\"col\">Th\u00e8me<\/th><th class=\"has-text-align-left\" data-align=\"left\" scope=\"col\">Experts intervenus<\/th><\/tr><\/thead><tbody><tr><td class=\"has-text-align-left\" data-align=\"left\"><a href=\"https:\/\/alice.ch\/fr\/event\/journee-nationale-sur-la-qualite-2024\/\">2024<\/a><\/td><td class=\"has-text-align-left\" data-align=\"left\">Crit\u00e8re de qualit\u00e9 Outcome: comment optimiser et mesurer l\u2019efficacit\u00e9 des mesures \u00e9ducatives?<br><a href=\"https:\/\/alice.ch\/fr\/news\/efficacite-de-la-formation-continue-tout-sauf-simple\/\">R\u00e9trospective: la Journ\u00e9e nationale sur la qualit\u00e9 2024<\/a><\/td><td class=\"has-text-align-left\" data-align=\"left\">Frank Schirmer, Anita Sandmeier, Didier Juillerat<\/td><\/tr><tr><td class=\"has-text-align-left\" data-align=\"left\"><a href=\"https:\/\/alice.ch\/fr\/event\/qualitaetstagung-2023\/\">2023<\/a><\/td><td class=\"has-text-align-left\" data-align=\"left\">Syst\u00e8mes d&rsquo;\u00e9valuation num\u00e9riques &#8211; chances et d\u00e9fis pour l&rsquo;assurance qualit\u00e9<br><a href=\"https:\/\/alice.ch\/fr\/news\/retrospective-la-journee-nationale-sur-la-qualite-2023\/\">R\u00e9trospective: la Journ\u00e9e nationale sur la qualit\u00e9 2023<\/a><\/td><td class=\"has-text-align-left\" data-align=\"left\">Walter Sch\u00f6ni, J\u00e9r\u00e9mie Agboklu<\/td><\/tr><tr><td class=\"has-text-align-left\" data-align=\"left\"><a href=\"https:\/\/alice.ch\/fr\/event\/journee-nationale-sur-la-qualite-2022\/\">2022<\/a><\/td><td class=\"has-text-align-left\" data-align=\"left\">La qualit\u00e9 en tant qu&rsquo;avantage concurrentiel sur le march\u00e9 de la formation continue \u2013 D\u00e9veloppement et d\u00e9monstration des facteurs de qualit\u00e9<\/td><td class=\"has-text-align-left\" data-align=\"left\">C. Meier, F. Sauli, S. Franzen<\/td><\/tr><tr><td class=\"has-text-align-left\" data-align=\"left\">2021<\/td><td class=\"has-text-align-left\" data-align=\"left\">Nouvelles habitudes d&rsquo;apprentissage et besoins des participant-e-s \u2013 d\u00e9fis et opportunit\u00e9s pour la qualit\u00e9 des processus d&rsquo;apprentissage<\/td><td class=\"has-text-align-left\" data-align=\"left\">S. Poopalapillai, A. Riebli, Q. Rime, J. Spirgi, C. Zahn<\/td><\/tr><tr><td class=\"has-text-align-left\" data-align=\"left\">2021<\/td><td class=\"has-text-align-left\" data-align=\"left\">Combien peuvent co\u00fbter les offres de formation continue en ligne? Qualit\u00e9 et prix des formats d\u2019apprentissage num\u00e9rique<\/td><td class=\"has-text-align-left\" data-align=\"left\">St. Seiz, E. Basler<\/td><\/tr><tr><td class=\"has-text-align-left\" data-align=\"left\">2020<\/td><td class=\"has-text-align-left\" data-align=\"left\">L&rsquo;assurance qualit\u00e9 dans les offres de formation en ligne<\/td><td class=\"has-text-align-left\" data-align=\"left\">C. Bremer, M. Dormann, S. Schmidt, C. Grolimund, O. Marro<\/td><\/tr><tr><td class=\"has-text-align-left\" data-align=\"left\">2019<\/td><td class=\"has-text-align-left\" data-align=\"left\">\u00c0 quel point les institutions de formation continue doivent-elles \u00eatre agiles&nbsp;?<\/td><td class=\"has-text-align-left\" data-align=\"left\">C. Schiersmann, M. Achermann<\/td><\/tr><tr><td class=\"has-text-align-left\" data-align=\"left\">2018<\/td><td class=\"has-text-align-left\" data-align=\"left\">Label qualit\u00e9 en formation continue: comment maximiser ses avantages et sa valeur ajout\u00e9e<\/td><td class=\"has-text-align-left\" data-align=\"left\">G. Frera, K. Rubeli, S. Dunand, M. M\u00fcller, G. Neyer, C. Eggenberger<\/td><\/tr><tr><td class=\"has-text-align-left\" data-align=\"left\">2017<\/td><td class=\"has-text-align-left\" data-align=\"left\">Formation continue: o\u00f9 va l&rsquo;assurance qualit\u00e9\u00a0?<\/td><td class=\"has-text-align-left\" data-align=\"left\">C. Meier, R. Meyer, K. Widmer, B. Fuhrer, S. Bissig, G. Bottazzoli, T. Kuratli, P.&nbsp;Widmer<\/td><\/tr><\/tbody><\/table><\/figure>\n\n\n\n<h2 class=\"wp-block-heading\">Contact<\/h2>\n\n\n\n<div class=\"wp-block-columns is-layout-flex wp-container-core-columns-is-layout-28f84493 wp-block-columns-is-layout-flex\">\n<div class=\"wp-block-column is-layout-flow wp-block-column-is-layout-flow\" style=\"flex-basis:50%\"><div class=\"contact-persons\">\n\n\t\t\t\t\t<div class=\"contact-person\">\n\t\t\t\t\tFSEA F\u00e9d\u00e9ration suisse pour la formation continue<br \/>\t\t\t\t\t\t\t\t\t\t<br \/>\n\t\t\t\t\tSecr\u00e9tariat romand<br \/>\r\nRue de Gen\u00e8ve 88b<br \/>\r\n1004 Lausanne<br \/>\t\t\t\t\t<a href=\"tel:+41 (0)22 994 20 10\">+41 (0)22 994 20 10<\/a><br \/>\t\t\t\t\t<a href=\"mailto:fsea@alice.ch\">fsea@alice.ch<\/a><br \/>\t\t\t\t\t<\/div>\n\t\t\t\t\t<\/div>\n<\/div>\n\n\n\n<div class=\"wp-block-column is-layout-flow wp-block-column-is-layout-flow\" style=\"flex-basis:50%\"><\/div>\n<\/div>\n<\/div>\n","protected":false},"excerpt":{"rendered":"<p>Focus sur la qualit\u00e9 dans la formation continue Dans le cadre d&rsquo;un mandat de prestations du SEFRI, la FSEA assume [&hellip;]<\/p>\n","protected":false},"author":4,"featured_media":20799,"parent":11250,"menu_order":610,"comment_status":"closed","ping_status":"closed","template":"","meta":{"_acf_changed":false,"inline_featured_image":false,"footnotes":""},"class_list":["post-17747","page","type-page","status-publish","has-post-thumbnail","hentry"],"acf":[],"yoast_head":"<!-- This site is optimized with the Yoast SEO plugin v27.3 - https:\/\/yoast.com\/product\/yoast-seo-wordpress\/ -->\n<title>Focus sur la qualit\u00e9 dans la formation continue - FSEA<\/title>\n<meta name=\"description\" content=\"Le groupe de travail qualit\u00e9, les ateliers, les webinaires et la journ\u00e9e nationale de la qualit\u00e9 de la formation continue.\" \/>\n<meta name=\"robots\" content=\"index, follow, max-snippet:-1, max-image-preview:large, max-video-preview:-1\" \/>\n<link rel=\"canonical\" href=\"https:\/\/alice.ch\/fr\/qualite\/qualite-dans-la-formation-continue\/focus-qualite\/\" \/>\n<meta property=\"og:locale\" content=\"fr_FR\" \/>\n<meta property=\"og:type\" content=\"article\" \/>\n<meta property=\"og:title\" content=\"Focus sur la qualit\u00e9 dans la formation continue - FSEA\" \/>\n<meta property=\"og:description\" content=\"Le groupe de travail qualit\u00e9, les ateliers, les webinaires et la journ\u00e9e nationale de la qualit\u00e9 de la formation continue.\" \/>\n<meta property=\"og:url\" content=\"https:\/\/alice.ch\/fr\/qualite\/qualite-dans-la-formation-continue\/focus-qualite\/\" \/>\n<meta property=\"og:site_name\" content=\"SVEB\" \/>\n<meta property=\"article:modified_time\" content=\"2025-01-07T16:29:33+00:00\" \/>\n<meta name=\"twitter:card\" content=\"summary_large_image\" \/>\n<meta name=\"twitter:label1\" content=\"Dur\u00e9e de lecture estim\u00e9e\" \/>\n\t<meta name=\"twitter:data1\" content=\"2 minutes\" \/>\n<script type=\"application\/ld+json\" class=\"yoast-schema-graph\">{\"@context\":\"https:\\\/\\\/schema.org\",\"@graph\":[{\"@type\":\"WebPage\",\"@id\":\"https:\\\/\\\/alice.ch\\\/fr\\\/qualite\\\/qualite-dans-la-formation-continue\\\/focus-qualite\\\/\",\"url\":\"https:\\\/\\\/alice.ch\\\/fr\\\/qualite\\\/qualite-dans-la-formation-continue\\\/focus-qualite\\\/\",\"name\":\"Focus sur la qualit\u00e9 dans la formation continue - FSEA\",\"isPartOf\":{\"@id\":\"https:\\\/\\\/alice.ch\\\/fr\\\/#website\"},\"primaryImageOfPage\":{\"@id\":\"https:\\\/\\\/alice.ch\\\/fr\\\/qualite\\\/qualite-dans-la-formation-continue\\\/focus-qualite\\\/#primaryimage\"},\"image\":{\"@id\":\"https:\\\/\\\/alice.ch\\\/fr\\\/qualite\\\/qualite-dans-la-formation-continue\\\/focus-qualite\\\/#primaryimage\"},\"thumbnailUrl\":\"https:\\\/\\\/alice.ch\\\/app\\\/uploads\\\/2022\\\/11\\\/default.jpg\",\"datePublished\":\"2022-08-16T15:53:52+00:00\",\"dateModified\":\"2025-01-07T16:29:33+00:00\",\"description\":\"Le groupe de travail qualit\u00e9, les ateliers, les webinaires et la journ\u00e9e nationale de la qualit\u00e9 de la formation continue.\",\"breadcrumb\":{\"@id\":\"https:\\\/\\\/alice.ch\\\/fr\\\/qualite\\\/qualite-dans-la-formation-continue\\\/focus-qualite\\\/#breadcrumb\"},\"inLanguage\":\"fr-FR\",\"potentialAction\":[{\"@type\":\"ReadAction\",\"target\":[\"https:\\\/\\\/alice.ch\\\/fr\\\/qualite\\\/qualite-dans-la-formation-continue\\\/focus-qualite\\\/\"]}]},{\"@type\":\"ImageObject\",\"inLanguage\":\"fr-FR\",\"@id\":\"https:\\\/\\\/alice.ch\\\/fr\\\/qualite\\\/qualite-dans-la-formation-continue\\\/focus-qualite\\\/#primaryimage\",\"url\":\"https:\\\/\\\/alice.ch\\\/app\\\/uploads\\\/2022\\\/11\\\/default.jpg\",\"contentUrl\":\"https:\\\/\\\/alice.ch\\\/app\\\/uploads\\\/2022\\\/11\\\/default.jpg\",\"width\":1600,\"height\":900},{\"@type\":\"BreadcrumbList\",\"@id\":\"https:\\\/\\\/alice.ch\\\/fr\\\/qualite\\\/qualite-dans-la-formation-continue\\\/focus-qualite\\\/#breadcrumb\",\"itemListElement\":[{\"@type\":\"ListItem\",\"position\":1,\"name\":\"Page d'accueil\",\"item\":\"https:\\\/\\\/alice.ch\\\/fr\\\/\"},{\"@type\":\"ListItem\",\"position\":2,\"name\":\"Qualit\u00e9\",\"item\":\"https:\\\/\\\/alice.ch\\\/fr\\\/qualite\\\/\"},{\"@type\":\"ListItem\",\"position\":3,\"name\":\"Qualit\u00e9 dans la formation continue\",\"item\":\"https:\\\/\\\/alice.ch\\\/fr\\\/qualite\\\/qualite-dans-la-formation-continue\\\/\"},{\"@type\":\"ListItem\",\"position\":4,\"name\":\"Focus sur la qualit\u00e9 dans la formation continue\"}]},{\"@type\":\"WebSite\",\"@id\":\"https:\\\/\\\/alice.ch\\\/fr\\\/#website\",\"url\":\"https:\\\/\\\/alice.ch\\\/fr\\\/\",\"name\":\"alice.ch (Adult Learning Information Center) ist das Portal der Weiterbildung in der Schweiz.\",\"description\":\"Schweizerischer Verband f\u00fcr Weiterbildung\",\"publisher\":{\"@id\":\"https:\\\/\\\/alice.ch\\\/fr\\\/#organization\"},\"potentialAction\":[{\"@type\":\"SearchAction\",\"target\":{\"@type\":\"EntryPoint\",\"urlTemplate\":\"https:\\\/\\\/alice.ch\\\/fr\\\/?s={search_term_string}\"},\"query-input\":{\"@type\":\"PropertyValueSpecification\",\"valueRequired\":true,\"valueName\":\"search_term_string\"}}],\"inLanguage\":\"fr-FR\"},{\"@type\":\"Organization\",\"@id\":\"https:\\\/\\\/alice.ch\\\/fr\\\/#organization\",\"name\":\"FSEA F\u00e9d\u00e9ration suisse pour la formation continue\",\"url\":\"https:\\\/\\\/alice.ch\\\/fr\\\/\",\"logo\":{\"@type\":\"ImageObject\",\"inLanguage\":\"fr-FR\",\"@id\":\"https:\\\/\\\/alice.ch\\\/fr\\\/#\\\/schema\\\/logo\\\/image\\\/\",\"url\":\"https:\\\/\\\/alice.ch\\\/app\\\/uploads\\\/2022\\\/07\\\/logo-sveb.png\",\"contentUrl\":\"https:\\\/\\\/alice.ch\\\/app\\\/uploads\\\/2022\\\/07\\\/logo-sveb.png\",\"width\":145,\"height\":64,\"caption\":\"FSEA F\u00e9d\u00e9ration suisse pour la formation continue\"},\"image\":{\"@id\":\"https:\\\/\\\/alice.ch\\\/fr\\\/#\\\/schema\\\/logo\\\/image\\\/\"},\"sameAs\":[\"https:\\\/\\\/www.linkedin.com\\\/company\\\/schweizerischer-verband-fr-weiterbildung-sveb\\\/\"]}]}<\/script>\n<!-- \/ Yoast SEO plugin. -->","yoast_head_json":{"title":"Focus sur la qualit\u00e9 dans la formation continue - FSEA","description":"Le groupe de travail qualit\u00e9, les ateliers, les webinaires et la journ\u00e9e nationale de la qualit\u00e9 de la formation continue.","robots":{"index":"index","follow":"follow","max-snippet":"max-snippet:-1","max-image-preview":"max-image-preview:large","max-video-preview":"max-video-preview:-1"},"canonical":"https:\/\/alice.ch\/fr\/qualite\/qualite-dans-la-formation-continue\/focus-qualite\/","og_locale":"fr_FR","og_type":"article","og_title":"Focus sur la qualit\u00e9 dans la formation continue - FSEA","og_description":"Le groupe de travail qualit\u00e9, les ateliers, les webinaires et la journ\u00e9e nationale de la qualit\u00e9 de la formation continue.","og_url":"https:\/\/alice.ch\/fr\/qualite\/qualite-dans-la-formation-continue\/focus-qualite\/","og_site_name":"SVEB","article_modified_time":"2025-01-07T16:29:33+00:00","twitter_card":"summary_large_image","twitter_misc":{"Dur\u00e9e de lecture estim\u00e9e":"2 minutes"},"schema":{"@context":"https:\/\/schema.org","@graph":[{"@type":"WebPage","@id":"https:\/\/alice.ch\/fr\/qualite\/qualite-dans-la-formation-continue\/focus-qualite\/","url":"https:\/\/alice.ch\/fr\/qualite\/qualite-dans-la-formation-continue\/focus-qualite\/","name":"Focus sur la qualit\u00e9 dans la formation continue - FSEA","isPartOf":{"@id":"https:\/\/alice.ch\/fr\/#website"},"primaryImageOfPage":{"@id":"https:\/\/alice.ch\/fr\/qualite\/qualite-dans-la-formation-continue\/focus-qualite\/#primaryimage"},"image":{"@id":"https:\/\/alice.ch\/fr\/qualite\/qualite-dans-la-formation-continue\/focus-qualite\/#primaryimage"},"thumbnailUrl":"https:\/\/alice.ch\/app\/uploads\/2022\/11\/default.jpg","datePublished":"2022-08-16T15:53:52+00:00","dateModified":"2025-01-07T16:29:33+00:00","description":"Le groupe de travail qualit\u00e9, les ateliers, les webinaires et la journ\u00e9e nationale de la qualit\u00e9 de la formation continue.","breadcrumb":{"@id":"https:\/\/alice.ch\/fr\/qualite\/qualite-dans-la-formation-continue\/focus-qualite\/#breadcrumb"},"inLanguage":"fr-FR","potentialAction":[{"@type":"ReadAction","target":["https:\/\/alice.ch\/fr\/qualite\/qualite-dans-la-formation-continue\/focus-qualite\/"]}]},{"@type":"ImageObject","inLanguage":"fr-FR","@id":"https:\/\/alice.ch\/fr\/qualite\/qualite-dans-la-formation-continue\/focus-qualite\/#primaryimage","url":"https:\/\/alice.ch\/app\/uploads\/2022\/11\/default.jpg","contentUrl":"https:\/\/alice.ch\/app\/uploads\/2022\/11\/default.jpg","width":1600,"height":900},{"@type":"BreadcrumbList","@id":"https:\/\/alice.ch\/fr\/qualite\/qualite-dans-la-formation-continue\/focus-qualite\/#breadcrumb","itemListElement":[{"@type":"ListItem","position":1,"name":"Page d'accueil","item":"https:\/\/alice.ch\/fr\/"},{"@type":"ListItem","position":2,"name":"Qualit\u00e9","item":"https:\/\/alice.ch\/fr\/qualite\/"},{"@type":"ListItem","position":3,"name":"Qualit\u00e9 dans la formation continue","item":"https:\/\/alice.ch\/fr\/qualite\/qualite-dans-la-formation-continue\/"},{"@type":"ListItem","position":4,"name":"Focus sur la qualit\u00e9 dans la formation continue"}]},{"@type":"WebSite","@id":"https:\/\/alice.ch\/fr\/#website","url":"https:\/\/alice.ch\/fr\/","name":"alice.ch (Adult Learning Information Center) ist das Portal der Weiterbildung in der Schweiz.","description":"Schweizerischer Verband f\u00fcr Weiterbildung","publisher":{"@id":"https:\/\/alice.ch\/fr\/#organization"},"potentialAction":[{"@type":"SearchAction","target":{"@type":"EntryPoint","urlTemplate":"https:\/\/alice.ch\/fr\/?s={search_term_string}"},"query-input":{"@type":"PropertyValueSpecification","valueRequired":true,"valueName":"search_term_string"}}],"inLanguage":"fr-FR"},{"@type":"Organization","@id":"https:\/\/alice.ch\/fr\/#organization","name":"FSEA F\u00e9d\u00e9ration suisse pour la formation continue","url":"https:\/\/alice.ch\/fr\/","logo":{"@type":"ImageObject","inLanguage":"fr-FR","@id":"https:\/\/alice.ch\/fr\/#\/schema\/logo\/image\/","url":"https:\/\/alice.ch\/app\/uploads\/2022\/07\/logo-sveb.png","contentUrl":"https:\/\/alice.ch\/app\/uploads\/2022\/07\/logo-sveb.png","width":145,"height":64,"caption":"FSEA F\u00e9d\u00e9ration suisse pour la formation continue"},"image":{"@id":"https:\/\/alice.ch\/fr\/#\/schema\/logo\/image\/"},"sameAs":["https:\/\/www.linkedin.com\/company\/schweizerischer-verband-fr-weiterbildung-sveb\/"]}]}},"_links":{"self":[{"href":"https:\/\/alice.ch\/fr\/wp-json\/wp\/v2\/pages\/17747","targetHints":{"allow":["GET"]}}],"collection":[{"href":"https:\/\/alice.ch\/fr\/wp-json\/wp\/v2\/pages"}],"about":[{"href":"https:\/\/alice.ch\/fr\/wp-json\/wp\/v2\/types\/page"}],"author":[{"embeddable":true,"href":"https:\/\/alice.ch\/fr\/wp-json\/wp\/v2\/users\/4"}],"replies":[{"embeddable":true,"href":"https:\/\/alice.ch\/fr\/wp-json\/wp\/v2\/comments?post=17747"}],"version-history":[{"count":26,"href":"https:\/\/alice.ch\/fr\/wp-json\/wp\/v2\/pages\/17747\/revisions"}],"predecessor-version":[{"id":65284,"href":"https:\/\/alice.ch\/fr\/wp-json\/wp\/v2\/pages\/17747\/revisions\/65284"}],"up":[{"embeddable":true,"href":"https:\/\/alice.ch\/fr\/wp-json\/wp\/v2\/pages\/11250"}],"wp:featuredmedia":[{"embeddable":true,"href":"https:\/\/alice.ch\/fr\/wp-json\/wp\/v2\/media\/20799"}],"wp:attachment":[{"href":"https:\/\/alice.ch\/fr\/wp-json\/wp\/v2\/media?parent=17747"}],"curies":[{"name":"wp","href":"https:\/\/api.w.org\/{rel}","templated":true}]}}