{"id":17812,"date":"2022-11-03T09:16:20","date_gmt":"2022-11-03T08:16:20","guid":{"rendered":"https:\/\/projects.atxeit.ch\/sveb\/professionnalisation\/brevet-federal-formatrice-formateur-dadultes-ffa\/zentrale-ueberpruefung-fachausweis-2015\/"},"modified":"2026-02-24T09:00:28","modified_gmt":"2026-02-24T08:00:28","slug":"verification-centralisee-brevet-federal-2015","status":"publish","type":"page","link":"https:\/\/alice.ch\/fr\/professionnalisation\/brevet-federal-formatrice-formateur-dadultes-ffa\/verification-centralisee-brevet-federal-2015\/","title":{"rendered":"V\u00e9rification centralis\u00e9e brevet f\u00e9d\u00e9ral 2015"},"content":{"rendered":"\n<div class=\"wp-block-group is-style-reduced-width is-layout-flow wp-block-group-is-layout-flow\">\n<h1 class=\"wp-block-heading\">V\u00e9rification centralis\u00e9e du brevet f\u00e9d\u00e9ral 2015<\/h1>\n\n\n\n<p class=\"is-style-lead\">Jusqu&rsquo;\u00e0 fin 2028, le brevet f\u00e9d\u00e9ral de formatrice\/formateur peut \u00eatre obtenu sans examen, sur la base d&rsquo;une \u00e9valuation des comp\u00e9tences, \u00e0 condition que les certificats de module aient \u00e9t\u00e9 d\u00e9livr\u00e9s conform\u00e9ment au R\u00e8glement d\u2019examen 2013 et qu&rsquo;ils ne datent pas de plus de cinq ans.<\/p>\n\n\n\n<p>Le processus comprend deux \u00e9tapes:<\/p>\n\n\n\n<div class=\"wp-block-columns is-style-accordion is-layout-flex wp-container-core-columns-is-layout-28f84493 wp-block-columns-is-layout-flex\" id=\"faq-element-1\">\n<div class=\"wp-block-column is-layout-flow wp-block-column-is-layout-flow\">\n<h3 class=\"wp-block-heading\">Premi\u00e8re \u00e9tape: dossier d&rsquo;admission<\/h3>\n<\/div>\n\n\n\n<div class=\"wp-block-column is-layout-flow wp-block-column-is-layout-flow\">\n<p>Vous avez obtenu les 5 certificats de module requis et justifiez d&rsquo;une exp\u00e9rience pratique de 300 heures sur une p\u00e9riode minimale de quatre ans?<br><br>Vous pouvez alors constituer un dossier d&rsquo;admission avec les documents n\u00e9cessaires et l&rsquo;envoyer en suivant les instructions sur le formulaire de demande d\u2019admission.<\/p>\n\n\n\n<div class=\"wp-block-file\"><a id=\"wp-block-file--media-224c0021-fbc7-49f2-ba17-f86284b2ac52\" href=\"https:\/\/alice.ch\/app\/uploads\/2024\/10\/20230907_Formulaire_Inscription_BFFA.docx\" target=\"_blank\" rel=\"noreferrer noopener\">Formulaire de demande d&rsquo;admission<br \/>DOCX &#8211; 287 kb<\/a><\/div>\n\n\n\n<div class=\"wp-block-file\"><a id=\"wp-block-file--media-eec9df04-5b29-4ed0-89c9-db8c1ad39e07\" href=\"https:\/\/alice.ch\/app\/uploads\/2023\/04\/fiche-information-attestation-experience-pratique.pdf\" target=\"_blank\" rel=\"noreferrer noopener\">Fiche d\u2019information Attestation d\u2019exp\u00e9rience pratique<br \/>PDF &#8211; 146 kb<\/a><\/div>\n\n\n\n<div class=\"wp-block-file\"><a id=\"wp-block-file--media-eec9df04-5b29-4ed0-89c9-db8c1ad39e07\" href=\"https:\/\/alice.ch\/app\/uploads\/2023\/03\/grille-attestation-experience-pratique-formateur-formatrice.docx\" target=\"_blank\" rel=\"noreferrer noopener\">Grille attestation d&rsquo;exp\u00e9rience pratique  formateur-formatrice<br \/>DOCX &#8211; 305 kb<\/a><\/div>\n<\/div>\n<\/div>\n\n\n\n<div class=\"wp-block-columns is-style-accordion is-layout-flex wp-container-core-columns-is-layout-28f84493 wp-block-columns-is-layout-flex\" id=\"faq-element-1\">\n<div class=\"wp-block-column is-layout-flow wp-block-column-is-layout-flow\">\n<h3 class=\"wp-block-heading\">Deuxi\u00e8me \u00e9tape: dossier de qualification<\/h3>\n<\/div>\n\n\n\n<div class=\"wp-block-column is-layout-flow wp-block-column-is-layout-flow\">\n<p>Dans un deuxi\u00e8me temps, d\u00e8s la r\u00e9ception de la demande du secr\u00e9tariat r\u00e9gional, vous constituez un dossier de qualification individuel. Pour chaque module, vous devez fournir l&rsquo;\u00e9valuation des comp\u00e9tences correspondante ainsi que le justificatif de comp\u00e9tences.<br><br>Le dossier de qualification doit \u00eatre remis dans les 12 mois suivant la d\u00e9cision d&rsquo;admission, faute de quoi l&rsquo;admission devient caduque.<\/p>\n<\/div>\n<\/div>\n\n\n\n<div class=\"wp-block-columns is-style-accordion is-layout-flex wp-container-core-columns-is-layout-28f84493 wp-block-columns-is-layout-flex\" id=\"faq-element-1\">\n<div class=\"wp-block-column is-layout-flow wp-block-column-is-layout-flow\">\n<h3 class=\"wp-block-heading\">Validit\u00e9 des certificats de module<\/h3>\n<\/div>\n\n\n\n<div class=\"wp-block-column is-layout-flow wp-block-column-is-layout-flow\">\n<p>Les certificats des modules du niveau II sont valables pendant <strong>cinq ans<\/strong> \u00e0 compter de leur date d\u2019\u00e9mission pour pouvoir demander le brevet f\u00e9d\u00e9ral. La date de r\u00e9ception du dossier d&rsquo;admission complet par la FSEA fait foi.<br><br>Contrairement aux modules 2 \u00e0 5 (niveau II), le module 1 (niveau I) est valable sans limitation dans le temps.<br><br>Afin de pouvoir <strong>r\u00e9activer un certificat modulaire BF \u00e9chu<\/strong> (- de 10 ans), chacun des modules BF M2 \u00e0 M5 peut \u00eatre r\u00e9\u00e9valu\u00e9 par une proc\u00e9dure de validation des acquis all\u00e9g\u00e9e (VAa). <strong>Dans tous les cas, veuillez d\u2019abord nous faire parvenir votre dossier d\u2019admission complet<\/strong>.<\/p>\n<\/div>\n<\/div>\n\n\n\n<div class=\"wp-block-columns is-style-accordion is-layout-flex wp-container-core-columns-is-layout-28f84493 wp-block-columns-is-layout-flex\" id=\"faq-element-1\">\n<div class=\"wp-block-column is-layout-flow wp-block-column-is-layout-flow\">\n<h3 class=\"wp-block-heading\">Dates de remise<\/h3>\n<\/div>\n\n\n\n<div class=\"wp-block-column is-layout-flow wp-block-column-is-layout-flow\">\n<p>Date limite de d\u00e9p\u00f4t 6 mai 2026, 11h00<br>Date de la d\u00e9cision d&rsquo;admission 10 juin 2026<br><br>Date limite de d\u00e9p\u00f4t 23 juillet 2026, 11h00<br>Date de la d\u00e9cision d&rsquo;admission 1 septembre 2026<\/p>\n\n\n\n<p>Date limite de d\u00e9p\u00f4t 29 octobre 2026, 11h00<br>Date de la d\u00e9cision d&rsquo;admission 9 d\u00e9cembre 2026<br><br>Date limite de d\u00e9p\u00f4t 28 janvier 2027, 11h00<br>Date de la d\u00e9cision d&rsquo;admission 10 mars 2027<\/p>\n\n\n\n<p>Date limite de d\u00e9p\u00f4t 13 mai 2027, 11h00<br>Date de la d\u00e9cision d&rsquo;admission 16 juin 2027<\/p>\n\n\n\n<p>Date limite de d\u00e9p\u00f4t 19 ao\u00fbt 2027, 11h00<br>Date de la d\u00e9cision d&rsquo;admission 15 septembre 2027<\/p>\n\n\n\n<p>Date limite de d\u00e9p\u00f4t 11 novembre 2027, 11h00<br>Date de la d\u00e9cision d&rsquo;admission 15 d\u00e9cembre 2027<\/p>\n<\/div>\n<\/div>\n\n\n\n<div class=\"wp-block-columns is-style-accordion is-layout-flex wp-container-core-columns-is-layout-28f84493 wp-block-columns-is-layout-flex\" id=\"faq-element-1\">\n<div class=\"wp-block-column is-layout-flow wp-block-column-is-layout-flow\">\n<h3 class=\"wp-block-heading\">Financement: la Conf\u00e9d\u00e9ration apporte son soutien<\/h3>\n<\/div>\n\n\n\n<div class=\"wp-block-column is-layout-flow wp-block-column-is-layout-flow\">\n<p>Depuis le 1er janvier 2018, la Conf\u00e9d\u00e9ration assure un financement ax\u00e9 sur la personne. Cela signifie que les frais des cours menant \u00e0 l\u2019obtention d\u2019un dipl\u00f4me f\u00e9d\u00e9ral sont partiellement rembours\u00e9s aux participants apr\u00e8s avoir pass\u00e9 l\u2019examen (la r\u00e9ussite n\u2019est pas n\u00e9cessaire). Apr\u00e8s la communication du r\u00e9sultat final, le secr\u00e9tariat FFA vous remet la \u00ab\u00a0<strong>d\u00e9cision d\u2019examen<\/strong>\u00a0\u00bb \u00e0 transmettre au SEFRI avec la demande de remboursement. Vous trouverez de plus amples informations sur les conditions et la proc\u00e9dure sous Contributions f\u00e9d\u00e9rales. Vous trouverez de plus amples informations sur les conditions et la proc\u00e9dure \u00e0 suivre sur l<a href=\"https:\/\/www.sbfi.admin.ch\/fr\/faq-contributions-federales-aux-examens-federaux-participants\" target=\"_blank\" rel=\"noreferrer noopener\">e site Internet de la Conf\u00e9d\u00e9ration.<\/a><\/p>\n<\/div>\n<\/div>\n\n\n\n<div class=\"wp-block-group is-style-run-to-edge has-primary-background-color has-background is-layout-flow wp-block-group-is-layout-flow\">\n<p class=\"is-style-lead has-background-color has-text-color\">P\u00e9riode transitoire<\/p>\n\n\n\n<p class=\"is-style-default has-background-color has-text-color\">Jusqu&rsquo;\u00e0 fin 2028, les dipl\u00f4mes peuvent \u00eatre obtenus selon l&rsquo;ancienne ou la nouvelle proc\u00e9dure : les candidats dont les certificats de module ont \u00e9t\u00e9 d\u00e9livr\u00e9s selon le r\u00e8glement d&rsquo;examen du 11 f\u00e9vrier 2013 et qui ne datent pas de plus de 5 ans peuvent passer l&rsquo;examen selon le r\u00e8glement d&rsquo;examen 2013 jusqu&rsquo;\u00e0 fin 2028.<\/p>\n<\/div>\n\n\n\n<h2 class=\"wp-block-heading\">Documents<\/h2>\n\n\n\n<div class=\"wp-block-columns is-layout-flex wp-container-core-columns-is-layout-28f84493 wp-block-columns-is-layout-flex\">\n<div class=\"wp-block-column is-layout-flow wp-block-column-is-layout-flow\" style=\"flex-basis:50%\">\n<div class=\"wp-block-file\"><a id=\"wp-block-file--media-eec9df04-5b29-4ed0-89c9-db8c1ad39e07\" href=\"https:\/\/alice.ch\/app\/uploads\/2022\/11\/Pruefungsordnung_BP.pdf\" target=\"_blank\" rel=\"noreferrer noopener\">R\u00e8glement d\u2019examen<br \/>PDF &#8211; 156 kb<\/a><\/div>\n\n\n\n<div class=\"wp-block-file\"><a id=\"wp-block-file--media-224c0021-fbc7-49f2-ba17-f86284b2ac52\" href=\"https:\/\/alice.ch\/app\/uploads\/2024\/10\/20230907_Formulaire_Inscription_BFFA.docx\" target=\"_blank\" rel=\"noreferrer noopener\">Formulaire de demande d&rsquo;admission<br \/>DOCX &#8211; 287 kb<\/a><\/div>\n\n\n\n<div class=\"wp-block-file\"><a id=\"wp-block-file--media-eec9df04-5b29-4ed0-89c9-db8c1ad39e07\" href=\"https:\/\/alice.ch\/app\/uploads\/2023\/03\/grille-attestation-experience-pratique-formateur-formatrice.docx\" target=\"_blank\" rel=\"noreferrer noopener\">Grille d\u2019attestation d\u2019exp\u00e9rience pratique en tant que formatrice\/formateur<br \/>DOCX &#8211; 305 kb<\/a><\/div>\n\n\n\n<div class=\"wp-block-file\"><a id=\"wp-block-file--media-eec9df04-5b29-4ed0-89c9-db8c1ad39e07\" href=\"https:\/\/alice.ch\/app\/uploads\/2022\/12\/06_Reglement-concernant-lexamen-professionnel-de-formatrice-formateur.pdf\" target=\"_blank\" rel=\"noreferrer noopener\">R\u00e8glement concernant l&rsquo;examen professionnel de formatrice formateur<br \/>PDF &#8211; 160 kb<\/a><\/div>\n\n\n\n<div class=\"wp-block-file\"><a id=\"wp-block-file--media-eec9df04-5b29-4ed0-89c9-db8c1ad39e07\" href=\"https:\/\/alice.ch\/app\/uploads\/2022\/12\/08_descriptifs-modulaires-.pdf\" target=\"_blank\" rel=\"noreferrer noopener\">Descriptifs modulaires M1 \u00e0 M5<br \/>PDF &#8211; 2 Mo<\/a><\/div>\n\n\n\n<div class=\"wp-block-file\"><a id=\"wp-block-file--media-eec9df04-5b29-4ed0-89c9-db8c1ad39e07\" href=\"https:\/\/alice.ch\/app\/uploads\/2022\/12\/09_Glossaire.pdf\" target=\"_blank\" rel=\"noreferrer noopener\">Glossaire<br \/>PDF &#8211; 421 kb<\/a><\/div>\n\n\n\n<div class=\"wp-block-file\"><a id=\"wp-block-file--media-20504c09-ebcd-4013-b8a3-a7407dd4e878\" href=\"https:\/\/alice.ch\/app\/uploads\/2023\/12\/regles-transitoires.pdf\" target=\"_blank\" rel=\"noreferrer noopener\">Dispositions transitoires du brevet f\u00e9d\u00e9ral 2015 au brevet f\u00e9d\u00e9ral 2023 (R\u00e8glement 24)<br \/>PDF &#8211; 218 kb<\/a><\/div>\n<\/div>\n\n\n\n<div class=\"wp-block-column is-layout-flow wp-block-column-is-layout-flow\" style=\"flex-basis:50%\">\n<div class=\"wp-block-file\"><a id=\"wp-block-file--media-eec9df04-5b29-4ed0-89c9-db8c1ad39e07\" href=\"https:\/\/alice.ch\/app\/uploads\/2022\/11\/Wegleitung_zur_Pruefungsordnung.pdf\" target=\"_blank\" rel=\"noreferrer noopener\">Directives relatives au r\u00e8glement d&rsquo;examen<br \/>PDF &#8211; 328 kb<\/a><\/div>\n\n\n\n<div class=\"wp-block-file\"><a id=\"wp-block-file--media-eec9df04-5b29-4ed0-89c9-db8c1ad39e07\" href=\"https:\/\/alice.ch\/app\/uploads\/2022\/12\/01_Fiche-dinformation-Verification-centralisee.pdf\" target=\"_blank\" rel=\"noreferrer noopener\">Fiche d&rsquo;information Ve\u0301rification centralise\u0301e<br \/>PDF &#8211; 105 kb<\/a><\/div>\n\n\n\n<div class=\"wp-block-file\"><a id=\"wp-block-file--media-eec9df04-5b29-4ed0-89c9-db8c1ad39e07\" href=\"https:\/\/alice.ch\/app\/uploads\/2023\/04\/fiche-information-attestation-experience-pratique.pdf\" target=\"_blank\" rel=\"noreferrer noopener\">Fiche d\u2019information attestation d\u2019exp\u00e9rience pratique<br \/>PDF &#8211; 146 kb<\/a><\/div>\n\n\n\n<div class=\"wp-block-file\"><a id=\"wp-block-file--media-57d9ef4f-d989-41c4-8a1d-425724bf4050\" href=\"https:\/\/alice.ch\/app\/uploads\/2023\/04\/20251231_Taxes-FFA_2025.pdf\" target=\"_blank\" rel=\"noreferrer noopener\">Frais d&rsquo;inscription pour les candidats<br \/>PDF &#8211; 232 kb<\/a><\/div>\n\n\n\n<div class=\"wp-block-file\"><a id=\"wp-block-file--media-eec9df04-5b29-4ed0-89c9-db8c1ad39e07\" href=\"https:\/\/alice.ch\/app\/uploads\/2022\/12\/07_Directive-sur-lexamen-professionnel-de-formatrice-formateur.pdf\" target=\"_blank\" rel=\"noreferrer noopener\">Directive sur l&rsquo;examen professionnel de formatrice formateur<br \/>PDF &#8211; 337 kb<\/a><\/div>\n\n\n\n<div class=\"wp-block-file\"><a id=\"wp-block-file--media-1ed51c91-6c44-4e19-b20e-96fa8ebaeece\" href=\"https:\/\/alice.ch\/app\/uploads\/2023\/03\/fiche-information-supervision.pdf\" target=\"_blank\" rel=\"noreferrer noopener\">Fiche d&rsquo;information Supervision<br \/>PDF &#8211; 119 kb<\/a><a href=\"https:\/\/alice.ch\/app\/uploads\/2023\/03\/fiche-information-supervision.pdf\" class=\"wp-block-file__button wp-element-button\" download aria-describedby=\"wp-block-file--media-1ed51c91-6c44-4e19-b20e-96fa8ebaeece\">T\u00e9l\u00e9charger<br \/>PDF &#8211; 119 kb<\/a><\/div>\n<\/div>\n<\/div>\n\n\n\n<div class=\"wp-block-buttons is-layout-flex wp-block-buttons-is-layout-flex\">\n<div class=\"wp-block-button has-custom-width wp-block-button__width-50 is-style-outline is-style-outline--1\"><a class=\"wp-block-button__link wp-element-button\" href=\"https:\/\/alice.ch\/fr\/professionnalisation\/brevet-federal-formatrice-formateur-dadultes-ffa\/examen-final-du-brevet-federal-de-formatrice-formateur\/\" target=\"_blank\" rel=\"noreferrer noopener\">Examen final du brevet f\u00e9d\u00e9ral de formatrice\/formateur selon le r\u00e8glement d\u2019examen 2024<\/a><\/div>\n<\/div>\n\n\n\n<h2 class=\"wp-block-heading\">Contact<\/h2>\n\n\n\n<div class=\"wp-block-columns is-layout-flex wp-container-core-columns-is-layout-28f84493 wp-block-columns-is-layout-flex\">\n<div class=\"wp-block-column is-layout-flow wp-block-column-is-layout-flow\" style=\"flex-basis:50%\"><div class=\"contact-persons\">\n\n\t\t\t\t\t<div class=\"contact-person\">\n\t\t\t\t\tFSEA F\u00e9d\u00e9ration suisse pour la formation continue<br \/>\t\t\t\t\t\t\t\t\t\t<br \/>\n\t\t\t\t\tSecr\u00e9tariat romand<br \/>\r\nRue de Gen\u00e8ve 88b<br \/>\r\n1004 Lausanne<br \/>\t\t\t\t\t<a href=\"tel:+41 (0)22 994 20 10\">+41 (0)22 994 20 10<\/a><br \/>\t\t\t\t\t<a href=\"mailto:fsea@alice.ch\">fsea@alice.ch<\/a><br \/>\t\t\t\t\t<\/div>\n\t\t\t\t\t<\/div>\n<\/div>\n\n\n\n<div class=\"wp-block-column is-layout-flow wp-block-column-is-layout-flow\" style=\"flex-basis:50%\"><\/div>\n<\/div>\n<\/div>\n\n\n\n<p><\/p>\n","protected":false},"excerpt":{"rendered":"<p>V\u00e9rification centralis\u00e9e du brevet f\u00e9d\u00e9ral 2015 Jusqu&rsquo;\u00e0 fin 2028, le brevet f\u00e9d\u00e9ral de formatrice\/formateur peut \u00eatre obtenu sans examen, sur [&hellip;]<\/p>\n","protected":false},"author":2,"featured_media":20799,"parent":17660,"menu_order":230,"comment_status":"closed","ping_status":"closed","template":"","meta":{"_acf_changed":false,"inline_featured_image":false,"footnotes":""},"class_list":["post-17812","page","type-page","status-publish","has-post-thumbnail","hentry"],"acf":[],"yoast_head":"<!-- This site is optimized with the Yoast SEO plugin v27.3 - https:\/\/yoast.com\/product\/yoast-seo-wordpress\/ -->\n<title>V\u00e9rification centralis\u00e9e brevet f\u00e9d\u00e9ral 2015 - FSEA<\/title>\n<meta name=\"description\" content=\"Formateur\/trice avec brevet f\u00e9d\u00e9ral 2015 : demande, examen professionnel, d\u00e9roulement, validit\u00e9 des certificats de module, \u00e9valuation et co\u00fbts\" \/>\n<meta name=\"robots\" content=\"index, follow, max-snippet:-1, max-image-preview:large, max-video-preview:-1\" \/>\n<link rel=\"canonical\" href=\"https:\/\/alice.ch\/fr\/professionnalisation\/brevet-federal-formatrice-formateur-dadultes-ffa\/verification-centralisee-brevet-federal-2015\/\" \/>\n<meta property=\"og:locale\" content=\"fr_FR\" \/>\n<meta property=\"og:type\" content=\"article\" \/>\n<meta property=\"og:title\" content=\"V\u00e9rification centralis\u00e9e brevet f\u00e9d\u00e9ral 2015 - FSEA\" \/>\n<meta property=\"og:description\" content=\"Formateur\/trice avec brevet f\u00e9d\u00e9ral 2015 : demande, examen professionnel, d\u00e9roulement, validit\u00e9 des certificats de module, \u00e9valuation et co\u00fbts\" \/>\n<meta property=\"og:url\" content=\"https:\/\/alice.ch\/fr\/professionnalisation\/brevet-federal-formatrice-formateur-dadultes-ffa\/verification-centralisee-brevet-federal-2015\/\" \/>\n<meta property=\"og:site_name\" content=\"SVEB\" \/>\n<meta property=\"article:modified_time\" content=\"2026-02-24T08:00:28+00:00\" \/>\n<meta name=\"twitter:card\" content=\"summary_large_image\" \/>\n<meta name=\"twitter:label1\" content=\"Dur\u00e9e de lecture estim\u00e9e\" \/>\n\t<meta name=\"twitter:data1\" content=\"5 minutes\" \/>\n<script type=\"application\/ld+json\" class=\"yoast-schema-graph\">{\"@context\":\"https:\\\/\\\/schema.org\",\"@graph\":[{\"@type\":\"WebPage\",\"@id\":\"https:\\\/\\\/alice.ch\\\/fr\\\/professionnalisation\\\/brevet-federal-formatrice-formateur-dadultes-ffa\\\/verification-centralisee-brevet-federal-2015\\\/\",\"url\":\"https:\\\/\\\/alice.ch\\\/fr\\\/professionnalisation\\\/brevet-federal-formatrice-formateur-dadultes-ffa\\\/verification-centralisee-brevet-federal-2015\\\/\",\"name\":\"V\u00e9rification centralis\u00e9e brevet f\u00e9d\u00e9ral 2015 - FSEA\",\"isPartOf\":{\"@id\":\"https:\\\/\\\/alice.ch\\\/fr\\\/#website\"},\"primaryImageOfPage\":{\"@id\":\"https:\\\/\\\/alice.ch\\\/fr\\\/professionnalisation\\\/brevet-federal-formatrice-formateur-dadultes-ffa\\\/verification-centralisee-brevet-federal-2015\\\/#primaryimage\"},\"image\":{\"@id\":\"https:\\\/\\\/alice.ch\\\/fr\\\/professionnalisation\\\/brevet-federal-formatrice-formateur-dadultes-ffa\\\/verification-centralisee-brevet-federal-2015\\\/#primaryimage\"},\"thumbnailUrl\":\"https:\\\/\\\/alice.ch\\\/app\\\/uploads\\\/2022\\\/11\\\/default.jpg\",\"datePublished\":\"2022-11-03T08:16:20+00:00\",\"dateModified\":\"2026-02-24T08:00:28+00:00\",\"description\":\"Formateur\\\/trice avec brevet f\u00e9d\u00e9ral 2015 : demande, examen professionnel, d\u00e9roulement, validit\u00e9 des certificats de module, \u00e9valuation et co\u00fbts\",\"breadcrumb\":{\"@id\":\"https:\\\/\\\/alice.ch\\\/fr\\\/professionnalisation\\\/brevet-federal-formatrice-formateur-dadultes-ffa\\\/verification-centralisee-brevet-federal-2015\\\/#breadcrumb\"},\"inLanguage\":\"fr-FR\",\"potentialAction\":[{\"@type\":\"ReadAction\",\"target\":[\"https:\\\/\\\/alice.ch\\\/fr\\\/professionnalisation\\\/brevet-federal-formatrice-formateur-dadultes-ffa\\\/verification-centralisee-brevet-federal-2015\\\/\"]}]},{\"@type\":\"ImageObject\",\"inLanguage\":\"fr-FR\",\"@id\":\"https:\\\/\\\/alice.ch\\\/fr\\\/professionnalisation\\\/brevet-federal-formatrice-formateur-dadultes-ffa\\\/verification-centralisee-brevet-federal-2015\\\/#primaryimage\",\"url\":\"https:\\\/\\\/alice.ch\\\/app\\\/uploads\\\/2022\\\/11\\\/default.jpg\",\"contentUrl\":\"https:\\\/\\\/alice.ch\\\/app\\\/uploads\\\/2022\\\/11\\\/default.jpg\",\"width\":1600,\"height\":900},{\"@type\":\"BreadcrumbList\",\"@id\":\"https:\\\/\\\/alice.ch\\\/fr\\\/professionnalisation\\\/brevet-federal-formatrice-formateur-dadultes-ffa\\\/verification-centralisee-brevet-federal-2015\\\/#breadcrumb\",\"itemListElement\":[{\"@type\":\"ListItem\",\"position\":1,\"name\":\"Page d'accueil\",\"item\":\"https:\\\/\\\/alice.ch\\\/fr\\\/\"},{\"@type\":\"ListItem\",\"position\":2,\"name\":\"Professionnalisation\",\"item\":\"https:\\\/\\\/alice.ch\\\/fr\\\/professionnalisation\\\/\"},{\"@type\":\"ListItem\",\"position\":3,\"name\":\"Brevet f\u00e9d\u00e9ral formatrice\\\/formateur d\u2019adultes FFA\",\"item\":\"https:\\\/\\\/alice.ch\\\/fr\\\/professionnalisation\\\/brevet-federal-formatrice-formateur-dadultes-ffa\\\/\"},{\"@type\":\"ListItem\",\"position\":4,\"name\":\"V\u00e9rification centralis\u00e9e brevet f\u00e9d\u00e9ral 2015\"}]},{\"@type\":\"WebSite\",\"@id\":\"https:\\\/\\\/alice.ch\\\/fr\\\/#website\",\"url\":\"https:\\\/\\\/alice.ch\\\/fr\\\/\",\"name\":\"alice.ch (Adult Learning Information Center) ist das Portal der Weiterbildung in der Schweiz.\",\"description\":\"Schweizerischer Verband f\u00fcr Weiterbildung\",\"publisher\":{\"@id\":\"https:\\\/\\\/alice.ch\\\/fr\\\/#organization\"},\"potentialAction\":[{\"@type\":\"SearchAction\",\"target\":{\"@type\":\"EntryPoint\",\"urlTemplate\":\"https:\\\/\\\/alice.ch\\\/fr\\\/?s={search_term_string}\"},\"query-input\":{\"@type\":\"PropertyValueSpecification\",\"valueRequired\":true,\"valueName\":\"search_term_string\"}}],\"inLanguage\":\"fr-FR\"},{\"@type\":\"Organization\",\"@id\":\"https:\\\/\\\/alice.ch\\\/fr\\\/#organization\",\"name\":\"FSEA F\u00e9d\u00e9ration suisse pour la formation continue\",\"url\":\"https:\\\/\\\/alice.ch\\\/fr\\\/\",\"logo\":{\"@type\":\"ImageObject\",\"inLanguage\":\"fr-FR\",\"@id\":\"https:\\\/\\\/alice.ch\\\/fr\\\/#\\\/schema\\\/logo\\\/image\\\/\",\"url\":\"https:\\\/\\\/alice.ch\\\/app\\\/uploads\\\/2022\\\/07\\\/logo-sveb.png\",\"contentUrl\":\"https:\\\/\\\/alice.ch\\\/app\\\/uploads\\\/2022\\\/07\\\/logo-sveb.png\",\"width\":145,\"height\":64,\"caption\":\"FSEA F\u00e9d\u00e9ration suisse pour la formation continue\"},\"image\":{\"@id\":\"https:\\\/\\\/alice.ch\\\/fr\\\/#\\\/schema\\\/logo\\\/image\\\/\"},\"sameAs\":[\"https:\\\/\\\/www.linkedin.com\\\/company\\\/schweizerischer-verband-fr-weiterbildung-sveb\\\/\"]}]}<\/script>\n<!-- \/ Yoast SEO plugin. -->","yoast_head_json":{"title":"V\u00e9rification centralis\u00e9e brevet f\u00e9d\u00e9ral 2015 - FSEA","description":"Formateur\/trice avec brevet f\u00e9d\u00e9ral 2015 : demande, examen professionnel, d\u00e9roulement, validit\u00e9 des certificats de module, \u00e9valuation et co\u00fbts","robots":{"index":"index","follow":"follow","max-snippet":"max-snippet:-1","max-image-preview":"max-image-preview:large","max-video-preview":"max-video-preview:-1"},"canonical":"https:\/\/alice.ch\/fr\/professionnalisation\/brevet-federal-formatrice-formateur-dadultes-ffa\/verification-centralisee-brevet-federal-2015\/","og_locale":"fr_FR","og_type":"article","og_title":"V\u00e9rification centralis\u00e9e brevet f\u00e9d\u00e9ral 2015 - FSEA","og_description":"Formateur\/trice avec brevet f\u00e9d\u00e9ral 2015 : demande, examen professionnel, d\u00e9roulement, validit\u00e9 des certificats de module, \u00e9valuation et co\u00fbts","og_url":"https:\/\/alice.ch\/fr\/professionnalisation\/brevet-federal-formatrice-formateur-dadultes-ffa\/verification-centralisee-brevet-federal-2015\/","og_site_name":"SVEB","article_modified_time":"2026-02-24T08:00:28+00:00","twitter_card":"summary_large_image","twitter_misc":{"Dur\u00e9e de lecture estim\u00e9e":"5 minutes"},"schema":{"@context":"https:\/\/schema.org","@graph":[{"@type":"WebPage","@id":"https:\/\/alice.ch\/fr\/professionnalisation\/brevet-federal-formatrice-formateur-dadultes-ffa\/verification-centralisee-brevet-federal-2015\/","url":"https:\/\/alice.ch\/fr\/professionnalisation\/brevet-federal-formatrice-formateur-dadultes-ffa\/verification-centralisee-brevet-federal-2015\/","name":"V\u00e9rification centralis\u00e9e brevet f\u00e9d\u00e9ral 2015 - FSEA","isPartOf":{"@id":"https:\/\/alice.ch\/fr\/#website"},"primaryImageOfPage":{"@id":"https:\/\/alice.ch\/fr\/professionnalisation\/brevet-federal-formatrice-formateur-dadultes-ffa\/verification-centralisee-brevet-federal-2015\/#primaryimage"},"image":{"@id":"https:\/\/alice.ch\/fr\/professionnalisation\/brevet-federal-formatrice-formateur-dadultes-ffa\/verification-centralisee-brevet-federal-2015\/#primaryimage"},"thumbnailUrl":"https:\/\/alice.ch\/app\/uploads\/2022\/11\/default.jpg","datePublished":"2022-11-03T08:16:20+00:00","dateModified":"2026-02-24T08:00:28+00:00","description":"Formateur\/trice avec brevet f\u00e9d\u00e9ral 2015 : demande, examen professionnel, d\u00e9roulement, validit\u00e9 des certificats de module, \u00e9valuation et co\u00fbts","breadcrumb":{"@id":"https:\/\/alice.ch\/fr\/professionnalisation\/brevet-federal-formatrice-formateur-dadultes-ffa\/verification-centralisee-brevet-federal-2015\/#breadcrumb"},"inLanguage":"fr-FR","potentialAction":[{"@type":"ReadAction","target":["https:\/\/alice.ch\/fr\/professionnalisation\/brevet-federal-formatrice-formateur-dadultes-ffa\/verification-centralisee-brevet-federal-2015\/"]}]},{"@type":"ImageObject","inLanguage":"fr-FR","@id":"https:\/\/alice.ch\/fr\/professionnalisation\/brevet-federal-formatrice-formateur-dadultes-ffa\/verification-centralisee-brevet-federal-2015\/#primaryimage","url":"https:\/\/alice.ch\/app\/uploads\/2022\/11\/default.jpg","contentUrl":"https:\/\/alice.ch\/app\/uploads\/2022\/11\/default.jpg","width":1600,"height":900},{"@type":"BreadcrumbList","@id":"https:\/\/alice.ch\/fr\/professionnalisation\/brevet-federal-formatrice-formateur-dadultes-ffa\/verification-centralisee-brevet-federal-2015\/#breadcrumb","itemListElement":[{"@type":"ListItem","position":1,"name":"Page d'accueil","item":"https:\/\/alice.ch\/fr\/"},{"@type":"ListItem","position":2,"name":"Professionnalisation","item":"https:\/\/alice.ch\/fr\/professionnalisation\/"},{"@type":"ListItem","position":3,"name":"Brevet f\u00e9d\u00e9ral formatrice\/formateur d\u2019adultes FFA","item":"https:\/\/alice.ch\/fr\/professionnalisation\/brevet-federal-formatrice-formateur-dadultes-ffa\/"},{"@type":"ListItem","position":4,"name":"V\u00e9rification centralis\u00e9e brevet f\u00e9d\u00e9ral 2015"}]},{"@type":"WebSite","@id":"https:\/\/alice.ch\/fr\/#website","url":"https:\/\/alice.ch\/fr\/","name":"alice.ch (Adult Learning Information Center) ist das Portal der Weiterbildung in der Schweiz.","description":"Schweizerischer Verband f\u00fcr Weiterbildung","publisher":{"@id":"https:\/\/alice.ch\/fr\/#organization"},"potentialAction":[{"@type":"SearchAction","target":{"@type":"EntryPoint","urlTemplate":"https:\/\/alice.ch\/fr\/?s={search_term_string}"},"query-input":{"@type":"PropertyValueSpecification","valueRequired":true,"valueName":"search_term_string"}}],"inLanguage":"fr-FR"},{"@type":"Organization","@id":"https:\/\/alice.ch\/fr\/#organization","name":"FSEA F\u00e9d\u00e9ration suisse pour la formation continue","url":"https:\/\/alice.ch\/fr\/","logo":{"@type":"ImageObject","inLanguage":"fr-FR","@id":"https:\/\/alice.ch\/fr\/#\/schema\/logo\/image\/","url":"https:\/\/alice.ch\/app\/uploads\/2022\/07\/logo-sveb.png","contentUrl":"https:\/\/alice.ch\/app\/uploads\/2022\/07\/logo-sveb.png","width":145,"height":64,"caption":"FSEA F\u00e9d\u00e9ration suisse pour la formation continue"},"image":{"@id":"https:\/\/alice.ch\/fr\/#\/schema\/logo\/image\/"},"sameAs":["https:\/\/www.linkedin.com\/company\/schweizerischer-verband-fr-weiterbildung-sveb\/"]}]}},"_links":{"self":[{"href":"https:\/\/alice.ch\/fr\/wp-json\/wp\/v2\/pages\/17812","targetHints":{"allow":["GET"]}}],"collection":[{"href":"https:\/\/alice.ch\/fr\/wp-json\/wp\/v2\/pages"}],"about":[{"href":"https:\/\/alice.ch\/fr\/wp-json\/wp\/v2\/types\/page"}],"author":[{"embeddable":true,"href":"https:\/\/alice.ch\/fr\/wp-json\/wp\/v2\/users\/2"}],"replies":[{"embeddable":true,"href":"https:\/\/alice.ch\/fr\/wp-json\/wp\/v2\/comments?post=17812"}],"version-history":[{"count":72,"href":"https:\/\/alice.ch\/fr\/wp-json\/wp\/v2\/pages\/17812\/revisions"}],"predecessor-version":[{"id":73906,"href":"https:\/\/alice.ch\/fr\/wp-json\/wp\/v2\/pages\/17812\/revisions\/73906"}],"up":[{"embeddable":true,"href":"https:\/\/alice.ch\/fr\/wp-json\/wp\/v2\/pages\/17660"}],"wp:featuredmedia":[{"embeddable":true,"href":"https:\/\/alice.ch\/fr\/wp-json\/wp\/v2\/media\/20799"}],"wp:attachment":[{"href":"https:\/\/alice.ch\/fr\/wp-json\/wp\/v2\/media?parent=17812"}],"curies":[{"name":"wp","href":"https:\/\/api.w.org\/{rel}","templated":true}]}}