{"id":20775,"date":"2022-08-16T16:24:57","date_gmt":"2022-08-16T14:24:57","guid":{"rendered":"https:\/\/projects.atxeit.ch\/sveb\/fsea-2\/a-propos-de-la-fsea\/geschichte\/"},"modified":"2023-12-05T15:26:06","modified_gmt":"2023-12-05T14:26:06","slug":"histoire","status":"publish","type":"page","link":"https:\/\/alice.ch\/fr\/fsea-fr\/a-propos-de-la-fsea\/histoire\/","title":{"rendered":"Histoire"},"content":{"rendered":"\n<div class=\"wp-block-group is-style-reduced-width is-layout-flow wp-block-group-is-layout-flow\">\n<h1 class=\"wp-block-heading\">Les grandes \u00e9tapes<\/h1>\n\n\n\n<p class=\"is-style-lead\">Depuis 1951, la FSEA \u0153uvre avec succ\u00e8s pour les int\u00e9r\u00eats de la formation continue en Suisse. Voici une vue d\u2019ensemble des grandes dates qui ont marqu\u00e9 l\u2019histoire de notre f\u00e9d\u00e9ration:<\/p>\n\n\n\n<p><strong>2022:<\/strong>&nbsp;Apr\u00e8s 53 ans pass\u00e9s Oerlikonerstrasse 38 \u00e0 Zurich, le bureau national de la FSEA se rapproche du centre-ville avec son d\u00e9m\u00e9nagement \u00e0 l\u2019adresse Hardstrasse 235 \/ Lancement d\u2019<a href=\"https:\/\/alice.ch\/fr\/services\/eduqua\/revision-eduqua\/\">eduQua:2021<\/a><\/p>\n\n\n\n<p><strong>2021:<\/strong>&nbsp;Adoption de la nouvelle&nbsp;<a href=\"https:\/\/alice.ch\/fr\/fsea-fr\/strategie\/\">strat\u00e9gie pour les ann\u00e9es 2021\u20132024<\/a>&nbsp;et de la nouvelle convention de prestation avec le SEFRI<\/p>\n\n\n\n<p><strong>2020:<\/strong>&nbsp;R\u00e9vision d\u2019<a href=\"https:\/\/alice.ch\/fr\/qualite\/eduqua\/\">eduQua<\/a> et du syst\u00e8me <a href=\"https:\/\/alice.ch\/fr\/professionnalisation\/devenir-formateur-trice-dadultes\/\">FFA<\/a> \/ Lobbying r\u00e9ussi pour le renforcement de la formation continue dans le&nbsp;<a href=\"https:\/\/www.sbfi.admin.ch\/sbfi\/fr\/home\/services\/publications\/base-de-donnees-des-publications\/s-n-2019-1\/s-n-2019-1f.html\" target=\"_blank\" rel=\"noreferrer noopener\">message FRI 2021\u20132024<\/a><\/p>\n\n\n\n<p><strong>2019:<\/strong>&nbsp;La Commission Romande est remplac\u00e9e par le nouveau&nbsp;<a href=\"https:\/\/alice.ch\/fr\/fsea-fr\/a-propos-de-la-fsea\/organes\/forum-romand\/\">Forum romand<\/a>&nbsp;\/ Le secr\u00e9tariat romand de la FSEA d\u00e9m\u00e9nage de Nyon \u00e0 Lausanne \/ Lancement de l\u2019<a href=\"https:\/\/alice.ch\/fr\/fsea-fr\/politique-de-la-formation\/aide-sociale\/\">Offensive pour la formation continue pour les personnes b\u00e9n\u00e9ficiaires de l\u2019aide sociale<\/a>&nbsp; \/ Lancement du groupe de pilotage politique<\/p>\n\n\n\n<p><strong>2018:<\/strong>&nbsp;Attribution du 50\u2019000e&nbsp;certificat FSEA formateur\/trice d\u2019adultes&nbsp;\/ Le certificat de formation continue \u00abSoutenir les processus d\u2019apprentissage \u00e0 l\u2019aide de m\u00e9dias num\u00e9riques\u00bb vient s\u2019ajouter au <a href=\"https:\/\/alice.ch\/fr\/professionnalisation\/systeme-modulaire-ffa\/\">syst\u00e8me modulaire FFA<\/a> \/ La Conf\u00e9d\u00e9ration lance le programme d\u2019encouragement <a href=\"https:\/\/alice.ch\/fr\/themes\/competences-de-base\/promotion-des-competences-de-base-sur-le-lieu-de-travail\/\">\u00abSimplement mieux! &#8230; au travail\u00bb<\/a> sur la base, entre autres, des <a href=\"https:\/\/alice.ch\/fr\/themes\/competences-de-base\/go-promotion-des-competences-en-situation-de-travail\/le-modele-go\/\">projets GO<\/a> de la FSEA<\/p>\n\n\n\n<p><strong>2017:<\/strong>&nbsp;Introduction de la&nbsp;<a href=\"https:\/\/alice.ch\/fr\/fsea-fr\/politique-de-la-formation\/loi-sur-la-formation-continue\/\">loi sur la formation continue<\/a> (LFCo)&nbsp;\/ Introduction de conventions de prestation avec les organisations actives dans le domaine de la formation continue, dont la FSEA \/ Lancement de&nbsp;<a href=\"https:\/\/alice.ch\/fr\/recherche\/think-tank-transit\/\">TRANSIT \u2013 Think tank pour la formation continue<\/a><\/p>\n\n\n\n<p><strong>2016:&nbsp;<\/strong>Attribution du 10\u2019000e&nbsp;<a href=\"https:\/\/alice.ch\/fr\/professionnalisation\/brevet-federal-formatrice-formateur-dadultes-ffa\/\">Brevet f\u00e9d\u00e9ral de formateur\/formatrice d\u2019adultes<\/a>&nbsp;\/ Dernier Lernfestival \/ Bernhard Gr\u00e4miger remplace Andr\u00e9 Schl\u00e4fli comme directeur de la FSEA (troisi\u00e8me directeur en 48 ans d\u2019existence du bureau), Irena Sgier devient directrice adjointe<\/p>\n\n\n\n<p><strong>2013:<\/strong>&nbsp;R\u00e9vision d\u2019<a href=\"https:\/\/alice.ch\/de\/qualitaet\/qualitaetslabel-eduqua\/\">eduQua<\/a><\/p>\n\n\n\n<p><strong>2012:<\/strong>&nbsp;Fondation de la&nbsp;<a href=\"https:\/\/alice.ch\/fr\/themes\/competences-de-base\/promotion-innovante\/ci-competences-de-base\/\">CI Comp\u00e9tences de base<\/a><\/p>\n\n\n\n<p><strong>2010:<\/strong>&nbsp;Record de croissance du nombre d\u2019<a href=\"https:\/\/alice.ch\/fr\/fsea-fr\/membres\/\">adh\u00e9sions \u00e0 la FSEA<\/a>&nbsp;avec un total de 573 membres<\/p>\n\n\n\n<p><strong>2009:&nbsp;<\/strong>La FSEA publie son projet de loi sur la formation continue (projet par Christoph Reichenau) \/ Le Lernfestival devient un \u00e9v\u00e9nement annuel (il avait lieu auparavant tous les 3 ans) \/ D\u00e9but d\u2019\u00e9laboration du <a href=\"https:\/\/alice.ch\/fr\/themes\/competences-de-base\/go-promotion-des-competences-en-situation-de-travail\/le-modele-go\/\">mod\u00e8le GO<\/a> (<a href=\"https:\/\/alice.ch\/fr\/themes\/competences-de-base\/go-promotion-des-competences-en-situation-de-travail\/\">promotion des comp\u00e9tences en situation de travail<\/a>)<\/p>\n\n\n\n<p><strong>2007:&nbsp;<\/strong>R\u00e9organisation de la FSEA, le nombre d\u2019employ\u00e9s passe de 7 \u00e0 20 (<a href=\"https:\/\/alice.ch\/fr\/fsea-fr\/a-propos-de-la-fsea\/notre-equipe\/\">\u00e9quipe FSEA<\/a>) \/ Refonte de la <a href=\"https:\/\/alice.ch\/fr\/professionnalisation\/devenir-formateur-trice-dadultes\/\">formation pour formateurs<\/a> (<a href=\"https:\/\/alice.ch\/fr\/professionnalisation\/systeme-modulaire-ffa\/\">syst\u00e8me modulaire FFA<\/a>), le bureau de la FFA s\u2019installe au sein de la FSEA \/ Certification de la FSEA comme \u00ab<a href=\"https:\/\/www.investorsinpeople.com\/\" target=\"_blank\" rel=\"noreferrer noopener\">Investor in People<\/a>\u00bb (IIP)<\/p>\n\n\n\n<p><strong>2005:<\/strong>&nbsp;On d\u00e9livre le 10\u2019000e certificat FSEA et le 2500e <a href=\"https:\/\/alice.ch\/fr\/professionnalisation\/brevet-federal-formatrice-formateur-dadultes-ffa\/\">Brevet f\u00e9d\u00e9ral de formateur\/formatrice d\u2019adultes<\/a><\/p>\n\n\n\n<p><strong>2004:<\/strong>&nbsp;Le bureau ModuQua entre en service<\/p>\n\n\n\n<p><strong>2001:<\/strong>&nbsp;La F\u00e9d\u00e9ration suisse pour l\u2019\u00e9ducation des adultes FSEA s\u2019appelle d\u00e9sormais \u00abF\u00e9d\u00e9ration suisse pour la formation continue FSEA\u00bb<\/p>\n\n\n\n<p><strong>2000:<\/strong>&nbsp;Inauguration du <a href=\"https:\/\/alice.ch\/fr\/fsea-fr\/les-secretariats-regionaux\/\">secr\u00e9tariat pour la Suisse italienne<\/a> \u00e0 Lugano \/ Inauguration du <a href=\"https:\/\/alice.ch\/fr\/qualite\/eduqua\/\">secr\u00e9tariat&nbsp;eduQua<\/a><\/p>\n\n\n\n<p><strong>1999:&nbsp;<\/strong>En Suisse al\u00e9manique, apr\u00e8s 29 ans et 18 cycles de formation, la FSEA c\u00e8de la responsabilit\u00e9 de la formation pour formateurs au Berner Seminar f\u00fcr Erwachsenenbildung. La formation de la FSEA en Suisse romande prendra fin en 2020.<\/p>\n\n\n\n<p><strong>1998:<\/strong>&nbsp;Mise en service du site internet de la FSEA&nbsp;<a href=\"https:\/\/alice.ch\/fr\/\">www.alice.ch<\/a><\/p>\n\n\n\n<p><strong>1997:<\/strong>&nbsp;L\u2019Assembl\u00e9e des d\u00e9l\u00e9gu\u00e9s adopte les premiers&nbsp;principes politiques de la FSEA<\/p>\n\n\n\n<p><strong>1996:<\/strong>&nbsp;Int\u00e9gration de la biblioth\u00e8que de la FSEA dans le Pestalozzianum de Zurich \/ Premier Lernfestival \/ Les premiers certificats FSEA sont d\u00e9livr\u00e9s<\/p>\n\n\n\n<p><strong>1995:<\/strong>&nbsp;Premiers financements de projets de la FSEA par l\u2019Office f\u00e9d\u00e9ral de l\u2019\u00e9ducation et de la science (OFES) \/ Mise en pratique du processus de certification de la FSEA, certification des premi\u00e8res formations<\/p>\n\n\n\n<p><strong>1992:<\/strong>&nbsp;Premiers financements de projets de la FSEA par l\u2019Office f\u00e9d\u00e9ral de la formation professionnelle et de la technologie (OFFT)<\/p>\n\n\n\n<p><strong>1991:&nbsp;<\/strong>Transformation structurelle de la FSEA, le nombre de membres institutionnels augmente, passant d\u2019environ 30 \u00e0 plus de 90 \/ La FSEA organise le congr\u00e8s europ\u00e9en \u00abErwachsenenbildung im k\u00fcnftigen Europa\u00bb (l\u2019\u00e9ducation des adultes face aux d\u00e9veloppements futurs de l\u2019Europe) \u00e0 Saint-Gall<\/p>\n\n\n\n<p><strong>1990:<\/strong>&nbsp;Adoption du plan de d\u00e9veloppement pour les ann\u00e9es 90 par l\u2019Assembl\u00e9e des d\u00e9l\u00e9gu\u00e9s<\/p>\n\n\n\n<p><strong>1988:&nbsp;<\/strong>Les contributions d\u2019exploitation, que la FSEA recevait jusqu\u2019\u00e0 pr\u00e9sent de Pro Helvetia, sont \u00e0 pr\u00e9sent apport\u00e9es par l\u2019Office f\u00e9d\u00e9ral de la culture (OFC). \/ La Conf\u00e9rence suisse des directeurs cantonaux de l\u2019instruction publique (<a href=\"https:\/\/www.edk.ch\/fr?set_language=fr\" target=\"_blank\" rel=\"noreferrer noopener\">CDIP<\/a>) augmente ses subventions attribu\u00e9es \u00e0 la FSEA.<\/p>\n\n\n\n<p><strong>1985:&nbsp;<\/strong>Une Commission de r\u00e9daction est institu\u00e9e pour la revue <a href=\"https:\/\/www.ep-web.ch\/fr\/\" target=\"_blank\" rel=\"noreferrer noopener\">\u00abEducation Permanente\u00bb<\/a> (EP).<\/p>\n\n\n\n<p><strong>1977<\/strong>: Parution du premier \u00abBildungsb\u00fcchlein\u00bb (ult\u00e9rieurement appel\u00e9 livret de formation) \/ Concept pour le d\u00e9veloppement de l\u2019\u00e9ducation des adultes en Suisse<\/p>\n\n\n\n<p><strong>1976:&nbsp;<\/strong>Admission des onze premiers membres associ\u00e9s \/ Premi\u00e8re parution du bulletin FSEA (cinq num\u00e9ros par an) \/ Premi\u00e8re \u00abJourn\u00e9e Annuelle de l\u2019\u00c9ducation permanente\u00bb (JADEP) en Suisse romande (conf\u00e9rence publique)<\/p>\n\n\n\n<p><strong>1974:<\/strong>&nbsp;Publication de \u00abVorschl\u00e4ge f\u00fcr Gesetze zur F\u00f6rderung der Erwachsenenbildung\u00bb (propositions de lois pour le financement de l\u2019\u00e9ducation des adultes)<\/p>\n\n\n\n<p><strong>1972:<\/strong>&nbsp;La section romande lance sa s\u00e9rie de \u00abJourn\u00e9es r\u00e9gionales\u00bb<\/p>\n\n\n\n<p><strong>1971:<\/strong>&nbsp;Premi\u00e8re contribution d\u2019exploitation de la <a href=\"https:\/\/www.edk.ch\/fr?set_language=fr\" target=\"_blank\" rel=\"noreferrer noopener\">Conf\u00e9rence suisse des directeurs cantonaux de l\u2019instruction publique<\/a> (CDIP)<\/p>\n\n\n\n<p><strong>1970:<\/strong>&nbsp;Premier cycle de formation de deux ans \/ Premier document de principe de la FSEA en mati\u00e8re de politique \u00e9ducative: \u00abBildungsreform ja \u2013 aber auch f\u00fcr Erwachsene\u00bb (la r\u00e9forme de l\u2019\u00e9ducation, oui, mais aussi pour les adultes)<\/p>\n\n\n\n<p><strong>1969:<\/strong>&nbsp;Le bureau national de la FSEA d\u00e9m\u00e9nage \u00e0 l\u2019adresse Oerlikonerstrasse 38 \u00e0 Zurich<\/p>\n\n\n\n<p><strong>1968:<\/strong>&nbsp;Fondation de la biblioth\u00e8que de la FSEA<\/p>\n\n\n\n<p><strong>1967:<\/strong>&nbsp;Premi\u00e8res subventions de Pro Helvetia \/ Adh\u00e9sion au Bureau europ\u00e9en pour l\u2019\u00e9ducation des adultes, aujourd\u2019hui appel\u00e9 <a href=\"https:\/\/eaea.org\/\" target=\"_blank\" rel=\"noreferrer noopener\">Association europ\u00e9enne pour l\u2019\u00e9ducation des adultes EAEA<\/a> \/ Parution du num\u00e9ro z\u00e9ro de la revue <a href=\"https:\/\/alice.ch\/fr\/actualite\/revue-specialisee-ep\/\">\u00abEducation Permanente\u00bb<\/a> (EP), la seule revue sp\u00e9cialis\u00e9e de formation continue en Suisse<\/p>\n\n\n\n<p><strong>1966:<\/strong>&nbsp;Ouverture du bureau dans les locaux de l\u2019Office de coordination de la FCM \u00e0 l\u2019adresse Beckenhofstrasse 6 \/ financement de la premi\u00e8re ann\u00e9e d\u2019exploitation par Coop Suisse et la F\u00e9d\u00e9ration des coop\u00e9ratives Migros \/ Fondation de la section romande \u00e0 Lausanne<\/p>\n\n\n\n<p><strong>1955:<\/strong>&nbsp;Parution du premier livre \u00abErwachsenenbildung in der Schweiz\u00bb (\u00e9ducation des adultes en Suisse) qui pr\u00e9sente les membres de la FSEA<\/p>\n\n\n\n<p><strong>1951:<\/strong>&nbsp;R\u00e9union de fondation le 31 mars au restaurant Strauhof \u00e0 Zurich: huit membres fondateurs<\/p>\n\n\n\n<h2 class=\"wp-block-heading\">Informations suppl\u00e9mentaires<\/h2>\n\n\n\n<div class=\"wp-block-buttons is-layout-flex wp-block-buttons-is-layout-flex\">\n<div class=\"wp-block-button has-custom-width wp-block-button__width-50 is-style-outline is-style-outline--1\"><a class=\"wp-block-button__link wp-element-button\" href=\"https:\/\/www.ep-web.ch\/fr\/article\/histoire-de-la-fsea-de-1951-a-1991-dune-association-pour-leducation-culturelle-des-adultes-vers-une-organisation-pour-le-secteur-de-la-formation-continue\" target=\"_blank\" rel=\"noreferrer noopener\">EP 2022-2: Histoire de la FSEA de 1951 \u00e0 1991<\/a><\/div>\n<\/div>\n\n\n\n<h2 class=\"wp-block-heading\">Contact<\/h2>\n\n\n\n<div class=\"wp-block-columns is-layout-flex wp-container-core-columns-is-layout-28f84493 wp-block-columns-is-layout-flex\">\n<div class=\"wp-block-column is-layout-flow wp-block-column-is-layout-flow\" style=\"flex-basis:50%\"><div class=\"contact-persons\">\n\n\t\t\t\t\t<div class=\"contact-person\">\n\t\t\t\t\tFSEA F\u00e9d\u00e9ration suisse pour la formation continue<br \/>\t\t\t\t\t\t\t\t\t\t<br \/>\n\t\t\t\t\tSecr\u00e9tariat romand<br \/>\r\nRue de Gen\u00e8ve 88b<br \/>\r\n1004 Lausanne<br \/>\t\t\t\t\t<a href=\"tel:+41 (0)22 994 20 10\">+41 (0)22 994 20 10<\/a><br \/>\t\t\t\t\t<a href=\"mailto:fsea@alice.ch\">fsea@alice.ch<\/a><br \/>\t\t\t\t\t<\/div>\n\t\t\t\t\t<\/div>\n<\/div>\n\n\n\n<div class=\"wp-block-column is-layout-flow wp-block-column-is-layout-flow\" style=\"flex-basis:50%\"><\/div>\n<\/div>\n\n\n\n<p><\/p>\n<\/div>\n","protected":false},"excerpt":{"rendered":"<p>Les grandes \u00e9tapes Depuis 1951, la FSEA \u0153uvre avec succ\u00e8s pour les int\u00e9r\u00eats de la formation continue en Suisse. Voici [&hellip;]<\/p>\n","protected":false},"author":1,"featured_media":20799,"parent":11388,"menu_order":574,"comment_status":"closed","ping_status":"closed","template":"","meta":{"_acf_changed":false,"inline_featured_image":false,"footnotes":""},"class_list":["post-20775","page","type-page","status-publish","has-post-thumbnail","hentry"],"acf":[],"yoast_head":"<!-- This site is optimized with the Yoast SEO plugin v27.3 - https:\/\/yoast.com\/product\/yoast-seo-wordpress\/ -->\n<title>Histoire - FSEA<\/title>\n<meta name=\"description\" content=\"La FSEA a \u00e9t\u00e9 fond\u00e9e en 1951 \u00e0 Zurich \u00e0 l&#039;\u00e9poque sous le nom de &quot;F\u00e9d\u00e9ration suisse pour l&#039;\u00e9ducation des adultes&quot;.\" \/>\n<meta name=\"robots\" content=\"index, follow, max-snippet:-1, max-image-preview:large, max-video-preview:-1\" \/>\n<link rel=\"canonical\" href=\"https:\/\/alice.ch\/fr\/fsea-fr\/a-propos-de-la-fsea\/histoire\/\" \/>\n<meta property=\"og:locale\" content=\"fr_FR\" \/>\n<meta property=\"og:type\" content=\"article\" \/>\n<meta property=\"og:title\" content=\"Histoire - FSEA\" \/>\n<meta property=\"og:description\" content=\"La FSEA a \u00e9t\u00e9 fond\u00e9e en 1951 \u00e0 Zurich \u00e0 l&#039;\u00e9poque sous le nom de &quot;F\u00e9d\u00e9ration suisse pour l&#039;\u00e9ducation des adultes&quot;.\" \/>\n<meta property=\"og:url\" content=\"https:\/\/alice.ch\/fr\/fsea-fr\/a-propos-de-la-fsea\/histoire\/\" \/>\n<meta property=\"og:site_name\" content=\"SVEB\" \/>\n<meta property=\"article:modified_time\" content=\"2023-12-05T14:26:06+00:00\" \/>\n<meta name=\"twitter:card\" content=\"summary_large_image\" \/>\n<meta name=\"twitter:label1\" content=\"Dur\u00e9e de lecture estim\u00e9e\" \/>\n\t<meta name=\"twitter:data1\" content=\"6 minutes\" \/>\n<script type=\"application\/ld+json\" class=\"yoast-schema-graph\">{\"@context\":\"https:\\\/\\\/schema.org\",\"@graph\":[{\"@type\":\"WebPage\",\"@id\":\"https:\\\/\\\/alice.ch\\\/fr\\\/fsea-fr\\\/a-propos-de-la-fsea\\\/histoire\\\/\",\"url\":\"https:\\\/\\\/alice.ch\\\/fr\\\/fsea-fr\\\/a-propos-de-la-fsea\\\/histoire\\\/\",\"name\":\"Histoire - FSEA\",\"isPartOf\":{\"@id\":\"https:\\\/\\\/alice.ch\\\/fr\\\/#website\"},\"primaryImageOfPage\":{\"@id\":\"https:\\\/\\\/alice.ch\\\/fr\\\/fsea-fr\\\/a-propos-de-la-fsea\\\/histoire\\\/#primaryimage\"},\"image\":{\"@id\":\"https:\\\/\\\/alice.ch\\\/fr\\\/fsea-fr\\\/a-propos-de-la-fsea\\\/histoire\\\/#primaryimage\"},\"thumbnailUrl\":\"https:\\\/\\\/alice.ch\\\/app\\\/uploads\\\/2022\\\/11\\\/default.jpg\",\"datePublished\":\"2022-08-16T14:24:57+00:00\",\"dateModified\":\"2023-12-05T14:26:06+00:00\",\"description\":\"La FSEA a \u00e9t\u00e9 fond\u00e9e en 1951 \u00e0 Zurich \u00e0 l'\u00e9poque sous le nom de \\\"F\u00e9d\u00e9ration suisse pour l'\u00e9ducation des adultes\\\".\",\"breadcrumb\":{\"@id\":\"https:\\\/\\\/alice.ch\\\/fr\\\/fsea-fr\\\/a-propos-de-la-fsea\\\/histoire\\\/#breadcrumb\"},\"inLanguage\":\"fr-FR\",\"potentialAction\":[{\"@type\":\"ReadAction\",\"target\":[\"https:\\\/\\\/alice.ch\\\/fr\\\/fsea-fr\\\/a-propos-de-la-fsea\\\/histoire\\\/\"]}]},{\"@type\":\"ImageObject\",\"inLanguage\":\"fr-FR\",\"@id\":\"https:\\\/\\\/alice.ch\\\/fr\\\/fsea-fr\\\/a-propos-de-la-fsea\\\/histoire\\\/#primaryimage\",\"url\":\"https:\\\/\\\/alice.ch\\\/app\\\/uploads\\\/2022\\\/11\\\/default.jpg\",\"contentUrl\":\"https:\\\/\\\/alice.ch\\\/app\\\/uploads\\\/2022\\\/11\\\/default.jpg\",\"width\":1600,\"height\":900},{\"@type\":\"BreadcrumbList\",\"@id\":\"https:\\\/\\\/alice.ch\\\/fr\\\/fsea-fr\\\/a-propos-de-la-fsea\\\/histoire\\\/#breadcrumb\",\"itemListElement\":[{\"@type\":\"ListItem\",\"position\":1,\"name\":\"Page d'accueil\",\"item\":\"https:\\\/\\\/alice.ch\\\/fr\\\/\"},{\"@type\":\"ListItem\",\"position\":2,\"name\":\"FSEA\",\"item\":\"https:\\\/\\\/alice.ch\\\/fr\\\/fsea-fr\\\/\"},{\"@type\":\"ListItem\",\"position\":3,\"name\":\"A propos de la FSEA\",\"item\":\"https:\\\/\\\/alice.ch\\\/fr\\\/fsea-fr\\\/a-propos-de-la-fsea\\\/\"},{\"@type\":\"ListItem\",\"position\":4,\"name\":\"Histoire\"}]},{\"@type\":\"WebSite\",\"@id\":\"https:\\\/\\\/alice.ch\\\/fr\\\/#website\",\"url\":\"https:\\\/\\\/alice.ch\\\/fr\\\/\",\"name\":\"alice.ch (Adult Learning Information Center) ist das Portal der Weiterbildung in der Schweiz.\",\"description\":\"Schweizerischer Verband f\u00fcr Weiterbildung\",\"publisher\":{\"@id\":\"https:\\\/\\\/alice.ch\\\/fr\\\/#organization\"},\"potentialAction\":[{\"@type\":\"SearchAction\",\"target\":{\"@type\":\"EntryPoint\",\"urlTemplate\":\"https:\\\/\\\/alice.ch\\\/fr\\\/?s={search_term_string}\"},\"query-input\":{\"@type\":\"PropertyValueSpecification\",\"valueRequired\":true,\"valueName\":\"search_term_string\"}}],\"inLanguage\":\"fr-FR\"},{\"@type\":\"Organization\",\"@id\":\"https:\\\/\\\/alice.ch\\\/fr\\\/#organization\",\"name\":\"FSEA F\u00e9d\u00e9ration suisse pour la formation continue\",\"url\":\"https:\\\/\\\/alice.ch\\\/fr\\\/\",\"logo\":{\"@type\":\"ImageObject\",\"inLanguage\":\"fr-FR\",\"@id\":\"https:\\\/\\\/alice.ch\\\/fr\\\/#\\\/schema\\\/logo\\\/image\\\/\",\"url\":\"https:\\\/\\\/alice.ch\\\/app\\\/uploads\\\/2022\\\/07\\\/logo-sveb.png\",\"contentUrl\":\"https:\\\/\\\/alice.ch\\\/app\\\/uploads\\\/2022\\\/07\\\/logo-sveb.png\",\"width\":145,\"height\":64,\"caption\":\"FSEA F\u00e9d\u00e9ration suisse pour la formation continue\"},\"image\":{\"@id\":\"https:\\\/\\\/alice.ch\\\/fr\\\/#\\\/schema\\\/logo\\\/image\\\/\"},\"sameAs\":[\"https:\\\/\\\/www.linkedin.com\\\/company\\\/schweizerischer-verband-fr-weiterbildung-sveb\\\/\"]}]}<\/script>\n<!-- \/ Yoast SEO plugin. -->","yoast_head_json":{"title":"Histoire - FSEA","description":"La FSEA a \u00e9t\u00e9 fond\u00e9e en 1951 \u00e0 Zurich \u00e0 l'\u00e9poque sous le nom de \"F\u00e9d\u00e9ration suisse pour l'\u00e9ducation des adultes\".","robots":{"index":"index","follow":"follow","max-snippet":"max-snippet:-1","max-image-preview":"max-image-preview:large","max-video-preview":"max-video-preview:-1"},"canonical":"https:\/\/alice.ch\/fr\/fsea-fr\/a-propos-de-la-fsea\/histoire\/","og_locale":"fr_FR","og_type":"article","og_title":"Histoire - FSEA","og_description":"La FSEA a \u00e9t\u00e9 fond\u00e9e en 1951 \u00e0 Zurich \u00e0 l'\u00e9poque sous le nom de \"F\u00e9d\u00e9ration suisse pour l'\u00e9ducation des adultes\".","og_url":"https:\/\/alice.ch\/fr\/fsea-fr\/a-propos-de-la-fsea\/histoire\/","og_site_name":"SVEB","article_modified_time":"2023-12-05T14:26:06+00:00","twitter_card":"summary_large_image","twitter_misc":{"Dur\u00e9e de lecture estim\u00e9e":"6 minutes"},"schema":{"@context":"https:\/\/schema.org","@graph":[{"@type":"WebPage","@id":"https:\/\/alice.ch\/fr\/fsea-fr\/a-propos-de-la-fsea\/histoire\/","url":"https:\/\/alice.ch\/fr\/fsea-fr\/a-propos-de-la-fsea\/histoire\/","name":"Histoire - FSEA","isPartOf":{"@id":"https:\/\/alice.ch\/fr\/#website"},"primaryImageOfPage":{"@id":"https:\/\/alice.ch\/fr\/fsea-fr\/a-propos-de-la-fsea\/histoire\/#primaryimage"},"image":{"@id":"https:\/\/alice.ch\/fr\/fsea-fr\/a-propos-de-la-fsea\/histoire\/#primaryimage"},"thumbnailUrl":"https:\/\/alice.ch\/app\/uploads\/2022\/11\/default.jpg","datePublished":"2022-08-16T14:24:57+00:00","dateModified":"2023-12-05T14:26:06+00:00","description":"La FSEA a \u00e9t\u00e9 fond\u00e9e en 1951 \u00e0 Zurich \u00e0 l'\u00e9poque sous le nom de \"F\u00e9d\u00e9ration suisse pour l'\u00e9ducation des adultes\".","breadcrumb":{"@id":"https:\/\/alice.ch\/fr\/fsea-fr\/a-propos-de-la-fsea\/histoire\/#breadcrumb"},"inLanguage":"fr-FR","potentialAction":[{"@type":"ReadAction","target":["https:\/\/alice.ch\/fr\/fsea-fr\/a-propos-de-la-fsea\/histoire\/"]}]},{"@type":"ImageObject","inLanguage":"fr-FR","@id":"https:\/\/alice.ch\/fr\/fsea-fr\/a-propos-de-la-fsea\/histoire\/#primaryimage","url":"https:\/\/alice.ch\/app\/uploads\/2022\/11\/default.jpg","contentUrl":"https:\/\/alice.ch\/app\/uploads\/2022\/11\/default.jpg","width":1600,"height":900},{"@type":"BreadcrumbList","@id":"https:\/\/alice.ch\/fr\/fsea-fr\/a-propos-de-la-fsea\/histoire\/#breadcrumb","itemListElement":[{"@type":"ListItem","position":1,"name":"Page d'accueil","item":"https:\/\/alice.ch\/fr\/"},{"@type":"ListItem","position":2,"name":"FSEA","item":"https:\/\/alice.ch\/fr\/fsea-fr\/"},{"@type":"ListItem","position":3,"name":"A propos de la FSEA","item":"https:\/\/alice.ch\/fr\/fsea-fr\/a-propos-de-la-fsea\/"},{"@type":"ListItem","position":4,"name":"Histoire"}]},{"@type":"WebSite","@id":"https:\/\/alice.ch\/fr\/#website","url":"https:\/\/alice.ch\/fr\/","name":"alice.ch (Adult Learning Information Center) ist das Portal der Weiterbildung in der Schweiz.","description":"Schweizerischer Verband f\u00fcr Weiterbildung","publisher":{"@id":"https:\/\/alice.ch\/fr\/#organization"},"potentialAction":[{"@type":"SearchAction","target":{"@type":"EntryPoint","urlTemplate":"https:\/\/alice.ch\/fr\/?s={search_term_string}"},"query-input":{"@type":"PropertyValueSpecification","valueRequired":true,"valueName":"search_term_string"}}],"inLanguage":"fr-FR"},{"@type":"Organization","@id":"https:\/\/alice.ch\/fr\/#organization","name":"FSEA F\u00e9d\u00e9ration suisse pour la formation continue","url":"https:\/\/alice.ch\/fr\/","logo":{"@type":"ImageObject","inLanguage":"fr-FR","@id":"https:\/\/alice.ch\/fr\/#\/schema\/logo\/image\/","url":"https:\/\/alice.ch\/app\/uploads\/2022\/07\/logo-sveb.png","contentUrl":"https:\/\/alice.ch\/app\/uploads\/2022\/07\/logo-sveb.png","width":145,"height":64,"caption":"FSEA F\u00e9d\u00e9ration suisse pour la formation continue"},"image":{"@id":"https:\/\/alice.ch\/fr\/#\/schema\/logo\/image\/"},"sameAs":["https:\/\/www.linkedin.com\/company\/schweizerischer-verband-fr-weiterbildung-sveb\/"]}]}},"_links":{"self":[{"href":"https:\/\/alice.ch\/fr\/wp-json\/wp\/v2\/pages\/20775","targetHints":{"allow":["GET"]}}],"collection":[{"href":"https:\/\/alice.ch\/fr\/wp-json\/wp\/v2\/pages"}],"about":[{"href":"https:\/\/alice.ch\/fr\/wp-json\/wp\/v2\/types\/page"}],"author":[{"embeddable":true,"href":"https:\/\/alice.ch\/fr\/wp-json\/wp\/v2\/users\/1"}],"replies":[{"embeddable":true,"href":"https:\/\/alice.ch\/fr\/wp-json\/wp\/v2\/comments?post=20775"}],"version-history":[{"count":38,"href":"https:\/\/alice.ch\/fr\/wp-json\/wp\/v2\/pages\/20775\/revisions"}],"predecessor-version":[{"id":56400,"href":"https:\/\/alice.ch\/fr\/wp-json\/wp\/v2\/pages\/20775\/revisions\/56400"}],"up":[{"embeddable":true,"href":"https:\/\/alice.ch\/fr\/wp-json\/wp\/v2\/pages\/11388"}],"wp:featuredmedia":[{"embeddable":true,"href":"https:\/\/alice.ch\/fr\/wp-json\/wp\/v2\/media\/20799"}],"wp:attachment":[{"href":"https:\/\/alice.ch\/fr\/wp-json\/wp\/v2\/media?parent=20775"}],"curies":[{"name":"wp","href":"https:\/\/api.w.org\/{rel}","templated":true}]}}