{"id":20814,"date":"2022-08-16T17:01:25","date_gmt":"2022-08-16T15:01:25","guid":{"rendered":"https:\/\/projects.atxeit.ch\/sveb\/actualite\/evenements\/vergangene-veranstaltungen\/"},"modified":"2025-12-17T16:42:00","modified_gmt":"2025-12-17T15:42:00","slug":"evenements-passes","status":"publish","type":"page","link":"https:\/\/alice.ch\/fr\/actualite\/evenements\/evenements-passes\/","title":{"rendered":"\u00c9v\u00e9nements pass\u00e9s"},"content":{"rendered":"\n<div class=\"wp-block-group is-style-reduced-width is-layout-flow wp-block-group-is-layout-flow\">\n<h1 class=\"wp-block-heading\">Nos \u00e9v\u00e9nements pass\u00e9s<\/h1>\n\n\n\n<p class=\"is-style-lead\">Dans notre rubrique Archive, nous avons r\u00e9uni des informations concernant des \u00e9v\u00e9nements pass\u00e9s.<\/p>\n\n\n\n<ul class=\"wp-block-list\">\n<li>Pr\u00e9sentations, documents et informations<\/li>\n\n\n\n<li>R\u00e9trospectives<\/li>\n\n\n\n<li>Impressions en images<\/li>\n<\/ul>\n<\/div>\n\n\n\n<div class=\"wp-block-query is-style-default is-layout-flow wp-block-query-is-layout-flow\"><ul class=\"wp-block-post-template is-layout-flow wp-block-post-template-is-layout-flow\"><li class=\"wp-block-post post-70458 event type-event status-publish has-post-thumbnail hentry event-category-evenements-fsea-kooperation event-tag-2025-fr event-status-aktuell event-status-archiv event-status-archive event-language-allemand event-language-deutsch event-language-franzoesisch global-category-chancengleichheit-fr global-category-international-fr\">\n\n<div class=\"wp-block-columns is-layout-flex wp-container-core-columns-is-layout-28f84493 wp-block-columns-is-layout-flex\">\n<div class=\"wp-block-column is-layout-flow wp-block-column-is-layout-flow\" style=\"flex-basis:200px\"><figure class=\"wp-block-post-featured-image\"><a href=\"https:\/\/alice.ch\/fr\/event\/unesco-learning-cities-in-der-schweiz-ein-erfolgsmodell-fuer-schweizer-staedte\/\" target=\"_self\"  ><img decoding=\"async\" width=\"771\" height=\"385\" src=\"https:\/\/alice.ch\/app\/uploads\/2025\/09\/learning-cities-1-fr.jpg\" class=\"attachment-post-thumbnail size-post-thumbnail wp-post-image\" alt=\"D\u00e9couvrez le concept des Learning Cities de l&rsquo;UNESCO\" style=\"object-fit:cover;\" srcset=\"https:\/\/alice.ch\/app\/uploads\/2025\/09\/learning-cities-1-fr.jpg 771w, https:\/\/alice.ch\/app\/uploads\/2025\/09\/learning-cities-1-fr-300x150.jpg 300w, https:\/\/alice.ch\/app\/uploads\/2025\/09\/learning-cities-1-fr-768x384.jpg 768w\" sizes=\"(max-width: 771px) 100vw, 771px\" \/><\/a><\/figure><\/div>\n\n\n\n<div class=\"wp-block-column is-layout-flow wp-block-column-is-layout-flow\" style=\"flex-basis:66.66%\"><h3 class=\"wp-block-post-title\"><a href=\"https:\/\/alice.ch\/fr\/event\/unesco-learning-cities-in-der-schweiz-ein-erfolgsmodell-fuer-schweizer-staedte\/\" target=\"_self\" >D\u00e9couvrez le concept des Learning Cities de l&rsquo;UNESCO<\/a><\/h3>\n\n<div class=\"wp-block-post-excerpt\"><p class=\"wp-block-post-excerpt__excerpt\">Pourquoi une ville devrait-elle devenir un lieu d&rsquo;apprentissage pour tous? Et comment? Rejoignez-nous en ligne pour explorer le concept des<\/p><p class=\"wp-block-post-excerpt__more-text\"><a class=\"wp-block-post-excerpt__more-link\" href=\"https:\/\/alice.ch\/fr\/event\/unesco-learning-cities-in-der-schweiz-ein-erfolgsmodell-fuer-schweizer-staedte\/\">Lire la suite<\/a><\/p><\/div>\n\n<p><\/p>\n\n<div class=\"event-item-meta\">\n\t<span class=\"date\">14\/01\/2026<\/span>\n\t<span class=\"time\">14:00\u201316:00<\/span>\n\t<span class=\"place\">En ligne<\/span>\n\t<span class=\"language\">D<\/span>\n\n\t<a class=\"event-link\" href=\"https:\/\/alice.ch\/fr\/event\/unesco-learning-cities-in-der-schweiz-ein-erfolgsmodell-fuer-schweizer-staedte\/\" target=\"\">D\u00e9tails de l&rsquo;\u00e9v\u00e9nement <\/a>\n<\/div>\n<\/div>\n<\/div>\n\n\n\n<hr class=\"wp-block-separator has-alpha-channel-opacity is-style-wide\"\/>\n\n<\/li><li class=\"wp-block-post post-69012 event type-event status-publish has-post-thumbnail hentry event-category-evenements-fsea-kooperation event-tag-2025-2 event-tag-2025-fr event-tag-365 event-status-aktuell event-status-archiv event-status-archive event-language-deutsch event-language-francais global-category-transit-fr\">\n\n<div class=\"wp-block-columns is-layout-flex wp-container-core-columns-is-layout-28f84493 wp-block-columns-is-layout-flex\">\n<div class=\"wp-block-column is-layout-flow wp-block-column-is-layout-flow\" style=\"flex-basis:200px\"><figure class=\"wp-block-post-featured-image\"><a href=\"https:\/\/alice.ch\/fr\/event\/transit-reflechir-ensemble-aux-future-skills\/\" target=\"_self\"  ><img decoding=\"async\" width=\"1542\" height=\"771\" src=\"https:\/\/alice.ch\/app\/uploads\/2025\/06\/transit-25-f.jpg\" class=\"attachment-post-thumbnail size-post-thumbnail wp-post-image\" alt=\"TRANSIT: r\u00e9fl\u00e9chir ensemble aux Future Skills\u00a0\u00a0\" style=\"object-fit:cover;\" srcset=\"https:\/\/alice.ch\/app\/uploads\/2025\/06\/transit-25-f.jpg 1542w, https:\/\/alice.ch\/app\/uploads\/2025\/06\/transit-25-f-300x150.jpg 300w, https:\/\/alice.ch\/app\/uploads\/2025\/06\/transit-25-f-1024x512.jpg 1024w, https:\/\/alice.ch\/app\/uploads\/2025\/06\/transit-25-f-768x384.jpg 768w, https:\/\/alice.ch\/app\/uploads\/2025\/06\/transit-25-f-1536x768.jpg 1536w\" sizes=\"(max-width: 1542px) 100vw, 1542px\" \/><\/a><\/figure><\/div>\n\n\n\n<div class=\"wp-block-column is-layout-flow wp-block-column-is-layout-flow\" style=\"flex-basis:66.66%\"><h3 class=\"wp-block-post-title\"><a href=\"https:\/\/alice.ch\/fr\/event\/transit-reflechir-ensemble-aux-future-skills\/\" target=\"_self\" >TRANSIT: r\u00e9fl\u00e9chir ensemble aux Future Skills\u00a0\u00a0<\/a><\/h3>\n\n<div class=\"wp-block-post-excerpt\"><p class=\"wp-block-post-excerpt__excerpt\">Le rapport de tendance actuel sur les Future Skills offre non seulement une analyse critique des cadres de comp\u00e9tences existants,<\/p><p class=\"wp-block-post-excerpt__more-text\"><a class=\"wp-block-post-excerpt__more-link\" href=\"https:\/\/alice.ch\/fr\/event\/transit-reflechir-ensemble-aux-future-skills\/\">Lire la suite<\/a><\/p><\/div>\n\n<p><\/p>\n\n<div class=\"event-item-meta\">\n\t<span class=\"date\">19\/11\/2025<\/span>\n\t<span class=\"time\">16:00\u201317:30<\/span>\n\t<span class=\"place\">Casino de Montbenon, Lausanne <\/span>\n\t<span class=\"language\">F<\/span>\n\n\t<a class=\"event-link\" href=\"https:\/\/alice.ch\/fr\/event\/transit-reflechir-ensemble-aux-future-skills\/\" target=\"\">D\u00e9tails de l&rsquo;\u00e9v\u00e9nement <\/a>\n<\/div>\n<\/div>\n<\/div>\n\n\n\n<hr class=\"wp-block-separator has-alpha-channel-opacity is-style-wide\"\/>\n\n<\/li><li class=\"wp-block-post post-68846 event type-event status-publish has-post-thumbnail hentry event-category-evenement-externe event-tag-2025-fr event-tag-365 event-tag-2025-2 event-status-aktuell event-status-archiv event-status-archive event-language-allemand event-language-deutsch event-language-francais\">\n\n<div class=\"wp-block-columns is-layout-flex wp-container-core-columns-is-layout-28f84493 wp-block-columns-is-layout-flex\">\n<div class=\"wp-block-column is-layout-flow wp-block-column-is-layout-flow\" style=\"flex-basis:200px\"><figure class=\"wp-block-post-featured-image\"><a href=\"https:\/\/alice.ch\/fr\/event\/conference-dautomne-sur-la-formation-professionnelle-2025\/\" target=\"_self\"  ><img decoding=\"async\" width=\"1110\" height=\"370\" src=\"https:\/\/alice.ch\/app\/uploads\/2025\/06\/181125-herbsttagung-sbfi.jpg\" class=\"attachment-post-thumbnail size-post-thumbnail wp-post-image\" alt=\"Conf\u00e9rence d\u2019automne sur la formation professionnelle 2025\" style=\"object-fit:cover;\" srcset=\"https:\/\/alice.ch\/app\/uploads\/2025\/06\/181125-herbsttagung-sbfi.jpg 1110w, https:\/\/alice.ch\/app\/uploads\/2025\/06\/181125-herbsttagung-sbfi-300x100.jpg 300w, https:\/\/alice.ch\/app\/uploads\/2025\/06\/181125-herbsttagung-sbfi-1024x341.jpg 1024w, https:\/\/alice.ch\/app\/uploads\/2025\/06\/181125-herbsttagung-sbfi-768x256.jpg 768w\" sizes=\"(max-width: 1110px) 100vw, 1110px\" \/><\/a><\/figure><\/div>\n\n\n\n<div class=\"wp-block-column is-layout-flow wp-block-column-is-layout-flow\" style=\"flex-basis:66.66%\"><h3 class=\"wp-block-post-title\"><a href=\"https:\/\/alice.ch\/fr\/event\/conference-dautomne-sur-la-formation-professionnelle-2025\/\" target=\"_self\" >Conf\u00e9rence d\u2019automne sur la formation professionnelle 2025<\/a><\/h3>\n\n<div class=\"wp-block-post-excerpt\"><p class=\"wp-block-post-excerpt__excerpt\">Le SEFRI invite chaque ann\u00e9e les acteurs de la formation professionnelle en Suisse \u00e0 une conf\u00e9rence d\u2019automne. Les participants re\u00e7oivent<\/p><p class=\"wp-block-post-excerpt__more-text\"><a class=\"wp-block-post-excerpt__more-link\" href=\"https:\/\/alice.ch\/fr\/event\/conference-dautomne-sur-la-formation-professionnelle-2025\/\">Lire la suite<\/a><\/p><\/div>\n\n<p><\/p>\n\n<div class=\"event-item-meta\">\n\t<span class=\"date\">18\/11\/2025<\/span>\n\t<span class=\"time\">13:00\u201316:45<\/span>\n\t<span class=\"place\">Kursaal, Berne<\/span>\n\t<span class=\"language\">D, F<\/span>\n\n\t<a class=\"event-link\" href=\"https:\/\/www.sbfi.admin.ch\/sbfi\/fr\/home\/formation\/fpc\/pilotage-et-politique-de-la-formation-professionnelle\/conference-d-automne.html\" target=\"_blank\">D\u00e9tails de l&rsquo;\u00e9v\u00e9nement <\/a>\n<\/div>\n<\/div>\n<\/div>\n\n\n\n<hr class=\"wp-block-separator has-alpha-channel-opacity is-style-wide\"\/>\n\n<\/li><li class=\"wp-block-post post-68435 event type-event status-publish has-post-thumbnail hentry event-category-evenements-fsea-kooperation event-tag-2025-2 event-status-archive event-language-francais\">\n\n<div class=\"wp-block-columns is-layout-flex wp-container-core-columns-is-layout-28f84493 wp-block-columns-is-layout-flex\">\n<div class=\"wp-block-column is-layout-flow wp-block-column-is-layout-flow\" style=\"flex-basis:200px\"><figure class=\"wp-block-post-featured-image\"><a href=\"https:\/\/alice.ch\/fr\/event\/7e-forum-romand-2025\/\" target=\"_self\"  ><img decoding=\"async\" width=\"771\" height=\"385\" src=\"https:\/\/alice.ch\/app\/uploads\/2025\/05\/forum-romand-25.jpg\" class=\"attachment-post-thumbnail size-post-thumbnail wp-post-image\" alt=\"7e Forum Romand 2025 \u2013 COMPLET\" style=\"object-fit:cover;\" srcset=\"https:\/\/alice.ch\/app\/uploads\/2025\/05\/forum-romand-25.jpg 771w, https:\/\/alice.ch\/app\/uploads\/2025\/05\/forum-romand-25-300x150.jpg 300w, https:\/\/alice.ch\/app\/uploads\/2025\/05\/forum-romand-25-768x384.jpg 768w\" sizes=\"(max-width: 771px) 100vw, 771px\" \/><\/a><\/figure><\/div>\n\n\n\n<div class=\"wp-block-column is-layout-flow wp-block-column-is-layout-flow\" style=\"flex-basis:66.66%\"><h3 class=\"wp-block-post-title\"><a href=\"https:\/\/alice.ch\/fr\/event\/7e-forum-romand-2025\/\" target=\"_self\" >7e Forum Romand 2025 \u2013 COMPLET<\/a><\/h3>\n\n<div class=\"wp-block-post-excerpt\"><p class=\"wp-block-post-excerpt__excerpt\">Le Forum Romand 2025, organis\u00e9 par la FSEA, sera une journ\u00e9e d\u00e9di\u00e9e \u00e0 l\u2019exploration des enjeux et des opportunit\u00e9s li\u00e9s<\/p><p class=\"wp-block-post-excerpt__more-text\"><a class=\"wp-block-post-excerpt__more-link\" href=\"https:\/\/alice.ch\/fr\/event\/7e-forum-romand-2025\/\">Lire la suite<\/a><\/p><\/div>\n\n<p><\/p>\n\n<div class=\"event-item-meta\">\n\t<span class=\"date\">06\/11\/2025<\/span>\n\t<span class=\"time\">09:30\u201316:00<\/span>\n\t<span class=\"place\">H\u00f4tel Aquatis Lausanne<\/span>\n\t<span class=\"language\">F<\/span>\n\n\t<a class=\"event-link\" href=\"https:\/\/alice.ch\/fr\/event\/7e-forum-romand-2025\/\" target=\"\">D\u00e9tails de l&rsquo;\u00e9v\u00e9nement <\/a>\n<\/div>\n<\/div>\n<\/div>\n\n\n\n<hr class=\"wp-block-separator has-alpha-channel-opacity is-style-wide\"\/>\n\n<\/li><li class=\"wp-block-post post-69505 event type-event status-publish has-post-thumbnail hentry event-category-evenements-fsea-kooperation event-tag-2025-fr event-status-aktuell event-status-archiv event-status-archive event-language-deutsch event-language-francais global-category-forschung-fr global-category-grundkompetenzen-fr global-category-lebenswelten-fr global-category-schweizweite-projekte-fr global-category-sveb-fr\">\n\n<div class=\"wp-block-columns is-layout-flex wp-container-core-columns-is-layout-28f84493 wp-block-columns-is-layout-flex\">\n<div class=\"wp-block-column is-layout-flow wp-block-column-is-layout-flow\" style=\"flex-basis:200px\"><figure class=\"wp-block-post-featured-image\"><a href=\"https:\/\/alice.ch\/fr\/event\/milieux-de-vie-non-participation-aux-offres-de-formation-en-competences-de-base-impulsions-pour-les-prestataires\/\" target=\"_self\"  ><img decoding=\"async\" width=\"1542\" height=\"771\" src=\"https:\/\/alice.ch\/app\/uploads\/2025\/07\/milieux-de-vie.jpg\" class=\"attachment-post-thumbnail size-post-thumbnail wp-post-image\" alt=\"Milieux de vie: Non-participation aux offres de formation en comp\u00e9tences de base \u2013 impulsions pour les prestataires\" style=\"object-fit:cover;\" srcset=\"https:\/\/alice.ch\/app\/uploads\/2025\/07\/milieux-de-vie.jpg 1542w, https:\/\/alice.ch\/app\/uploads\/2025\/07\/milieux-de-vie-300x150.jpg 300w, https:\/\/alice.ch\/app\/uploads\/2025\/07\/milieux-de-vie-1024x512.jpg 1024w, https:\/\/alice.ch\/app\/uploads\/2025\/07\/milieux-de-vie-768x384.jpg 768w, https:\/\/alice.ch\/app\/uploads\/2025\/07\/milieux-de-vie-1536x768.jpg 1536w\" sizes=\"(max-width: 1542px) 100vw, 1542px\" \/><\/a><\/figure><\/div>\n\n\n\n<div class=\"wp-block-column is-layout-flow wp-block-column-is-layout-flow\" style=\"flex-basis:66.66%\"><h3 class=\"wp-block-post-title\"><a href=\"https:\/\/alice.ch\/fr\/event\/milieux-de-vie-non-participation-aux-offres-de-formation-en-competences-de-base-impulsions-pour-les-prestataires\/\" target=\"_self\" >Milieux de vie: Non-participation aux offres de formation en comp\u00e9tences de base \u2013 impulsions pour les prestataires<\/a><\/h3>\n\n<div class=\"wp-block-post-excerpt\"><p class=\"wp-block-post-excerpt__excerpt\">Pourquoi de nombreux adultes ayant de faibles comp\u00e9tences de base ne participent-ils pas \u00e0 des offres de formation continue? Quelles<\/p><p class=\"wp-block-post-excerpt__more-text\"><a class=\"wp-block-post-excerpt__more-link\" href=\"https:\/\/alice.ch\/fr\/event\/milieux-de-vie-non-participation-aux-offres-de-formation-en-competences-de-base-impulsions-pour-les-prestataires\/\">Lire la suite<\/a><\/p><\/div>\n\n<p><\/p>\n\n<div class=\"event-item-meta\">\n\t<span class=\"date\">29\/10\/2025<\/span>\n\t<span class=\"time\">14:00\u201315:00<\/span>\n\t<span class=\"place\">En ligne<\/span>\n\t<span class=\"language\">F<\/span>\n\n\t<a class=\"event-link\" href=\"https:\/\/alice.ch\/fr\/event\/milieux-de-vie-non-participation-aux-offres-de-formation-en-competences-de-base-impulsions-pour-les-prestataires\/\" target=\"\">D\u00e9tails de l&rsquo;\u00e9v\u00e9nement <\/a>\n<\/div>\n<\/div>\n<\/div>\n\n\n\n<hr class=\"wp-block-separator has-alpha-channel-opacity is-style-wide\"\/>\n\n<\/li><li class=\"wp-block-post post-69271 event type-event status-publish has-post-thumbnail hentry event-category-evenements-fsea-kooperation event-tag-2025-2 event-status-archive event-language-francais global-category-qualitaet-fr global-category-rqfa-fr\">\n\n<div class=\"wp-block-columns is-layout-flex wp-container-core-columns-is-layout-28f84493 wp-block-columns-is-layout-flex\">\n<div class=\"wp-block-column is-layout-flow wp-block-column-is-layout-flow\" style=\"flex-basis:200px\"><figure class=\"wp-block-post-featured-image\"><a href=\"https:\/\/alice.ch\/fr\/event\/webinaire-rqfa-developper-des-competences-vraiment\/\" target=\"_self\"  ><img decoding=\"async\" width=\"1542\" height=\"771\" src=\"https:\/\/alice.ch\/app\/uploads\/2025\/06\/30925-rqfa.jpg\" class=\"attachment-post-thumbnail size-post-thumbnail wp-post-image\" alt=\"Webinaire RQFA \u2013 D\u00e9velopper des comp\u00e9tences\u2026 vraiment?\u00a0\" style=\"object-fit:cover;\" srcset=\"https:\/\/alice.ch\/app\/uploads\/2025\/06\/30925-rqfa.jpg 1542w, https:\/\/alice.ch\/app\/uploads\/2025\/06\/30925-rqfa-300x150.jpg 300w, https:\/\/alice.ch\/app\/uploads\/2025\/06\/30925-rqfa-1024x512.jpg 1024w, https:\/\/alice.ch\/app\/uploads\/2025\/06\/30925-rqfa-768x384.jpg 768w, https:\/\/alice.ch\/app\/uploads\/2025\/06\/30925-rqfa-1536x768.jpg 1536w\" sizes=\"(max-width: 1542px) 100vw, 1542px\" \/><\/a><\/figure><\/div>\n\n\n\n<div class=\"wp-block-column is-layout-flow wp-block-column-is-layout-flow\" style=\"flex-basis:66.66%\"><h3 class=\"wp-block-post-title\"><a href=\"https:\/\/alice.ch\/fr\/event\/webinaire-rqfa-developper-des-competences-vraiment\/\" target=\"_self\" >Webinaire RQFA \u2013 D\u00e9velopper des comp\u00e9tences\u2026 vraiment?\u00a0<\/a><\/h3>\n\n<div class=\"wp-block-post-excerpt\"><p class=\"wp-block-post-excerpt__excerpt\">Ce webinaire propose un arr\u00eat sur image, un temps de recul face \u00e0 nos \u00e9vidences et routines pour s\u2019interroger sur<\/p><p class=\"wp-block-post-excerpt__more-text\"><a class=\"wp-block-post-excerpt__more-link\" href=\"https:\/\/alice.ch\/fr\/event\/webinaire-rqfa-developper-des-competences-vraiment\/\">Lire la suite<\/a><\/p><\/div>\n\n<p><\/p>\n\n<div class=\"event-item-meta\">\n\t<span class=\"date\">30\/09\/2025<\/span>\n\t<span class=\"time\">12:00\u201313:30<\/span>\n\t<span class=\"place\">En ligne <\/span>\n\t<span class=\"language\">F<\/span>\n\n\t<a class=\"event-link\" href=\"https:\/\/alice.ch\/fr\/event\/webinaire-rqfa-developper-des-competences-vraiment\/\" target=\"\">D\u00e9tails de l&rsquo;\u00e9v\u00e9nement <\/a>\n<\/div>\n<\/div>\n<\/div>\n\n\n\n<hr class=\"wp-block-separator has-alpha-channel-opacity is-style-wide\"\/>\n\n<\/li><li class=\"wp-block-post post-68819 event type-event status-publish has-post-thumbnail hentry event-category-evenements-fsea-kooperation event-tag-365 event-tag-2025-2 event-tag-2025-fr event-status-aktuell event-status-archiv event-status-archive event-language-allemand event-language-deutsch event-language-francais event-language-franzoesisch global-category-professionalisierung-fr\">\n\n<div class=\"wp-block-columns is-layout-flex wp-container-core-columns-is-layout-28f84493 wp-block-columns-is-layout-flex\">\n<div class=\"wp-block-column is-layout-flow wp-block-column-is-layout-flow\" style=\"flex-basis:200px\"><figure class=\"wp-block-post-featured-image\"><a href=\"https:\/\/alice.ch\/fr\/event\/journee-ffa-le-nouveau-systeme-modulaire-ffa-bilan-et-perspective\/\" target=\"_self\"  ><img decoding=\"async\" width=\"1542\" height=\"771\" src=\"https:\/\/alice.ch\/app\/uploads\/2025\/06\/ada-plattformtagung-f.jpg\" class=\"attachment-post-thumbnail size-post-thumbnail wp-post-image\" alt=\"Journ\u00e9e d&rsquo;\u00e9changes FFA: le nouveau syst\u00e8me modulaire FFA \u2013 bilan et perspective\" style=\"object-fit:cover;\" srcset=\"https:\/\/alice.ch\/app\/uploads\/2025\/06\/ada-plattformtagung-f.jpg 1542w, https:\/\/alice.ch\/app\/uploads\/2025\/06\/ada-plattformtagung-f-300x150.jpg 300w, https:\/\/alice.ch\/app\/uploads\/2025\/06\/ada-plattformtagung-f-1024x512.jpg 1024w, https:\/\/alice.ch\/app\/uploads\/2025\/06\/ada-plattformtagung-f-768x384.jpg 768w, https:\/\/alice.ch\/app\/uploads\/2025\/06\/ada-plattformtagung-f-1536x768.jpg 1536w\" sizes=\"(max-width: 1542px) 100vw, 1542px\" \/><\/a><\/figure><\/div>\n\n\n\n<div class=\"wp-block-column is-layout-flow wp-block-column-is-layout-flow\" style=\"flex-basis:66.66%\"><h3 class=\"wp-block-post-title\"><a href=\"https:\/\/alice.ch\/fr\/event\/journee-ffa-le-nouveau-systeme-modulaire-ffa-bilan-et-perspective\/\" target=\"_self\" >Journ\u00e9e d&rsquo;\u00e9changes FFA: le nouveau syst\u00e8me modulaire FFA \u2013 bilan et perspective<\/a><\/h3>\n\n<div class=\"wp-block-post-excerpt\"><p class=\"wp-block-post-excerpt__excerpt\">Premi\u00e8res exp\u00e9riences avec le nouveau syst\u00e8me modulaire: o\u00f9 en sommes-nous en termes de qualit\u00e9 et d\u2019acquis?&nbsp; Le nouveau syst\u00e8me modulaire<\/p><p class=\"wp-block-post-excerpt__more-text\"><a class=\"wp-block-post-excerpt__more-link\" href=\"https:\/\/alice.ch\/fr\/event\/journee-ffa-le-nouveau-systeme-modulaire-ffa-bilan-et-perspective\/\">Lire la suite<\/a><\/p><\/div>\n\n<p><\/p>\n\n<div class=\"event-item-meta\">\n\t<span class=\"date\">10\/09\/2025<\/span>\n\t<span class=\"time\">09:00\u201316:30<\/span>\n\t<span class=\"place\">Berne, Welle 7<\/span>\n\t<span class=\"language\">D, F<\/span>\n\n\t<a class=\"event-link\" href=\"https:\/\/alice.ch\/fr\/event\/journee-ffa-le-nouveau-systeme-modulaire-ffa-bilan-et-perspective\/\" target=\"\">D\u00e9tails de l&rsquo;\u00e9v\u00e9nement <\/a>\n<\/div>\n<\/div>\n<\/div>\n\n\n\n<hr class=\"wp-block-separator has-alpha-channel-opacity is-style-wide\"\/>\n\n<\/li><li class=\"wp-block-post post-67370 event type-event status-publish has-post-thumbnail hentry event-category-evenement-externe event-tag-2025-2 event-status-archive event-language-francais global-category-digitalisierung-fr global-category-grundkompetenzen-fr\">\n\n<div class=\"wp-block-columns is-layout-flex wp-container-core-columns-is-layout-28f84493 wp-block-columns-is-layout-flex\">\n<div class=\"wp-block-column is-layout-flow wp-block-column-is-layout-flow\" style=\"flex-basis:200px\"><figure class=\"wp-block-post-featured-image\"><a href=\"https:\/\/alice.ch\/fr\/event\/colloque-de-cloture-du-projet-dora\/\" target=\"_self\"  ><img decoding=\"async\" width=\"306\" height=\"300\" src=\"https:\/\/alice.ch\/app\/uploads\/2025\/04\/evenement-externe-dora.jpg\" class=\"attachment-post-thumbnail size-post-thumbnail wp-post-image\" alt=\"Colloque de cl\u00f4ture du projet DORA\" style=\"object-fit:cover;\" srcset=\"https:\/\/alice.ch\/app\/uploads\/2025\/04\/evenement-externe-dora.jpg 306w, https:\/\/alice.ch\/app\/uploads\/2025\/04\/evenement-externe-dora-300x294.jpg 300w\" sizes=\"(max-width: 306px) 100vw, 306px\" \/><\/a><\/figure><\/div>\n\n\n\n<div class=\"wp-block-column is-layout-flow wp-block-column-is-layout-flow\" style=\"flex-basis:66.66%\"><h3 class=\"wp-block-post-title\"><a href=\"https:\/\/alice.ch\/fr\/event\/colloque-de-cloture-du-projet-dora\/\" target=\"_self\" >Colloque de cl\u00f4ture du projet DORA<\/a><\/h3>\n\n<div class=\"wp-block-post-excerpt\"><p class=\"wp-block-post-excerpt__excerpt\">D\u00e9fis et Opportunit\u00e9s du num\u00e9rique en formation de base \u2013 une Recherche Action DORA est un projet de recherche-action participative<\/p><p class=\"wp-block-post-excerpt__more-text\"><a class=\"wp-block-post-excerpt__more-link\" href=\"https:\/\/alice.ch\/fr\/event\/colloque-de-cloture-du-projet-dora\/\">Lire la suite<\/a><\/p><\/div>\n\n<p><\/p>\n\n<div class=\"event-item-meta\">\n\t<span class=\"date\">23\/05\/2025<\/span>\n\t<span class=\"time\">09:00\u201316:30<\/span>\n\t<span class=\"place\">Universit\u00e9 Ouvri\u00e8re de Gen\u00e8ve, Gen\u00e8ve<\/span>\n\t<span class=\"language\">F<\/span>\n\n\t<a class=\"event-link\" href=\"https:\/\/www.crfba.ch\/dora\/\" target=\"_blank\">D\u00e9tails de l&rsquo;\u00e9v\u00e9nement <\/a>\n<\/div>\n<\/div>\n<\/div>\n\n\n\n<hr class=\"wp-block-separator has-alpha-channel-opacity is-style-wide\"\/>\n\n<\/li><li class=\"wp-block-post post-65191 event type-event status-publish has-post-thumbnail hentry event-category-evenements-fsea-kooperation event-tag-365 event-tag-2025-2 event-tag-aktuel event-tag-sveb-kooperation-events-fr event-status-aktuell event-status-archiv event-status-archive event-language-allemand event-language-deutsch event-language-francais event-language-franzoesisch global-category-bildungspolitik-fr global-category-sparplaene-in-der-weiterbildung-fr\">\n\n<div class=\"wp-block-columns is-layout-flex wp-container-core-columns-is-layout-28f84493 wp-block-columns-is-layout-flex\">\n<div class=\"wp-block-column is-layout-flow wp-block-column-is-layout-flow\" style=\"flex-basis:200px\"><figure class=\"wp-block-post-featured-image\"><a href=\"https:\/\/alice.ch\/fr\/event\/assemblee-des-delegues-et-journee-politique-de-la-formation-continue-2025\/\" target=\"_self\"  ><img decoding=\"async\" width=\"1542\" height=\"771\" src=\"https:\/\/alice.ch\/app\/uploads\/2024\/12\/dv-2025-fr.jpg\" class=\"attachment-post-thumbnail size-post-thumbnail wp-post-image\" alt=\"Assembl\u00e9e des d\u00e9l\u00e9gu\u00e9s et journ\u00e9e politique de la formation continue 2025\" style=\"object-fit:cover;\" srcset=\"https:\/\/alice.ch\/app\/uploads\/2024\/12\/dv-2025-fr.jpg 1542w, https:\/\/alice.ch\/app\/uploads\/2024\/12\/dv-2025-fr-300x150.jpg 300w, https:\/\/alice.ch\/app\/uploads\/2024\/12\/dv-2025-fr-1024x512.jpg 1024w, https:\/\/alice.ch\/app\/uploads\/2024\/12\/dv-2025-fr-768x384.jpg 768w, https:\/\/alice.ch\/app\/uploads\/2024\/12\/dv-2025-fr-1536x768.jpg 1536w\" sizes=\"(max-width: 1542px) 100vw, 1542px\" \/><\/a><\/figure><\/div>\n\n\n\n<div class=\"wp-block-column is-layout-flow wp-block-column-is-layout-flow\" style=\"flex-basis:66.66%\"><h3 class=\"wp-block-post-title\"><a href=\"https:\/\/alice.ch\/fr\/event\/assemblee-des-delegues-et-journee-politique-de-la-formation-continue-2025\/\" target=\"_self\" >Assembl\u00e9e des d\u00e9l\u00e9gu\u00e9s et journ\u00e9e politique de la formation continue 2025<\/a><\/h3>\n\n<div class=\"wp-block-post-excerpt\"><p class=\"wp-block-post-excerpt__excerpt\">La journ\u00e9e politique aura lieu \u00e0 la suite de l\u2019assembl\u00e9e des d\u00e9l\u00e9gu\u00e9s (AD) de la FSEA; elle est publique et<\/p><p class=\"wp-block-post-excerpt__more-text\"><a class=\"wp-block-post-excerpt__more-link\" href=\"https:\/\/alice.ch\/fr\/event\/assemblee-des-delegues-et-journee-politique-de-la-formation-continue-2025\/\">Lire la suite<\/a><\/p><\/div>\n\n<p><\/p>\n\n<div class=\"event-item-meta\">\n\t<span class=\"date\">08\/05\/2025<\/span>\n\t<span class=\"time\">13:00\u201316:30<\/span>\n\t<span class=\"place\">Gleisarena FFHS Campus Zurich<\/span>\n\t<span class=\"language\">D, F<\/span>\n\n\t<a class=\"event-link\" href=\"https:\/\/alice.ch\/fr\/event\/assemblee-des-delegues-et-journee-politique-de-la-formation-continue-2025\/\" target=\"\">D\u00e9tails de l&rsquo;\u00e9v\u00e9nement <\/a>\n<\/div>\n<\/div>\n<\/div>\n\n\n\n<hr class=\"wp-block-separator has-alpha-channel-opacity is-style-wide\"\/>\n\n<\/li><li class=\"wp-block-post post-65431 event type-event status-publish has-post-thumbnail hentry event-category-evenements-fsea-kooperation event-tag-2025-2 event-tag-365 event-tag-aktuel event-status-aktuell event-status-archiv event-status-archive event-language-deutsch event-language-francais global-category-ia-et-formation-continue\">\n\n<div class=\"wp-block-columns is-layout-flex wp-container-core-columns-is-layout-28f84493 wp-block-columns-is-layout-flex\">\n<div class=\"wp-block-column is-layout-flow wp-block-column-is-layout-flow\" style=\"flex-basis:200px\"><figure class=\"wp-block-post-featured-image\"><a href=\"https:\/\/alice.ch\/fr\/event\/utilisation-de-lia-ou-en-sont-les-organisations-de-formation-continue-suisses\/\" target=\"_self\"  ><img decoding=\"async\" width=\"1542\" height=\"771\" src=\"https:\/\/alice.ch\/app\/uploads\/2025\/01\/focus-online-ia-ou-en-sont-les-organisations-de-formation-continue-fr-1.jpg\" class=\"attachment-post-thumbnail size-post-thumbnail wp-post-image\" alt=\"Utilisation de l\u2019IA: o\u00f9 en sont les organisations de formation continue suisses?\u00a0\u00a0\" style=\"object-fit:cover;\" srcset=\"https:\/\/alice.ch\/app\/uploads\/2025\/01\/focus-online-ia-ou-en-sont-les-organisations-de-formation-continue-fr-1.jpg 1542w, https:\/\/alice.ch\/app\/uploads\/2025\/01\/focus-online-ia-ou-en-sont-les-organisations-de-formation-continue-fr-1-300x150.jpg 300w, https:\/\/alice.ch\/app\/uploads\/2025\/01\/focus-online-ia-ou-en-sont-les-organisations-de-formation-continue-fr-1-1024x512.jpg 1024w, https:\/\/alice.ch\/app\/uploads\/2025\/01\/focus-online-ia-ou-en-sont-les-organisations-de-formation-continue-fr-1-768x384.jpg 768w, https:\/\/alice.ch\/app\/uploads\/2025\/01\/focus-online-ia-ou-en-sont-les-organisations-de-formation-continue-fr-1-1536x768.jpg 1536w\" sizes=\"(max-width: 1542px) 100vw, 1542px\" \/><\/a><\/figure><\/div>\n\n\n\n<div class=\"wp-block-column is-layout-flow wp-block-column-is-layout-flow\" style=\"flex-basis:66.66%\"><h3 class=\"wp-block-post-title\"><a href=\"https:\/\/alice.ch\/fr\/event\/utilisation-de-lia-ou-en-sont-les-organisations-de-formation-continue-suisses\/\" target=\"_self\" >Utilisation de l\u2019IA: o\u00f9 en sont les organisations de formation continue suisses?\u00a0\u00a0<\/a><\/h3>\n\n<div class=\"wp-block-post-excerpt\"><p class=\"wp-block-post-excerpt__excerpt\">Jusqu\u2019\u00e0 pr\u00e9sent, l\u2019IA est utilis\u00e9e de mani\u00e8re variable dans les organisations de formation continue suisses. Au printemps 2024, pr\u00e8s de<\/p><p class=\"wp-block-post-excerpt__more-text\"><a class=\"wp-block-post-excerpt__more-link\" href=\"https:\/\/alice.ch\/fr\/event\/utilisation-de-lia-ou-en-sont-les-organisations-de-formation-continue-suisses\/\">Lire la suite<\/a><\/p><\/div>\n\n<p><\/p>\n\n<div class=\"event-item-meta\">\n\t<span class=\"date\">13\/03\/2025<\/span>\n\t<span class=\"time\">13:00\u201314:30<\/span>\n\t<span class=\"place\">En ligne<\/span>\n\t<span class=\"language\">F<\/span>\n\n\t<a class=\"event-link\" href=\"https:\/\/alice.ch\/fr\/event\/utilisation-de-lia-ou-en-sont-les-organisations-de-formation-continue-suisses\/\" target=\"\">D\u00e9tails de l&rsquo;\u00e9v\u00e9nement <\/a>\n<\/div>\n<\/div>\n<\/div>\n\n\n\n<hr class=\"wp-block-separator has-alpha-channel-opacity is-style-wide\"\/>\n\n<\/li><\/ul>\n\n\n\n<nav class=\"wp-block-query-pagination is-layout-flex wp-block-query-pagination-is-layout-flex\" aria-label=\"Pagination\">\n\n\n<div class=\"wp-block-query-pagination-numbers\"><span aria-current=\"page\" class=\"page-numbers current\">1<\/span>\n<a class=\"page-numbers\" href=\"?query-46-page=2\">2<\/a>\n<a class=\"page-numbers\" href=\"?query-46-page=3\">3<\/a>\n<span class=\"page-numbers dots\">\u2026<\/span>\n<a class=\"page-numbers\" href=\"?query-46-page=8\">8<\/a><\/div>\n\n<a href=\"\/fr\/wp-json\/wp\/v2\/pages\/20814?query-46-page=2\" class=\"wp-block-query-pagination-next\">Page suivante<\/a>\n<\/nav><\/div>\n\n\n\n<div style=\"height:2rem\" aria-hidden=\"true\" class=\"wp-block-spacer\"><\/div>\n\n\n\n<div class=\"wp-block-group is-style-reduced-width is-layout-flow wp-block-group-is-layout-flow\">\n<div class=\"wp-block-group is-style-run-to-edge has-primary-background-color has-background is-layout-flow wp-block-group-is-layout-flow\">\n<p class=\"is-style-lead\"><strong>R\u00e9ductions<\/strong><br>Les membres de la FSEA b\u00e9n\u00e9ficient de r\u00e9ductions de prix lors des \u00e9v\u00e8nements.<\/p>\n\n\n\n<p><a href=\"https:\/\/alice.ch\/fr\/recherche\/reseau-et-echange\/la-recherche-sur-la-formation-continue-en-suisse\/\">Devenir membre de la FSEA<\/a><\/p>\n<\/div>\n\n\n\n<h2 class=\"wp-block-heading\">Contact<\/h2>\n\n\n\n<div class=\"wp-block-columns is-layout-flex wp-container-core-columns-is-layout-28f84493 wp-block-columns-is-layout-flex\">\n<div class=\"wp-block-column is-layout-flow wp-block-column-is-layout-flow\" style=\"flex-basis:50%\"><div class=\"contact-persons\">\n<\/div>\n<\/div>\n\n\n\n<div class=\"wp-block-column is-layout-flow wp-block-column-is-layout-flow\" style=\"flex-basis:50%\"><\/div>\n<\/div>\n<\/div>\n","protected":false},"excerpt":{"rendered":"<p>Nos \u00e9v\u00e9nements pass\u00e9s Dans notre rubrique Archive, nous avons r\u00e9uni des informations concernant des \u00e9v\u00e9nements pass\u00e9s. R\u00e9ductionsLes membres de la [&hellip;]<\/p>\n","protected":false},"author":1,"featured_media":20801,"parent":20341,"menu_order":507,"comment_status":"closed","ping_status":"closed","template":"","meta":{"_acf_changed":false,"inline_featured_image":false,"footnotes":""},"class_list":["post-20814","page","type-page","status-publish","has-post-thumbnail","hentry"],"acf":[],"yoast_head":"<!-- This site is optimized with the Yoast SEO plugin v27.3 - https:\/\/yoast.com\/product\/yoast-seo-wordpress\/ -->\n<title>\u00c9v\u00e9nements pass\u00e9s - FSEA<\/title>\n<meta name=\"description\" content=\"Informations sur les manifestations pass\u00e9es, telles que des pr\u00e9sentations, des documents de r\u00e9union, des r\u00e9trospectives et des images.\" \/>\n<meta name=\"robots\" content=\"index, follow, max-snippet:-1, max-image-preview:large, max-video-preview:-1\" \/>\n<link rel=\"canonical\" href=\"https:\/\/alice.ch\/fr\/actualite\/evenements\/evenements-passes\/\" \/>\n<link rel=\"next\" href=\"https:\/\/alice.ch\/fr\/actualite\/evenements\/evenements-passes\/20814\/?query-46-page=2\" \/>\n<meta property=\"og:locale\" content=\"fr_FR\" \/>\n<meta property=\"og:type\" content=\"article\" \/>\n<meta property=\"og:title\" content=\"\u00c9v\u00e9nements pass\u00e9s - FSEA\" \/>\n<meta property=\"og:description\" content=\"Informations sur les manifestations pass\u00e9es, telles que des pr\u00e9sentations, des documents de r\u00e9union, des r\u00e9trospectives et des images.\" \/>\n<meta property=\"og:url\" content=\"https:\/\/alice.ch\/fr\/actualite\/evenements\/evenements-passes\/\" \/>\n<meta property=\"og:site_name\" content=\"SVEB\" \/>\n<meta property=\"article:modified_time\" content=\"2025-12-17T15:42:00+00:00\" \/>\n<meta property=\"og:image\" content=\"https:\/\/alice.ch\/app\/uploads\/2022\/11\/default.jpg\" \/>\n\t<meta property=\"og:image:width\" content=\"1600\" \/>\n\t<meta property=\"og:image:height\" content=\"900\" \/>\n\t<meta property=\"og:image:type\" content=\"image\/jpeg\" \/>\n<meta name=\"twitter:card\" content=\"summary_large_image\" \/>\n<meta name=\"twitter:label1\" content=\"Dur\u00e9e de lecture estim\u00e9e\" \/>\n\t<meta name=\"twitter:data1\" content=\"1 minute\" \/>\n<script type=\"application\/ld+json\" class=\"yoast-schema-graph\">{\"@context\":\"https:\\\/\\\/schema.org\",\"@graph\":[{\"@type\":\"WebPage\",\"@id\":\"https:\\\/\\\/alice.ch\\\/fr\\\/actualite\\\/evenements\\\/evenements-passes\\\/\",\"url\":\"https:\\\/\\\/alice.ch\\\/fr\\\/actualite\\\/evenements\\\/evenements-passes\\\/\",\"name\":\"\u00c9v\u00e9nements pass\u00e9s - FSEA\",\"isPartOf\":{\"@id\":\"https:\\\/\\\/alice.ch\\\/fr\\\/#website\"},\"primaryImageOfPage\":{\"@id\":\"https:\\\/\\\/alice.ch\\\/fr\\\/actualite\\\/evenements\\\/evenements-passes\\\/#primaryimage\"},\"image\":{\"@id\":\"https:\\\/\\\/alice.ch\\\/fr\\\/actualite\\\/evenements\\\/evenements-passes\\\/#primaryimage\"},\"thumbnailUrl\":\"https:\\\/\\\/alice.ch\\\/app\\\/uploads\\\/2022\\\/11\\\/default.jpg\",\"datePublished\":\"2022-08-16T15:01:25+00:00\",\"dateModified\":\"2025-12-17T15:42:00+00:00\",\"description\":\"Informations sur les manifestations pass\u00e9es, telles que des pr\u00e9sentations, des documents de r\u00e9union, des r\u00e9trospectives et des images.\",\"breadcrumb\":{\"@id\":\"https:\\\/\\\/alice.ch\\\/fr\\\/actualite\\\/evenements\\\/evenements-passes\\\/#breadcrumb\"},\"inLanguage\":\"fr-FR\",\"potentialAction\":[{\"@type\":\"ReadAction\",\"target\":[\"https:\\\/\\\/alice.ch\\\/fr\\\/actualite\\\/evenements\\\/evenements-passes\\\/\"]}]},{\"@type\":\"ImageObject\",\"inLanguage\":\"fr-FR\",\"@id\":\"https:\\\/\\\/alice.ch\\\/fr\\\/actualite\\\/evenements\\\/evenements-passes\\\/#primaryimage\",\"url\":\"https:\\\/\\\/alice.ch\\\/app\\\/uploads\\\/2022\\\/11\\\/default.jpg\",\"contentUrl\":\"https:\\\/\\\/alice.ch\\\/app\\\/uploads\\\/2022\\\/11\\\/default.jpg\",\"width\":1600,\"height\":900},{\"@type\":\"BreadcrumbList\",\"@id\":\"https:\\\/\\\/alice.ch\\\/fr\\\/actualite\\\/evenements\\\/evenements-passes\\\/#breadcrumb\",\"itemListElement\":[{\"@type\":\"ListItem\",\"position\":1,\"name\":\"Page d'accueil\",\"item\":\"https:\\\/\\\/alice.ch\\\/fr\\\/\"},{\"@type\":\"ListItem\",\"position\":2,\"name\":\"Actualit\u00e9\",\"item\":\"https:\\\/\\\/alice.ch\\\/fr\\\/actualite\\\/\"},{\"@type\":\"ListItem\",\"position\":3,\"name\":\"\u00c9v\u00e9nements\",\"item\":\"https:\\\/\\\/alice.ch\\\/fr\\\/actualite\\\/evenements\\\/\"},{\"@type\":\"ListItem\",\"position\":4,\"name\":\"\u00c9v\u00e9nements pass\u00e9s\"}]},{\"@type\":\"WebSite\",\"@id\":\"https:\\\/\\\/alice.ch\\\/fr\\\/#website\",\"url\":\"https:\\\/\\\/alice.ch\\\/fr\\\/\",\"name\":\"alice.ch (Adult Learning Information Center) ist das Portal der Weiterbildung in der Schweiz.\",\"description\":\"Schweizerischer Verband f\u00fcr Weiterbildung\",\"publisher\":{\"@id\":\"https:\\\/\\\/alice.ch\\\/fr\\\/#organization\"},\"potentialAction\":[{\"@type\":\"SearchAction\",\"target\":{\"@type\":\"EntryPoint\",\"urlTemplate\":\"https:\\\/\\\/alice.ch\\\/fr\\\/?s={search_term_string}\"},\"query-input\":{\"@type\":\"PropertyValueSpecification\",\"valueRequired\":true,\"valueName\":\"search_term_string\"}}],\"inLanguage\":\"fr-FR\"},{\"@type\":\"Organization\",\"@id\":\"https:\\\/\\\/alice.ch\\\/fr\\\/#organization\",\"name\":\"FSEA F\u00e9d\u00e9ration suisse pour la formation continue\",\"url\":\"https:\\\/\\\/alice.ch\\\/fr\\\/\",\"logo\":{\"@type\":\"ImageObject\",\"inLanguage\":\"fr-FR\",\"@id\":\"https:\\\/\\\/alice.ch\\\/fr\\\/#\\\/schema\\\/logo\\\/image\\\/\",\"url\":\"https:\\\/\\\/alice.ch\\\/app\\\/uploads\\\/2022\\\/07\\\/logo-sveb.png\",\"contentUrl\":\"https:\\\/\\\/alice.ch\\\/app\\\/uploads\\\/2022\\\/07\\\/logo-sveb.png\",\"width\":145,\"height\":64,\"caption\":\"FSEA F\u00e9d\u00e9ration suisse pour la formation continue\"},\"image\":{\"@id\":\"https:\\\/\\\/alice.ch\\\/fr\\\/#\\\/schema\\\/logo\\\/image\\\/\"},\"sameAs\":[\"https:\\\/\\\/www.linkedin.com\\\/company\\\/schweizerischer-verband-fr-weiterbildung-sveb\\\/\"]}]}<\/script>\n<!-- \/ Yoast SEO plugin. -->","yoast_head_json":{"title":"\u00c9v\u00e9nements pass\u00e9s - FSEA","description":"Informations sur les manifestations pass\u00e9es, telles que des pr\u00e9sentations, des documents de r\u00e9union, des r\u00e9trospectives et des images.","robots":{"index":"index","follow":"follow","max-snippet":"max-snippet:-1","max-image-preview":"max-image-preview:large","max-video-preview":"max-video-preview:-1"},"canonical":"https:\/\/alice.ch\/fr\/actualite\/evenements\/evenements-passes\/","next":"https:\/\/alice.ch\/fr\/actualite\/evenements\/evenements-passes\/20814?query-46-page=2","og_locale":"fr_FR","og_type":"article","og_title":"\u00c9v\u00e9nements pass\u00e9s - FSEA","og_description":"Informations sur les manifestations pass\u00e9es, telles que des pr\u00e9sentations, des documents de r\u00e9union, des r\u00e9trospectives et des images.","og_url":"https:\/\/alice.ch\/fr\/actualite\/evenements\/evenements-passes\/","og_site_name":"SVEB","article_modified_time":"2025-12-17T15:42:00+00:00","og_image":[{"width":1600,"height":900,"url":"https:\/\/alice.ch\/app\/uploads\/2022\/11\/default.jpg","type":"image\/jpeg"}],"twitter_card":"summary_large_image","twitter_misc":{"Dur\u00e9e de lecture estim\u00e9e":"1 minute"},"schema":{"@context":"https:\/\/schema.org","@graph":[{"@type":"WebPage","@id":"https:\/\/alice.ch\/fr\/actualite\/evenements\/evenements-passes\/","url":"https:\/\/alice.ch\/fr\/actualite\/evenements\/evenements-passes\/","name":"\u00c9v\u00e9nements pass\u00e9s - FSEA","isPartOf":{"@id":"https:\/\/alice.ch\/fr\/#website"},"primaryImageOfPage":{"@id":"https:\/\/alice.ch\/fr\/actualite\/evenements\/evenements-passes\/#primaryimage"},"image":{"@id":"https:\/\/alice.ch\/fr\/actualite\/evenements\/evenements-passes\/#primaryimage"},"thumbnailUrl":"https:\/\/alice.ch\/app\/uploads\/2022\/11\/default.jpg","datePublished":"2022-08-16T15:01:25+00:00","dateModified":"2025-12-17T15:42:00+00:00","description":"Informations sur les manifestations pass\u00e9es, telles que des pr\u00e9sentations, des documents de r\u00e9union, des r\u00e9trospectives et des images.","breadcrumb":{"@id":"https:\/\/alice.ch\/fr\/actualite\/evenements\/evenements-passes\/#breadcrumb"},"inLanguage":"fr-FR","potentialAction":[{"@type":"ReadAction","target":["https:\/\/alice.ch\/fr\/actualite\/evenements\/evenements-passes\/"]}]},{"@type":"ImageObject","inLanguage":"fr-FR","@id":"https:\/\/alice.ch\/fr\/actualite\/evenements\/evenements-passes\/#primaryimage","url":"https:\/\/alice.ch\/app\/uploads\/2022\/11\/default.jpg","contentUrl":"https:\/\/alice.ch\/app\/uploads\/2022\/11\/default.jpg","width":1600,"height":900},{"@type":"BreadcrumbList","@id":"https:\/\/alice.ch\/fr\/actualite\/evenements\/evenements-passes\/#breadcrumb","itemListElement":[{"@type":"ListItem","position":1,"name":"Page d'accueil","item":"https:\/\/alice.ch\/fr\/"},{"@type":"ListItem","position":2,"name":"Actualit\u00e9","item":"https:\/\/alice.ch\/fr\/actualite\/"},{"@type":"ListItem","position":3,"name":"\u00c9v\u00e9nements","item":"https:\/\/alice.ch\/fr\/actualite\/evenements\/"},{"@type":"ListItem","position":4,"name":"\u00c9v\u00e9nements pass\u00e9s"}]},{"@type":"WebSite","@id":"https:\/\/alice.ch\/fr\/#website","url":"https:\/\/alice.ch\/fr\/","name":"alice.ch (Adult Learning Information Center) ist das Portal der Weiterbildung in der Schweiz.","description":"Schweizerischer Verband f\u00fcr Weiterbildung","publisher":{"@id":"https:\/\/alice.ch\/fr\/#organization"},"potentialAction":[{"@type":"SearchAction","target":{"@type":"EntryPoint","urlTemplate":"https:\/\/alice.ch\/fr\/?s={search_term_string}"},"query-input":{"@type":"PropertyValueSpecification","valueRequired":true,"valueName":"search_term_string"}}],"inLanguage":"fr-FR"},{"@type":"Organization","@id":"https:\/\/alice.ch\/fr\/#organization","name":"FSEA F\u00e9d\u00e9ration suisse pour la formation continue","url":"https:\/\/alice.ch\/fr\/","logo":{"@type":"ImageObject","inLanguage":"fr-FR","@id":"https:\/\/alice.ch\/fr\/#\/schema\/logo\/image\/","url":"https:\/\/alice.ch\/app\/uploads\/2022\/07\/logo-sveb.png","contentUrl":"https:\/\/alice.ch\/app\/uploads\/2022\/07\/logo-sveb.png","width":145,"height":64,"caption":"FSEA F\u00e9d\u00e9ration suisse pour la formation continue"},"image":{"@id":"https:\/\/alice.ch\/fr\/#\/schema\/logo\/image\/"},"sameAs":["https:\/\/www.linkedin.com\/company\/schweizerischer-verband-fr-weiterbildung-sveb\/"]}]}},"_links":{"self":[{"href":"https:\/\/alice.ch\/fr\/wp-json\/wp\/v2\/pages\/20814","targetHints":{"allow":["GET"]}}],"collection":[{"href":"https:\/\/alice.ch\/fr\/wp-json\/wp\/v2\/pages"}],"about":[{"href":"https:\/\/alice.ch\/fr\/wp-json\/wp\/v2\/types\/page"}],"author":[{"embeddable":true,"href":"https:\/\/alice.ch\/fr\/wp-json\/wp\/v2\/users\/1"}],"replies":[{"embeddable":true,"href":"https:\/\/alice.ch\/fr\/wp-json\/wp\/v2\/comments?post=20814"}],"version-history":[{"count":19,"href":"https:\/\/alice.ch\/fr\/wp-json\/wp\/v2\/pages\/20814\/revisions"}],"predecessor-version":[{"id":72644,"href":"https:\/\/alice.ch\/fr\/wp-json\/wp\/v2\/pages\/20814\/revisions\/72644"}],"up":[{"embeddable":true,"href":"https:\/\/alice.ch\/fr\/wp-json\/wp\/v2\/pages\/20341"}],"wp:featuredmedia":[{"embeddable":true,"href":"https:\/\/alice.ch\/fr\/wp-json\/wp\/v2\/media\/20801"}],"wp:attachment":[{"href":"https:\/\/alice.ch\/fr\/wp-json\/wp\/v2\/media?parent=20814"}],"curies":[{"name":"wp","href":"https:\/\/api.w.org\/{rel}","templated":true}]}}