{"id":20843,"date":"2022-08-16T16:40:20","date_gmt":"2022-08-16T14:40:20","guid":{"rendered":"https:\/\/projects.atxeit.ch\/sveb\/recherche\/developpements-pour-la-practice\/grundkompetenzen-als-querschnittsthema\/"},"modified":"2026-02-17T10:49:10","modified_gmt":"2026-02-17T09:49:10","slug":"competences-de-base-comme-theme-transversal","status":"publish","type":"page","link":"https:\/\/alice.ch\/fr\/recherche\/developpements-pour-la-pratique\/competences-de-base-comme-theme-transversal\/","title":{"rendered":"Comp\u00e9tences de base comme th\u00e8me transversal"},"content":{"rendered":"\n<div class=\"wp-block-group is-style-reduced-width is-layout-flow wp-block-group-is-layout-flow\">\n<h1 class=\"wp-block-heading\">Comp\u00e9tences de base comme th\u00e8me transversal<\/h1>\n\n\n\n<p>En Suisse, diff\u00e9rents acteurs et lois s&rsquo;occupent de la promotion des comp\u00e9tences de base des adultes. Pour la FSEA, les comp\u00e9tences de base sont un th\u00e8me transversal tr\u00e8s important qui se retrouve dans beaucoup de nos projets.<\/p>\n<\/div>\n\n\n\n<div class=\"wp-block-group is-style-default is-layout-flow wp-block-group-is-layout-flow\">\n<h2 class=\"wp-block-heading\">Projets concernant les comp\u00e9tences de base<\/h2>\n\n\n\n<div class=\"wp-block-query is-layout-flow wp-block-query-is-layout-flow\"><ul class=\"wp-block-post-template is-layout-flow wp-block-post-template-is-layout-flow\"><li class=\"wp-block-post post-71789 project type-project status-publish has-post-thumbnail hentry project-category-egalite-des-chances project-region-ch project-region-ch-fr project-region-eu global-category-forschung-fr\">\n\n<a class=\"project-item\" href=\"https:\/\/alice.ch\/fr\/project\/qui-frequente-les-caffe-apprendo\/\" >\n\n\t<div class=\"title\">\n\t\t<h3>Qui fr\u00e9quente les Caff\u00e8 APPrendo?\u00a0<\/h3>\n\t\t<p>\u00c9tude sur les utilisatrices et utilisateurs des Caff\u00e8 APPrendo dans le canton du Tessin\u00a0\u00a0<\/p>\n\t<\/div>\n\t<div class=\"meta\">\n\t\t<div class=\"date\">\u2013<\/div>\n\t\t<div class=\"place\">CH<\/div>\n\t<\/div>\n\t<div class=\"more\">\n\t\t<span class=\"button\">en savoir plus<\/span>\n\t<\/div>\n<\/a>\n\n<\/li><li class=\"wp-block-post post-71662 project type-project status-publish has-post-thumbnail hentry project-category-egalite-des-chances project-region-eu project-region-international-fr global-category-chancengleichheit-fr global-category-grundkompetenzen-fr\">\n\n<a class=\"project-item\" href=\"https:\/\/alice.ch\/fr\/project\/enhance-enhancing-adult-learners-voices\/\" >\n\n\t<div class=\"title\">\n\t\t<h3>ENHANCE \u2013 Enhancing Adult Learners Voices\u00a0\u00a0<\/h3>\n\t\t<p><\/p>\n\t<\/div>\n\t<div class=\"meta\">\n\t\t<div class=\"date\">\u2013<\/div>\n\t\t<div class=\"place\">International<\/div>\n\t<\/div>\n\t<div class=\"more\">\n\t\t<span class=\"button\">en savoir plus<\/span>\n\t<\/div>\n<\/a>\n\n<\/li><li class=\"wp-block-post post-51627 project type-project status-publish has-post-thumbnail hentry project-category-egalite-des-chances project-region-international-fr\">\n\n<a class=\"project-item\" href=\"https:\/\/alice.ch\/fr\/project\/projet-au-kirghizistan\/\" >\n\n\t<div class=\"title\">\n\t\t<h3>Projet au Kirghizistan<\/h3>\n\t\t<p>Promotion de la formation continue de la population<\/p>\n\t<\/div>\n\t<div class=\"meta\">\n\t\t<div class=\"date\">2023\u20132027<\/div>\n\t\t<div class=\"place\">International<\/div>\n\t<\/div>\n\t<div class=\"more\">\n\t\t<span class=\"button\">en savoir plus<\/span>\n\t<\/div>\n<\/a>\n\n<\/li><li class=\"wp-block-post post-49458 project type-project status-publish has-post-thumbnail hentry project-category-egalite-des-chances project-region-international-fr\">\n\n<a class=\"project-item\" href=\"https:\/\/alice.ch\/fr\/project\/e4emk-deuxieme-phase-du-projet\/\" >\n\n\t<div class=\"title\">\n\t\t<h3>E4E@mk (deuxi\u00e8me phase du projet)<\/h3>\n\t\t<p>Education for Employment in North Macedonia<\/p>\n\t<\/div>\n\t<div class=\"meta\">\n\t\t<div class=\"date\">2022\u20132026<\/div>\n\t\t<div class=\"place\">International<\/div>\n\t<\/div>\n\t<div class=\"more\">\n\t\t<span class=\"button\">en savoir plus<\/span>\n\t<\/div>\n<\/a>\n\n<\/li><li class=\"wp-block-post post-48364 project type-project status-publish has-post-thumbnail hentry project-category-chancengleichheit project-category-egalite-des-chances project-region-ch project-region-ch-fr\">\n\n<a class=\"project-item\" href=\"https:\/\/alice.ch\/fr\/project\/milieux-de-vie\/\" >\n\n\t<div class=\"title\">\n\t\t<h3>Milieux de vie<\/h3>\n\t\t<p>Biographies et d\u00e9sirs d&rsquo;apprentissage des non-participant\u00b7e\u00b7s dans le domaine des comp\u00e9tences de base<\/p>\n\t<\/div>\n\t<div class=\"meta\">\n\t\t<div class=\"date\">2023\u20132025<\/div>\n\t\t<div class=\"place\">CH<\/div>\n\t<\/div>\n\t<div class=\"more\">\n\t\t<span class=\"button\">en savoir plus<\/span>\n\t<\/div>\n<\/a>\n\n<\/li><li class=\"wp-block-post post-61984 project type-project status-publish has-post-thumbnail hentry project-category-egalite-des-chances project-region-eu project-region-ue-fr\">\n\n<a class=\"project-item\" href=\"https:\/\/alice.ch\/fr\/project\/ageing-well\/\" >\n\n\t<div class=\"title\">\n\t\t<h3>Ageing Well<\/h3>\n\t\t<p>Donner aux personnes \u00e2g\u00e9es les moyens de relever les d\u00e9fis du vieillissement<\/p>\n\t<\/div>\n\t<div class=\"meta\">\n\t\t<div class=\"date\">2023\u20132025<\/div>\n\t\t<div class=\"place\">UE<\/div>\n\t<\/div>\n\t<div class=\"more\">\n\t\t<span class=\"button\">en savoir plus<\/span>\n\t<\/div>\n<\/a>\n\n<\/li><li class=\"wp-block-post post-45580 project type-project status-publish has-post-thumbnail hentry project-category-egalite-des-chances project-region-eu project-region-ue-fr global-category-ia-et-formation-continue\">\n\n<a class=\"project-item\" href=\"https:\/\/alice.ch\/fr\/project\/xr-women\/\" >\n\n\t<div class=\"title\">\n\t\t<h3>XR Women<\/h3>\n\t\t<p>Empowerment pour les femmes r\u00e9fugi\u00e9es gr\u00e2ce \u00e0 l\u2019usage de la r\u00e9alit\u00e9 \u00e9tendue dans l\u2019apprentissage de langues<\/p>\n\t<\/div>\n\t<div class=\"meta\">\n\t\t<div class=\"date\">2022\u20132024<\/div>\n\t\t<div class=\"place\">UE<\/div>\n\t<\/div>\n\t<div class=\"more\">\n\t\t<span class=\"button\">en savoir plus<\/span>\n\t<\/div>\n<\/a>\n\n<\/li><li class=\"wp-block-post post-48076 project type-project status-publish has-post-thumbnail hentry project-category-chancengleichheit project-category-egalite-des-chances project-category-systeme-de-formation-continue project-region-ch project-region-ch-fr\">\n\n<a class=\"project-item\" href=\"https:\/\/alice.ch\/fr\/project\/solution-nationale-pour-les-micro-certifications\/\" >\n\n\t<div class=\"title\">\n\t\t<h3>Solution nationale pour les microcertifications<\/h3>\n\t\t<p>Analyse des b\u00e9n\u00e9fices pour le domaine de la formation (continue) suisse<\/p>\n\t<\/div>\n\t<div class=\"meta\">\n\t\t<div class=\"date\">2023\u20132023<\/div>\n\t\t<div class=\"place\">CH<\/div>\n\t<\/div>\n\t<div class=\"more\">\n\t\t<span class=\"button\">en savoir plus<\/span>\n\t<\/div>\n<\/a>\n\n<\/li><li class=\"wp-block-post post-10199 project type-project status-publish has-post-thumbnail hentry project-category-egalite-des-chances project-region-ch-fr project-region-ch\">\n\n<a class=\"project-item\" href=\"https:\/\/alice.ch\/fr\/project\/cheques-de-formation\/\" >\n\n\t<div class=\"title\">\n\t\t<h3>Ch\u00e8ques de formation<\/h3>\n\t\t<p>Bo\u00eete \u00e0 outils pour la r\u00e9alisation de projets de ch\u00e8ques formation<\/p>\n\t<\/div>\n\t<div class=\"meta\">\n\t\t<div class=\"date\">2022\u20132023<\/div>\n\t\t<div class=\"place\">CH<\/div>\n\t<\/div>\n\t<div class=\"more\">\n\t\t<span class=\"button\">en savoir plus<\/span>\n\t<\/div>\n<\/a>\n\n<\/li><li class=\"wp-block-post post-10196 project type-project status-publish has-post-thumbnail hentry project-category-egalite-des-chances project-region-eu project-region-ue-fr\">\n\n<a class=\"project-item\" href=\"https:\/\/alice.ch\/fr\/project\/act-it-out\/\" >\n\n\t<div class=\"title\">\n\t\t<h3>ACT IT OUT<\/h3>\n\t\t<p>Promouvoir la participation sociale et l&rsquo;inclusion des groupes d\u00e9favoris\u00e9s<\/p>\n\t<\/div>\n\t<div class=\"meta\">\n\t\t<div class=\"date\">2021\u20132023<\/div>\n\t\t<div class=\"place\">UE<\/div>\n\t<\/div>\n\t<div class=\"more\">\n\t\t<span class=\"button\">en savoir plus<\/span>\n\t<\/div>\n<\/a>\n\n<\/li><\/ul>\n\n<nav class=\"wp-block-query-pagination is-content-justification-center is-layout-flex wp-container-core-query-pagination-is-layout-a89b3969 wp-block-query-pagination-is-layout-flex\" aria-label=\"Pagination\">\n\n\n<div class=\"wp-block-query-pagination-numbers\"><span aria-current=\"page\" class=\"page-numbers current\">1<\/span>\n<a class=\"page-numbers\" href=\"?query-0-page=2\">2<\/a>\n<a class=\"page-numbers\" href=\"?query-0-page=3\">3<\/a><\/div>\n\n<a href=\"\/fr\/wp-json\/wp\/v2\/pages\/20843?query-0-page=2\" class=\"wp-block-query-pagination-next\">Page suivante<\/a>\n<\/nav>\n\n<\/div>\n<\/div>\n\n\n\n<div class=\"wp-block-group is-style-reduced-width is-layout-flow wp-block-group-is-layout-flow\">\n<div class=\"wp-block-buttons is-layout-flex wp-block-buttons-is-layout-flex\">\n<div class=\"wp-block-button has-custom-width wp-block-button__width-50 is-style-outline is-style-outline--1\"><a class=\"wp-block-button__link wp-element-button\" href=\"https:\/\/alice.ch\/fr\/themes\/competences-de-base\/\">Domaine th\u00e9matique Comp\u00e9tences de base<\/a><\/div>\n<\/div>\n\n\n\n<h2 class=\"wp-block-heading\">Contact<\/h2>\n\n\n\n<div class=\"wp-block-columns is-layout-flex wp-container-core-columns-is-layout-28f84493 wp-block-columns-is-layout-flex\">\n<div class=\"wp-block-column is-layout-flow wp-block-column-is-layout-flow\" style=\"flex-basis:50%\"><div class=\"contact-persons\">\n\n\t\t\t\t\t<div class=\"contact-person\">\n\t\t\t\t\tIrena Sgier<br \/>\t\t\t\t\tDirectrice adjointe, Directrice de la recherche, du d\u00e9veloppement et de l\u2019innovation<br \/>\t\t\t\t\t<br \/>\n\t\t\t\t\t\t\t\t\t\t<a href=\"tel:+41 (0)44 319 71 59\">+41 (0)44 319 71 59<\/a><br \/>\t\t\t\t\t<a href=\"mailto:irena.sgier@alice.ch\">irena.sgier@alice.ch<\/a><br \/>\t\t\t\t\t<\/div>\n\t\t\t\t\t<\/div>\n<\/div>\n\n\n\n<div class=\"wp-block-column is-layout-flow wp-block-column-is-layout-flow\" style=\"flex-basis:50%\"><\/div>\n<\/div>\n<\/div>\n","protected":false},"excerpt":{"rendered":"<p>Comp\u00e9tences de base comme th\u00e8me transversal En Suisse, diff\u00e9rents acteurs et lois s&rsquo;occupent de la promotion des comp\u00e9tences de base [&hellip;]<\/p>\n","protected":false},"author":4,"featured_media":20801,"parent":19765,"menu_order":387,"comment_status":"closed","ping_status":"closed","template":"","meta":{"_acf_changed":false,"inline_featured_image":false,"footnotes":""},"class_list":["post-20843","page","type-page","status-publish","has-post-thumbnail","hentry"],"acf":[],"yoast_head":"<!-- This site is optimized with the Yoast SEO plugin v27.3 - https:\/\/yoast.com\/product\/yoast-seo-wordpress\/ -->\n<title>Comp\u00e9tences de base comme th\u00e8me transversal - FSEA<\/title>\n<meta name=\"description\" content=\"Projets de promotion des comp\u00e9tences de base chez les adultes : Pour la FSEA, les comp\u00e9tences de base sont un th\u00e8me transversal important.\" \/>\n<meta name=\"robots\" content=\"index, follow, max-snippet:-1, max-image-preview:large, max-video-preview:-1\" \/>\n<link rel=\"canonical\" href=\"https:\/\/alice.ch\/fr\/recherche\/developpements-pour-la-pratique\/competences-de-base-comme-theme-transversal\/\" \/>\n<link rel=\"next\" href=\"https:\/\/alice.ch\/fr\/recherche\/developpements-pour-la-pratique\/competences-de-base-comme-theme-transversal\/20843\/?query-0-page=2\" \/>\n<meta property=\"og:locale\" content=\"fr_FR\" \/>\n<meta property=\"og:type\" content=\"article\" \/>\n<meta property=\"og:title\" content=\"Comp\u00e9tences de base comme th\u00e8me transversal - FSEA\" \/>\n<meta property=\"og:description\" content=\"Projets de promotion des comp\u00e9tences de base chez les adultes : Pour la FSEA, les comp\u00e9tences de base sont un th\u00e8me transversal important.\" \/>\n<meta property=\"og:url\" content=\"https:\/\/alice.ch\/fr\/recherche\/developpements-pour-la-pratique\/competences-de-base-comme-theme-transversal\/\" \/>\n<meta property=\"og:site_name\" content=\"SVEB\" \/>\n<meta property=\"article:modified_time\" content=\"2026-02-17T09:49:10+00:00\" \/>\n<meta property=\"og:image\" content=\"https:\/\/alice.ch\/app\/uploads\/2022\/11\/default.jpg\" \/>\n\t<meta property=\"og:image:width\" content=\"1600\" \/>\n\t<meta property=\"og:image:height\" content=\"900\" \/>\n\t<meta property=\"og:image:type\" content=\"image\/jpeg\" \/>\n<meta name=\"twitter:card\" content=\"summary_large_image\" \/>\n<meta name=\"twitter:label1\" content=\"Dur\u00e9e de lecture estim\u00e9e\" \/>\n\t<meta name=\"twitter:data1\" content=\"1 minute\" \/>\n<script type=\"application\/ld+json\" class=\"yoast-schema-graph\">{\"@context\":\"https:\\\/\\\/schema.org\",\"@graph\":[{\"@type\":\"WebPage\",\"@id\":\"https:\\\/\\\/alice.ch\\\/fr\\\/recherche\\\/developpements-pour-la-pratique\\\/competences-de-base-comme-theme-transversal\\\/\",\"url\":\"https:\\\/\\\/alice.ch\\\/fr\\\/recherche\\\/developpements-pour-la-pratique\\\/competences-de-base-comme-theme-transversal\\\/\",\"name\":\"Comp\u00e9tences de base comme th\u00e8me transversal - FSEA\",\"isPartOf\":{\"@id\":\"https:\\\/\\\/alice.ch\\\/fr\\\/#website\"},\"primaryImageOfPage\":{\"@id\":\"https:\\\/\\\/alice.ch\\\/fr\\\/recherche\\\/developpements-pour-la-pratique\\\/competences-de-base-comme-theme-transversal\\\/#primaryimage\"},\"image\":{\"@id\":\"https:\\\/\\\/alice.ch\\\/fr\\\/recherche\\\/developpements-pour-la-pratique\\\/competences-de-base-comme-theme-transversal\\\/#primaryimage\"},\"thumbnailUrl\":\"https:\\\/\\\/alice.ch\\\/app\\\/uploads\\\/2022\\\/11\\\/default.jpg\",\"datePublished\":\"2022-08-16T14:40:20+00:00\",\"dateModified\":\"2026-02-17T09:49:10+00:00\",\"description\":\"Projets de promotion des comp\u00e9tences de base chez les adultes : Pour la FSEA, les comp\u00e9tences de base sont un th\u00e8me transversal important.\",\"breadcrumb\":{\"@id\":\"https:\\\/\\\/alice.ch\\\/fr\\\/recherche\\\/developpements-pour-la-pratique\\\/competences-de-base-comme-theme-transversal\\\/#breadcrumb\"},\"inLanguage\":\"fr-FR\",\"potentialAction\":[{\"@type\":\"ReadAction\",\"target\":[\"https:\\\/\\\/alice.ch\\\/fr\\\/recherche\\\/developpements-pour-la-pratique\\\/competences-de-base-comme-theme-transversal\\\/\"]}]},{\"@type\":\"ImageObject\",\"inLanguage\":\"fr-FR\",\"@id\":\"https:\\\/\\\/alice.ch\\\/fr\\\/recherche\\\/developpements-pour-la-pratique\\\/competences-de-base-comme-theme-transversal\\\/#primaryimage\",\"url\":\"https:\\\/\\\/alice.ch\\\/app\\\/uploads\\\/2022\\\/11\\\/default.jpg\",\"contentUrl\":\"https:\\\/\\\/alice.ch\\\/app\\\/uploads\\\/2022\\\/11\\\/default.jpg\",\"width\":1600,\"height\":900},{\"@type\":\"BreadcrumbList\",\"@id\":\"https:\\\/\\\/alice.ch\\\/fr\\\/recherche\\\/developpements-pour-la-pratique\\\/competences-de-base-comme-theme-transversal\\\/#breadcrumb\",\"itemListElement\":[{\"@type\":\"ListItem\",\"position\":1,\"name\":\"Page d'accueil\",\"item\":\"https:\\\/\\\/alice.ch\\\/fr\\\/\"},{\"@type\":\"ListItem\",\"position\":2,\"name\":\"Recherche\",\"item\":\"https:\\\/\\\/alice.ch\\\/fr\\\/recherche\\\/\"},{\"@type\":\"ListItem\",\"position\":3,\"name\":\"D\u00e9veloppements pour la pratique\",\"item\":\"https:\\\/\\\/alice.ch\\\/fr\\\/recherche\\\/developpements-pour-la-pratique\\\/\"},{\"@type\":\"ListItem\",\"position\":4,\"name\":\"Comp\u00e9tences de base comme th\u00e8me transversal\"}]},{\"@type\":\"WebSite\",\"@id\":\"https:\\\/\\\/alice.ch\\\/fr\\\/#website\",\"url\":\"https:\\\/\\\/alice.ch\\\/fr\\\/\",\"name\":\"alice.ch (Adult Learning Information Center) ist das Portal der Weiterbildung in der Schweiz.\",\"description\":\"Schweizerischer Verband f\u00fcr Weiterbildung\",\"publisher\":{\"@id\":\"https:\\\/\\\/alice.ch\\\/fr\\\/#organization\"},\"potentialAction\":[{\"@type\":\"SearchAction\",\"target\":{\"@type\":\"EntryPoint\",\"urlTemplate\":\"https:\\\/\\\/alice.ch\\\/fr\\\/?s={search_term_string}\"},\"query-input\":{\"@type\":\"PropertyValueSpecification\",\"valueRequired\":true,\"valueName\":\"search_term_string\"}}],\"inLanguage\":\"fr-FR\"},{\"@type\":\"Organization\",\"@id\":\"https:\\\/\\\/alice.ch\\\/fr\\\/#organization\",\"name\":\"FSEA F\u00e9d\u00e9ration suisse pour la formation continue\",\"url\":\"https:\\\/\\\/alice.ch\\\/fr\\\/\",\"logo\":{\"@type\":\"ImageObject\",\"inLanguage\":\"fr-FR\",\"@id\":\"https:\\\/\\\/alice.ch\\\/fr\\\/#\\\/schema\\\/logo\\\/image\\\/\",\"url\":\"https:\\\/\\\/alice.ch\\\/app\\\/uploads\\\/2022\\\/07\\\/logo-sveb.png\",\"contentUrl\":\"https:\\\/\\\/alice.ch\\\/app\\\/uploads\\\/2022\\\/07\\\/logo-sveb.png\",\"width\":145,\"height\":64,\"caption\":\"FSEA F\u00e9d\u00e9ration suisse pour la formation continue\"},\"image\":{\"@id\":\"https:\\\/\\\/alice.ch\\\/fr\\\/#\\\/schema\\\/logo\\\/image\\\/\"},\"sameAs\":[\"https:\\\/\\\/www.linkedin.com\\\/company\\\/schweizerischer-verband-fr-weiterbildung-sveb\\\/\"]}]}<\/script>\n<!-- \/ Yoast SEO plugin. -->","yoast_head_json":{"title":"Comp\u00e9tences de base comme th\u00e8me transversal - FSEA","description":"Projets de promotion des comp\u00e9tences de base chez les adultes : Pour la FSEA, les comp\u00e9tences de base sont un th\u00e8me transversal important.","robots":{"index":"index","follow":"follow","max-snippet":"max-snippet:-1","max-image-preview":"max-image-preview:large","max-video-preview":"max-video-preview:-1"},"canonical":"https:\/\/alice.ch\/fr\/recherche\/developpements-pour-la-pratique\/competences-de-base-comme-theme-transversal\/","next":"https:\/\/alice.ch\/fr\/recherche\/developpements-pour-la-pratique\/competences-de-base-comme-theme-transversal\/20843?query-0-page=2","og_locale":"fr_FR","og_type":"article","og_title":"Comp\u00e9tences de base comme th\u00e8me transversal - FSEA","og_description":"Projets de promotion des comp\u00e9tences de base chez les adultes : Pour la FSEA, les comp\u00e9tences de base sont un th\u00e8me transversal important.","og_url":"https:\/\/alice.ch\/fr\/recherche\/developpements-pour-la-pratique\/competences-de-base-comme-theme-transversal\/","og_site_name":"SVEB","article_modified_time":"2026-02-17T09:49:10+00:00","og_image":[{"width":1600,"height":900,"url":"https:\/\/alice.ch\/app\/uploads\/2022\/11\/default.jpg","type":"image\/jpeg"}],"twitter_card":"summary_large_image","twitter_misc":{"Dur\u00e9e de lecture estim\u00e9e":"1 minute"},"schema":{"@context":"https:\/\/schema.org","@graph":[{"@type":"WebPage","@id":"https:\/\/alice.ch\/fr\/recherche\/developpements-pour-la-pratique\/competences-de-base-comme-theme-transversal\/","url":"https:\/\/alice.ch\/fr\/recherche\/developpements-pour-la-pratique\/competences-de-base-comme-theme-transversal\/","name":"Comp\u00e9tences de base comme th\u00e8me transversal - FSEA","isPartOf":{"@id":"https:\/\/alice.ch\/fr\/#website"},"primaryImageOfPage":{"@id":"https:\/\/alice.ch\/fr\/recherche\/developpements-pour-la-pratique\/competences-de-base-comme-theme-transversal\/#primaryimage"},"image":{"@id":"https:\/\/alice.ch\/fr\/recherche\/developpements-pour-la-pratique\/competences-de-base-comme-theme-transversal\/#primaryimage"},"thumbnailUrl":"https:\/\/alice.ch\/app\/uploads\/2022\/11\/default.jpg","datePublished":"2022-08-16T14:40:20+00:00","dateModified":"2026-02-17T09:49:10+00:00","description":"Projets de promotion des comp\u00e9tences de base chez les adultes : Pour la FSEA, les comp\u00e9tences de base sont un th\u00e8me transversal important.","breadcrumb":{"@id":"https:\/\/alice.ch\/fr\/recherche\/developpements-pour-la-pratique\/competences-de-base-comme-theme-transversal\/#breadcrumb"},"inLanguage":"fr-FR","potentialAction":[{"@type":"ReadAction","target":["https:\/\/alice.ch\/fr\/recherche\/developpements-pour-la-pratique\/competences-de-base-comme-theme-transversal\/"]}]},{"@type":"ImageObject","inLanguage":"fr-FR","@id":"https:\/\/alice.ch\/fr\/recherche\/developpements-pour-la-pratique\/competences-de-base-comme-theme-transversal\/#primaryimage","url":"https:\/\/alice.ch\/app\/uploads\/2022\/11\/default.jpg","contentUrl":"https:\/\/alice.ch\/app\/uploads\/2022\/11\/default.jpg","width":1600,"height":900},{"@type":"BreadcrumbList","@id":"https:\/\/alice.ch\/fr\/recherche\/developpements-pour-la-pratique\/competences-de-base-comme-theme-transversal\/#breadcrumb","itemListElement":[{"@type":"ListItem","position":1,"name":"Page d'accueil","item":"https:\/\/alice.ch\/fr\/"},{"@type":"ListItem","position":2,"name":"Recherche","item":"https:\/\/alice.ch\/fr\/recherche\/"},{"@type":"ListItem","position":3,"name":"D\u00e9veloppements pour la pratique","item":"https:\/\/alice.ch\/fr\/recherche\/developpements-pour-la-pratique\/"},{"@type":"ListItem","position":4,"name":"Comp\u00e9tences de base comme th\u00e8me transversal"}]},{"@type":"WebSite","@id":"https:\/\/alice.ch\/fr\/#website","url":"https:\/\/alice.ch\/fr\/","name":"alice.ch (Adult Learning Information Center) ist das Portal der Weiterbildung in der Schweiz.","description":"Schweizerischer Verband f\u00fcr Weiterbildung","publisher":{"@id":"https:\/\/alice.ch\/fr\/#organization"},"potentialAction":[{"@type":"SearchAction","target":{"@type":"EntryPoint","urlTemplate":"https:\/\/alice.ch\/fr\/?s={search_term_string}"},"query-input":{"@type":"PropertyValueSpecification","valueRequired":true,"valueName":"search_term_string"}}],"inLanguage":"fr-FR"},{"@type":"Organization","@id":"https:\/\/alice.ch\/fr\/#organization","name":"FSEA F\u00e9d\u00e9ration suisse pour la formation continue","url":"https:\/\/alice.ch\/fr\/","logo":{"@type":"ImageObject","inLanguage":"fr-FR","@id":"https:\/\/alice.ch\/fr\/#\/schema\/logo\/image\/","url":"https:\/\/alice.ch\/app\/uploads\/2022\/07\/logo-sveb.png","contentUrl":"https:\/\/alice.ch\/app\/uploads\/2022\/07\/logo-sveb.png","width":145,"height":64,"caption":"FSEA F\u00e9d\u00e9ration suisse pour la formation continue"},"image":{"@id":"https:\/\/alice.ch\/fr\/#\/schema\/logo\/image\/"},"sameAs":["https:\/\/www.linkedin.com\/company\/schweizerischer-verband-fr-weiterbildung-sveb\/"]}]}},"_links":{"self":[{"href":"https:\/\/alice.ch\/fr\/wp-json\/wp\/v2\/pages\/20843","targetHints":{"allow":["GET"]}}],"collection":[{"href":"https:\/\/alice.ch\/fr\/wp-json\/wp\/v2\/pages"}],"about":[{"href":"https:\/\/alice.ch\/fr\/wp-json\/wp\/v2\/types\/page"}],"author":[{"embeddable":true,"href":"https:\/\/alice.ch\/fr\/wp-json\/wp\/v2\/users\/4"}],"replies":[{"embeddable":true,"href":"https:\/\/alice.ch\/fr\/wp-json\/wp\/v2\/comments?post=20843"}],"version-history":[{"count":9,"href":"https:\/\/alice.ch\/fr\/wp-json\/wp\/v2\/pages\/20843\/revisions"}],"predecessor-version":[{"id":73713,"href":"https:\/\/alice.ch\/fr\/wp-json\/wp\/v2\/pages\/20843\/revisions\/73713"}],"up":[{"embeddable":true,"href":"https:\/\/alice.ch\/fr\/wp-json\/wp\/v2\/pages\/19765"}],"wp:featuredmedia":[{"embeddable":true,"href":"https:\/\/alice.ch\/fr\/wp-json\/wp\/v2\/media\/20801"}],"wp:attachment":[{"href":"https:\/\/alice.ch\/fr\/wp-json\/wp\/v2\/media?parent=20843"}],"curies":[{"name":"wp","href":"https:\/\/api.w.org\/{rel}","templated":true}]}}