{"id":31927,"date":"2022-12-02T12:45:08","date_gmt":"2022-12-02T11:45:08","guid":{"rendered":"https:\/\/alice.ch\/?page_id=31927"},"modified":"2025-04-23T11:56:59","modified_gmt":"2025-04-23T09:56:59","slug":"politique-de-la-formation","status":"publish","type":"page","link":"https:\/\/alice.ch\/fr\/fsea-fr\/politique-de-la-formation\/","title":{"rendered":"Politique de la formation"},"content":{"rendered":"\n<div class=\"wp-block-group is-style-reduced-width is-layout-flow wp-block-group-is-layout-flow\">\n<h1 class=\"wp-block-heading\">La formation continue en tant que question politique<\/h1>\n\n\n\n<p class=\"is-style-lead\">Ces derni\u00e8res ann\u00e9es, la formation continue est devenue une priorit\u00e9 de la politique suisse en mati\u00e8re de formation et dispose avec la loi sur la formation continue (LFCo), d\u2019une base de discussion politique. L\u2019apprentissage tout au long de la vie est devenu une n\u00e9cessit\u00e9 sociale et \u00e9conomique.<\/p>\n\n\n\n<p class=\"is-style-default\">Les questions de comp\u00e9titivit\u00e9, de p\u00e9nurie de main-d\u2019\u0153uvre qualifi\u00e9e et d\u2019employabilit\u00e9, l\u2019augmentation des co\u00fbts et des d\u00e9fis sociaux li\u00e9s \u00e0 la migration ont conduit \u00e0 une prise de conscience de la responsabilit\u00e9 et des initiatives politiques. La FSEA joue un r\u00f4le actif en tant qu\u2019association professionnelle et association d\u2019int\u00e9r\u00eat pour la formation continue.<\/p>\n\n\n\n<div class=\"wp-block-media-text alignwide is-stacked-on-mobile is-style-icon-text\"><figure class=\"wp-block-media-text__media\"><a href=\"https:\/\/alice.ch\/fr\/fsea-fr\/politique-de-la-formation\/positions-politiques\/\"><img decoding=\"async\" width=\"863\" height=\"1024\" src=\"https:\/\/alice.ch\/app\/uploads\/2022\/10\/icon-bildungspolitik-863x1024.png\" alt=\"\" class=\"wp-image-4475 size-full\" srcset=\"https:\/\/alice.ch\/app\/uploads\/2022\/10\/icon-bildungspolitik-863x1024.png 863w, https:\/\/alice.ch\/app\/uploads\/2022\/10\/icon-bildungspolitik-253x300.png 253w, https:\/\/alice.ch\/app\/uploads\/2022\/10\/icon-bildungspolitik-768x912.png 768w, https:\/\/alice.ch\/app\/uploads\/2022\/10\/icon-bildungspolitik-1294x1536.png 1294w, https:\/\/alice.ch\/app\/uploads\/2022\/10\/icon-bildungspolitik.png 1402w\" sizes=\"(max-width: 863px) 100vw, 863px\" \/><\/a><\/figure><div class=\"wp-block-media-text__content\">\n<h2 class=\"wp-block-heading\"><a href=\"https:\/\/alice.ch\/fr\/fsea-fr\/politique-de-la-formation\/positions-politiques\/\">Positions politiques<\/a><\/h2>\n\n\n\n<p>En tant qu\u2019organisation fa\u00eeti\u00e8re, nous sommes une voix repr\u00e9sentative de la formation continue en Suisse.<\/p>\n<\/div><\/div>\n\n\n\n<hr class=\"wp-block-separator has-alpha-channel-opacity is-style-wide\"\/>\n\n\n\n<div class=\"wp-block-media-text alignwide is-stacked-on-mobile is-style-icon-text\"><figure class=\"wp-block-media-text__media\"><a href=\"https:\/\/alice.ch\/fr\/fsea-fr\/politique-de-la-formation\/loi-sur-la-formation-continue\/\"><img decoding=\"async\" width=\"806\" height=\"1024\" src=\"https:\/\/alice.ch\/app\/uploads\/2022\/10\/icon-webig-806x1024.png\" alt=\"\" class=\"wp-image-5534 size-full\" srcset=\"https:\/\/alice.ch\/app\/uploads\/2022\/10\/icon-webig-806x1024.png 806w, https:\/\/alice.ch\/app\/uploads\/2022\/10\/icon-webig-236x300.png 236w, https:\/\/alice.ch\/app\/uploads\/2022\/10\/icon-webig-768x975.png 768w, https:\/\/alice.ch\/app\/uploads\/2022\/10\/icon-webig.png 1181w\" sizes=\"(max-width: 806px) 100vw, 806px\" \/><\/a><\/figure><div class=\"wp-block-media-text__content\">\n<h2 class=\"wp-block-heading\"><a href=\"https:\/\/alice.ch\/fr\/fsea-fr\/politique-de-la-formation\/loi-sur-la-formation-continue\/\">La loi sur la formation continue<\/a><\/h2>\n\n\n\n<p>Les conditions-cadres du pilotage et d\u2019encouragement de la formation continue par la Conf\u00e9d\u00e9ration et les cantons.<\/p>\n<\/div><\/div>\n\n\n\n<hr class=\"wp-block-separator has-alpha-channel-opacity is-style-wide\"\/>\n\n\n\n<div class=\"wp-block-media-text alignwide is-stacked-on-mobile is-style-icon-text\"><figure class=\"wp-block-media-text__media\"><a href=\"https:\/\/alice.ch\/fr\/fsea-fr\/politique-de-la-formation\/aide-sociale\/\"><img decoding=\"async\" width=\"1478\" height=\"1231\" src=\"https:\/\/alice.ch\/app\/uploads\/2022\/11\/icon-sozialhilfe.png\" alt=\"\" class=\"wp-image-7019 size-full\" srcset=\"https:\/\/alice.ch\/app\/uploads\/2022\/11\/icon-sozialhilfe.png 1478w, https:\/\/alice.ch\/app\/uploads\/2022\/11\/icon-sozialhilfe-300x250.png 300w, https:\/\/alice.ch\/app\/uploads\/2022\/11\/icon-sozialhilfe-1024x853.png 1024w, https:\/\/alice.ch\/app\/uploads\/2022\/11\/icon-sozialhilfe-768x640.png 768w\" sizes=\"(max-width: 1478px) 100vw, 1478px\" \/><\/a><\/figure><div class=\"wp-block-media-text__content\">\n<h2 class=\"wp-block-heading\"><a href=\"https:\/\/alice.ch\/fr\/fsea-fr\/politique-de-la-formation\/aide-sociale\/\">Offensive de formation continue dans l&rsquo;aide sociale<\/a><\/h2>\n\n\n\n<p>Int\u00e9grer durablement les b\u00e9n\u00e9ficiaires de l\u2019aide sociale sur le march\u00e9 du travail gr\u00e2ce \u00e0 la formation continue.<\/p>\n<\/div><\/div>\n\n\n\n<hr class=\"wp-block-separator has-alpha-channel-opacity is-style-wide\"\/>\n\n\n\n<div class=\"wp-block-media-text alignwide is-stacked-on-mobile is-style-icon-text\"><figure class=\"wp-block-media-text__media\"><a href=\"https:\/\/alice.ch\/fr\/fsea-fr\/politique-de-la-formation\/formation-professionnelle\/\"><img decoding=\"async\" width=\"1024\" height=\"1024\" src=\"https:\/\/alice.ch\/app\/uploads\/2022\/10\/Icon_Berufsbildung-1024x1024.png\" alt=\"\" class=\"wp-image-5538 size-full\" srcset=\"https:\/\/alice.ch\/app\/uploads\/2022\/10\/Icon_Berufsbildung-1024x1024.png 1024w, https:\/\/alice.ch\/app\/uploads\/2022\/10\/Icon_Berufsbildung-300x300.png 300w, https:\/\/alice.ch\/app\/uploads\/2022\/10\/Icon_Berufsbildung-150x150.png 150w, https:\/\/alice.ch\/app\/uploads\/2022\/10\/Icon_Berufsbildung-768x768.png 768w, https:\/\/alice.ch\/app\/uploads\/2022\/10\/Icon_Berufsbildung.png 1499w\" sizes=\"(max-width: 1024px) 100vw, 1024px\" \/><\/a><\/figure><div class=\"wp-block-media-text__content\">\n<h2 class=\"wp-block-heading\"><a href=\"https:\/\/alice.ch\/fr\/fsea-fr\/politique-de-la-formation\/formation-professionnelle\/\">Formation professionnelle 2030<\/a><\/h2>\n\n\n\n<p>L\u2019apprentissage tout au long de la vie est un leitmotiv pour l\u2019avenir de la formation professionnelle et l\u2019accent est mis non plus sur les jeunes, mais sur les adultes. Cela affecte \u00e9galement les fronti\u00e8res entre la formation professionnelle et la formation formelle et non formelle.<\/p>\n<\/div><\/div>\n\n\n\n<hr class=\"wp-block-separator has-alpha-channel-opacity is-style-wide\"\/>\n\n\n\n<div class=\"wp-block-media-text alignwide is-stacked-on-mobile is-style-icon-text\"><figure class=\"wp-block-media-text__media\"><a href=\"https:\/\/alice.ch\/fr\/fsea-fr\/politique-de-la-formation\/mesures-deconomies-de-la-confederation\/\"><img decoding=\"async\" width=\"1188\" height=\"1189\" src=\"https:\/\/alice.ch\/app\/uploads\/2025\/04\/bildungspolitik-icon-gross.png\" alt=\"\" class=\"wp-image-67585 size-full\" srcset=\"https:\/\/alice.ch\/app\/uploads\/2025\/04\/bildungspolitik-icon-gross.png 1188w, https:\/\/alice.ch\/app\/uploads\/2025\/04\/bildungspolitik-icon-gross-300x300.png 300w, https:\/\/alice.ch\/app\/uploads\/2025\/04\/bildungspolitik-icon-gross-1024x1024.png 1024w, https:\/\/alice.ch\/app\/uploads\/2025\/04\/bildungspolitik-icon-gross-150x150.png 150w, https:\/\/alice.ch\/app\/uploads\/2025\/04\/bildungspolitik-icon-gross-768x769.png 768w\" sizes=\"(max-width: 1188px) 100vw, 1188px\" \/><\/a><\/figure><div class=\"wp-block-media-text__content\">\n<h2 class=\"wp-block-heading\"><a href=\"https:\/\/alice.ch\/fr\/fsea-fr\/politique-de-la-formation\/mesures-deconomies-de-la-confederation\/\">Lutte contre les mesures d\u2019\u00e9conomies de la Conf\u00e9d\u00e9ration dans le domaine de la formation continue<\/a><\/h2>\n\n\n\n<p>Le Conseil f\u00e9d\u00e9ral veut r\u00e9duire massivement les d\u00e9penses consacr\u00e9es \u00e0 la formation continue. La FSEA s\u2019engage par tous les moyens pour \u00e9viter que cela ne se r\u00e9alise.\u00a0<\/p>\n<\/div><\/div>\n\n\n\n<h2 class=\"wp-block-heading\">Contact<\/h2>\n\n\n\n<div class=\"wp-block-columns is-layout-flex wp-container-core-columns-is-layout-28f84493 wp-block-columns-is-layout-flex\">\n<div class=\"wp-block-column is-layout-flow wp-block-column-is-layout-flow\" style=\"flex-basis:50%\"><div class=\"contact-persons\">\n\n\t\t\t\t\t<div class=\"contact-person\">\n\t\t\t\t\tBernhard Gr\u00e4miger<br \/>\t\t\t\t\tDirecteur<br \/>\t\t\t\t\t<br \/>\n\t\t\t\t\t\t\t\t\t\t<a href=\"tel:+41 (0)44 319 71 61\">+41 (0)44 319 71 61<\/a><br \/>\t\t\t\t\t<a href=\"mailto:bernhard.graemiger@alice.ch\">bernhard.graemiger@alice.ch<\/a><br \/>\t\t\t\t\t<\/div>\n\t\t\t\t\t<\/div>\n<\/div>\n\n\n\n<div class=\"wp-block-column is-layout-flow wp-block-column-is-layout-flow\" style=\"flex-basis:50%\"><\/div>\n<\/div>\n<\/div>\n","protected":false},"excerpt":{"rendered":"<p>La formation continue en tant que question politique Ces derni\u00e8res ann\u00e9es, la formation continue est devenue une priorit\u00e9 de la [&hellip;]<\/p>\n","protected":false},"author":1,"featured_media":20799,"parent":17426,"menu_order":599,"comment_status":"closed","ping_status":"closed","template":"","meta":{"_acf_changed":false,"inline_featured_image":false,"footnotes":""},"class_list":["post-31927","page","type-page","status-publish","has-post-thumbnail","hentry"],"acf":[],"yoast_head":"<!-- This site is optimized with the Yoast SEO plugin v27.3 - https:\/\/yoast.com\/product\/yoast-seo-wordpress\/ -->\n<title>Politique de la formation - FSEA<\/title>\n<meta name=\"description\" content=\"La FSEA s&#039;engage pour la r\u00e9vision de la loi LFCo et pour une strat\u00e9gie nationale de formation continue avec des objectifs clairs.\" \/>\n<meta name=\"robots\" content=\"index, follow, max-snippet:-1, max-image-preview:large, max-video-preview:-1\" \/>\n<link rel=\"canonical\" href=\"https:\/\/alice.ch\/fr\/fsea-fr\/politique-de-la-formation\/\" \/>\n<meta property=\"og:locale\" content=\"fr_FR\" \/>\n<meta property=\"og:type\" content=\"article\" \/>\n<meta property=\"og:title\" content=\"Politique de la formation - FSEA\" \/>\n<meta property=\"og:description\" content=\"La FSEA s&#039;engage pour la r\u00e9vision de la loi LFCo et pour une strat\u00e9gie nationale de formation continue avec des objectifs clairs.\" \/>\n<meta property=\"og:url\" content=\"https:\/\/alice.ch\/fr\/fsea-fr\/politique-de-la-formation\/\" \/>\n<meta property=\"og:site_name\" content=\"SVEB\" \/>\n<meta property=\"article:modified_time\" content=\"2025-04-23T09:56:59+00:00\" \/>\n<meta property=\"og:image\" content=\"https:\/\/alice.ch\/app\/uploads\/2022\/10\/icon-bildungspolitik.png\" \/>\n\t<meta property=\"og:image:width\" content=\"1402\" \/>\n\t<meta property=\"og:image:height\" content=\"1664\" \/>\n\t<meta property=\"og:image:type\" content=\"image\/png\" \/>\n<meta name=\"twitter:card\" content=\"summary_large_image\" \/>\n<meta name=\"twitter:label1\" content=\"Dur\u00e9e de lecture estim\u00e9e\" \/>\n\t<meta name=\"twitter:data1\" content=\"2 minutes\" \/>\n<script type=\"application\/ld+json\" class=\"yoast-schema-graph\">{\"@context\":\"https:\\\/\\\/schema.org\",\"@graph\":[{\"@type\":\"WebPage\",\"@id\":\"https:\\\/\\\/alice.ch\\\/fr\\\/fsea-fr\\\/politique-de-la-formation\\\/\",\"url\":\"https:\\\/\\\/alice.ch\\\/fr\\\/fsea-fr\\\/politique-de-la-formation\\\/\",\"name\":\"Politique de la formation - FSEA\",\"isPartOf\":{\"@id\":\"https:\\\/\\\/alice.ch\\\/fr\\\/#website\"},\"primaryImageOfPage\":{\"@id\":\"https:\\\/\\\/alice.ch\\\/fr\\\/fsea-fr\\\/politique-de-la-formation\\\/#primaryimage\"},\"image\":{\"@id\":\"https:\\\/\\\/alice.ch\\\/fr\\\/fsea-fr\\\/politique-de-la-formation\\\/#primaryimage\"},\"thumbnailUrl\":\"https:\\\/\\\/alice.ch\\\/app\\\/uploads\\\/2022\\\/11\\\/default.jpg\",\"datePublished\":\"2022-12-02T11:45:08+00:00\",\"dateModified\":\"2025-04-23T09:56:59+00:00\",\"description\":\"La FSEA s'engage pour la r\u00e9vision de la loi LFCo et pour une strat\u00e9gie nationale de formation continue avec des objectifs clairs.\",\"breadcrumb\":{\"@id\":\"https:\\\/\\\/alice.ch\\\/fr\\\/fsea-fr\\\/politique-de-la-formation\\\/#breadcrumb\"},\"inLanguage\":\"fr-FR\",\"potentialAction\":[{\"@type\":\"ReadAction\",\"target\":[\"https:\\\/\\\/alice.ch\\\/fr\\\/fsea-fr\\\/politique-de-la-formation\\\/\"]}]},{\"@type\":\"ImageObject\",\"inLanguage\":\"fr-FR\",\"@id\":\"https:\\\/\\\/alice.ch\\\/fr\\\/fsea-fr\\\/politique-de-la-formation\\\/#primaryimage\",\"url\":\"https:\\\/\\\/alice.ch\\\/app\\\/uploads\\\/2022\\\/11\\\/default.jpg\",\"contentUrl\":\"https:\\\/\\\/alice.ch\\\/app\\\/uploads\\\/2022\\\/11\\\/default.jpg\",\"width\":1600,\"height\":900},{\"@type\":\"BreadcrumbList\",\"@id\":\"https:\\\/\\\/alice.ch\\\/fr\\\/fsea-fr\\\/politique-de-la-formation\\\/#breadcrumb\",\"itemListElement\":[{\"@type\":\"ListItem\",\"position\":1,\"name\":\"Page d'accueil\",\"item\":\"https:\\\/\\\/alice.ch\\\/fr\\\/\"},{\"@type\":\"ListItem\",\"position\":2,\"name\":\"FSEA\",\"item\":\"https:\\\/\\\/alice.ch\\\/fr\\\/fsea-fr\\\/\"},{\"@type\":\"ListItem\",\"position\":3,\"name\":\"Politique de la formation\"}]},{\"@type\":\"WebSite\",\"@id\":\"https:\\\/\\\/alice.ch\\\/fr\\\/#website\",\"url\":\"https:\\\/\\\/alice.ch\\\/fr\\\/\",\"name\":\"alice.ch (Adult Learning Information Center) ist das Portal der Weiterbildung in der Schweiz.\",\"description\":\"Schweizerischer Verband f\u00fcr Weiterbildung\",\"publisher\":{\"@id\":\"https:\\\/\\\/alice.ch\\\/fr\\\/#organization\"},\"potentialAction\":[{\"@type\":\"SearchAction\",\"target\":{\"@type\":\"EntryPoint\",\"urlTemplate\":\"https:\\\/\\\/alice.ch\\\/fr\\\/?s={search_term_string}\"},\"query-input\":{\"@type\":\"PropertyValueSpecification\",\"valueRequired\":true,\"valueName\":\"search_term_string\"}}],\"inLanguage\":\"fr-FR\"},{\"@type\":\"Organization\",\"@id\":\"https:\\\/\\\/alice.ch\\\/fr\\\/#organization\",\"name\":\"FSEA F\u00e9d\u00e9ration suisse pour la formation continue\",\"url\":\"https:\\\/\\\/alice.ch\\\/fr\\\/\",\"logo\":{\"@type\":\"ImageObject\",\"inLanguage\":\"fr-FR\",\"@id\":\"https:\\\/\\\/alice.ch\\\/fr\\\/#\\\/schema\\\/logo\\\/image\\\/\",\"url\":\"https:\\\/\\\/alice.ch\\\/app\\\/uploads\\\/2022\\\/07\\\/logo-sveb.png\",\"contentUrl\":\"https:\\\/\\\/alice.ch\\\/app\\\/uploads\\\/2022\\\/07\\\/logo-sveb.png\",\"width\":145,\"height\":64,\"caption\":\"FSEA F\u00e9d\u00e9ration suisse pour la formation continue\"},\"image\":{\"@id\":\"https:\\\/\\\/alice.ch\\\/fr\\\/#\\\/schema\\\/logo\\\/image\\\/\"},\"sameAs\":[\"https:\\\/\\\/www.linkedin.com\\\/company\\\/schweizerischer-verband-fr-weiterbildung-sveb\\\/\"]}]}<\/script>\n<!-- \/ Yoast SEO plugin. -->","yoast_head_json":{"title":"Politique de la formation - FSEA","description":"La FSEA s'engage pour la r\u00e9vision de la loi LFCo et pour une strat\u00e9gie nationale de formation continue avec des objectifs clairs.","robots":{"index":"index","follow":"follow","max-snippet":"max-snippet:-1","max-image-preview":"max-image-preview:large","max-video-preview":"max-video-preview:-1"},"canonical":"https:\/\/alice.ch\/fr\/fsea-fr\/politique-de-la-formation\/","og_locale":"fr_FR","og_type":"article","og_title":"Politique de la formation - FSEA","og_description":"La FSEA s'engage pour la r\u00e9vision de la loi LFCo et pour une strat\u00e9gie nationale de formation continue avec des objectifs clairs.","og_url":"https:\/\/alice.ch\/fr\/fsea-fr\/politique-de-la-formation\/","og_site_name":"SVEB","article_modified_time":"2025-04-23T09:56:59+00:00","og_image":[{"width":1402,"height":1664,"url":"https:\/\/alice.ch\/app\/uploads\/2022\/10\/icon-bildungspolitik.png","type":"image\/png"}],"twitter_card":"summary_large_image","twitter_misc":{"Dur\u00e9e de lecture estim\u00e9e":"2 minutes"},"schema":{"@context":"https:\/\/schema.org","@graph":[{"@type":"WebPage","@id":"https:\/\/alice.ch\/fr\/fsea-fr\/politique-de-la-formation\/","url":"https:\/\/alice.ch\/fr\/fsea-fr\/politique-de-la-formation\/","name":"Politique de la formation - FSEA","isPartOf":{"@id":"https:\/\/alice.ch\/fr\/#website"},"primaryImageOfPage":{"@id":"https:\/\/alice.ch\/fr\/fsea-fr\/politique-de-la-formation\/#primaryimage"},"image":{"@id":"https:\/\/alice.ch\/fr\/fsea-fr\/politique-de-la-formation\/#primaryimage"},"thumbnailUrl":"https:\/\/alice.ch\/app\/uploads\/2022\/11\/default.jpg","datePublished":"2022-12-02T11:45:08+00:00","dateModified":"2025-04-23T09:56:59+00:00","description":"La FSEA s'engage pour la r\u00e9vision de la loi LFCo et pour une strat\u00e9gie nationale de formation continue avec des objectifs clairs.","breadcrumb":{"@id":"https:\/\/alice.ch\/fr\/fsea-fr\/politique-de-la-formation\/#breadcrumb"},"inLanguage":"fr-FR","potentialAction":[{"@type":"ReadAction","target":["https:\/\/alice.ch\/fr\/fsea-fr\/politique-de-la-formation\/"]}]},{"@type":"ImageObject","inLanguage":"fr-FR","@id":"https:\/\/alice.ch\/fr\/fsea-fr\/politique-de-la-formation\/#primaryimage","url":"https:\/\/alice.ch\/app\/uploads\/2022\/11\/default.jpg","contentUrl":"https:\/\/alice.ch\/app\/uploads\/2022\/11\/default.jpg","width":1600,"height":900},{"@type":"BreadcrumbList","@id":"https:\/\/alice.ch\/fr\/fsea-fr\/politique-de-la-formation\/#breadcrumb","itemListElement":[{"@type":"ListItem","position":1,"name":"Page d'accueil","item":"https:\/\/alice.ch\/fr\/"},{"@type":"ListItem","position":2,"name":"FSEA","item":"https:\/\/alice.ch\/fr\/fsea-fr\/"},{"@type":"ListItem","position":3,"name":"Politique de la formation"}]},{"@type":"WebSite","@id":"https:\/\/alice.ch\/fr\/#website","url":"https:\/\/alice.ch\/fr\/","name":"alice.ch (Adult Learning Information Center) ist das Portal der Weiterbildung in der Schweiz.","description":"Schweizerischer Verband f\u00fcr Weiterbildung","publisher":{"@id":"https:\/\/alice.ch\/fr\/#organization"},"potentialAction":[{"@type":"SearchAction","target":{"@type":"EntryPoint","urlTemplate":"https:\/\/alice.ch\/fr\/?s={search_term_string}"},"query-input":{"@type":"PropertyValueSpecification","valueRequired":true,"valueName":"search_term_string"}}],"inLanguage":"fr-FR"},{"@type":"Organization","@id":"https:\/\/alice.ch\/fr\/#organization","name":"FSEA F\u00e9d\u00e9ration suisse pour la formation continue","url":"https:\/\/alice.ch\/fr\/","logo":{"@type":"ImageObject","inLanguage":"fr-FR","@id":"https:\/\/alice.ch\/fr\/#\/schema\/logo\/image\/","url":"https:\/\/alice.ch\/app\/uploads\/2022\/07\/logo-sveb.png","contentUrl":"https:\/\/alice.ch\/app\/uploads\/2022\/07\/logo-sveb.png","width":145,"height":64,"caption":"FSEA F\u00e9d\u00e9ration suisse pour la formation continue"},"image":{"@id":"https:\/\/alice.ch\/fr\/#\/schema\/logo\/image\/"},"sameAs":["https:\/\/www.linkedin.com\/company\/schweizerischer-verband-fr-weiterbildung-sveb\/"]}]}},"_links":{"self":[{"href":"https:\/\/alice.ch\/fr\/wp-json\/wp\/v2\/pages\/31927","targetHints":{"allow":["GET"]}}],"collection":[{"href":"https:\/\/alice.ch\/fr\/wp-json\/wp\/v2\/pages"}],"about":[{"href":"https:\/\/alice.ch\/fr\/wp-json\/wp\/v2\/types\/page"}],"author":[{"embeddable":true,"href":"https:\/\/alice.ch\/fr\/wp-json\/wp\/v2\/users\/1"}],"replies":[{"embeddable":true,"href":"https:\/\/alice.ch\/fr\/wp-json\/wp\/v2\/comments?post=31927"}],"version-history":[{"count":21,"href":"https:\/\/alice.ch\/fr\/wp-json\/wp\/v2\/pages\/31927\/revisions"}],"predecessor-version":[{"id":67755,"href":"https:\/\/alice.ch\/fr\/wp-json\/wp\/v2\/pages\/31927\/revisions\/67755"}],"up":[{"embeddable":true,"href":"https:\/\/alice.ch\/fr\/wp-json\/wp\/v2\/pages\/17426"}],"wp:featuredmedia":[{"embeddable":true,"href":"https:\/\/alice.ch\/fr\/wp-json\/wp\/v2\/media\/20799"}],"wp:attachment":[{"href":"https:\/\/alice.ch\/fr\/wp-json\/wp\/v2\/media?parent=31927"}],"curies":[{"name":"wp","href":"https:\/\/api.w.org\/{rel}","templated":true}]}}